{"id":63778,"date":"2026-09-02T22:56:55","date_gmt":"2026-09-03T04:56:55","guid":{"rendered":"https:\/\/soymigrante.com\/revista\/?page_id=63778"},"modified":"2026-09-03T21:04:52","modified_gmt":"2026-09-04T03:04:52","slug":"ediciones-moviles","status":"publish","type":"page","link":"https:\/\/soymigrante.com\/revista\/ediciones-moviles\/","title":{"rendered":"Ediciones m\u00f3viles"},"content":{"rendered":"\t\t<div data-elementor-type=\"wp-page\" data-elementor-id=\"63778\" class=\"elementor elementor-63778\" data-elementor-post-type=\"page\">\n\t\t\t\t<div data-particle_enable=\"false\" data-particle-mobile-disabled=\"false\" class=\"elementor-element elementor-element-a83c17d e-flex e-con-boxed e-con e-parent\" data-id=\"a83c17d\" data-element_type=\"container\" data-e-type=\"container\">\n\t\t\t\t\t<div class=\"e-con-inner\">\n\t\t\t\t<div class=\"elementor-element elementor-element-d299163 elementor-hidden-mobile elementor-widget elementor-widget-image\" data-id=\"d299163\" data-element_type=\"widget\" data-e-type=\"widget\" data-widget_type=\"image.default\">\n\t\t\t\t\t\t\t\t\t\t\t\t\t\t\t<img fetchpriority=\"high\" decoding=\"async\" width=\"1140\" height=\"451\" src=\"https:\/\/soymigrante.com\/revista\/wp-content\/uploads\/2026\/09\/exec-ded1f6bf-20bc-42ca-bc33-53077681479b-1140x451.png\" class=\"attachment-newsy_1140x0 size-newsy_1140x0 wp-image-63789\" alt=\"SoyMigrante.com REVISTA y su colecci\u00f3n de ediciones m\u00f3viles\" srcset=\"https:\/\/soymigrante.com\/revista\/wp-content\/uploads\/2026\/09\/exec-ded1f6bf-20bc-42ca-bc33-53077681479b-1140x451.png 1140w, https:\/\/soymigrante.com\/revista\/wp-content\/uploads\/2026\/09\/exec-ded1f6bf-20bc-42ca-bc33-53077681479b-300x119.png 300w, https:\/\/soymigrante.com\/revista\/wp-content\/uploads\/2026\/09\/exec-ded1f6bf-20bc-42ca-bc33-53077681479b-768x304.png 768w, https:\/\/soymigrante.com\/revista\/wp-content\/uploads\/2026\/09\/exec-ded1f6bf-20bc-42ca-bc33-53077681479b-1536x608.png 1536w, https:\/\/soymigrante.com\/revista\/wp-content\/uploads\/2026\/09\/exec-ded1f6bf-20bc-42ca-bc33-53077681479b-750x297.png 750w, https:\/\/soymigrante.com\/revista\/wp-content\/uploads\/2026\/09\/exec-ded1f6bf-20bc-42ca-bc33-53077681479b.png 1994w\" sizes=\"(max-width: 1140px) 100vw, 1140px\" \/>\t\t\t\t\t\t\t\t\t\t\t\t\t\t\t<\/div>\n\t\t\t\t<div class=\"elementor-element elementor-element-fb6c2c1 elementor-hidden-desktop elementor-hidden-tablet elementor-widget elementor-widget-image\" data-id=\"fb6c2c1\" data-element_type=\"widget\" data-e-type=\"widget\" data-widget_type=\"image.default\">\n\t\t\t\t\t\t\t\t\t\t\t\t\t\t\t<img decoding=\"async\" width=\"768\" height=\"768\" src=\"https:\/\/soymigrante.com\/revista\/wp-content\/uploads\/2026\/09\/ig-carousel-05-768x768.png\" class=\"attachment-medium_large size-medium_large wp-image-63715\" alt=\"Hands present a smartphone showing a Guatemala travel cover; colorful gradient background with a Spanish call-to-action to join a WhatsApp distribution channel.\" srcset=\"https:\/\/soymigrante.com\/revista\/wp-content\/uploads\/2026\/09\/ig-carousel-05-768x768.png 768w, https:\/\/soymigrante.com\/revista\/wp-content\/uploads\/2026\/09\/ig-carousel-05-300x300.png 300w, https:\/\/soymigrante.com\/revista\/wp-content\/uploads\/2026\/09\/ig-carousel-05-1024x1024.png 1024w, https:\/\/soymigrante.com\/revista\/wp-content\/uploads\/2026\/09\/ig-carousel-05-150x150.png 150w, https:\/\/soymigrante.com\/revista\/wp-content\/uploads\/2026\/09\/ig-carousel-05-75x75.png 75w, https:\/\/soymigrante.com\/revista\/wp-content\/uploads\/2026\/09\/ig-carousel-05-750x750.png 750w, https:\/\/soymigrante.com\/revista\/wp-content\/uploads\/2026\/09\/ig-carousel-05.png 1080w\" sizes=\"(max-width: 768px) 100vw, 768px\" \/>\t\t\t\t\t\t\t\t\t\t\t\t\t\t\t<\/div>\n\t\t\t\t<div class=\"elementor-element elementor-element-358fa94 elementor-widget elementor-widget-heading\" data-id=\"358fa94\" data-element_type=\"widget\" data-e-type=\"widget\" data-widget_type=\"heading.default\">\n\t\t\t\t\t<h3 class=\"elementor-heading-title elementor-size-default\">Guatemala, ahora en un formato creado para tu tel\u00e9fono.<\/h3>\t\t\t\t<\/div>\n\t\t\t\t<div class=\"elementor-element elementor-element-81941cd elementor-widget elementor-widget-text-editor\" data-id=\"81941cd\" data-element_type=\"widget\" data-e-type=\"widget\" data-widget_type=\"text-editor.default\">\n\t\t\t\t\t\t\t\t\t<p>Las <strong>ediciones m\u00f3viles<\/strong> de REVISTA re\u00fanen historias de identidad, cultura, tradici\u00f3n y talento guatemalteco en una experiencia visual, vertical y <strong>f\u00e1cil de compartir<\/strong>.<\/p><p>Descubre cada edici\u00f3n, l\u00e9ela <strong>desde tu tel\u00e9fono<\/strong> o descarga el PDF para llevarla contigo.<\/p>\t\t\t\t\t\t\t\t<\/div>\n\t\t\t\t<div class=\"elementor-element elementor-element-68bcc4f elementor-widget elementor-widget-newsy_list_1_large\" data-id=\"68bcc4f\" data-element_type=\"widget\" data-e-type=\"widget\" data-widget_type=\"newsy_list_1_large.default\">\n\t\t\t\t<div class=\"elementor-widget-container\">\n\t\t\t\t\t<div class=\"ak-block ak-block-list-1-large  ak-block-width-1 clearfix\" id=\"block_6a9c3d182fe6c_1\"><div class=\"ak-block-inner clearfix\"><div class=\"ak-block-posts clearfix\">\t\t<article class=\"ak-module ak-module-1-large clearfix post-63738 post type-post status-publish format-standard has-post-thumbnail  category-estamos-unidos tag-ediciones-moviles\">\n\t\t\t<div class=\"ak-module-inner clearfix\">\n\t\t\t\t<div class=\"ak-module-featured\">\n\t\t\t\t\t<div class=\"ak-module-badges\"><\/div><div class=\"ak-featured-cover\"><a href=\"https:\/\/soymigrante.com\/revista\/edicion-movil-00-septiembre-2026\/\" class=\"ak-featured-link\" rel=\"bookmark\" title=\"Guatemala para llevar: primera edici\u00f3n m\u00f3vil de REVISTA\"><div class=\"ak-featured-thumb lazy-thumb size-715\" ><img decoding=\"async\" width=\"350\" height=\"250\" src=\"data:image\/gif;base64,R0lGODlhAQABAAAAACH5BAEKAAEALAAAAAABAAEAAAICTAEAOw==\" class=\"attachment-newsy_350x250 size-newsy_350x250 lazyload wp-post-image\" alt=\"Primera edici\u00f3n m\u00f3vil de REVISTA presentada en un tel\u00e9fono con un paisaje de Guatemala\" data-src=\"https:\/\/soymigrante.com\/revista\/wp-content\/uploads\/2026\/09\/exec-0094132e-20c7-416b-bd4f-ba7dad16e951-350x250.png\" data-sizes=\"auto\" data-srcset=\"https:\/\/soymigrante.com\/revista\/wp-content\/uploads\/2026\/09\/exec-0094132e-20c7-416b-bd4f-ba7dad16e951-350x250.png 350w, https:\/\/soymigrante.com\/revista\/wp-content\/uploads\/2026\/09\/exec-0094132e-20c7-416b-bd4f-ba7dad16e951-120x86.png 120w, https:\/\/soymigrante.com\/revista\/wp-content\/uploads\/2026\/09\/exec-0094132e-20c7-416b-bd4f-ba7dad16e951-750x536.png 750w\" data-expand=\"700\" \/><\/div><\/a><\/div>\t\t\t\t<\/div>\n\t\t\t\t<div class=\"ak-module-details\">\n\t\t\t\t\t<div class=\"ak-module-terms inline\"><a class=\"term-54\" href=\"https:\/\/soymigrante.com\/revista\/category\/estamos-unidos\/\">Estamos Unidos<\/a><\/div><h3 class=\"ak-module-title\"><a href=\"https:\/\/soymigrante.com\/revista\/edicion-movil-00-septiembre-2026\/\" rel=\"bookmark\" title=\"Guatemala para llevar: primera edici\u00f3n m\u00f3vil de REVISTA\">Guatemala para llevar: primera edici\u00f3n m\u00f3vil de REVISTA<\/a><\/h3><div class=\"ak-module-summary\"><p>REVISTA estrena una edici\u00f3n creada especialmente para leer y compartir desde el tel\u00e9fono. Guatemala que llevamos con nosotros, N.\u00ba 00, re\u00fane historias sobre identidad, m\u00fasica, tradici\u00f3n y talento guatemalteco en un formato&hellip;<\/p><\/div><div class=\"ak-module-meta\"><div class=\"ak-module-time\"><a href=\"https:\/\/soymigrante.com\/revista\/edicion-movil-00-septiembre-2026\/\" class=\"ak-module-meta-published\"><i class=\"ak-icon akfi-schedule\"><\/i>03\/09\/2026<\/a><\/div> <div class=\"ak-module-view-count\"><i class=\"ak-icon  fa fa-eye\"><\/i><span class=\"count\">45<\/span><\/div><\/div>\t\t\t\t<\/div>\n\t\t\t<\/div>\n\t\t<\/article>\n\t\t\t\t<article class=\"ak-module ak-module-1-large clearfix post-63825 post type-post status-publish format-standard has-post-thumbnail  category-editorial tag-ediciones-moviles\">\n\t\t\t<div class=\"ak-module-inner clearfix\">\n\t\t\t\t<div class=\"ak-module-featured\">\n\t\t\t\t\t<div class=\"ak-module-badges\"><\/div><div class=\"ak-featured-cover\"><a href=\"https:\/\/soymigrante.com\/revista\/ahora-soymigrante-com-revista-en-pdf-para-smarphone-recibela-gratis-lee-y-comparte\/\" class=\"ak-featured-link\" rel=\"bookmark\" title=\"Ahora SoyMigrante.com REVISTA en PDF para smarphone: rec\u00edbela gratis, lee y comparte\"><div class=\"ak-featured-thumb lazy-thumb size-715\" ><img loading=\"lazy\" decoding=\"async\" width=\"350\" height=\"250\" src=\"data:image\/gif;base64,R0lGODlhAQABAAAAACH5BAEKAAEALAAAAAABAAEAAAICTAEAOw==\" class=\"attachment-newsy_350x250 size-newsy_350x250 lazyload wp-post-image\" alt=\"Hands present a smartphone showing a Guatemala travel cover; colorful gradient background with a Spanish call-to-action to join a WhatsApp distribution channel.\" data-src=\"https:\/\/soymigrante.com\/revista\/wp-content\/uploads\/2026\/09\/ig-carousel-05-350x250.png\" data-sizes=\"auto\" data-srcset=\"https:\/\/soymigrante.com\/revista\/wp-content\/uploads\/2026\/09\/ig-carousel-05-350x250.png 350w, https:\/\/soymigrante.com\/revista\/wp-content\/uploads\/2026\/09\/ig-carousel-05-120x86.png 120w, https:\/\/soymigrante.com\/revista\/wp-content\/uploads\/2026\/09\/ig-carousel-05-750x536.png 750w\" data-expand=\"700\" \/><\/div><\/a><\/div>\t\t\t\t<\/div>\n\t\t\t\t<div class=\"ak-module-details\">\n\t\t\t\t\t<div class=\"ak-module-terms inline\"><a class=\"term-126\" href=\"https:\/\/soymigrante.com\/revista\/category\/estamos-unidos\/editorial\/\">Editorial<\/a><\/div><h3 class=\"ak-module-title\"><a href=\"https:\/\/soymigrante.com\/revista\/ahora-soymigrante-com-revista-en-pdf-para-smarphone-recibela-gratis-lee-y-comparte\/\" rel=\"bookmark\" title=\"Ahora SoyMigrante.com REVISTA en PDF para smarphone: rec\u00edbela gratis, lee y comparte\">Ahora SoyMigrante.com REVISTA en PDF para smarphone: rec\u00edbela gratis, lee y comparte<\/a><\/h3><div class=\"ak-module-summary\"><p>Siempre en busca de servir mejor cada vez a m\u00e1s lectores, sin fronteras y con innovaci\u00f3n lanzamos el n\u00famero cero de SoyMigrante.com REVISTA en formado PDF especial para m\u00f3vil. Recibe gratis, lee, comparte y dinos qu\u00e9 te&hellip;<\/p><\/div><div class=\"ak-module-meta\"><div class=\"ak-module-time\"><a href=\"https:\/\/soymigrante.com\/revista\/ahora-soymigrante-com-revista-en-pdf-para-smarphone-recibela-gratis-lee-y-comparte\/\" class=\"ak-module-meta-published\"><i class=\"ak-icon akfi-schedule\"><\/i>03\/09\/2026<\/a><\/div> <div class=\"ak-module-view-count\"><i class=\"ak-icon  fa fa-eye\"><\/i><span class=\"count\">43<\/span><\/div><\/div>\t\t\t\t<\/div>\n\t\t\t<\/div>\n\t\t<\/article>\n\t\t<\/div><\/div><\/div>\t\t\t\t<\/div>\n\t\t\t\t<\/div>\n\t\t\t\t\t<\/div>\n\t\t\t\t<\/div>\n\t\t\t\t<\/div>\n\t\t","protected":false},"excerpt":{"rendered":"<p>Guatemala, ahora en un formato creado para tu tel\u00e9fono. Las ediciones m\u00f3viles de REVISTA re\u00fanen historias de identidad, cultura, tradici\u00f3n y talento guatemalteco en una experiencia visual, vertical y f\u00e1cil de compartir. Descubre cada edici\u00f3n, l\u00e9ela desde tu tel\u00e9fono o descarga el PDF para llevarla contigo. Edit Estamos Unidos Guatemala para llevar: primera edici\u00f3n m\u00f3vil [&hellip;]<\/p>\n","protected":false},"author":6,"featured_media":63783,"parent":0,"menu_order":0,"comment_status":"closed","ping_status":"closed","template":"","meta":{"_acf_changed":false,"_eb_attr":"","footnotes":""},"class_list":["post-63778","page","type-page","status-publish","has-post-thumbnail","hentry"],"acf":[],"aioseo_notices":[],"aioseo_head":"\n\t\t<!-- All in One SEO Pro 5.0.1.1 - aioseo.com -->\n\t<meta name=\"description\" content=\"Explora las ediciones m\u00f3viles de REVISTA: historias de Guatemala creadas para leer, guardar y compartir desde el tel\u00e9fono.\" \/>\n\t<meta name=\"robots\" content=\"max-snippet:-1, max-image-preview:large, max-video-preview:-1\" \/>\n\t<link rel=\"canonical\" href=\"https:\/\/soymigrante.com\/revista\/ediciones-moviles\/\" \/>\n\t<meta name=\"generator\" content=\"All in One SEO Pro (AIOSEO) 5.0.1.1\" \/>\n\n\t\t<link rel=\"preconnect\" href=\"https:\/\/fonts.googleapis.com\" crossorigin>\n<link rel=\"preconnect\" href=\"https:\/\/fonts.gstatic.com\" crossorigin>\n\t\t<meta property=\"og:locale\" content=\"es_ES\" \/>\n\t\t<meta property=\"og:site_name\" content=\"SoyMigrante.com REVISTA \u2013 Nuestra misi\u00f3n es reconocer y dignificar al migrante.\" \/>\n\t\t<meta property=\"og:type\" content=\"article\" \/>\n\t\t<meta property=\"og:title\" content=\"Ediciones m\u00f3viles | REVISTA\" \/>\n\t\t<meta property=\"og:description\" content=\"Explora las ediciones m\u00f3viles de REVISTA: historias de Guatemala creadas para leer, guardar y compartir desde el tel\u00e9fono.\" \/>\n\t\t<meta property=\"og:url\" content=\"https:\/\/soymigrante.com\/revista\/ediciones-moviles\/\" \/>\n\t\t<meta property=\"og:image\" content=\"https:\/\/soymigrante.com\/revista\/wp-content\/uploads\/2026\/09\/exec-d1e6e575-3748-4d30-a026-ef07e4883c11.png\" \/>\n\t\t<meta property=\"og:image:secure_url\" content=\"https:\/\/soymigrante.com\/revista\/wp-content\/uploads\/2026\/09\/exec-d1e6e575-3748-4d30-a026-ef07e4883c11.png\" \/>\n\t\t<meta property=\"og:image:width\" content=\"1254\" \/>\n\t\t<meta property=\"og:image:height\" content=\"1254\" \/>\n\t\t<meta property=\"article:published_time\" content=\"2026-09-03T04:56:55+00:00\" \/>\n\t\t<meta property=\"article:modified_time\" content=\"2026-09-04T03:04:52+00:00\" \/>\n\t\t<meta property=\"article:publisher\" content=\"https:\/\/www.facebook.com\/soymigrantecom\" \/>\n\t\t<meta name=\"twitter:card\" content=\"summary_large_image\" \/>\n\t\t<meta name=\"twitter:site\" content=\"@SoyMigrante_com\" \/>\n\t\t<meta name=\"twitter:title\" content=\"Ediciones m\u00f3viles | REVISTA\" \/>\n\t\t<meta name=\"twitter:description\" content=\"Explora las ediciones m\u00f3viles de REVISTA: historias de Guatemala creadas para leer, guardar y compartir desde el tel\u00e9fono.\" \/>\n\t\t<meta name=\"twitter:creator\" content=\"@SoyMigrante_com\" \/>\n\t\t<meta name=\"twitter:image\" content=\"https:\/\/soymigrante.com\/revista\/wp-content\/uploads\/2026\/09\/exec-d1e6e575-3748-4d30-a026-ef07e4883c11.png\" \/>\n\t\t<!-- All in One SEO Pro -->\r\n\t\t<title>Ediciones m\u00f3viles | REVISTA<\/title>\n\n","aioseo_head_json":{"title":"Ediciones m\u00f3viles | REVISTA","description":"Explora las ediciones m\u00f3viles de REVISTA: historias de Guatemala creadas para leer, guardar y compartir desde el tel\u00e9fono.","canonical_url":"https:\/\/soymigrante.com\/revista\/ediciones-moviles\/","robots":"max-snippet:-1, max-image-preview:large, max-video-preview:-1","keywords":"","webmasterTools":{"miscellaneous":"&lt;link rel=\"preconnect\" href=\"https:\/\/fonts.googleapis.com\" crossorigin&gt;\n&lt;link rel=\"preconnect\" href=\"https:\/\/fonts.gstatic.com\" crossorigin&gt;"},"schema":null,"og:locale":"es_ES","og:site_name":"SoyMigrante.com REVISTA \u2013 Nuestra misi\u00f3n es reconocer y dignificar al migrante.","og:type":"article","og:title":"Ediciones m\u00f3viles | REVISTA","og:description":"Explora las ediciones m\u00f3viles de REVISTA: historias de Guatemala creadas para leer, guardar y compartir desde el tel\u00e9fono.","og:url":"https:\/\/soymigrante.com\/revista\/ediciones-moviles\/","og:image":"https:\/\/soymigrante.com\/revista\/wp-content\/uploads\/2026\/09\/exec-d1e6e575-3748-4d30-a026-ef07e4883c11.png","og:image:secure_url":"https:\/\/soymigrante.com\/revista\/wp-content\/uploads\/2026\/09\/exec-d1e6e575-3748-4d30-a026-ef07e4883c11.png","og:image:width":1254,"og:image:height":1254,"article:published_time":"2026-09-03T04:56:55+00:00","article:modified_time":"2026-09-04T03:04:52+00:00","article:publisher":"https:\/\/www.facebook.com\/soymigrantecom","twitter:card":"summary_large_image","twitter:site":"@SoyMigrante_com","twitter:title":"Ediciones m\u00f3viles | REVISTA","twitter:description":"Explora las ediciones m\u00f3viles de REVISTA: historias de Guatemala creadas para leer, guardar y compartir desde el tel\u00e9fono.","twitter:creator":"@SoyMigrante_com","twitter:image":"https:\/\/soymigrante.com\/revista\/wp-content\/uploads\/2026\/09\/exec-d1e6e575-3748-4d30-a026-ef07e4883c11.png"},"aioseo_meta_data":{"post_id":"63778","title":"Ediciones m\u00f3viles | REVISTA","description":"Explora las ediciones m\u00f3viles de REVISTA: historias de Guatemala creadas para leer, guardar y compartir desde el tel\u00e9fono.","keywords":null,"keyphrases":{"focus":{"keyphrase":"","score":0,"analysis":{"keyphraseInTitle":{"score":0,"maxScore":9,"error":1}}},"additional":[]},"primary_term":null,"canonical_url":null,"og_title":null,"og_description":null,"og_object_type":"default","og_image_type":"default","og_image_url":null,"og_image_width":null,"og_image_height":null,"og_image_custom_url":null,"og_image_custom_fields":null,"og_video":"","og_custom_url":null,"og_article_section":null,"og_article_tags":null,"twitter_use_og":false,"twitter_card":"default","twitter_image_type":"default","twitter_image_url":null,"twitter_image_custom_url":null,"twitter_image_custom_fields":null,"twitter_title":null,"twitter_description":null,"schema":{"blockGraphs":[],"customGraphs":[],"default":{"data":{"Article":[],"Course":[],"Dataset":[],"FAQPage":[],"Movie":[],"Person":[],"Product":[],"ProductReview":[],"Car":[],"Recipe":[],"Service":[],"SoftwareApplication":[],"WebPage":[]},"graphName":"none","isEnabled":true},"graphs":[]},"schema_type":"default","schema_type_options":null,"pillar_content":false,"robots_default":true,"robots_noindex":false,"robots_noarchive":false,"robots_nosnippet":false,"robots_nofollow":false,"robots_noimageindex":false,"robots_noodp":false,"robots_notranslate":false,"robots_max_snippet":"-1","robots_max_videopreview":"-1","robots_max_imagepreview":"large","priority":null,"frequency":"default","local_seo":null,"seo_analyzer_scan_date":"2026-09-04 03:05:54","breadcrumb_settings":null,"limit_modified_date":false,"reviewed_by":"0","open_ai":null,"ai":{"faqs":[],"keyPoints":[],"schemas":[],"titles":[],"descriptions":[],"socialPosts":{"email":{"subject":"","preview":"","content":""},"linkedin":[],"twitter":[],"facebook":[],"instagram":[]}},"created":"2026-09-03 04:35:08","updated":"2026-09-04 04:07:22","focus_keyword":null,"additional_keywords":null,"truseo_locale":null},"aioseo_breadcrumb":"<div class=\"aioseo-breadcrumbs\"><span class=\"aioseo-breadcrumb\">\n\t<a href=\"https:\/\/soymigrante.com\/revista\" title=\"Home\">Home<\/a>\n<\/span><span class=\"aioseo-breadcrumb-separator\">\u00bb<\/span><span class=\"aioseo-breadcrumb\">\n\tEdiciones m\u00f3viles\n<\/span><\/div>","aioseo_breadcrumb_json":[{"label":"Home","link":"https:\/\/soymigrante.com\/revista"},{"label":"Ediciones m\u00f3viles","link":"https:\/\/soymigrante.com\/revista\/ediciones-moviles\/"}],"_links":{"self":[{"href":"https:\/\/soymigrante.com\/revista\/wp-json\/wp\/v2\/pages\/63778","targetHints":{"allow":["GET"]}}],"collection":[{"href":"https:\/\/soymigrante.com\/revista\/wp-json\/wp\/v2\/pages"}],"about":[{"href":"https:\/\/soymigrante.com\/revista\/wp-json\/wp\/v2\/types\/page"}],"author":[{"embeddable":true,"href":"https:\/\/soymigrante.com\/revista\/wp-json\/wp\/v2\/users\/6"}],"replies":[{"embeddable":true,"href":"https:\/\/soymigrante.com\/revista\/wp-json\/wp\/v2\/comments?post=63778"}],"version-history":[{"count":28,"href":"https:\/\/soymigrante.com\/revista\/wp-json\/wp\/v2\/pages\/63778\/revisions"}],"predecessor-version":[{"id":63886,"href":"https:\/\/soymigrante.com\/revista\/wp-json\/wp\/v2\/pages\/63778\/revisions\/63886"}],"wp:featuredmedia":[{"embeddable":true,"href":"https:\/\/soymigrante.com\/revista\/wp-json\/wp\/v2\/media\/63783"}],"wp:attachment":[{"href":"https:\/\/soymigrante.com\/revista\/wp-json\/wp\/v2\/media?parent=63778"}],"curies":[{"name":"wp","href":"https:\/\/api.w.org\/{rel}","templated":true}]}}