{"id":40361,"date":"2025-07-24T20:56:39","date_gmt":"2025-07-25T02:56:39","guid":{"rendered":"https:\/\/soymigrante.com\/revista\/?page_id=40361"},"modified":"2025-09-17T07:10:16","modified_gmt":"2025-09-17T13:10:16","slug":"joyas-mayas-migrantes","status":"publish","type":"page","link":"https:\/\/soymigrante.com\/revista\/joyas-mayas-migrantes\/","title":{"rendered":"Joyas Mayas Migrantes: Tesoros arqueol\u00f3gicos de Guatemala en museos de Estados Unidos"},"content":{"rendered":"\t\t<div data-elementor-type=\"wp-page\" data-elementor-id=\"40361\" class=\"elementor elementor-40361\" data-elementor-post-type=\"page\">\n\t\t\t\t<div data-particle_enable=\"false\" data-particle-mobile-disabled=\"false\" class=\"elementor-element elementor-element-c1652c8 e-con-full e-flex e-con e-parent\" data-id=\"c1652c8\" data-element_type=\"container\" data-e-type=\"container\" data-settings=\"{&quot;background_background&quot;:&quot;classic&quot;}\">\n\t\t<div data-particle_enable=\"false\" data-particle-mobile-disabled=\"false\" class=\"elementor-element elementor-element-27007f3 e-con-full e-flex e-con e-child\" data-id=\"27007f3\" data-element_type=\"container\" data-e-type=\"container\">\n\t\t\t\t<div class=\"elementor-element elementor-element-8b60ee3 elementor-vertical-align-middle elementor-vertical-align-middle elementor-widget__width-auto elementor-widget elementor-widget-image-box\" data-id=\"8b60ee3\" data-element_type=\"widget\" data-e-type=\"widget\" data-widget_type=\"image-box.default\">\n\t\t\t\t\t<div class=\"elementor-image-box-wrapper\"><div class=\"elementor-image-box-content\"><h4 class=\"elementor-image-box-title\">GUATEMALA<\/h4><\/div><\/div>\t\t\t\t<\/div>\n\t\t\t\t<div class=\"elementor-element elementor-element-35416ce elementor-widget__width-initial elementor-widget elementor-widget-heading\" data-id=\"35416ce\" data-element_type=\"widget\" data-e-type=\"widget\" data-widget_type=\"heading.default\">\n\t\t\t\t\t<h2 class=\"elementor-heading-title elementor-size-default\"><b>Joyas Mayas Migrantes<\/b><\/br>\ngana prestigioso Premio Huun de periodismo arqueol\u00f3gico<\/h2>\t\t\t\t<\/div>\n\t\t<div data-particle_enable=\"false\" data-particle-mobile-disabled=\"false\" class=\"elementor-element elementor-element-7fe9a20 e-con-full e-flex e-con e-child\" data-id=\"7fe9a20\" data-element_type=\"container\" data-e-type=\"container\">\n\t\t\t\t<div class=\"elementor-element elementor-element-5707804 elementor-widget__width-initial elementor-widget elementor-widget-heading\" data-id=\"5707804\" data-element_type=\"widget\" data-e-type=\"widget\" data-widget_type=\"heading.default\">\n\t\t\t\t\t<h2 class=\"elementor-heading-title elementor-size-default\">S\u00famate a la comunidad (digital) <br>#1 de guatemaltecos en Estados Unidos<\/h2>\t\t\t\t<\/div>\n\t\t\t\t<\/div>\n\t\t<div data-particle_enable=\"false\" data-particle-mobile-disabled=\"false\" class=\"elementor-element elementor-element-38c27e8 e-con-full e-flex e-con e-child\" data-id=\"38c27e8\" data-element_type=\"container\" data-e-type=\"container\">\n\t\t\t\t<div class=\"elementor-element elementor-element-4d91a8a elementor-widget elementor-widget-eael-creative-button\" data-id=\"4d91a8a\" data-element_type=\"widget\" data-e-type=\"widget\" data-widget_type=\"eael-creative-button.default\">\n\t\t\t\t\t        <div class=\"eael-creative-button-wrapper\">\n\n            <a class=\"eael-creative-button eael-creative-button--default eael-cb-icon-position-\" href=\"https:\/\/soymigrante.com\/revista\/unete-a-la-comunidad-de-miles-de-migrantes-guatemaltecos\/\" data-text=\"Go!\">\n            \t    \n                <div class=\"creative-button-inner\">\n\n                    \n                    <span class=\"cretive-button-text\">\u00daNETE AQU\u00ed<\/span>\n\n                                    <\/div>\n\t                        <\/a>\n        <\/div>\n        \t\t\t\t<\/div>\n\t\t<div data-particle_enable=\"false\" data-particle-mobile-disabled=\"false\" class=\"elementor-element elementor-element-eaadb0d e-con-full e-flex e-con e-child\" data-id=\"eaadb0d\" data-element_type=\"container\" data-e-type=\"container\">\n\t\t\t\t<div class=\"elementor-element elementor-element-d4e62eb elementor-widget elementor-widget-image\" data-id=\"d4e62eb\" data-element_type=\"widget\" data-e-type=\"widget\" data-widget_type=\"image.default\">\n\t\t\t\t\t\t\t\t\t\t\t\t\t\t\t<img decoding=\"async\" width=\"250\" height=\"69\" src=\"https:\/\/soymigrante.com\/revista\/wp-content\/uploads\/2025\/03\/SoyMigrantecom-H-blanco-1-250xx.webp\" class=\"attachment-medium size-medium wp-image-28241\" alt=\"Migrante leyendo revista SoyMigrante.com con tem\u00e1tica sobre derechos y experiencias migrantes en Am\u00e9rica Latina.\" title=\"SoyMigrante.com LOGO blanco 250px \u2013 SoyMigrante.com REVISTA\" \/>\t\t\t\t\t\t\t\t\t\t\t\t\t\t\t<\/div>\n\t\t\t\t<\/div>\n\t\t\t\t<\/div>\n\t\t\t\t<\/div>\n\t\t\t\t<\/div>\n\t\t\t\t<section data-particle_enable=\"false\" data-particle-mobile-disabled=\"false\" class=\"elementor-section elementor-top-section elementor-element elementor-element-af66804 elementor-section-full_width elementor-section-height-default elementor-section-height-default\" data-id=\"af66804\" data-element_type=\"section\" data-e-type=\"section\">\n\t\t\t\t\t\t<div class=\"elementor-container elementor-column-gap-no\">\n\t\t\t\t\t<div class=\"elementor-column elementor-col-100 elementor-top-column elementor-element elementor-element-273c9ee\" data-id=\"273c9ee\" data-element_type=\"column\" data-e-type=\"column\">\n\t\t\t<div class=\"elementor-widget-wrap elementor-element-populated\">\n\t\t\t\t\t\t<div class=\"elementor-element elementor-element-6d770c0 elementor-widget elementor-widget-newsy_grid_6\" data-id=\"6d770c0\" data-element_type=\"widget\" data-e-type=\"widget\" data-widget_type=\"newsy_grid_6.default\">\n\t\t\t\t<div class=\"elementor-widget-container\">\n\t\t\t\t\t<div class=\"ak-block ak-block-grid ak-block-grid-6   ak-block-width-3 clearfix tg-gradient tg-focus\" id=\"block_69efe8936aea9_1\"><style scoped>#block_69efe8936aea9_1 .ak-block-posts{ margin: -1px 0 0 -1px; }#block_69efe8936aea9_1 .ak-block-posts .ak-module-grid{ padding:1px 0 0 1px; }<\/style><div class=\"ak-block-inner clearfix\"><div class=\"ak-block-posts clearfix\">\t\t<article class=\"ak-module ak-module-grid ak-module-grid-big ak-block-item-1 clearfix post-40137 post type-post status-publish format-standard has-post-thumbnail  category-guate-nuestra tag-joyas-mayas-migrantes\">\n\t\t\t<div class=\"ak-module-inner clearfix\">\n\t\t\t\t<div class=\"ak-module-grid-wrap\">\n\t\t\t\t\t<div class=\"ak-module-featured\">\n\t\t\t\t\t<div class=\"ak-module-badges\"><\/div>\t\t\t\t\t\t\t\t\t\t<div class=\"ak-featured-cover\"><a href=\"https:\/\/soymigrante.com\/revista\/premio-huun-serie-joyas-mayas-migrantes-en-soymigrante-por-gustavo-montenegro\/\" class=\"ak-featured-link\" rel=\"bookmark\" title=\"Nuestra serie Joyas Mayas Migrantes gana prestigioso Premio Huun de periodismo arqueol\u00f3gico en Guatemala\"><div class=\"ak-featured-thumb lazy-thumb background-thumb  size-715\">\n                        <div class=\"lazyload\" title=\"Reconocimiento y entrega de premios en evento cultural de SoyMigrante.com Revista presentando figuras destacadas de la migraci\u00f3n.\" data-bgset=\"https:\/\/soymigrante.com\/revista\/wp-content\/uploads\/2025\/07\/premio-huun-por-joyas-mayas-migrantes-1-750x536.webp 800w\" ><\/div>\n                      <\/div><\/a><\/div>\t\t\t\t\t<\/div>\n\t\t\t\t\t<div class=\"ak-module-details\">\n\t\t\t\t\t\t<div class=\"ak-module-terms inline_badge\"><a class=\"term-58\" href=\"https:\/\/soymigrante.com\/revista\/category\/guate-nuestra\/\">Guate Nuestra<\/a><\/div>\t\t\t\t\t\t<h3 class=\"ak-module-title\"><a href=\"https:\/\/soymigrante.com\/revista\/premio-huun-serie-joyas-mayas-migrantes-en-soymigrante-por-gustavo-montenegro\/\" rel=\"bookmark\" title=\"Nuestra serie Joyas Mayas Migrantes gana prestigioso Premio Huun de periodismo arqueol\u00f3gico en Guatemala\">Nuestra serie Joyas Mayas Migrantes gana prestigioso Premio Huun de periodismo arqueol\u00f3gico en Guatemala<\/a><\/h3>\t\t\t\t\t\t<div class=\"ak-module-meta\"><div class=\"ak-module-time\"><a href=\"https:\/\/soymigrante.com\/revista\/premio-huun-serie-joyas-mayas-migrantes-en-soymigrante-por-gustavo-montenegro\/\" class=\"ak-module-meta-published\"><i class=\"ak-icon akfi-schedule\"><\/i>9 meses ago<\/a><\/div><\/div>\t\t\t\t\t<\/div>\n\t\t\t\t<\/div>\n\t\t\t<\/div>\n\t\t<\/article>\n\t\t\t\t<article class=\"ak-module ak-module-grid ak-module-grid-big ak-block-item-2 clearfix post-34520 post type-post status-publish format-standard has-post-thumbnail  category-guate-nuestra tag-joyas-mayas-migrantes\">\n\t\t\t<div class=\"ak-module-inner clearfix\">\n\t\t\t\t<div class=\"ak-module-grid-wrap\">\n\t\t\t\t\t<div class=\"ak-module-featured\">\n\t\t\t\t\t<div class=\"ak-module-badges\"><\/div>\t\t\t\t\t\t\t\t\t\t<div class=\"ak-featured-cover\"><a href=\"https:\/\/soymigrante.com\/revista\/porque-hay-tantas-joyas-mayas-migrantes\/\" class=\"ak-featured-link\" rel=\"bookmark\" title=\"\u00bfPorqu\u00e9 hay tantas Joyas Mayas Migrantes?\"><div class=\"ak-featured-thumb lazy-thumb background-thumb  size-715\">\n                        <div class=\"lazyload\" title=\"Ancestro ind\u00edgena con vestimenta tradicional y accesorios rituales en pintura prehisp\u00e1nica, representando cultura y historia de M\u00e9xico.\" data-bgset=\"https:\/\/soymigrante.com\/revista\/wp-content\/uploads\/2025\/05\/vaso-maya-lacma-750x536.webp 800w\" ><\/div>\n                      <\/div><\/a><\/div>\t\t\t\t\t<\/div>\n\t\t\t\t\t<div class=\"ak-module-details\">\n\t\t\t\t\t\t<div class=\"ak-module-terms inline_badge\"><a class=\"term-58\" href=\"https:\/\/soymigrante.com\/revista\/category\/guate-nuestra\/\">Guate Nuestra<\/a><\/div>\t\t\t\t\t\t<h3 class=\"ak-module-title\"><a href=\"https:\/\/soymigrante.com\/revista\/porque-hay-tantas-joyas-mayas-migrantes\/\" rel=\"bookmark\" title=\"\u00bfPorqu\u00e9 hay tantas Joyas Mayas Migrantes?\">\u00bfPorqu\u00e9 hay tantas Joyas Mayas Migrantes?<\/a><\/h3>\t\t\t\t\t\t<div class=\"ak-module-meta\"><div class=\"ak-module-time\"><a href=\"https:\/\/soymigrante.com\/revista\/porque-hay-tantas-joyas-mayas-migrantes\/\" class=\"ak-module-meta-published\"><i class=\"ak-icon akfi-schedule\"><\/i>11 meses ago<\/a><\/div><\/div>\t\t\t\t\t<\/div>\n\t\t\t\t<\/div>\n\t\t\t<\/div>\n\t\t<\/article>\n\t\t\t\t<article class=\"ak-module ak-module-grid ak-module-grid-big ak-block-item-3 clearfix post-34485 post type-post status-publish format-standard has-post-thumbnail  category-guate-nuestra tag-joyas-mayas-migrantes\">\n\t\t\t<div class=\"ak-module-inner clearfix\">\n\t\t\t\t<div class=\"ak-module-grid-wrap\">\n\t\t\t\t\t<div class=\"ak-module-featured\">\n\t\t\t\t\t<div class=\"ak-module-badges\"><\/div>\t\t\t\t\t\t\t\t\t\t<div class=\"ak-featured-cover\"><a href=\"https:\/\/soymigrante.com\/revista\/joyas-mayas-migrantes-un-jaguar-un-pizote-y-un-mono-caminan-juntos-en-museo-de-alabama\/\" class=\"ak-featured-link\" rel=\"bookmark\" title=\"Joyas mayas migrantes: Un jaguar, un pizote y un mono caminan juntos en museo de Alabama\"><div class=\"ak-featured-thumb lazy-thumb background-thumb  size-715\">\n                        <div class=\"lazyload\" title=\"Colorida cer\u00e1mica tradicional mexicana con dise\u00f1o de jaguar en tonos naranjas, blancos y negros, reflejando arte ind\u00edgena y cultura ancestral. Ideal para contenido cultural, art\u00edstico y patrimonio en Revoluci\u00f3n.\" data-bgset=\"https:\/\/soymigrante.com\/revista\/wp-content\/uploads\/2025\/05\/vaso-jaguar-750x536.webp 800w\" ><\/div>\n                      <\/div><\/a><\/div>\t\t\t\t\t<\/div>\n\t\t\t\t\t<div class=\"ak-module-details\">\n\t\t\t\t\t\t<div class=\"ak-module-terms inline_badge\"><a class=\"term-58\" href=\"https:\/\/soymigrante.com\/revista\/category\/guate-nuestra\/\">Guate Nuestra<\/a><\/div>\t\t\t\t\t\t<h3 class=\"ak-module-title\"><a href=\"https:\/\/soymigrante.com\/revista\/joyas-mayas-migrantes-un-jaguar-un-pizote-y-un-mono-caminan-juntos-en-museo-de-alabama\/\" rel=\"bookmark\" title=\"Joyas mayas migrantes: Un jaguar, un pizote y un mono caminan juntos en museo de Alabama\">Joyas mayas migrantes: Un jaguar, un pizote y un mono caminan juntos en museo de Alabama<\/a><\/h3>\t\t\t\t\t\t<div class=\"ak-module-meta\"><div class=\"ak-module-time\"><a href=\"https:\/\/soymigrante.com\/revista\/joyas-mayas-migrantes-un-jaguar-un-pizote-y-un-mono-caminan-juntos-en-museo-de-alabama\/\" class=\"ak-module-meta-published\"><i class=\"ak-icon akfi-schedule\"><\/i>12 meses ago<\/a><\/div><\/div>\t\t\t\t\t<\/div>\n\t\t\t\t<\/div>\n\t\t\t<\/div>\n\t\t<\/article>\n\t\t<\/div><\/div><\/div>\t\t\t\t<\/div>\n\t\t\t\t<\/div>\n\t\t\t\t\t<\/div>\n\t\t<\/div>\n\t\t\t\t\t<\/div>\n\t\t<\/section>\n\t\t<div data-particle_enable=\"false\" data-particle-mobile-disabled=\"false\" class=\"elementor-element elementor-element-30fa145 e-flex e-con-boxed e-con e-parent\" data-id=\"30fa145\" data-element_type=\"container\" data-e-type=\"container\">\n\t\t\t\t\t<div class=\"e-con-inner\">\n\t\t\t\t<div class=\"elementor-element elementor-element-7309431 elementor-widget elementor-widget-spacer\" data-id=\"7309431\" data-element_type=\"widget\" data-e-type=\"widget\" data-widget_type=\"spacer.default\">\n\t\t\t\t\t\t\t<div class=\"elementor-spacer\">\n\t\t\t<div class=\"elementor-spacer-inner\"><\/div>\n\t\t<\/div>\n\t\t\t\t\t\t<\/div>\n\t\t\t\t<div class=\"elementor-element elementor-element-62be6c8 elementor-hidden-desktop elementor-hidden-tablet elementor-widget elementor-widget-html\" data-id=\"62be6c8\" data-element_type=\"widget\" data-e-type=\"widget\" data-widget_type=\"html.default\">\n\t\t\t\t\t<div style=\"text-align: center;\">\n<!-- Revive Adserver Hosted edition Asynchronous JS Tag - Generated with Revive Adserver v5.5.2 -->\n<ins data-revive-zoneid=\"24762\" data-revive-id=\"727bec5e09208690b050ccfc6a45d384\"><\/ins>\n<script async src=\"\/\/servedby.revive-adserver.net\/asyncjs.php\"><\/script>\n<\/div>\n\t\t\t\t<\/div>\n\t\t\t\t<div class=\"elementor-element elementor-element-5728528 elementor-hidden-mobile elementor-widget elementor-widget-html\" data-id=\"5728528\" data-element_type=\"widget\" data-e-type=\"widget\" data-widget_type=\"html.default\">\n\t\t\t\t\t<div style=\"text-align: center;\">\n<!-- Revive Adserver Hosted edition Asynchronous JS Tag - Generated with Revive Adserver v5.5.2 -->\n<ins data-revive-zoneid=\"24763\" data-revive-id=\"727bec5e09208690b050ccfc6a45d384\"><\/ins>\n<script async src=\"\/\/servedby.revive-adserver.net\/asyncjs.php\"><\/script>\n<\/div>\n\t\t\t\t<\/div>\n\t\t\t\t<div class=\"elementor-element elementor-element-a0c5163 elementor-widget elementor-widget-search\" data-id=\"a0c5163\" data-element_type=\"widget\" data-e-type=\"widget\" data-settings=\"{&quot;submit_trigger&quot;:&quot;click_submit&quot;,&quot;pagination_type_options&quot;:&quot;none&quot;}\" data-widget_type=\"search.default\">\n\t\t\t\t\t\t\t<search class=\"e-search hidden\" role=\"search\">\n\t\t\t<form class=\"e-search-form\" action=\"https:\/\/soymigrante.com\/revista\" method=\"get\">\n\n\t\t\t\t\n\t\t\t\t<label class=\"e-search-label\" for=\"search-a0c5163\">\n\t\t\t\t\t<span class=\"elementor-screen-only\">\n\t\t\t\t\t\tBuscar\t\t\t\t\t<\/span>\n\t\t\t\t\t\t\t\t\t<\/label>\n\n\t\t\t\t<div class=\"e-search-input-wrapper\">\n\t\t\t\t\t<input id=\"search-a0c5163\" placeholder=\"Escribe para buscar...\" class=\"e-search-input\" type=\"search\" name=\"s\" value=\"\" autocomplete=\"on\" role=\"combobox\" aria-autocomplete=\"list\" aria-expanded=\"false\" aria-controls=\"results-a0c5163\" aria-haspopup=\"listbox\">\n\t\t\t\t\t<i aria-hidden=\"true\" class=\"fas fa-times\"><\/i>\t\t\t\t\t\t\t\t\t\t<output id=\"results-a0c5163\" class=\"e-search-results-container hide-loader\" aria-live=\"polite\" aria-atomic=\"true\" aria-label=\"Resultados de b\u00fasqueda\" tabindex=\"0\">\n\t\t\t\t\t\t<div class=\"e-search-results\"><\/div>\n\t\t\t\t\t\t\t\t\t\t\t<\/output>\n\t\t\t\t\t\t\t\t\t<\/div>\n\t\t\t\t\n\t\t\t\t\n\t\t\t\t<button class=\"e-search-submit  \" type=\"submit\">\n\t\t\t\t\t\n\t\t\t\t\t\t\t\t\t\t<span class=\"\">\n\t\t\t\t\t\tBuscar\t\t\t\t\t<\/span>\n\t\t\t\t\t\t\t\t\t<\/button>\n\t\t\t\t<input type=\"hidden\" name=\"e_search_props\" value=\"a0c5163-40361\">\n\t\t\t<\/form>\n\t\t<\/search>\n\t\t\t\t\t\t<\/div>\n\t\t<div data-particle_enable=\"false\" data-particle-mobile-disabled=\"false\" class=\"elementor-element elementor-element-dd2e827 e-con-full e-grid e-con e-child\" data-id=\"dd2e827\" data-element_type=\"container\" data-e-type=\"container\">\n\t\t<div data-particle_enable=\"false\" data-particle-mobile-disabled=\"false\" class=\"elementor-element elementor-element-adcdff1 e-con-full e-flex e-con e-child\" data-id=\"adcdff1\" data-element_type=\"container\" data-e-type=\"container\">\n\t\t\t\t<div class=\"elementor-element elementor-element-a02dfab elementor-widget elementor-widget-newsy_block_14\" data-id=\"a02dfab\" data-element_type=\"widget\" data-e-type=\"widget\" data-widget_type=\"newsy_block_14.default\">\n\t\t\t\t<div class=\"elementor-widget-container\">\n\t\t\t\t\t<div class=\"ak-block ak-block-14 ak-block-column ak-masonry  ak-block-width-1 ak-pagination-container load_more clearfix\" id=\"block_69efe8936aea9_2\"><div class=\"ak-block-header ak-block-header-style-15 no-tabs\"><h4 class=\"ak-block-title\"><span class=\"title-text\"><span>Serie digital multimedia dedicada a piezas mayas guatemaltecas conservadas en museos de USA<\/span><\/span><\/h4><\/div><div class=\"ak-block-inner clearfix\"><div class=\"ak-block-posts clearfix\">\t\t<article class=\"ak-module ak-module-3 ak-column-module clearfix post-31202 post type-post status-publish format-standard has-post-thumbnail  category-guate-nuestra tag-joyas-mayas-migrantes\">\n\t\t\t<div class=\"ak-module-inner clearfix\">\n\t\t\t\t<div class=\"ak-module-grid-wrap\">\n\t\t\t\t\t<div class=\"ak-module-featured\">\n\t\t\t\t\t\t<div class=\"ak-module-badges\"><\/div><div class=\"ak-featured-cover\"><a href=\"https:\/\/soymigrante.com\/revista\/joyas-mayas-migrantes-textiles-tradicionales-se-atesoran-en-el-museo-de-diseno-goldstein-de-minnesota\/\" class=\"ak-featured-link\" rel=\"bookmark\" title=\"Joyas mayas migrantes: Textiles guatemaltecos en el Museo Goldstein de Dise\u00f1o, en Minnesota\"><div class=\"ak-featured-thumb lazy-thumb size-715\" ><img fetchpriority=\"high\" decoding=\"async\" width=\"350\" height=\"250\" src=\"data:image\/gif;base64,R0lGODlhAQABAAAAACH5BAEKAAEALAAAAAABAAEAAAICTAEAOw==\" class=\"attachment-newsy_350x250 size-newsy_350x250 lazyload wp-post-image\" alt=\"Colorido mandil tradicional con bordado artesanal y dise\u00f1o de aves y flores, representando la cultura ind\u00edgena mexicana en la revista SoyMigrante.com REVISTA.\" data-src=\"https:\/\/soymigrante.com\/revista\/wp-content\/uploads\/2025\/04\/GMD1996043002A_1-jpg635333438404937878-e1746531770121-350x250.webp\" data-sizes=\"auto\" data-srcset=\"https:\/\/soymigrante.com\/revista\/wp-content\/uploads\/2025\/04\/GMD1996043002A_1-jpg635333438404937878-e1746531770121-350x250.webp 350w, https:\/\/soymigrante.com\/revista\/wp-content\/uploads\/2025\/04\/GMD1996043002A_1-jpg635333438404937878-e1746531770121-120x86.webp 120w, https:\/\/soymigrante.com\/revista\/wp-content\/uploads\/2025\/04\/GMD1996043002A_1-jpg635333438404937878-e1746531770121-750x536.webp 750w\" data-expand=\"700\" \/><\/div><\/a><\/div><div class=\"ak-module-terms badge\"><a class=\"term-58\" href=\"https:\/\/soymigrante.com\/revista\/category\/guate-nuestra\/\">Guate Nuestra<\/a><\/div>\t\t\t\t\t<\/div>\n\t\t\t\t\t<div class=\"ak-module-details\">\n\t\t\t\t\t\t<h3 class=\"ak-module-title\"><a href=\"https:\/\/soymigrante.com\/revista\/joyas-mayas-migrantes-textiles-tradicionales-se-atesoran-en-el-museo-de-diseno-goldstein-de-minnesota\/\" rel=\"bookmark\" title=\"Joyas mayas migrantes: Textiles guatemaltecos en el Museo Goldstein de Dise\u00f1o, en Minnesota\">Joyas mayas migrantes: Textiles guatemaltecos en el Museo Goldstein de Dise\u00f1o, en Minnesota<\/a><\/h3><div class=\"ak-module-meta\"><div class=\"ak-module-time\"><a href=\"https:\/\/soymigrante.com\/revista\/joyas-mayas-migrantes-textiles-tradicionales-se-atesoran-en-el-museo-de-diseno-goldstein-de-minnesota\/\" class=\"ak-module-meta-published\"><i class=\"ak-icon akfi-schedule\"><\/i>16\/04\/2025<\/a><\/div><\/div>\t\t\t\t\t<\/div>\n\t\t\t\t<\/div>\n\t\t\t<\/div>\n\t\t<\/article>\n\t\t\t\t<article class=\"ak-module ak-module-2-tall ak-column-module clearfix post-29338 post type-post status-publish format-standard has-post-thumbnail  category-guate-nuestra tag-joyas-mayas-migrantes\">\n\t\t\t<div class=\"ak-module-inner clearfix\">\n\t\t\t\t<div class=\"ak-module-featured\">\n\t\t\t\t\t<div class=\"ak-module-badges\"><\/div><div class=\"ak-featured-cover\"><a href=\"https:\/\/soymigrante.com\/revista\/joyas-mayas-migrantes-procesion-prehispanica-en-el-vaso-de-ratinlixul-conservado-en-pensilvania\/\" class=\"ak-featured-link\" rel=\"bookmark\" title=\"Joyas mayas migrantes: procesi\u00f3n prehisp\u00e1nica en el vaso de Ratinlixul, conservado en Pensilvania\"><div class=\"ak-featured-thumb lazy-thumb size-1400\" ><img decoding=\"async\" width=\"360\" height=\"504\" src=\"data:image\/gif;base64,R0lGODlhAQABAAAAACH5BAEKAAEALAAAAAABAAEAAAICTAEAOw==\" class=\"attachment-newsy_360x504 size-newsy_360x504 lazyload wp-post-image\" alt=\"Mural prehisp\u00e1nico de Zapoteco en Oaxaca, arte ind\u00edgena, cultura ancestral, antigua civilizaci\u00f3n mexicana, pintura mural, historia de M\u00e9xico, arte ind\u00edgena, civilizaci\u00f3n zapoteca.\" data-src=\"https:\/\/soymigrante.com\/revista\/wp-content\/uploads\/2025\/03\/procesion-en-vaso-maya-ratinlixul-360x504.webp\" data-sizes=\"auto\" data-srcset=\"\" data-expand=\"700\" \/><\/div><\/a><\/div><div class=\"ak-module-terms badge\"><a class=\"term-58\" href=\"https:\/\/soymigrante.com\/revista\/category\/guate-nuestra\/\">Guate Nuestra<\/a><\/div><div class=\"ak-module-featured-meta\"><\/div>\t\t\t\t<\/div>\n\t\t\t\t<div class=\"ak-module-details\">\n\t\t\t\t\t<h3 class=\"ak-module-title\"><a href=\"https:\/\/soymigrante.com\/revista\/joyas-mayas-migrantes-procesion-prehispanica-en-el-vaso-de-ratinlixul-conservado-en-pensilvania\/\" rel=\"bookmark\" title=\"Joyas mayas migrantes: procesi\u00f3n prehisp\u00e1nica en el vaso de Ratinlixul, conservado en Pensilvania\">Joyas mayas migrantes: procesi\u00f3n prehisp\u00e1nica en el vaso de Ratinlixul, conservado en Pensilvania<\/a><\/h3><div class=\"ak-module-meta\"><div class=\"ak-module-time\"><a href=\"https:\/\/soymigrante.com\/revista\/joyas-mayas-migrantes-procesion-prehispanica-en-el-vaso-de-ratinlixul-conservado-en-pensilvania\/\" class=\"ak-module-meta-published\"><i class=\"ak-icon akfi-schedule\"><\/i>26\/03\/2025<\/a><\/div><\/div><div class=\"ak-module-summary\"><p>Con solo 12 cent\u00edmetros de altura es una maravillosa joya cer\u00e1mica maya&hellip;<\/p><\/div>\t\t\t\t<\/div>\n\t\t\t<\/div>\n\t\t<\/article>\n\t\t\t\t<article class=\"ak-module ak-module-3 ak-column-module clearfix post-28202 post type-post status-publish format-standard has-post-thumbnail  category-guate-nuestra tag-joyas-mayas-migrantes\">\n\t\t\t<div class=\"ak-module-inner clearfix\">\n\t\t\t\t<div class=\"ak-module-grid-wrap\">\n\t\t\t\t\t<div class=\"ak-module-featured\">\n\t\t\t\t\t\t<div class=\"ak-module-badges\"><\/div><div class=\"ak-featured-cover\"><a href=\"https:\/\/soymigrante.com\/revista\/joyas-mayas-migrantes-gobernante-de-piedras-negras-toma-el-poder\/\" class=\"ak-featured-link\" rel=\"bookmark\" title=\"Joyas mayas migrantes: Gobernante de Piedras Negras toma el poder\"><div class=\"ak-featured-thumb lazy-thumb size-715\" ><img loading=\"lazy\" decoding=\"async\" width=\"350\" height=\"250\" src=\"data:image\/gif;base64,R0lGODlhAQABAAAAACH5BAEKAAEALAAAAAABAAEAAAICTAEAOw==\" class=\"attachment-newsy_350x250 size-newsy_350x250 lazyload wp-post-image\" alt=\"Antiguo relieve de piedra con figura prehisp\u00e1nica, s\u00edmbolo de la cultura mexicana y su historia ancestral.\" data-src=\"https:\/\/soymigrante.com\/revista\/wp-content\/uploads\/2025\/03\/ESTELA-14-PIEDRAS-NEGRAS-8-350x250.webp\" data-sizes=\"auto\" data-srcset=\"https:\/\/soymigrante.com\/revista\/wp-content\/uploads\/2025\/03\/ESTELA-14-PIEDRAS-NEGRAS-8-350x250.webp 350w, https:\/\/soymigrante.com\/revista\/wp-content\/uploads\/2025\/03\/ESTELA-14-PIEDRAS-NEGRAS-8-120x86.webp 120w\" data-expand=\"700\" \/><\/div><\/a><\/div><div class=\"ak-module-terms badge\"><a class=\"term-58\" href=\"https:\/\/soymigrante.com\/revista\/category\/guate-nuestra\/\">Guate Nuestra<\/a><\/div>\t\t\t\t\t<\/div>\n\t\t\t\t\t<div class=\"ak-module-details\">\n\t\t\t\t\t\t<h3 class=\"ak-module-title\"><a href=\"https:\/\/soymigrante.com\/revista\/joyas-mayas-migrantes-gobernante-de-piedras-negras-toma-el-poder\/\" rel=\"bookmark\" title=\"Joyas mayas migrantes: Gobernante de Piedras Negras toma el poder\">Joyas mayas migrantes: Gobernante de Piedras Negras toma el poder<\/a><\/h3><div class=\"ak-module-meta\"><div class=\"ak-module-time\"><a href=\"https:\/\/soymigrante.com\/revista\/joyas-mayas-migrantes-gobernante-de-piedras-negras-toma-el-poder\/\" class=\"ak-module-meta-published\"><i class=\"ak-icon akfi-schedule\"><\/i>14\/03\/2025<\/a><\/div><\/div>\t\t\t\t\t<\/div>\n\t\t\t\t<\/div>\n\t\t\t<\/div>\n\t\t<\/article>\n\t\t\t\t<article class=\"ak-module ak-module-2-tall ak-column-module clearfix post-27143 post type-post status-publish format-standard has-post-thumbnail  category-guate-nuestra tag-joyas-mayas-migrantes\">\n\t\t\t<div class=\"ak-module-inner clearfix\">\n\t\t\t\t<div class=\"ak-module-featured\">\n\t\t\t\t\t<div class=\"ak-module-badges\"><\/div><div class=\"ak-featured-cover\"><a href=\"https:\/\/soymigrante.com\/revista\/joyas-mayas-migrantes-venado-itzamnaj-y-un-juego-de-pelota-en-san-luis-missouri\/\" class=\"ak-featured-link\" rel=\"bookmark\" title=\"Joyas mayas migrantes: Venado, Itzamnaj y un juego de pelota en San Luis Missouri\"><div class=\"ak-featured-thumb lazy-thumb size-1400\" ><img loading=\"lazy\" decoding=\"async\" width=\"360\" height=\"504\" src=\"data:image\/gif;base64,R0lGODlhAQABAAAAACH5BAEKAAEALAAAAAABAAEAAAICTAEAOw==\" class=\"attachment-newsy_360x504 size-newsy_360x504 lazyload wp-post-image\" alt=\"F\u00f3sil de mamut en hueso, pieza arqueol\u00f3gica de historia prehist\u00f3rica, exhibida en SoyMigrante.com REVISTA que explora temas de migraci\u00f3n, historia y patrimonio cultural.\" data-src=\"https:\/\/soymigrante.com\/revista\/wp-content\/uploads\/2025\/03\/joyas-mayas-migrantes-venado-en-concha-en-missouri-360x504.webp\" data-sizes=\"auto\" data-srcset=\"\" data-expand=\"700\" \/><\/div><\/a><\/div><div class=\"ak-module-terms badge\"><a class=\"term-58\" href=\"https:\/\/soymigrante.com\/revista\/category\/guate-nuestra\/\">Guate Nuestra<\/a><\/div><div class=\"ak-module-featured-meta\"><\/div>\t\t\t\t<\/div>\n\t\t\t\t<div class=\"ak-module-details\">\n\t\t\t\t\t<h3 class=\"ak-module-title\"><a href=\"https:\/\/soymigrante.com\/revista\/joyas-mayas-migrantes-venado-itzamnaj-y-un-juego-de-pelota-en-san-luis-missouri\/\" rel=\"bookmark\" title=\"Joyas mayas migrantes: Venado, Itzamnaj y un juego de pelota en San Luis Missouri\">Joyas mayas migrantes: Venado, Itzamnaj y un juego de pelota en San Luis Missouri<\/a><\/h3><div class=\"ak-module-meta\"><div class=\"ak-module-time\"><a href=\"https:\/\/soymigrante.com\/revista\/joyas-mayas-migrantes-venado-itzamnaj-y-un-juego-de-pelota-en-san-luis-missouri\/\" class=\"ak-module-meta-published\"><i class=\"ak-icon akfi-schedule\"><\/i>05\/03\/2025<\/a><\/div><\/div><div class=\"ak-module-summary\"><p>En el \u00e1rea 114 del St. Louis Art Museum, en Missouri, se conservan y exhiben&hellip;<\/p><\/div>\t\t\t\t<\/div>\n\t\t\t<\/div>\n\t\t<\/article>\n\t\t\t\t<article class=\"ak-module ak-module-3 ak-column-module clearfix post-25755 post type-post status-publish format-standard has-post-thumbnail  category-guate-nuestra tag-joyas-mayas-migrantes\">\n\t\t\t<div class=\"ak-module-inner clearfix\">\n\t\t\t\t<div class=\"ak-module-grid-wrap\">\n\t\t\t\t\t<div class=\"ak-module-featured\">\n\t\t\t\t\t\t<div class=\"ak-module-badges\"><\/div><div class=\"ak-featured-cover\"><a href=\"https:\/\/soymigrante.com\/revista\/joyas-mayas-migrantes-senora-luna-envuelta-por-una-serpiente-vaso-conservado-en-los-angeles\/\" class=\"ak-featured-link\" rel=\"bookmark\" title=\"Joyas mayas migrantes: Se\u00f1ora Luna envuelta por una serpiente, vaso conservado en Los Angeles\"><div class=\"ak-featured-thumb lazy-thumb size-715\" ><img loading=\"lazy\" decoding=\"async\" width=\"350\" height=\"250\" src=\"data:image\/gif;base64,R0lGODlhAQABAAAAACH5BAEKAAEALAAAAAABAAEAAAICTAEAOw==\" class=\"attachment-newsy_350x250 size-newsy_350x250 lazyload wp-post-image\" alt=\"Taz\u00f3n prehisp\u00e1nico con arte y s\u00edmbolos mayas, representando la cultura antigua y tradici\u00f3n art\u00edstica.\" data-src=\"https:\/\/soymigrante.com\/revista\/wp-content\/uploads\/2025\/02\/joyas-mayas-migrantes-Fotografia-LACMA-350x250.webp\" data-sizes=\"auto\" data-srcset=\"https:\/\/soymigrante.com\/revista\/wp-content\/uploads\/2025\/02\/joyas-mayas-migrantes-Fotografia-LACMA-350x250.webp 350w, https:\/\/soymigrante.com\/revista\/wp-content\/uploads\/2025\/02\/joyas-mayas-migrantes-Fotografia-LACMA-120x86.webp 120w, https:\/\/soymigrante.com\/revista\/wp-content\/uploads\/2025\/02\/joyas-mayas-migrantes-Fotografia-LACMA-750x536.webp 750w\" data-expand=\"700\" \/><\/div><\/a><\/div><div class=\"ak-module-terms badge\"><a class=\"term-58\" href=\"https:\/\/soymigrante.com\/revista\/category\/guate-nuestra\/\">Guate Nuestra<\/a><\/div>\t\t\t\t\t<\/div>\n\t\t\t\t\t<div class=\"ak-module-details\">\n\t\t\t\t\t\t<h3 class=\"ak-module-title\"><a href=\"https:\/\/soymigrante.com\/revista\/joyas-mayas-migrantes-senora-luna-envuelta-por-una-serpiente-vaso-conservado-en-los-angeles\/\" rel=\"bookmark\" title=\"Joyas mayas migrantes: Se\u00f1ora Luna envuelta por una serpiente, vaso conservado en Los Angeles\">Joyas mayas migrantes: Se\u00f1ora Luna envuelta por una serpiente, vaso conservado en Los Angeles<\/a><\/h3><div class=\"ak-module-meta\"><div class=\"ak-module-time\"><a href=\"https:\/\/soymigrante.com\/revista\/joyas-mayas-migrantes-senora-luna-envuelta-por-una-serpiente-vaso-conservado-en-los-angeles\/\" class=\"ak-module-meta-published\"><i class=\"ak-icon akfi-schedule\"><\/i>17\/02\/2025<\/a><\/div><\/div>\t\t\t\t\t<\/div>\n\t\t\t\t<\/div>\n\t\t\t<\/div>\n\t\t<\/article>\n\t\t\t\t<article class=\"ak-module ak-module-2-tall ak-column-module clearfix post-24205 post type-post status-publish format-standard has-post-thumbnail  category-guate-nuestra tag-joyas-mayas-migrantes\">\n\t\t\t<div class=\"ak-module-inner clearfix\">\n\t\t\t\t<div class=\"ak-module-featured\">\n\t\t\t\t\t<div class=\"ak-module-badges\"><\/div><div class=\"ak-featured-cover\"><a href=\"https:\/\/soymigrante.com\/revista\/joyas-mayas-migrantes-jugador-de-pelota-en-accion-tallado-en-piedra-conservado-en-manhattan\/\" class=\"ak-featured-link\" rel=\"bookmark\" title=\"Joyas mayas migrantes: Jugador de pelota en acci\u00f3n tallado en piedra conservado en Manhattan\"><div class=\"ak-featured-thumb lazy-thumb size-1400\" ><img loading=\"lazy\" decoding=\"async\" width=\"360\" height=\"504\" src=\"data:image\/gif;base64,R0lGODlhAQABAAAAACH5BAEKAAEALAAAAAABAAEAAAICTAEAOw==\" class=\"attachment-newsy_360x504 size-newsy_360x504 lazyload wp-post-image\" alt=\"Ladrillo grabado con figura de gobernante maya en relieve, muestra detalles de la cultura prehisp\u00e1nica, ideal para art\u00edculos sobre historia y arqueolog\u00eda mexicana, destacado en la revista SoyMigrante.com REVISTA.\" data-src=\"https:\/\/soymigrante.com\/revista\/wp-content\/uploads\/2025\/02\/juego-de-pelota-maya-manhattan-panel-7-360x504.webp\" data-sizes=\"auto\" data-srcset=\"\" data-expand=\"700\" \/><\/div><\/a><\/div><div class=\"ak-module-terms badge\"><a class=\"term-58\" href=\"https:\/\/soymigrante.com\/revista\/category\/guate-nuestra\/\">Guate Nuestra<\/a><\/div><div class=\"ak-module-featured-meta\"><\/div>\t\t\t\t<\/div>\n\t\t\t\t<div class=\"ak-module-details\">\n\t\t\t\t\t<h3 class=\"ak-module-title\"><a href=\"https:\/\/soymigrante.com\/revista\/joyas-mayas-migrantes-jugador-de-pelota-en-accion-tallado-en-piedra-conservado-en-manhattan\/\" rel=\"bookmark\" title=\"Joyas mayas migrantes: Jugador de pelota en acci\u00f3n tallado en piedra conservado en Manhattan\">Joyas mayas migrantes: Jugador de pelota en acci\u00f3n tallado en piedra conservado en Manhattan<\/a><\/h3><div class=\"ak-module-meta\"><div class=\"ak-module-time\"><a href=\"https:\/\/soymigrante.com\/revista\/joyas-mayas-migrantes-jugador-de-pelota-en-accion-tallado-en-piedra-conservado-en-manhattan\/\" class=\"ak-module-meta-published\"><i class=\"ak-icon akfi-schedule\"><\/i>06\/02\/2025<\/a><\/div><\/div><div class=\"ak-module-summary\"><p>Un jugador con protectores parece estar a punto de golpear la pelota. Pero m\u00e1s&hellip;<\/p><\/div>\t\t\t\t<\/div>\n\t\t\t<\/div>\n\t\t<\/article>\n\t\t\t\t<article class=\"ak-module ak-module-3 ak-column-module clearfix post-15789 post type-post status-publish format-standard has-post-thumbnail  category-guate-nuestra tag-joyas-mayas-migrantes\">\n\t\t\t<div class=\"ak-module-inner clearfix\">\n\t\t\t\t<div class=\"ak-module-grid-wrap\">\n\t\t\t\t\t<div class=\"ak-module-featured\">\n\t\t\t\t\t\t<div class=\"ak-module-badges\"><\/div><div class=\"ak-featured-cover\"><a href=\"https:\/\/soymigrante.com\/revista\/joyas-mayas-migrantes-guatemaltecos-pueden-admirar-vaso-de-los-11-dioses-en-los-angeles\/\" class=\"ak-featured-link\" rel=\"bookmark\" title=\"Joyas mayas migrantes: Guatemaltecos en Los Angeles pueden admirar el Vaso de los 11 Dioses\"><div class=\"ak-featured-thumb lazy-thumb size-715\" ><img loading=\"lazy\" decoding=\"async\" width=\"350\" height=\"250\" src=\"data:image\/gif;base64,R0lGODlhAQABAAAAACH5BAEKAAEALAAAAAABAAEAAAICTAEAOw==\" class=\"attachment-newsy_350x250 size-newsy_350x250 lazyload wp-post-image\" alt=\"Antiguo tambor ritual mayas con detalles en color rojo y negro, arte ancestral, historia ind\u00edgena y cultura mexicana.\" data-src=\"https:\/\/soymigrante.com\/revista\/wp-content\/uploads\/2024\/12\/vaso-maya-imagen-del-museo-Lacma-de-Los-Angeles-350x250.webp\" data-sizes=\"auto\" data-srcset=\"https:\/\/soymigrante.com\/revista\/wp-content\/uploads\/2024\/12\/vaso-maya-imagen-del-museo-Lacma-de-Los-Angeles-350x250.webp 350w, https:\/\/soymigrante.com\/revista\/wp-content\/uploads\/2024\/12\/vaso-maya-imagen-del-museo-Lacma-de-Los-Angeles-120x86.webp 120w\" data-expand=\"700\" \/><\/div><\/a><\/div><div class=\"ak-module-terms badge\"><a class=\"term-58\" href=\"https:\/\/soymigrante.com\/revista\/category\/guate-nuestra\/\">Guate Nuestra<\/a><\/div>\t\t\t\t\t<\/div>\n\t\t\t\t\t<div class=\"ak-module-details\">\n\t\t\t\t\t\t<h3 class=\"ak-module-title\"><a href=\"https:\/\/soymigrante.com\/revista\/joyas-mayas-migrantes-guatemaltecos-pueden-admirar-vaso-de-los-11-dioses-en-los-angeles\/\" rel=\"bookmark\" title=\"Joyas mayas migrantes: Guatemaltecos en Los Angeles pueden admirar el Vaso de los 11 Dioses\">Joyas mayas migrantes: Guatemaltecos en Los Angeles pueden admirar el Vaso de los 11 Dioses<\/a><\/h3><div class=\"ak-module-meta\"><div class=\"ak-module-time\"><a href=\"https:\/\/soymigrante.com\/revista\/joyas-mayas-migrantes-guatemaltecos-pueden-admirar-vaso-de-los-11-dioses-en-los-angeles\/\" class=\"ak-module-meta-published\"><i class=\"ak-icon akfi-schedule\"><\/i>09\/12\/2024<\/a><\/div><\/div>\t\t\t\t\t<\/div>\n\t\t\t\t<\/div>\n\t\t\t<\/div>\n\t\t<\/article>\n\t\t\t\t<article class=\"ak-module ak-module-2-tall ak-column-module clearfix post-14213 post type-post status-publish format-standard has-post-thumbnail  category-guate-nuestra tag-joyas-mayas-migrantes\">\n\t\t\t<div class=\"ak-module-inner clearfix\">\n\t\t\t\t<div class=\"ak-module-featured\">\n\t\t\t\t\t<div class=\"ak-module-badges\"><\/div><div class=\"ak-featured-cover\"><a href=\"https:\/\/soymigrante.com\/revista\/joyas-mayas-migrantes-hombre-de-piedra-de-mas-de-2-mil-anos-se-conserva-en-new-jersey\/\" class=\"ak-featured-link\" rel=\"bookmark\" title=\"Joyas mayas migrantes: hombre de piedra volc\u00e1nica de 2 mil a\u00f1os se conserva en New Jersey\"><div class=\"ak-featured-thumb lazy-thumb size-1400\" ><img loading=\"lazy\" decoding=\"async\" width=\"360\" height=\"504\" src=\"data:image\/gif;base64,R0lGODlhAQABAAAAACH5BAEKAAEALAAAAAABAAEAAAICTAEAOw==\" class=\"attachment-newsy_360x504 size-newsy_360x504 lazyload wp-post-image\" alt=\"Arte prehisp\u00e1nico de Mesoam\u00e9rica, escultura en piedra con figura humana y accesorios tradicionales, representando cultura ind\u00edgena y tradiciones ancestrales en M\u00e9xico.\" data-src=\"https:\/\/soymigrante.com\/revista\/wp-content\/uploads\/2024\/11\/hombre-joyas-mayas-migrantes-360x504.webp\" data-sizes=\"auto\" data-srcset=\"\" data-expand=\"700\" \/><\/div><\/a><\/div><div class=\"ak-module-terms badge\"><a class=\"term-58\" href=\"https:\/\/soymigrante.com\/revista\/category\/guate-nuestra\/\">Guate Nuestra<\/a><\/div><div class=\"ak-module-featured-meta\"><\/div>\t\t\t\t<\/div>\n\t\t\t\t<div class=\"ak-module-details\">\n\t\t\t\t\t<h3 class=\"ak-module-title\"><a href=\"https:\/\/soymigrante.com\/revista\/joyas-mayas-migrantes-hombre-de-piedra-de-mas-de-2-mil-anos-se-conserva-en-new-jersey\/\" rel=\"bookmark\" title=\"Joyas mayas migrantes: hombre de piedra volc\u00e1nica de 2 mil a\u00f1os se conserva en New Jersey\">Joyas mayas migrantes: hombre de piedra volc\u00e1nica de 2 mil a\u00f1os se conserva en New Jersey<\/a><\/h3><div class=\"ak-module-meta\"><div class=\"ak-module-time\"><a href=\"https:\/\/soymigrante.com\/revista\/joyas-mayas-migrantes-hombre-de-piedra-de-mas-de-2-mil-anos-se-conserva-en-new-jersey\/\" class=\"ak-module-meta-published\"><i class=\"ak-icon akfi-schedule\"><\/i>25\/11\/2024<\/a><\/div><\/div><div class=\"ak-module-summary\"><p>En el Museo de Arte de la Universidad de Princeton, New Jersey, se conserva una&hellip;<\/p><\/div>\t\t\t\t<\/div>\n\t\t\t<\/div>\n\t\t<\/article>\n\t\t\t\t<article class=\"ak-module ak-module-3 ak-column-module clearfix post-13480 post type-post status-publish format-standard has-post-thumbnail  category-guate-nuestra tag-joyas-mayas-migrantes\">\n\t\t\t<div class=\"ak-module-inner clearfix\">\n\t\t\t\t<div class=\"ak-module-grid-wrap\">\n\t\t\t\t\t<div class=\"ak-module-featured\">\n\t\t\t\t\t\t<div class=\"ak-module-badges\"><\/div><div class=\"ak-featured-cover\"><a href=\"https:\/\/soymigrante.com\/revista\/joyas-mayas-migrantes-el-vaso-de-los-senores-danzantes-esta-en-chicago\/\" class=\"ak-featured-link\" rel=\"bookmark\" title=\"Joyas mayas migrantes: El vaso de los Se\u00f1ores Danzantes est\u00e1 en Chicago\"><div class=\"ak-featured-thumb lazy-thumb size-715\" ><img loading=\"lazy\" decoding=\"async\" width=\"350\" height=\"250\" src=\"data:image\/gif;base64,R0lGODlhAQABAAAAACH5BAEKAAEALAAAAAABAAEAAAICTAEAOw==\" class=\"attachment-newsy_350x250 size-newsy_350x250 lazyload wp-post-image\" alt=\"Imagen de mural prehisp\u00e1nico de raza mexicana con estilo ancestral y cultura ind\u00edgena, resaltando la historia y tradiciones en M\u00e9xico.\" data-src=\"https:\/\/soymigrante.com\/revista\/wp-content\/uploads\/2024\/11\/joyas-mayas-vaso-9-e1731906211690-350x250.webp\" data-sizes=\"auto\" data-srcset=\"https:\/\/soymigrante.com\/revista\/wp-content\/uploads\/2024\/11\/joyas-mayas-vaso-9-e1731906211690-350x250.webp 350w, https:\/\/soymigrante.com\/revista\/wp-content\/uploads\/2024\/11\/joyas-mayas-vaso-9-e1731906211690-120x86.webp 120w, https:\/\/soymigrante.com\/revista\/wp-content\/uploads\/2024\/11\/joyas-mayas-vaso-9-e1731906211690-750x536.webp 750w\" data-expand=\"700\" \/><\/div><\/a><\/div><div class=\"ak-module-terms badge\"><a class=\"term-58\" href=\"https:\/\/soymigrante.com\/revista\/category\/guate-nuestra\/\">Guate Nuestra<\/a><\/div>\t\t\t\t\t<\/div>\n\t\t\t\t\t<div class=\"ak-module-details\">\n\t\t\t\t\t\t<h3 class=\"ak-module-title\"><a href=\"https:\/\/soymigrante.com\/revista\/joyas-mayas-migrantes-el-vaso-de-los-senores-danzantes-esta-en-chicago\/\" rel=\"bookmark\" title=\"Joyas mayas migrantes: El vaso de los Se\u00f1ores Danzantes est\u00e1 en Chicago\">Joyas mayas migrantes: El vaso de los Se\u00f1ores Danzantes est\u00e1 en Chicago<\/a><\/h3><div class=\"ak-module-meta\"><div class=\"ak-module-time\"><a href=\"https:\/\/soymigrante.com\/revista\/joyas-mayas-migrantes-el-vaso-de-los-senores-danzantes-esta-en-chicago\/\" class=\"ak-module-meta-published\"><i class=\"ak-icon akfi-schedule\"><\/i>18\/11\/2024<\/a><\/div><\/div>\t\t\t\t\t<\/div>\n\t\t\t\t<\/div>\n\t\t\t<\/div>\n\t\t<\/article>\n\t\t\t\t<article class=\"ak-module ak-module-2-tall ak-column-module clearfix post-11947 post type-post status-publish format-standard has-post-thumbnail  category-guate-nuestra tag-joyas-mayas-migrantes\">\n\t\t\t<div class=\"ak-module-inner clearfix\">\n\t\t\t\t<div class=\"ak-module-featured\">\n\t\t\t\t\t<div class=\"ak-module-badges\"><\/div><div class=\"ak-featured-cover\"><a href=\"https:\/\/soymigrante.com\/revista\/codice-joyas-mayas-migrantes-textiles-washington\/\" class=\"ak-featured-link\" rel=\"bookmark\" title=\"Joyas mayas migrantes: textiles guatemaltecos en la Universidad George Washington\"><div class=\"ak-featured-thumb lazy-thumb size-1400\" ><img loading=\"lazy\" decoding=\"async\" width=\"360\" height=\"504\" src=\"data:image\/gif;base64,R0lGODlhAQABAAAAACH5BAEKAAEALAAAAAABAAEAAAICTAEAOw==\" class=\"attachment-newsy_360x504 size-newsy_360x504 lazyload wp-post-image\" alt=\"Colores vibrantes de artesan\u00eda ind\u00edgena con telar tradicional y adornos de pompones para celebrar la cultura migrante en Revista SoyMigrante.com.\" data-src=\"https:\/\/soymigrante.com\/revista\/wp-content\/uploads\/2024\/11\/textiles-mayas-Universidad-Washington-7-1-360x504.webp\" data-sizes=\"auto\" data-srcset=\"\" data-expand=\"700\" \/><\/div><\/a><\/div><div class=\"ak-module-terms badge\"><a class=\"term-58\" href=\"https:\/\/soymigrante.com\/revista\/category\/guate-nuestra\/\">Guate Nuestra<\/a><\/div><div class=\"ak-module-featured-meta\"><\/div>\t\t\t\t<\/div>\n\t\t\t\t<div class=\"ak-module-details\">\n\t\t\t\t\t<h3 class=\"ak-module-title\"><a href=\"https:\/\/soymigrante.com\/revista\/codice-joyas-mayas-migrantes-textiles-washington\/\" rel=\"bookmark\" title=\"Joyas mayas migrantes: textiles guatemaltecos en la Universidad George Washington\">Joyas mayas migrantes: textiles guatemaltecos en la Universidad George Washington<\/a><\/h3><div class=\"ak-module-meta\"><div class=\"ak-module-time\"><a href=\"https:\/\/soymigrante.com\/revista\/codice-joyas-mayas-migrantes-textiles-washington\/\" class=\"ak-module-meta-published\"><i class=\"ak-icon akfi-schedule\"><\/i>05\/11\/2024<\/a><\/div><\/div><div class=\"ak-module-summary\"><p>En el Museo Textil de la Universidad George Washington, en la capital&hellip;<\/p><\/div>\t\t\t\t<\/div>\n\t\t\t<\/div>\n\t\t<\/article>\n\t\t\t\t<article class=\"ak-module ak-module-3 ak-column-module clearfix post-10561 post type-post status-publish format-standard has-post-thumbnail  category-guate-nuestra tag-joyas-mayas-migrantes\">\n\t\t\t<div class=\"ak-module-inner clearfix\">\n\t\t\t\t<div class=\"ak-module-grid-wrap\">\n\t\t\t\t\t<div class=\"ak-module-featured\">\n\t\t\t\t\t\t<div class=\"ak-module-badges\"><\/div><div class=\"ak-featured-cover\"><a href=\"https:\/\/soymigrante.com\/revista\/joyas-mayas-migrantes-estela-de-senora-ix-mutal-con-serpiente-se-conserva-en-museo-de-san-francisco\/\" class=\"ak-featured-link\" rel=\"bookmark\" title=\"Joyas mayas migrantes: Estela de se\u00f1ora Ix Mutal con serpiente se conserva en museo de San Francisco\"><div class=\"ak-featured-thumb lazy-thumb size-715\" ><img loading=\"lazy\" decoding=\"async\" width=\"350\" height=\"250\" src=\"data:image\/gif;base64,R0lGODlhAQABAAAAACH5BAEKAAEALAAAAAABAAEAAAICTAEAOw==\" class=\"attachment-newsy_350x250 size-newsy_350x250 lazyload wp-post-image\" alt=\"T\u00e9cnica y arte maya en relieve en piedra, posiblemente una escultura antigua que refleja cultura y tradici\u00f3n ancestral en M\u00e9xico.\" data-src=\"https:\/\/soymigrante.com\/revista\/wp-content\/uploads\/2024\/10\/estela-de-reina-Ix-Mutal-Ahau-Museo-De-Young-5-350x250.webp\" data-sizes=\"auto\" data-srcset=\"https:\/\/soymigrante.com\/revista\/wp-content\/uploads\/2024\/10\/estela-de-reina-Ix-Mutal-Ahau-Museo-De-Young-5-350x250.webp 350w, https:\/\/soymigrante.com\/revista\/wp-content\/uploads\/2024\/10\/estela-de-reina-Ix-Mutal-Ahau-Museo-De-Young-5-120x86.webp 120w\" data-expand=\"700\" \/><\/div><\/a><\/div><div class=\"ak-module-terms badge\"><a class=\"term-58\" href=\"https:\/\/soymigrante.com\/revista\/category\/guate-nuestra\/\">Guate Nuestra<\/a><\/div>\t\t\t\t\t<\/div>\n\t\t\t\t\t<div class=\"ak-module-details\">\n\t\t\t\t\t\t<h3 class=\"ak-module-title\"><a href=\"https:\/\/soymigrante.com\/revista\/joyas-mayas-migrantes-estela-de-senora-ix-mutal-con-serpiente-se-conserva-en-museo-de-san-francisco\/\" rel=\"bookmark\" title=\"Joyas mayas migrantes: Estela de se\u00f1ora Ix Mutal con serpiente se conserva en museo de San Francisco\">Joyas mayas migrantes: Estela de se\u00f1ora Ix Mutal con serpiente se conserva en museo de San Francisco<\/a><\/h3><div class=\"ak-module-meta\"><div class=\"ak-module-time\"><a href=\"https:\/\/soymigrante.com\/revista\/joyas-mayas-migrantes-estela-de-senora-ix-mutal-con-serpiente-se-conserva-en-museo-de-san-francisco\/\" class=\"ak-module-meta-published\"><i class=\"ak-icon akfi-schedule\"><\/i>21\/10\/2024<\/a><\/div><\/div>\t\t\t\t\t<\/div>\n\t\t\t\t<\/div>\n\t\t\t<\/div>\n\t\t<\/article>\n\t\t\t\t<article class=\"ak-module ak-module-2-tall ak-column-module clearfix post-10078 post type-post status-publish format-standard has-post-thumbnail  category-guate-nuestra tag-joyas-mayas-migrantes\">\n\t\t\t<div class=\"ak-module-inner clearfix\">\n\t\t\t\t<div class=\"ak-module-featured\">\n\t\t\t\t\t<div class=\"ak-module-badges\"><\/div><div class=\"ak-featured-cover\"><a href=\"https:\/\/soymigrante.com\/revista\/joyas-mayas-migrantes-la-ofrenda-de-un-gobernante-dintel-en-el-museo-met-de-nueva-york\/\" class=\"ak-featured-link\" rel=\"bookmark\" title=\"Joyas mayas migrantes: La ofrenda del se\u00f1or Tiloom, dintel de madera en el Museo Met NY\"><div class=\"ak-featured-thumb lazy-thumb size-1400\" ><img loading=\"lazy\" decoding=\"async\" width=\"360\" height=\"504\" src=\"data:image\/gif;base64,R0lGODlhAQABAAAAACH5BAEKAAEALAAAAAABAAEAAAICTAEAOw==\" class=\"attachment-newsy_360x504 size-newsy_360x504 lazyload wp-post-image\" alt=\"Huellas de antiguas civilizaciones en piedra, representaci\u00f3n de arte precolombino en M\u00e9xico, iconograf\u00eda cultural, historia ancestral y patrimonio arqueol\u00f3gico mexicano.\" data-src=\"https:\/\/soymigrante.com\/revista\/wp-content\/uploads\/2024\/10\/dintel-maya-joyas-migrantes-360x504.webp\" data-sizes=\"auto\" data-srcset=\"\" data-expand=\"700\" \/><\/div><\/a><\/div><div class=\"ak-module-terms badge\"><a class=\"term-58\" href=\"https:\/\/soymigrante.com\/revista\/category\/guate-nuestra\/\">Guate Nuestra<\/a><\/div><div class=\"ak-module-featured-meta\"><\/div>\t\t\t\t<\/div>\n\t\t\t\t<div class=\"ak-module-details\">\n\t\t\t\t\t<h3 class=\"ak-module-title\"><a href=\"https:\/\/soymigrante.com\/revista\/joyas-mayas-migrantes-la-ofrenda-de-un-gobernante-dintel-en-el-museo-met-de-nueva-york\/\" rel=\"bookmark\" title=\"Joyas mayas migrantes: La ofrenda del se\u00f1or Tiloom, dintel de madera en el Museo Met NY\">Joyas mayas migrantes: La ofrenda del se\u00f1or Tiloom, dintel de madera en el Museo Met NY<\/a><\/h3><div class=\"ak-module-meta\"><div class=\"ak-module-time\"><a href=\"https:\/\/soymigrante.com\/revista\/joyas-mayas-migrantes-la-ofrenda-de-un-gobernante-dintel-en-el-museo-met-de-nueva-york\/\" class=\"ak-module-meta-published\"><i class=\"ak-icon akfi-schedule\"><\/i>07\/10\/2024<\/a><\/div><\/div><div class=\"ak-module-summary\"><p>Las ciudades de Piedras Negras y Yaxchil\u00e1n, a los lados del R\u00edo Usumacinta, eran&hellip;<\/p><\/div>\t\t\t\t<\/div>\n\t\t\t<\/div>\n\t\t<\/article>\n\t\t\t\t<article class=\"ak-module ak-module-3 ak-column-module clearfix post-9845 post type-post status-publish format-standard has-post-thumbnail  category-guate-nuestra tag-joyas-mayas-migrantes\">\n\t\t\t<div class=\"ak-module-inner clearfix\">\n\t\t\t\t<div class=\"ak-module-grid-wrap\">\n\t\t\t\t\t<div class=\"ak-module-featured\">\n\t\t\t\t\t\t<div class=\"ak-module-badges\"><\/div><div class=\"ak-featured-cover\"><a href=\"https:\/\/soymigrante.com\/revista\/joyas-mayas-migrantes-ocarina-del-siglo-8-de-alta-verapaz-en-el-museo-de-arte-de-denver\/\" class=\"ak-featured-link\" rel=\"bookmark\" title=\"Joyas mayas migrantes: Ocarina del siglo 8, de Alta Verapaz, en el Museo de Arte de Denver\"><div class=\"ak-featured-thumb lazy-thumb size-715\" ><img loading=\"lazy\" decoding=\"async\" width=\"350\" height=\"250\" src=\"data:image\/gif;base64,R0lGODlhAQABAAAAACH5BAEKAAEALAAAAAABAAEAAAICTAEAOw==\" class=\"attachment-newsy_350x250 size-newsy_350x250 lazyload wp-post-image\" alt=\"Arte prehisp\u00e1nico maya, escultura antigua de cer\u00e1mica con rostro humano expresivo para colecci\u00f3n de historia y cultura mexicana.\" data-src=\"https:\/\/soymigrante.com\/revista\/wp-content\/uploads\/2024\/09\/Ocarina-Maya-Denver-Art-Museum-No-usar-mas-de-1-vez-4-350x250.webp\" data-sizes=\"auto\" data-srcset=\"https:\/\/soymigrante.com\/revista\/wp-content\/uploads\/2024\/09\/Ocarina-Maya-Denver-Art-Museum-No-usar-mas-de-1-vez-4-350x250.webp 350w, https:\/\/soymigrante.com\/revista\/wp-content\/uploads\/2024\/09\/Ocarina-Maya-Denver-Art-Museum-No-usar-mas-de-1-vez-4-120x86.webp 120w\" data-expand=\"700\" \/><\/div><\/a><\/div><div class=\"ak-module-terms badge\"><a class=\"term-58\" href=\"https:\/\/soymigrante.com\/revista\/category\/guate-nuestra\/\">Guate Nuestra<\/a><\/div>\t\t\t\t\t<\/div>\n\t\t\t\t\t<div class=\"ak-module-details\">\n\t\t\t\t\t\t<h3 class=\"ak-module-title\"><a href=\"https:\/\/soymigrante.com\/revista\/joyas-mayas-migrantes-ocarina-del-siglo-8-de-alta-verapaz-en-el-museo-de-arte-de-denver\/\" rel=\"bookmark\" title=\"Joyas mayas migrantes: Ocarina del siglo 8, de Alta Verapaz, en el Museo de Arte de Denver\">Joyas mayas migrantes: Ocarina del siglo 8, de Alta Verapaz, en el Museo de Arte de Denver<\/a><\/h3><div class=\"ak-module-meta\"><div class=\"ak-module-time\"><a href=\"https:\/\/soymigrante.com\/revista\/joyas-mayas-migrantes-ocarina-del-siglo-8-de-alta-verapaz-en-el-museo-de-arte-de-denver\/\" class=\"ak-module-meta-published\"><i class=\"ak-icon akfi-schedule\"><\/i>30\/09\/2024<\/a><\/div><\/div>\t\t\t\t\t<\/div>\n\t\t\t\t<\/div>\n\t\t\t<\/div>\n\t\t<\/article>\n\t\t\t\t<article class=\"ak-module ak-module-2-tall ak-column-module clearfix post-8388 post type-post status-publish format-standard has-post-thumbnail  category-guate-nuestra tag-joyas-mayas-migrantes\">\n\t\t\t<div class=\"ak-module-inner clearfix\">\n\t\t\t\t<div class=\"ak-module-featured\">\n\t\t\t\t\t<div class=\"ak-module-badges\"><\/div><div class=\"ak-featured-cover\"><a href=\"https:\/\/soymigrante.com\/revista\/joyas-mayas-migrantes-la-reina-kabel-y-un-enano-estela-de-el-peru-waka-en-cleveland\/\" class=\"ak-featured-link\" rel=\"bookmark\" title=\"Joyas mayas migrantes: La reina K&#8217;abel, estela de El Per\u00fa-Wak\u00e1, en  Cleveland\"><div class=\"ak-featured-thumb lazy-thumb size-1400\" ><img loading=\"lazy\" decoding=\"async\" width=\"360\" height=\"504\" src=\"data:image\/gif;base64,R0lGODlhAQABAAAAACH5BAEKAAEALAAAAAABAAEAAAICTAEAOw==\" class=\"attachment-newsy_360x504 size-newsy_360x504 lazyload wp-post-image\" alt=\"Realizaciones arqueol\u00f3gicas de la civilizaci\u00f3n maya en piedra, destacando detalles complejos y jerogl\u00edficos antiguos que reflejan su cultura y conocimientos astron\u00f3micos.\" data-src=\"https:\/\/soymigrante.com\/revista\/wp-content\/uploads\/2024\/08\/Estela-Maya-reina-Waka-11-360x504.webp\" data-sizes=\"auto\" data-srcset=\"\" data-expand=\"700\" \/><\/div><\/a><\/div><div class=\"ak-module-terms badge\"><a class=\"term-58\" href=\"https:\/\/soymigrante.com\/revista\/category\/guate-nuestra\/\">Guate Nuestra<\/a><\/div><div class=\"ak-module-featured-meta\"><\/div>\t\t\t\t<\/div>\n\t\t\t\t<div class=\"ak-module-details\">\n\t\t\t\t\t<h3 class=\"ak-module-title\"><a href=\"https:\/\/soymigrante.com\/revista\/joyas-mayas-migrantes-la-reina-kabel-y-un-enano-estela-de-el-peru-waka-en-cleveland\/\" rel=\"bookmark\" title=\"Joyas mayas migrantes: La reina K&#8217;abel, estela de El Per\u00fa-Wak\u00e1, en  Cleveland\">Joyas mayas migrantes: La reina K&#8217;abel, estela de El Per\u00fa-Wak\u00e1, en  Cleveland<\/a><\/h3><div class=\"ak-module-meta\"><div class=\"ak-module-time\"><a href=\"https:\/\/soymigrante.com\/revista\/joyas-mayas-migrantes-la-reina-kabel-y-un-enano-estela-de-el-peru-waka-en-cleveland\/\" class=\"ak-module-meta-published\"><i class=\"ak-icon akfi-schedule\"><\/i>27\/08\/2024<\/a><\/div><\/div><div class=\"ak-module-summary\"><p>Estela de piedra caliza data del a\u00f1o 695 y representa a la soberana de la ciudad&hellip;<\/p><\/div>\t\t\t\t<\/div>\n\t\t\t<\/div>\n\t\t<\/article>\n\t\t\t\t<article class=\"ak-module ak-module-3 ak-column-module clearfix post-7989 post type-post status-publish format-standard has-post-thumbnail  category-guate-nuestra tag-joyas-mayas-migrantes\">\n\t\t\t<div class=\"ak-module-inner clearfix\">\n\t\t\t\t<div class=\"ak-module-grid-wrap\">\n\t\t\t\t\t<div class=\"ak-module-featured\">\n\t\t\t\t\t\t<div class=\"ak-module-badges\"><\/div><div class=\"ak-featured-cover\"><a href=\"https:\/\/soymigrante.com\/revista\/joyas-mayas-migrantes-incensario-con-antepasado-y-concha-marina-en-baltimore\/\" class=\"ak-featured-link\" rel=\"bookmark\" title=\"Joyas mayas migrantes: Incensario con antepasado y concha marina en Baltimore\"><div class=\"ak-featured-thumb lazy-thumb size-715\" ><img loading=\"lazy\" decoding=\"async\" width=\"350\" height=\"250\" src=\"data:image\/gif;base64,R0lGODlhAQABAAAAACH5BAEKAAEALAAAAAABAAEAAAICTAEAOw==\" class=\"attachment-newsy_350x250 size-newsy_350x250 lazyload wp-post-image\" alt=\"Ancestro prehisp\u00e1nico en cer\u00e1mica con detalles de estilo ind\u00edgena mexicana.\" data-src=\"https:\/\/soymigrante.com\/revista\/wp-content\/uploads\/2024\/08\/pieza-maya-baltimore-8-350x250.webp\" data-sizes=\"auto\" data-srcset=\"https:\/\/soymigrante.com\/revista\/wp-content\/uploads\/2024\/08\/pieza-maya-baltimore-8-350x250.webp 350w, https:\/\/soymigrante.com\/revista\/wp-content\/uploads\/2024\/08\/pieza-maya-baltimore-8-120x86.webp 120w, https:\/\/soymigrante.com\/revista\/wp-content\/uploads\/2024\/08\/pieza-maya-baltimore-8-750x536.webp 750w\" data-expand=\"700\" \/><\/div><\/a><\/div><div class=\"ak-module-terms badge\"><a class=\"term-58\" href=\"https:\/\/soymigrante.com\/revista\/category\/guate-nuestra\/\">Guate Nuestra<\/a><\/div>\t\t\t\t\t<\/div>\n\t\t\t\t\t<div class=\"ak-module-details\">\n\t\t\t\t\t\t<h3 class=\"ak-module-title\"><a href=\"https:\/\/soymigrante.com\/revista\/joyas-mayas-migrantes-incensario-con-antepasado-y-concha-marina-en-baltimore\/\" rel=\"bookmark\" title=\"Joyas mayas migrantes: Incensario con antepasado y concha marina en Baltimore\">Joyas mayas migrantes: Incensario con antepasado y concha marina en Baltimore<\/a><\/h3><div class=\"ak-module-meta\"><div class=\"ak-module-time\"><a href=\"https:\/\/soymigrante.com\/revista\/joyas-mayas-migrantes-incensario-con-antepasado-y-concha-marina-en-baltimore\/\" class=\"ak-module-meta-published\"><i class=\"ak-icon akfi-schedule\"><\/i>12\/08\/2024<\/a><\/div><\/div>\t\t\t\t\t<\/div>\n\t\t\t\t<\/div>\n\t\t\t<\/div>\n\t\t<\/article>\n\t\t\t\t<article class=\"ak-module ak-module-2-tall ak-column-module clearfix post-7795 post type-post status-publish format-standard has-post-thumbnail  category-guate-nuestra tag-joyas-mayas-migrantes\">\n\t\t\t<div class=\"ak-module-inner clearfix\">\n\t\t\t\t<div class=\"ak-module-featured\">\n\t\t\t\t\t<div class=\"ak-module-badges\"><\/div><div class=\"ak-featured-cover\"><a href=\"https:\/\/soymigrante.com\/revista\/joyas-mayas-migrantes-el-misterioso-trozo-de-dintel-de-tikal-en-washington\/\" class=\"ak-featured-link\" rel=\"bookmark\" title=\"Joyas mayas migrantes: El misterioso trozo de dintel de Tikal en Washington\"><div class=\"ak-featured-thumb lazy-thumb size-1400\" ><img loading=\"lazy\" decoding=\"async\" width=\"360\" height=\"504\" src=\"data:image\/gif;base64,R0lGODlhAQABAAAAACH5BAEKAAEALAAAAAABAAEAAAICTAEAOw==\" class=\"attachment-newsy_360x504 size-newsy_360x504 lazyload wp-post-image\" alt=\"Rostro de piedra y dibujo esquem\u00e1tico, representaci\u00f3n art\u00edstica en la revista SoyMigrante.com sobre cultura y patrimonio.\" data-src=\"https:\/\/soymigrante.com\/revista\/wp-content\/uploads\/2024\/08\/dintel-maya-tikal-360x504.webp\" data-sizes=\"auto\" data-srcset=\"\" data-expand=\"700\" \/><\/div><\/a><\/div><div class=\"ak-module-terms badge\"><a class=\"term-58\" href=\"https:\/\/soymigrante.com\/revista\/category\/guate-nuestra\/\">Guate Nuestra<\/a><\/div><div class=\"ak-module-featured-meta\"><\/div>\t\t\t\t<\/div>\n\t\t\t\t<div class=\"ak-module-details\">\n\t\t\t\t\t<h3 class=\"ak-module-title\"><a href=\"https:\/\/soymigrante.com\/revista\/joyas-mayas-migrantes-el-misterioso-trozo-de-dintel-de-tikal-en-washington\/\" rel=\"bookmark\" title=\"Joyas mayas migrantes: El misterioso trozo de dintel de Tikal en Washington\">Joyas mayas migrantes: El misterioso trozo de dintel de Tikal en Washington<\/a><\/h3><div class=\"ak-module-meta\"><div class=\"ak-module-time\"><a href=\"https:\/\/soymigrante.com\/revista\/joyas-mayas-migrantes-el-misterioso-trozo-de-dintel-de-tikal-en-washington\/\" class=\"ak-module-meta-published\"><i class=\"ak-icon akfi-schedule\"><\/i>05\/08\/2024<\/a><\/div><\/div><div class=\"ak-module-summary\"><p>Es un peque\u00f1o fragmento de madera de chicozapote, cuyo estilo indica que podr\u00eda&hellip;<\/p><\/div>\t\t\t\t<\/div>\n\t\t\t<\/div>\n\t\t<\/article>\n\t\t\t\t<article class=\"ak-module ak-module-3 ak-column-module clearfix post-7722 post type-post status-publish format-standard has-post-thumbnail  category-guate-nuestra tag-joyas-mayas-migrantes\">\n\t\t\t<div class=\"ak-module-inner clearfix\">\n\t\t\t\t<div class=\"ak-module-grid-wrap\">\n\t\t\t\t\t<div class=\"ak-module-featured\">\n\t\t\t\t\t\t<div class=\"ak-module-badges\"><\/div><div class=\"ak-featured-cover\"><a href=\"https:\/\/soymigrante.com\/revista\/joyas-mayas-migrantes-jarra-con-relieve-en-el-met-museum-ny\/\" class=\"ak-featured-link\" rel=\"bookmark\" title=\"Joyas mayas migrantes: Chocolatera en el Met Museum NY. Conoce su significado\"><div class=\"ak-featured-thumb lazy-thumb size-715\" ><img loading=\"lazy\" decoding=\"async\" width=\"350\" height=\"250\" src=\"data:image\/gif;base64,R0lGODlhAQABAAAAACH5BAEKAAEALAAAAAABAAEAAAICTAEAOw==\" class=\"attachment-newsy_350x250 size-newsy_350x250 lazyload wp-post-image\" alt=\"Antiguo recipiente de cer\u00e1mica olmeca con grabados y s\u00edmbolos ancestrales, muestra arte prehisp\u00e1nico y cultura ind\u00edgena mexicana.\" data-src=\"https:\/\/soymigrante.com\/revista\/wp-content\/uploads\/2024\/07\/jarra-maya-grabada-met-1-350x250.webp\" data-sizes=\"auto\" data-srcset=\"https:\/\/soymigrante.com\/revista\/wp-content\/uploads\/2024\/07\/jarra-maya-grabada-met-1-350x250.webp 350w, https:\/\/soymigrante.com\/revista\/wp-content\/uploads\/2024\/07\/jarra-maya-grabada-met-1-120x86.webp 120w, https:\/\/soymigrante.com\/revista\/wp-content\/uploads\/2024\/07\/jarra-maya-grabada-met-1-750x536.webp 750w\" data-expand=\"700\" \/><\/div><\/a><\/div><div class=\"ak-module-terms badge\"><a class=\"term-58\" href=\"https:\/\/soymigrante.com\/revista\/category\/guate-nuestra\/\">Guate Nuestra<\/a><\/div>\t\t\t\t\t<\/div>\n\t\t\t\t\t<div class=\"ak-module-details\">\n\t\t\t\t\t\t<h3 class=\"ak-module-title\"><a href=\"https:\/\/soymigrante.com\/revista\/joyas-mayas-migrantes-jarra-con-relieve-en-el-met-museum-ny\/\" rel=\"bookmark\" title=\"Joyas mayas migrantes: Chocolatera en el Met Museum NY. Conoce su significado\">Joyas mayas migrantes: Chocolatera en el Met Museum NY. Conoce su significado<\/a><\/h3><div class=\"ak-module-meta\"><div class=\"ak-module-time\"><a href=\"https:\/\/soymigrante.com\/revista\/joyas-mayas-migrantes-jarra-con-relieve-en-el-met-museum-ny\/\" class=\"ak-module-meta-published\"><i class=\"ak-icon akfi-schedule\"><\/i>29\/07\/2024<\/a><\/div><\/div>\t\t\t\t\t<\/div>\n\t\t\t\t<\/div>\n\t\t\t<\/div>\n\t\t<\/article>\n\t\t\t\t<article class=\"ak-module ak-module-2-tall ak-column-module clearfix post-7469 post type-post status-publish format-standard has-post-thumbnail  category-guate-nuestra tag-joyas-mayas-migrantes\">\n\t\t\t<div class=\"ak-module-inner clearfix\">\n\t\t\t\t<div class=\"ak-module-featured\">\n\t\t\t\t\t<div class=\"ak-module-badges\"><\/div><div class=\"ak-featured-cover\"><a href=\"https:\/\/soymigrante.com\/revista\/joyas-mayas-migrantes-el-vaso-chama-en-pennsylvania\/\" class=\"ak-featured-link\" rel=\"bookmark\" title=\"Joyas mayas migrantes: el vaso Cham\u00e1, en Pennsylvania\"><div class=\"ak-featured-thumb lazy-thumb size-1400\" ><img loading=\"lazy\" decoding=\"async\" width=\"360\" height=\"431\" src=\"data:image\/gif;base64,R0lGODlhAQABAAAAACH5BAEKAAEALAAAAAABAAEAAAICTAEAOw==\" class=\"attachment-newsy_360x504 size-newsy_360x504 lazyload wp-post-image\" alt=\"Guerrero tolteca con escudo y arma, arte prehisp\u00e1nico mexicano, historia y cultura ind\u00edgena, decoraci\u00f3n mural antigua, hallazgo arqueol\u00f3gico en M\u00e9xico, patrimonio cultural.\" data-src=\"https:\/\/soymigrante.com\/revista\/wp-content\/uploads\/2024\/07\/vaso-chama-penn-museum-360x431.webp\" data-sizes=\"auto\" data-srcset=\"\" data-expand=\"700\" \/><\/div><\/a><\/div><div class=\"ak-module-terms badge\"><a class=\"term-58\" href=\"https:\/\/soymigrante.com\/revista\/category\/guate-nuestra\/\">Guate Nuestra<\/a><\/div><div class=\"ak-module-featured-meta\"><\/div>\t\t\t\t<\/div>\n\t\t\t\t<div class=\"ak-module-details\">\n\t\t\t\t\t<h3 class=\"ak-module-title\"><a href=\"https:\/\/soymigrante.com\/revista\/joyas-mayas-migrantes-el-vaso-chama-en-pennsylvania\/\" rel=\"bookmark\" title=\"Joyas mayas migrantes: el vaso Cham\u00e1, en Pennsylvania\">Joyas mayas migrantes: el vaso Cham\u00e1, en Pennsylvania<\/a><\/h3><div class=\"ak-module-meta\"><div class=\"ak-module-time\"><a href=\"https:\/\/soymigrante.com\/revista\/joyas-mayas-migrantes-el-vaso-chama-en-pennsylvania\/\" class=\"ak-module-meta-published\"><i class=\"ak-icon akfi-schedule\"><\/i>15\/07\/2024<\/a><\/div><\/div><div class=\"ak-module-summary\"><p>Vaso maya policromado data aproximadamente del a\u00f1o 800, proviene del sitio&hellip;<\/p><\/div>\t\t\t\t<\/div>\n\t\t\t<\/div>\n\t\t<\/article>\n\t\t\t\t<article class=\"ak-module ak-module-3 ak-column-module clearfix post-7346 post type-post status-publish format-standard has-post-thumbnail  category-guate-nuestra tag-joyas-mayas-migrantes\">\n\t\t\t<div class=\"ak-module-inner clearfix\">\n\t\t\t\t<div class=\"ak-module-grid-wrap\">\n\t\t\t\t\t<div class=\"ak-module-featured\">\n\t\t\t\t\t\t<div class=\"ak-module-badges\"><\/div><div class=\"ak-featured-cover\"><a href=\"https:\/\/soymigrante.com\/revista\/piezas-mayas-en-usa-estela-11-de-piedras-negras-se-conserva-en-houston\/\" class=\"ak-featured-link\" rel=\"bookmark\" title=\"Joyas mayas migrantes: Estela 11 de Piedras Negras se conserva en Houston\"><div class=\"ak-featured-thumb lazy-thumb size-715\" ><img loading=\"lazy\" decoding=\"async\" width=\"252\" height=\"250\" src=\"data:image\/gif;base64,R0lGODlhAQABAAAAACH5BAEKAAEALAAAAAABAAEAAAICTAEAOw==\" class=\"attachment-newsy_350x250 size-newsy_350x250 lazyload wp-post-image\" alt=\"Arte prehisp\u00e1nico en piedra con detalladas esculturas de rostro humano y motivos geometricos, representando la riqueza cultural de las civilizaciones antiguas en Mesoam\u00e9rica.\" data-src=\"https:\/\/soymigrante.com\/revista\/wp-content\/uploads\/2024\/07\/joyas-mayas-estela-de-piedras-negras-guatemala-252x250.webp\" data-sizes=\"auto\" data-srcset=\"https:\/\/soymigrante.com\/revista\/wp-content\/uploads\/2024\/07\/joyas-mayas-estela-de-piedras-negras-guatemala-252x250.webp 252w, https:\/\/soymigrante.com\/revista\/wp-content\/uploads\/2024\/07\/joyas-mayas-estela-de-piedras-negras-guatemala-150x150.webp 150w, https:\/\/soymigrante.com\/revista\/wp-content\/uploads\/2024\/07\/joyas-mayas-estela-de-piedras-negras-guatemala-75x75.webp 75w\" data-expand=\"700\" \/><\/div><\/a><\/div><div class=\"ak-module-terms badge\"><a class=\"term-58\" href=\"https:\/\/soymigrante.com\/revista\/category\/guate-nuestra\/\">Guate Nuestra<\/a><\/div>\t\t\t\t\t<\/div>\n\t\t\t\t\t<div class=\"ak-module-details\">\n\t\t\t\t\t\t<h3 class=\"ak-module-title\"><a href=\"https:\/\/soymigrante.com\/revista\/piezas-mayas-en-usa-estela-11-de-piedras-negras-se-conserva-en-houston\/\" rel=\"bookmark\" title=\"Joyas mayas migrantes: Estela 11 de Piedras Negras se conserva en Houston\">Joyas mayas migrantes: Estela 11 de Piedras Negras se conserva en Houston<\/a><\/h3><div class=\"ak-module-meta\"><div class=\"ak-module-time\"><a href=\"https:\/\/soymigrante.com\/revista\/piezas-mayas-en-usa-estela-11-de-piedras-negras-se-conserva-en-houston\/\" class=\"ak-module-meta-published\"><i class=\"ak-icon akfi-schedule\"><\/i>07\/07\/2024<\/a><\/div><\/div>\t\t\t\t\t<\/div>\n\t\t\t\t<\/div>\n\t\t\t<\/div>\n\t\t<\/article>\n\t\t<\/div><script>var ak_pagination_data_block_69efe8936aea9_2 = {\"atts\":{\"title\":\"Serie digital multimedia dedicada a piezas mayas guatemaltecas conservadas en museos de USA\",\"title_size\":\"\",\"title_line_height\":\"\",\"subtitle\":\"\",\"subtitle_size\":\"\",\"subtitle_line_height\":\"\",\"title_url\":\"\",\"title_url_text\":\"\",\"icon\":\"\",\"block_accent_color\":\"\",\"header_style\":\"style-15\",\"header_bg_color\":\"\",\"header_line_color\":\"\",\"header_title_color\":\"\",\"header_subtitle_color\":\"\",\"header_title_bg_color\":\"\",\"header_icon_color\":\"\",\"pagination\":\"load_more\",\"show_pagination_label\":\"\",\"infinity_break_count\":\"3\",\"tabs\":\"\",\"tabs_all_text\":\"All\",\"tabs_cat_filter\":\"\",\"tabs_tax_filter\":\"\",\"tabs_order_by_filter\":\"\",\"tabs_more_menu\":\"\",\"count\":23,\"offset\":3,\"post_type\":\"\",\"post_status\":\"publish\",\"time_filter\":\"\",\"order_by\":\"latest\",\"post_format\":\"\",\"meta_query\":[],\"s\":\"\",\"author\":\"\",\"category\":\"\",\"post\":\"\",\"taxonomy\":\"post_tag:joyas-mayas-migrantes\",\"taxonomy_relation\":\"\",\"block_width\":1,\"block_id\":\"block_69efe8936aea9_2\",\"block_extra_classes\":\"\",\"custom_enabled\":\"\",\"custom_parts\":\"\",\"wp_query\":false,\"numeric_items_style\":\"\",\"item_margin\":\"30\",\"show_no_result\":true,\"module_2_tall_custom_enabled\":\"yes\",\"module_2_tall_custom_parts\":{\"show_author_icon\":\"hide\",\"show_author\":\"hide\",\"show_comment_count\":\"hide\",\"show_share_count\":\"hide\",\"show_view_count\":\"hide\",\"show_voting_count\":\"hide\",\"show_format_icon\":\"hide\"},\"module_3_custom_enabled\":\"yes\",\"module_3_custom_parts\":{\"show_author_icon\":\"hide\",\"show_author\":\"hide\",\"show_comment_count\":\"hide\",\"show_share_count\":\"hide\",\"show_view_count\":\"hide\",\"show_voting_count\":\"hide\"},\"view\":\"newsy_block_14\"},\"id\":\"block_69efe8936aea9_2\",\"token\":\"9dba6a4d92d\"};<\/script><\/div><\/div>\t\t\t\t<\/div>\n\t\t\t\t<\/div>\n\t\t\t\t<\/div>\n\t\t\t\t<\/div>\n\t\t\t\t<div class=\"elementor-element elementor-element-abd543f elementor-widget elementor-widget-html\" data-id=\"abd543f\" data-element_type=\"widget\" data-e-type=\"widget\" data-widget_type=\"html.default\">\n\t\t\t\t\t<div style=\"text-align: center;\">\n  <!-- Revive Adserver Hosted edition Asynchronous JS Tag - Generated with Revive Adserver v5.5.2 -->\n  <ins data-revive-zoneid=\"23514\" data-revive-target=\"_blank\" data-revive-id=\"727bec5e09208690b050ccfc6a45d384\"><\/ins>\n  <script async src=\"\/\/servedby.revive-adserver.net\/asyncjs.php\"><\/script>\n<\/div>\n\t\t\t\t<\/div>\n\t\t\t\t\t<\/div>\n\t\t\t\t<\/div>\n\t\t\t\t<section data-particle_enable=\"false\" data-particle-mobile-disabled=\"false\" class=\"elementor-section elementor-top-section elementor-element elementor-element-1f2ab5a hd_line white_heart elementor-section-boxed elementor-section-height-default elementor-section-height-default\" data-id=\"1f2ab5a\" data-element_type=\"section\" data-e-type=\"section\" data-settings=\"{&quot;background_background&quot;:&quot;classic&quot;}\">\n\t\t\t\t\t\t<div class=\"elementor-container elementor-column-gap-default\">\n\t\t\t\t\t<div class=\"elementor-column elementor-col-100 elementor-top-column elementor-element elementor-element-cd4f2cc\" data-id=\"cd4f2cc\" data-element_type=\"column\" data-e-type=\"column\">\n\t\t\t<div class=\"elementor-widget-wrap elementor-element-populated\">\n\t\t\t\t\t\t<section data-particle_enable=\"false\" data-particle-mobile-disabled=\"false\" class=\"elementor-section elementor-inner-section elementor-element elementor-element-a3861bf wh_cls elementor-section-boxed elementor-section-height-default elementor-section-height-default\" data-id=\"a3861bf\" data-element_type=\"section\" data-e-type=\"section\">\n\t\t\t\t\t\t<div class=\"elementor-container elementor-column-gap-default\">\n\t\t\t\t\t<div class=\"elementor-column elementor-col-100 elementor-inner-column elementor-element elementor-element-7680aaa\" data-id=\"7680aaa\" data-element_type=\"column\" data-e-type=\"column\">\n\t\t\t<div class=\"elementor-widget-wrap elementor-element-populated\">\n\t\t\t\t\t\t<div class=\"elementor-element elementor-element-4851715 elementor-position-top elementor-widget elementor-widget-image-box\" data-id=\"4851715\" data-element_type=\"widget\" data-e-type=\"widget\" data-widget_type=\"image-box.default\">\n\t\t\t\t\t<div class=\"elementor-image-box-wrapper\"><figure class=\"elementor-image-box-img\"><a href=\"https:\/\/soymigrante.com\/revista\/category\/guate-nuestra\/pueblos-de-guatemala\/\" tabindex=\"-1\"><img loading=\"lazy\" decoding=\"async\" width=\"51\" height=\"55\" src=\"https:\/\/soymigrante.com\/revista\/wp-content\/uploads\/2023\/03\/Layer_1-2.webp\" class=\"attachment-full size-full wp-image-579\" alt=\"\" title=\"Layer_1 (2) \u2013 SoyMigrante.com REVISTA\" \/><\/a><\/figure><div class=\"elementor-image-box-content\"><h3 class=\"elementor-image-box-title\"><a href=\"https:\/\/soymigrante.com\/revista\/category\/guate-nuestra\/pueblos-de-guatemala\/\">Pueblos de Guatemala<\/a><\/h3><\/div><\/div>\t\t\t\t<\/div>\n\t\t\t\t\t<\/div>\n\t\t<\/div>\n\t\t\t\t\t<\/div>\n\t\t<\/section>\n\t\t\t\t<section data-particle_enable=\"false\" data-particle-mobile-disabled=\"false\" class=\"elementor-section elementor-inner-section elementor-element elementor-element-8a8e42c fice_box_cls elementor-section-boxed elementor-section-height-default elementor-section-height-default\" data-id=\"8a8e42c\" data-element_type=\"section\" data-e-type=\"section\">\n\t\t\t\t\t\t<div class=\"elementor-container elementor-column-gap-default\">\n\t\t\t\t\t<div class=\"elementor-column elementor-col-100 elementor-inner-column elementor-element elementor-element-e1c9061\" data-id=\"e1c9061\" data-element_type=\"column\" data-e-type=\"column\">\n\t\t\t<div class=\"elementor-widget-wrap elementor-element-populated\">\n\t\t\t\t\t\t<div class=\"elementor-element elementor-element-9b39c82 elementor-widget elementor-widget-newsy_grid_13\" data-id=\"9b39c82\" data-element_type=\"widget\" data-e-type=\"widget\" data-widget_type=\"newsy_grid_13.default\">\n\t\t\t\t<div class=\"elementor-widget-container\">\n\t\t\t\t\t<div class=\"ak-block ak-block-grid ak-block-grid-13   ak-block-width-3 clearfix tg-simple tg-focus\" id=\"block_69efe8936aea9_3\"><div class=\"ak-block-inner clearfix\"><div class=\"ak-block-posts clearfix\">\t\t<article class=\"ak-module ak-module-grid ak-module-grid-big ak-block-item-1 clearfix post-9129 post type-post status-publish format-standard has-post-thumbnail  category-pueblos-de-guatemala\">\n\t\t\t<div class=\"ak-module-inner clearfix\">\n\t\t\t\t<div class=\"ak-module-grid-wrap\">\n\t\t\t\t\t<div class=\"ak-module-featured\">\n\t\t\t\t\t\t\t\t\t\t\t\t\t\t\t<div class=\"ak-featured-cover\"><a href=\"https:\/\/soymigrante.com\/revista\/pueblo-tzutujil-se-cobija-en-el-lago-atitlan-hace-mas-de-7-siglos\/\" class=\"ak-featured-link\" rel=\"bookmark\" title=\"Pueblo Tz&#8217;utujil lleva m\u00e1s de 700 a\u00f1os en las riberas del  lago de Atitl\u00e1n\"><div class=\"ak-featured-thumb lazy-thumb background-thumb  size-715\">\n                        <div class=\"lazyload\" title=\"Gente ind\u00edgena con trajes tradicionales y paisaje monta\u00f1oso al fondo, reflejando cultura y tradici\u00f3n en M\u00e9xico.\" data-bgset=\"https:\/\/soymigrante.com\/revista\/wp-content\/uploads\/2024\/09\/tzutujil-2-1-750x536.webp 800w\" ><\/div>\n                      <\/div><\/a><\/div>\t\t\t\t\t<\/div>\n\t\t\t\t\t<div class=\"ak-module-details\">\n\t\t\t\t\t\t<div class=\"ak-module-terms inline_badge\"><a class=\"term-125\" href=\"https:\/\/soymigrante.com\/revista\/category\/guate-nuestra\/pueblos-de-guatemala\/\">Pueblos de Guatemala<\/a><\/div>\t\t\t\t\t\t<h3 class=\"ak-module-title\"><a href=\"https:\/\/soymigrante.com\/revista\/pueblo-tzutujil-se-cobija-en-el-lago-atitlan-hace-mas-de-7-siglos\/\" rel=\"bookmark\" title=\"Pueblo Tz&#8217;utujil lleva m\u00e1s de 700 a\u00f1os en las riberas del  lago de Atitl\u00e1n\">Pueblo Tz&#8217;utujil lleva m\u00e1s de 700 a\u00f1os en las riberas del  lago de Atitl\u00e1n<\/a><\/h3>\t\t\t\t\t\t<div class=\"ak-module-meta\"><div class=\"ak-module-author\">by <a href=\"https:\/\/soymigrante.com\/revista\/author\/edwin-castro\/\" class=\"ak-module-author-name\">Edwin Castro<\/a><\/div><div class=\"ak-module-time\"><a href=\"https:\/\/soymigrante.com\/revista\/pueblo-tzutujil-se-cobija-en-el-lago-atitlan-hace-mas-de-7-siglos\/\" class=\"ak-module-meta-published\"><i class=\"ak-icon akfi-schedule\"><\/i>20\/09\/2024<\/a><\/div> <div class=\"ak-module-view-count\"><i class=\"ak-icon  fa fa-eye\"><\/i><span class=\"count\">790<\/span><\/div><\/div>\t\t\t\t\t<\/div>\n\t\t\t\t<\/div>\n\t\t\t<\/div>\n\t\t<\/article>\n\t\t\t\t<article class=\"ak-module ak-module-grid ak-module-grid-big ak-block-item-2 clearfix post-8582 post type-post status-publish format-standard has-post-thumbnail  category-pueblos-de-guatemala\">\n\t\t\t<div class=\"ak-module-inner clearfix\">\n\t\t\t\t<div class=\"ak-module-grid-wrap\">\n\t\t\t\t\t<div class=\"ak-module-featured\">\n\t\t\t\t\t\t\t\t\t\t\t\t\t\t\t<div class=\"ak-featured-cover\"><a href=\"https:\/\/soymigrante.com\/revista\/etnias-de-guatemala-akateko-el-pueblo-que-vino-de-tenam-y-sigue-floreciendo\/\" class=\"ak-featured-link\" rel=\"bookmark\" title=\"El pueblo Akateko vino de Tenam y sigue floreciendo\"><div class=\"ak-featured-thumb lazy-thumb background-thumb  size-715\">\n                        <div class=\"lazyload\" title=\"Jovenes con indumentaria akateko, participando en una celebraci\u00f3n cultural al aire libre en un entorno natural. Idioma y etnia maya akateko o maya akateka\" data-bgset=\"https:\/\/soymigrante.com\/revista\/wp-content\/uploads\/2024\/08\/maya-akateko-4-750x536.webp 800w\" ><\/div>\n                      <\/div><\/a><\/div>\t\t\t\t\t<\/div>\n\t\t\t\t\t<div class=\"ak-module-details\">\n\t\t\t\t\t\t<div class=\"ak-module-terms inline_badge\"><a class=\"term-125\" href=\"https:\/\/soymigrante.com\/revista\/category\/guate-nuestra\/pueblos-de-guatemala\/\">Pueblos de Guatemala<\/a><\/div>\t\t\t\t\t\t<h3 class=\"ak-module-title\"><a href=\"https:\/\/soymigrante.com\/revista\/etnias-de-guatemala-akateko-el-pueblo-que-vino-de-tenam-y-sigue-floreciendo\/\" rel=\"bookmark\" title=\"El pueblo Akateko vino de Tenam y sigue floreciendo\">El pueblo Akateko vino de Tenam y sigue floreciendo<\/a><\/h3>\t\t\t\t\t\t<div class=\"ak-module-meta\"><div class=\"ak-module-author\">by <a href=\"https:\/\/soymigrante.com\/revista\/author\/edwin-castro\/\" class=\"ak-module-author-name\">Edwin Castro<\/a><\/div><div class=\"ak-module-time\"><a href=\"https:\/\/soymigrante.com\/revista\/etnias-de-guatemala-akateko-el-pueblo-que-vino-de-tenam-y-sigue-floreciendo\/\" class=\"ak-module-meta-published\"><i class=\"ak-icon akfi-schedule\"><\/i>20\/09\/2024<\/a><\/div> <div class=\"ak-module-view-count\"><i class=\"ak-icon  fa fa-eye\"><\/i><span class=\"count\">767<\/span><\/div><\/div>\t\t\t\t\t<\/div>\n\t\t\t\t<\/div>\n\t\t\t<\/div>\n\t\t<\/article>\n\t\t\t\t<article class=\"ak-module ak-module-grid ak-module-grid-small ak-block-item-3 clearfix post-8931 post type-post status-publish format-standard has-post-thumbnail  category-pueblos-de-guatemala\">\n\t\t\t<div class=\"ak-module-inner clearfix\">\n\t\t\t\t<div class=\"ak-module-grid-wrap\">\n\t\t\t\t\t<div class=\"ak-module-featured\">\n\t\t\t\t\t\t\t\t\t\t\t\t\t\t\t<div class=\"ak-featured-cover\"><a href=\"https:\/\/soymigrante.com\/revista\/el-pueblo-kiche-es-heredero-y-continuador-de-la-tradicion-del-popol-vuh\/\" class=\"ak-featured-link\" rel=\"bookmark\" title=\"El pueblo K&#8217;iche&#8217; es heredero y continuador de la tradici\u00f3n del Popol Vuh\"><div class=\"ak-featured-thumb lazy-thumb background-thumb  size-715\">\n                        <div class=\"lazyload\" title=\"Tradici\u00f3n cultural del pueblo ind\u00edgena en M\u00e9xico, vestimenta t\u00edpica con mochila y sombrero en un entorno rural.\" data-bgset=\"https:\/\/soymigrante.com\/revista\/wp-content\/uploads\/2024\/09\/pueblo-kiche-350x250.webp 800w\" ><\/div>\n                      <\/div><\/a><\/div>\t\t\t\t\t<\/div>\n\t\t\t\t\t<div class=\"ak-module-details\">\n\t\t\t\t\t\t<div class=\"ak-module-terms inline_badge\"><a class=\"term-125\" href=\"https:\/\/soymigrante.com\/revista\/category\/guate-nuestra\/pueblos-de-guatemala\/\">Pueblos de Guatemala<\/a><\/div>\n\t\t\t\t\t\t<h3 class=\"ak-module-title\"><a href=\"https:\/\/soymigrante.com\/revista\/el-pueblo-kiche-es-heredero-y-continuador-de-la-tradicion-del-popol-vuh\/\" rel=\"bookmark\" title=\"El pueblo K&#8217;iche&#8217; es heredero y continuador de la tradici\u00f3n del Popol Vuh\">El pueblo K&#8217;iche&#8217; es heredero y continuador&hellip;<\/a><\/h3>\n\t\t\t\t\t\t<div class=\"ak-module-meta\"><div class=\"ak-module-author\">by <a href=\"https:\/\/soymigrante.com\/revista\/author\/edwin-castro\/\" class=\"ak-module-author-name\">Edwin Castro<\/a><\/div><div class=\"ak-module-time\"><a href=\"https:\/\/soymigrante.com\/revista\/el-pueblo-kiche-es-heredero-y-continuador-de-la-tradicion-del-popol-vuh\/\" class=\"ak-module-meta-published\"><i class=\"ak-icon akfi-schedule\"><\/i>20\/09\/2024<\/a><\/div> <div class=\"ak-module-view-count\"><i class=\"ak-icon  fa fa-eye\"><\/i><span class=\"count\">648<\/span><\/div><\/div>\t\t\t\t\t<\/div>\n\t\t\t\t<\/div>\n\t\t\t<\/div>\n\t\t<\/article>\n\t\t\t\t<article class=\"ak-module ak-module-grid ak-module-grid-small ak-block-item-4 clearfix post-8529 post type-post status-publish format-standard has-post-thumbnail  category-pueblos-de-guatemala\">\n\t\t\t<div class=\"ak-module-inner clearfix\">\n\t\t\t\t<div class=\"ak-module-grid-wrap\">\n\t\t\t\t\t<div class=\"ak-module-featured\">\n\t\t\t\t\t\t\t\t\t\t\t\t\t\t\t<div class=\"ak-featured-cover\"><a href=\"https:\/\/soymigrante.com\/revista\/etnias-de-guatemala-los-achi\/\" class=\"ak-featured-link\" rel=\"bookmark\" title=\"El pueblo Achi&#8217; es descendiente de los se\u00f1ores Rabinaleb\"><div class=\"ak-featured-thumb lazy-thumb background-thumb  size-715\">\n                        <div class=\"lazyload\" title=\"La danza de la Conquista de Rabina Baja Verapaz es una de las expresiones tradicionales del pueblo maya Achi\" data-bgset=\"https:\/\/soymigrante.com\/revista\/wp-content\/uploads\/2024\/08\/Achi-14-La-Conquista-e1724976866589-350x250.webp 800w\" ><\/div>\n                      <\/div><\/a><\/div>\t\t\t\t\t<\/div>\n\t\t\t\t\t<div class=\"ak-module-details\">\n\t\t\t\t\t\t<div class=\"ak-module-terms inline_badge\"><a class=\"term-125\" href=\"https:\/\/soymigrante.com\/revista\/category\/guate-nuestra\/pueblos-de-guatemala\/\">Pueblos de Guatemala<\/a><\/div>\n\t\t\t\t\t\t<h3 class=\"ak-module-title\"><a href=\"https:\/\/soymigrante.com\/revista\/etnias-de-guatemala-los-achi\/\" rel=\"bookmark\" title=\"El pueblo Achi&#8217; es descendiente de los se\u00f1ores Rabinaleb\">El pueblo Achi&#8217; es descendiente de los se\u00f1ores&hellip;<\/a><\/h3>\n\t\t\t\t\t\t<div class=\"ak-module-meta\"><div class=\"ak-module-author\">by <a href=\"https:\/\/soymigrante.com\/revista\/author\/edwin-castro\/\" class=\"ak-module-author-name\">Edwin Castro<\/a><\/div><div class=\"ak-module-time\"><a href=\"https:\/\/soymigrante.com\/revista\/etnias-de-guatemala-los-achi\/\" class=\"ak-module-meta-published\"><i class=\"ak-icon akfi-schedule\"><\/i>20\/09\/2024<\/a><\/div> <div class=\"ak-module-view-count\"><i class=\"ak-icon  fa fa-eye\"><\/i><span class=\"count\">625<\/span><\/div><\/div>\t\t\t\t\t<\/div>\n\t\t\t\t<\/div>\n\t\t\t<\/div>\n\t\t<\/article>\n\t\t\t\t<article class=\"ak-module ak-module-grid ak-module-grid-small ak-block-item-5 clearfix post-9169 post type-post status-publish format-standard has-post-thumbnail  category-pueblos-de-guatemala\">\n\t\t\t<div class=\"ak-module-inner clearfix\">\n\t\t\t\t<div class=\"ak-module-grid-wrap\">\n\t\t\t\t\t<div class=\"ak-module-featured\">\n\t\t\t\t\t\t\t\t\t\t\t\t\t\t\t<div class=\"ak-featured-cover\"><a href=\"https:\/\/soymigrante.com\/revista\/pueblo-qeqchi-es-el-idioma-maya-con-mayor-cifra-de-hablantes\/\" class=\"ak-featured-link\" rel=\"bookmark\" title=\"Pueblo Q&#8217;eqchi&#8217; es el idioma maya con mayor cifra de hablantes\"><div class=\"ak-featured-thumb lazy-thumb background-thumb  size-715\">\n                        <div class=\"lazyload\" title=\"Pueblo Q'eqchi' es el idioma maya con mayor cifra de hablantes\" data-bgset=\"https:\/\/soymigrante.com\/revista\/wp-content\/uploads\/2024\/09\/jpg4555_7-350x250.webp 800w\" ><\/div>\n                      <\/div><\/a><\/div>\t\t\t\t\t<\/div>\n\t\t\t\t\t<div class=\"ak-module-details\">\n\t\t\t\t\t\t<div class=\"ak-module-terms inline_badge\"><a class=\"term-125\" href=\"https:\/\/soymigrante.com\/revista\/category\/guate-nuestra\/pueblos-de-guatemala\/\">Pueblos de Guatemala<\/a><\/div>\n\t\t\t\t\t\t<h3 class=\"ak-module-title\"><a href=\"https:\/\/soymigrante.com\/revista\/pueblo-qeqchi-es-el-idioma-maya-con-mayor-cifra-de-hablantes\/\" rel=\"bookmark\" title=\"Pueblo Q&#8217;eqchi&#8217; es el idioma maya con mayor cifra de hablantes\">Pueblo Q&#8217;eqchi&#8217; es el idioma maya con mayor&hellip;<\/a><\/h3>\n\t\t\t\t\t\t<div class=\"ak-module-meta\"><div class=\"ak-module-author\">by <a href=\"https:\/\/soymigrante.com\/revista\/author\/edwin-castro\/\" class=\"ak-module-author-name\">Edwin Castro<\/a><\/div><div class=\"ak-module-time\"><a href=\"https:\/\/soymigrante.com\/revista\/pueblo-qeqchi-es-el-idioma-maya-con-mayor-cifra-de-hablantes\/\" class=\"ak-module-meta-published\"><i class=\"ak-icon akfi-schedule\"><\/i>20\/09\/2024<\/a><\/div> <div class=\"ak-module-view-count\"><i class=\"ak-icon  fa fa-eye\"><\/i><span class=\"count\">749<\/span><\/div><\/div>\t\t\t\t\t<\/div>\n\t\t\t\t<\/div>\n\t\t\t<\/div>\n\t\t<\/article>\n\t\t<\/div><\/div><\/div>\t\t\t\t<\/div>\n\t\t\t\t<\/div>\n\t\t\t\t\t<\/div>\n\t\t<\/div>\n\t\t\t\t\t<\/div>\n\t\t<\/section>\n\t\t\t\t\t<\/div>\n\t\t<\/div>\n\t\t\t\t\t<\/div>\n\t\t<\/section>\n\t\t\t\t<section data-particle_enable=\"false\" data-particle-mobile-disabled=\"false\" class=\"elementor-section elementor-top-section elementor-element elementor-element-f351f74 elementor-section-boxed elementor-section-height-default elementor-section-height-default\" data-id=\"f351f74\" data-element_type=\"section\" data-e-type=\"section\">\n\t\t\t\t\t\t<div class=\"elementor-container elementor-column-gap-default\">\n\t\t\t\t\t<div class=\"elementor-column elementor-col-100 elementor-top-column elementor-element elementor-element-4960678\" data-id=\"4960678\" data-element_type=\"column\" data-e-type=\"column\">\n\t\t\t<div class=\"elementor-widget-wrap elementor-element-populated\">\n\t\t\t\t\t\t<div class=\"elementor-element elementor-element-44759a9 elementor-widget elementor-widget-heading\" data-id=\"44759a9\" data-element_type=\"widget\" data-e-type=\"widget\" data-widget_type=\"heading.default\">\n\t\t\t\t\t<h1 class=\"elementor-heading-title elementor-size-default\">Joyas Mayas Migrantes: Tesoros arqueol\u00f3gicos de Guatemala en museos de Estados Unidos<\/h1>\t\t\t\t<\/div>\n\t\t\t\t\t<\/div>\n\t\t<\/div>\n\t\t\t\t\t<\/div>\n\t\t<\/section>\n\t\t\t\t<\/div>\n\t\t","protected":false},"excerpt":{"rendered":"<p>GUATEMALA Joyas Mayas Migrantes gana prestigioso Premio Huun de periodismo arqueol\u00f3gico S\u00famate a la comunidad (digital) #1 de guatemaltecos en Estados Unidos \u00daNETE AQU\u00ed Edit Guate Nuestra Nuestra serie Joyas Mayas Migrantes gana prestigioso Premio Huun de periodismo arqueol\u00f3gico en Guatemala 2 months ago Edit Guate Nuestra \u00bfPorqu\u00e9 hay tantas Joyas Mayas Migrantes? 4 months [&hellip;]<\/p>\n","protected":false},"author":6,"featured_media":40150,"parent":0,"menu_order":0,"comment_status":"closed","ping_status":"closed","template":"elementor_header_footer","meta":{"_acf_changed":false,"_eb_attr":"","footnotes":""},"class_list":["post-40361","page","type-page","status-publish","has-post-thumbnail","hentry"],"acf":[],"aioseo_notices":[],"aioseo_head":"\n\t\t<!-- All in One SEO Pro 4.9.6.2 - aioseo.com -->\n\t<meta name=\"description\" content=\"Serie ganadora del Premio Huun del Museo Popol Vuh. Joyas mayas que cruzaron fronteras desde Guatemala hasta museos de Estados Unidos. Arte, ra\u00edces y memoria.\" \/>\n\t<meta name=\"robots\" content=\"max-snippet:-1, max-image-preview:large, max-video-preview:-1\" \/>\n\t<link rel=\"canonical\" href=\"https:\/\/soymigrante.com\/revista\/joyas-mayas-migrantes\/\" \/>\n\t<meta name=\"generator\" content=\"All in One SEO Pro (AIOSEO) 4.9.6.2\" \/>\n\n\t\t<link rel=\"preconnect\" href=\"https:\/\/fonts.googleapis.com\" crossorigin>\n<link rel=\"preconnect\" href=\"https:\/\/fonts.gstatic.com\" crossorigin>\n\t\t<meta property=\"og:locale\" content=\"es_ES\" \/>\n\t\t<meta property=\"og:site_name\" content=\"SoyMigrante.com REVISTA \u2013 Nuestra misi\u00f3n es reconocer y dignificar al migrante.\" \/>\n\t\t<meta property=\"og:type\" content=\"article\" \/>\n\t\t<meta property=\"og:title\" content=\"Joyas Mayas Migrantes: Tesoros arqueol\u00f3gicos de Guatemala en museos de Estados Unidos\" \/>\n\t\t<meta property=\"og:description\" content=\"Serie ganadora del Premio Huun del Museo Popol Vuh. Joyas mayas que cruzaron fronteras desde Guatemala hasta museos de Estados Unidos. Arte, ra\u00edces y memoria viva.\" \/>\n\t\t<meta property=\"og:url\" content=\"https:\/\/soymigrante.com\/revista\/joyas-mayas-migrantes\/\" \/>\n\t\t<meta property=\"og:image\" content=\"https:\/\/soymigrante.com\/revista\/wp-content\/uploads\/2025\/07\/premio-huun-por-joyas-mayas-migrantes-1.webp\" \/>\n\t\t<meta property=\"og:image:secure_url\" content=\"https:\/\/soymigrante.com\/revista\/wp-content\/uploads\/2025\/07\/premio-huun-por-joyas-mayas-migrantes-1.webp\" \/>\n\t\t<meta property=\"article:tag\" content=\"#joyasmayasmigrantes\" \/>\n\t\t<meta property=\"article:tag\" content=\"#premiohuun\" \/>\n\t\t<meta property=\"article:tag\" content=\"#museopopolvuh\" \/>\n\t\t<meta property=\"article:tag\" content=\"#patrimonioguatemalteco\" \/>\n\t\t<meta property=\"article:tag\" content=\"#artemaya\" \/>\n\t\t<meta property=\"article:tag\" content=\"#historiamaya\" \/>\n\t\t<meta property=\"article:tag\" content=\"#culturamaya\" \/>\n\t\t<meta property=\"article:tag\" content=\"#guatemala\" \/>\n\t\t<meta property=\"article:tag\" content=\"#arteancestral\" \/>\n\t\t<meta property=\"article:tag\" content=\"#ra\u00edcesqueinspiran\" \/>\n\t\t<meta property=\"article:tag\" content=\"#memoriaviva\" \/>\n\t\t<meta property=\"article:tag\" content=\"#piezasquehablan\" \/>\n\t\t<meta property=\"article:tag\" content=\"#migraci\u00f3ncultural\" \/>\n\t\t<meta property=\"article:tag\" content=\"#identidadmaya\" \/>\n\t\t<meta property=\"article:tag\" content=\"#arqueolog\u00eda\" \/>\n\t\t<meta property=\"article:tag\" content=\"#guatemaltecosenelextranjero\" \/>\n\t\t<meta property=\"article:tag\" content=\"#museosdeestadosunidos\" \/>\n\t\t<meta property=\"article:tag\" content=\"#guatemaltecosenusa\" \/>\n\t\t<meta property=\"article:tag\" content=\"#desdeguatemalaalmundo\" \/>\n\t\t<meta property=\"article:tag\" content=\"#soymigrante\" \/>\n\t\t<meta property=\"article:tag\" content=\"#revistasoymigrante\" \/>\n\t\t<meta property=\"article:tag\" content=\"#orgullomaya\" \/>\n\t\t<meta property=\"article:tag\" content=\"#lohechoenguatemala\" \/>\n\t\t<meta property=\"article:tag\" content=\"#di\u00e1sporaguatemalteca\" \/>\n\t\t<meta property=\"article:published_time\" content=\"2025-07-25T02:56:39+00:00\" \/>\n\t\t<meta property=\"article:modified_time\" content=\"2025-09-17T13:10:16+00:00\" \/>\n\t\t<meta property=\"article:publisher\" content=\"https:\/\/www.facebook.com\/soymigrantecom\" \/>\n\t\t<meta name=\"twitter:card\" content=\"summary_large_image\" \/>\n\t\t<meta name=\"twitter:site\" content=\"@SoyMigrante_com\" \/>\n\t\t<meta name=\"twitter:title\" content=\"Joyas Mayas Migrantes: Arte ancestral en Estados Unidos\" \/>\n\t\t<meta name=\"twitter:description\" content=\"Serie ganadora del Premio Huun del Museo Popol Vuh. Joyas mayas que cruzaron fronteras desde Guatemala hasta museos de Estados Unidos. Arte, ra\u00edces y memoria.\" \/>\n\t\t<meta name=\"twitter:creator\" content=\"@SoyMigrante_com\" \/>\n\t\t<meta name=\"twitter:image\" content=\"https:\/\/soymigrante.com\/revista\/wp-content\/uploads\/2025\/07\/premio-huun-por-joyas-mayas-migrantes-1.webp\" \/>\n\t\t<!-- All in One SEO Pro -->\r\n\t\t<title>Joyas Mayas Migrantes: Arte ancestral en Estados Unidos<\/title>\n\n","aioseo_head_json":{"title":"Joyas Mayas Migrantes: Arte ancestral en Estados Unidos","description":"Serie ganadora del Premio Huun del Museo Popol Vuh. Joyas mayas que cruzaron fronteras desde Guatemala hasta museos de Estados Unidos. Arte, ra\u00edces y memoria.","canonical_url":"https:\/\/soymigrante.com\/revista\/joyas-mayas-migrantes\/","robots":"max-snippet:-1, max-image-preview:large, max-video-preview:-1","keywords":"","webmasterTools":{"miscellaneous":"&lt;link rel=\"preconnect\" href=\"https:\/\/fonts.googleapis.com\" crossorigin&gt;\n&lt;link rel=\"preconnect\" href=\"https:\/\/fonts.gstatic.com\" crossorigin&gt;"},"schema":null,"og:locale":"es_ES","og:site_name":"SoyMigrante.com REVISTA \u2013 Nuestra misi\u00f3n es reconocer y dignificar al migrante.","og:type":"article","og:title":"Joyas Mayas Migrantes: Tesoros arqueol\u00f3gicos de Guatemala en museos de Estados Unidos","og:description":"Serie ganadora del Premio Huun del Museo Popol Vuh. Joyas mayas que cruzaron fronteras desde Guatemala hasta museos de Estados Unidos. Arte, ra\u00edces y memoria viva.","og:url":"https:\/\/soymigrante.com\/revista\/joyas-mayas-migrantes\/","og:image":"https:\/\/soymigrante.com\/revista\/wp-content\/uploads\/2025\/07\/premio-huun-por-joyas-mayas-migrantes-1.webp","og:image:secure_url":"https:\/\/soymigrante.com\/revista\/wp-content\/uploads\/2025\/07\/premio-huun-por-joyas-mayas-migrantes-1.webp","article:tag":["#joyasmayasmigrantes","#premiohuun","#museopopolvuh","#patrimonioguatemalteco","#artemaya","#historiamaya","#culturamaya","#guatemala","#arteancestral","#ra\u00edcesqueinspiran","#memoriaviva","#piezasquehablan","#migraci\u00f3ncultural","#identidadmaya","#arqueolog\u00eda","#guatemaltecosenelextranjero","#museosdeestadosunidos","#guatemaltecosenusa","#desdeguatemalaalmundo","#soymigrante","#revistasoymigrante","#orgullomaya","#lohechoenguatemala","#di\u00e1sporaguatemalteca"],"article:published_time":"2025-07-25T02:56:39+00:00","article:modified_time":"2025-09-17T13:10:16+00:00","article:publisher":"https:\/\/www.facebook.com\/soymigrantecom","twitter:card":"summary_large_image","twitter:site":"@SoyMigrante_com","twitter:title":"Joyas Mayas Migrantes: Arte ancestral en Estados Unidos","twitter:description":"Serie ganadora del Premio Huun del Museo Popol Vuh. Joyas mayas que cruzaron fronteras desde Guatemala hasta museos de Estados Unidos. Arte, ra\u00edces y memoria.","twitter:creator":"@SoyMigrante_com","twitter:image":"https:\/\/soymigrante.com\/revista\/wp-content\/uploads\/2025\/07\/premio-huun-por-joyas-mayas-migrantes-1.webp"},"aioseo_meta_data":{"post_id":"40361","title":"Joyas Mayas Migrantes: Arte ancestral en Estados Unidos","description":"Serie ganadora del Premio Huun del Museo Popol Vuh. Joyas mayas que cruzaron fronteras desde Guatemala hasta museos de Estados Unidos. Arte, ra\u00edces y memoria.","keywords":null,"keyphrases":{"focus":{"keyphrase":"joyas mayas migrantes","score":60,"analysis":{"keyphraseInTitle":{"score":9,"maxScore":9,"error":0},"keyphraseInDescription":{"score":3,"maxScore":9,"error":1},"keyphraseLength":{"score":9,"maxScore":9,"error":0,"length":3},"keyphraseInURL":{"score":5,"maxScore":5,"error":0},"keyphraseInIntroduction":{"score":3,"maxScore":9,"error":1},"keyphraseInSubHeadings":{"score":3,"maxScore":9,"error":1},"keyphraseInImageAlt":{"score":9,"maxScore":9,"error":0},"keywordDensity":{"type":"high","score":0,"maxScore":9,"error":1}}},"additional":[]},"primary_term":null,"canonical_url":null,"og_title":"#post_title","og_description":"Serie ganadora del Premio Huun del Museo Popol Vuh. Joyas mayas que cruzaron fronteras desde Guatemala hasta museos de Estados Unidos. Arte, ra\u00edces y memoria viva.","og_object_type":"default","og_image_type":"featured","og_image_url":"https:\/\/soymigrante.com\/revista\/wp-content\/uploads\/2025\/07\/premio-huun-por-joyas-mayas-migrantes-1.webp","og_image_width":"0","og_image_height":"0","og_image_custom_url":null,"og_image_custom_fields":null,"og_video":"","og_custom_url":null,"og_article_section":null,"og_article_tags":[{"label":"#JoyasMayasMigrantes","value":"#JoyasMayasMigrantes"},{"label":"#PremioHuun","value":"#PremioHuun"},{"label":"#MuseoPopolVuh","value":"#MuseoPopolVuh"},{"label":"#PatrimonioGuatemalteco","value":"#PatrimonioGuatemalteco"},{"label":"#ArteMaya","value":"#ArteMaya"},{"label":"#HistoriaMaya","value":"#HistoriaMaya"},{"label":"#CulturaMaya","value":"#CulturaMaya"},{"label":"#Guatemala","value":"#Guatemala"},{"label":"#ArteAncestral","value":"#ArteAncestral"},{"label":"#Ra\u00edcesQueInspiran","value":"#Ra\u00edcesQueInspiran"},{"label":"#MemoriaViva","value":"#MemoriaViva"},{"label":"#PiezasQueHablan","value":"#PiezasQueHablan"},{"label":"#Migraci\u00f3nCultural","value":"#Migraci\u00f3nCultural"},{"label":"#IdentidadMaya","value":"#IdentidadMaya"},{"label":"#Arqueolog\u00eda","value":"#Arqueolog\u00eda"},{"label":"#GuatemaltecosEnElExtranjero","value":"#GuatemaltecosEnElExtranjero"},{"label":"#MuseosDeEstadosUnidos","value":"#MuseosDeEstadosUnidos"},{"label":"#GuatemaltecosEnUSA","value":"#GuatemaltecosEnUSA"},{"label":"#DesdeGuatemalaAlMundo","value":"#DesdeGuatemalaAlMundo"},{"label":"#SoyMigrante","value":"#SoyMigrante"},{"label":"#RevistaSoyMigrante","value":"#RevistaSoyMigrante"},{"label":"#OrgulloMaya","value":"#OrgulloMaya"},{"label":"#LoHechoEnGuatemala","value":"#LoHechoEnGuatemala"},{"label":"#Di\u00e1sporaGuatemalteca","value":"#Di\u00e1sporaGuatemalteca"}],"twitter_use_og":false,"twitter_card":"default","twitter_image_type":"default","twitter_image_url":null,"twitter_image_custom_url":null,"twitter_image_custom_fields":null,"twitter_title":"Joyas Mayas Migrantes: Arte ancestral en Estados Unidos","twitter_description":"Serie ganadora del Premio Huun del Museo Popol Vuh. Joyas mayas que cruzaron fronteras desde Guatemala hasta museos de Estados Unidos. Arte, ra\u00edces y memoria.","schema":{"blockGraphs":[],"customGraphs":[],"default":{"data":{"Article":[],"Course":[],"Dataset":[],"FAQPage":[],"Movie":[],"Person":[],"Product":[],"ProductReview":[],"Car":[],"Recipe":[],"Service":[],"SoftwareApplication":[],"WebPage":[]},"graphName":"none","isEnabled":true},"graphs":[]},"schema_type":"default","schema_type_options":null,"pillar_content":false,"robots_default":true,"robots_noindex":false,"robots_noarchive":false,"robots_nosnippet":false,"robots_nofollow":false,"robots_noimageindex":false,"robots_noodp":false,"robots_notranslate":false,"robots_max_snippet":"-1","robots_max_videopreview":"-1","robots_max_imagepreview":"large","priority":null,"frequency":"default","local_seo":null,"seo_analyzer_scan_date":"2025-10-09 09:44:51","breadcrumb_settings":null,"limit_modified_date":false,"reviewed_by":null,"open_ai":null,"ai":{"faqs":[],"keyPoints":[],"titles":[],"descriptions":[],"socialPosts":{"email":[],"linkedin":[],"twitter":[],"facebook":[],"instagram":[]}},"created":"2025-07-25 01:43:48","updated":"2026-02-04 03:56:21"},"aioseo_breadcrumb":"<div class=\"aioseo-breadcrumbs\"><span class=\"aioseo-breadcrumb\">\n\t<a href=\"https:\/\/soymigrante.com\/revista\" title=\"Home\">Home<\/a>\n<\/span><span class=\"aioseo-breadcrumb-separator\">\u00bb<\/span><span class=\"aioseo-breadcrumb\">\n\tJoyas Mayas Migrantes: Tesoros arqueol\u00f3gicos de Guatemala en museos de Estados Unidos\n<\/span><\/div>","aioseo_breadcrumb_json":[{"label":"Home","link":"https:\/\/soymigrante.com\/revista"},{"label":"Joyas Mayas Migrantes: Tesoros arqueol\u00f3gicos de Guatemala en museos de Estados Unidos","link":"https:\/\/soymigrante.com\/revista\/joyas-mayas-migrantes\/"}],"_links":{"self":[{"href":"https:\/\/soymigrante.com\/revista\/wp-json\/wp\/v2\/pages\/40361","targetHints":{"allow":["GET"]}}],"collection":[{"href":"https:\/\/soymigrante.com\/revista\/wp-json\/wp\/v2\/pages"}],"about":[{"href":"https:\/\/soymigrante.com\/revista\/wp-json\/wp\/v2\/types\/page"}],"author":[{"embeddable":true,"href":"https:\/\/soymigrante.com\/revista\/wp-json\/wp\/v2\/users\/6"}],"replies":[{"embeddable":true,"href":"https:\/\/soymigrante.com\/revista\/wp-json\/wp\/v2\/comments?post=40361"}],"version-history":[{"count":31,"href":"https:\/\/soymigrante.com\/revista\/wp-json\/wp\/v2\/pages\/40361\/revisions"}],"predecessor-version":[{"id":45067,"href":"https:\/\/soymigrante.com\/revista\/wp-json\/wp\/v2\/pages\/40361\/revisions\/45067"}],"wp:featuredmedia":[{"embeddable":true,"href":"https:\/\/soymigrante.com\/revista\/wp-json\/wp\/v2\/media\/40150"}],"wp:attachment":[{"href":"https:\/\/soymigrante.com\/revista\/wp-json\/wp\/v2\/media?parent=40361"}],"curies":[{"name":"wp","href":"https:\/\/api.w.org\/{rel}","templated":true}]}}