{"id":37392,"date":"2025-06-22T11:30:34","date_gmt":"2025-06-22T17:30:34","guid":{"rendered":"https:\/\/soymigrante.com\/revista\/?page_id=37392"},"modified":"2025-07-31T09:55:05","modified_gmt":"2025-07-31T15:55:05","slug":"lugard-de-voces-que-dejan-huella","status":"publish","type":"page","link":"https:\/\/soymigrante.com\/revista\/lugard-de-voces-que-dejan-huella\/","title":{"rendered":"Lugar de Voces: Testimonios que Dejan Huella"},"content":{"rendered":"\t\t<div data-elementor-type=\"wp-page\" data-elementor-id=\"37392\" class=\"elementor elementor-37392\" data-elementor-post-type=\"page\">\n\t\t\t\t<div data-particle_enable=\"false\" data-particle-mobile-disabled=\"false\" class=\"elementor-element elementor-element-276936c e-con-full elementor-hidden-desktop elementor-hidden-tablet e-flex e-con e-parent\" data-id=\"276936c\" data-element_type=\"container\" data-e-type=\"container\">\n\t\t\t\t<div class=\"elementor-element elementor-element-354808e elementor-widget elementor-widget-newsy_grid_5\" data-id=\"354808e\" data-element_type=\"widget\" data-e-type=\"widget\" data-widget_type=\"newsy_grid_5.default\">\n\t\t\t\t<div class=\"elementor-widget-container\">\n\t\t\t\t\t<div class=\"ak-block ak-block-grid ak-block-grid-5   ak-block-width-1 clearfix tg-gradient tg-focus\" id=\"block_69f73ed06f17f_1\"><div class=\"ak-block-inner clearfix\"><div class=\"ak-block-posts clearfix\">\t\t<article class=\"ak-module ak-module-grid ak-module-grid-big ak-block-item-1 clearfix post-2411 post type-post status-publish format-standard has-post-thumbnail  category-lugar-de-voces\">\n\t\t\t<div class=\"ak-module-inner clearfix\">\n\t\t\t\t<div class=\"ak-module-grid-wrap\">\n\t\t\t\t\t<div class=\"ak-module-featured\">\n\t\t\t\t\t<div class=\"ak-module-badges\"><\/div>\t\t\t\t\t\t\t\t\t\t<div class=\"ak-featured-cover\"><a href=\"https:\/\/soymigrante.com\/revista\/reintegrar-a-migrantes-guatemaltecos-retornados-a-la-economia-es-vital\/\" class=\"ak-featured-link\" rel=\"bookmark\" title=\"Reintegrar a migrantes guatemaltecos retornados a la econom\u00eda es vital\"><div class=\"ak-featured-thumb lazy-thumb background-thumb  size-715\">\n                        <div class=\"lazyload\" title=\"Reintegrar a migrantes guatemaltecos retornados a la econom\u00eda es vital\" data-bgset=\"https:\/\/soymigrante.com\/revista\/wp-content\/uploads\/2023\/09\/migra-750x536.webp 800w\" ><\/div>\n                      <\/div><\/a><\/div>\t\t\t\t\t<\/div>\n\t\t\t\t\t<div class=\"ak-module-details\">\n\t\t\t\t\t\t\t\t\t\t\t\t<h3 class=\"ak-module-title\"><a href=\"https:\/\/soymigrante.com\/revista\/reintegrar-a-migrantes-guatemaltecos-retornados-a-la-economia-es-vital\/\" rel=\"bookmark\" title=\"Reintegrar a migrantes guatemaltecos retornados a la econom\u00eda es vital\">Reintegrar a migrantes guatemaltecos retornados a la econom\u00eda es vital<\/a><\/h3>\t\t\t\t\t\t<div class=\"ak-module-meta\"><div class=\"ak-module-author\"><a href=\"https:\/\/soymigrante.com\/revista\/author\/soymigrante\/\"><img alt='SoyMigrante.com REVISTA' src='https:\/\/soymigrante.com\/revista\/wp-content\/uploads\/2023\/04\/SoyMigrante.com-V-color_profile-288x300.webp' srcset='https:\/\/soymigrante.com\/revista\/wp-content\/uploads\/2023\/04\/SoyMigrante.com-V-color_profile-288x300.webp 288w, https:\/\/soymigrante.com\/revista\/wp-content\/uploads\/2023\/04\/SoyMigrante.com-V-color_profile-982x1024.png 982w, https:\/\/soymigrante.com\/revista\/wp-content\/uploads\/2023\/04\/SoyMigrante.com-V-color_profile-768x801.png 768w, https:\/\/soymigrante.com\/revista\/wp-content\/uploads\/2023\/04\/SoyMigrante.com-V-color_profile-1473x1536.png 1473w, https:\/\/soymigrante.com\/revista\/wp-content\/uploads\/2023\/04\/SoyMigrante.com-V-color_profile-750x782.webp 750w, https:\/\/soymigrante.com\/revista\/wp-content\/uploads\/2023\/04\/SoyMigrante.com-V-color_profile-1140x1188.png 1140w, https:\/\/soymigrante.com\/revista\/wp-content\/uploads\/2023\/04\/SoyMigrante.com-V-color_profile.webp 1672w' class='avatar avatar-22 photo post-author-avatar' height='22' width='22' \/><\/a>by <a href=\"https:\/\/soymigrante.com\/revista\/author\/soymigrante\/\" class=\"ak-module-author-name\">SoyMigrante.com REVISTA<\/a><\/div><div class=\"ak-module-time\"><a href=\"https:\/\/soymigrante.com\/revista\/reintegrar-a-migrantes-guatemaltecos-retornados-a-la-economia-es-vital\/\" class=\"ak-module-meta-published\"><i class=\"ak-icon akfi-schedule\"><\/i>01\/09\/2023<\/a><\/div> <div class=\"ak-module-view-count\"><i class=\"ak-icon  fa fa-eye\"><\/i><span class=\"count\">230<\/span><\/div><\/div>\t\t\t\t\t<\/div>\n\t\t\t\t<\/div>\n\t\t\t<\/div>\n\t\t<\/article>\n\t\t\t\t<article class=\"ak-module ak-module-grid ak-module-grid-big ak-block-item-2 clearfix post-18449 post type-post status-publish format-standard has-post-thumbnail  category-lugar-de-voces\">\n\t\t\t<div class=\"ak-module-inner clearfix\">\n\t\t\t\t<div class=\"ak-module-grid-wrap\">\n\t\t\t\t\t<div class=\"ak-module-featured\">\n\t\t\t\t\t<div class=\"ak-module-badges\"><\/div>\t\t\t\t\t\t\t\t\t\t<div class=\"ak-featured-cover\"><a href=\"https:\/\/soymigrante.com\/revista\/reflexiones-de-un-migrante-guatemalteco-con-el-frio-de-diciembre-y-el-recuerdo-de-su-tierra\/\" class=\"ak-featured-link\" rel=\"bookmark\" title=\"Reflexiones de un migrante guatemalteco con el fr\u00edo de diciembre y el recuerdo de su tierra\"><div class=\"ak-featured-thumb lazy-thumb background-thumb  size-715\">\n                        <div class=\"lazyload\" title=\"Paisaje volc\u00e1nico con flores amarillas en primer plano, volc\u00e1n en la distancia bajo un cielo nublado y amaneceres, ideal para contenido de migrantes y cultura en revista SoyMigrante.com REVISTA.\" data-bgset=\"https:\/\/soymigrante.com\/revista\/wp-content\/uploads\/2024\/12\/img_7432-1-750x536.webp 800w\" ><\/div>\n                      <\/div><\/a><\/div>\t\t\t\t\t<\/div>\n\t\t\t\t\t<div class=\"ak-module-details\">\n\t\t\t\t\t\t\t\t\t\t\t\t<h3 class=\"ak-module-title\"><a href=\"https:\/\/soymigrante.com\/revista\/reflexiones-de-un-migrante-guatemalteco-con-el-frio-de-diciembre-y-el-recuerdo-de-su-tierra\/\" rel=\"bookmark\" title=\"Reflexiones de un migrante guatemalteco con el fr\u00edo de diciembre y el recuerdo de su tierra\">Reflexiones de un migrante guatemalteco con el fr\u00edo de diciembre y el recuerdo de su tierra<\/a><\/h3>\t\t\t\t\t\t<div class=\"ak-module-meta\"><div class=\"ak-module-author\"><a href=\"https:\/\/soymigrante.com\/revista\/author\/soymigrante\/\"><img alt='SoyMigrante.com REVISTA' src='https:\/\/soymigrante.com\/revista\/wp-content\/uploads\/2023\/04\/SoyMigrante.com-V-color_profile-288x300.webp' srcset='https:\/\/soymigrante.com\/revista\/wp-content\/uploads\/2023\/04\/SoyMigrante.com-V-color_profile-288x300.webp 288w, https:\/\/soymigrante.com\/revista\/wp-content\/uploads\/2023\/04\/SoyMigrante.com-V-color_profile-982x1024.png 982w, https:\/\/soymigrante.com\/revista\/wp-content\/uploads\/2023\/04\/SoyMigrante.com-V-color_profile-768x801.png 768w, https:\/\/soymigrante.com\/revista\/wp-content\/uploads\/2023\/04\/SoyMigrante.com-V-color_profile-1473x1536.png 1473w, https:\/\/soymigrante.com\/revista\/wp-content\/uploads\/2023\/04\/SoyMigrante.com-V-color_profile-750x782.webp 750w, https:\/\/soymigrante.com\/revista\/wp-content\/uploads\/2023\/04\/SoyMigrante.com-V-color_profile-1140x1188.png 1140w, https:\/\/soymigrante.com\/revista\/wp-content\/uploads\/2023\/04\/SoyMigrante.com-V-color_profile.webp 1672w' class='avatar avatar-22 photo post-author-avatar' height='22' width='22' \/><\/a>by <a href=\"https:\/\/soymigrante.com\/revista\/author\/soymigrante\/\" class=\"ak-module-author-name\">SoyMigrante.com REVISTA<\/a><\/div><div class=\"ak-module-time\"><a href=\"https:\/\/soymigrante.com\/revista\/reflexiones-de-un-migrante-guatemalteco-con-el-frio-de-diciembre-y-el-recuerdo-de-su-tierra\/\" class=\"ak-module-meta-published\"><i class=\"ak-icon akfi-schedule\"><\/i>27\/12\/2024<\/a><\/div> <div class=\"ak-module-view-count\"><i class=\"ak-icon  fa fa-eye\"><\/i><span class=\"count\">24<\/span><\/div><\/div>\t\t\t\t\t<\/div>\n\t\t\t\t<\/div>\n\t\t\t<\/div>\n\t\t<\/article>\n\t\t<\/div><\/div><\/div>\t\t\t\t<\/div>\n\t\t\t\t<\/div>\n\t\t\t\t<\/div>\n\t\t<div data-particle_enable=\"false\" data-particle-mobile-disabled=\"false\" class=\"elementor-element elementor-element-8383d4a e-con-full elementor-hidden-mobile e-flex e-con e-parent\" data-id=\"8383d4a\" data-element_type=\"container\" data-e-type=\"container\">\n\t\t\t\t<div class=\"elementor-element elementor-element-3d23ecf elementor-widget elementor-widget-newsy_grid_8\" data-id=\"3d23ecf\" data-element_type=\"widget\" data-e-type=\"widget\" data-widget_type=\"newsy_grid_8.default\">\n\t\t\t\t<div class=\"elementor-widget-container\">\n\t\t\t\t\t<div class=\"ak-block ak-block-grid ak-block-grid-8   ak-block-width-1 clearfix tg-focus\" id=\"block_69f73ed06f17f_2\"><div class=\"ak-block-inner clearfix\"><div class=\"ak-block-posts clearfix\">\t\t<article class=\"ak-module ak-module-grid ak-module-grid-tall ak-block-item-1 clearfix post-336 post type-post status-publish format-standard has-post-thumbnail  category-lugar-de-voces\">\n\t\t\t<div class=\"ak-module-inner clearfix\">\n\t\t\t\t<div class=\"ak-module-grid-wrap\">\n\t\t\t\t\t<div class=\"ak-module-featured\">\n\t\t\t\t\t\t<div class=\"ak-module-badges\"><\/div>\t\t\t\t\t\t\t\t\t\t\t\t<div class=\"ak-featured-cover\"><a href=\"https:\/\/soymigrante.com\/revista\/un-dia-me-di-ccuenta-que-eramos-migrantes\/\" class=\"ak-featured-link\" rel=\"bookmark\" title=\"Un d\u00eda me d\u00ed cuenta que \u00e9ramos migrantes\"><div class=\"ak-featured-thumb lazy-thumb background-thumb  size-1400\">\n                        <div class=\"lazyload\" title=\"Un d\u00eda me d\u00ed cuenta que \u00e9ramos migrantes\" data-bgset=\"https:\/\/soymigrante.com\/revista\/wp-content\/uploads\/2023\/02\/ROSTRO-PINTANDOSE-PINTURA-DE-ARMANDO-SEB-360x504.webp 800w\" ><\/div>\n                      <\/div><\/a><\/div>\t\t\t\t\t<\/div>\n\t\t\t\t\t<div class=\"ak-module-details\">\n\t\t\t\t\t\t\n\t\t\t\t\t\t<h3 class=\"ak-module-title\"><a href=\"https:\/\/soymigrante.com\/revista\/un-dia-me-di-ccuenta-que-eramos-migrantes\/\" rel=\"bookmark\" title=\"Un d\u00eda me d\u00ed cuenta que \u00e9ramos migrantes\">Un d\u00eda me d\u00ed cuenta que \u00e9ramos migrantes<\/a><\/h3>\n\t\t\t\t\t\t<div class=\"ak-module-meta\"><div class=\"ak-module-author\"><a href=\"https:\/\/soymigrante.com\/revista\/author\/soymigrante\/\"><img alt='SoyMigrante.com REVISTA' src='https:\/\/soymigrante.com\/revista\/wp-content\/uploads\/2023\/04\/SoyMigrante.com-V-color_profile-288x300.webp' srcset='https:\/\/soymigrante.com\/revista\/wp-content\/uploads\/2023\/04\/SoyMigrante.com-V-color_profile-288x300.webp 288w, https:\/\/soymigrante.com\/revista\/wp-content\/uploads\/2023\/04\/SoyMigrante.com-V-color_profile-982x1024.png 982w, https:\/\/soymigrante.com\/revista\/wp-content\/uploads\/2023\/04\/SoyMigrante.com-V-color_profile-768x801.png 768w, https:\/\/soymigrante.com\/revista\/wp-content\/uploads\/2023\/04\/SoyMigrante.com-V-color_profile-1473x1536.png 1473w, https:\/\/soymigrante.com\/revista\/wp-content\/uploads\/2023\/04\/SoyMigrante.com-V-color_profile-750x782.webp 750w, https:\/\/soymigrante.com\/revista\/wp-content\/uploads\/2023\/04\/SoyMigrante.com-V-color_profile-1140x1188.png 1140w, https:\/\/soymigrante.com\/revista\/wp-content\/uploads\/2023\/04\/SoyMigrante.com-V-color_profile.webp 1672w' class='avatar avatar-22 photo post-author-avatar' height='22' width='22' \/><\/a>by <a href=\"https:\/\/soymigrante.com\/revista\/author\/soymigrante\/\" class=\"ak-module-author-name\">SoyMigrante.com REVISTA<\/a><\/div><div class=\"ak-module-time\"><a href=\"https:\/\/soymigrante.com\/revista\/un-dia-me-di-ccuenta-que-eramos-migrantes\/\" class=\"ak-module-meta-published\"><i class=\"ak-icon akfi-schedule\"><\/i>26\/05\/2023<\/a><\/div> <div class=\"ak-module-view-count\"><i class=\"ak-icon  fa fa-eye\"><\/i><span class=\"count\">203<\/span><\/div><\/div>\t\t\t\t\t<\/div>\n\t\t\t\t<\/div>\n\t\t\t<\/div>\n\t\t<\/article>\n\t\t\t\t<article class=\"ak-module ak-module-grid ak-module-grid-tall ak-block-item-2 clearfix post-4995 post type-post status-publish format-standard has-post-thumbnail  category-lugar-de-voces\">\n\t\t\t<div class=\"ak-module-inner clearfix\">\n\t\t\t\t<div class=\"ak-module-grid-wrap\">\n\t\t\t\t\t<div class=\"ak-module-featured\">\n\t\t\t\t\t\t<div class=\"ak-module-badges\"><\/div>\t\t\t\t\t\t\t\t\t\t\t\t<div class=\"ak-featured-cover\"><a href=\"https:\/\/soymigrante.com\/revista\/donde-encontrar-a-dios-reflexion-migrante-sin-fronteras-opinion\/\" class=\"ak-featured-link\" rel=\"bookmark\" title=\"\u00bfD\u00f3nde encontrar a Dios? Una reflexi\u00f3n migrante sin fronteras\"><div class=\"ak-featured-thumb lazy-thumb background-thumb  size-1400\">\n                        <div class=\"lazyload\" title=\"Articulo para soy migrante del fraile Guillermo Delgado\" data-bgset=\"https:\/\/soymigrante.com\/revista\/wp-content\/uploads\/2024\/02\/man-360x504.webp 800w\" ><\/div>\n                      <\/div><\/a><\/div>\t\t\t\t\t<\/div>\n\t\t\t\t\t<div class=\"ak-module-details\">\n\t\t\t\t\t\t\n\t\t\t\t\t\t<h3 class=\"ak-module-title\"><a href=\"https:\/\/soymigrante.com\/revista\/donde-encontrar-a-dios-reflexion-migrante-sin-fronteras-opinion\/\" rel=\"bookmark\" title=\"\u00bfD\u00f3nde encontrar a Dios? Una reflexi\u00f3n migrante sin fronteras\">\u00bfD\u00f3nde encontrar a Dios? Una reflexi\u00f3n migrante sin fronteras<\/a><\/h3>\n\t\t\t\t\t\t<div class=\"ak-module-meta\"><div class=\"ak-module-author\"><a href=\"https:\/\/soymigrante.com\/revista\/author\/soymigrante\/\"><img alt='SoyMigrante.com REVISTA' src='https:\/\/soymigrante.com\/revista\/wp-content\/uploads\/2023\/04\/SoyMigrante.com-V-color_profile-288x300.webp' srcset='https:\/\/soymigrante.com\/revista\/wp-content\/uploads\/2023\/04\/SoyMigrante.com-V-color_profile-288x300.webp 288w, https:\/\/soymigrante.com\/revista\/wp-content\/uploads\/2023\/04\/SoyMigrante.com-V-color_profile-982x1024.png 982w, https:\/\/soymigrante.com\/revista\/wp-content\/uploads\/2023\/04\/SoyMigrante.com-V-color_profile-768x801.png 768w, https:\/\/soymigrante.com\/revista\/wp-content\/uploads\/2023\/04\/SoyMigrante.com-V-color_profile-1473x1536.png 1473w, https:\/\/soymigrante.com\/revista\/wp-content\/uploads\/2023\/04\/SoyMigrante.com-V-color_profile-750x782.webp 750w, https:\/\/soymigrante.com\/revista\/wp-content\/uploads\/2023\/04\/SoyMigrante.com-V-color_profile-1140x1188.png 1140w, https:\/\/soymigrante.com\/revista\/wp-content\/uploads\/2023\/04\/SoyMigrante.com-V-color_profile.webp 1672w' class='avatar avatar-22 photo post-author-avatar' height='22' width='22' \/><\/a>by <a href=\"https:\/\/soymigrante.com\/revista\/author\/soymigrante\/\" class=\"ak-module-author-name\">SoyMigrante.com REVISTA<\/a><\/div><div class=\"ak-module-time\"><a href=\"https:\/\/soymigrante.com\/revista\/donde-encontrar-a-dios-reflexion-migrante-sin-fronteras-opinion\/\" class=\"ak-module-meta-published\"><i class=\"ak-icon akfi-schedule\"><\/i>21\/02\/2024<\/a><\/div> <div class=\"ak-module-view-count\"><i class=\"ak-icon  fa fa-eye\"><\/i><span class=\"count\">146<\/span><\/div><\/div>\t\t\t\t\t<\/div>\n\t\t\t\t<\/div>\n\t\t\t<\/div>\n\t\t<\/article>\n\t\t\t\t<article class=\"ak-module ak-module-grid ak-module-grid-tall ak-block-item-3 clearfix post-52685 post type-post status-publish format-standard has-post-thumbnail  category-arte-cultura category-lugar-de-voces\">\n\t\t\t<div class=\"ak-module-inner clearfix\">\n\t\t\t\t<div class=\"ak-module-grid-wrap\">\n\t\t\t\t\t<div class=\"ak-module-featured\">\n\t\t\t\t\t\t<div class=\"ak-module-badges\"><\/div>\t\t\t\t\t\t\t\t\t\t\t\t<div class=\"ak-featured-cover\"><a href=\"https:\/\/soymigrante.com\/revista\/el-lugar-donde-murio-el-guerrero-kiche-tecun-uman-y-el-sitio-de-su-tumba-en-quetzaltenango-segun-la-tradicion\/\" class=\"ak-featured-link\" rel=\"bookmark\" title=\"El lugar donde muri\u00f3 el guerrero k&#8217;iche&#8217; Tec\u00fan Um\u00e1n y el sitio de su tumba en Quetzaltenango seg\u00fan la tradici\u00f3n.\"><div class=\"ak-featured-thumb lazy-thumb background-thumb  size-1400\">\n                        <div class=\"lazyload\" title=\"tecun uman escena\" data-bgset=\"https:\/\/soymigrante.com\/revista\/wp-content\/uploads\/2026\/02\/tecun-uman-escena-360x504.png 800w\" ><\/div>\n                      <\/div><\/a><\/div>\t\t\t\t\t<\/div>\n\t\t\t\t\t<div class=\"ak-module-details\">\n\t\t\t\t\t\t\n\t\t\t\t\t\t<h3 class=\"ak-module-title\"><a href=\"https:\/\/soymigrante.com\/revista\/el-lugar-donde-murio-el-guerrero-kiche-tecun-uman-y-el-sitio-de-su-tumba-en-quetzaltenango-segun-la-tradicion\/\" rel=\"bookmark\" title=\"El lugar donde muri\u00f3 el guerrero k&#8217;iche&#8217; Tec\u00fan Um\u00e1n y el sitio de su tumba en Quetzaltenango seg\u00fan la tradici\u00f3n.\">El lugar donde muri\u00f3 el guerrero k&#8217;iche&#8217; Tec\u00fan Um\u00e1n y el sitio de su tumba en Quetzaltenango seg\u00fan la tradici\u00f3n.<\/a><\/h3>\n\t\t\t\t\t\t<div class=\"ak-module-meta\"><div class=\"ak-module-author\"><a href=\"https:\/\/soymigrante.com\/revista\/author\/soymigrante\/\"><img alt='SoyMigrante.com REVISTA' src='https:\/\/soymigrante.com\/revista\/wp-content\/uploads\/2023\/04\/SoyMigrante.com-V-color_profile-288x300.webp' srcset='https:\/\/soymigrante.com\/revista\/wp-content\/uploads\/2023\/04\/SoyMigrante.com-V-color_profile-288x300.webp 288w, https:\/\/soymigrante.com\/revista\/wp-content\/uploads\/2023\/04\/SoyMigrante.com-V-color_profile-982x1024.png 982w, https:\/\/soymigrante.com\/revista\/wp-content\/uploads\/2023\/04\/SoyMigrante.com-V-color_profile-768x801.png 768w, https:\/\/soymigrante.com\/revista\/wp-content\/uploads\/2023\/04\/SoyMigrante.com-V-color_profile-1473x1536.png 1473w, https:\/\/soymigrante.com\/revista\/wp-content\/uploads\/2023\/04\/SoyMigrante.com-V-color_profile-750x782.webp 750w, https:\/\/soymigrante.com\/revista\/wp-content\/uploads\/2023\/04\/SoyMigrante.com-V-color_profile-1140x1188.png 1140w, https:\/\/soymigrante.com\/revista\/wp-content\/uploads\/2023\/04\/SoyMigrante.com-V-color_profile.webp 1672w' class='avatar avatar-22 photo post-author-avatar' height='22' width='22' \/><\/a>by <a href=\"https:\/\/soymigrante.com\/revista\/author\/soymigrante\/\" class=\"ak-module-author-name\">SoyMigrante.com REVISTA<\/a><\/div><div class=\"ak-module-time\"><a href=\"https:\/\/soymigrante.com\/revista\/el-lugar-donde-murio-el-guerrero-kiche-tecun-uman-y-el-sitio-de-su-tumba-en-quetzaltenango-segun-la-tradicion\/\" class=\"ak-module-meta-published\"><i class=\"ak-icon akfi-schedule\"><\/i>19\/02\/2026<\/a><\/div> <div class=\"ak-module-view-count\"><i class=\"ak-icon  fa fa-eye\"><\/i><span class=\"count\">374<\/span><\/div><\/div>\t\t\t\t\t<\/div>\n\t\t\t\t<\/div>\n\t\t\t<\/div>\n\t\t<\/article>\n\t\t\t\t<article class=\"ak-module ak-module-grid ak-module-grid-tall ak-block-item-4 clearfix post-49482 post type-post status-publish format-standard has-post-thumbnail  category-lugar-de-voces\">\n\t\t\t<div class=\"ak-module-inner clearfix\">\n\t\t\t\t<div class=\"ak-module-grid-wrap\">\n\t\t\t\t\t<div class=\"ak-module-featured\">\n\t\t\t\t\t\t<div class=\"ak-module-badges\"><\/div>\t\t\t\t\t\t\t\t\t\t\t\t<div class=\"ak-featured-cover\"><a href=\"https:\/\/soymigrante.com\/revista\/migrante-guatemalteco-describe-navidad-en-guatemala-y-en-canada\/\" class=\"ak-featured-link\" rel=\"bookmark\" title=\"&#8220;Otro paraje, otra Navidad&#8221;: as\u00ed describe migrante guatemalteco el fin de a\u00f1o en Canad\u00e1 y en Guatemala\"><div class=\"ak-featured-thumb lazy-thumb background-thumb  size-1400\">\n                        <div class=\"lazyload\" title=\"navidad en quebec foto de carlos mertinez\" data-bgset=\"https:\/\/soymigrante.com\/revista\/wp-content\/uploads\/2025\/12\/navidad-en-quebec-foto-de-carlos-mertinez-360x504.png 800w\" ><\/div>\n                      <\/div><\/a><\/div>\t\t\t\t\t<\/div>\n\t\t\t\t\t<div class=\"ak-module-details\">\n\t\t\t\t\t\t\n\t\t\t\t\t\t<h3 class=\"ak-module-title\"><a href=\"https:\/\/soymigrante.com\/revista\/migrante-guatemalteco-describe-navidad-en-guatemala-y-en-canada\/\" rel=\"bookmark\" title=\"&#8220;Otro paraje, otra Navidad&#8221;: as\u00ed describe migrante guatemalteco el fin de a\u00f1o en Canad\u00e1 y en Guatemala\">&#8220;Otro paraje, otra Navidad&#8221;: as\u00ed describe migrante guatemalteco el fin de a\u00f1o en Canad\u00e1 y en Guatemala<\/a><\/h3>\n\t\t\t\t\t\t<div class=\"ak-module-meta\"><div class=\"ak-module-author\"><a href=\"https:\/\/soymigrante.com\/revista\/author\/soymigrante\/\"><img alt='SoyMigrante.com REVISTA' src='https:\/\/soymigrante.com\/revista\/wp-content\/uploads\/2023\/04\/SoyMigrante.com-V-color_profile-288x300.webp' srcset='https:\/\/soymigrante.com\/revista\/wp-content\/uploads\/2023\/04\/SoyMigrante.com-V-color_profile-288x300.webp 288w, https:\/\/soymigrante.com\/revista\/wp-content\/uploads\/2023\/04\/SoyMigrante.com-V-color_profile-982x1024.png 982w, https:\/\/soymigrante.com\/revista\/wp-content\/uploads\/2023\/04\/SoyMigrante.com-V-color_profile-768x801.png 768w, https:\/\/soymigrante.com\/revista\/wp-content\/uploads\/2023\/04\/SoyMigrante.com-V-color_profile-1473x1536.png 1473w, https:\/\/soymigrante.com\/revista\/wp-content\/uploads\/2023\/04\/SoyMigrante.com-V-color_profile-750x782.webp 750w, https:\/\/soymigrante.com\/revista\/wp-content\/uploads\/2023\/04\/SoyMigrante.com-V-color_profile-1140x1188.png 1140w, https:\/\/soymigrante.com\/revista\/wp-content\/uploads\/2023\/04\/SoyMigrante.com-V-color_profile.webp 1672w' class='avatar avatar-22 photo post-author-avatar' height='22' width='22' \/><\/a>by <a href=\"https:\/\/soymigrante.com\/revista\/author\/soymigrante\/\" class=\"ak-module-author-name\">SoyMigrante.com REVISTA<\/a><\/div><div class=\"ak-module-time\"><a href=\"https:\/\/soymigrante.com\/revista\/migrante-guatemalteco-describe-navidad-en-guatemala-y-en-canada\/\" class=\"ak-module-meta-published\"><i class=\"ak-icon akfi-schedule\"><\/i>08\/12\/2025<\/a><\/div> <div class=\"ak-module-view-count\"><i class=\"ak-icon  fa fa-eye\"><\/i><span class=\"count\">15<\/span><\/div><\/div>\t\t\t\t\t<\/div>\n\t\t\t\t<\/div>\n\t\t\t<\/div>\n\t\t<\/article>\n\t\t<\/div><\/div><\/div>\t\t\t\t<\/div>\n\t\t\t\t<\/div>\n\t\t\t\t<\/div>\n\t\t<div data-particle_enable=\"false\" data-particle-mobile-disabled=\"false\" class=\"elementor-element elementor-element-30fa145 e-flex e-con-boxed e-con e-parent\" data-id=\"30fa145\" data-element_type=\"container\" data-e-type=\"container\">\n\t\t\t\t\t<div class=\"e-con-inner\">\n\t\t\t\t<div class=\"elementor-element elementor-element-7309431 elementor-widget elementor-widget-spacer\" data-id=\"7309431\" data-element_type=\"widget\" data-e-type=\"widget\" data-widget_type=\"spacer.default\">\n\t\t\t\t\t\t\t<div class=\"elementor-spacer\">\n\t\t\t<div class=\"elementor-spacer-inner\"><\/div>\n\t\t<\/div>\n\t\t\t\t\t\t<\/div>\n\t\t\t\t<div class=\"elementor-element elementor-element-abd543f elementor-widget elementor-widget-html\" data-id=\"abd543f\" data-element_type=\"widget\" data-e-type=\"widget\" data-widget_type=\"html.default\">\n\t\t\t\t\t<div style=\"text-align: center;\">\n  <!-- Revive Adserver Hosted edition Asynchronous JS Tag - Generated with Revive Adserver v5.5.2 -->\n  <ins data-revive-zoneid=\"23514\" data-revive-target=\"_blank\" data-revive-id=\"727bec5e09208690b050ccfc6a45d384\"><\/ins>\n  <script async src=\"\/\/servedby.revive-adserver.net\/asyncjs.php\"><\/script>\n<\/div>\n\t\t\t\t<\/div>\n\t\t\t\t<div class=\"elementor-element elementor-element-a0c5163 elementor-widget elementor-widget-search\" data-id=\"a0c5163\" data-element_type=\"widget\" data-e-type=\"widget\" data-settings=\"{&quot;submit_trigger&quot;:&quot;click_submit&quot;,&quot;pagination_type_options&quot;:&quot;none&quot;}\" data-widget_type=\"search.default\">\n\t\t\t\t\t\t\t<search class=\"e-search hidden\" role=\"search\">\n\t\t\t<form class=\"e-search-form\" action=\"https:\/\/soymigrante.com\/revista\" method=\"get\">\n\n\t\t\t\t\n\t\t\t\t<label class=\"e-search-label\" for=\"search-a0c5163\">\n\t\t\t\t\t<span class=\"elementor-screen-only\">\n\t\t\t\t\t\tBuscar\t\t\t\t\t<\/span>\n\t\t\t\t\t\t\t\t\t<\/label>\n\n\t\t\t\t<div class=\"e-search-input-wrapper\">\n\t\t\t\t\t<input id=\"search-a0c5163\" placeholder=\"Escribe para buscar...\" class=\"e-search-input\" type=\"search\" name=\"s\" value=\"\" autocomplete=\"on\" role=\"combobox\" aria-autocomplete=\"list\" aria-expanded=\"false\" aria-controls=\"results-a0c5163\" aria-haspopup=\"listbox\">\n\t\t\t\t\t<i aria-hidden=\"true\" class=\"fas fa-times\"><\/i>\t\t\t\t\t\t\t\t\t\t<output id=\"results-a0c5163\" class=\"e-search-results-container hide-loader\" aria-live=\"polite\" aria-atomic=\"true\" aria-label=\"Resultados de b\u00fasqueda\" tabindex=\"0\">\n\t\t\t\t\t\t<div class=\"e-search-results\"><\/div>\n\t\t\t\t\t\t\t\t\t\t\t<\/output>\n\t\t\t\t\t\t\t\t\t<\/div>\n\t\t\t\t\n\t\t\t\t\n\t\t\t\t<button class=\"e-search-submit  \" type=\"submit\">\n\t\t\t\t\t\n\t\t\t\t\t\t\t\t\t\t<span class=\"\">\n\t\t\t\t\t\tBuscar\t\t\t\t\t<\/span>\n\t\t\t\t\t\t\t\t\t<\/button>\n\t\t\t\t<input type=\"hidden\" name=\"e_search_props\" value=\"a0c5163-37392\">\n\t\t\t<\/form>\n\t\t<\/search>\n\t\t\t\t\t\t<\/div>\n\t\t\t\t\t<\/div>\n\t\t\t\t<\/div>\n\t\t<div data-particle_enable=\"false\" data-particle-mobile-disabled=\"false\" class=\"elementor-element elementor-element-8395d5a elementor-hidden-desktop elementor-hidden-tablet e-flex e-con-boxed e-con e-parent\" data-id=\"8395d5a\" data-element_type=\"container\" data-e-type=\"container\">\n\t\t\t\t\t<div class=\"e-con-inner\">\n\t\t\t\t<div class=\"elementor-element elementor-element-55947f4 elementor-widget elementor-widget-newsy_list_1_small_square\" data-id=\"55947f4\" data-element_type=\"widget\" data-e-type=\"widget\" data-widget_type=\"newsy_list_1_small_square.default\">\n\t\t\t\t<div class=\"elementor-widget-container\">\n\t\t\t\t\t<div class=\"ak-block ak-block-list-1-small-square ak-block-column  ak-block-width-1 ak-pagination-container load_more clearfix\" id=\"block_69f73ed06f17f_3\"><style scoped>#block_69f73ed06f17f_3:not(.ak-block-width-1) .ak-block-posts { margin-right: -10px; }#block_69f73ed06f17f_3 .ak-block-posts .ak-module{ padding-right: 10px; margin-bottom: 10px; }#block_69f73ed06f17f_3.ak-block-module-seperator-line .ak-module-inner{ padding-bottom: 10px; }<\/style><div class=\"ak-block-header ak-block-header-style-10 no-title\"><div class=\"ak-block-tabs ak-menu-more-enabled\"><ul class=\"ak-menu ak-menu-wide\"><li class=\"menu-item\"><a href=\"#\" class=\"ak-tab-btn active\" data-tab-id=\"block_69f73ed06f17f_3\" data-filter=\"\" data-filter-value=\"\">TODO<\/a><\/li><\/ul><\/div><\/div><div class=\"ak-block-inner clearfix\"><div class=\"ak-block-posts clearfix\">\t\t<article class=\"ak-module ak-module-1-small-square ak-column-module ak-module-excerpt-hide clearfix post-55444 post type-post status-publish format-standard has-post-thumbnail  category-lugar-de-voces\">\n\t\t\t<div class=\"ak-module-inner clearfix\">\n\t\t\t\t<div class=\"ak-module-featured\">\n\t\t\t\t\t<div class=\"ak-featured-cover\"><a href=\"https:\/\/soymigrante.com\/revista\/cantautora-migrante-guatemalteca-wendy-dgi-crea-cancion-desafiante-la-envidia\/\" class=\"ak-featured-link\" rel=\"bookmark\" title=\"&#8220;La Envidia&#8221;: cantautora migrante guatemalteca Wendy DGi crea una canci\u00f3n desafiante\"><div class=\"ak-featured-thumb lazy-thumb size-1000\" ><img decoding=\"async\" width=\"75\" height=\"75\" src=\"data:image\/gif;base64,R0lGODlhAQABAAAAACH5BAEKAAEALAAAAAABAAEAAAICTAEAOw==\" class=\"attachment-newsy_75x75 size-newsy_75x75 lazyload wp-post-image\" alt=\"Wendy DGi cantautora guatemalteca migrante en Nueva York\" data-src=\"https:\/\/soymigrante.com\/revista\/wp-content\/uploads\/2026\/04\/wendy-DGi-cantautora-migrante-guatemalteca-en-nueva-york-copia-75x75.jpg\" data-sizes=\"auto\" data-srcset=\"https:\/\/soymigrante.com\/revista\/wp-content\/uploads\/2026\/04\/wendy-DGi-cantautora-migrante-guatemalteca-en-nueva-york-copia-75x75.jpg 75w, https:\/\/soymigrante.com\/revista\/wp-content\/uploads\/2026\/04\/wendy-DGi-cantautora-migrante-guatemalteca-en-nueva-york-copia-300x300.jpg 300w, https:\/\/soymigrante.com\/revista\/wp-content\/uploads\/2026\/04\/wendy-DGi-cantautora-migrante-guatemalteca-en-nueva-york-copia-1024x1024.jpg 1024w, https:\/\/soymigrante.com\/revista\/wp-content\/uploads\/2026\/04\/wendy-DGi-cantautora-migrante-guatemalteca-en-nueva-york-copia-150x150.jpg 150w, https:\/\/soymigrante.com\/revista\/wp-content\/uploads\/2026\/04\/wendy-DGi-cantautora-migrante-guatemalteca-en-nueva-york-copia-768x768.jpg 768w, https:\/\/soymigrante.com\/revista\/wp-content\/uploads\/2026\/04\/wendy-DGi-cantautora-migrante-guatemalteca-en-nueva-york-copia-750x750.jpg 750w, https:\/\/soymigrante.com\/revista\/wp-content\/uploads\/2026\/04\/wendy-DGi-cantautora-migrante-guatemalteca-en-nueva-york-copia-1140x1140.jpg 1140w, https:\/\/soymigrante.com\/revista\/wp-content\/uploads\/2026\/04\/wendy-DGi-cantautora-migrante-guatemalteca-en-nueva-york-copia.jpg 1203w\" data-expand=\"700\" \/><\/div><\/a><\/div>\t\t\t\t<\/div>\n\t\t\t\t<div class=\"ak-module-details\">\n\t\t\t\t\t<h3 class=\"ak-module-title\"><a href=\"https:\/\/soymigrante.com\/revista\/cantautora-migrante-guatemalteca-wendy-dgi-crea-cancion-desafiante-la-envidia\/\" rel=\"bookmark\" title=\"&#8220;La Envidia&#8221;: cantautora migrante guatemalteca Wendy DGi crea una canci\u00f3n desafiante\">&#8220;La Envidia&#8221;: cantautora migrante guatemalteca Wendy DGi crea&hellip;<\/a><\/h3><div class=\"ak-module-meta\"><div class=\"ak-module-time\"><a href=\"https:\/\/soymigrante.com\/revista\/cantautora-migrante-guatemalteca-wendy-dgi-crea-cancion-desafiante-la-envidia\/\" class=\"ak-module-meta-published\"><i class=\"ak-icon akfi-schedule\"><\/i>24\/04\/2026<\/a><\/div> <div class=\"ak-module-view-count\"><i class=\"ak-icon  fa fa-eye\"><\/i><span class=\"count\">83<\/span><\/div><\/div>\t\t\t\t<\/div>\n\t\t\t<\/div>\n\t\t<\/article>\n\t\t\t\t<article class=\"ak-module ak-module-1-small-square ak-column-module ak-module-excerpt-hide clearfix post-54949 post type-post status-publish format-standard has-post-thumbnail  category-lugar-de-voces\">\n\t\t\t<div class=\"ak-module-inner clearfix\">\n\t\t\t\t<div class=\"ak-module-featured\">\n\t\t\t\t\t<div class=\"ak-featured-cover\"><a href=\"https:\/\/soymigrante.com\/revista\/significados-de-nombres-indigenas-de-algunos-estados-de-los-estados-unidos\/\" class=\"ak-featured-link\" rel=\"bookmark\" title=\"Significados de nombres ind\u00edgenas de algunos Estados de los Estados Unidos\"><div class=\"ak-featured-thumb lazy-thumb size-1000\" ><img decoding=\"async\" width=\"75\" height=\"75\" src=\"data:image\/gif;base64,R0lGODlhAQABAAAAACH5BAEKAAEALAAAAAABAAEAAAICTAEAOw==\" class=\"attachment-newsy_75x75 size-newsy_75x75 lazyload wp-post-image\" alt=\"nombres indigenas Estados Unidos\" data-src=\"https:\/\/soymigrante.com\/revista\/wp-content\/uploads\/2026\/04\/nombres-indigenas-Estados-Unidos-75x75.jpg\" data-sizes=\"auto\" data-srcset=\"https:\/\/soymigrante.com\/revista\/wp-content\/uploads\/2026\/04\/nombres-indigenas-Estados-Unidos-75x75.jpg 75w, https:\/\/soymigrante.com\/revista\/wp-content\/uploads\/2026\/04\/nombres-indigenas-Estados-Unidos-300x300.jpg 300w, https:\/\/soymigrante.com\/revista\/wp-content\/uploads\/2026\/04\/nombres-indigenas-Estados-Unidos-1024x1024.jpg 1024w, https:\/\/soymigrante.com\/revista\/wp-content\/uploads\/2026\/04\/nombres-indigenas-Estados-Unidos-150x150.jpg 150w, https:\/\/soymigrante.com\/revista\/wp-content\/uploads\/2026\/04\/nombres-indigenas-Estados-Unidos-768x768.jpg 768w, https:\/\/soymigrante.com\/revista\/wp-content\/uploads\/2026\/04\/nombres-indigenas-Estados-Unidos-750x750.jpg 750w, https:\/\/soymigrante.com\/revista\/wp-content\/uploads\/2026\/04\/nombres-indigenas-Estados-Unidos-1140x1140.jpg 1140w, https:\/\/soymigrante.com\/revista\/wp-content\/uploads\/2026\/04\/nombres-indigenas-Estados-Unidos.jpg 1200w\" data-expand=\"700\" \/><\/div><\/a><\/div>\t\t\t\t<\/div>\n\t\t\t\t<div class=\"ak-module-details\">\n\t\t\t\t\t<h3 class=\"ak-module-title\"><a href=\"https:\/\/soymigrante.com\/revista\/significados-de-nombres-indigenas-de-algunos-estados-de-los-estados-unidos\/\" rel=\"bookmark\" title=\"Significados de nombres ind\u00edgenas de algunos Estados de los Estados Unidos\">Significados de nombres ind\u00edgenas de algunos Estados de los Estados Unidos<\/a><\/h3><div class=\"ak-module-meta\"><div class=\"ak-module-time\"><a href=\"https:\/\/soymigrante.com\/revista\/significados-de-nombres-indigenas-de-algunos-estados-de-los-estados-unidos\/\" class=\"ak-module-meta-published\"><i class=\"ak-icon akfi-schedule\"><\/i>14\/04\/2026<\/a><\/div> <div class=\"ak-module-view-count\"><i class=\"ak-icon  fa fa-eye\"><\/i><span class=\"count\">17<\/span><\/div><\/div>\t\t\t\t<\/div>\n\t\t\t<\/div>\n\t\t<\/article>\n\t\t\t\t<article class=\"ak-module ak-module-1-small-square ak-column-module ak-module-excerpt-hide clearfix post-54273 post type-post status-publish format-standard has-post-thumbnail  category-lugar-de-voces\">\n\t\t\t<div class=\"ak-module-inner clearfix\">\n\t\t\t\t<div class=\"ak-module-featured\">\n\t\t\t\t\t<div class=\"ak-featured-cover\"><a href=\"https:\/\/soymigrante.com\/revista\/cuantas-estaciones-tiene-el-via-crucis-migrante-y-que-significado-tiene-cada-una\/\" class=\"ak-featured-link\" rel=\"bookmark\" title=\"\u00bfCu\u00e1ntas estaciones tiene el V\u00eda Crucis Migrante y qu\u00e9 significado tiene cada una?\"><div class=\"ak-featured-thumb lazy-thumb size-1000\" ><img decoding=\"async\" width=\"75\" height=\"75\" src=\"data:image\/gif;base64,R0lGODlhAQABAAAAACH5BAEKAAEALAAAAAABAAEAAAICTAEAOw==\" class=\"attachment-newsy_75x75 size-newsy_75x75 lazyload wp-post-image\" alt=\"via crucis migrante ilustrado estacion\" data-src=\"https:\/\/soymigrante.com\/revista\/wp-content\/uploads\/2026\/03\/via-crucis-migrante-ilustrado-estacion-75x75.png\" data-sizes=\"auto\" data-srcset=\"https:\/\/soymigrante.com\/revista\/wp-content\/uploads\/2026\/03\/via-crucis-migrante-ilustrado-estacion-75x75.png 75w, https:\/\/soymigrante.com\/revista\/wp-content\/uploads\/2026\/03\/via-crucis-migrante-ilustrado-estacion-300x300.png 300w, https:\/\/soymigrante.com\/revista\/wp-content\/uploads\/2026\/03\/via-crucis-migrante-ilustrado-estacion-150x150.png 150w, https:\/\/soymigrante.com\/revista\/wp-content\/uploads\/2026\/03\/via-crucis-migrante-ilustrado-estacion-768x768.png 768w, https:\/\/soymigrante.com\/revista\/wp-content\/uploads\/2026\/03\/via-crucis-migrante-ilustrado-estacion-750x750.png 750w, https:\/\/soymigrante.com\/revista\/wp-content\/uploads\/2026\/03\/via-crucis-migrante-ilustrado-estacion.png 1024w\" data-expand=\"700\" \/><\/div><\/a><\/div>\t\t\t\t<\/div>\n\t\t\t\t<div class=\"ak-module-details\">\n\t\t\t\t\t<h3 class=\"ak-module-title\"><a href=\"https:\/\/soymigrante.com\/revista\/cuantas-estaciones-tiene-el-via-crucis-migrante-y-que-significado-tiene-cada-una\/\" rel=\"bookmark\" title=\"\u00bfCu\u00e1ntas estaciones tiene el V\u00eda Crucis Migrante y qu\u00e9 significado tiene cada una?\">\u00bfCu\u00e1ntas estaciones tiene el V\u00eda Crucis Migrante y qu\u00e9 significado tiene&hellip;<\/a><\/h3><div class=\"ak-module-meta\"><div class=\"ak-module-time\"><a href=\"https:\/\/soymigrante.com\/revista\/cuantas-estaciones-tiene-el-via-crucis-migrante-y-que-significado-tiene-cada-una\/\" class=\"ak-module-meta-published\"><i class=\"ak-icon akfi-schedule\"><\/i>30\/03\/2026<\/a><\/div> <div class=\"ak-module-view-count\"><i class=\"ak-icon  fa fa-eye\"><\/i><span class=\"count\">46<\/span><\/div><\/div>\t\t\t\t<\/div>\n\t\t\t<\/div>\n\t\t<\/article>\n\t\t\t\t<article class=\"ak-module ak-module-1-small-square ak-column-module ak-module-excerpt-hide clearfix post-52885 post type-post status-publish format-standard has-post-thumbnail  category-lugar-de-voces\">\n\t\t\t<div class=\"ak-module-inner clearfix\">\n\t\t\t\t<div class=\"ak-module-featured\">\n\t\t\t\t\t<div class=\"ak-featured-cover\"><a href=\"https:\/\/soymigrante.com\/revista\/ingeniero-guatemalteco-guillermo-fuentes-electo-entre-los-20-jovenes-latinos-de-oklahoma-2026\/\" class=\"ak-featured-link\" rel=\"bookmark\" title=\"Ingeniero guatemalteco Guillermo Fuentes electo entre los 20 J\u00f3venes Latinos de Oklahoma 2026\"><div class=\"ak-featured-thumb lazy-thumb size-1000\" ><img loading=\"lazy\" decoding=\"async\" width=\"75\" height=\"75\" src=\"data:image\/gif;base64,R0lGODlhAQABAAAAACH5BAEKAAEALAAAAAABAAEAAAICTAEAOw==\" class=\"attachment-newsy_75x75 size-newsy_75x75 lazyload wp-post-image\" alt=\"guillermo fuentes guatemalteco oklahoma entre los 20 menores de 40\" data-src=\"https:\/\/soymigrante.com\/revista\/wp-content\/uploads\/2026\/02\/guillermo-fuentes-guatemalteco-oklahoma-entre-los-20-menores-de-40-75x75.png\" data-sizes=\"auto\" data-srcset=\"https:\/\/soymigrante.com\/revista\/wp-content\/uploads\/2026\/02\/guillermo-fuentes-guatemalteco-oklahoma-entre-los-20-menores-de-40-75x75.png 75w, https:\/\/soymigrante.com\/revista\/wp-content\/uploads\/2026\/02\/guillermo-fuentes-guatemalteco-oklahoma-entre-los-20-menores-de-40-300x296.png 300w, https:\/\/soymigrante.com\/revista\/wp-content\/uploads\/2026\/02\/guillermo-fuentes-guatemalteco-oklahoma-entre-los-20-menores-de-40-150x150.png 150w, https:\/\/soymigrante.com\/revista\/wp-content\/uploads\/2026\/02\/guillermo-fuentes-guatemalteco-oklahoma-entre-los-20-menores-de-40.png 737w\" data-expand=\"700\" \/><\/div><\/a><\/div>\t\t\t\t<\/div>\n\t\t\t\t<div class=\"ak-module-details\">\n\t\t\t\t\t<h3 class=\"ak-module-title\"><a href=\"https:\/\/soymigrante.com\/revista\/ingeniero-guatemalteco-guillermo-fuentes-electo-entre-los-20-jovenes-latinos-de-oklahoma-2026\/\" rel=\"bookmark\" title=\"Ingeniero guatemalteco Guillermo Fuentes electo entre los 20 J\u00f3venes Latinos de Oklahoma 2026\">Ingeniero guatemalteco Guillermo Fuentes electo entre los 20 J\u00f3venes&hellip;<\/a><\/h3><div class=\"ak-module-meta\"><div class=\"ak-module-time\"><a href=\"https:\/\/soymigrante.com\/revista\/ingeniero-guatemalteco-guillermo-fuentes-electo-entre-los-20-jovenes-latinos-de-oklahoma-2026\/\" class=\"ak-module-meta-published\"><i class=\"ak-icon akfi-schedule\"><\/i>25\/02\/2026<\/a><\/div> <div class=\"ak-module-view-count\"><i class=\"ak-icon  fa fa-eye\"><\/i><span class=\"count\">92<\/span><\/div><\/div>\t\t\t\t<\/div>\n\t\t\t<\/div>\n\t\t<\/article>\n\t\t\t\t<article class=\"ak-module ak-module-1-small-square ak-column-module ak-module-excerpt-hide clearfix post-52685 post type-post status-publish format-standard has-post-thumbnail  category-arte-cultura category-lugar-de-voces\">\n\t\t\t<div class=\"ak-module-inner clearfix\">\n\t\t\t\t<div class=\"ak-module-featured\">\n\t\t\t\t\t<div class=\"ak-featured-cover\"><a href=\"https:\/\/soymigrante.com\/revista\/el-lugar-donde-murio-el-guerrero-kiche-tecun-uman-y-el-sitio-de-su-tumba-en-quetzaltenango-segun-la-tradicion\/\" class=\"ak-featured-link\" rel=\"bookmark\" title=\"El lugar donde muri\u00f3 el guerrero k&#8217;iche&#8217; Tec\u00fan Um\u00e1n y el sitio de su tumba en Quetzaltenango seg\u00fan la tradici\u00f3n.\"><div class=\"ak-featured-thumb lazy-thumb size-1000\" ><img loading=\"lazy\" decoding=\"async\" width=\"75\" height=\"75\" src=\"data:image\/gif;base64,R0lGODlhAQABAAAAACH5BAEKAAEALAAAAAABAAEAAAICTAEAOw==\" class=\"attachment-newsy_75x75 size-newsy_75x75 lazyload wp-post-image\" alt=\"tecun uman escena\" data-src=\"https:\/\/soymigrante.com\/revista\/wp-content\/uploads\/2026\/02\/tecun-uman-escena-75x75.png\" data-sizes=\"auto\" data-srcset=\"https:\/\/soymigrante.com\/revista\/wp-content\/uploads\/2026\/02\/tecun-uman-escena-75x75.png 75w, https:\/\/soymigrante.com\/revista\/wp-content\/uploads\/2026\/02\/tecun-uman-escena-300x300.png 300w, https:\/\/soymigrante.com\/revista\/wp-content\/uploads\/2026\/02\/tecun-uman-escena-150x150.png 150w, https:\/\/soymigrante.com\/revista\/wp-content\/uploads\/2026\/02\/tecun-uman-escena-768x768.png 768w, https:\/\/soymigrante.com\/revista\/wp-content\/uploads\/2026\/02\/tecun-uman-escena-750x750.png 750w, https:\/\/soymigrante.com\/revista\/wp-content\/uploads\/2026\/02\/tecun-uman-escena.png 1024w\" data-expand=\"700\" \/><\/div><\/a><\/div>\t\t\t\t<\/div>\n\t\t\t\t<div class=\"ak-module-details\">\n\t\t\t\t\t<h3 class=\"ak-module-title\"><a href=\"https:\/\/soymigrante.com\/revista\/el-lugar-donde-murio-el-guerrero-kiche-tecun-uman-y-el-sitio-de-su-tumba-en-quetzaltenango-segun-la-tradicion\/\" rel=\"bookmark\" title=\"El lugar donde muri\u00f3 el guerrero k&#8217;iche&#8217; Tec\u00fan Um\u00e1n y el sitio de su tumba en Quetzaltenango seg\u00fan la tradici\u00f3n.\">El lugar donde muri\u00f3 el guerrero k&#8217;iche&#8217; Tec\u00fan Um\u00e1n y el sitio&hellip;<\/a><\/h3><div class=\"ak-module-meta\"><div class=\"ak-module-time\"><a href=\"https:\/\/soymigrante.com\/revista\/el-lugar-donde-murio-el-guerrero-kiche-tecun-uman-y-el-sitio-de-su-tumba-en-quetzaltenango-segun-la-tradicion\/\" class=\"ak-module-meta-published\"><i class=\"ak-icon akfi-schedule\"><\/i>19\/02\/2026<\/a><\/div> <div class=\"ak-module-view-count\"><i class=\"ak-icon  fa fa-eye\"><\/i><span class=\"count\">374<\/span><\/div><\/div>\t\t\t\t<\/div>\n\t\t\t<\/div>\n\t\t<\/article>\n\t\t\t\t<article class=\"ak-module ak-module-1-small-square ak-column-module ak-module-excerpt-hide clearfix post-52472 post type-post status-publish format-standard has-post-thumbnail  category-lugar-de-voces category-uncategorized\">\n\t\t\t<div class=\"ak-module-inner clearfix\">\n\t\t\t\t<div class=\"ak-module-featured\">\n\t\t\t\t\t<div class=\"ak-featured-cover\"><a href=\"https:\/\/soymigrante.com\/revista\/artista-leslie-m-guzman-nacida-en-guatemala-expone-sus-obras-en-texas-asi-explica-su-proceso-creativo\/\" class=\"ak-featured-link\" rel=\"bookmark\" title=\"Artista Leslie M. Guzm\u00e1n, nacida en Guatemala, expone sus obras en Texas. As\u00ed explica su proceso creativo.\"><div class=\"ak-featured-thumb lazy-thumb size-1000\" ><img loading=\"lazy\" decoding=\"async\" width=\"75\" height=\"75\" src=\"data:image\/gif;base64,R0lGODlhAQABAAAAACH5BAEKAAEALAAAAAABAAEAAAICTAEAOw==\" class=\"attachment-newsy_75x75 size-newsy_75x75 lazyload wp-post-image\" alt=\"leslie m guzman artista guatemalteca migrante en texas\" data-src=\"https:\/\/soymigrante.com\/revista\/wp-content\/uploads\/2026\/02\/leslie-m-guzman-artista-guatemalteca-migrante-en-texas-75x75.jpg\" data-sizes=\"auto\" data-srcset=\"https:\/\/soymigrante.com\/revista\/wp-content\/uploads\/2026\/02\/leslie-m-guzman-artista-guatemalteca-migrante-en-texas-75x75.jpg 75w, https:\/\/soymigrante.com\/revista\/wp-content\/uploads\/2026\/02\/leslie-m-guzman-artista-guatemalteca-migrante-en-texas-300x300.jpg 300w, https:\/\/soymigrante.com\/revista\/wp-content\/uploads\/2026\/02\/leslie-m-guzman-artista-guatemalteca-migrante-en-texas-150x150.jpg 150w, https:\/\/soymigrante.com\/revista\/wp-content\/uploads\/2026\/02\/leslie-m-guzman-artista-guatemalteca-migrante-en-texas-768x768.jpg 768w, https:\/\/soymigrante.com\/revista\/wp-content\/uploads\/2026\/02\/leslie-m-guzman-artista-guatemalteca-migrante-en-texas-750x750.jpg 750w, https:\/\/soymigrante.com\/revista\/wp-content\/uploads\/2026\/02\/leslie-m-guzman-artista-guatemalteca-migrante-en-texas.jpg 958w\" data-expand=\"700\" \/><\/div><\/a><\/div>\t\t\t\t<\/div>\n\t\t\t\t<div class=\"ak-module-details\">\n\t\t\t\t\t<h3 class=\"ak-module-title\"><a href=\"https:\/\/soymigrante.com\/revista\/artista-leslie-m-guzman-nacida-en-guatemala-expone-sus-obras-en-texas-asi-explica-su-proceso-creativo\/\" rel=\"bookmark\" title=\"Artista Leslie M. Guzm\u00e1n, nacida en Guatemala, expone sus obras en Texas. As\u00ed explica su proceso creativo.\">Artista Leslie M. Guzm\u00e1n, nacida en Guatemala, expone sus obras en Texas.&hellip;<\/a><\/h3><div class=\"ak-module-meta\"><div class=\"ak-module-time\"><a href=\"https:\/\/soymigrante.com\/revista\/artista-leslie-m-guzman-nacida-en-guatemala-expone-sus-obras-en-texas-asi-explica-su-proceso-creativo\/\" class=\"ak-module-meta-published\"><i class=\"ak-icon akfi-schedule\"><\/i>13\/02\/2026<\/a><\/div> <div class=\"ak-module-view-count\"><i class=\"ak-icon  fa fa-eye\"><\/i><span class=\"count\">69<\/span><\/div><\/div>\t\t\t\t<\/div>\n\t\t\t<\/div>\n\t\t<\/article>\n\t\t<\/div><div class=\"ak-pagination load_more clearfix\"><script>var ak_pagination_data_block_69f73ed06f17f_3 = {\"atts\":{\"title\":\"\",\"title_size\":\"\",\"title_line_height\":\"\",\"subtitle\":\"\",\"subtitle_size\":\"\",\"subtitle_line_height\":\"\",\"title_url\":\"\",\"title_url_text\":\"\",\"icon\":\"\",\"block_accent_color\":\"\",\"header_style\":\"style-10\",\"header_bg_color\":\"\",\"header_line_color\":\"\",\"header_title_color\":\"\",\"header_subtitle_color\":\"\",\"header_title_bg_color\":\"\",\"header_icon_color\":\"\",\"pagination\":\"load_more\",\"show_pagination_label\":\"\",\"infinity_break_count\":\"3\",\"tabs\":\"sub_cat_filter\",\"tabs_all_text\":\"TODO\",\"tabs_cat_filter\":\"\",\"tabs_tax_filter\":\"\",\"tabs_order_by_filter\":\"\",\"tabs_more_menu\":\"\",\"count\":6,\"offset\":\"\",\"post_type\":\"post\",\"post_status\":\"publish\",\"time_filter\":\"\",\"order_by\":\"latest\",\"post_format\":\"\",\"meta_query\":[],\"s\":\"\",\"author\":\"\",\"category\":\"56\",\"post\":\"\",\"taxonomy\":\"\",\"taxonomy_relation\":\"\",\"block_width\":1,\"block_id\":\"block_69f73ed06f17f_3\",\"block_extra_classes\":\"\",\"custom_enabled\":\"yes\",\"custom_parts\":{\"show_excerpt\":\"hide\",\"show_author_icon\":\"hide\",\"show_author\":\"hide\",\"show_comment_count\":\"hide\",\"show_share_count\":\"hide\",\"show_voting_count\":\"hide\",\"show_category\":\"hide\",\"show_format_icon\":\"hide\",\"show_badge_icon\":\"hide\"},\"wp_query\":false,\"numeric_items_style\":\"\",\"item_margin\":10,\"show_no_result\":true,\"view\":\"newsy_list_1_small_square\",\"query-main-term\":\"56\"},\"id\":\"block_69f73ed06f17f_3\",\"token\":\"9f50786b97b\"};<\/script><a href=\"#\" class=\"ak-pagination-btn\" data-action=\"next\" data-block-id=\"block_69f73ed06f17f_3\" title=\"Load More Posts\" rel=\"nofollow\"><span class=\"ak-pagination-btn-load-more\"><i class=\"fa fa-caret-down\" aria-hidden=\"true\"><\/i> <span class=\"txt\">Load More Posts<\/span><\/span><span class=\"ak-pagination-btn-loading\"><i class=\"fa fa-circle-o-notch fa-spin fa-fw\"><\/i> <span class=\"txt\">Loading...<\/span><\/span><span class=\"ak-pagination-btn-no-more\">No more posts.<\/span><\/a><\/div><\/div><\/div>\t\t\t\t<\/div>\n\t\t\t\t<\/div>\n\t\t\t\t\t<\/div>\n\t\t\t\t<\/div>\n\t\t<div data-particle_enable=\"false\" data-particle-mobile-disabled=\"false\" class=\"elementor-element elementor-element-3c16049 e-con-full elementor-hidden-mobile e-flex e-con e-parent\" data-id=\"3c16049\" data-element_type=\"container\" data-e-type=\"container\">\n\t\t\t\t<div class=\"elementor-element elementor-element-44c77d6 elementor-widget elementor-widget-newsy_block_14\" data-id=\"44c77d6\" data-element_type=\"widget\" data-e-type=\"widget\" data-widget_type=\"newsy_block_14.default\">\n\t\t\t\t<div class=\"elementor-widget-container\">\n\t\t\t\t\t<div class=\"ak-block ak-block-14 ak-block-column ak-masonry  ak-block-width-3 ak-pagination-container load_more clearfix\" id=\"block_69f73ed06f17f_4\"><div class=\"ak-block-header ak-block-header-style-15 no-title\"><div class=\"ak-block-tabs ak-menu-more-enabled\"><ul class=\"ak-menu ak-menu-wide\"><li class=\"menu-item\"><a href=\"#\" class=\"ak-tab-btn active\" data-tab-id=\"block_69f73ed06f17f_4\" data-filter=\"\" data-filter-value=\"\">TODO<\/a><\/li><\/ul><\/div><\/div><div class=\"ak-block-inner clearfix\"><div class=\"ak-block-posts clearfix\">\t\t<article class=\"ak-module ak-module-3 ak-column-module clearfix post-55444 post type-post status-publish format-standard has-post-thumbnail  category-lugar-de-voces\">\n\t\t\t<div class=\"ak-module-inner clearfix\">\n\t\t\t\t<div class=\"ak-module-grid-wrap\">\n\t\t\t\t\t<div class=\"ak-module-featured\">\n\t\t\t\t\t\t<div class=\"ak-module-badges\"><\/div><div class=\"ak-featured-cover\"><a href=\"https:\/\/soymigrante.com\/revista\/cantautora-migrante-guatemalteca-wendy-dgi-crea-cancion-desafiante-la-envidia\/\" class=\"ak-featured-link\" rel=\"bookmark\" title=\"&#8220;La Envidia&#8221;: cantautora migrante guatemalteca Wendy DGi crea una canci\u00f3n desafiante\"><div class=\"ak-featured-thumb lazy-thumb size-715\" ><img loading=\"lazy\" decoding=\"async\" width=\"350\" height=\"250\" src=\"data:image\/gif;base64,R0lGODlhAQABAAAAACH5BAEKAAEALAAAAAABAAEAAAICTAEAOw==\" class=\"attachment-newsy_350x250 size-newsy_350x250 lazyload wp-post-image\" alt=\"Wendy DGi cantautora guatemalteca migrante en Nueva York\" data-src=\"https:\/\/soymigrante.com\/revista\/wp-content\/uploads\/2026\/04\/wendy-DGi-cantautora-migrante-guatemalteca-en-nueva-york-copia-350x250.jpg\" data-sizes=\"auto\" data-srcset=\"https:\/\/soymigrante.com\/revista\/wp-content\/uploads\/2026\/04\/wendy-DGi-cantautora-migrante-guatemalteca-en-nueva-york-copia-350x250.jpg 350w, https:\/\/soymigrante.com\/revista\/wp-content\/uploads\/2026\/04\/wendy-DGi-cantautora-migrante-guatemalteca-en-nueva-york-copia-120x86.jpg 120w, https:\/\/soymigrante.com\/revista\/wp-content\/uploads\/2026\/04\/wendy-DGi-cantautora-migrante-guatemalteca-en-nueva-york-copia-750x536.jpg 750w\" data-expand=\"700\" \/><\/div><\/a><\/div>\t\t\t\t\t<\/div>\n\t\t\t\t\t<div class=\"ak-module-details\">\n\t\t\t\t\t\t<h3 class=\"ak-module-title\"><a href=\"https:\/\/soymigrante.com\/revista\/cantautora-migrante-guatemalteca-wendy-dgi-crea-cancion-desafiante-la-envidia\/\" rel=\"bookmark\" title=\"&#8220;La Envidia&#8221;: cantautora migrante guatemalteca Wendy DGi crea una canci\u00f3n desafiante\">&#8220;La Envidia&#8221;: cantautora migrante guatemalteca Wendy DGi crea una canci\u00f3n desafiante<\/a><\/h3><div class=\"ak-module-meta\"><div class=\"ak-module-time\"><a href=\"https:\/\/soymigrante.com\/revista\/cantautora-migrante-guatemalteca-wendy-dgi-crea-cancion-desafiante-la-envidia\/\" class=\"ak-module-meta-published\"><i class=\"ak-icon akfi-schedule\"><\/i>24\/04\/2026<\/a><\/div><\/div>\t\t\t\t\t<\/div>\n\t\t\t\t<\/div>\n\t\t\t<\/div>\n\t\t<\/article>\n\t\t\t\t<article class=\"ak-module ak-module-2-tall ak-column-module clearfix post-54949 post type-post status-publish format-standard has-post-thumbnail  category-lugar-de-voces\">\n\t\t\t<div class=\"ak-module-inner clearfix\">\n\t\t\t\t<div class=\"ak-module-featured\">\n\t\t\t\t\t<div class=\"ak-module-badges\"><\/div><div class=\"ak-featured-cover\"><a href=\"https:\/\/soymigrante.com\/revista\/significados-de-nombres-indigenas-de-algunos-estados-de-los-estados-unidos\/\" class=\"ak-featured-link\" rel=\"bookmark\" title=\"Significados de nombres ind\u00edgenas de algunos Estados de los Estados Unidos\"><div class=\"ak-featured-thumb lazy-thumb size-1400\" ><img loading=\"lazy\" decoding=\"async\" width=\"360\" height=\"504\" src=\"data:image\/gif;base64,R0lGODlhAQABAAAAACH5BAEKAAEALAAAAAABAAEAAAICTAEAOw==\" class=\"attachment-newsy_360x504 size-newsy_360x504 lazyload wp-post-image\" alt=\"nombres indigenas Estados Unidos\" data-src=\"https:\/\/soymigrante.com\/revista\/wp-content\/uploads\/2026\/04\/nombres-indigenas-Estados-Unidos-360x504.jpg\" data-sizes=\"auto\" data-srcset=\"\" data-expand=\"700\" \/><\/div><\/a><\/div><div class=\"ak-module-featured-meta\"><\/div>\t\t\t\t<\/div>\n\t\t\t\t<div class=\"ak-module-details\">\n\t\t\t\t\t<h3 class=\"ak-module-title\"><a href=\"https:\/\/soymigrante.com\/revista\/significados-de-nombres-indigenas-de-algunos-estados-de-los-estados-unidos\/\" rel=\"bookmark\" title=\"Significados de nombres ind\u00edgenas de algunos Estados de los Estados Unidos\">Significados de nombres ind\u00edgenas de algunos Estados de los Estados Unidos<\/a><\/h3><div class=\"ak-module-meta\"><div class=\"ak-module-time\"><a href=\"https:\/\/soymigrante.com\/revista\/significados-de-nombres-indigenas-de-algunos-estados-de-los-estados-unidos\/\" class=\"ak-module-meta-published\"><i class=\"ak-icon akfi-schedule\"><\/i>14\/04\/2026<\/a><\/div><\/div><div class=\"ak-module-summary\"><p>Antiguos nombres ind\u00edgenas de territorios siguen all\u00ed, a veces como nombres de&hellip;<\/p><\/div>\t\t\t\t<\/div>\n\t\t\t<\/div>\n\t\t<\/article>\n\t\t\t\t<article class=\"ak-module ak-module-3 ak-column-module clearfix post-54273 post type-post status-publish format-standard has-post-thumbnail  category-lugar-de-voces\">\n\t\t\t<div class=\"ak-module-inner clearfix\">\n\t\t\t\t<div class=\"ak-module-grid-wrap\">\n\t\t\t\t\t<div class=\"ak-module-featured\">\n\t\t\t\t\t\t<div class=\"ak-module-badges\"><\/div><div class=\"ak-featured-cover\"><a href=\"https:\/\/soymigrante.com\/revista\/cuantas-estaciones-tiene-el-via-crucis-migrante-y-que-significado-tiene-cada-una\/\" class=\"ak-featured-link\" rel=\"bookmark\" title=\"\u00bfCu\u00e1ntas estaciones tiene el V\u00eda Crucis Migrante y qu\u00e9 significado tiene cada una?\"><div class=\"ak-featured-thumb lazy-thumb size-715\" ><img loading=\"lazy\" decoding=\"async\" width=\"350\" height=\"250\" src=\"data:image\/gif;base64,R0lGODlhAQABAAAAACH5BAEKAAEALAAAAAABAAEAAAICTAEAOw==\" class=\"attachment-newsy_350x250 size-newsy_350x250 lazyload wp-post-image\" alt=\"via crucis migrante ilustrado estacion\" data-src=\"https:\/\/soymigrante.com\/revista\/wp-content\/uploads\/2026\/03\/via-crucis-migrante-ilustrado-estacion-350x250.png\" data-sizes=\"auto\" data-srcset=\"https:\/\/soymigrante.com\/revista\/wp-content\/uploads\/2026\/03\/via-crucis-migrante-ilustrado-estacion-350x250.png 350w, https:\/\/soymigrante.com\/revista\/wp-content\/uploads\/2026\/03\/via-crucis-migrante-ilustrado-estacion-120x86.png 120w, https:\/\/soymigrante.com\/revista\/wp-content\/uploads\/2026\/03\/via-crucis-migrante-ilustrado-estacion-750x536.png 750w\" data-expand=\"700\" \/><\/div><\/a><\/div>\t\t\t\t\t<\/div>\n\t\t\t\t\t<div class=\"ak-module-details\">\n\t\t\t\t\t\t<h3 class=\"ak-module-title\"><a href=\"https:\/\/soymigrante.com\/revista\/cuantas-estaciones-tiene-el-via-crucis-migrante-y-que-significado-tiene-cada-una\/\" rel=\"bookmark\" title=\"\u00bfCu\u00e1ntas estaciones tiene el V\u00eda Crucis Migrante y qu\u00e9 significado tiene cada una?\">\u00bfCu\u00e1ntas estaciones tiene el V\u00eda Crucis Migrante y qu\u00e9 significado tiene cada una?<\/a><\/h3><div class=\"ak-module-meta\"><div class=\"ak-module-time\"><a href=\"https:\/\/soymigrante.com\/revista\/cuantas-estaciones-tiene-el-via-crucis-migrante-y-que-significado-tiene-cada-una\/\" class=\"ak-module-meta-published\"><i class=\"ak-icon akfi-schedule\"><\/i>30\/03\/2026<\/a><\/div><\/div>\t\t\t\t\t<\/div>\n\t\t\t\t<\/div>\n\t\t\t<\/div>\n\t\t<\/article>\n\t\t\t\t<article class=\"ak-module ak-module-2-tall ak-column-module clearfix post-52885 post type-post status-publish format-standard has-post-thumbnail  category-lugar-de-voces\">\n\t\t\t<div class=\"ak-module-inner clearfix\">\n\t\t\t\t<div class=\"ak-module-featured\">\n\t\t\t\t\t<div class=\"ak-module-badges\"><\/div><div class=\"ak-featured-cover\"><a href=\"https:\/\/soymigrante.com\/revista\/ingeniero-guatemalteco-guillermo-fuentes-electo-entre-los-20-jovenes-latinos-de-oklahoma-2026\/\" class=\"ak-featured-link\" rel=\"bookmark\" title=\"Ingeniero guatemalteco Guillermo Fuentes electo entre los 20 J\u00f3venes Latinos de Oklahoma 2026\"><div class=\"ak-featured-thumb lazy-thumb size-1400\" ><img loading=\"lazy\" decoding=\"async\" width=\"360\" height=\"504\" src=\"data:image\/gif;base64,R0lGODlhAQABAAAAACH5BAEKAAEALAAAAAABAAEAAAICTAEAOw==\" class=\"attachment-newsy_360x504 size-newsy_360x504 lazyload wp-post-image\" alt=\"guillermo fuentes guatemalteco oklahoma entre los 20 menores de 40\" data-src=\"https:\/\/soymigrante.com\/revista\/wp-content\/uploads\/2026\/02\/guillermo-fuentes-guatemalteco-oklahoma-entre-los-20-menores-de-40-360x504.png\" data-sizes=\"auto\" data-srcset=\"\" data-expand=\"700\" \/><\/div><\/a><\/div><div class=\"ak-module-featured-meta\"><\/div>\t\t\t\t<\/div>\n\t\t\t\t<div class=\"ak-module-details\">\n\t\t\t\t\t<h3 class=\"ak-module-title\"><a href=\"https:\/\/soymigrante.com\/revista\/ingeniero-guatemalteco-guillermo-fuentes-electo-entre-los-20-jovenes-latinos-de-oklahoma-2026\/\" rel=\"bookmark\" title=\"Ingeniero guatemalteco Guillermo Fuentes electo entre los 20 J\u00f3venes Latinos de Oklahoma 2026\">Ingeniero guatemalteco Guillermo Fuentes electo entre los 20 J\u00f3venes Latinos de Oklahoma 2026<\/a><\/h3><div class=\"ak-module-meta\"><div class=\"ak-module-time\"><a href=\"https:\/\/soymigrante.com\/revista\/ingeniero-guatemalteco-guillermo-fuentes-electo-entre-los-20-jovenes-latinos-de-oklahoma-2026\/\" class=\"ak-module-meta-published\"><i class=\"ak-icon akfi-schedule\"><\/i>25\/02\/2026<\/a><\/div><\/div><div class=\"ak-module-summary\"><p>&quot;Me siento muy honrado&quot; expresa Guillermo Fuentes Rosales, ingeniero&hellip;<\/p><\/div>\t\t\t\t<\/div>\n\t\t\t<\/div>\n\t\t<\/article>\n\t\t\t\t<article class=\"ak-module ak-module-3 ak-column-module clearfix post-52685 post type-post status-publish format-standard has-post-thumbnail  category-arte-cultura category-lugar-de-voces\">\n\t\t\t<div class=\"ak-module-inner clearfix\">\n\t\t\t\t<div class=\"ak-module-grid-wrap\">\n\t\t\t\t\t<div class=\"ak-module-featured\">\n\t\t\t\t\t\t<div class=\"ak-module-badges\"><\/div><div class=\"ak-featured-cover\"><a href=\"https:\/\/soymigrante.com\/revista\/el-lugar-donde-murio-el-guerrero-kiche-tecun-uman-y-el-sitio-de-su-tumba-en-quetzaltenango-segun-la-tradicion\/\" class=\"ak-featured-link\" rel=\"bookmark\" title=\"El lugar donde muri\u00f3 el guerrero k&#8217;iche&#8217; Tec\u00fan Um\u00e1n y el sitio de su tumba en Quetzaltenango seg\u00fan la tradici\u00f3n.\"><div class=\"ak-featured-thumb lazy-thumb size-715\" ><img loading=\"lazy\" decoding=\"async\" width=\"350\" height=\"250\" src=\"data:image\/gif;base64,R0lGODlhAQABAAAAACH5BAEKAAEALAAAAAABAAEAAAICTAEAOw==\" class=\"attachment-newsy_350x250 size-newsy_350x250 lazyload wp-post-image\" alt=\"tecun uman escena\" data-src=\"https:\/\/soymigrante.com\/revista\/wp-content\/uploads\/2026\/02\/tecun-uman-escena-350x250.png\" data-sizes=\"auto\" data-srcset=\"https:\/\/soymigrante.com\/revista\/wp-content\/uploads\/2026\/02\/tecun-uman-escena-350x250.png 350w, https:\/\/soymigrante.com\/revista\/wp-content\/uploads\/2026\/02\/tecun-uman-escena-120x86.png 120w, https:\/\/soymigrante.com\/revista\/wp-content\/uploads\/2026\/02\/tecun-uman-escena-750x536.png 750w\" data-expand=\"700\" \/><\/div><\/a><\/div>\t\t\t\t\t<\/div>\n\t\t\t\t\t<div class=\"ak-module-details\">\n\t\t\t\t\t\t<h3 class=\"ak-module-title\"><a href=\"https:\/\/soymigrante.com\/revista\/el-lugar-donde-murio-el-guerrero-kiche-tecun-uman-y-el-sitio-de-su-tumba-en-quetzaltenango-segun-la-tradicion\/\" rel=\"bookmark\" title=\"El lugar donde muri\u00f3 el guerrero k&#8217;iche&#8217; Tec\u00fan Um\u00e1n y el sitio de su tumba en Quetzaltenango seg\u00fan la tradici\u00f3n.\">El lugar donde muri\u00f3 el guerrero k&#8217;iche&#8217; Tec\u00fan Um\u00e1n y el sitio de su tumba en Quetzaltenango seg\u00fan la tradici\u00f3n.<\/a><\/h3><div class=\"ak-module-meta\"><div class=\"ak-module-time\"><a href=\"https:\/\/soymigrante.com\/revista\/el-lugar-donde-murio-el-guerrero-kiche-tecun-uman-y-el-sitio-de-su-tumba-en-quetzaltenango-segun-la-tradicion\/\" class=\"ak-module-meta-published\"><i class=\"ak-icon akfi-schedule\"><\/i>19\/02\/2026<\/a><\/div><\/div>\t\t\t\t\t<\/div>\n\t\t\t\t<\/div>\n\t\t\t<\/div>\n\t\t<\/article>\n\t\t\t\t<article class=\"ak-module ak-module-2-tall ak-column-module clearfix post-52472 post type-post status-publish format-standard has-post-thumbnail  category-lugar-de-voces category-uncategorized\">\n\t\t\t<div class=\"ak-module-inner clearfix\">\n\t\t\t\t<div class=\"ak-module-featured\">\n\t\t\t\t\t<div class=\"ak-module-badges\"><\/div><div class=\"ak-featured-cover\"><a href=\"https:\/\/soymigrante.com\/revista\/artista-leslie-m-guzman-nacida-en-guatemala-expone-sus-obras-en-texas-asi-explica-su-proceso-creativo\/\" class=\"ak-featured-link\" rel=\"bookmark\" title=\"Artista Leslie M. Guzm\u00e1n, nacida en Guatemala, expone sus obras en Texas. As\u00ed explica su proceso creativo.\"><div class=\"ak-featured-thumb lazy-thumb size-1400\" ><img loading=\"lazy\" decoding=\"async\" width=\"360\" height=\"504\" src=\"data:image\/gif;base64,R0lGODlhAQABAAAAACH5BAEKAAEALAAAAAABAAEAAAICTAEAOw==\" class=\"attachment-newsy_360x504 size-newsy_360x504 lazyload wp-post-image\" alt=\"leslie m guzman artista guatemalteca migrante en texas\" data-src=\"https:\/\/soymigrante.com\/revista\/wp-content\/uploads\/2026\/02\/leslie-m-guzman-artista-guatemalteca-migrante-en-texas-360x504.jpg\" data-sizes=\"auto\" data-srcset=\"\" data-expand=\"700\" \/><\/div><\/a><\/div><div class=\"ak-module-featured-meta\"><\/div>\t\t\t\t<\/div>\n\t\t\t\t<div class=\"ak-module-details\">\n\t\t\t\t\t<h3 class=\"ak-module-title\"><a href=\"https:\/\/soymigrante.com\/revista\/artista-leslie-m-guzman-nacida-en-guatemala-expone-sus-obras-en-texas-asi-explica-su-proceso-creativo\/\" rel=\"bookmark\" title=\"Artista Leslie M. Guzm\u00e1n, nacida en Guatemala, expone sus obras en Texas. As\u00ed explica su proceso creativo.\">Artista Leslie M. Guzm\u00e1n, nacida en Guatemala, expone sus obras en Texas. As\u00ed explica su proceso creativo.<\/a><\/h3><div class=\"ak-module-meta\"><div class=\"ak-module-time\"><a href=\"https:\/\/soymigrante.com\/revista\/artista-leslie-m-guzman-nacida-en-guatemala-expone-sus-obras-en-texas-asi-explica-su-proceso-creativo\/\" class=\"ak-module-meta-published\"><i class=\"ak-icon akfi-schedule\"><\/i>13\/02\/2026<\/a><\/div><\/div><div class=\"ak-module-summary\"><p>Leslie M. Guzm\u00e1n, artista originaria de Guatemala y residente en Texas presenta&hellip;<\/p><\/div>\t\t\t\t<\/div>\n\t\t\t<\/div>\n\t\t<\/article>\n\t\t\t\t<article class=\"ak-module ak-module-3 ak-column-module clearfix post-52343 post type-post status-publish format-standard has-post-thumbnail  category-lugar-de-voces\">\n\t\t\t<div class=\"ak-module-inner clearfix\">\n\t\t\t\t<div class=\"ak-module-grid-wrap\">\n\t\t\t\t\t<div class=\"ak-module-featured\">\n\t\t\t\t\t\t<div class=\"ak-module-badges\"><\/div><div class=\"ak-featured-cover\"><a href=\"https:\/\/soymigrante.com\/revista\/educacion-es-la-unica-opcion-medico-guatemalteco-analiza-polemica-de-artista-latino-bad-bunny-en-superbowl\/\" class=\"ak-featured-link\" rel=\"bookmark\" title=\"&#8220;Educaci\u00f3n es la \u00fanica opci\u00f3n&#8221;: m\u00e9dico guatemalteco analiza pol\u00e9mica de artista latino Bad Bunny en Superbowl\"><div class=\"ak-featured-thumb lazy-thumb size-715\" ><img loading=\"lazy\" decoding=\"async\" width=\"350\" height=\"250\" src=\"data:image\/gif;base64,R0lGODlhAQABAAAAACH5BAEKAAEALAAAAAABAAEAAAICTAEAOw==\" class=\"attachment-newsy_350x250 size-newsy_350x250 lazyload wp-post-image\" alt=\"bad bunny en superbowl\" data-src=\"https:\/\/soymigrante.com\/revista\/wp-content\/uploads\/2026\/02\/Captura-de-pantalla-2026-02-10-121509-350x250.png\" data-sizes=\"auto\" data-srcset=\"https:\/\/soymigrante.com\/revista\/wp-content\/uploads\/2026\/02\/Captura-de-pantalla-2026-02-10-121509-350x250.png 350w, https:\/\/soymigrante.com\/revista\/wp-content\/uploads\/2026\/02\/Captura-de-pantalla-2026-02-10-121509-120x86.png 120w, https:\/\/soymigrante.com\/revista\/wp-content\/uploads\/2026\/02\/Captura-de-pantalla-2026-02-10-121509-750x536.png 750w\" data-expand=\"700\" \/><\/div><\/a><\/div>\t\t\t\t\t<\/div>\n\t\t\t\t\t<div class=\"ak-module-details\">\n\t\t\t\t\t\t<h3 class=\"ak-module-title\"><a href=\"https:\/\/soymigrante.com\/revista\/educacion-es-la-unica-opcion-medico-guatemalteco-analiza-polemica-de-artista-latino-bad-bunny-en-superbowl\/\" rel=\"bookmark\" title=\"&#8220;Educaci\u00f3n es la \u00fanica opci\u00f3n&#8221;: m\u00e9dico guatemalteco analiza pol\u00e9mica de artista latino Bad Bunny en Superbowl\">&#8220;Educaci\u00f3n es la \u00fanica opci\u00f3n&#8221;: m\u00e9dico guatemalteco analiza pol\u00e9mica de artista latino Bad Bunny en Superbowl<\/a><\/h3><div class=\"ak-module-meta\"><div class=\"ak-module-time\"><a href=\"https:\/\/soymigrante.com\/revista\/educacion-es-la-unica-opcion-medico-guatemalteco-analiza-polemica-de-artista-latino-bad-bunny-en-superbowl\/\" class=\"ak-module-meta-published\"><i class=\"ak-icon akfi-schedule\"><\/i>10\/02\/2026<\/a><\/div><\/div>\t\t\t\t\t<\/div>\n\t\t\t\t<\/div>\n\t\t\t<\/div>\n\t\t<\/article>\n\t\t\t\t<article class=\"ak-module ak-module-2-tall ak-column-module clearfix post-52089 post type-post status-publish format-standard has-post-thumbnail  category-lugar-de-voces\">\n\t\t\t<div class=\"ak-module-inner clearfix\">\n\t\t\t\t<div class=\"ak-module-featured\">\n\t\t\t\t\t<div class=\"ak-module-badges\"><\/div><div class=\"ak-featured-cover\"><a href=\"https:\/\/soymigrante.com\/revista\/todos-somos-migrantes-en-este-mundo-un-punto-de-vista-de-la-teologia-de-la-migracion\/\" class=\"ak-featured-link\" rel=\"bookmark\" title=\"&#8220;Todos somos migrantes en este mundo&#8221;: un punto de vista de la teolog\u00eda de la migraci\u00f3n\"><div class=\"ak-featured-thumb lazy-thumb size-1400\" ><img loading=\"lazy\" decoding=\"async\" width=\"360\" height=\"477\" src=\"data:image\/gif;base64,R0lGODlhAQABAAAAACH5BAEKAAEALAAAAAABAAEAAAICTAEAOw==\" class=\"attachment-newsy_360x504 size-newsy_360x504 lazyload wp-post-image\" alt=\"pintura de Kelly Latimore, la sagrada familia migrante\" data-src=\"https:\/\/soymigrante.com\/revista\/wp-content\/uploads\/2026\/02\/Captura-de-pantalla-2026-02-06-071928-360x477.png\" data-sizes=\"auto\" data-srcset=\"\" data-expand=\"700\" \/><\/div><\/a><\/div><div class=\"ak-module-featured-meta\"><\/div>\t\t\t\t<\/div>\n\t\t\t\t<div class=\"ak-module-details\">\n\t\t\t\t\t<h3 class=\"ak-module-title\"><a href=\"https:\/\/soymigrante.com\/revista\/todos-somos-migrantes-en-este-mundo-un-punto-de-vista-de-la-teologia-de-la-migracion\/\" rel=\"bookmark\" title=\"&#8220;Todos somos migrantes en este mundo&#8221;: un punto de vista de la teolog\u00eda de la migraci\u00f3n\">&#8220;Todos somos migrantes en este mundo&#8221;: un punto de vista de la teolog\u00eda de la migraci\u00f3n<\/a><\/h3><div class=\"ak-module-meta\"><div class=\"ak-module-time\"><a href=\"https:\/\/soymigrante.com\/revista\/todos-somos-migrantes-en-este-mundo-un-punto-de-vista-de-la-teologia-de-la-migracion\/\" class=\"ak-module-meta-published\"><i class=\"ak-icon akfi-schedule\"><\/i>06\/02\/2026<\/a><\/div><\/div><div class=\"ak-module-summary\"><p>La migraci\u00f3n es una realidad desafiante que a menudo tiene enfoques radicales,&hellip;<\/p><\/div>\t\t\t\t<\/div>\n\t\t\t<\/div>\n\t\t<\/article>\n\t\t\t\t<article class=\"ak-module ak-module-3 ak-column-module clearfix post-51760 post type-post status-publish format-standard has-post-thumbnail  category-lugar-de-voces\">\n\t\t\t<div class=\"ak-module-inner clearfix\">\n\t\t\t\t<div class=\"ak-module-grid-wrap\">\n\t\t\t\t\t<div class=\"ak-module-featured\">\n\t\t\t\t\t\t<div class=\"ak-module-badges\"><\/div><div class=\"ak-featured-cover\"><a href=\"https:\/\/soymigrante.com\/revista\/asi-vivieron-migrantes-guatemaltecos-y-latinoamericanos-en-chicago-el-primer-concierto-de-ricardo-arjona-en-gira-usa\/\" class=\"ak-featured-link\" rel=\"bookmark\" title=\"As\u00ed cuenta un migrante guatemalteco su experiencia en el primer concierto de Ricardo Arjona en gira USA\"><div class=\"ak-featured-thumb lazy-thumb size-715\" ><img loading=\"lazy\" decoding=\"async\" width=\"350\" height=\"250\" src=\"data:image\/gif;base64,R0lGODlhAQABAAAAACH5BAEKAAEALAAAAAABAAEAAAICTAEAOw==\" class=\"attachment-newsy_350x250 size-newsy_350x250 lazyload wp-post-image\" alt=\"ricardo arjona concierto gira chicago 2026\" data-src=\"https:\/\/soymigrante.com\/revista\/wp-content\/uploads\/2026\/02\/ricardo-arjona-concierto-gira-chicago-2026-350x250.png\" data-sizes=\"auto\" data-srcset=\"https:\/\/soymigrante.com\/revista\/wp-content\/uploads\/2026\/02\/ricardo-arjona-concierto-gira-chicago-2026-350x250.png 350w, https:\/\/soymigrante.com\/revista\/wp-content\/uploads\/2026\/02\/ricardo-arjona-concierto-gira-chicago-2026-120x86.png 120w\" data-expand=\"700\" \/><\/div><\/a><\/div>\t\t\t\t\t<\/div>\n\t\t\t\t\t<div class=\"ak-module-details\">\n\t\t\t\t\t\t<h3 class=\"ak-module-title\"><a href=\"https:\/\/soymigrante.com\/revista\/asi-vivieron-migrantes-guatemaltecos-y-latinoamericanos-en-chicago-el-primer-concierto-de-ricardo-arjona-en-gira-usa\/\" rel=\"bookmark\" title=\"As\u00ed cuenta un migrante guatemalteco su experiencia en el primer concierto de Ricardo Arjona en gira USA\">As\u00ed cuenta un migrante guatemalteco su experiencia en el primer concierto de Ricardo Arjona en gira USA<\/a><\/h3><div class=\"ak-module-meta\"><div class=\"ak-module-time\"><a href=\"https:\/\/soymigrante.com\/revista\/asi-vivieron-migrantes-guatemaltecos-y-latinoamericanos-en-chicago-el-primer-concierto-de-ricardo-arjona-en-gira-usa\/\" class=\"ak-module-meta-published\"><i class=\"ak-icon akfi-schedule\"><\/i>02\/02\/2026<\/a><\/div><\/div>\t\t\t\t\t<\/div>\n\t\t\t\t<\/div>\n\t\t\t<\/div>\n\t\t<\/article>\n\t\t\t\t<article class=\"ak-module ak-module-2-tall ak-column-module clearfix post-51660 post type-post status-publish format-standard has-post-thumbnail  category-lugar-de-voces\">\n\t\t\t<div class=\"ak-module-inner clearfix\">\n\t\t\t\t<div class=\"ak-module-featured\">\n\t\t\t\t\t<div class=\"ak-module-badges\"><\/div><div class=\"ak-featured-cover\"><a href=\"https:\/\/soymigrante.com\/revista\/migrante-nydia-cano-una-placa-una-escuela-multicultural-y-el-aporte-de-una-madre-guatemalteca-en-prospect-park-new-jersey\/\" class=\"ak-featured-link\" rel=\"bookmark\" title=\"Una placa, una escuela multicultural y el aporte de una madre guatemalteca en Prospect Park, New Jersey\"><div class=\"ak-featured-thumb lazy-thumb size-1400\" ><img loading=\"lazy\" decoding=\"async\" width=\"360\" height=\"504\" src=\"data:image\/gif;base64,R0lGODlhAQABAAAAACH5BAEKAAEALAAAAAABAAEAAAICTAEAOw==\" class=\"attachment-newsy_360x504 size-newsy_360x504 lazyload wp-post-image\" alt=\"prospect-park-school-prospect-park-pa-primaryphoto\" data-src=\"https:\/\/soymigrante.com\/revista\/wp-content\/uploads\/2026\/01\/prospect-park-school-prospect-park-pa-primaryphoto-360x504.jpg\" data-sizes=\"auto\" data-srcset=\"\" data-expand=\"700\" \/><\/div><\/a><\/div><div class=\"ak-module-featured-meta\"><\/div>\t\t\t\t<\/div>\n\t\t\t\t<div class=\"ak-module-details\">\n\t\t\t\t\t<h3 class=\"ak-module-title\"><a href=\"https:\/\/soymigrante.com\/revista\/migrante-nydia-cano-una-placa-una-escuela-multicultural-y-el-aporte-de-una-madre-guatemalteca-en-prospect-park-new-jersey\/\" rel=\"bookmark\" title=\"Una placa, una escuela multicultural y el aporte de una madre guatemalteca en Prospect Park, New Jersey\">Una placa, una escuela multicultural y el aporte de una madre guatemalteca en Prospect Park, New Jersey<\/a><\/h3><div class=\"ak-module-meta\"><div class=\"ak-module-time\"><a href=\"https:\/\/soymigrante.com\/revista\/migrante-nydia-cano-una-placa-una-escuela-multicultural-y-el-aporte-de-una-madre-guatemalteca-en-prospect-park-new-jersey\/\" class=\"ak-module-meta-published\"><i class=\"ak-icon akfi-schedule\"><\/i>29\/01\/2026<\/a><\/div><\/div><div class=\"ak-module-summary\"><p>L\u00edder migrante guatemalteca Nydia Cano, en New Jersey, recuerda cuando fue&hellip;<\/p><\/div>\t\t\t\t<\/div>\n\t\t\t<\/div>\n\t\t<\/article>\n\t\t\t\t<article class=\"ak-module ak-module-3 ak-column-module clearfix post-51505 post type-post status-publish format-standard has-post-thumbnail  category-lugar-de-voces\">\n\t\t\t<div class=\"ak-module-inner clearfix\">\n\t\t\t\t<div class=\"ak-module-grid-wrap\">\n\t\t\t\t\t<div class=\"ak-module-featured\">\n\t\t\t\t\t\t<div class=\"ak-module-badges\"><\/div><div class=\"ak-featured-cover\"><a href=\"https:\/\/soymigrante.com\/revista\/hace-24-anos-parti-hacia-lo-desconocido-el-testimonio-agradecido-de-la-migrante-guatemalteca-maria-morales-en-milwaukee\/\" class=\"ak-featured-link\" rel=\"bookmark\" title=\"\u201cHace 24 a\u00f1os part\u00ed hacia lo desconocido&#8221;: el testimonio agradecido de la guatemalteca Mar\u00eda Morales en Milwaukee\"><div class=\"ak-featured-thumb lazy-thumb size-715\" ><img loading=\"lazy\" decoding=\"async\" width=\"350\" height=\"250\" src=\"data:image\/gif;base64,R0lGODlhAQABAAAAACH5BAEKAAEALAAAAAABAAEAAAICTAEAOw==\" class=\"attachment-newsy_350x250 size-newsy_350x250 lazyload wp-post-image\" alt=\"maria morales guatemalteca milwaukee\" data-src=\"https:\/\/soymigrante.com\/revista\/wp-content\/uploads\/2026\/01\/maria-morales-guatemalteca-milwaukee-350x250.jpg\" data-sizes=\"auto\" data-srcset=\"https:\/\/soymigrante.com\/revista\/wp-content\/uploads\/2026\/01\/maria-morales-guatemalteca-milwaukee-350x250.jpg 350w, https:\/\/soymigrante.com\/revista\/wp-content\/uploads\/2026\/01\/maria-morales-guatemalteca-milwaukee-120x86.jpg 120w, https:\/\/soymigrante.com\/revista\/wp-content\/uploads\/2026\/01\/maria-morales-guatemalteca-milwaukee-750x536.jpg 750w\" data-expand=\"700\" \/><\/div><\/a><\/div>\t\t\t\t\t<\/div>\n\t\t\t\t\t<div class=\"ak-module-details\">\n\t\t\t\t\t\t<h3 class=\"ak-module-title\"><a href=\"https:\/\/soymigrante.com\/revista\/hace-24-anos-parti-hacia-lo-desconocido-el-testimonio-agradecido-de-la-migrante-guatemalteca-maria-morales-en-milwaukee\/\" rel=\"bookmark\" title=\"\u201cHace 24 a\u00f1os part\u00ed hacia lo desconocido&#8221;: el testimonio agradecido de la guatemalteca Mar\u00eda Morales en Milwaukee\">\u201cHace 24 a\u00f1os part\u00ed hacia lo desconocido&#8221;: el testimonio agradecido de la guatemalteca Mar\u00eda Morales en Milwaukee<\/a><\/h3><div class=\"ak-module-meta\"><div class=\"ak-module-time\"><a href=\"https:\/\/soymigrante.com\/revista\/hace-24-anos-parti-hacia-lo-desconocido-el-testimonio-agradecido-de-la-migrante-guatemalteca-maria-morales-en-milwaukee\/\" class=\"ak-module-meta-published\"><i class=\"ak-icon akfi-schedule\"><\/i>26\/01\/2026<\/a><\/div><\/div>\t\t\t\t\t<\/div>\n\t\t\t\t<\/div>\n\t\t\t<\/div>\n\t\t<\/article>\n\t\t\t\t<article class=\"ak-module ak-module-2-tall ak-column-module clearfix post-51135 post type-post status-publish format-standard has-post-thumbnail  category-lugar-de-voces\">\n\t\t\t<div class=\"ak-module-inner clearfix\">\n\t\t\t\t<div class=\"ak-module-featured\">\n\t\t\t\t\t<div class=\"ak-module-badges\"><\/div><div class=\"ak-featured-cover\"><a href=\"https:\/\/soymigrante.com\/revista\/en-minesota-hay-temor-pero-tambien-hay-solidaridad-testimonio-de-migrante-guatemalteco\/\" class=\"ak-featured-link\" rel=\"bookmark\" title=\"En Minesota hay temor pero tambi\u00e9n hay solidaridad: testimonio de migrante guatemalteco\"><div class=\"ak-featured-thumb lazy-thumb size-1400\" ><img loading=\"lazy\" decoding=\"async\" width=\"360\" height=\"504\" src=\"data:image\/gif;base64,R0lGODlhAQABAAAAACH5BAEKAAEALAAAAAABAAEAAAICTAEAOw==\" class=\"attachment-newsy_360x504 size-newsy_360x504 lazyload wp-post-image\" alt=\"foto javier samayoa\" data-src=\"https:\/\/soymigrante.com\/revista\/wp-content\/uploads\/2026\/01\/foto-javier-samayoa-360x504.jpg\" data-sizes=\"auto\" data-srcset=\"\" data-expand=\"700\" \/><\/div><\/a><\/div><div class=\"ak-module-featured-meta\"><\/div>\t\t\t\t<\/div>\n\t\t\t\t<div class=\"ak-module-details\">\n\t\t\t\t\t<h3 class=\"ak-module-title\"><a href=\"https:\/\/soymigrante.com\/revista\/en-minesota-hay-temor-pero-tambien-hay-solidaridad-testimonio-de-migrante-guatemalteco\/\" rel=\"bookmark\" title=\"En Minesota hay temor pero tambi\u00e9n hay solidaridad: testimonio de migrante guatemalteco\">En Minesota hay temor pero tambi\u00e9n hay solidaridad: testimonio de migrante guatemalteco<\/a><\/h3><div class=\"ak-module-meta\"><div class=\"ak-module-time\"><a href=\"https:\/\/soymigrante.com\/revista\/en-minesota-hay-temor-pero-tambien-hay-solidaridad-testimonio-de-migrante-guatemalteco\/\" class=\"ak-module-meta-published\"><i class=\"ak-icon akfi-schedule\"><\/i>15\/01\/2026<\/a><\/div><\/div><div class=\"ak-module-summary\"><p>Guatemalteco Javier Samayoa comparte los d\u00edas de zozobra que se viven en&hellip;<\/p><\/div>\t\t\t\t<\/div>\n\t\t\t<\/div>\n\t\t<\/article>\n\t\t<\/div><div class=\"ak-pagination load_more clearfix\"><script>var ak_pagination_data_block_69f73ed06f17f_4 = {\"atts\":{\"title\":\"\",\"title_size\":\"\",\"title_line_height\":\"\",\"subtitle\":\"\",\"subtitle_size\":\"\",\"subtitle_line_height\":\"\",\"title_url\":\"\",\"title_url_text\":\"\",\"icon\":\"\",\"block_accent_color\":\"\",\"header_style\":\"style-15\",\"header_bg_color\":\"\",\"header_line_color\":\"\",\"header_title_color\":\"\",\"header_subtitle_color\":\"\",\"header_title_bg_color\":\"\",\"header_icon_color\":\"\",\"pagination\":\"load_more\",\"show_pagination_label\":\"\",\"infinity_break_count\":\"3\",\"tabs\":\"sub_cat_filter\",\"tabs_all_text\":\"TODO\",\"tabs_cat_filter\":\"\",\"tabs_tax_filter\":\"\",\"tabs_order_by_filter\":\"\",\"tabs_more_menu\":\"\",\"count\":12,\"offset\":\"\",\"post_type\":\"\",\"post_status\":\"publish\",\"time_filter\":\"\",\"order_by\":\"latest\",\"post_format\":\"\",\"meta_query\":[],\"s\":\"\",\"author\":\"\",\"category\":\"56\",\"post\":\"\",\"taxonomy\":\"\",\"taxonomy_relation\":\"\",\"block_width\":\"3\",\"block_id\":\"block_69f73ed06f17f_4\",\"block_extra_classes\":\"\",\"custom_enabled\":\"\",\"custom_parts\":\"\",\"wp_query\":false,\"numeric_items_style\":\"\",\"item_margin\":\"30\",\"show_no_result\":true,\"module_2_tall_custom_enabled\":\"yes\",\"module_2_tall_custom_parts\":{\"show_author_icon\":\"hide\",\"show_author\":\"hide\",\"show_comment_count\":\"hide\",\"show_share_count\":\"hide\",\"show_view_count\":\"hide\",\"show_voting_count\":\"hide\",\"show_category\":\"hide\",\"show_format_icon\":\"hide\"},\"module_3_custom_enabled\":\"yes\",\"module_3_custom_parts\":{\"show_author_icon\":\"hide\",\"show_author\":\"hide\",\"show_comment_count\":\"hide\",\"show_share_count\":\"hide\",\"show_view_count\":\"hide\",\"show_voting_count\":\"hide\",\"show_category\":\"hide\"},\"view\":\"newsy_block_14\",\"query-main-term\":\"56\"},\"id\":\"block_69f73ed06f17f_4\",\"token\":\"caeb43a4e89\"};<\/script><a href=\"#\" class=\"ak-pagination-btn\" data-action=\"next\" data-block-id=\"block_69f73ed06f17f_4\" title=\"Load More Posts\" rel=\"nofollow\"><span class=\"ak-pagination-btn-load-more\"><i class=\"fa fa-caret-down\" aria-hidden=\"true\"><\/i> <span class=\"txt\">Load More Posts<\/span><\/span><span class=\"ak-pagination-btn-loading\"><i class=\"fa fa-circle-o-notch fa-spin fa-fw\"><\/i> <span class=\"txt\">Loading...<\/span><\/span><span class=\"ak-pagination-btn-no-more\">No more posts.<\/span><\/a><\/div><\/div><\/div>\t\t\t\t<\/div>\n\t\t\t\t<\/div>\n\t\t\t\t<\/div>\n\t\t<div data-particle_enable=\"false\" data-particle-mobile-disabled=\"false\" class=\"elementor-element elementor-element-6b3f504 e-flex e-con-boxed e-con e-parent\" data-id=\"6b3f504\" data-element_type=\"container\" data-e-type=\"container\">\n\t\t\t\t\t<div class=\"e-con-inner\">\n\t\t\t\t<div class=\"elementor-element elementor-element-334adfb elementor-widget elementor-widget-newsy_block_header\" data-id=\"334adfb\" data-element_type=\"widget\" data-e-type=\"widget\" data-widget_type=\"newsy_block_header.default\">\n\t\t\t\t<div class=\"elementor-widget-container\">\n\t\t\t\t\t<div class=\"ak-block ak-block-custom-header  ak-block-width-1 clearfix\" id=\"block_69f73ed06f17f_5\"><style scoped>#block_69f73ed06f17f_5 .ak-block-header {--ak-block-title-text-size:24px;--ak-block-title-line-height:41px;}<\/style><div class=\"ak-block-header ak-block-header-style-10 no-tabs\"><h4 class=\"ak-block-title\"><a href=\"https:\/\/soymigrante.com\/revista\/tag\/joyas-mayas-migrantes\/\"><span class=\"title-text\"><i class=\"ak-icon  fa fa-heart\"><\/i><span>Guate Nuestra<\/span><\/span><i class=\"fa fa-angle-double-right\"><\/i><\/a><\/h4><\/div><div class=\"ak-block-inner clearfix\"><\/div><\/div>\t\t\t\t<\/div>\n\t\t\t\t<\/div>\n\t\t\t\t<div class=\"elementor-element elementor-element-e9ec07f elementor-widget elementor-widget-newsy_slider_4\" data-id=\"e9ec07f\" data-element_type=\"widget\" data-e-type=\"widget\" data-widget_type=\"newsy_slider_4.default\">\n\t\t\t\t<div class=\"elementor-widget-container\">\n\t\t\t\t\t<div class=\"ak-block ak-block-grid ak-slider-4  ak-block-width-1 ak-slider-container clearfix tg-gradient tg-focus\" id=\"block_69f73ed06f17f_6\"><div class=\"ak-block-inner clearfix\"><div class=\"ak-block-posts clearfix\">\t\t<article class=\"ak-module ak-module-grid ak-module-grid-big ak-slider-item ak-block-item-1 clearfix post-50557 post type-post status-publish format-standard has-post-thumbnail  category-guate-nuestra\">\n\t\t\t<div class=\"ak-module-inner clearfix\">\n\t\t\t\t<div class=\"ak-module-grid-wrap\">\n\t\t\t\t\t<div class=\"ak-module-featured\">\n\t\t\t\t\t\t\t\t\t\t\t\t\t\t\t<div class=\"ak-featured-cover\"><a href=\"https:\/\/soymigrante.com\/revista\/capital-de-guatemala-ha-tenido-cuatro-ubicaciones-en-500-anos-cuando-como-historia\/\" class=\"ak-featured-link\" rel=\"bookmark\" title=\"\u00bfSab\u00edas que la capital de Guatemala ha tenido cuatro ubicaciones en 500 a\u00f1os? Cu\u00e1ndo, c\u00f3mo y por qu\u00e9\"><div class=\"ak-featured-thumb lazy-thumb background-thumb  size-715\">\n                        <div class=\"lazyload\" title=\"capital de guatemala 1821\" data-bgset=\"https:\/\/soymigrante.com\/revista\/wp-content\/uploads\/2026\/01\/capital-de-guatemala-1821-750x536.png 800w\" ><\/div>\n                      <\/div><\/a><\/div>\t\t\t\t\t<\/div>\n\t\t\t\t\t<div class=\"ak-module-details\">\n\t\t\t\t\t\t<div class=\"ak-module-terms inline_badge\"><a class=\"term-58\" href=\"https:\/\/soymigrante.com\/revista\/category\/guate-nuestra\/\">Guate Nuestra<\/a><\/div>\t\t\t\t\t\t<h3 class=\"ak-module-title\"><a href=\"https:\/\/soymigrante.com\/revista\/capital-de-guatemala-ha-tenido-cuatro-ubicaciones-en-500-anos-cuando-como-historia\/\" rel=\"bookmark\" title=\"\u00bfSab\u00edas que la capital de Guatemala ha tenido cuatro ubicaciones en 500 a\u00f1os? Cu\u00e1ndo, c\u00f3mo y por qu\u00e9\">\u00bfSab\u00edas que la capital de Guatemala ha tenido cuatro ubicaciones en 500 a\u00f1os? Cu\u00e1ndo, c\u00f3mo y por qu\u00e9<\/a><\/h3>\t\t\t\t\t\t<div class=\"ak-module-meta\"><div class=\"ak-module-author\">by <a href=\"https:\/\/soymigrante.com\/revista\/author\/soymigrante\/\" class=\"ak-module-author-name\">SoyMigrante.com REVISTA<\/a><\/div><div class=\"ak-module-time\"><a href=\"https:\/\/soymigrante.com\/revista\/capital-de-guatemala-ha-tenido-cuatro-ubicaciones-en-500-anos-cuando-como-historia\/\" class=\"ak-module-meta-published\"><i class=\"ak-icon akfi-schedule\"><\/i>04\/01\/2026<\/a><\/div> <div class=\"ak-module-view-count\"><i class=\"ak-icon  fa fa-eye\"><\/i><span class=\"count\">116<\/span><\/div><\/div>\t\t\t\t\t<\/div>\n\t\t\t\t<\/div>\n\t\t\t<\/div>\n\t\t<\/article>\n\t\t\t\t<article class=\"ak-module ak-module-grid ak-module-grid-big ak-slider-item ak-block-item-2 clearfix post-16494 post type-post status-publish format-standard has-post-thumbnail  category-guate-nuestra tag-mercado-emprendedores\">\n\t\t\t<div class=\"ak-module-inner clearfix\">\n\t\t\t\t<div class=\"ak-module-grid-wrap\">\n\t\t\t\t\t<div class=\"ak-module-featured\">\n\t\t\t\t\t\t\t\t\t\t\t\t\t\t\t<div class=\"ak-featured-cover\"><a href=\"https:\/\/soymigrante.com\/revista\/lumiz-naturals-un-emprendimiento-familiar-que-alimenta-con-amor-y-proposito\/\" class=\"ak-featured-link\" rel=\"bookmark\" title=\"Lumiz Naturals: Emprendimiento familiar que nutre con amor, sabor y prop\u00f3sito\"><div class=\"ak-featured-thumb lazy-thumb background-thumb  size-715\">\n                        <div class=\"lazyload\" title=\"Jarras de frutos secos y snacks caseros en envases reutilizables, ideales para alimentaci\u00f3n saludable y sostenible, con etiquetas personalizadas en el estilo de SoyMigrante.com REVISTA.\" data-bgset=\"https:\/\/soymigrante.com\/revista\/wp-content\/uploads\/2024\/12\/lumiz-naturals-9-750x536.webp 800w\" ><\/div>\n                      <\/div><\/a><\/div>\t\t\t\t\t<\/div>\n\t\t\t\t\t<div class=\"ak-module-details\">\n\t\t\t\t\t\t<div class=\"ak-module-terms inline_badge\"><a class=\"term-58\" href=\"https:\/\/soymigrante.com\/revista\/category\/guate-nuestra\/\">Guate Nuestra<\/a><\/div>\t\t\t\t\t\t<h3 class=\"ak-module-title\"><a href=\"https:\/\/soymigrante.com\/revista\/lumiz-naturals-un-emprendimiento-familiar-que-alimenta-con-amor-y-proposito\/\" rel=\"bookmark\" title=\"Lumiz Naturals: Emprendimiento familiar que nutre con amor, sabor y prop\u00f3sito\">Lumiz Naturals: Emprendimiento familiar que nutre con amor, sabor y prop\u00f3sito<\/a><\/h3>\t\t\t\t\t\t<div class=\"ak-module-meta\"><div class=\"ak-module-author\">by <a href=\"https:\/\/soymigrante.com\/revista\/author\/beatriz-tercero\/\" class=\"ak-module-author-name\">Beatriz Tercero<\/a><\/div><div class=\"ak-module-time\"><a href=\"https:\/\/soymigrante.com\/revista\/lumiz-naturals-un-emprendimiento-familiar-que-alimenta-con-amor-y-proposito\/\" class=\"ak-module-meta-published\"><i class=\"ak-icon akfi-schedule\"><\/i>18\/12\/2024<\/a><\/div> <div class=\"ak-module-view-count\"><i class=\"ak-icon  fa fa-eye\"><\/i><span class=\"count\">168<\/span><\/div><\/div>\t\t\t\t\t<\/div>\n\t\t\t\t<\/div>\n\t\t\t<\/div>\n\t\t<\/article>\n\t\t\t\t<article class=\"ak-module ak-module-grid ak-module-grid-big ak-slider-item ak-block-item-3 clearfix post-53776 post type-post status-publish format-standard has-post-thumbnail  category-arte-cultura category-guate-nuestra\">\n\t\t\t<div class=\"ak-module-inner clearfix\">\n\t\t\t\t<div class=\"ak-module-grid-wrap\">\n\t\t\t\t\t<div class=\"ak-module-featured\">\n\t\t\t\t\t\t\t\t\t\t\t\t\t\t\t<div class=\"ak-featured-cover\"><a href=\"https:\/\/soymigrante.com\/revista\/solemne-e-impresionante-penitencia-de-semana-santa-los-changaliques-y-gateadores-de-san-andres-sajcabaja-quiche\/\" class=\"ak-featured-link\" rel=\"bookmark\" title=\"Solemne e impresionante penitencia de Semana Santa: los Changaliques y Gateadores de San Andr\u00e9s Sajcabaj\u00e1 &#8211; Quich\u00e9\"><div class=\"ak-featured-thumb lazy-thumb background-thumb  size-715\">\n                        <div class=\"lazyload\" title=\"gateadores san andres sacjabaja ministerio de cultura y deportes\" data-bgset=\"https:\/\/soymigrante.com\/revista\/wp-content\/uploads\/2026\/03\/gateadores-san-andres-sacjabaja-ministerio-de-cultura-y-deportes-727x536.jpeg 800w\" ><\/div>\n                      <\/div><\/a><\/div>\t\t\t\t\t<\/div>\n\t\t\t\t\t<div class=\"ak-module-details\">\n\t\t\t\t\t\t<div class=\"ak-module-terms inline_badge\"><a class=\"term-91\" href=\"https:\/\/soymigrante.com\/revista\/category\/guate-nuestra\/arte-cultura\/\">Cultura de Guatemala<\/a><\/div>\t\t\t\t\t\t<h3 class=\"ak-module-title\"><a href=\"https:\/\/soymigrante.com\/revista\/solemne-e-impresionante-penitencia-de-semana-santa-los-changaliques-y-gateadores-de-san-andres-sajcabaja-quiche\/\" rel=\"bookmark\" title=\"Solemne e impresionante penitencia de Semana Santa: los Changaliques y Gateadores de San Andr\u00e9s Sajcabaj\u00e1 &#8211; Quich\u00e9\">Solemne e impresionante penitencia de Semana Santa: los Changaliques y Gateadores de San Andr\u00e9s Sajcabaj\u00e1 &#8211; Quich\u00e9<\/a><\/h3>\t\t\t\t\t\t<div class=\"ak-module-meta\"><div class=\"ak-module-author\">by <a href=\"https:\/\/soymigrante.com\/revista\/author\/soymigrante\/\" class=\"ak-module-author-name\">SoyMigrante.com REVISTA<\/a><\/div><div class=\"ak-module-time\"><a href=\"https:\/\/soymigrante.com\/revista\/solemne-e-impresionante-penitencia-de-semana-santa-los-changaliques-y-gateadores-de-san-andres-sajcabaja-quiche\/\" class=\"ak-module-meta-published\"><i class=\"ak-icon akfi-schedule\"><\/i>17\/03\/2026<\/a><\/div> <div class=\"ak-module-view-count\"><i class=\"ak-icon  fa fa-eye\"><\/i><span class=\"count\">56<\/span><\/div><\/div>\t\t\t\t\t<\/div>\n\t\t\t\t<\/div>\n\t\t\t<\/div>\n\t\t<\/article>\n\t\t\t\t<article class=\"ak-module ak-module-grid ak-module-grid-big ak-slider-item ak-block-item-4 clearfix post-26750 post type-post status-publish format-standard has-post-thumbnail  category-guate-nuestra tag-departamentos-de-guatemala\">\n\t\t\t<div class=\"ak-module-inner clearfix\">\n\t\t\t\t<div class=\"ak-module-grid-wrap\">\n\t\t\t\t\t<div class=\"ak-module-featured\">\n\t\t\t\t\t\t\t\t\t\t\t\t\t\t\t<div class=\"ak-featured-cover\"><a href=\"https:\/\/soymigrante.com\/revista\/departamentos-de-guatemala-santa-rosa-es-considerado-el-centro-de-las-americas\/\" class=\"ak-featured-link\" rel=\"bookmark\" title=\"Departamentos de Guatemala: Santa Rosa es considerado el Centro de las Am\u00e9ricas\"><div class=\"ak-featured-thumb lazy-thumb background-thumb  size-715\">\n                        <div class=\"lazyload\" title=\"Vacaciones en la playa de M\u00e9xico, belleza natural y costa del Pac\u00edfico, paisaje costero y arena volc\u00e1nica, destino tur\u00edstico ideal para migrantes y viajeros.\" data-bgset=\"https:\/\/soymigrante.com\/revista\/wp-content\/uploads\/2025\/03\/Santa-Rosa-2-e1741027930671-750x536.webp 800w\" ><\/div>\n                      <\/div><\/a><\/div>\t\t\t\t\t<\/div>\n\t\t\t\t\t<div class=\"ak-module-details\">\n\t\t\t\t\t\t<div class=\"ak-module-terms inline_badge\"><a class=\"term-58\" href=\"https:\/\/soymigrante.com\/revista\/category\/guate-nuestra\/\">Guate Nuestra<\/a><\/div>\t\t\t\t\t\t<h3 class=\"ak-module-title\"><a href=\"https:\/\/soymigrante.com\/revista\/departamentos-de-guatemala-santa-rosa-es-considerado-el-centro-de-las-americas\/\" rel=\"bookmark\" title=\"Departamentos de Guatemala: Santa Rosa es considerado el Centro de las Am\u00e9ricas\">Departamentos de Guatemala: Santa Rosa es considerado el Centro de las Am\u00e9ricas<\/a><\/h3>\t\t\t\t\t\t<div class=\"ak-module-meta\"><div class=\"ak-module-author\">by <a href=\"https:\/\/soymigrante.com\/revista\/author\/marysabel-aldana\/\" class=\"ak-module-author-name\">Marysabel Aldana<\/a><\/div><div class=\"ak-module-time\"><a href=\"https:\/\/soymigrante.com\/revista\/departamentos-de-guatemala-santa-rosa-es-considerado-el-centro-de-las-americas\/\" class=\"ak-module-meta-published\"><i class=\"ak-icon akfi-schedule\"><\/i>04\/03\/2025<\/a><\/div> <div class=\"ak-module-view-count\"><i class=\"ak-icon  fa fa-eye\"><\/i><span class=\"count\">290<\/span><\/div><\/div>\t\t\t\t\t<\/div>\n\t\t\t\t<\/div>\n\t\t\t<\/div>\n\t\t<\/article>\n\t\t\t\t<article class=\"ak-module ak-module-grid ak-module-grid-big ak-slider-item ak-block-item-5 clearfix post-9347 post type-post status-publish format-standard has-post-thumbnail  category-guate-nuestra\">\n\t\t\t<div class=\"ak-module-inner clearfix\">\n\t\t\t\t<div class=\"ak-module-grid-wrap\">\n\t\t\t\t\t<div class=\"ak-module-featured\">\n\t\t\t\t\t\t\t\t\t\t\t\t\t\t\t<div class=\"ak-featured-cover\"><a href=\"https:\/\/soymigrante.com\/revista\/vuelan-cantan-y-son-libres-las-fotografias-del-guatemalteco-ottoniel-cojulun-vuelan\/\" class=\"ak-featured-link\" rel=\"bookmark\" title=\"Vuelan, cantan y son libres las fotograf\u00edas del guatemalteco Ottoniel Cojulun\"><div class=\"ak-featured-thumb lazy-thumb background-thumb  size-715\">\n                        <div class=\"lazyload\" title=\"Esmeralda colibr\u00ed bebiendo n\u00e9ctar de una flor morada en un fondo verde.\" data-bgset=\"https:\/\/soymigrante.com\/revista\/wp-content\/uploads\/2024\/09\/ottoniel-cojulun3-750x536.webp 800w\" ><\/div>\n                      <\/div><\/a><\/div>\t\t\t\t\t<\/div>\n\t\t\t\t\t<div class=\"ak-module-details\">\n\t\t\t\t\t\t<div class=\"ak-module-terms inline_badge\"><a class=\"term-58\" href=\"https:\/\/soymigrante.com\/revista\/category\/guate-nuestra\/\">Guate Nuestra<\/a><\/div>\t\t\t\t\t\t<h3 class=\"ak-module-title\"><a href=\"https:\/\/soymigrante.com\/revista\/vuelan-cantan-y-son-libres-las-fotografias-del-guatemalteco-ottoniel-cojulun-vuelan\/\" rel=\"bookmark\" title=\"Vuelan, cantan y son libres las fotograf\u00edas del guatemalteco Ottoniel Cojulun\">Vuelan, cantan y son libres las fotograf\u00edas del guatemalteco Ottoniel Cojulun<\/a><\/h3>\t\t\t\t\t\t<div class=\"ak-module-meta\"><div class=\"ak-module-author\">by <a href=\"https:\/\/soymigrante.com\/revista\/author\/beatriz-tercero\/\" class=\"ak-module-author-name\">Beatriz Tercero<\/a><\/div><div class=\"ak-module-time\"><a href=\"https:\/\/soymigrante.com\/revista\/vuelan-cantan-y-son-libres-las-fotografias-del-guatemalteco-ottoniel-cojulun-vuelan\/\" class=\"ak-module-meta-published\"><i class=\"ak-icon akfi-schedule\"><\/i>17\/09\/2024<\/a><\/div> <div class=\"ak-module-view-count\"><i class=\"ak-icon  fa fa-eye\"><\/i><span class=\"count\">117<\/span><\/div><\/div>\t\t\t\t\t<\/div>\n\t\t\t\t<\/div>\n\t\t\t<\/div>\n\t\t<\/article>\n\t\t\t\t<article class=\"ak-module ak-module-grid ak-module-grid-big ak-slider-item ak-block-item-6 clearfix post-4522 post type-post status-publish format-standard has-post-thumbnail  category-guate-nuestra\">\n\t\t\t<div class=\"ak-module-inner clearfix\">\n\t\t\t\t<div class=\"ak-module-grid-wrap\">\n\t\t\t\t\t<div class=\"ak-module-featured\">\n\t\t\t\t\t\t\t\t\t\t\t\t\t\t\t<div class=\"ak-featured-cover\"><a href=\"https:\/\/soymigrante.com\/revista\/nombre-guatemala-cumple-500-anos-escrito-carta-conquistador-pedro-de-alvrado\/\" class=\"ak-featured-link\" rel=\"bookmark\" title=\"\u00bfQu\u00e9 significa el nombre de Guatemala y en donde surgi\u00f3?\"><div class=\"ak-featured-thumb lazy-thumb background-thumb  size-715\">\n                        <div class=\"lazyload\" title=\"\u00bfQu\u00e9 significa el nombre de Guatemala y en donde surgi\u00f3?\" data-bgset=\"https:\/\/soymigrante.com\/revista\/wp-content\/uploads\/2024\/01\/Captura-de-pantalla-2024-01-17-152208-750x536.webp 800w\" ><\/div>\n                      <\/div><\/a><\/div>\t\t\t\t\t<\/div>\n\t\t\t\t\t<div class=\"ak-module-details\">\n\t\t\t\t\t\t<div class=\"ak-module-terms inline_badge\"><a class=\"term-58\" href=\"https:\/\/soymigrante.com\/revista\/category\/guate-nuestra\/\">Guate Nuestra<\/a><\/div>\t\t\t\t\t\t<h3 class=\"ak-module-title\"><a href=\"https:\/\/soymigrante.com\/revista\/nombre-guatemala-cumple-500-anos-escrito-carta-conquistador-pedro-de-alvrado\/\" rel=\"bookmark\" title=\"\u00bfQu\u00e9 significa el nombre de Guatemala y en donde surgi\u00f3?\">\u00bfQu\u00e9 significa el nombre de Guatemala y en donde surgi\u00f3?<\/a><\/h3>\t\t\t\t\t\t<div class=\"ak-module-meta\"><div class=\"ak-module-author\">by <a href=\"https:\/\/soymigrante.com\/revista\/author\/gustavo\/\" class=\"ak-module-author-name\">Gustavo Montenegro<\/a><\/div><div class=\"ak-module-time\"><a href=\"https:\/\/soymigrante.com\/revista\/nombre-guatemala-cumple-500-anos-escrito-carta-conquistador-pedro-de-alvrado\/\" class=\"ak-module-meta-published\"><i class=\"ak-icon akfi-schedule\"><\/i>10\/04\/2024<\/a><\/div> <div class=\"ak-module-view-count\"><i class=\"ak-icon  fa fa-eye\"><\/i><span class=\"count\">513<\/span><\/div><\/div>\t\t\t\t\t<\/div>\n\t\t\t\t<\/div>\n\t\t\t<\/div>\n\t\t<\/article>\n\t\t\t\t<article class=\"ak-module ak-module-grid ak-module-grid-big ak-slider-item ak-block-item-7 clearfix post-29009 post type-post status-publish format-standard has-post-thumbnail  category-guate-nuestra\">\n\t\t\t<div class=\"ak-module-inner clearfix\">\n\t\t\t\t<div class=\"ak-module-grid-wrap\">\n\t\t\t\t\t<div class=\"ak-module-featured\">\n\t\t\t\t\t\t\t\t\t\t\t\t\t\t\t<div class=\"ak-featured-cover\"><a href=\"https:\/\/soymigrante.com\/revista\/vuelos-aeropuerto-la-aurora-de-guatemala-llegadas-y-salidas\/\" class=\"ak-featured-link\" rel=\"bookmark\" title=\"Vuelos Aeropuerto La Aurora de Guatemala  Llegadas y salidas\"><div class=\"ak-featured-thumb lazy-thumb background-thumb  size-715\">\n                        <div class=\"lazyload\" title=\"Vuelo de avi\u00f3n en atardecer con cielo colorido, s\u00edmbolo de migraci\u00f3n y viajes internacionales.\" data-bgset=\"https:\/\/soymigrante.com\/revista\/wp-content\/uploads\/2025\/03\/salidas-y-llegadas-aeropuerto-la-aurora-750x536.webp 800w\" ><\/div>\n                      <\/div><\/a><\/div>\t\t\t\t\t<\/div>\n\t\t\t\t\t<div class=\"ak-module-details\">\n\t\t\t\t\t\t<div class=\"ak-module-terms inline_badge\"><a class=\"term-58\" href=\"https:\/\/soymigrante.com\/revista\/category\/guate-nuestra\/\">Guate Nuestra<\/a><\/div>\t\t\t\t\t\t<h3 class=\"ak-module-title\"><a href=\"https:\/\/soymigrante.com\/revista\/vuelos-aeropuerto-la-aurora-de-guatemala-llegadas-y-salidas\/\" rel=\"bookmark\" title=\"Vuelos Aeropuerto La Aurora de Guatemala  Llegadas y salidas\">Vuelos Aeropuerto La Aurora de Guatemala  Llegadas y salidas<\/a><\/h3>\t\t\t\t\t\t<div class=\"ak-module-meta\"><div class=\"ak-module-author\">by <a href=\"https:\/\/soymigrante.com\/revista\/author\/soymigrante\/\" class=\"ak-module-author-name\">SoyMigrante.com REVISTA<\/a><\/div><div class=\"ak-module-time\"><a href=\"https:\/\/soymigrante.com\/revista\/vuelos-aeropuerto-la-aurora-de-guatemala-llegadas-y-salidas\/\" class=\"ak-module-meta-published\"><i class=\"ak-icon akfi-schedule\"><\/i>29\/03\/2025<\/a><\/div> <div class=\"ak-module-view-count\"><i class=\"ak-icon  fa fa-eye\"><\/i><span class=\"count\">339<\/span><\/div><\/div>\t\t\t\t\t<\/div>\n\t\t\t\t<\/div>\n\t\t\t<\/div>\n\t\t<\/article>\n\t\t\t\t<article class=\"ak-module ak-module-grid ak-module-grid-big ak-slider-item ak-block-item-8 clearfix post-41176 post type-post status-publish format-standard has-post-thumbnail  category-guate-nuestra\">\n\t\t\t<div class=\"ak-module-inner clearfix\">\n\t\t\t\t<div class=\"ak-module-grid-wrap\">\n\t\t\t\t\t<div class=\"ak-module-featured\">\n\t\t\t\t\t\t\t\t\t\t\t\t\t\t\t<div class=\"ak-featured-cover\"><a href=\"https:\/\/soymigrante.com\/revista\/sombreros-de-esquipulas-historia-y-tradicion-que-he-llegado-hasta-los-papas\/\" class=\"ak-featured-link\" rel=\"bookmark\" title=\"Sombreros de Esquipulas: historia y tradici\u00f3n que he llegado hasta los Papas\"><div class=\"ak-featured-thumb lazy-thumb background-thumb  size-715\">\n                        <div class=\"lazyload\" title=\"Colorido sombrero tradicional mexicano decorado con confeti y accesorios festivos, s\u00edmbolo de cultura y celebraci\u00f3n.\" data-bgset=\"https:\/\/soymigrante.com\/revista\/wp-content\/uploads\/2025\/08\/Sombreritos-de-esquipulas-1-e1754333553216-750x536.jpeg 800w\" ><\/div>\n                      <\/div><\/a><\/div>\t\t\t\t\t<\/div>\n\t\t\t\t\t<div class=\"ak-module-details\">\n\t\t\t\t\t\t<div class=\"ak-module-terms inline_badge\"><a class=\"term-58\" href=\"https:\/\/soymigrante.com\/revista\/category\/guate-nuestra\/\">Guate Nuestra<\/a><\/div>\t\t\t\t\t\t<h3 class=\"ak-module-title\"><a href=\"https:\/\/soymigrante.com\/revista\/sombreros-de-esquipulas-historia-y-tradicion-que-he-llegado-hasta-los-papas\/\" rel=\"bookmark\" title=\"Sombreros de Esquipulas: historia y tradici\u00f3n que he llegado hasta los Papas\">Sombreros de Esquipulas: historia y tradici\u00f3n que he llegado hasta los Papas<\/a><\/h3>\t\t\t\t\t\t<div class=\"ak-module-meta\"><div class=\"ak-module-author\">by <a href=\"https:\/\/soymigrante.com\/revista\/author\/marysabel-aldana\/\" class=\"ak-module-author-name\">Marysabel Aldana<\/a><\/div><div class=\"ak-module-time\"><a href=\"https:\/\/soymigrante.com\/revista\/sombreros-de-esquipulas-historia-y-tradicion-que-he-llegado-hasta-los-papas\/\" class=\"ak-module-meta-published\"><i class=\"ak-icon akfi-schedule\"><\/i>04\/08\/2025<\/a><\/div> <div class=\"ak-module-view-count\"><i class=\"ak-icon  fa fa-eye\"><\/i><span class=\"count\">141<\/span><\/div><\/div>\t\t\t\t\t<\/div>\n\t\t\t\t<\/div>\n\t\t\t<\/div>\n\t\t<\/article>\n\t\t\t\t<article class=\"ak-module ak-module-grid ak-module-grid-big ak-slider-item ak-block-item-9 clearfix post-45894 post type-post status-publish format-standard has-post-thumbnail  category-guate-nuestra tag-danzas-de-guatemala\">\n\t\t\t<div class=\"ak-module-inner clearfix\">\n\t\t\t\t<div class=\"ak-module-grid-wrap\">\n\t\t\t\t\t<div class=\"ak-module-featured\">\n\t\t\t\t\t\t\t\t\t\t\t\t\t\t\t<div class=\"ak-featured-cover\"><a href=\"https:\/\/soymigrante.com\/revista\/jor-chan-la-danza-de-la-serpiente-que-despierta-la-tierra-en-jocotan\/\" class=\"ak-featured-link\" rel=\"bookmark\" title=\"Jor Chan: la danza de la serpiente que despierta la tierra en Jocot\u00e1n\"><div class=\"ak-featured-thumb lazy-thumb background-thumb  size-715\">\n                        <div class=\"lazyload\" title=\"Jor Chan: la danza de la serpiente que despierta la tierra en Jocot\u00e1n\" data-bgset=\"https:\/\/soymigrante.com\/revista\/wp-content\/uploads\/2025\/09\/La-danza-de-Jor-Chan-2-e1758731266990.jpg 800w\" ><\/div>\n                      <\/div><\/a><\/div>\t\t\t\t\t<\/div>\n\t\t\t\t\t<div class=\"ak-module-details\">\n\t\t\t\t\t\t<div class=\"ak-module-terms inline_badge\"><a class=\"term-58\" href=\"https:\/\/soymigrante.com\/revista\/category\/guate-nuestra\/\">Guate Nuestra<\/a><\/div>\t\t\t\t\t\t<h3 class=\"ak-module-title\"><a href=\"https:\/\/soymigrante.com\/revista\/jor-chan-la-danza-de-la-serpiente-que-despierta-la-tierra-en-jocotan\/\" rel=\"bookmark\" title=\"Jor Chan: la danza de la serpiente que despierta la tierra en Jocot\u00e1n\">Jor Chan: la danza de la serpiente que despierta la tierra en Jocot\u00e1n<\/a><\/h3>\t\t\t\t\t\t<div class=\"ak-module-meta\"><div class=\"ak-module-author\">by <a href=\"https:\/\/soymigrante.com\/revista\/author\/marysabel-aldana\/\" class=\"ak-module-author-name\">Marysabel Aldana<\/a><\/div><div class=\"ak-module-time\"><a href=\"https:\/\/soymigrante.com\/revista\/jor-chan-la-danza-de-la-serpiente-que-despierta-la-tierra-en-jocotan\/\" class=\"ak-module-meta-published\"><i class=\"ak-icon akfi-schedule\"><\/i>25\/09\/2025<\/a><\/div> <div class=\"ak-module-view-count\"><i class=\"ak-icon  fa fa-eye\"><\/i><span class=\"count\">145<\/span><\/div><\/div>\t\t\t\t\t<\/div>\n\t\t\t\t<\/div>\n\t\t\t<\/div>\n\t\t<\/article>\n\t\t\t\t<article class=\"ak-module ak-module-grid ak-module-grid-big ak-slider-item ak-block-item-10 clearfix post-17223 post type-post status-publish format-standard has-post-thumbnail  category-guate-nuestra\">\n\t\t\t<div class=\"ak-module-inner clearfix\">\n\t\t\t\t<div class=\"ak-module-grid-wrap\">\n\t\t\t\t\t<div class=\"ak-module-featured\">\n\t\t\t\t\t\t\t\t\t\t\t\t\t\t\t<div class=\"ak-featured-cover\"><a href=\"https:\/\/soymigrante.com\/revista\/isla-de-flores-en-peten-tesoro-cultural-nominado-a-la-lista-best-tourism-villages-2024\/\" class=\"ak-featured-link\" rel=\"bookmark\" title=\"Isla de Flores en Pet\u00e9n:\u00a0 Tesoro cultural nominado a la lista Best Tourism Villages 2024\"><div class=\"ak-featured-thumb lazy-thumb background-thumb  size-715\">\n                        <div class=\"lazyload\" title=\"Puerto fluvial con casas tradicionales en un pueblo cercano a un r\u00edo, reflejando cultura y vida local, ideal para temas de migraci\u00f3n, historias de comunidad y turismo en M\u00e9xico.\" data-bgset=\"https:\/\/soymigrante.com\/revista\/wp-content\/uploads\/2024\/12\/Flores-peten-Inguat-copia-750x536.webp 800w\" ><\/div>\n                      <\/div><\/a><\/div>\t\t\t\t\t<\/div>\n\t\t\t\t\t<div class=\"ak-module-details\">\n\t\t\t\t\t\t<div class=\"ak-module-terms inline_badge\"><a class=\"term-58\" href=\"https:\/\/soymigrante.com\/revista\/category\/guate-nuestra\/\">Guate Nuestra<\/a><\/div>\t\t\t\t\t\t<h3 class=\"ak-module-title\"><a href=\"https:\/\/soymigrante.com\/revista\/isla-de-flores-en-peten-tesoro-cultural-nominado-a-la-lista-best-tourism-villages-2024\/\" rel=\"bookmark\" title=\"Isla de Flores en Pet\u00e9n:\u00a0 Tesoro cultural nominado a la lista Best Tourism Villages 2024\">Isla de Flores en Pet\u00e9n:\u00a0 Tesoro cultural nominado a la lista Best Tourism Villages 2024<\/a><\/h3>\t\t\t\t\t\t<div class=\"ak-module-meta\"><div class=\"ak-module-author\">by <a href=\"https:\/\/soymigrante.com\/revista\/author\/beatriz-tercero\/\" class=\"ak-module-author-name\">Beatriz Tercero<\/a><\/div><div class=\"ak-module-time\"><a href=\"https:\/\/soymigrante.com\/revista\/isla-de-flores-en-peten-tesoro-cultural-nominado-a-la-lista-best-tourism-villages-2024\/\" class=\"ak-module-meta-published\"><i class=\"ak-icon akfi-schedule\"><\/i>21\/12\/2024<\/a><\/div> <div class=\"ak-module-view-count\"><i class=\"ak-icon  fa fa-eye\"><\/i><span class=\"count\">240<\/span><\/div><\/div>\t\t\t\t\t<\/div>\n\t\t\t\t<\/div>\n\t\t\t<\/div>\n\t\t<\/article>\n\t\t<\/div><div class=\"ak-slider-nav-container clearfix\"><div class=\"ak-slider-nav\"><a href=\"javascript:;\"><div class=\"ak-slider-nav-thumb\"><div class=\"ak-featured-thumb lazy-thumb size-715\"><img loading=\"lazy\" decoding=\"async\" width=\"120\" height=\"86\" src=\"data:image\/gif;base64,R0lGODlhAQABAAAAACH5BAEKAAEALAAAAAABAAEAAAICTAEAOw==\" class=\"attachment-newsy_120x86 size-newsy_120x86 lazyload\" alt=\"capital de guatemala 1821\" data-src=\"https:\/\/soymigrante.com\/revista\/wp-content\/uploads\/2026\/01\/capital-de-guatemala-1821-120x86.png\" \/><\/div><\/div><\/a><a href=\"javascript:;\"><div class=\"ak-slider-nav-thumb\"><div class=\"ak-featured-thumb lazy-thumb size-715\"><img loading=\"lazy\" decoding=\"async\" width=\"120\" height=\"86\" src=\"data:image\/gif;base64,R0lGODlhAQABAAAAACH5BAEKAAEALAAAAAABAAEAAAICTAEAOw==\" class=\"attachment-newsy_120x86 size-newsy_120x86 lazyload\" alt=\"Jarras de frutos secos y snacks caseros en envases reutilizables, ideales para alimentaci\u00f3n saludable y sostenible, con etiquetas personalizadas en el estilo de SoyMigrante.com REVISTA.\" data-src=\"https:\/\/soymigrante.com\/revista\/wp-content\/uploads\/2024\/12\/lumiz-naturals-9-120x86.webp\" \/><\/div><\/div><\/a><a href=\"javascript:;\"><div class=\"ak-slider-nav-thumb\"><div class=\"ak-featured-thumb lazy-thumb size-715\"><img loading=\"lazy\" decoding=\"async\" width=\"120\" height=\"86\" src=\"data:image\/gif;base64,R0lGODlhAQABAAAAACH5BAEKAAEALAAAAAABAAEAAAICTAEAOw==\" class=\"attachment-newsy_120x86 size-newsy_120x86 lazyload\" alt=\"gateadores san andres sacjabaja ministerio de cultura y deportes\" data-src=\"https:\/\/soymigrante.com\/revista\/wp-content\/uploads\/2026\/03\/gateadores-san-andres-sacjabaja-ministerio-de-cultura-y-deportes-120x86.jpeg\" \/><\/div><\/div><\/a><a href=\"javascript:;\"><div class=\"ak-slider-nav-thumb\"><div class=\"ak-featured-thumb lazy-thumb size-715\"><img loading=\"lazy\" decoding=\"async\" width=\"120\" height=\"86\" src=\"data:image\/gif;base64,R0lGODlhAQABAAAAACH5BAEKAAEALAAAAAABAAEAAAICTAEAOw==\" class=\"attachment-newsy_120x86 size-newsy_120x86 lazyload\" alt=\"Vacaciones en la playa de M\u00e9xico, belleza natural y costa del Pac\u00edfico, paisaje costero y arena volc\u00e1nica, destino tur\u00edstico ideal para migrantes y viajeros.\" data-src=\"https:\/\/soymigrante.com\/revista\/wp-content\/uploads\/2025\/03\/Santa-Rosa-2-e1741027930671-120x86.webp\" \/><\/div><\/div><\/a><a href=\"javascript:;\"><div class=\"ak-slider-nav-thumb\"><div class=\"ak-featured-thumb lazy-thumb size-715\"><img loading=\"lazy\" decoding=\"async\" width=\"120\" height=\"86\" src=\"data:image\/gif;base64,R0lGODlhAQABAAAAACH5BAEKAAEALAAAAAABAAEAAAICTAEAOw==\" class=\"attachment-newsy_120x86 size-newsy_120x86 lazyload\" alt=\"Esmeralda colibr\u00ed bebiendo n\u00e9ctar de una flor morada en un fondo verde.\" data-src=\"https:\/\/soymigrante.com\/revista\/wp-content\/uploads\/2024\/09\/ottoniel-cojulun3-120x86.webp\" \/><\/div><\/div><\/a><a href=\"javascript:;\"><div class=\"ak-slider-nav-thumb\"><div class=\"ak-featured-thumb lazy-thumb size-715\"><img loading=\"lazy\" decoding=\"async\" width=\"120\" height=\"86\" src=\"data:image\/gif;base64,R0lGODlhAQABAAAAACH5BAEKAAEALAAAAAABAAEAAAICTAEAOw==\" class=\"attachment-newsy_120x86 size-newsy_120x86 lazyload\" alt=\"\u00bfQu\u00e9 significa el nombre de Guatemala y en donde surgi\u00f3?\" data-src=\"https:\/\/soymigrante.com\/revista\/wp-content\/uploads\/2024\/01\/Captura-de-pantalla-2024-01-17-152208-120x86.webp\" \/><\/div><\/div><\/a><a href=\"javascript:;\"><div class=\"ak-slider-nav-thumb\"><div class=\"ak-featured-thumb lazy-thumb size-715\"><img loading=\"lazy\" decoding=\"async\" width=\"120\" height=\"86\" src=\"data:image\/gif;base64,R0lGODlhAQABAAAAACH5BAEKAAEALAAAAAABAAEAAAICTAEAOw==\" class=\"attachment-newsy_120x86 size-newsy_120x86 lazyload\" alt=\"Vuelo de avi\u00f3n en atardecer con cielo colorido, s\u00edmbolo de migraci\u00f3n y viajes internacionales.\" data-src=\"https:\/\/soymigrante.com\/revista\/wp-content\/uploads\/2025\/03\/salidas-y-llegadas-aeropuerto-la-aurora-120x86.webp\" \/><\/div><\/div><\/a><a href=\"javascript:;\"><div class=\"ak-slider-nav-thumb\"><div class=\"ak-featured-thumb lazy-thumb size-715\"><img loading=\"lazy\" decoding=\"async\" width=\"120\" height=\"86\" src=\"data:image\/gif;base64,R0lGODlhAQABAAAAACH5BAEKAAEALAAAAAABAAEAAAICTAEAOw==\" class=\"attachment-newsy_120x86 size-newsy_120x86 lazyload\" alt=\"Colorido sombrero tradicional mexicano decorado con confeti y accesorios festivos, s\u00edmbolo de cultura y celebraci\u00f3n.\" data-src=\"https:\/\/soymigrante.com\/revista\/wp-content\/uploads\/2025\/08\/Sombreritos-de-esquipulas-1-e1754333553216-120x86.webp\" \/><\/div><\/div><\/a><a href=\"javascript:;\"><div class=\"ak-slider-nav-thumb\"><div class=\"ak-featured-thumb lazy-thumb size-715\"><img loading=\"lazy\" decoding=\"async\" width=\"120\" height=\"86\" src=\"data:image\/gif;base64,R0lGODlhAQABAAAAACH5BAEKAAEALAAAAAABAAEAAAICTAEAOw==\" class=\"attachment-newsy_120x86 size-newsy_120x86 lazyload\" alt=\"Jor Chan: la danza de la serpiente que despierta la tierra en Jocot\u00e1n\" data-src=\"https:\/\/soymigrante.com\/revista\/wp-content\/uploads\/2025\/09\/La-danza-de-Jor-Chan-2-e1758731266990-120x86.jpg\" \/><\/div><\/div><\/a><a href=\"javascript:;\"><div class=\"ak-slider-nav-thumb\"><div class=\"ak-featured-thumb lazy-thumb size-715\"><img loading=\"lazy\" decoding=\"async\" width=\"120\" height=\"86\" src=\"data:image\/gif;base64,R0lGODlhAQABAAAAACH5BAEKAAEALAAAAAABAAEAAAICTAEAOw==\" class=\"attachment-newsy_120x86 size-newsy_120x86 lazyload\" alt=\"Puerto fluvial con casas tradicionales en un pueblo cercano a un r\u00edo, reflejando cultura y vida local, ideal para temas de migraci\u00f3n, historias de comunidad y turismo en M\u00e9xico.\" data-src=\"https:\/\/soymigrante.com\/revista\/wp-content\/uploads\/2024\/12\/Flores-peten-Inguat-copia-120x86.webp\" \/><\/div><\/div><\/a><\/div><\/div><script>var ak_slider_data_block_69f73ed06f17f_6 = {\"atts\":{\"slide_count_desktop\":\"1\",\"slide_count_notebook\":\"1\",\"slide_count_tablet\":\"1\",\"slide_count_mobile\":\"1\",\"slider_speed\":\"250\",\"slider_autoplay\":\"\",\"slider_autoplay_timeout\":\"3000\",\"slider_autoplay_speed\":\"1000\",\"slider_dots\":\"enabled\",\"slider_nav\":\"style-3\",\"slider_item_margin\":\"15\",\"slider_stage_padding\":\"\",\"slider_scroll_items\":\"1\",\"slider_center\":\"\",\"slider_loop\":\"\"},\"id\":\"block_69f73ed06f17f_6\"};<\/script><\/div><\/div>\t\t\t\t<\/div>\n\t\t\t\t<\/div>\n\t\t\t\t\t<\/div>\n\t\t\t\t<\/div>\n\t\t\t\t<\/div>\n\t\t","protected":false},"excerpt":{"rendered":"<p>Edit La s\u00faplica de un migrante desde un lugar muy distante de su pueblo by SoyMigrante.com REVISTA24\/10\/2024 22 Edit &#8220;Guatemaltecos somos parte de una gran uni\u00f3n hispana&#8221;: Leonel Arenas by SoyMigrante.com REVISTA25\/09\/2024 87 Edit Relato de 3 d\u00edas de amor y orgullo por Guatemala desde Texas by SoyMigrante.com REVISTA20\/09\/2024 69 Edit Una fracci\u00f3n de m\u00ed [&hellip;]<\/p>\n","protected":false},"author":6,"featured_media":14808,"parent":0,"menu_order":0,"comment_status":"closed","ping_status":"closed","template":"elementor_header_footer","meta":{"_acf_changed":false,"_eb_attr":"","footnotes":""},"class_list":["post-37392","page","type-page","status-publish","has-post-thumbnail","hentry"],"acf":[],"aioseo_notices":[],"aioseo_head":"\n\t\t<!-- All in One SEO Pro 4.9.6.2 - aioseo.com -->\n\t<meta name=\"description\" content=\"Escucha las voces de migrantes guatemaltecos que comparten sus vivencias, luchas y sue\u00f1os. Historias reales contadas desde el coraz\u00f3n.\" \/>\n\t<meta name=\"robots\" content=\"max-snippet:-1, max-image-preview:large, max-video-preview:-1\" \/>\n\t<link rel=\"canonical\" href=\"https:\/\/soymigrante.com\/revista\/lugard-de-voces-que-dejan-huella\/\" \/>\n\t<meta name=\"generator\" content=\"All in One SEO Pro (AIOSEO) 4.9.6.2\" \/>\n\n\t\t<link rel=\"preconnect\" href=\"https:\/\/fonts.googleapis.com\" crossorigin>\n<link rel=\"preconnect\" href=\"https:\/\/fonts.gstatic.com\" crossorigin>\n\t\t<meta property=\"og:locale\" content=\"es_ES\" \/>\n\t\t<meta property=\"og:site_name\" content=\"SoyMigrante.com REVISTA \u2013 Nuestra misi\u00f3n es reconocer y dignificar al migrante.\" \/>\n\t\t<meta property=\"og:type\" content=\"article\" \/>\n\t\t<meta property=\"og:title\" content=\"Lugar de Voces: Testimonios que Dejan Huella\" \/>\n\t\t<meta property=\"og:description\" content=\"Escucha las voces de migrantes guatemaltecos que comparten sus vivencias, luchas y sue\u00f1os. Historias reales contadas desde el coraz\u00f3n.\" \/>\n\t\t<meta property=\"og:url\" content=\"https:\/\/soymigrante.com\/revista\/lugard-de-voces-que-dejan-huella\/\" \/>\n\t\t<meta property=\"og:image\" content=\"https:\/\/soymigrante.com\/revista\/wp-content\/uploads\/2024\/11\/Nuevos-y-mejores-ha\u0301bitos-para-triunfar-en-2025-scaled-e1732737930988.webp\" \/>\n\t\t<meta property=\"og:image:secure_url\" content=\"https:\/\/soymigrante.com\/revista\/wp-content\/uploads\/2024\/11\/Nuevos-y-mejores-ha\u0301bitos-para-triunfar-en-2025-scaled-e1732737930988.webp\" \/>\n\t\t<meta property=\"og:image:width\" content=\"1702\" \/>\n\t\t<meta property=\"og:image:height\" content=\"1702\" \/>\n\t\t<meta property=\"article:published_time\" content=\"2025-06-22T17:30:34+00:00\" \/>\n\t\t<meta property=\"article:modified_time\" content=\"2025-07-31T15:55:05+00:00\" \/>\n\t\t<meta property=\"article:publisher\" content=\"https:\/\/www.facebook.com\/soymigrantecom\" \/>\n\t\t<meta name=\"twitter:card\" content=\"summary_large_image\" \/>\n\t\t<meta name=\"twitter:site\" content=\"@SoyMigrante_com\" \/>\n\t\t<meta name=\"twitter:title\" content=\"Lugar de Voces: Testimonios que Dejan Huella\" \/>\n\t\t<meta name=\"twitter:description\" content=\"Escucha las voces de migrantes guatemaltecos que comparten sus vivencias, luchas y sue\u00f1os. Historias reales contadas desde el coraz\u00f3n.\" \/>\n\t\t<meta name=\"twitter:creator\" content=\"@SoyMigrante_com\" \/>\n\t\t<meta name=\"twitter:image\" content=\"https:\/\/soymigrante.com\/revista\/wp-content\/uploads\/2024\/11\/Nuevos-y-mejores-ha\u0301bitos-para-triunfar-en-2025-scaled-e1732737930988.webp\" \/>\n\t\t<!-- All in One SEO Pro -->\r\n\t\t<title>Lugar de Voces: Testimonios que Dejan Huella<\/title>\n\n","aioseo_head_json":{"title":"Lugar de Voces: Testimonios que Dejan Huella","description":"Escucha las voces de migrantes guatemaltecos que comparten sus vivencias, luchas y sue\u00f1os. Historias reales contadas desde el coraz\u00f3n.","canonical_url":"https:\/\/soymigrante.com\/revista\/lugard-de-voces-que-dejan-huella\/","robots":"max-snippet:-1, max-image-preview:large, max-video-preview:-1","keywords":"","webmasterTools":{"miscellaneous":"&lt;link rel=\"preconnect\" href=\"https:\/\/fonts.googleapis.com\" crossorigin&gt;\n&lt;link rel=\"preconnect\" href=\"https:\/\/fonts.gstatic.com\" crossorigin&gt;"},"schema":null,"og:locale":"es_ES","og:site_name":"SoyMigrante.com REVISTA \u2013 Nuestra misi\u00f3n es reconocer y dignificar al migrante.","og:type":"article","og:title":"Lugar de Voces: Testimonios que Dejan Huella","og:description":"Escucha las voces de migrantes guatemaltecos que comparten sus vivencias, luchas y sue\u00f1os. Historias reales contadas desde el coraz\u00f3n.","og:url":"https:\/\/soymigrante.com\/revista\/lugard-de-voces-que-dejan-huella\/","og:image":"https:\/\/soymigrante.com\/revista\/wp-content\/uploads\/2024\/11\/Nuevos-y-mejores-ha\u0301bitos-para-triunfar-en-2025-scaled-e1732737930988.webp","og:image:secure_url":"https:\/\/soymigrante.com\/revista\/wp-content\/uploads\/2024\/11\/Nuevos-y-mejores-ha\u0301bitos-para-triunfar-en-2025-scaled-e1732737930988.webp","og:image:width":1702,"og:image:height":1702,"article:published_time":"2025-06-22T17:30:34+00:00","article:modified_time":"2025-07-31T15:55:05+00:00","article:publisher":"https:\/\/www.facebook.com\/soymigrantecom","twitter:card":"summary_large_image","twitter:site":"@SoyMigrante_com","twitter:title":"Lugar de Voces: Testimonios que Dejan Huella","twitter:description":"Escucha las voces de migrantes guatemaltecos que comparten sus vivencias, luchas y sue\u00f1os. Historias reales contadas desde el coraz\u00f3n.","twitter:creator":"@SoyMigrante_com","twitter:image":"https:\/\/soymigrante.com\/revista\/wp-content\/uploads\/2024\/11\/Nuevos-y-mejores-ha\u0301bitos-para-triunfar-en-2025-scaled-e1732737930988.webp"},"aioseo_meta_data":{"post_id":"37392","title":null,"description":"Escucha las voces de migrantes guatemaltecos que comparten sus vivencias, luchas y sue\u00f1os. Historias reales contadas desde el coraz\u00f3n.","keywords":null,"keyphrases":{"focus":{"keyphrase":"Lugar de voces","score":46,"analysis":{"keyphraseInTitle":{"score":9,"maxScore":9,"error":0},"keyphraseInDescription":{"score":3,"maxScore":9,"error":1},"keyphraseLength":{"score":9,"maxScore":9,"error":0,"length":3},"keyphraseInURL":{"score":1,"maxScore":5,"error":1},"keyphraseInIntroduction":{"score":3,"maxScore":9,"error":1},"keyphraseInSubHeadings":{"score":3,"maxScore":9,"error":1},"keyphraseInImageAlt":{"score":3,"maxScore":9,"error":1},"keywordDensity":{"score":0,"type":"low","maxScore":9,"error":1}}},"additional":[]},"primary_term":null,"canonical_url":null,"og_title":null,"og_description":null,"og_object_type":"default","og_image_type":"default","og_image_url":null,"og_image_width":null,"og_image_height":null,"og_image_custom_url":null,"og_image_custom_fields":null,"og_video":"","og_custom_url":null,"og_article_section":null,"og_article_tags":null,"twitter_use_og":false,"twitter_card":"default","twitter_image_type":"default","twitter_image_url":null,"twitter_image_custom_url":null,"twitter_image_custom_fields":null,"twitter_title":null,"twitter_description":null,"schema":{"blockGraphs":[],"customGraphs":[],"default":{"data":{"Article":[],"Course":[],"Dataset":[],"FAQPage":[],"Movie":[],"Person":[],"Product":[],"ProductReview":[],"Car":[],"Recipe":[],"Service":[],"SoftwareApplication":[],"WebPage":[]},"graphName":"none","isEnabled":true},"graphs":[]},"schema_type":"default","schema_type_options":null,"pillar_content":false,"robots_default":true,"robots_noindex":false,"robots_noarchive":false,"robots_nosnippet":false,"robots_nofollow":false,"robots_noimageindex":false,"robots_noodp":false,"robots_notranslate":false,"robots_max_snippet":"-1","robots_max_videopreview":"-1","robots_max_imagepreview":"large","priority":null,"frequency":"default","local_seo":null,"seo_analyzer_scan_date":"2025-10-09 09:44:51","breadcrumb_settings":null,"limit_modified_date":false,"reviewed_by":"0","open_ai":"{\"title\":{\"suggestions\":[],\"usage\":0},\"description\":{\"suggestions\":[],\"usage\":0}}","ai":null,"created":"2025-06-22 17:28:38","updated":"2026-02-04 03:56:21"},"aioseo_breadcrumb":"<div class=\"aioseo-breadcrumbs\"><span class=\"aioseo-breadcrumb\">\n\t<a href=\"https:\/\/soymigrante.com\/revista\" title=\"Home\">Home<\/a>\n<\/span><span class=\"aioseo-breadcrumb-separator\">\u00bb<\/span><span class=\"aioseo-breadcrumb\">\n\tLugar de Voces: Testimonios que Dejan Huella\n<\/span><\/div>","aioseo_breadcrumb_json":[{"label":"Home","link":"https:\/\/soymigrante.com\/revista"},{"label":"Lugar de Voces: Testimonios que Dejan Huella","link":"https:\/\/soymigrante.com\/revista\/lugard-de-voces-que-dejan-huella\/"}],"_links":{"self":[{"href":"https:\/\/soymigrante.com\/revista\/wp-json\/wp\/v2\/pages\/37392","targetHints":{"allow":["GET"]}}],"collection":[{"href":"https:\/\/soymigrante.com\/revista\/wp-json\/wp\/v2\/pages"}],"about":[{"href":"https:\/\/soymigrante.com\/revista\/wp-json\/wp\/v2\/types\/page"}],"author":[{"embeddable":true,"href":"https:\/\/soymigrante.com\/revista\/wp-json\/wp\/v2\/users\/6"}],"replies":[{"embeddable":true,"href":"https:\/\/soymigrante.com\/revista\/wp-json\/wp\/v2\/comments?post=37392"}],"version-history":[{"count":11,"href":"https:\/\/soymigrante.com\/revista\/wp-json\/wp\/v2\/pages\/37392\/revisions"}],"predecessor-version":[{"id":40919,"href":"https:\/\/soymigrante.com\/revista\/wp-json\/wp\/v2\/pages\/37392\/revisions\/40919"}],"wp:featuredmedia":[{"embeddable":true,"href":"https:\/\/soymigrante.com\/revista\/wp-json\/wp\/v2\/media\/14808"}],"wp:attachment":[{"href":"https:\/\/soymigrante.com\/revista\/wp-json\/wp\/v2\/media?parent=37392"}],"curies":[{"name":"wp","href":"https:\/\/api.w.org\/{rel}","templated":true}]}}