{"id":37381,"date":"2025-06-22T11:21:12","date_gmt":"2025-06-22T17:21:12","guid":{"rendered":"https:\/\/soymigrante.com\/revista\/?page_id=37381"},"modified":"2025-10-14T10:44:56","modified_gmt":"2025-10-14T16:44:56","slug":"recursos-migrantorios-practicas","status":"publish","type":"page","link":"https:\/\/soymigrante.com\/revista\/recursos-migrantorios-practicas\/","title":{"rendered":"Recursos Migratorios: Gu\u00edas, Tr\u00e1mites y Apoyo para Migrantes"},"content":{"rendered":"\t\t<div data-elementor-type=\"wp-page\" data-elementor-id=\"37381\" class=\"elementor elementor-37381\" data-elementor-post-type=\"page\">\n\t\t\t\t<div data-particle_enable=\"false\" data-particle-mobile-disabled=\"false\" class=\"elementor-element elementor-element-276936c e-con-full elementor-hidden-desktop elementor-hidden-tablet e-flex e-con e-parent\" data-id=\"276936c\" data-element_type=\"container\" data-e-type=\"container\">\n\t\t\t\t<div class=\"elementor-element elementor-element-354808e elementor-widget elementor-widget-newsy_grid_5\" data-id=\"354808e\" data-element_type=\"widget\" data-e-type=\"widget\" data-widget_type=\"newsy_grid_5.default\">\n\t\t\t\t<div class=\"elementor-widget-container\">\n\t\t\t\t\t<div class=\"ak-block ak-block-grid ak-block-grid-5   ak-block-width-1 clearfix tg-gradient tg-focus\" id=\"block_69f007b8107f7_1\"><div class=\"ak-block-inner clearfix\"><div class=\"ak-block-posts clearfix\">\t\t<article class=\"ak-module ak-module-grid ak-module-grid-big ak-block-item-1 clearfix post-265 post type-post status-publish format-standard has-post-thumbnail  category-recursos-migratorios\">\n\t\t\t<div class=\"ak-module-inner clearfix\">\n\t\t\t\t<div class=\"ak-module-grid-wrap\">\n\t\t\t\t\t<div class=\"ak-module-featured\">\n\t\t\t\t\t<div class=\"ak-module-badges\"><\/div>\t\t\t\t\t\t\t\t\t\t<div class=\"ak-featured-cover\"><a href=\"https:\/\/soymigrante.com\/revista\/prueba-para-ser-ciudadano-americano\/\" class=\"ak-featured-link\" rel=\"bookmark\" title=\"\u00bfQu\u00e9 preguntas vienen en el examen de ciudadan\u00eda de Estados Unidos? (Y te decimos las respuestas)\"><div class=\"ak-featured-thumb lazy-thumb background-thumb  size-715\">\n                        <div class=\"lazyload\" title=\"Bandera de Estados Unidos ondeada frente al Capitolio en Washington D.C. \u2013 imagen representativa de migraci\u00f3n, derechos y comunidad en EE.UU.\" data-bgset=\"https:\/\/soymigrante.com\/revista\/wp-content\/uploads\/2023\/05\/examen-ciudadania-preguntas.webp 800w\" ><\/div>\n                      <\/div><\/a><\/div>\t\t\t\t\t<\/div>\n\t\t\t\t\t<div class=\"ak-module-details\">\n\t\t\t\t\t\t\t\t\t\t\t\t<h3 class=\"ak-module-title\"><a href=\"https:\/\/soymigrante.com\/revista\/prueba-para-ser-ciudadano-americano\/\" rel=\"bookmark\" title=\"\u00bfQu\u00e9 preguntas vienen en el examen de ciudadan\u00eda de Estados Unidos? (Y te decimos las respuestas)\">\u00bfQu\u00e9 preguntas vienen en el examen de ciudadan\u00eda de Estados Unidos? (Y te decimos las respuestas)<\/a><\/h3>\t\t\t\t\t\t<div class=\"ak-module-meta\"><div class=\"ak-module-author\"><a href=\"https:\/\/soymigrante.com\/revista\/author\/soymigrante\/\"><img alt='SoyMigrante.com REVISTA' src='https:\/\/soymigrante.com\/revista\/wp-content\/uploads\/2023\/04\/SoyMigrante.com-V-color_profile-288x300.webp' srcset='https:\/\/soymigrante.com\/revista\/wp-content\/uploads\/2023\/04\/SoyMigrante.com-V-color_profile-288x300.webp 288w, https:\/\/soymigrante.com\/revista\/wp-content\/uploads\/2023\/04\/SoyMigrante.com-V-color_profile-982x1024.png 982w, https:\/\/soymigrante.com\/revista\/wp-content\/uploads\/2023\/04\/SoyMigrante.com-V-color_profile-768x801.png 768w, https:\/\/soymigrante.com\/revista\/wp-content\/uploads\/2023\/04\/SoyMigrante.com-V-color_profile-1473x1536.png 1473w, https:\/\/soymigrante.com\/revista\/wp-content\/uploads\/2023\/04\/SoyMigrante.com-V-color_profile-750x782.webp 750w, https:\/\/soymigrante.com\/revista\/wp-content\/uploads\/2023\/04\/SoyMigrante.com-V-color_profile-1140x1188.png 1140w, https:\/\/soymigrante.com\/revista\/wp-content\/uploads\/2023\/04\/SoyMigrante.com-V-color_profile.webp 1672w' class='avatar avatar-22 photo post-author-avatar' height='22' width='22' \/><\/a>by <a href=\"https:\/\/soymigrante.com\/revista\/author\/soymigrante\/\" class=\"ak-module-author-name\">SoyMigrante.com REVISTA<\/a><\/div><div class=\"ak-module-time\"><a href=\"https:\/\/soymigrante.com\/revista\/prueba-para-ser-ciudadano-americano\/\" class=\"ak-module-meta-published\"><i class=\"ak-icon akfi-schedule\"><\/i>19\/03\/2025<\/a><\/div> <div class=\"ak-module-view-count\"><i class=\"ak-icon  fa fa-eye\"><\/i><span class=\"count\">208<\/span><\/div><\/div>\t\t\t\t\t<\/div>\n\t\t\t\t<\/div>\n\t\t\t<\/div>\n\t\t<\/article>\n\t\t\t\t<article class=\"ak-module ak-module-grid ak-module-grid-big ak-block-item-2 clearfix post-32065 post type-post status-publish format-standard has-post-thumbnail  category-recursos-migratorios\">\n\t\t\t<div class=\"ak-module-inner clearfix\">\n\t\t\t\t<div class=\"ak-module-grid-wrap\">\n\t\t\t\t\t<div class=\"ak-module-featured\">\n\t\t\t\t\t<div class=\"ak-module-badges\"><\/div>\t\t\t\t\t\t\t\t\t\t<div class=\"ak-featured-cover\"><a href=\"https:\/\/soymigrante.com\/revista\/conoce-tus-derechos-proteccion-para-trabajadores-migrantes-en-usa\/\" class=\"ak-featured-link\" rel=\"bookmark\" title=\"Conoce tus derechos: Protecci\u00f3n para trabajadores migrantes en USA\"><div class=\"ak-featured-thumb lazy-thumb background-thumb  size-715\">\n                        <div class=\"lazyload\" title=\"Trabajo en campo agr\u00edcola con inmigrantes, cultivando verduras y hortalizas en un entorno rural para promover la integraci\u00f3n y la suerte laboral de la comunidad migrante.\" data-bgset=\"https:\/\/soymigrante.com\/revista\/wp-content\/uploads\/2025\/04\/Conoce-tus-derechos-Proteccion-legal-para-trabajadores-migrantes-en-Estados-Unidos3-750x536.webp 800w\" ><\/div>\n                      <\/div><\/a><\/div>\t\t\t\t\t<\/div>\n\t\t\t\t\t<div class=\"ak-module-details\">\n\t\t\t\t\t\t\t\t\t\t\t\t<h3 class=\"ak-module-title\"><a href=\"https:\/\/soymigrante.com\/revista\/conoce-tus-derechos-proteccion-para-trabajadores-migrantes-en-usa\/\" rel=\"bookmark\" title=\"Conoce tus derechos: Protecci\u00f3n para trabajadores migrantes en USA\">Conoce tus derechos: Protecci\u00f3n para trabajadores migrantes en USA<\/a><\/h3>\t\t\t\t\t\t<div class=\"ak-module-meta\"><div class=\"ak-module-author\"><a href=\"https:\/\/soymigrante.com\/revista\/author\/marysabel-aldana\/\"><img alt='Marysabel Aldana' src='https:\/\/soymigrante.com\/revista\/wp-content\/uploads\/2024\/06\/WhatsApp-Image-2024-06-04-at-102700-AM-225x300.webp' srcset='https:\/\/soymigrante.com\/revista\/wp-content\/uploads\/2024\/06\/WhatsApp-Image-2024-06-04-at-102700-AM-225x300.webp 225w, https:\/\/soymigrante.com\/revista\/wp-content\/uploads\/2024\/06\/WhatsApp-Image-2024-06-04-at-102700-AM-768x1024.webp 768w, https:\/\/soymigrante.com\/revista\/wp-content\/uploads\/2024\/06\/WhatsApp-Image-2024-06-04-at-102700-AM-750x1000.webp 750w, https:\/\/soymigrante.com\/revista\/wp-content\/uploads\/2024\/06\/WhatsApp-Image-2024-06-04-at-102700-AM.webp 960w' class='avatar avatar-22 photo post-author-avatar' height='22' width='22' \/><\/a>by <a href=\"https:\/\/soymigrante.com\/revista\/author\/marysabel-aldana\/\" class=\"ak-module-author-name\">Marysabel Aldana<\/a><\/div><div class=\"ak-module-time\"><a href=\"https:\/\/soymigrante.com\/revista\/conoce-tus-derechos-proteccion-para-trabajadores-migrantes-en-usa\/\" class=\"ak-module-meta-published\"><i class=\"ak-icon akfi-schedule\"><\/i>02\/05\/2025<\/a><\/div> <div class=\"ak-module-view-count\"><i class=\"ak-icon  fa fa-eye\"><\/i><span class=\"count\">51<\/span><\/div><\/div>\t\t\t\t\t<\/div>\n\t\t\t\t<\/div>\n\t\t\t<\/div>\n\t\t<\/article>\n\t\t<\/div><\/div><\/div>\t\t\t\t<\/div>\n\t\t\t\t<\/div>\n\t\t\t\t<\/div>\n\t\t<div data-particle_enable=\"false\" data-particle-mobile-disabled=\"false\" class=\"elementor-element elementor-element-8383d4a e-con-full elementor-hidden-mobile e-flex e-con e-parent\" data-id=\"8383d4a\" data-element_type=\"container\" data-e-type=\"container\">\n\t\t\t\t<div class=\"elementor-element elementor-element-3d23ecf elementor-widget elementor-widget-newsy_grid_8\" data-id=\"3d23ecf\" data-element_type=\"widget\" data-e-type=\"widget\" data-widget_type=\"newsy_grid_8.default\">\n\t\t\t\t<div class=\"elementor-widget-container\">\n\t\t\t\t\t<div class=\"ak-block ak-block-grid ak-block-grid-8   ak-block-width-1 clearfix tg-focus\" id=\"block_69f007b8107f7_2\"><div class=\"ak-block-inner clearfix\"><div class=\"ak-block-posts clearfix\">\t\t<article class=\"ak-module ak-module-grid ak-module-grid-tall ak-block-item-1 clearfix post-7868 post type-post status-publish format-standard has-post-thumbnail  category-recursos-migratorios\">\n\t\t\t<div class=\"ak-module-inner clearfix\">\n\t\t\t\t<div class=\"ak-module-grid-wrap\">\n\t\t\t\t\t<div class=\"ak-module-featured\">\n\t\t\t\t\t\t<div class=\"ak-module-badges\"><\/div>\t\t\t\t\t\t\t\t\t\t\t\t<div class=\"ak-featured-cover\"><a href=\"https:\/\/soymigrante.com\/revista\/como-tramitar-la-visa-de-turismo-americana-en-guatemala-con-asesoria-legal\/\" class=\"ak-featured-link\" rel=\"bookmark\" title=\"Algunas claves para la solicitud de visa de turismo de EE.UU. en Guatemala\"><div class=\"ak-featured-thumb lazy-thumb background-thumb  size-1400\">\n                        <div class=\"lazyload\" title=\"Embajada de Estados Unidos en M\u00e9xico, centro de relaciones internacionales y cooperaci\u00f3n bilateral, refleja la presencia y apoyo a la comunidad migrante en el pa\u00eds llego internacional.\" data-bgset=\"https:\/\/soymigrante.com\/revista\/wp-content\/uploads\/2024\/08\/embajada-americana-en-Guatemala-soy-migrante-360x415.webp 800w\" ><\/div>\n                      <\/div><\/a><\/div>\t\t\t\t\t<\/div>\n\t\t\t\t\t<div class=\"ak-module-details\">\n\t\t\t\t\t\t\n\t\t\t\t\t\t<h3 class=\"ak-module-title\"><a href=\"https:\/\/soymigrante.com\/revista\/como-tramitar-la-visa-de-turismo-americana-en-guatemala-con-asesoria-legal\/\" rel=\"bookmark\" title=\"Algunas claves para la solicitud de visa de turismo de EE.UU. en Guatemala\">Algunas claves para la solicitud de visa de turismo de EE.UU. en Guatemala<\/a><\/h3>\n\t\t\t\t\t\t<div class=\"ak-module-meta\"><div class=\"ak-module-author\"><a href=\"https:\/\/soymigrante.com\/revista\/author\/beatriz-tercero\/\"><img alt='Beatriz Tercero' src='https:\/\/soymigrante.com\/revista\/wp-content\/uploads\/2024\/08\/Beatriz-Tercero-SoyMigrante-296x300.webp' srcset='https:\/\/soymigrante.com\/revista\/wp-content\/uploads\/2024\/08\/Beatriz-Tercero-SoyMigrante-296x300.webp 296w, https:\/\/soymigrante.com\/revista\/wp-content\/uploads\/2024\/08\/Beatriz-Tercero-SoyMigrante-75x75.webp 75w, https:\/\/soymigrante.com\/revista\/wp-content\/uploads\/2024\/08\/Beatriz-Tercero-SoyMigrante.webp 493w' class='avatar avatar-22 photo post-author-avatar' height='22' width='22' \/><\/a>by <a href=\"https:\/\/soymigrante.com\/revista\/author\/beatriz-tercero\/\" class=\"ak-module-author-name\">Beatriz Tercero<\/a><\/div><div class=\"ak-module-time\"><a href=\"https:\/\/soymigrante.com\/revista\/como-tramitar-la-visa-de-turismo-americana-en-guatemala-con-asesoria-legal\/\" class=\"ak-module-meta-published\"><i class=\"ak-icon akfi-schedule\"><\/i>22\/08\/2024<\/a><\/div> <div class=\"ak-module-view-count\"><i class=\"ak-icon  fa fa-eye\"><\/i><span class=\"count\">162<\/span><\/div><\/div>\t\t\t\t\t<\/div>\n\t\t\t\t<\/div>\n\t\t\t<\/div>\n\t\t<\/article>\n\t\t\t\t<article class=\"ak-module ak-module-grid ak-module-grid-tall ak-block-item-2 clearfix post-5978 post type-post status-publish format-standard has-post-thumbnail  category-recursos-migratorios\">\n\t\t\t<div class=\"ak-module-inner clearfix\">\n\t\t\t\t<div class=\"ak-module-grid-wrap\">\n\t\t\t\t\t<div class=\"ak-module-featured\">\n\t\t\t\t\t\t<div class=\"ak-module-badges\"><\/div>\t\t\t\t\t\t\t\t\t\t\t\t<div class=\"ak-featured-cover\"><a href=\"https:\/\/soymigrante.com\/revista\/buscas-un-consulado-de-guatemala-en-us-contactos-ubicacion-y-citas-de-todos\/\" class=\"ak-featured-link\" rel=\"bookmark\" title=\"\u00bfBuscas un consulado de Guatemala en USA? Contactos, ubicaci\u00f3n y citas de todos\"><div class=\"ak-featured-thumb lazy-thumb background-thumb  size-1400\">\n                        <div class=\"lazyload\" title=\"Oklahoma consulado gt\" data-bgset=\"https:\/\/soymigrante.com\/revista\/wp-content\/uploads\/2024\/03\/Oklahoma-consulado-gt-360x504.webp 800w\" ><\/div>\n                      <\/div><\/a><\/div>\t\t\t\t\t<\/div>\n\t\t\t\t\t<div class=\"ak-module-details\">\n\t\t\t\t\t\t\n\t\t\t\t\t\t<h3 class=\"ak-module-title\"><a href=\"https:\/\/soymigrante.com\/revista\/buscas-un-consulado-de-guatemala-en-us-contactos-ubicacion-y-citas-de-todos\/\" rel=\"bookmark\" title=\"\u00bfBuscas un consulado de Guatemala en USA? Contactos, ubicaci\u00f3n y citas de todos\">\u00bfBuscas un consulado de Guatemala en USA? Contactos, ubicaci\u00f3n y citas de todos<\/a><\/h3>\n\t\t\t\t\t\t<div class=\"ak-module-meta\"><div class=\"ak-module-author\"><a href=\"https:\/\/soymigrante.com\/revista\/author\/soymigrante\/\"><img alt='SoyMigrante.com REVISTA' src='https:\/\/soymigrante.com\/revista\/wp-content\/uploads\/2023\/04\/SoyMigrante.com-V-color_profile-288x300.webp' srcset='https:\/\/soymigrante.com\/revista\/wp-content\/uploads\/2023\/04\/SoyMigrante.com-V-color_profile-288x300.webp 288w, https:\/\/soymigrante.com\/revista\/wp-content\/uploads\/2023\/04\/SoyMigrante.com-V-color_profile-982x1024.png 982w, https:\/\/soymigrante.com\/revista\/wp-content\/uploads\/2023\/04\/SoyMigrante.com-V-color_profile-768x801.png 768w, https:\/\/soymigrante.com\/revista\/wp-content\/uploads\/2023\/04\/SoyMigrante.com-V-color_profile-1473x1536.png 1473w, https:\/\/soymigrante.com\/revista\/wp-content\/uploads\/2023\/04\/SoyMigrante.com-V-color_profile-750x782.webp 750w, https:\/\/soymigrante.com\/revista\/wp-content\/uploads\/2023\/04\/SoyMigrante.com-V-color_profile-1140x1188.png 1140w, https:\/\/soymigrante.com\/revista\/wp-content\/uploads\/2023\/04\/SoyMigrante.com-V-color_profile.webp 1672w' class='avatar avatar-22 photo post-author-avatar' height='22' width='22' \/><\/a>by <a href=\"https:\/\/soymigrante.com\/revista\/author\/soymigrante\/\" class=\"ak-module-author-name\">SoyMigrante.com REVISTA<\/a><\/div><div class=\"ak-module-time\"><a href=\"https:\/\/soymigrante.com\/revista\/buscas-un-consulado-de-guatemala-en-us-contactos-ubicacion-y-citas-de-todos\/\" class=\"ak-module-meta-published\"><i class=\"ak-icon akfi-schedule\"><\/i>12\/04\/2024<\/a><\/div> <div class=\"ak-module-view-count\"><i class=\"ak-icon  fa fa-eye\"><\/i><span class=\"count\">186<\/span><\/div><\/div>\t\t\t\t\t<\/div>\n\t\t\t\t<\/div>\n\t\t\t<\/div>\n\t\t<\/article>\n\t\t\t\t<article class=\"ak-module ak-module-grid ak-module-grid-tall ak-block-item-3 clearfix post-6026 post type-post status-publish format-standard has-post-thumbnail  category-recursos-migratorios\">\n\t\t\t<div class=\"ak-module-inner clearfix\">\n\t\t\t\t<div class=\"ak-module-grid-wrap\">\n\t\t\t\t\t<div class=\"ak-module-featured\">\n\t\t\t\t\t\t<div class=\"ak-module-badges\"><\/div>\t\t\t\t\t\t\t\t\t\t\t\t<div class=\"ak-featured-cover\"><a href=\"https:\/\/soymigrante.com\/revista\/cuales-son-los-requisitos-para-pedir-asilo-en-estados-unidos\/\" class=\"ak-featured-link\" rel=\"bookmark\" title=\"Cu\u00e1les son los requisitos para pedir asilo en Estados Unidos\u00a0\"><div class=\"ak-featured-thumb lazy-thumb background-thumb  size-1400\">\n                        <div class=\"lazyload\" title=\"Documentaci\u00f3n de inmigraci\u00f3n y ciudadan\u00eda de EE. UU. en un formulario con la bandera de Estados Unidos.\" data-bgset=\"https:\/\/soymigrante.com\/revista\/wp-content\/uploads\/2024\/04\/guatemaltecos-en-estados-unidos-pueden-solicitar-asilo--360x504.webp 800w\" ><\/div>\n                      <\/div><\/a><\/div>\t\t\t\t\t<\/div>\n\t\t\t\t\t<div class=\"ak-module-details\">\n\t\t\t\t\t\t\n\t\t\t\t\t\t<h3 class=\"ak-module-title\"><a href=\"https:\/\/soymigrante.com\/revista\/cuales-son-los-requisitos-para-pedir-asilo-en-estados-unidos\/\" rel=\"bookmark\" title=\"Cu\u00e1les son los requisitos para pedir asilo en Estados Unidos\u00a0\">Cu\u00e1les son los requisitos para pedir asilo en Estados Unidos\u00a0<\/a><\/h3>\n\t\t\t\t\t\t<div class=\"ak-module-meta\"><div class=\"ak-module-author\"><a href=\"https:\/\/soymigrante.com\/revista\/author\/mynor-toc\/\"><img alt='Mynor Toc' src='https:\/\/soymigrante.com\/revista\/wp-content\/uploads\/2024\/02\/toqui-300x300.webp' srcset='https:\/\/soymigrante.com\/revista\/wp-content\/uploads\/2024\/02\/toqui-300x300.webp 300w, https:\/\/soymigrante.com\/revista\/wp-content\/uploads\/2024\/02\/toqui-150x150.webp 150w, https:\/\/soymigrante.com\/revista\/wp-content\/uploads\/2024\/02\/toqui-75x75.webp 75w, https:\/\/soymigrante.com\/revista\/wp-content\/uploads\/2024\/02\/toqui-600x600.webp 600w, https:\/\/soymigrante.com\/revista\/wp-content\/uploads\/2024\/02\/toqui.webp 689w' class='avatar avatar-22 photo post-author-avatar' height='22' width='22' \/><\/a>by <a href=\"https:\/\/soymigrante.com\/revista\/author\/mynor-toc\/\" class=\"ak-module-author-name\">Mynor Toc<\/a><\/div><div class=\"ak-module-time\"><a href=\"https:\/\/soymigrante.com\/revista\/cuales-son-los-requisitos-para-pedir-asilo-en-estados-unidos\/\" class=\"ak-module-meta-published\"><i class=\"ak-icon akfi-schedule\"><\/i>19\/04\/2024<\/a><\/div> <div class=\"ak-module-view-count\"><i class=\"ak-icon  fa fa-eye\"><\/i><span class=\"count\">178<\/span><\/div><\/div>\t\t\t\t\t<\/div>\n\t\t\t\t<\/div>\n\t\t\t<\/div>\n\t\t<\/article>\n\t\t\t\t<article class=\"ak-module ak-module-grid ak-module-grid-tall ak-block-item-4 clearfix post-7073 post type-post status-publish format-standard has-post-thumbnail  category-recursos-migratorios\">\n\t\t\t<div class=\"ak-module-inner clearfix\">\n\t\t\t\t<div class=\"ak-module-grid-wrap\">\n\t\t\t\t\t<div class=\"ak-module-featured\">\n\t\t\t\t\t\t<div class=\"ak-module-badges\"><\/div>\t\t\t\t\t\t\t\t\t\t\t\t<div class=\"ak-featured-cover\"><a href=\"https:\/\/soymigrante.com\/revista\/alimentos-permitidos-o-prohibidos-para-ingresar-a-estados-unidos\/\" class=\"ak-featured-link\" rel=\"bookmark\" title=\"Alimentos permitidos o prohibidos para ingresar a Estados Unidos\"><div class=\"ak-featured-thumb lazy-thumb background-thumb  size-1400\">\n                        <div class=\"lazyload\" title=\"Mangos frescos y maduros en display, ideales para una dieta saludable y nutritiva.\" data-bgset=\"https:\/\/soymigrante.com\/revista\/wp-content\/uploads\/2024\/06\/Captura-de-pantalla-2024-06-26-090749-360x504.webp 800w\" ><\/div>\n                      <\/div><\/a><\/div>\t\t\t\t\t<\/div>\n\t\t\t\t\t<div class=\"ak-module-details\">\n\t\t\t\t\t\t\n\t\t\t\t\t\t<h3 class=\"ak-module-title\"><a href=\"https:\/\/soymigrante.com\/revista\/alimentos-permitidos-o-prohibidos-para-ingresar-a-estados-unidos\/\" rel=\"bookmark\" title=\"Alimentos permitidos o prohibidos para ingresar a Estados Unidos\">Alimentos permitidos o prohibidos para ingresar a Estados Unidos<\/a><\/h3>\n\t\t\t\t\t\t<div class=\"ak-module-meta\"><div class=\"ak-module-author\"><a href=\"https:\/\/soymigrante.com\/revista\/author\/marysabel-aldana\/\"><img alt='Marysabel Aldana' src='https:\/\/soymigrante.com\/revista\/wp-content\/uploads\/2024\/06\/WhatsApp-Image-2024-06-04-at-102700-AM-225x300.webp' srcset='https:\/\/soymigrante.com\/revista\/wp-content\/uploads\/2024\/06\/WhatsApp-Image-2024-06-04-at-102700-AM-225x300.webp 225w, https:\/\/soymigrante.com\/revista\/wp-content\/uploads\/2024\/06\/WhatsApp-Image-2024-06-04-at-102700-AM-768x1024.webp 768w, https:\/\/soymigrante.com\/revista\/wp-content\/uploads\/2024\/06\/WhatsApp-Image-2024-06-04-at-102700-AM-750x1000.webp 750w, https:\/\/soymigrante.com\/revista\/wp-content\/uploads\/2024\/06\/WhatsApp-Image-2024-06-04-at-102700-AM.webp 960w' class='avatar avatar-22 photo post-author-avatar' height='22' width='22' \/><\/a>by <a href=\"https:\/\/soymigrante.com\/revista\/author\/marysabel-aldana\/\" class=\"ak-module-author-name\">Marysabel Aldana<\/a><\/div><div class=\"ak-module-time\"><a href=\"https:\/\/soymigrante.com\/revista\/alimentos-permitidos-o-prohibidos-para-ingresar-a-estados-unidos\/\" class=\"ak-module-meta-published\"><i class=\"ak-icon akfi-schedule\"><\/i>26\/06\/2024<\/a><\/div> <div class=\"ak-module-view-count\"><i class=\"ak-icon  fa fa-eye\"><\/i><span class=\"count\">570<\/span><\/div><\/div>\t\t\t\t\t<\/div>\n\t\t\t\t<\/div>\n\t\t\t<\/div>\n\t\t<\/article>\n\t\t<\/div><\/div><\/div>\t\t\t\t<\/div>\n\t\t\t\t<\/div>\n\t\t\t\t<\/div>\n\t\t<div data-particle_enable=\"false\" data-particle-mobile-disabled=\"false\" class=\"elementor-element elementor-element-30fa145 e-flex e-con-boxed e-con e-parent\" data-id=\"30fa145\" data-element_type=\"container\" data-e-type=\"container\">\n\t\t\t\t\t<div class=\"e-con-inner\">\n\t\t\t\t<div class=\"elementor-element elementor-element-7309431 elementor-widget elementor-widget-spacer\" data-id=\"7309431\" data-element_type=\"widget\" data-e-type=\"widget\" data-widget_type=\"spacer.default\">\n\t\t\t\t\t\t\t<div class=\"elementor-spacer\">\n\t\t\t<div class=\"elementor-spacer-inner\"><\/div>\n\t\t<\/div>\n\t\t\t\t\t\t<\/div>\n\t\t\t\t<div class=\"elementor-element elementor-element-abd543f elementor-hidden-desktop elementor-hidden-tablet elementor-widget elementor-widget-html\" data-id=\"abd543f\" data-element_type=\"widget\" data-e-type=\"widget\" data-widget_type=\"html.default\">\n\t\t\t\t\t<div style=\"text-align: center;\">\n<!-- Revive Adserver Hosted edition Asynchronous JS Tag - Generated with Revive Adserver v5.5.2 -->\n<ins data-revive-zoneid=\"24762\" data-revive-id=\"727bec5e09208690b050ccfc6a45d384\"><\/ins>\n<script async src=\"\/\/servedby.revive-adserver.net\/asyncjs.php\"><\/script>\n<\/div>\n\t\t\t\t<\/div>\n\t\t\t\t<div class=\"elementor-element elementor-element-2fd2565 elementor-hidden-mobile elementor-widget elementor-widget-html\" data-id=\"2fd2565\" data-element_type=\"widget\" data-e-type=\"widget\" data-widget_type=\"html.default\">\n\t\t\t\t\t<div style=\"text-align: center;\">\n<!-- Revive Adserver Hosted edition Asynchronous JS Tag - Generated with Revive Adserver v5.5.2 -->\n<ins data-revive-zoneid=\"24763\" data-revive-id=\"727bec5e09208690b050ccfc6a45d384\"><\/ins>\n<script async src=\"\/\/servedby.revive-adserver.net\/asyncjs.php\"><\/script>\n<\/div>\n\t\t\t\t<\/div>\n\t\t\t\t<div class=\"elementor-element elementor-element-a0c5163 elementor-widget elementor-widget-search\" data-id=\"a0c5163\" data-element_type=\"widget\" data-e-type=\"widget\" data-settings=\"{&quot;submit_trigger&quot;:&quot;click_submit&quot;,&quot;pagination_type_options&quot;:&quot;none&quot;}\" data-widget_type=\"search.default\">\n\t\t\t\t\t\t\t<search class=\"e-search hidden\" role=\"search\">\n\t\t\t<form class=\"e-search-form\" action=\"https:\/\/soymigrante.com\/revista\" method=\"get\">\n\n\t\t\t\t\n\t\t\t\t<label class=\"e-search-label\" for=\"search-a0c5163\">\n\t\t\t\t\t<span class=\"elementor-screen-only\">\n\t\t\t\t\t\tBuscar\t\t\t\t\t<\/span>\n\t\t\t\t\t\t\t\t\t<\/label>\n\n\t\t\t\t<div class=\"e-search-input-wrapper\">\n\t\t\t\t\t<input id=\"search-a0c5163\" placeholder=\"Escribe para buscar...\" class=\"e-search-input\" type=\"search\" name=\"s\" value=\"\" autocomplete=\"on\" role=\"combobox\" aria-autocomplete=\"list\" aria-expanded=\"false\" aria-controls=\"results-a0c5163\" aria-haspopup=\"listbox\">\n\t\t\t\t\t<i aria-hidden=\"true\" class=\"fas fa-times\"><\/i>\t\t\t\t\t\t\t\t\t\t<output id=\"results-a0c5163\" class=\"e-search-results-container hide-loader\" aria-live=\"polite\" aria-atomic=\"true\" aria-label=\"Resultados de b\u00fasqueda\" tabindex=\"0\">\n\t\t\t\t\t\t<div class=\"e-search-results\"><\/div>\n\t\t\t\t\t\t\t\t\t\t\t<\/output>\n\t\t\t\t\t\t\t\t\t<\/div>\n\t\t\t\t\n\t\t\t\t\n\t\t\t\t<button class=\"e-search-submit  \" type=\"submit\">\n\t\t\t\t\t\n\t\t\t\t\t\t\t\t\t\t<span class=\"\">\n\t\t\t\t\t\tBuscar\t\t\t\t\t<\/span>\n\t\t\t\t\t\t\t\t\t<\/button>\n\t\t\t\t<input type=\"hidden\" name=\"e_search_props\" value=\"a0c5163-37381\">\n\t\t\t<\/form>\n\t\t<\/search>\n\t\t\t\t\t\t<\/div>\n\t\t\t\t\t<\/div>\n\t\t\t\t<\/div>\n\t\t<div data-particle_enable=\"false\" data-particle-mobile-disabled=\"false\" class=\"elementor-element elementor-element-8395d5a elementor-hidden-desktop elementor-hidden-tablet e-flex e-con-boxed e-con e-parent\" data-id=\"8395d5a\" data-element_type=\"container\" data-e-type=\"container\">\n\t\t\t\t\t<div class=\"e-con-inner\">\n\t\t\t\t<div class=\"elementor-element elementor-element-55947f4 elementor-widget elementor-widget-newsy_list_1_small_square\" data-id=\"55947f4\" data-element_type=\"widget\" data-e-type=\"widget\" data-widget_type=\"newsy_list_1_small_square.default\">\n\t\t\t\t<div class=\"elementor-widget-container\">\n\t\t\t\t\t<div class=\"ak-block ak-block-list-1-small-square ak-block-column  ak-block-width-1 ak-pagination-container load_more clearfix\" id=\"block_69f007b8107f7_3\"><style scoped>#block_69f007b8107f7_3:not(.ak-block-width-1) .ak-block-posts { margin-right: -10px; }#block_69f007b8107f7_3 .ak-block-posts .ak-module{ padding-right: 10px; margin-bottom: 10px; }#block_69f007b8107f7_3.ak-block-module-seperator-line .ak-module-inner{ padding-bottom: 10px; }<\/style><div class=\"ak-block-header ak-block-header-style-10 no-title\"><div class=\"ak-block-tabs ak-menu-more-enabled\"><ul class=\"ak-menu ak-menu-wide\"><li class=\"menu-item\"><a href=\"#\" class=\"ak-tab-btn active\" data-tab-id=\"block_69f007b8107f7_3\" data-filter=\"\" data-filter-value=\"\">TODO<\/a><\/li><\/ul><\/div><\/div><div class=\"ak-block-inner clearfix\"><div class=\"ak-block-posts clearfix\">\t\t<article class=\"ak-module ak-module-1-small-square ak-column-module ak-module-excerpt-hide clearfix post-55151 post type-post status-publish format-standard has-post-thumbnail  category-recursos-migratorios\">\n\t\t\t<div class=\"ak-module-inner clearfix\">\n\t\t\t\t<div class=\"ak-module-featured\">\n\t\t\t\t\t<div class=\"ak-featured-cover\"><a href=\"https:\/\/soymigrante.com\/revista\/migrante-hispana-se-hace-viral-al-utilizar-una-tarjeta-roja-conoce-tus-derechos-ante-agentes\/\" class=\"ak-featured-link\" rel=\"bookmark\" title=\"Migrante hispana se hace viral al utilizar una tarjeta roja Conoce tus Derechos, ante agentes\"><div class=\"ak-featured-thumb lazy-thumb size-1000\" ><img decoding=\"async\" width=\"75\" height=\"75\" src=\"data:image\/gif;base64,R0lGODlhAQABAAAAACH5BAEKAAEALAAAAAABAAEAAAICTAEAOw==\" class=\"attachment-newsy_75x75 size-newsy_75x75 lazyload wp-post-image\" alt=\"tarjeta roja\" data-src=\"https:\/\/soymigrante.com\/revista\/wp-content\/uploads\/2026\/04\/tarjeta-roja-75x75.jpg\" data-sizes=\"auto\" data-srcset=\"https:\/\/soymigrante.com\/revista\/wp-content\/uploads\/2026\/04\/tarjeta-roja-75x75.jpg 75w, https:\/\/soymigrante.com\/revista\/wp-content\/uploads\/2026\/04\/tarjeta-roja-300x300.jpg 300w, https:\/\/soymigrante.com\/revista\/wp-content\/uploads\/2026\/04\/tarjeta-roja-150x150.jpg 150w, https:\/\/soymigrante.com\/revista\/wp-content\/uploads\/2026\/04\/tarjeta-roja-768x768.jpg 768w, https:\/\/soymigrante.com\/revista\/wp-content\/uploads\/2026\/04\/tarjeta-roja-750x750.jpg 750w, https:\/\/soymigrante.com\/revista\/wp-content\/uploads\/2026\/04\/tarjeta-roja.jpg 1024w\" data-expand=\"700\" \/><\/div><\/a><\/div>\t\t\t\t<\/div>\n\t\t\t\t<div class=\"ak-module-details\">\n\t\t\t\t\t<h3 class=\"ak-module-title\"><a href=\"https:\/\/soymigrante.com\/revista\/migrante-hispana-se-hace-viral-al-utilizar-una-tarjeta-roja-conoce-tus-derechos-ante-agentes\/\" rel=\"bookmark\" title=\"Migrante hispana se hace viral al utilizar una tarjeta roja Conoce tus Derechos, ante agentes\">Migrante hispana se hace viral al utilizar una tarjeta roja Conoce tus&hellip;<\/a><\/h3><div class=\"ak-module-meta\"><div class=\"ak-module-time\"><a href=\"https:\/\/soymigrante.com\/revista\/migrante-hispana-se-hace-viral-al-utilizar-una-tarjeta-roja-conoce-tus-derechos-ante-agentes\/\" class=\"ak-module-meta-published\"><i class=\"ak-icon akfi-schedule\"><\/i>17\/04\/2026<\/a><\/div> <div class=\"ak-module-view-count\"><i class=\"ak-icon  fa fa-eye\"><\/i><span class=\"count\">20<\/span><\/div><\/div>\t\t\t\t<\/div>\n\t\t\t<\/div>\n\t\t<\/article>\n\t\t\t\t<article class=\"ak-module ak-module-1-small-square ak-column-module ak-module-excerpt-hide clearfix post-54708 post type-post status-publish format-standard has-post-thumbnail  category-recursos-migratorios\">\n\t\t\t<div class=\"ak-module-inner clearfix\">\n\t\t\t\t<div class=\"ak-module-featured\">\n\t\t\t\t\t<div class=\"ak-featured-cover\"><a href=\"https:\/\/soymigrante.com\/revista\/por-que-es-necesario-declarar-hasta-las-infracciones-de-transito-para-tramitar-residencia-o-ciudadania\/\" class=\"ak-featured-link\" rel=\"bookmark\" title=\"\u00bfPor qu\u00e9 es necesario declarar hasta las infracciones de tr\u00e1nsito para tramitar residencia o ciudadan\u00eda?\"><div class=\"ak-featured-thumb lazy-thumb size-1000\" ><img decoding=\"async\" width=\"75\" height=\"75\" src=\"data:image\/gif;base64,R0lGODlhAQABAAAAACH5BAEKAAEALAAAAAABAAEAAAICTAEAOw==\" class=\"attachment-newsy_75x75 size-newsy_75x75 lazyload wp-post-image\" alt=\"a red light on and a traffic police ticket in a windshield at us street 1\" data-src=\"https:\/\/soymigrante.com\/revista\/wp-content\/uploads\/2026\/04\/a-red-light-on-and-a-traffic-police-ticket-in-a-windshield-at-us-street-1-75x75.jpg\" data-sizes=\"auto\" data-srcset=\"https:\/\/soymigrante.com\/revista\/wp-content\/uploads\/2026\/04\/a-red-light-on-and-a-traffic-police-ticket-in-a-windshield-at-us-street-1-75x75.jpg 75w, https:\/\/soymigrante.com\/revista\/wp-content\/uploads\/2026\/04\/a-red-light-on-and-a-traffic-police-ticket-in-a-windshield-at-us-street-1-300x300.jpg 300w, https:\/\/soymigrante.com\/revista\/wp-content\/uploads\/2026\/04\/a-red-light-on-and-a-traffic-police-ticket-in-a-windshield-at-us-street-1-1024x1024.jpg 1024w, https:\/\/soymigrante.com\/revista\/wp-content\/uploads\/2026\/04\/a-red-light-on-and-a-traffic-police-ticket-in-a-windshield-at-us-street-1-150x150.jpg 150w, https:\/\/soymigrante.com\/revista\/wp-content\/uploads\/2026\/04\/a-red-light-on-and-a-traffic-police-ticket-in-a-windshield-at-us-street-1-768x768.jpg 768w, https:\/\/soymigrante.com\/revista\/wp-content\/uploads\/2026\/04\/a-red-light-on-and-a-traffic-police-ticket-in-a-windshield-at-us-street-1-750x750.jpg 750w, https:\/\/soymigrante.com\/revista\/wp-content\/uploads\/2026\/04\/a-red-light-on-and-a-traffic-police-ticket-in-a-windshield-at-us-street-1-1140x1140.jpg 1140w, https:\/\/soymigrante.com\/revista\/wp-content\/uploads\/2026\/04\/a-red-light-on-and-a-traffic-police-ticket-in-a-windshield-at-us-street-1.jpg 1200w\" data-expand=\"700\" \/><\/div><\/a><\/div>\t\t\t\t<\/div>\n\t\t\t\t<div class=\"ak-module-details\">\n\t\t\t\t\t<h3 class=\"ak-module-title\"><a href=\"https:\/\/soymigrante.com\/revista\/por-que-es-necesario-declarar-hasta-las-infracciones-de-transito-para-tramitar-residencia-o-ciudadania\/\" rel=\"bookmark\" title=\"\u00bfPor qu\u00e9 es necesario declarar hasta las infracciones de tr\u00e1nsito para tramitar residencia o ciudadan\u00eda?\">\u00bfPor qu\u00e9 es necesario declarar hasta las infracciones de tr\u00e1nsito para&hellip;<\/a><\/h3><div class=\"ak-module-meta\"><div class=\"ak-module-time\"><a href=\"https:\/\/soymigrante.com\/revista\/por-que-es-necesario-declarar-hasta-las-infracciones-de-transito-para-tramitar-residencia-o-ciudadania\/\" class=\"ak-module-meta-published\"><i class=\"ak-icon akfi-schedule\"><\/i>08\/04\/2026<\/a><\/div> <div class=\"ak-module-view-count\"><i class=\"ak-icon  fa fa-eye\"><\/i><span class=\"count\">22<\/span><\/div><\/div>\t\t\t\t<\/div>\n\t\t\t<\/div>\n\t\t<\/article>\n\t\t\t\t<article class=\"ak-module ak-module-1-small-square ak-column-module ak-module-excerpt-hide clearfix post-53998 post type-post status-publish format-standard has-post-thumbnail  category-recursos-migratorios\">\n\t\t\t<div class=\"ak-module-inner clearfix\">\n\t\t\t\t<div class=\"ak-module-featured\">\n\t\t\t\t\t<div class=\"ak-featured-cover\"><a href=\"https:\/\/soymigrante.com\/revista\/abogada-guatemalteca-explica-como-migrantes-detenidos-sin-fianza-podrian-beneficiarse-con-fallo-de-jueza\/\" class=\"ak-featured-link\" rel=\"bookmark\" title=\"Abogada guatemalteca explica c\u00f3mo migrantes detenidos sin fianza podr\u00edan beneficiarse con fallo judicial reciente\"><div class=\"ak-featured-thumb lazy-thumb size-1000\" ><img decoding=\"async\" width=\"75\" height=\"75\" src=\"data:image\/gif;base64,R0lGODlhAQABAAAAACH5BAEKAAEALAAAAAABAAEAAAICTAEAOw==\" class=\"attachment-newsy_75x75 size-newsy_75x75 lazyload wp-post-image\" alt=\"abogada ana gabriela urizar migrante guatemalteca\" data-src=\"https:\/\/soymigrante.com\/revista\/wp-content\/uploads\/2026\/03\/abogada-ana-gabriela-urizar-migrante-guatemalteca-75x75.jpg\" data-sizes=\"auto\" data-srcset=\"https:\/\/soymigrante.com\/revista\/wp-content\/uploads\/2026\/03\/abogada-ana-gabriela-urizar-migrante-guatemalteca-75x75.jpg 75w, https:\/\/soymigrante.com\/revista\/wp-content\/uploads\/2026\/03\/abogada-ana-gabriela-urizar-migrante-guatemalteca-300x300.jpg 300w, https:\/\/soymigrante.com\/revista\/wp-content\/uploads\/2026\/03\/abogada-ana-gabriela-urizar-migrante-guatemalteca-150x150.jpg 150w, https:\/\/soymigrante.com\/revista\/wp-content\/uploads\/2026\/03\/abogada-ana-gabriela-urizar-migrante-guatemalteca.jpg 670w\" data-expand=\"700\" \/><\/div><\/a><\/div>\t\t\t\t<\/div>\n\t\t\t\t<div class=\"ak-module-details\">\n\t\t\t\t\t<h3 class=\"ak-module-title\"><a href=\"https:\/\/soymigrante.com\/revista\/abogada-guatemalteca-explica-como-migrantes-detenidos-sin-fianza-podrian-beneficiarse-con-fallo-de-jueza\/\" rel=\"bookmark\" title=\"Abogada guatemalteca explica c\u00f3mo migrantes detenidos sin fianza podr\u00edan beneficiarse con fallo judicial reciente\">Abogada guatemalteca explica c\u00f3mo migrantes detenidos sin fianza podr\u00edan&hellip;<\/a><\/h3><div class=\"ak-module-meta\"><div class=\"ak-module-time\"><a href=\"https:\/\/soymigrante.com\/revista\/abogada-guatemalteca-explica-como-migrantes-detenidos-sin-fianza-podrian-beneficiarse-con-fallo-de-jueza\/\" class=\"ak-module-meta-published\"><i class=\"ak-icon akfi-schedule\"><\/i>23\/03\/2026<\/a><\/div> <div class=\"ak-module-view-count\"><i class=\"ak-icon  fa fa-eye\"><\/i><span class=\"count\">58<\/span><\/div><\/div>\t\t\t\t<\/div>\n\t\t\t<\/div>\n\t\t<\/article>\n\t\t\t\t<article class=\"ak-module ak-module-1-small-square ak-column-module ak-module-excerpt-hide clearfix post-52972 post type-post status-publish format-standard has-post-thumbnail  category-recursos-migratorios\">\n\t\t\t<div class=\"ak-module-inner clearfix\">\n\t\t\t\t<div class=\"ak-module-featured\">\n\t\t\t\t\t<div class=\"ak-featured-cover\"><a href=\"https:\/\/soymigrante.com\/revista\/migrantes-guatemaltecos-podran-empadronarse-y-votar-con-pasaporte-cambios-del-tse-al-reglamento-de-voto-en-el-extranjero-conocelos\/\" class=\"ak-featured-link\" rel=\"bookmark\" title=\"Guatemaltecos en el extranjero podr\u00e1n empadronarse y votar con pasaporte: cambios del TSE a reglamento &#8211; Con\u00f3celos\"><div class=\"ak-featured-thumb lazy-thumb size-1000\" ><img loading=\"lazy\" decoding=\"async\" width=\"75\" height=\"75\" src=\"data:image\/gif;base64,R0lGODlhAQABAAAAACH5BAEKAAEALAAAAAABAAEAAAICTAEAOw==\" class=\"attachment-newsy_75x75 size-newsy_75x75 lazyload wp-post-image\" alt=\"Centro de votaci\u00f3n en Estados Unidos. A pesar de la poca divulgaci\u00f3n, connacionales se hicieron presentes a emitir el sufragio. Fotograf\u00eda TSE\" data-src=\"https:\/\/soymigrante.com\/revista\/wp-content\/uploads\/2023\/08\/F3_yjX6XwAE3rgt-75x75.webp\" data-sizes=\"auto\" data-srcset=\"https:\/\/soymigrante.com\/revista\/wp-content\/uploads\/2023\/08\/F3_yjX6XwAE3rgt-75x75.webp 75w, https:\/\/soymigrante.com\/revista\/wp-content\/uploads\/2023\/08\/F3_yjX6XwAE3rgt-300x300.webp 300w, https:\/\/soymigrante.com\/revista\/wp-content\/uploads\/2023\/08\/F3_yjX6XwAE3rgt-150x150.webp 150w, https:\/\/soymigrante.com\/revista\/wp-content\/uploads\/2023\/08\/F3_yjX6XwAE3rgt-750x750.webp 750w, https:\/\/soymigrante.com\/revista\/wp-content\/uploads\/2023\/08\/F3_yjX6XwAE3rgt-600x600.webp 600w, https:\/\/soymigrante.com\/revista\/wp-content\/uploads\/2023\/08\/F3_yjX6XwAE3rgt.webp 767w\" data-expand=\"700\" \/><\/div><\/a><\/div>\t\t\t\t<\/div>\n\t\t\t\t<div class=\"ak-module-details\">\n\t\t\t\t\t<h3 class=\"ak-module-title\"><a href=\"https:\/\/soymigrante.com\/revista\/migrantes-guatemaltecos-podran-empadronarse-y-votar-con-pasaporte-cambios-del-tse-al-reglamento-de-voto-en-el-extranjero-conocelos\/\" rel=\"bookmark\" title=\"Guatemaltecos en el extranjero podr\u00e1n empadronarse y votar con pasaporte: cambios del TSE a reglamento &#8211; Con\u00f3celos\">Guatemaltecos en el extranjero podr\u00e1n empadronarse y votar con pasaporte:&hellip;<\/a><\/h3><div class=\"ak-module-meta\"><div class=\"ak-module-time\"><a href=\"https:\/\/soymigrante.com\/revista\/migrantes-guatemaltecos-podran-empadronarse-y-votar-con-pasaporte-cambios-del-tse-al-reglamento-de-voto-en-el-extranjero-conocelos\/\" class=\"ak-module-meta-published\"><i class=\"ak-icon akfi-schedule\"><\/i>27\/02\/2026<\/a><\/div> <div class=\"ak-module-view-count\"><i class=\"ak-icon  fa fa-eye\"><\/i><span class=\"count\">233<\/span><\/div><\/div>\t\t\t\t<\/div>\n\t\t\t<\/div>\n\t\t<\/article>\n\t\t\t\t<article class=\"ak-module ak-module-1-small-square ak-column-module ak-module-excerpt-hide clearfix post-51000 post type-post status-publish format-standard has-post-thumbnail  category-recursos-migratorios\">\n\t\t\t<div class=\"ak-module-inner clearfix\">\n\t\t\t\t<div class=\"ak-module-featured\">\n\t\t\t\t\t<div class=\"ak-featured-cover\"><a href=\"https:\/\/soymigrante.com\/revista\/que-nuevas-exigencias-tendra-la-residencia-legal-o-green-card-por-matrimonio-en-estados-unidos\/\" class=\"ak-featured-link\" rel=\"bookmark\" title=\"\u00bfQu\u00e9 nuevas exigencias tendr\u00e1 la residencia legal o green card por matrimonio en Estados Unidos?\"><div class=\"ak-featured-thumb lazy-thumb size-1000\" ><img loading=\"lazy\" decoding=\"async\" width=\"75\" height=\"75\" src=\"data:image\/gif;base64,R0lGODlhAQABAAAAACH5BAEKAAEALAAAAAABAAEAAAICTAEAOw==\" class=\"attachment-newsy_75x75 size-newsy_75x75 lazyload wp-post-image\" alt=\"requisitos residencia por matrimonio estados unidos 2026\" data-src=\"https:\/\/soymigrante.com\/revista\/wp-content\/uploads\/2026\/01\/requisitos-residencia-por-matrimonio-estados-unidos-2026-75x75.jpg\" data-sizes=\"auto\" data-srcset=\"https:\/\/soymigrante.com\/revista\/wp-content\/uploads\/2026\/01\/requisitos-residencia-por-matrimonio-estados-unidos-2026-75x75.jpg 75w, https:\/\/soymigrante.com\/revista\/wp-content\/uploads\/2026\/01\/requisitos-residencia-por-matrimonio-estados-unidos-2026-300x300.jpg 300w, https:\/\/soymigrante.com\/revista\/wp-content\/uploads\/2026\/01\/requisitos-residencia-por-matrimonio-estados-unidos-2026-150x150.jpg 150w, https:\/\/soymigrante.com\/revista\/wp-content\/uploads\/2026\/01\/requisitos-residencia-por-matrimonio-estados-unidos-2026-768x768.jpg 768w, https:\/\/soymigrante.com\/revista\/wp-content\/uploads\/2026\/01\/requisitos-residencia-por-matrimonio-estados-unidos-2026-750x750.jpg 750w, https:\/\/soymigrante.com\/revista\/wp-content\/uploads\/2026\/01\/requisitos-residencia-por-matrimonio-estados-unidos-2026.jpg 853w\" data-expand=\"700\" \/><\/div><\/a><\/div>\t\t\t\t<\/div>\n\t\t\t\t<div class=\"ak-module-details\">\n\t\t\t\t\t<h3 class=\"ak-module-title\"><a href=\"https:\/\/soymigrante.com\/revista\/que-nuevas-exigencias-tendra-la-residencia-legal-o-green-card-por-matrimonio-en-estados-unidos\/\" rel=\"bookmark\" title=\"\u00bfQu\u00e9 nuevas exigencias tendr\u00e1 la residencia legal o green card por matrimonio en Estados Unidos?\">\u00bfQu\u00e9 nuevas exigencias tendr\u00e1 la residencia legal o green card por&hellip;<\/a><\/h3><div class=\"ak-module-meta\"><div class=\"ak-module-time\"><a href=\"https:\/\/soymigrante.com\/revista\/que-nuevas-exigencias-tendra-la-residencia-legal-o-green-card-por-matrimonio-en-estados-unidos\/\" class=\"ak-module-meta-published\"><i class=\"ak-icon akfi-schedule\"><\/i>14\/01\/2026<\/a><\/div> <div class=\"ak-module-view-count\"><i class=\"ak-icon  fa fa-eye\"><\/i><span class=\"count\">117<\/span><\/div><\/div>\t\t\t\t<\/div>\n\t\t\t<\/div>\n\t\t<\/article>\n\t\t\t\t<article class=\"ak-module ak-module-1-small-square ak-column-module ak-module-excerpt-hide clearfix post-49965 post type-post status-publish format-standard has-post-thumbnail  category-recursos-migratorios\">\n\t\t\t<div class=\"ak-module-inner clearfix\">\n\t\t\t\t<div class=\"ak-module-featured\">\n\t\t\t\t\t<div class=\"ak-featured-cover\"><a href=\"https:\/\/soymigrante.com\/revista\/derechos-y-obligaciones-en-aeropuertos-de-usa-claves-para-viajeros-por-la-union-de-libertades-civiles\/\" class=\"ak-featured-link\" rel=\"bookmark\" title=\"Derechos y obligaciones en aeropuertos de USA: claves para viajeros por la Uni\u00f3n de Libertades Civiles\"><div class=\"ak-featured-thumb lazy-thumb size-1000\" ><img loading=\"lazy\" decoding=\"async\" width=\"75\" height=\"75\" src=\"data:image\/gif;base64,R0lGODlhAQABAAAAACH5BAEKAAEALAAAAAABAAEAAAICTAEAOw==\" class=\"attachment-newsy_75x75 size-newsy_75x75 lazyload wp-post-image\" alt=\"aeropuerto usa derechos y obligaciones\" data-src=\"https:\/\/soymigrante.com\/revista\/wp-content\/uploads\/2025\/12\/aeropuerto-usa-derechos-y-obligaciones-75x75.jpg\" data-sizes=\"auto\" data-srcset=\"https:\/\/soymigrante.com\/revista\/wp-content\/uploads\/2025\/12\/aeropuerto-usa-derechos-y-obligaciones-75x75.jpg 75w, https:\/\/soymigrante.com\/revista\/wp-content\/uploads\/2025\/12\/aeropuerto-usa-derechos-y-obligaciones-300x300.jpg 300w, https:\/\/soymigrante.com\/revista\/wp-content\/uploads\/2025\/12\/aeropuerto-usa-derechos-y-obligaciones-1024x1024.jpg 1024w, https:\/\/soymigrante.com\/revista\/wp-content\/uploads\/2025\/12\/aeropuerto-usa-derechos-y-obligaciones-150x150.jpg 150w, https:\/\/soymigrante.com\/revista\/wp-content\/uploads\/2025\/12\/aeropuerto-usa-derechos-y-obligaciones-768x768.jpg 768w, https:\/\/soymigrante.com\/revista\/wp-content\/uploads\/2025\/12\/aeropuerto-usa-derechos-y-obligaciones-1536x1536.jpg 1536w, https:\/\/soymigrante.com\/revista\/wp-content\/uploads\/2025\/12\/aeropuerto-usa-derechos-y-obligaciones-750x750.jpg 750w, https:\/\/soymigrante.com\/revista\/wp-content\/uploads\/2025\/12\/aeropuerto-usa-derechos-y-obligaciones-1140x1140.jpg 1140w, https:\/\/soymigrante.com\/revista\/wp-content\/uploads\/2025\/12\/aeropuerto-usa-derechos-y-obligaciones.jpg 1888w\" data-expand=\"700\" \/><\/div><\/a><\/div>\t\t\t\t<\/div>\n\t\t\t\t<div class=\"ak-module-details\">\n\t\t\t\t\t<h3 class=\"ak-module-title\"><a href=\"https:\/\/soymigrante.com\/revista\/derechos-y-obligaciones-en-aeropuertos-de-usa-claves-para-viajeros-por-la-union-de-libertades-civiles\/\" rel=\"bookmark\" title=\"Derechos y obligaciones en aeropuertos de USA: claves para viajeros por la Uni\u00f3n de Libertades Civiles\">Derechos y obligaciones en aeropuertos de USA: claves para viajeros por la&hellip;<\/a><\/h3><div class=\"ak-module-meta\"><div class=\"ak-module-time\"><a href=\"https:\/\/soymigrante.com\/revista\/derechos-y-obligaciones-en-aeropuertos-de-usa-claves-para-viajeros-por-la-union-de-libertades-civiles\/\" class=\"ak-module-meta-published\"><i class=\"ak-icon akfi-schedule\"><\/i>19\/12\/2025<\/a><\/div> <div class=\"ak-module-view-count\"><i class=\"ak-icon  fa fa-eye\"><\/i><span class=\"count\">47<\/span><\/div><\/div>\t\t\t\t<\/div>\n\t\t\t<\/div>\n\t\t<\/article>\n\t\t<\/div><div class=\"ak-pagination load_more clearfix\"><script>var ak_pagination_data_block_69f007b8107f7_3 = {\"atts\":{\"title\":\"\",\"title_size\":\"\",\"title_line_height\":\"\",\"subtitle\":\"\",\"subtitle_size\":\"\",\"subtitle_line_height\":\"\",\"title_url\":\"\",\"title_url_text\":\"\",\"icon\":\"\",\"block_accent_color\":\"\",\"header_style\":\"style-10\",\"header_bg_color\":\"\",\"header_line_color\":\"\",\"header_title_color\":\"\",\"header_subtitle_color\":\"\",\"header_title_bg_color\":\"\",\"header_icon_color\":\"\",\"pagination\":\"load_more\",\"show_pagination_label\":\"\",\"infinity_break_count\":\"3\",\"tabs\":\"sub_cat_filter\",\"tabs_all_text\":\"TODO\",\"tabs_cat_filter\":\"\",\"tabs_tax_filter\":\"\",\"tabs_order_by_filter\":\"\",\"tabs_more_menu\":\"\",\"count\":6,\"offset\":\"\",\"post_type\":\"post\",\"post_status\":\"publish\",\"time_filter\":\"\",\"order_by\":\"latest\",\"post_format\":\"\",\"meta_query\":[],\"s\":\"\",\"author\":\"\",\"category\":\"59\",\"post\":\"\",\"taxonomy\":\"\",\"taxonomy_relation\":\"\",\"block_width\":1,\"block_id\":\"block_69f007b8107f7_3\",\"block_extra_classes\":\"\",\"custom_enabled\":\"yes\",\"custom_parts\":{\"show_excerpt\":\"hide\",\"show_author_icon\":\"hide\",\"show_author\":\"hide\",\"show_comment_count\":\"hide\",\"show_share_count\":\"hide\",\"show_voting_count\":\"hide\",\"show_category\":\"hide\",\"show_format_icon\":\"hide\",\"show_badge_icon\":\"hide\"},\"wp_query\":false,\"numeric_items_style\":\"\",\"item_margin\":10,\"show_no_result\":true,\"view\":\"newsy_list_1_small_square\",\"query-main-term\":\"59\"},\"id\":\"block_69f007b8107f7_3\",\"token\":\"d99314790a9\"};<\/script><a href=\"#\" class=\"ak-pagination-btn\" data-action=\"next\" data-block-id=\"block_69f007b8107f7_3\" title=\"Load More Posts\" rel=\"nofollow\"><span class=\"ak-pagination-btn-load-more\"><i class=\"fa fa-caret-down\" aria-hidden=\"true\"><\/i> <span class=\"txt\">Load More Posts<\/span><\/span><span class=\"ak-pagination-btn-loading\"><i class=\"fa fa-circle-o-notch fa-spin fa-fw\"><\/i> <span class=\"txt\">Loading...<\/span><\/span><span class=\"ak-pagination-btn-no-more\">No more posts.<\/span><\/a><\/div><\/div><\/div>\t\t\t\t<\/div>\n\t\t\t\t<\/div>\n\t\t\t\t\t<\/div>\n\t\t\t\t<\/div>\n\t\t<div data-particle_enable=\"false\" data-particle-mobile-disabled=\"false\" class=\"elementor-element elementor-element-3c16049 e-con-full elementor-hidden-mobile e-flex e-con e-parent\" data-id=\"3c16049\" data-element_type=\"container\" data-e-type=\"container\">\n\t\t\t\t<div class=\"elementor-element elementor-element-44c77d6 elementor-widget elementor-widget-newsy_block_14\" data-id=\"44c77d6\" data-element_type=\"widget\" data-e-type=\"widget\" data-widget_type=\"newsy_block_14.default\">\n\t\t\t\t<div class=\"elementor-widget-container\">\n\t\t\t\t\t<div class=\"ak-block ak-block-14 ak-block-column ak-masonry  ak-block-width-3 ak-pagination-container load_more clearfix\" id=\"block_69f007b8107f7_4\"><div class=\"ak-block-header ak-block-header-style-15 no-title\"><div class=\"ak-block-tabs ak-menu-more-enabled\"><ul class=\"ak-menu ak-menu-wide\"><li class=\"menu-item\"><a href=\"#\" class=\"ak-tab-btn active\" data-tab-id=\"block_69f007b8107f7_4\" data-filter=\"\" data-filter-value=\"\">TODO<\/a><\/li><\/ul><\/div><\/div><div class=\"ak-block-inner clearfix\"><div class=\"ak-block-posts clearfix\">\t\t<article class=\"ak-module ak-module-3 ak-column-module clearfix post-55151 post type-post status-publish format-standard has-post-thumbnail  category-recursos-migratorios\">\n\t\t\t<div class=\"ak-module-inner clearfix\">\n\t\t\t\t<div class=\"ak-module-grid-wrap\">\n\t\t\t\t\t<div class=\"ak-module-featured\">\n\t\t\t\t\t\t<div class=\"ak-module-badges\"><\/div><div class=\"ak-featured-cover\"><a href=\"https:\/\/soymigrante.com\/revista\/migrante-hispana-se-hace-viral-al-utilizar-una-tarjeta-roja-conoce-tus-derechos-ante-agentes\/\" class=\"ak-featured-link\" rel=\"bookmark\" title=\"Migrante hispana se hace viral al utilizar una tarjeta roja Conoce tus Derechos, ante agentes\"><div class=\"ak-featured-thumb lazy-thumb size-715\" ><img loading=\"lazy\" decoding=\"async\" width=\"350\" height=\"250\" src=\"data:image\/gif;base64,R0lGODlhAQABAAAAACH5BAEKAAEALAAAAAABAAEAAAICTAEAOw==\" class=\"attachment-newsy_350x250 size-newsy_350x250 lazyload wp-post-image\" alt=\"tarjeta roja\" data-src=\"https:\/\/soymigrante.com\/revista\/wp-content\/uploads\/2026\/04\/tarjeta-roja-350x250.jpg\" data-sizes=\"auto\" data-srcset=\"https:\/\/soymigrante.com\/revista\/wp-content\/uploads\/2026\/04\/tarjeta-roja-350x250.jpg 350w, https:\/\/soymigrante.com\/revista\/wp-content\/uploads\/2026\/04\/tarjeta-roja-120x86.jpg 120w, https:\/\/soymigrante.com\/revista\/wp-content\/uploads\/2026\/04\/tarjeta-roja-750x536.jpg 750w\" data-expand=\"700\" \/><\/div><\/a><\/div>\t\t\t\t\t<\/div>\n\t\t\t\t\t<div class=\"ak-module-details\">\n\t\t\t\t\t\t<h3 class=\"ak-module-title\"><a href=\"https:\/\/soymigrante.com\/revista\/migrante-hispana-se-hace-viral-al-utilizar-una-tarjeta-roja-conoce-tus-derechos-ante-agentes\/\" rel=\"bookmark\" title=\"Migrante hispana se hace viral al utilizar una tarjeta roja Conoce tus Derechos, ante agentes\">Migrante hispana se hace viral al utilizar una tarjeta roja Conoce tus Derechos, ante agentes<\/a><\/h3><div class=\"ak-module-meta\"><div class=\"ak-module-time\"><a href=\"https:\/\/soymigrante.com\/revista\/migrante-hispana-se-hace-viral-al-utilizar-una-tarjeta-roja-conoce-tus-derechos-ante-agentes\/\" class=\"ak-module-meta-published\"><i class=\"ak-icon akfi-schedule\"><\/i>17\/04\/2026<\/a><\/div><\/div>\t\t\t\t\t<\/div>\n\t\t\t\t<\/div>\n\t\t\t<\/div>\n\t\t<\/article>\n\t\t\t\t<article class=\"ak-module ak-module-2-tall ak-column-module clearfix post-54708 post type-post status-publish format-standard has-post-thumbnail  category-recursos-migratorios\">\n\t\t\t<div class=\"ak-module-inner clearfix\">\n\t\t\t\t<div class=\"ak-module-featured\">\n\t\t\t\t\t<div class=\"ak-module-badges\"><\/div><div class=\"ak-featured-cover\"><a href=\"https:\/\/soymigrante.com\/revista\/por-que-es-necesario-declarar-hasta-las-infracciones-de-transito-para-tramitar-residencia-o-ciudadania\/\" class=\"ak-featured-link\" rel=\"bookmark\" title=\"\u00bfPor qu\u00e9 es necesario declarar hasta las infracciones de tr\u00e1nsito para tramitar residencia o ciudadan\u00eda?\"><div class=\"ak-featured-thumb lazy-thumb size-1400\" ><img loading=\"lazy\" decoding=\"async\" width=\"360\" height=\"504\" src=\"data:image\/gif;base64,R0lGODlhAQABAAAAACH5BAEKAAEALAAAAAABAAEAAAICTAEAOw==\" class=\"attachment-newsy_360x504 size-newsy_360x504 lazyload wp-post-image\" alt=\"a red light on and a traffic police ticket in a windshield at us street 1\" data-src=\"https:\/\/soymigrante.com\/revista\/wp-content\/uploads\/2026\/04\/a-red-light-on-and-a-traffic-police-ticket-in-a-windshield-at-us-street-1-360x504.jpg\" data-sizes=\"auto\" data-srcset=\"\" data-expand=\"700\" \/><\/div><\/a><\/div><div class=\"ak-module-featured-meta\"><\/div>\t\t\t\t<\/div>\n\t\t\t\t<div class=\"ak-module-details\">\n\t\t\t\t\t<h3 class=\"ak-module-title\"><a href=\"https:\/\/soymigrante.com\/revista\/por-que-es-necesario-declarar-hasta-las-infracciones-de-transito-para-tramitar-residencia-o-ciudadania\/\" rel=\"bookmark\" title=\"\u00bfPor qu\u00e9 es necesario declarar hasta las infracciones de tr\u00e1nsito para tramitar residencia o ciudadan\u00eda?\">\u00bfPor qu\u00e9 es necesario declarar hasta las infracciones de tr\u00e1nsito para tramitar residencia o ciudadan\u00eda?<\/a><\/h3><div class=\"ak-module-meta\"><div class=\"ak-module-time\"><a href=\"https:\/\/soymigrante.com\/revista\/por-que-es-necesario-declarar-hasta-las-infracciones-de-transito-para-tramitar-residencia-o-ciudadania\/\" class=\"ak-module-meta-published\"><i class=\"ak-icon akfi-schedule\"><\/i>08\/04\/2026<\/a><\/div><\/div><div class=\"ak-module-summary\"><p>Abogada migratoria guatemalteca Ana Gabriela Ur\u00edzar advierte que ocultar&hellip;<\/p><\/div>\t\t\t\t<\/div>\n\t\t\t<\/div>\n\t\t<\/article>\n\t\t\t\t<article class=\"ak-module ak-module-3 ak-column-module clearfix post-53998 post type-post status-publish format-standard has-post-thumbnail  category-recursos-migratorios\">\n\t\t\t<div class=\"ak-module-inner clearfix\">\n\t\t\t\t<div class=\"ak-module-grid-wrap\">\n\t\t\t\t\t<div class=\"ak-module-featured\">\n\t\t\t\t\t\t<div class=\"ak-module-badges\"><\/div><div class=\"ak-featured-cover\"><a href=\"https:\/\/soymigrante.com\/revista\/abogada-guatemalteca-explica-como-migrantes-detenidos-sin-fianza-podrian-beneficiarse-con-fallo-de-jueza\/\" class=\"ak-featured-link\" rel=\"bookmark\" title=\"Abogada guatemalteca explica c\u00f3mo migrantes detenidos sin fianza podr\u00edan beneficiarse con fallo judicial reciente\"><div class=\"ak-featured-thumb lazy-thumb size-715\" ><img loading=\"lazy\" decoding=\"async\" width=\"350\" height=\"250\" src=\"data:image\/gif;base64,R0lGODlhAQABAAAAACH5BAEKAAEALAAAAAABAAEAAAICTAEAOw==\" class=\"attachment-newsy_350x250 size-newsy_350x250 lazyload wp-post-image\" alt=\"abogada ana gabriela urizar migrante guatemalteca\" data-src=\"https:\/\/soymigrante.com\/revista\/wp-content\/uploads\/2026\/03\/abogada-ana-gabriela-urizar-migrante-guatemalteca-350x250.jpg\" data-sizes=\"auto\" data-srcset=\"https:\/\/soymigrante.com\/revista\/wp-content\/uploads\/2026\/03\/abogada-ana-gabriela-urizar-migrante-guatemalteca-350x250.jpg 350w, https:\/\/soymigrante.com\/revista\/wp-content\/uploads\/2026\/03\/abogada-ana-gabriela-urizar-migrante-guatemalteca-120x86.jpg 120w\" data-expand=\"700\" \/><\/div><\/a><\/div>\t\t\t\t\t<\/div>\n\t\t\t\t\t<div class=\"ak-module-details\">\n\t\t\t\t\t\t<h3 class=\"ak-module-title\"><a href=\"https:\/\/soymigrante.com\/revista\/abogada-guatemalteca-explica-como-migrantes-detenidos-sin-fianza-podrian-beneficiarse-con-fallo-de-jueza\/\" rel=\"bookmark\" title=\"Abogada guatemalteca explica c\u00f3mo migrantes detenidos sin fianza podr\u00edan beneficiarse con fallo judicial reciente\">Abogada guatemalteca explica c\u00f3mo migrantes detenidos sin fianza podr\u00edan beneficiarse con fallo judicial reciente<\/a><\/h3><div class=\"ak-module-meta\"><div class=\"ak-module-time\"><a href=\"https:\/\/soymigrante.com\/revista\/abogada-guatemalteca-explica-como-migrantes-detenidos-sin-fianza-podrian-beneficiarse-con-fallo-de-jueza\/\" class=\"ak-module-meta-published\"><i class=\"ak-icon akfi-schedule\"><\/i>23\/03\/2026<\/a><\/div><\/div>\t\t\t\t\t<\/div>\n\t\t\t\t<\/div>\n\t\t\t<\/div>\n\t\t<\/article>\n\t\t\t\t<article class=\"ak-module ak-module-2-tall ak-column-module clearfix post-52972 post type-post status-publish format-standard has-post-thumbnail  category-recursos-migratorios\">\n\t\t\t<div class=\"ak-module-inner clearfix\">\n\t\t\t\t<div class=\"ak-module-featured\">\n\t\t\t\t\t<div class=\"ak-module-badges\"><\/div><div class=\"ak-featured-cover\"><a href=\"https:\/\/soymigrante.com\/revista\/migrantes-guatemaltecos-podran-empadronarse-y-votar-con-pasaporte-cambios-del-tse-al-reglamento-de-voto-en-el-extranjero-conocelos\/\" class=\"ak-featured-link\" rel=\"bookmark\" title=\"Guatemaltecos en el extranjero podr\u00e1n empadronarse y votar con pasaporte: cambios del TSE a reglamento &#8211; Con\u00f3celos\"><div class=\"ak-featured-thumb lazy-thumb size-1400\" ><img loading=\"lazy\" decoding=\"async\" width=\"360\" height=\"504\" src=\"data:image\/gif;base64,R0lGODlhAQABAAAAACH5BAEKAAEALAAAAAABAAEAAAICTAEAOw==\" class=\"attachment-newsy_360x504 size-newsy_360x504 lazyload wp-post-image\" alt=\"Centro de votaci\u00f3n en Estados Unidos. A pesar de la poca divulgaci\u00f3n, connacionales se hicieron presentes a emitir el sufragio. Fotograf\u00eda TSE\" data-src=\"https:\/\/soymigrante.com\/revista\/wp-content\/uploads\/2023\/08\/F3_yjX6XwAE3rgt-360x504.webp\" data-sizes=\"auto\" data-srcset=\"\" data-expand=\"700\" \/><\/div><\/a><\/div><div class=\"ak-module-featured-meta\"><\/div>\t\t\t\t<\/div>\n\t\t\t\t<div class=\"ak-module-details\">\n\t\t\t\t\t<h3 class=\"ak-module-title\"><a href=\"https:\/\/soymigrante.com\/revista\/migrantes-guatemaltecos-podran-empadronarse-y-votar-con-pasaporte-cambios-del-tse-al-reglamento-de-voto-en-el-extranjero-conocelos\/\" rel=\"bookmark\" title=\"Guatemaltecos en el extranjero podr\u00e1n empadronarse y votar con pasaporte: cambios del TSE a reglamento &#8211; Con\u00f3celos\">Guatemaltecos en el extranjero podr\u00e1n empadronarse y votar con pasaporte: cambios del TSE a reglamento &#8211; Con\u00f3celos<\/a><\/h3><div class=\"ak-module-meta\"><div class=\"ak-module-time\"><a href=\"https:\/\/soymigrante.com\/revista\/migrantes-guatemaltecos-podran-empadronarse-y-votar-con-pasaporte-cambios-del-tse-al-reglamento-de-voto-en-el-extranjero-conocelos\/\" class=\"ak-module-meta-published\"><i class=\"ak-icon akfi-schedule\"><\/i>27\/02\/2026<\/a><\/div><\/div><div class=\"ak-module-summary\"><p>Tribunal Supremo Electoral reforma reglamento de voto en el extranjero para&hellip;<\/p><\/div>\t\t\t\t<\/div>\n\t\t\t<\/div>\n\t\t<\/article>\n\t\t\t\t<article class=\"ak-module ak-module-3 ak-column-module clearfix post-51000 post type-post status-publish format-standard has-post-thumbnail  category-recursos-migratorios\">\n\t\t\t<div class=\"ak-module-inner clearfix\">\n\t\t\t\t<div class=\"ak-module-grid-wrap\">\n\t\t\t\t\t<div class=\"ak-module-featured\">\n\t\t\t\t\t\t<div class=\"ak-module-badges\"><\/div><div class=\"ak-featured-cover\"><a href=\"https:\/\/soymigrante.com\/revista\/que-nuevas-exigencias-tendra-la-residencia-legal-o-green-card-por-matrimonio-en-estados-unidos\/\" class=\"ak-featured-link\" rel=\"bookmark\" title=\"\u00bfQu\u00e9 nuevas exigencias tendr\u00e1 la residencia legal o green card por matrimonio en Estados Unidos?\"><div class=\"ak-featured-thumb lazy-thumb size-715\" ><img loading=\"lazy\" decoding=\"async\" width=\"350\" height=\"250\" src=\"data:image\/gif;base64,R0lGODlhAQABAAAAACH5BAEKAAEALAAAAAABAAEAAAICTAEAOw==\" class=\"attachment-newsy_350x250 size-newsy_350x250 lazyload wp-post-image\" alt=\"requisitos residencia por matrimonio estados unidos 2026\" data-src=\"https:\/\/soymigrante.com\/revista\/wp-content\/uploads\/2026\/01\/requisitos-residencia-por-matrimonio-estados-unidos-2026-350x250.jpg\" data-sizes=\"auto\" data-srcset=\"https:\/\/soymigrante.com\/revista\/wp-content\/uploads\/2026\/01\/requisitos-residencia-por-matrimonio-estados-unidos-2026-350x250.jpg 350w, https:\/\/soymigrante.com\/revista\/wp-content\/uploads\/2026\/01\/requisitos-residencia-por-matrimonio-estados-unidos-2026-120x86.jpg 120w, https:\/\/soymigrante.com\/revista\/wp-content\/uploads\/2026\/01\/requisitos-residencia-por-matrimonio-estados-unidos-2026-750x536.jpg 750w\" data-expand=\"700\" \/><\/div><\/a><\/div>\t\t\t\t\t<\/div>\n\t\t\t\t\t<div class=\"ak-module-details\">\n\t\t\t\t\t\t<h3 class=\"ak-module-title\"><a href=\"https:\/\/soymigrante.com\/revista\/que-nuevas-exigencias-tendra-la-residencia-legal-o-green-card-por-matrimonio-en-estados-unidos\/\" rel=\"bookmark\" title=\"\u00bfQu\u00e9 nuevas exigencias tendr\u00e1 la residencia legal o green card por matrimonio en Estados Unidos?\">\u00bfQu\u00e9 nuevas exigencias tendr\u00e1 la residencia legal o green card por matrimonio en Estados Unidos?<\/a><\/h3><div class=\"ak-module-meta\"><div class=\"ak-module-time\"><a href=\"https:\/\/soymigrante.com\/revista\/que-nuevas-exigencias-tendra-la-residencia-legal-o-green-card-por-matrimonio-en-estados-unidos\/\" class=\"ak-module-meta-published\"><i class=\"ak-icon akfi-schedule\"><\/i>14\/01\/2026<\/a><\/div><\/div>\t\t\t\t\t<\/div>\n\t\t\t\t<\/div>\n\t\t\t<\/div>\n\t\t<\/article>\n\t\t\t\t<article class=\"ak-module ak-module-2-tall ak-column-module clearfix post-49965 post type-post status-publish format-standard has-post-thumbnail  category-recursos-migratorios\">\n\t\t\t<div class=\"ak-module-inner clearfix\">\n\t\t\t\t<div class=\"ak-module-featured\">\n\t\t\t\t\t<div class=\"ak-module-badges\"><\/div><div class=\"ak-featured-cover\"><a href=\"https:\/\/soymigrante.com\/revista\/derechos-y-obligaciones-en-aeropuertos-de-usa-claves-para-viajeros-por-la-union-de-libertades-civiles\/\" class=\"ak-featured-link\" rel=\"bookmark\" title=\"Derechos y obligaciones en aeropuertos de USA: claves para viajeros por la Uni\u00f3n de Libertades Civiles\"><div class=\"ak-featured-thumb lazy-thumb size-1400\" ><img loading=\"lazy\" decoding=\"async\" width=\"360\" height=\"504\" src=\"data:image\/gif;base64,R0lGODlhAQABAAAAACH5BAEKAAEALAAAAAABAAEAAAICTAEAOw==\" class=\"attachment-newsy_360x504 size-newsy_360x504 lazyload wp-post-image\" alt=\"aeropuerto usa derechos y obligaciones\" data-src=\"https:\/\/soymigrante.com\/revista\/wp-content\/uploads\/2025\/12\/aeropuerto-usa-derechos-y-obligaciones-360x504.jpg\" data-sizes=\"auto\" data-srcset=\"\" data-expand=\"700\" \/><\/div><\/a><\/div><div class=\"ak-module-featured-meta\"><\/div>\t\t\t\t<\/div>\n\t\t\t\t<div class=\"ak-module-details\">\n\t\t\t\t\t<h3 class=\"ak-module-title\"><a href=\"https:\/\/soymigrante.com\/revista\/derechos-y-obligaciones-en-aeropuertos-de-usa-claves-para-viajeros-por-la-union-de-libertades-civiles\/\" rel=\"bookmark\" title=\"Derechos y obligaciones en aeropuertos de USA: claves para viajeros por la Uni\u00f3n de Libertades Civiles\">Derechos y obligaciones en aeropuertos de USA: claves para viajeros por la Uni\u00f3n de Libertades Civiles<\/a><\/h3><div class=\"ak-module-meta\"><div class=\"ak-module-time\"><a href=\"https:\/\/soymigrante.com\/revista\/derechos-y-obligaciones-en-aeropuertos-de-usa-claves-para-viajeros-por-la-union-de-libertades-civiles\/\" class=\"ak-module-meta-published\"><i class=\"ak-icon akfi-schedule\"><\/i>19\/12\/2025<\/a><\/div><\/div><div class=\"ak-module-summary\"><p>\u00bfPuede un oficial en el aeropuerto preguntarme mi estatus migratorio? \u00bfPuede&hellip;<\/p><\/div>\t\t\t\t<\/div>\n\t\t\t<\/div>\n\t\t<\/article>\n\t\t\t\t<article class=\"ak-module ak-module-3 ak-column-module clearfix post-49636 post type-post status-publish format-standard has-post-thumbnail  category-recursos-migratorios\">\n\t\t\t<div class=\"ak-module-inner clearfix\">\n\t\t\t\t<div class=\"ak-module-grid-wrap\">\n\t\t\t\t\t<div class=\"ak-module-featured\">\n\t\t\t\t\t\t<div class=\"ak-module-badges\"><\/div><div class=\"ak-featured-cover\"><a href=\"https:\/\/soymigrante.com\/revista\/conoce-y-ejerce-tus-derechos-aconseja-alcalde-electo-de-new-york-a-migrantes-ante-operativos\/\" class=\"ak-featured-link\" rel=\"bookmark\" title=\"Conoce y ejerce tus derechos aconseja alcalde electo de New York a migrantes ante operativos\"><div class=\"ak-featured-thumb lazy-thumb size-715\" ><img loading=\"lazy\" decoding=\"async\" width=\"350\" height=\"250\" src=\"data:image\/gif;base64,R0lGODlhAQABAAAAACH5BAEKAAEALAAAAAABAAEAAAICTAEAOw==\" class=\"attachment-newsy_350x250 size-newsy_350x250 lazyload wp-post-image\" alt=\"alcalde nueva york new york migrantes\" data-src=\"https:\/\/soymigrante.com\/revista\/wp-content\/uploads\/2025\/12\/alcalde-nueva-york-new-york-migrantes-350x250.png\" data-sizes=\"auto\" data-srcset=\"https:\/\/soymigrante.com\/revista\/wp-content\/uploads\/2025\/12\/alcalde-nueva-york-new-york-migrantes-350x250.png 350w, https:\/\/soymigrante.com\/revista\/wp-content\/uploads\/2025\/12\/alcalde-nueva-york-new-york-migrantes-120x86.png 120w\" data-expand=\"700\" \/><\/div><\/a><\/div>\t\t\t\t\t<\/div>\n\t\t\t\t\t<div class=\"ak-module-details\">\n\t\t\t\t\t\t<h3 class=\"ak-module-title\"><a href=\"https:\/\/soymigrante.com\/revista\/conoce-y-ejerce-tus-derechos-aconseja-alcalde-electo-de-new-york-a-migrantes-ante-operativos\/\" rel=\"bookmark\" title=\"Conoce y ejerce tus derechos aconseja alcalde electo de New York a migrantes ante operativos\">Conoce y ejerce tus derechos aconseja alcalde electo de New York a migrantes ante operativos<\/a><\/h3><div class=\"ak-module-meta\"><div class=\"ak-module-time\"><a href=\"https:\/\/soymigrante.com\/revista\/conoce-y-ejerce-tus-derechos-aconseja-alcalde-electo-de-new-york-a-migrantes-ante-operativos\/\" class=\"ak-module-meta-published\"><i class=\"ak-icon akfi-schedule\"><\/i>10\/12\/2025<\/a><\/div><\/div>\t\t\t\t\t<\/div>\n\t\t\t\t<\/div>\n\t\t\t<\/div>\n\t\t<\/article>\n\t\t\t\t<article class=\"ak-module ak-module-2-tall ak-column-module clearfix post-47441 post type-post status-publish format-standard has-post-thumbnail  category-recursos-migratorios\">\n\t\t\t<div class=\"ak-module-inner clearfix\">\n\t\t\t\t<div class=\"ak-module-featured\">\n\t\t\t\t\t<div class=\"ak-module-badges\"><\/div><div class=\"ak-featured-cover\"><a href=\"https:\/\/soymigrante.com\/revista\/estas-son-las-128-preguntas-y-respuestas-del-examen-de-ciudadania-usa-2025\/\" class=\"ak-featured-link\" rel=\"bookmark\" title=\"Estas son las 128 preguntas y respuestas del examen de ciudadan\u00eda USA 2025\"><div class=\"ak-featured-thumb lazy-thumb size-1400\" ><img loading=\"lazy\" decoding=\"async\" width=\"360\" height=\"504\" src=\"data:image\/gif;base64,R0lGODlhAQABAAAAACH5BAEKAAEALAAAAAABAAEAAAICTAEAOw==\" class=\"attachment-newsy_360x504 size-newsy_360x504 lazyload wp-post-image\" alt=\"ciudadania examen y juramento\" data-src=\"https:\/\/soymigrante.com\/revista\/wp-content\/uploads\/2025\/10\/ciudadania-examen-y-juramento-360x504.jpg\" data-sizes=\"auto\" data-srcset=\"\" data-expand=\"700\" \/><\/div><\/a><\/div><div class=\"ak-module-featured-meta\"><\/div>\t\t\t\t<\/div>\n\t\t\t\t<div class=\"ak-module-details\">\n\t\t\t\t\t<h3 class=\"ak-module-title\"><a href=\"https:\/\/soymigrante.com\/revista\/estas-son-las-128-preguntas-y-respuestas-del-examen-de-ciudadania-usa-2025\/\" rel=\"bookmark\" title=\"Estas son las 128 preguntas y respuestas del examen de ciudadan\u00eda USA 2025\">Estas son las 128 preguntas y respuestas del examen de ciudadan\u00eda USA 2025<\/a><\/h3><div class=\"ak-module-meta\"><div class=\"ak-module-time\"><a href=\"https:\/\/soymigrante.com\/revista\/estas-son-las-128-preguntas-y-respuestas-del-examen-de-ciudadania-usa-2025\/\" class=\"ak-module-meta-published\"><i class=\"ak-icon akfi-schedule\"><\/i>21\/10\/2025<\/a><\/div><\/div><div class=\"ak-module-summary\"><p>Desde el 17 de octubre de 2025, el material de estudio para el ex\u00e1men de&hellip;<\/p><\/div>\t\t\t\t<\/div>\n\t\t\t<\/div>\n\t\t<\/article>\n\t\t\t\t<article class=\"ak-module ak-module-3 ak-column-module clearfix post-10362 post type-post status-publish format-standard has-post-thumbnail  category-recursos-migratorios\">\n\t\t\t<div class=\"ak-module-inner clearfix\">\n\t\t\t\t<div class=\"ak-module-grid-wrap\">\n\t\t\t\t\t<div class=\"ak-module-featured\">\n\t\t\t\t\t\t<div class=\"ak-module-badges\"><\/div><div class=\"ak-featured-cover\"><a href=\"https:\/\/soymigrante.com\/revista\/un-tema-dificil-que-hacer-para-repatriar-un-cuerpo-desde-usa-a-guatemala\/\" class=\"ak-featured-link\" rel=\"bookmark\" title=\"Un tema dif\u00edcil: \u00bfQu\u00e9 hacer para repatriar un cuerpo desde USA a Guatemala?\"><div class=\"ak-featured-thumb lazy-thumb size-715\" ><img loading=\"lazy\" decoding=\"async\" width=\"350\" height=\"250\" src=\"data:image\/gif;base64,R0lGODlhAQABAAAAACH5BAEKAAEALAAAAAABAAEAAAICTAEAOw==\" class=\"attachment-newsy_350x250 size-newsy_350x250 lazyload wp-post-image\" alt=\"Avi\u00f3n comercial en vuelo, fotograf\u00eda tomada desde abajo, cielo nublado, transporte a\u00e9reo, aeropuerto, viaje internacional, aerol\u00ednea, aeronave moderna, industria a\u00e9rea, movilidad global.\" data-src=\"https:\/\/soymigrante.com\/revista\/wp-content\/uploads\/2024\/10\/repatriacion-guia-1-350x250.webp\" data-sizes=\"auto\" data-srcset=\"https:\/\/soymigrante.com\/revista\/wp-content\/uploads\/2024\/10\/repatriacion-guia-1-350x250.webp 350w, https:\/\/soymigrante.com\/revista\/wp-content\/uploads\/2024\/10\/repatriacion-guia-1-120x86.webp 120w, https:\/\/soymigrante.com\/revista\/wp-content\/uploads\/2024\/10\/repatriacion-guia-1-750x536.webp 750w\" data-expand=\"700\" \/><\/div><\/a><\/div>\t\t\t\t\t<\/div>\n\t\t\t\t\t<div class=\"ak-module-details\">\n\t\t\t\t\t\t<h3 class=\"ak-module-title\"><a href=\"https:\/\/soymigrante.com\/revista\/un-tema-dificil-que-hacer-para-repatriar-un-cuerpo-desde-usa-a-guatemala\/\" rel=\"bookmark\" title=\"Un tema dif\u00edcil: \u00bfQu\u00e9 hacer para repatriar un cuerpo desde USA a Guatemala?\">Un tema dif\u00edcil: \u00bfQu\u00e9 hacer para repatriar un cuerpo desde USA a Guatemala?<\/a><\/h3><div class=\"ak-module-meta\"><div class=\"ak-module-time\"><a href=\"https:\/\/soymigrante.com\/revista\/un-tema-dificil-que-hacer-para-repatriar-un-cuerpo-desde-usa-a-guatemala\/\" class=\"ak-module-meta-published\"><i class=\"ak-icon akfi-schedule\"><\/i>08\/10\/2025<\/a><\/div><\/div>\t\t\t\t\t<\/div>\n\t\t\t\t<\/div>\n\t\t\t<\/div>\n\t\t<\/article>\n\t\t\t\t<article class=\"ak-module ak-module-2-tall ak-column-module clearfix post-45363 post type-post status-publish format-standard has-post-thumbnail  category-recursos-migratorios\">\n\t\t\t<div class=\"ak-module-inner clearfix\">\n\t\t\t\t<div class=\"ak-module-featured\">\n\t\t\t\t\t<div class=\"ak-module-badges\"><\/div><div class=\"ak-featured-cover\"><a href=\"https:\/\/soymigrante.com\/revista\/que-es-el-buen-caracter-moral-requerido-para-la-ciudadania-de-usa\/\" class=\"ak-featured-link\" rel=\"bookmark\" title=\"\u00bfQu\u00e9 es el buen car\u00e1cter moral requerido para la ciudadan\u00eda de USA?\"><div class=\"ak-featured-thumb lazy-thumb size-1400\" ><img loading=\"lazy\" decoding=\"async\" width=\"360\" height=\"504\" src=\"data:image\/gif;base64,R0lGODlhAQABAAAAACH5BAEKAAEALAAAAAABAAEAAAICTAEAOw==\" class=\"attachment-newsy_360x504 size-newsy_360x504 lazyload wp-post-image\" alt=\"Lo que debes saber sobre el requisito de buen car\u00e1cter moral para EE.UU.\" data-src=\"https:\/\/soymigrante.com\/revista\/wp-content\/uploads\/2025\/09\/Lo-que-debes-saber-sobre-el-requisito-de-buen-caracter-moral2-e1758223780957-360x504.jpeg\" data-sizes=\"auto\" data-srcset=\"\" data-expand=\"700\" \/><\/div><\/a><\/div><div class=\"ak-module-featured-meta\"><\/div>\t\t\t\t<\/div>\n\t\t\t\t<div class=\"ak-module-details\">\n\t\t\t\t\t<h3 class=\"ak-module-title\"><a href=\"https:\/\/soymigrante.com\/revista\/que-es-el-buen-caracter-moral-requerido-para-la-ciudadania-de-usa\/\" rel=\"bookmark\" title=\"\u00bfQu\u00e9 es el buen car\u00e1cter moral requerido para la ciudadan\u00eda de USA?\">\u00bfQu\u00e9 es el buen car\u00e1cter moral requerido para la ciudadan\u00eda de USA?<\/a><\/h3><div class=\"ak-module-meta\"><div class=\"ak-module-time\"><a href=\"https:\/\/soymigrante.com\/revista\/que-es-el-buen-caracter-moral-requerido-para-la-ciudadania-de-usa\/\" class=\"ak-module-meta-published\"><i class=\"ak-icon akfi-schedule\"><\/i>19\/09\/2025<\/a><\/div><\/div><div class=\"ak-module-summary\"><p>Estas son las preguntas frecuentes sobre el requisito de buen car\u00e1cter moral&hellip;<\/p><\/div>\t\t\t\t<\/div>\n\t\t\t<\/div>\n\t\t<\/article>\n\t\t\t\t<article class=\"ak-module ak-module-3 ak-column-module clearfix post-45279 post type-post status-publish format-standard has-post-thumbnail  category-recursos-migratorios\">\n\t\t\t<div class=\"ak-module-inner clearfix\">\n\t\t\t\t<div class=\"ak-module-grid-wrap\">\n\t\t\t\t\t<div class=\"ak-module-featured\">\n\t\t\t\t\t\t<div class=\"ak-module-badges\"><\/div><div class=\"ak-featured-cover\"><a href=\"https:\/\/soymigrante.com\/revista\/que-cambios-traera-el-nuevo-examen-de-ciudadania-de-estados-unidos\/\" class=\"ak-featured-link\" rel=\"bookmark\" title=\"\u00bfQu\u00e9 cambios trae el nuevo ex\u00e1men de ciudadan\u00eda USA 2025?\"><div class=\"ak-featured-thumb lazy-thumb size-715\" ><img loading=\"lazy\" decoding=\"async\" width=\"350\" height=\"250\" src=\"data:image\/gif;base64,R0lGODlhAQABAAAAACH5BAEKAAEALAAAAAABAAEAAAICTAEAOw==\" class=\"attachment-newsy_350x250 size-newsy_350x250 lazyload wp-post-image\" alt=\"examen de ciudadania usa foto uscis\" data-src=\"https:\/\/soymigrante.com\/revista\/wp-content\/uploads\/2025\/09\/examen-de-ciudadania-usa-foto-uscis-350x250.jpg\" data-sizes=\"auto\" data-srcset=\"https:\/\/soymigrante.com\/revista\/wp-content\/uploads\/2025\/09\/examen-de-ciudadania-usa-foto-uscis-350x250.jpg 350w, https:\/\/soymigrante.com\/revista\/wp-content\/uploads\/2025\/09\/examen-de-ciudadania-usa-foto-uscis-120x86.jpg 120w\" data-expand=\"700\" \/><\/div><\/a><\/div>\t\t\t\t\t<\/div>\n\t\t\t\t\t<div class=\"ak-module-details\">\n\t\t\t\t\t\t<h3 class=\"ak-module-title\"><a href=\"https:\/\/soymigrante.com\/revista\/que-cambios-traera-el-nuevo-examen-de-ciudadania-de-estados-unidos\/\" rel=\"bookmark\" title=\"\u00bfQu\u00e9 cambios trae el nuevo ex\u00e1men de ciudadan\u00eda USA 2025?\">\u00bfQu\u00e9 cambios trae el nuevo ex\u00e1men de ciudadan\u00eda USA 2025?<\/a><\/h3><div class=\"ak-module-meta\"><div class=\"ak-module-time\"><a href=\"https:\/\/soymigrante.com\/revista\/que-cambios-traera-el-nuevo-examen-de-ciudadania-de-estados-unidos\/\" class=\"ak-module-meta-published\"><i class=\"ak-icon akfi-schedule\"><\/i>18\/09\/2025<\/a><\/div><\/div>\t\t\t\t\t<\/div>\n\t\t\t\t<\/div>\n\t\t\t<\/div>\n\t\t<\/article>\n\t\t\t\t<article class=\"ak-module ak-module-2-tall ak-column-module clearfix post-42542 post type-post status-publish format-standard has-post-thumbnail  category-recursos-migratorios\">\n\t\t\t<div class=\"ak-module-inner clearfix\">\n\t\t\t\t<div class=\"ak-module-featured\">\n\t\t\t\t\t<div class=\"ak-module-badges\"><\/div><div class=\"ak-featured-cover\"><a href=\"https:\/\/soymigrante.com\/revista\/dos-documentos-clave-ante-ice-recomienda-experto-migratorio\/\" class=\"ak-featured-link\" rel=\"bookmark\" title=\"Dos documentos clave ante ICE recomienda experto migratorio\"><div class=\"ak-featured-thumb lazy-thumb size-1400\" ><img loading=\"lazy\" decoding=\"async\" width=\"360\" height=\"504\" src=\"data:image\/gif;base64,R0lGODlhAQABAAAAACH5BAEKAAEALAAAAAABAAEAAAICTAEAOw==\" class=\"attachment-newsy_360x504 size-newsy_360x504 lazyload wp-post-image\" alt=\"Polic\u00eda de inmigraci\u00f3n ICE en uniforme en operativo de control migratorio.\" data-src=\"https:\/\/soymigrante.com\/revista\/wp-content\/uploads\/2025\/08\/ICE-POLICIA-2-e1755891187418-360x504.webp\" data-sizes=\"auto\" data-srcset=\"\" data-expand=\"700\" \/><\/div><\/a><\/div><div class=\"ak-module-featured-meta\"><\/div>\t\t\t\t<\/div>\n\t\t\t\t<div class=\"ak-module-details\">\n\t\t\t\t\t<h3 class=\"ak-module-title\"><a href=\"https:\/\/soymigrante.com\/revista\/dos-documentos-clave-ante-ice-recomienda-experto-migratorio\/\" rel=\"bookmark\" title=\"Dos documentos clave ante ICE recomienda experto migratorio\">Dos documentos clave ante ICE recomienda experto migratorio<\/a><\/h3><div class=\"ak-module-meta\"><div class=\"ak-module-time\"><a href=\"https:\/\/soymigrante.com\/revista\/dos-documentos-clave-ante-ice-recomienda-experto-migratorio\/\" class=\"ak-module-meta-published\"><i class=\"ak-icon akfi-schedule\"><\/i>25\/08\/2025<\/a><\/div><\/div><div class=\"ak-module-summary\"><p>Los documentos clave que el asesor migratorio Pablo Higueros recomienda para&hellip;<\/p><\/div>\t\t\t\t<\/div>\n\t\t\t<\/div>\n\t\t<\/article>\n\t\t<\/div><div class=\"ak-pagination load_more clearfix\"><script>var ak_pagination_data_block_69f007b8107f7_4 = {\"atts\":{\"title\":\"\",\"title_size\":\"\",\"title_line_height\":\"\",\"subtitle\":\"\",\"subtitle_size\":\"\",\"subtitle_line_height\":\"\",\"title_url\":\"\",\"title_url_text\":\"\",\"icon\":\"\",\"block_accent_color\":\"\",\"header_style\":\"style-15\",\"header_bg_color\":\"\",\"header_line_color\":\"\",\"header_title_color\":\"\",\"header_subtitle_color\":\"\",\"header_title_bg_color\":\"\",\"header_icon_color\":\"\",\"pagination\":\"load_more\",\"show_pagination_label\":\"\",\"infinity_break_count\":\"3\",\"tabs\":\"sub_cat_filter\",\"tabs_all_text\":\"TODO\",\"tabs_cat_filter\":\"\",\"tabs_tax_filter\":\"\",\"tabs_order_by_filter\":\"\",\"tabs_more_menu\":\"\",\"count\":12,\"offset\":\"\",\"post_type\":\"\",\"post_status\":\"publish\",\"time_filter\":\"\",\"order_by\":\"latest\",\"post_format\":\"\",\"meta_query\":[],\"s\":\"\",\"author\":\"\",\"category\":\"59\",\"post\":\"\",\"taxonomy\":\"\",\"taxonomy_relation\":\"\",\"block_width\":\"3\",\"block_id\":\"block_69f007b8107f7_4\",\"block_extra_classes\":\"\",\"custom_enabled\":\"\",\"custom_parts\":\"\",\"wp_query\":false,\"numeric_items_style\":\"\",\"item_margin\":\"30\",\"show_no_result\":true,\"module_2_tall_custom_enabled\":\"yes\",\"module_2_tall_custom_parts\":{\"show_author_icon\":\"hide\",\"show_author\":\"hide\",\"show_comment_count\":\"hide\",\"show_share_count\":\"hide\",\"show_view_count\":\"hide\",\"show_voting_count\":\"hide\",\"show_category\":\"hide\",\"show_format_icon\":\"hide\"},\"module_3_custom_enabled\":\"yes\",\"module_3_custom_parts\":{\"show_author_icon\":\"hide\",\"show_author\":\"hide\",\"show_comment_count\":\"hide\",\"show_share_count\":\"hide\",\"show_view_count\":\"hide\",\"show_voting_count\":\"hide\",\"show_category\":\"hide\"},\"view\":\"newsy_block_14\",\"query-main-term\":\"59\"},\"id\":\"block_69f007b8107f7_4\",\"token\":\"77408e39d30\"};<\/script><a href=\"#\" class=\"ak-pagination-btn\" data-action=\"next\" data-block-id=\"block_69f007b8107f7_4\" title=\"Load More Posts\" rel=\"nofollow\"><span class=\"ak-pagination-btn-load-more\"><i class=\"fa fa-caret-down\" aria-hidden=\"true\"><\/i> <span class=\"txt\">Load More Posts<\/span><\/span><span class=\"ak-pagination-btn-loading\"><i class=\"fa fa-circle-o-notch fa-spin fa-fw\"><\/i> <span class=\"txt\">Loading...<\/span><\/span><span class=\"ak-pagination-btn-no-more\">No more posts.<\/span><\/a><\/div><\/div><\/div>\t\t\t\t<\/div>\n\t\t\t\t<\/div>\n\t\t\t\t<\/div>\n\t\t<div data-particle_enable=\"false\" data-particle-mobile-disabled=\"false\" class=\"elementor-element elementor-element-6b3f504 e-flex e-con-boxed e-con e-parent\" data-id=\"6b3f504\" data-element_type=\"container\" data-e-type=\"container\">\n\t\t\t\t\t<div class=\"e-con-inner\">\n\t\t\t\t<div class=\"elementor-element elementor-element-334adfb elementor-widget elementor-widget-newsy_block_header\" data-id=\"334adfb\" data-element_type=\"widget\" data-e-type=\"widget\" data-widget_type=\"newsy_block_header.default\">\n\t\t\t\t<div class=\"elementor-widget-container\">\n\t\t\t\t\t<div class=\"ak-block ak-block-custom-header  ak-block-width-1 clearfix\" id=\"block_69f007b8107f7_5\"><style scoped>#block_69f007b8107f7_5 .ak-block-header {--ak-block-title-text-size:24px;--ak-block-title-line-height:41px;}<\/style><div class=\"ak-block-header ak-block-header-style-10 no-tabs\"><h4 class=\"ak-block-title\"><a href=\"https:\/\/soymigrante.com\/revista\/tag\/joyas-mayas-migrantes\/\"><span class=\"title-text\"><i class=\"ak-icon  fa fa-sun-o\"><\/i><span>Joyas Mayas Migrantes<\/span><\/span><i class=\"fa fa-angle-double-right\"><\/i><\/a><\/h4><\/div><div class=\"ak-block-inner clearfix\"><\/div><\/div>\t\t\t\t<\/div>\n\t\t\t\t<\/div>\n\t\t\t\t<div class=\"elementor-element elementor-element-e9ec07f elementor-widget elementor-widget-newsy_slider_4\" data-id=\"e9ec07f\" data-element_type=\"widget\" data-e-type=\"widget\" data-widget_type=\"newsy_slider_4.default\">\n\t\t\t\t<div class=\"elementor-widget-container\">\n\t\t\t\t\t<div class=\"ak-block ak-block-grid ak-slider-4  ak-block-width-1 ak-slider-container clearfix tg-gradient tg-focus\" id=\"block_69f007b8107f7_6\"><div class=\"ak-block-inner clearfix\"><div class=\"ak-block-posts clearfix\">\t\t<article class=\"ak-module ak-module-grid ak-module-grid-big ak-slider-item ak-block-item-1 clearfix post-34520 post type-post status-publish format-standard has-post-thumbnail  category-guate-nuestra tag-joyas-mayas-migrantes\">\n\t\t\t<div class=\"ak-module-inner clearfix\">\n\t\t\t\t<div class=\"ak-module-grid-wrap\">\n\t\t\t\t\t<div class=\"ak-module-featured\">\n\t\t\t\t\t\t\t\t\t\t\t\t\t\t\t<div class=\"ak-featured-cover\"><a href=\"https:\/\/soymigrante.com\/revista\/porque-hay-tantas-joyas-mayas-migrantes\/\" class=\"ak-featured-link\" rel=\"bookmark\" title=\"\u00bfPorqu\u00e9 hay tantas Joyas Mayas Migrantes?\"><div class=\"ak-featured-thumb lazy-thumb background-thumb  size-715\">\n                        <div class=\"lazyload\" title=\"Ancestro ind\u00edgena con vestimenta tradicional y accesorios rituales en pintura prehisp\u00e1nica, representando cultura y historia de M\u00e9xico.\" data-bgset=\"https:\/\/soymigrante.com\/revista\/wp-content\/uploads\/2025\/05\/vaso-maya-lacma-750x536.webp 800w\" ><\/div>\n                      <\/div><\/a><\/div>\t\t\t\t\t<\/div>\n\t\t\t\t\t<div class=\"ak-module-details\">\n\t\t\t\t\t\t<div class=\"ak-module-terms inline_badge\"><a class=\"term-58\" href=\"https:\/\/soymigrante.com\/revista\/category\/guate-nuestra\/\">Guate Nuestra<\/a><\/div>\t\t\t\t\t\t<h3 class=\"ak-module-title\"><a href=\"https:\/\/soymigrante.com\/revista\/porque-hay-tantas-joyas-mayas-migrantes\/\" rel=\"bookmark\" title=\"\u00bfPorqu\u00e9 hay tantas Joyas Mayas Migrantes?\">\u00bfPorqu\u00e9 hay tantas Joyas Mayas Migrantes?<\/a><\/h3>\t\t\t\t\t\t<div class=\"ak-module-meta\"><div class=\"ak-module-author\">by <a href=\"https:\/\/soymigrante.com\/revista\/author\/gustavo\/\" class=\"ak-module-author-name\">Gustavo Montenegro<\/a><\/div><div class=\"ak-module-time\"><a href=\"https:\/\/soymigrante.com\/revista\/porque-hay-tantas-joyas-mayas-migrantes\/\" class=\"ak-module-meta-published\"><i class=\"ak-icon akfi-schedule\"><\/i>27\/05\/2025<\/a><\/div> <div class=\"ak-module-view-count\"><i class=\"ak-icon  fa fa-eye\"><\/i><span class=\"count\">104<\/span><\/div><\/div>\t\t\t\t\t<\/div>\n\t\t\t\t<\/div>\n\t\t\t<\/div>\n\t\t<\/article>\n\t\t\t\t<article class=\"ak-module ak-module-grid ak-module-grid-big ak-slider-item ak-block-item-2 clearfix post-7989 post type-post status-publish format-standard has-post-thumbnail  category-guate-nuestra tag-joyas-mayas-migrantes\">\n\t\t\t<div class=\"ak-module-inner clearfix\">\n\t\t\t\t<div class=\"ak-module-grid-wrap\">\n\t\t\t\t\t<div class=\"ak-module-featured\">\n\t\t\t\t\t\t\t\t\t\t\t\t\t\t\t<div class=\"ak-featured-cover\"><a href=\"https:\/\/soymigrante.com\/revista\/joyas-mayas-migrantes-incensario-con-antepasado-y-concha-marina-en-baltimore\/\" class=\"ak-featured-link\" rel=\"bookmark\" title=\"Joyas mayas migrantes: Incensario con antepasado y concha marina en Baltimore\"><div class=\"ak-featured-thumb lazy-thumb background-thumb  size-715\">\n                        <div class=\"lazyload\" title=\"Ancestro prehisp\u00e1nico en cer\u00e1mica con detalles de estilo ind\u00edgena mexicana.\" data-bgset=\"https:\/\/soymigrante.com\/revista\/wp-content\/uploads\/2024\/08\/pieza-maya-baltimore-8-750x536.webp 800w\" ><\/div>\n                      <\/div><\/a><\/div>\t\t\t\t\t<\/div>\n\t\t\t\t\t<div class=\"ak-module-details\">\n\t\t\t\t\t\t<div class=\"ak-module-terms inline_badge\"><a class=\"term-58\" href=\"https:\/\/soymigrante.com\/revista\/category\/guate-nuestra\/\">Guate Nuestra<\/a><\/div>\t\t\t\t\t\t<h3 class=\"ak-module-title\"><a href=\"https:\/\/soymigrante.com\/revista\/joyas-mayas-migrantes-incensario-con-antepasado-y-concha-marina-en-baltimore\/\" rel=\"bookmark\" title=\"Joyas mayas migrantes: Incensario con antepasado y concha marina en Baltimore\">Joyas mayas migrantes: Incensario con antepasado y concha marina en Baltimore<\/a><\/h3>\t\t\t\t\t\t<div class=\"ak-module-meta\"><div class=\"ak-module-author\">by <a href=\"https:\/\/soymigrante.com\/revista\/author\/gustavo\/\" class=\"ak-module-author-name\">Gustavo Montenegro<\/a><\/div><div class=\"ak-module-time\"><a href=\"https:\/\/soymigrante.com\/revista\/joyas-mayas-migrantes-incensario-con-antepasado-y-concha-marina-en-baltimore\/\" class=\"ak-module-meta-published\"><i class=\"ak-icon akfi-schedule\"><\/i>12\/08\/2024<\/a><\/div> <div class=\"ak-module-view-count\"><i class=\"ak-icon  fa fa-eye\"><\/i><span class=\"count\">113<\/span><\/div><\/div>\t\t\t\t\t<\/div>\n\t\t\t\t<\/div>\n\t\t\t<\/div>\n\t\t<\/article>\n\t\t\t\t<article class=\"ak-module ak-module-grid ak-module-grid-big ak-slider-item ak-block-item-3 clearfix post-14213 post type-post status-publish format-standard has-post-thumbnail  category-guate-nuestra tag-joyas-mayas-migrantes\">\n\t\t\t<div class=\"ak-module-inner clearfix\">\n\t\t\t\t<div class=\"ak-module-grid-wrap\">\n\t\t\t\t\t<div class=\"ak-module-featured\">\n\t\t\t\t\t\t\t\t\t\t\t\t\t\t\t<div class=\"ak-featured-cover\"><a href=\"https:\/\/soymigrante.com\/revista\/joyas-mayas-migrantes-hombre-de-piedra-de-mas-de-2-mil-anos-se-conserva-en-new-jersey\/\" class=\"ak-featured-link\" rel=\"bookmark\" title=\"Joyas mayas migrantes: hombre de piedra volc\u00e1nica de 2 mil a\u00f1os se conserva en New Jersey\"><div class=\"ak-featured-thumb lazy-thumb background-thumb  size-715\">\n                        <div class=\"lazyload\" title=\"Arte prehisp\u00e1nico de Mesoam\u00e9rica, escultura en piedra con figura humana y accesorios tradicionales, representando cultura ind\u00edgena y tradiciones ancestrales en M\u00e9xico.\" data-bgset=\"https:\/\/soymigrante.com\/revista\/wp-content\/uploads\/2024\/11\/hombre-joyas-mayas-migrantes-750x536.webp 800w\" ><\/div>\n                      <\/div><\/a><\/div>\t\t\t\t\t<\/div>\n\t\t\t\t\t<div class=\"ak-module-details\">\n\t\t\t\t\t\t<div class=\"ak-module-terms inline_badge\"><a class=\"term-58\" href=\"https:\/\/soymigrante.com\/revista\/category\/guate-nuestra\/\">Guate Nuestra<\/a><\/div>\t\t\t\t\t\t<h3 class=\"ak-module-title\"><a href=\"https:\/\/soymigrante.com\/revista\/joyas-mayas-migrantes-hombre-de-piedra-de-mas-de-2-mil-anos-se-conserva-en-new-jersey\/\" rel=\"bookmark\" title=\"Joyas mayas migrantes: hombre de piedra volc\u00e1nica de 2 mil a\u00f1os se conserva en New Jersey\">Joyas mayas migrantes: hombre de piedra volc\u00e1nica de 2 mil a\u00f1os se conserva en New Jersey<\/a><\/h3>\t\t\t\t\t\t<div class=\"ak-module-meta\"><div class=\"ak-module-author\">by <a href=\"https:\/\/soymigrante.com\/revista\/author\/gustavo\/\" class=\"ak-module-author-name\">Gustavo Montenegro<\/a><\/div><div class=\"ak-module-time\"><a href=\"https:\/\/soymigrante.com\/revista\/joyas-mayas-migrantes-hombre-de-piedra-de-mas-de-2-mil-anos-se-conserva-en-new-jersey\/\" class=\"ak-module-meta-published\"><i class=\"ak-icon akfi-schedule\"><\/i>25\/11\/2024<\/a><\/div> <div class=\"ak-module-view-count\"><i class=\"ak-icon  fa fa-eye\"><\/i><span class=\"count\">48<\/span><\/div><\/div>\t\t\t\t\t<\/div>\n\t\t\t\t<\/div>\n\t\t\t<\/div>\n\t\t<\/article>\n\t\t\t\t<article class=\"ak-module ak-module-grid ak-module-grid-big ak-slider-item ak-block-item-4 clearfix post-11947 post type-post status-publish format-standard has-post-thumbnail  category-guate-nuestra tag-joyas-mayas-migrantes\">\n\t\t\t<div class=\"ak-module-inner clearfix\">\n\t\t\t\t<div class=\"ak-module-grid-wrap\">\n\t\t\t\t\t<div class=\"ak-module-featured\">\n\t\t\t\t\t\t\t\t\t\t\t\t\t\t\t<div class=\"ak-featured-cover\"><a href=\"https:\/\/soymigrante.com\/revista\/codice-joyas-mayas-migrantes-textiles-washington\/\" class=\"ak-featured-link\" rel=\"bookmark\" title=\"Joyas mayas migrantes: textiles guatemaltecos en la Universidad George Washington\"><div class=\"ak-featured-thumb lazy-thumb background-thumb  size-715\">\n                        <div class=\"lazyload\" title=\"Colores vibrantes de artesan\u00eda ind\u00edgena con telar tradicional y adornos de pompones para celebrar la cultura migrante en Revista SoyMigrante.com.\" data-bgset=\"https:\/\/soymigrante.com\/revista\/wp-content\/uploads\/2024\/11\/textiles-mayas-Universidad-Washington-7-1-750x536.webp 800w\" ><\/div>\n                      <\/div><\/a><\/div>\t\t\t\t\t<\/div>\n\t\t\t\t\t<div class=\"ak-module-details\">\n\t\t\t\t\t\t<div class=\"ak-module-terms inline_badge\"><a class=\"term-58\" href=\"https:\/\/soymigrante.com\/revista\/category\/guate-nuestra\/\">Guate Nuestra<\/a><\/div>\t\t\t\t\t\t<h3 class=\"ak-module-title\"><a href=\"https:\/\/soymigrante.com\/revista\/codice-joyas-mayas-migrantes-textiles-washington\/\" rel=\"bookmark\" title=\"Joyas mayas migrantes: textiles guatemaltecos en la Universidad George Washington\">Joyas mayas migrantes: textiles guatemaltecos en la Universidad George Washington<\/a><\/h3>\t\t\t\t\t\t<div class=\"ak-module-meta\"><div class=\"ak-module-author\">by <a href=\"https:\/\/soymigrante.com\/revista\/author\/gustavo\/\" class=\"ak-module-author-name\">Gustavo Montenegro<\/a><\/div><div class=\"ak-module-time\"><a href=\"https:\/\/soymigrante.com\/revista\/codice-joyas-mayas-migrantes-textiles-washington\/\" class=\"ak-module-meta-published\"><i class=\"ak-icon akfi-schedule\"><\/i>05\/11\/2024<\/a><\/div> <div class=\"ak-module-view-count\"><i class=\"ak-icon  fa fa-eye\"><\/i><span class=\"count\">151<\/span><\/div><\/div>\t\t\t\t\t<\/div>\n\t\t\t\t<\/div>\n\t\t\t<\/div>\n\t\t<\/article>\n\t\t\t\t<article class=\"ak-module ak-module-grid ak-module-grid-big ak-slider-item ak-block-item-5 clearfix post-7469 post type-post status-publish format-standard has-post-thumbnail  category-guate-nuestra tag-joyas-mayas-migrantes\">\n\t\t\t<div class=\"ak-module-inner clearfix\">\n\t\t\t\t<div class=\"ak-module-grid-wrap\">\n\t\t\t\t\t<div class=\"ak-module-featured\">\n\t\t\t\t\t\t\t\t\t\t\t\t\t\t\t<div class=\"ak-featured-cover\"><a href=\"https:\/\/soymigrante.com\/revista\/joyas-mayas-migrantes-el-vaso-chama-en-pennsylvania\/\" class=\"ak-featured-link\" rel=\"bookmark\" title=\"Joyas mayas migrantes: el vaso Cham\u00e1, en Pennsylvania\"><div class=\"ak-featured-thumb lazy-thumb background-thumb  size-715\">\n                        <div class=\"lazyload\" title=\"Guerrero tolteca con escudo y arma, arte prehisp\u00e1nico mexicano, historia y cultura ind\u00edgena, decoraci\u00f3n mural antigua, hallazgo arqueol\u00f3gico en M\u00e9xico, patrimonio cultural.\" data-bgset=\"https:\/\/soymigrante.com\/revista\/wp-content\/uploads\/2024\/07\/vaso-chama-penn-museum.webp 800w\" ><\/div>\n                      <\/div><\/a><\/div>\t\t\t\t\t<\/div>\n\t\t\t\t\t<div class=\"ak-module-details\">\n\t\t\t\t\t\t<div class=\"ak-module-terms inline_badge\"><a class=\"term-58\" href=\"https:\/\/soymigrante.com\/revista\/category\/guate-nuestra\/\">Guate Nuestra<\/a><\/div>\t\t\t\t\t\t<h3 class=\"ak-module-title\"><a href=\"https:\/\/soymigrante.com\/revista\/joyas-mayas-migrantes-el-vaso-chama-en-pennsylvania\/\" rel=\"bookmark\" title=\"Joyas mayas migrantes: el vaso Cham\u00e1, en Pennsylvania\">Joyas mayas migrantes: el vaso Cham\u00e1, en Pennsylvania<\/a><\/h3>\t\t\t\t\t\t<div class=\"ak-module-meta\"><div class=\"ak-module-author\">by <a href=\"https:\/\/soymigrante.com\/revista\/author\/gustavo\/\" class=\"ak-module-author-name\">Gustavo Montenegro<\/a><\/div><div class=\"ak-module-time\"><a href=\"https:\/\/soymigrante.com\/revista\/joyas-mayas-migrantes-el-vaso-chama-en-pennsylvania\/\" class=\"ak-module-meta-published\"><i class=\"ak-icon akfi-schedule\"><\/i>15\/07\/2024<\/a><\/div> <div class=\"ak-module-view-count\"><i class=\"ak-icon  fa fa-eye\"><\/i><span class=\"count\">277<\/span><\/div><\/div>\t\t\t\t\t<\/div>\n\t\t\t\t<\/div>\n\t\t\t<\/div>\n\t\t<\/article>\n\t\t\t\t<article class=\"ak-module ak-module-grid ak-module-grid-big ak-slider-item ak-block-item-6 clearfix post-28202 post type-post status-publish format-standard has-post-thumbnail  category-guate-nuestra tag-joyas-mayas-migrantes\">\n\t\t\t<div class=\"ak-module-inner clearfix\">\n\t\t\t\t<div class=\"ak-module-grid-wrap\">\n\t\t\t\t\t<div class=\"ak-module-featured\">\n\t\t\t\t\t\t\t\t\t\t\t\t\t\t\t<div class=\"ak-featured-cover\"><a href=\"https:\/\/soymigrante.com\/revista\/joyas-mayas-migrantes-gobernante-de-piedras-negras-toma-el-poder\/\" class=\"ak-featured-link\" rel=\"bookmark\" title=\"Joyas mayas migrantes: Gobernante de Piedras Negras toma el poder\"><div class=\"ak-featured-thumb lazy-thumb background-thumb  size-715\">\n                        <div class=\"lazyload\" title=\"Antiguo relieve de piedra con figura prehisp\u00e1nica, s\u00edmbolo de la cultura mexicana y su historia ancestral.\" data-bgset=\"https:\/\/soymigrante.com\/revista\/wp-content\/uploads\/2025\/03\/ESTELA-14-PIEDRAS-NEGRAS-8-646x536.webp 800w\" ><\/div>\n                      <\/div><\/a><\/div>\t\t\t\t\t<\/div>\n\t\t\t\t\t<div class=\"ak-module-details\">\n\t\t\t\t\t\t<div class=\"ak-module-terms inline_badge\"><a class=\"term-58\" href=\"https:\/\/soymigrante.com\/revista\/category\/guate-nuestra\/\">Guate Nuestra<\/a><\/div>\t\t\t\t\t\t<h3 class=\"ak-module-title\"><a href=\"https:\/\/soymigrante.com\/revista\/joyas-mayas-migrantes-gobernante-de-piedras-negras-toma-el-poder\/\" rel=\"bookmark\" title=\"Joyas mayas migrantes: Gobernante de Piedras Negras toma el poder\">Joyas mayas migrantes: Gobernante de Piedras Negras toma el poder<\/a><\/h3>\t\t\t\t\t\t<div class=\"ak-module-meta\"><div class=\"ak-module-author\">by <a href=\"https:\/\/soymigrante.com\/revista\/author\/gustavo\/\" class=\"ak-module-author-name\">Gustavo Montenegro<\/a><\/div><div class=\"ak-module-time\"><a href=\"https:\/\/soymigrante.com\/revista\/joyas-mayas-migrantes-gobernante-de-piedras-negras-toma-el-poder\/\" class=\"ak-module-meta-published\"><i class=\"ak-icon akfi-schedule\"><\/i>14\/03\/2025<\/a><\/div> <div class=\"ak-module-view-count\"><i class=\"ak-icon  fa fa-eye\"><\/i><span class=\"count\">57<\/span><\/div><\/div>\t\t\t\t\t<\/div>\n\t\t\t\t<\/div>\n\t\t\t<\/div>\n\t\t<\/article>\n\t\t\t\t<article class=\"ak-module ak-module-grid ak-module-grid-big ak-slider-item ak-block-item-7 clearfix post-13480 post type-post status-publish format-standard has-post-thumbnail  category-guate-nuestra tag-joyas-mayas-migrantes\">\n\t\t\t<div class=\"ak-module-inner clearfix\">\n\t\t\t\t<div class=\"ak-module-grid-wrap\">\n\t\t\t\t\t<div class=\"ak-module-featured\">\n\t\t\t\t\t\t\t\t\t\t\t\t\t\t\t<div class=\"ak-featured-cover\"><a href=\"https:\/\/soymigrante.com\/revista\/joyas-mayas-migrantes-el-vaso-de-los-senores-danzantes-esta-en-chicago\/\" class=\"ak-featured-link\" rel=\"bookmark\" title=\"Joyas mayas migrantes: El vaso de los Se\u00f1ores Danzantes est\u00e1 en Chicago\"><div class=\"ak-featured-thumb lazy-thumb background-thumb  size-715\">\n                        <div class=\"lazyload\" title=\"Imagen de mural prehisp\u00e1nico de raza mexicana con estilo ancestral y cultura ind\u00edgena, resaltando la historia y tradiciones en M\u00e9xico.\" data-bgset=\"https:\/\/soymigrante.com\/revista\/wp-content\/uploads\/2024\/11\/joyas-mayas-vaso-9-e1731906211690-750x536.webp 800w\" ><\/div>\n                      <\/div><\/a><\/div>\t\t\t\t\t<\/div>\n\t\t\t\t\t<div class=\"ak-module-details\">\n\t\t\t\t\t\t<div class=\"ak-module-terms inline_badge\"><a class=\"term-58\" href=\"https:\/\/soymigrante.com\/revista\/category\/guate-nuestra\/\">Guate Nuestra<\/a><\/div>\t\t\t\t\t\t<h3 class=\"ak-module-title\"><a href=\"https:\/\/soymigrante.com\/revista\/joyas-mayas-migrantes-el-vaso-de-los-senores-danzantes-esta-en-chicago\/\" rel=\"bookmark\" title=\"Joyas mayas migrantes: El vaso de los Se\u00f1ores Danzantes est\u00e1 en Chicago\">Joyas mayas migrantes: El vaso de los Se\u00f1ores Danzantes est\u00e1 en Chicago<\/a><\/h3>\t\t\t\t\t\t<div class=\"ak-module-meta\"><div class=\"ak-module-author\">by <a href=\"https:\/\/soymigrante.com\/revista\/author\/gustavo\/\" class=\"ak-module-author-name\">Gustavo Montenegro<\/a><\/div><div class=\"ak-module-time\"><a href=\"https:\/\/soymigrante.com\/revista\/joyas-mayas-migrantes-el-vaso-de-los-senores-danzantes-esta-en-chicago\/\" class=\"ak-module-meta-published\"><i class=\"ak-icon akfi-schedule\"><\/i>18\/11\/2024<\/a><\/div> <div class=\"ak-module-view-count\"><i class=\"ak-icon  fa fa-eye\"><\/i><span class=\"count\">45<\/span><\/div><\/div>\t\t\t\t\t<\/div>\n\t\t\t\t<\/div>\n\t\t\t<\/div>\n\t\t<\/article>\n\t\t\t\t<article class=\"ak-module ak-module-grid ak-module-grid-big ak-slider-item ak-block-item-8 clearfix post-8388 post type-post status-publish format-standard has-post-thumbnail  category-guate-nuestra tag-joyas-mayas-migrantes\">\n\t\t\t<div class=\"ak-module-inner clearfix\">\n\t\t\t\t<div class=\"ak-module-grid-wrap\">\n\t\t\t\t\t<div class=\"ak-module-featured\">\n\t\t\t\t\t\t\t\t\t\t\t\t\t\t\t<div class=\"ak-featured-cover\"><a href=\"https:\/\/soymigrante.com\/revista\/joyas-mayas-migrantes-la-reina-kabel-y-un-enano-estela-de-el-peru-waka-en-cleveland\/\" class=\"ak-featured-link\" rel=\"bookmark\" title=\"Joyas mayas migrantes: La reina K&#8217;abel, estela de El Per\u00fa-Wak\u00e1, en  Cleveland\"><div class=\"ak-featured-thumb lazy-thumb background-thumb  size-715\">\n                        <div class=\"lazyload\" title=\"Realizaciones arqueol\u00f3gicas de la civilizaci\u00f3n maya en piedra, destacando detalles complejos y jerogl\u00edficos antiguos que reflejan su cultura y conocimientos astron\u00f3micos.\" data-bgset=\"https:\/\/soymigrante.com\/revista\/wp-content\/uploads\/2024\/08\/Estela-Maya-reina-Waka-11-750x536.webp 800w\" ><\/div>\n                      <\/div><\/a><\/div>\t\t\t\t\t<\/div>\n\t\t\t\t\t<div class=\"ak-module-details\">\n\t\t\t\t\t\t<div class=\"ak-module-terms inline_badge\"><a class=\"term-58\" href=\"https:\/\/soymigrante.com\/revista\/category\/guate-nuestra\/\">Guate Nuestra<\/a><\/div>\t\t\t\t\t\t<h3 class=\"ak-module-title\"><a href=\"https:\/\/soymigrante.com\/revista\/joyas-mayas-migrantes-la-reina-kabel-y-un-enano-estela-de-el-peru-waka-en-cleveland\/\" rel=\"bookmark\" title=\"Joyas mayas migrantes: La reina K&#8217;abel, estela de El Per\u00fa-Wak\u00e1, en  Cleveland\">Joyas mayas migrantes: La reina K&#8217;abel, estela de El Per\u00fa-Wak\u00e1, en  Cleveland<\/a><\/h3>\t\t\t\t\t\t<div class=\"ak-module-meta\"><div class=\"ak-module-author\">by <a href=\"https:\/\/soymigrante.com\/revista\/author\/gustavo\/\" class=\"ak-module-author-name\">Gustavo Montenegro<\/a><\/div><div class=\"ak-module-time\"><a href=\"https:\/\/soymigrante.com\/revista\/joyas-mayas-migrantes-la-reina-kabel-y-un-enano-estela-de-el-peru-waka-en-cleveland\/\" class=\"ak-module-meta-published\"><i class=\"ak-icon akfi-schedule\"><\/i>27\/08\/2024<\/a><\/div> <div class=\"ak-module-view-count\"><i class=\"ak-icon  fa fa-eye\"><\/i><span class=\"count\">183<\/span><\/div><\/div>\t\t\t\t\t<\/div>\n\t\t\t\t<\/div>\n\t\t\t<\/div>\n\t\t<\/article>\n\t\t\t\t<article class=\"ak-module ak-module-grid ak-module-grid-big ak-slider-item ak-block-item-9 clearfix post-9845 post type-post status-publish format-standard has-post-thumbnail  category-guate-nuestra tag-joyas-mayas-migrantes\">\n\t\t\t<div class=\"ak-module-inner clearfix\">\n\t\t\t\t<div class=\"ak-module-grid-wrap\">\n\t\t\t\t\t<div class=\"ak-module-featured\">\n\t\t\t\t\t\t\t\t\t\t\t\t\t\t\t<div class=\"ak-featured-cover\"><a href=\"https:\/\/soymigrante.com\/revista\/joyas-mayas-migrantes-ocarina-del-siglo-8-de-alta-verapaz-en-el-museo-de-arte-de-denver\/\" class=\"ak-featured-link\" rel=\"bookmark\" title=\"Joyas mayas migrantes: Ocarina del siglo 8, de Alta Verapaz, en el Museo de Arte de Denver\"><div class=\"ak-featured-thumb lazy-thumb background-thumb  size-715\">\n                        <div class=\"lazyload\" title=\"Arte prehisp\u00e1nico maya, escultura antigua de cer\u00e1mica con rostro humano expresivo para colecci\u00f3n de historia y cultura mexicana.\" data-bgset=\"https:\/\/soymigrante.com\/revista\/wp-content\/uploads\/2024\/09\/Ocarina-Maya-Denver-Art-Museum-No-usar-mas-de-1-vez-4-714x536.webp 800w\" ><\/div>\n                      <\/div><\/a><\/div>\t\t\t\t\t<\/div>\n\t\t\t\t\t<div class=\"ak-module-details\">\n\t\t\t\t\t\t<div class=\"ak-module-terms inline_badge\"><a class=\"term-58\" href=\"https:\/\/soymigrante.com\/revista\/category\/guate-nuestra\/\">Guate Nuestra<\/a><\/div>\t\t\t\t\t\t<h3 class=\"ak-module-title\"><a href=\"https:\/\/soymigrante.com\/revista\/joyas-mayas-migrantes-ocarina-del-siglo-8-de-alta-verapaz-en-el-museo-de-arte-de-denver\/\" rel=\"bookmark\" title=\"Joyas mayas migrantes: Ocarina del siglo 8, de Alta Verapaz, en el Museo de Arte de Denver\">Joyas mayas migrantes: Ocarina del siglo 8, de Alta Verapaz, en el Museo de Arte de Denver<\/a><\/h3>\t\t\t\t\t\t<div class=\"ak-module-meta\"><div class=\"ak-module-author\">by <a href=\"https:\/\/soymigrante.com\/revista\/author\/gustavo\/\" class=\"ak-module-author-name\">Gustavo Montenegro<\/a><\/div><div class=\"ak-module-time\"><a href=\"https:\/\/soymigrante.com\/revista\/joyas-mayas-migrantes-ocarina-del-siglo-8-de-alta-verapaz-en-el-museo-de-arte-de-denver\/\" class=\"ak-module-meta-published\"><i class=\"ak-icon akfi-schedule\"><\/i>30\/09\/2024<\/a><\/div> <div class=\"ak-module-view-count\"><i class=\"ak-icon  fa fa-eye\"><\/i><span class=\"count\">134<\/span><\/div><\/div>\t\t\t\t\t<\/div>\n\t\t\t\t<\/div>\n\t\t\t<\/div>\n\t\t<\/article>\n\t\t\t\t<article class=\"ak-module ak-module-grid ak-module-grid-big ak-slider-item ak-block-item-10 clearfix post-25755 post type-post status-publish format-standard has-post-thumbnail  category-guate-nuestra tag-joyas-mayas-migrantes\">\n\t\t\t<div class=\"ak-module-inner clearfix\">\n\t\t\t\t<div class=\"ak-module-grid-wrap\">\n\t\t\t\t\t<div class=\"ak-module-featured\">\n\t\t\t\t\t\t\t\t\t\t\t\t\t\t\t<div class=\"ak-featured-cover\"><a href=\"https:\/\/soymigrante.com\/revista\/joyas-mayas-migrantes-senora-luna-envuelta-por-una-serpiente-vaso-conservado-en-los-angeles\/\" class=\"ak-featured-link\" rel=\"bookmark\" title=\"Joyas mayas migrantes: Se\u00f1ora Luna envuelta por una serpiente, vaso conservado en Los Angeles\"><div class=\"ak-featured-thumb lazy-thumb background-thumb  size-715\">\n                        <div class=\"lazyload\" title=\"Taz\u00f3n prehisp\u00e1nico con arte y s\u00edmbolos mayas, representando la cultura antigua y tradici\u00f3n art\u00edstica.\" data-bgset=\"https:\/\/soymigrante.com\/revista\/wp-content\/uploads\/2025\/02\/joyas-mayas-migrantes-Fotografia-LACMA-750x536.webp 800w\" ><\/div>\n                      <\/div><\/a><\/div>\t\t\t\t\t<\/div>\n\t\t\t\t\t<div class=\"ak-module-details\">\n\t\t\t\t\t\t<div class=\"ak-module-terms inline_badge\"><a class=\"term-58\" href=\"https:\/\/soymigrante.com\/revista\/category\/guate-nuestra\/\">Guate Nuestra<\/a><\/div>\t\t\t\t\t\t<h3 class=\"ak-module-title\"><a href=\"https:\/\/soymigrante.com\/revista\/joyas-mayas-migrantes-senora-luna-envuelta-por-una-serpiente-vaso-conservado-en-los-angeles\/\" rel=\"bookmark\" title=\"Joyas mayas migrantes: Se\u00f1ora Luna envuelta por una serpiente, vaso conservado en Los Angeles\">Joyas mayas migrantes: Se\u00f1ora Luna envuelta por una serpiente, vaso conservado en Los Angeles<\/a><\/h3>\t\t\t\t\t\t<div class=\"ak-module-meta\"><div class=\"ak-module-author\">by <a href=\"https:\/\/soymigrante.com\/revista\/author\/gustavo\/\" class=\"ak-module-author-name\">Gustavo Montenegro<\/a><\/div><div class=\"ak-module-time\"><a href=\"https:\/\/soymigrante.com\/revista\/joyas-mayas-migrantes-senora-luna-envuelta-por-una-serpiente-vaso-conservado-en-los-angeles\/\" class=\"ak-module-meta-published\"><i class=\"ak-icon akfi-schedule\"><\/i>17\/02\/2025<\/a><\/div> <div class=\"ak-module-view-count\"><i class=\"ak-icon  fa fa-eye\"><\/i><span class=\"count\">161<\/span><\/div><\/div>\t\t\t\t\t<\/div>\n\t\t\t\t<\/div>\n\t\t\t<\/div>\n\t\t<\/article>\n\t\t<\/div><div class=\"ak-slider-nav-container clearfix\"><div class=\"ak-slider-nav\"><a href=\"javascript:;\"><div class=\"ak-slider-nav-thumb\"><div class=\"ak-featured-thumb lazy-thumb size-715\"><img loading=\"lazy\" decoding=\"async\" width=\"120\" height=\"86\" src=\"data:image\/gif;base64,R0lGODlhAQABAAAAACH5BAEKAAEALAAAAAABAAEAAAICTAEAOw==\" class=\"attachment-newsy_120x86 size-newsy_120x86 lazyload\" alt=\"Ancestro ind\u00edgena con vestimenta tradicional y accesorios rituales en pintura prehisp\u00e1nica, representando cultura y historia de M\u00e9xico.\" data-src=\"https:\/\/soymigrante.com\/revista\/wp-content\/uploads\/2025\/05\/vaso-maya-lacma-120x86.webp\" \/><\/div><\/div><\/a><a href=\"javascript:;\"><div class=\"ak-slider-nav-thumb\"><div class=\"ak-featured-thumb lazy-thumb size-715\"><img loading=\"lazy\" decoding=\"async\" width=\"120\" height=\"86\" src=\"data:image\/gif;base64,R0lGODlhAQABAAAAACH5BAEKAAEALAAAAAABAAEAAAICTAEAOw==\" class=\"attachment-newsy_120x86 size-newsy_120x86 lazyload\" alt=\"Ancestro prehisp\u00e1nico en cer\u00e1mica con detalles de estilo ind\u00edgena mexicana.\" data-src=\"https:\/\/soymigrante.com\/revista\/wp-content\/uploads\/2024\/08\/pieza-maya-baltimore-8-120x86.webp\" \/><\/div><\/div><\/a><a href=\"javascript:;\"><div class=\"ak-slider-nav-thumb\"><div class=\"ak-featured-thumb lazy-thumb size-715\"><img loading=\"lazy\" decoding=\"async\" width=\"120\" height=\"86\" src=\"data:image\/gif;base64,R0lGODlhAQABAAAAACH5BAEKAAEALAAAAAABAAEAAAICTAEAOw==\" class=\"attachment-newsy_120x86 size-newsy_120x86 lazyload\" alt=\"Arte prehisp\u00e1nico de Mesoam\u00e9rica, escultura en piedra con figura humana y accesorios tradicionales, representando cultura ind\u00edgena y tradiciones ancestrales en M\u00e9xico.\" data-src=\"https:\/\/soymigrante.com\/revista\/wp-content\/uploads\/2024\/11\/hombre-joyas-mayas-migrantes-120x86.webp\" \/><\/div><\/div><\/a><a href=\"javascript:;\"><div class=\"ak-slider-nav-thumb\"><div class=\"ak-featured-thumb lazy-thumb size-715\"><img loading=\"lazy\" decoding=\"async\" width=\"120\" height=\"86\" src=\"data:image\/gif;base64,R0lGODlhAQABAAAAACH5BAEKAAEALAAAAAABAAEAAAICTAEAOw==\" class=\"attachment-newsy_120x86 size-newsy_120x86 lazyload\" alt=\"Colores vibrantes de artesan\u00eda ind\u00edgena con telar tradicional y adornos de pompones para celebrar la cultura migrante en Revista SoyMigrante.com.\" data-src=\"https:\/\/soymigrante.com\/revista\/wp-content\/uploads\/2024\/11\/textiles-mayas-Universidad-Washington-7-1-120x86.webp\" \/><\/div><\/div><\/a><a href=\"javascript:;\"><div class=\"ak-slider-nav-thumb\"><div class=\"ak-featured-thumb lazy-thumb size-715\"><img loading=\"lazy\" decoding=\"async\" width=\"120\" height=\"86\" src=\"data:image\/gif;base64,R0lGODlhAQABAAAAACH5BAEKAAEALAAAAAABAAEAAAICTAEAOw==\" class=\"attachment-newsy_120x86 size-newsy_120x86 lazyload\" alt=\"Guerrero tolteca con escudo y arma, arte prehisp\u00e1nico mexicano, historia y cultura ind\u00edgena, decoraci\u00f3n mural antigua, hallazgo arqueol\u00f3gico en M\u00e9xico, patrimonio cultural.\" data-src=\"https:\/\/soymigrante.com\/revista\/wp-content\/uploads\/2024\/07\/vaso-chama-penn-museum-120x86.webp\" \/><\/div><\/div><\/a><a href=\"javascript:;\"><div class=\"ak-slider-nav-thumb\"><div class=\"ak-featured-thumb lazy-thumb size-715\"><img loading=\"lazy\" decoding=\"async\" width=\"120\" height=\"86\" src=\"data:image\/gif;base64,R0lGODlhAQABAAAAACH5BAEKAAEALAAAAAABAAEAAAICTAEAOw==\" class=\"attachment-newsy_120x86 size-newsy_120x86 lazyload\" alt=\"Antiguo relieve de piedra con figura prehisp\u00e1nica, s\u00edmbolo de la cultura mexicana y su historia ancestral.\" data-src=\"https:\/\/soymigrante.com\/revista\/wp-content\/uploads\/2025\/03\/ESTELA-14-PIEDRAS-NEGRAS-8-120x86.webp\" \/><\/div><\/div><\/a><a href=\"javascript:;\"><div class=\"ak-slider-nav-thumb\"><div class=\"ak-featured-thumb lazy-thumb size-715\"><img loading=\"lazy\" decoding=\"async\" width=\"120\" height=\"86\" src=\"data:image\/gif;base64,R0lGODlhAQABAAAAACH5BAEKAAEALAAAAAABAAEAAAICTAEAOw==\" class=\"attachment-newsy_120x86 size-newsy_120x86 lazyload\" alt=\"Imagen de mural prehisp\u00e1nico de raza mexicana con estilo ancestral y cultura ind\u00edgena, resaltando la historia y tradiciones en M\u00e9xico.\" data-src=\"https:\/\/soymigrante.com\/revista\/wp-content\/uploads\/2024\/11\/joyas-mayas-vaso-9-e1731906211690-120x86.webp\" \/><\/div><\/div><\/a><a href=\"javascript:;\"><div class=\"ak-slider-nav-thumb\"><div class=\"ak-featured-thumb lazy-thumb size-715\"><img loading=\"lazy\" decoding=\"async\" width=\"120\" height=\"86\" src=\"data:image\/gif;base64,R0lGODlhAQABAAAAACH5BAEKAAEALAAAAAABAAEAAAICTAEAOw==\" class=\"attachment-newsy_120x86 size-newsy_120x86 lazyload\" alt=\"Realizaciones arqueol\u00f3gicas de la civilizaci\u00f3n maya en piedra, destacando detalles complejos y jerogl\u00edficos antiguos que reflejan su cultura y conocimientos astron\u00f3micos.\" data-src=\"https:\/\/soymigrante.com\/revista\/wp-content\/uploads\/2024\/08\/Estela-Maya-reina-Waka-11-120x86.webp\" \/><\/div><\/div><\/a><a href=\"javascript:;\"><div class=\"ak-slider-nav-thumb\"><div class=\"ak-featured-thumb lazy-thumb size-715\"><img loading=\"lazy\" decoding=\"async\" width=\"120\" height=\"86\" src=\"data:image\/gif;base64,R0lGODlhAQABAAAAACH5BAEKAAEALAAAAAABAAEAAAICTAEAOw==\" class=\"attachment-newsy_120x86 size-newsy_120x86 lazyload\" alt=\"Arte prehisp\u00e1nico maya, escultura antigua de cer\u00e1mica con rostro humano expresivo para colecci\u00f3n de historia y cultura mexicana.\" data-src=\"https:\/\/soymigrante.com\/revista\/wp-content\/uploads\/2024\/09\/Ocarina-Maya-Denver-Art-Museum-No-usar-mas-de-1-vez-4-120x86.webp\" \/><\/div><\/div><\/a><a href=\"javascript:;\"><div class=\"ak-slider-nav-thumb\"><div class=\"ak-featured-thumb lazy-thumb size-715\"><img loading=\"lazy\" decoding=\"async\" width=\"120\" height=\"86\" src=\"data:image\/gif;base64,R0lGODlhAQABAAAAACH5BAEKAAEALAAAAAABAAEAAAICTAEAOw==\" class=\"attachment-newsy_120x86 size-newsy_120x86 lazyload\" alt=\"Taz\u00f3n prehisp\u00e1nico con arte y s\u00edmbolos mayas, representando la cultura antigua y tradici\u00f3n art\u00edstica.\" data-src=\"https:\/\/soymigrante.com\/revista\/wp-content\/uploads\/2025\/02\/joyas-mayas-migrantes-Fotografia-LACMA-120x86.webp\" \/><\/div><\/div><\/a><\/div><\/div><script>var ak_slider_data_block_69f007b8107f7_6 = {\"atts\":{\"slide_count_desktop\":\"1\",\"slide_count_notebook\":\"1\",\"slide_count_tablet\":\"1\",\"slide_count_mobile\":\"1\",\"slider_speed\":\"250\",\"slider_autoplay\":\"\",\"slider_autoplay_timeout\":\"3000\",\"slider_autoplay_speed\":\"1000\",\"slider_dots\":\"enabled\",\"slider_nav\":\"style-3\",\"slider_item_margin\":\"15\",\"slider_stage_padding\":\"\",\"slider_scroll_items\":\"1\",\"slider_center\":\"\",\"slider_loop\":\"\"},\"id\":\"block_69f007b8107f7_6\"};<\/script><\/div><\/div>\t\t\t\t<\/div>\n\t\t\t\t<\/div>\n\t\t\t\t\t<\/div>\n\t\t\t\t<\/div>\n\t\t\t\t<\/div>\n\t\t","protected":false},"excerpt":{"rendered":"<p>Edit \u00bfQu\u00e9 es Temor Cre\u00edble y cu\u00e1ndo aplica para que un migrante pida asilo? by Gustavo Montenegro26\/06\/2023 186 Edit El anhelado tr\u00e1mite de la Green Card: requisitos y pasos by Gustavo Montenegro26\/05\/2023 150 Edit Hay dos tipos de visas H-2 para trabajadores temporales en Estados Unidos by SoyMigrante.com REVISTA13\/01\/2025 16 Edit Documento Real ID es [&hellip;]<\/p>\n","protected":false},"author":6,"featured_media":35144,"parent":0,"menu_order":0,"comment_status":"closed","ping_status":"closed","template":"elementor_header_footer","meta":{"_acf_changed":false,"_eb_attr":"","footnotes":""},"class_list":["post-37381","page","type-page","status-publish","has-post-thumbnail","hentry"],"acf":[],"aioseo_notices":[],"aioseo_head":"\n\t\t<!-- All in One SEO Pro 4.9.6.2 - aioseo.com -->\n\t<meta name=\"description\" content=\"Encuentra gu\u00edas pr\u00e1cticas, servicios legales, tr\u00e1mites migratorios y consejos esenciales para migrantes guatemaltecos. Tu aliado para migrar con confianza.\" \/>\n\t<meta name=\"robots\" content=\"max-snippet:-1, max-image-preview:large, max-video-preview:-1\" \/>\n\t<link rel=\"canonical\" href=\"https:\/\/soymigrante.com\/revista\/recursos-migrantorios-practicas\/\" \/>\n\t<meta name=\"generator\" content=\"All in One SEO Pro (AIOSEO) 4.9.6.2\" \/>\n\n\t\t<link rel=\"preconnect\" href=\"https:\/\/fonts.googleapis.com\" crossorigin>\n<link rel=\"preconnect\" href=\"https:\/\/fonts.gstatic.com\" crossorigin>\n\t\t<meta property=\"og:locale\" content=\"es_ES\" \/>\n\t\t<meta property=\"og:site_name\" content=\"SoyMigrante.com REVISTA \u2013 Nuestra misi\u00f3n es reconocer y dignificar al migrante.\" \/>\n\t\t<meta property=\"og:type\" content=\"article\" \/>\n\t\t<meta property=\"og:title\" content=\"Recursos Migratorios: Gu\u00edas, Tr\u00e1mites y Apoyo para Migrantes\" \/>\n\t\t<meta property=\"og:description\" content=\"Encuentra gu\u00edas pr\u00e1cticas, servicios legales, tr\u00e1mites migratorios y consejos esenciales para migrantes guatemaltecos. Tu aliado para migrar con confianza.\" \/>\n\t\t<meta property=\"og:url\" content=\"https:\/\/soymigrante.com\/revista\/recursos-migrantorios-practicas\/\" \/>\n\t\t<meta property=\"og:image\" content=\"https:\/\/soymigrante.com\/revista\/wp-content\/uploads\/2025\/05\/Visa-de-Estados-Unidos-2.jpg\" \/>\n\t\t<meta property=\"og:image:secure_url\" content=\"https:\/\/soymigrante.com\/revista\/wp-content\/uploads\/2025\/05\/Visa-de-Estados-Unidos-2.jpg\" \/>\n\t\t<meta property=\"og:image:width\" content=\"900\" \/>\n\t\t<meta property=\"og:image:height\" content=\"505\" \/>\n\t\t<meta property=\"article:published_time\" content=\"2025-06-22T17:21:12+00:00\" \/>\n\t\t<meta property=\"article:modified_time\" content=\"2025-10-14T16:44:56+00:00\" \/>\n\t\t<meta property=\"article:publisher\" content=\"https:\/\/www.facebook.com\/soymigrantecom\" \/>\n\t\t<meta name=\"twitter:card\" content=\"summary_large_image\" \/>\n\t\t<meta name=\"twitter:site\" content=\"@SoyMigrante_com\" \/>\n\t\t<meta name=\"twitter:title\" content=\"Recursos Migratorios: Gu\u00edas, Tr\u00e1mites y Apoyo para Migrantes\" \/>\n\t\t<meta name=\"twitter:description\" content=\"Encuentra gu\u00edas pr\u00e1cticas, servicios legales, tr\u00e1mites migratorios y consejos esenciales para migrantes guatemaltecos. Tu aliado para migrar con confianza.\" \/>\n\t\t<meta name=\"twitter:creator\" content=\"@SoyMigrante_com\" \/>\n\t\t<meta name=\"twitter:image\" content=\"https:\/\/soymigrante.com\/revista\/wp-content\/uploads\/2025\/05\/Visa-de-Estados-Unidos-2.jpg\" \/>\n\t\t<!-- All in One SEO Pro -->\r\n\t\t<title>Recursos Migratorios: Gu\u00edas, Tr\u00e1mites y Apoyo para Migrantes<\/title>\n\n","aioseo_head_json":{"title":"Recursos Migratorios: Gu\u00edas, Tr\u00e1mites y Apoyo para Migrantes","description":"Encuentra gu\u00edas pr\u00e1cticas, servicios legales, tr\u00e1mites migratorios y consejos esenciales para migrantes guatemaltecos. Tu aliado para migrar con confianza.","canonical_url":"https:\/\/soymigrante.com\/revista\/recursos-migrantorios-practicas\/","robots":"max-snippet:-1, max-image-preview:large, max-video-preview:-1","keywords":"","webmasterTools":{"miscellaneous":"&lt;link rel=\"preconnect\" href=\"https:\/\/fonts.googleapis.com\" crossorigin&gt;\n&lt;link rel=\"preconnect\" href=\"https:\/\/fonts.gstatic.com\" crossorigin&gt;"},"schema":null,"og:locale":"es_ES","og:site_name":"SoyMigrante.com REVISTA \u2013 Nuestra misi\u00f3n es reconocer y dignificar al migrante.","og:type":"article","og:title":"Recursos Migratorios: Gu\u00edas, Tr\u00e1mites y Apoyo para Migrantes","og:description":"Encuentra gu\u00edas pr\u00e1cticas, servicios legales, tr\u00e1mites migratorios y consejos esenciales para migrantes guatemaltecos. Tu aliado para migrar con confianza.","og:url":"https:\/\/soymigrante.com\/revista\/recursos-migrantorios-practicas\/","og:image":"https:\/\/soymigrante.com\/revista\/wp-content\/uploads\/2025\/05\/Visa-de-Estados-Unidos-2.jpg","og:image:secure_url":"https:\/\/soymigrante.com\/revista\/wp-content\/uploads\/2025\/05\/Visa-de-Estados-Unidos-2.jpg","og:image:width":900,"og:image:height":505,"article:published_time":"2025-06-22T17:21:12+00:00","article:modified_time":"2025-10-14T16:44:56+00:00","article:publisher":"https:\/\/www.facebook.com\/soymigrantecom","twitter:card":"summary_large_image","twitter:site":"@SoyMigrante_com","twitter:title":"Recursos Migratorios: Gu\u00edas, Tr\u00e1mites y Apoyo para Migrantes","twitter:description":"Encuentra gu\u00edas pr\u00e1cticas, servicios legales, tr\u00e1mites migratorios y consejos esenciales para migrantes guatemaltecos. Tu aliado para migrar con confianza.","twitter:creator":"@SoyMigrante_com","twitter:image":"https:\/\/soymigrante.com\/revista\/wp-content\/uploads\/2025\/05\/Visa-de-Estados-Unidos-2.jpg"},"aioseo_meta_data":{"post_id":"37381","title":null,"description":"Encuentra gu\u00edas pr\u00e1cticas, servicios legales, tr\u00e1mites migratorios y consejos esenciales para migrantes guatemaltecos. Tu aliado para migrar con confianza.","keywords":null,"keyphrases":{"focus":{"keyphrase":"Recursos Migratorios","score":51,"analysis":{"keyphraseInTitle":{"score":9,"maxScore":9,"error":0},"keyphraseInDescription":{"score":3,"maxScore":9,"error":1},"keyphraseLength":{"score":9,"maxScore":9,"error":0,"length":2},"keyphraseInURL":{"score":5,"maxScore":5,"error":0},"keyphraseInIntroduction":{"score":3,"maxScore":9,"error":1},"keyphraseInSubHeadings":{"score":3,"maxScore":9,"error":1},"keyphraseInImageAlt":{"score":3,"maxScore":9,"error":1},"keywordDensity":{"score":0,"type":"low","maxScore":9,"error":1}}},"additional":[]},"primary_term":null,"canonical_url":null,"og_title":null,"og_description":null,"og_object_type":"default","og_image_type":"default","og_image_url":null,"og_image_width":null,"og_image_height":null,"og_image_custom_url":null,"og_image_custom_fields":null,"og_video":"","og_custom_url":null,"og_article_section":null,"og_article_tags":null,"twitter_use_og":false,"twitter_card":"default","twitter_image_type":"default","twitter_image_url":null,"twitter_image_custom_url":null,"twitter_image_custom_fields":null,"twitter_title":null,"twitter_description":null,"schema":{"blockGraphs":[],"customGraphs":[],"default":{"data":{"Article":[],"Course":[],"Dataset":[],"FAQPage":[],"Movie":[],"Person":[],"Product":[],"ProductReview":[],"Car":[],"Recipe":[],"Service":[],"SoftwareApplication":[],"WebPage":[]},"graphName":"none","isEnabled":true},"graphs":[]},"schema_type":"default","schema_type_options":null,"pillar_content":false,"robots_default":true,"robots_noindex":false,"robots_noarchive":false,"robots_nosnippet":false,"robots_nofollow":false,"robots_noimageindex":false,"robots_noodp":false,"robots_notranslate":false,"robots_max_snippet":"-1","robots_max_videopreview":"-1","robots_max_imagepreview":"large","priority":null,"frequency":"default","local_seo":null,"seo_analyzer_scan_date":"2025-10-14 16:47:01","breadcrumb_settings":null,"limit_modified_date":false,"reviewed_by":null,"open_ai":"{\"title\":{\"suggestions\":[],\"usage\":0},\"description\":{\"suggestions\":[],\"usage\":0}}","ai":null,"created":"2025-06-22 17:12:34","updated":"2026-02-04 03:56:20"},"aioseo_breadcrumb":"<div class=\"aioseo-breadcrumbs\"><span class=\"aioseo-breadcrumb\">\n\t<a href=\"https:\/\/soymigrante.com\/revista\" title=\"Home\">Home<\/a>\n<\/span><span class=\"aioseo-breadcrumb-separator\">\u00bb<\/span><span class=\"aioseo-breadcrumb\">\n\tRecursos Migratorios: Gu\u00edas, Tr\u00e1mites y Apoyo para Migrantes\n<\/span><\/div>","aioseo_breadcrumb_json":[{"label":"Home","link":"https:\/\/soymigrante.com\/revista"},{"label":"Recursos Migratorios: Gu\u00edas, Tr\u00e1mites y Apoyo para Migrantes","link":"https:\/\/soymigrante.com\/revista\/recursos-migrantorios-practicas\/"}],"_links":{"self":[{"href":"https:\/\/soymigrante.com\/revista\/wp-json\/wp\/v2\/pages\/37381","targetHints":{"allow":["GET"]}}],"collection":[{"href":"https:\/\/soymigrante.com\/revista\/wp-json\/wp\/v2\/pages"}],"about":[{"href":"https:\/\/soymigrante.com\/revista\/wp-json\/wp\/v2\/types\/page"}],"author":[{"embeddable":true,"href":"https:\/\/soymigrante.com\/revista\/wp-json\/wp\/v2\/users\/6"}],"replies":[{"embeddable":true,"href":"https:\/\/soymigrante.com\/revista\/wp-json\/wp\/v2\/comments?post=37381"}],"version-history":[{"count":16,"href":"https:\/\/soymigrante.com\/revista\/wp-json\/wp\/v2\/pages\/37381\/revisions"}],"predecessor-version":[{"id":47248,"href":"https:\/\/soymigrante.com\/revista\/wp-json\/wp\/v2\/pages\/37381\/revisions\/47248"}],"wp:featuredmedia":[{"embeddable":true,"href":"https:\/\/soymigrante.com\/revista\/wp-json\/wp\/v2\/media\/35144"}],"wp:attachment":[{"href":"https:\/\/soymigrante.com\/revista\/wp-json\/wp\/v2\/media?parent=37381"}],"curies":[{"name":"wp","href":"https:\/\/api.w.org\/{rel}","templated":true}]}}