{"id":37332,"date":"2025-06-21T20:39:53","date_gmt":"2025-06-22T02:39:53","guid":{"rendered":"https:\/\/soymigrante.com\/revista\/?page_id=37332"},"modified":"2025-10-14T10:42:54","modified_gmt":"2025-10-14T16:42:54","slug":"bienestar","status":"publish","type":"page","link":"https:\/\/soymigrante.com\/revista\/bienestar\/","title":{"rendered":"Bienestar: Salud, Familia y Finanzas"},"content":{"rendered":"\t\t<div data-elementor-type=\"wp-page\" data-elementor-id=\"37332\" class=\"elementor elementor-37332\" data-elementor-post-type=\"page\">\n\t\t\t\t<div data-particle_enable=\"false\" data-particle-mobile-disabled=\"false\" class=\"elementor-element elementor-element-276936c e-con-full elementor-hidden-desktop elementor-hidden-tablet e-flex e-con e-parent\" data-id=\"276936c\" data-element_type=\"container\" data-e-type=\"container\">\n\t\t\t\t<div class=\"elementor-element elementor-element-354808e elementor-widget elementor-widget-newsy_grid_5\" data-id=\"354808e\" data-element_type=\"widget\" data-e-type=\"widget\" data-widget_type=\"newsy_grid_5.default\">\n\t\t\t\t<div class=\"elementor-widget-container\">\n\t\t\t\t\t<div class=\"ak-block ak-block-grid ak-block-grid-5   ak-block-width-1 clearfix tg-gradient tg-focus\" id=\"block_69f2d34c923e3_1\"><div class=\"ak-block-inner clearfix\"><div class=\"ak-block-posts clearfix\">\t\t<article class=\"ak-module ak-module-grid ak-module-grid-big ak-block-item-1 clearfix post-13232 post type-post status-publish format-standard has-post-thumbnail  category-bienestar\">\n\t\t\t<div class=\"ak-module-inner clearfix\">\n\t\t\t\t<div class=\"ak-module-grid-wrap\">\n\t\t\t\t\t<div class=\"ak-module-featured\">\n\t\t\t\t\t<div class=\"ak-module-badges\"><\/div>\t\t\t\t\t\t\t\t\t\t<div class=\"ak-featured-cover\"><a href=\"https:\/\/soymigrante.com\/revista\/temas-que-puede-ser-mejor-evitar-en-las-cenas-de-accion-de-gracias-y-navidad\/\" class=\"ak-featured-link\" rel=\"bookmark\" title=\"Temas de conversaci\u00f3n que resulta mejor evitar en reuniones familiares navide\u00f1as\"><div class=\"ak-featured-thumb lazy-thumb background-thumb  size-715\">\n                        <div class=\"lazyload\" title=\"reunion familiar navidad en guatemala\" data-bgset=\"https:\/\/soymigrante.com\/revista\/wp-content\/uploads\/2024\/11\/reunion-familiar-navidad-en-guatemala-750x536.png 800w\" ><\/div>\n                      <\/div><\/a><\/div>\t\t\t\t\t<\/div>\n\t\t\t\t\t<div class=\"ak-module-details\">\n\t\t\t\t\t\t\t\t\t\t\t\t<h3 class=\"ak-module-title\"><a href=\"https:\/\/soymigrante.com\/revista\/temas-que-puede-ser-mejor-evitar-en-las-cenas-de-accion-de-gracias-y-navidad\/\" rel=\"bookmark\" title=\"Temas de conversaci\u00f3n que resulta mejor evitar en reuniones familiares navide\u00f1as\">Temas de conversaci\u00f3n que resulta mejor evitar en reuniones familiares navide\u00f1as<\/a><\/h3>\t\t\t\t\t\t<div class=\"ak-module-meta\"><div class=\"ak-module-author\"><a href=\"https:\/\/soymigrante.com\/revista\/author\/soymigrante\/\"><img alt='SoyMigrante.com REVISTA' src='https:\/\/soymigrante.com\/revista\/wp-content\/uploads\/2023\/04\/SoyMigrante.com-V-color_profile-288x300.webp' srcset='https:\/\/soymigrante.com\/revista\/wp-content\/uploads\/2023\/04\/SoyMigrante.com-V-color_profile-288x300.webp 288w, https:\/\/soymigrante.com\/revista\/wp-content\/uploads\/2023\/04\/SoyMigrante.com-V-color_profile-982x1024.png 982w, https:\/\/soymigrante.com\/revista\/wp-content\/uploads\/2023\/04\/SoyMigrante.com-V-color_profile-768x801.png 768w, https:\/\/soymigrante.com\/revista\/wp-content\/uploads\/2023\/04\/SoyMigrante.com-V-color_profile-1473x1536.png 1473w, https:\/\/soymigrante.com\/revista\/wp-content\/uploads\/2023\/04\/SoyMigrante.com-V-color_profile-750x782.webp 750w, https:\/\/soymigrante.com\/revista\/wp-content\/uploads\/2023\/04\/SoyMigrante.com-V-color_profile-1140x1188.png 1140w, https:\/\/soymigrante.com\/revista\/wp-content\/uploads\/2023\/04\/SoyMigrante.com-V-color_profile.webp 1672w' class='avatar avatar-22 photo post-author-avatar' height='22' width='22' \/><\/a>by <a href=\"https:\/\/soymigrante.com\/revista\/author\/soymigrante\/\" class=\"ak-module-author-name\">SoyMigrante.com REVISTA<\/a><\/div><div class=\"ak-module-time\"><a href=\"https:\/\/soymigrante.com\/revista\/temas-que-puede-ser-mejor-evitar-en-las-cenas-de-accion-de-gracias-y-navidad\/\" class=\"ak-module-meta-published\"><i class=\"ak-icon akfi-schedule\"><\/i>23\/12\/2025<\/a><\/div> <div class=\"ak-module-view-count\"><i class=\"ak-icon  fa fa-eye\"><\/i><span class=\"count\">27<\/span><\/div><\/div>\t\t\t\t\t<\/div>\n\t\t\t\t<\/div>\n\t\t\t<\/div>\n\t\t<\/article>\n\t\t\t\t<article class=\"ak-module ak-module-grid ak-module-grid-big ak-block-item-2 clearfix post-1413 post type-post status-publish format-standard has-post-thumbnail  category-en-familia\">\n\t\t\t<div class=\"ak-module-inner clearfix\">\n\t\t\t\t<div class=\"ak-module-grid-wrap\">\n\t\t\t\t\t<div class=\"ak-module-featured\">\n\t\t\t\t\t<div class=\"ak-module-badges\"><\/div>\t\t\t\t\t\t\t\t\t\t<div class=\"ak-featured-cover\"><a href=\"https:\/\/soymigrante.com\/revista\/consejos-para-parejas-migrantes-no-discutir-o-tratar-temas-delicados-frente-a-los-hijos\/\" class=\"ak-featured-link\" rel=\"bookmark\" title=\"Claves para abordar temas y situaciones dif\u00edciles en pareja\"><div class=\"ak-featured-thumb lazy-thumb background-thumb  size-715\">\n                        <div class=\"lazyload\" title=\"Claves para abordar temas y situaciones dif\u00edciles en pareja\" data-bgset=\"https:\/\/soymigrante.com\/revista\/wp-content\/uploads\/2023\/06\/Las-discusiones-de-padres-frente-a-los-hijos-son-inconvenientes-y-daninas-2-750x536.webp 800w\" ><\/div>\n                      <\/div><\/a><\/div>\t\t\t\t\t<\/div>\n\t\t\t\t\t<div class=\"ak-module-details\">\n\t\t\t\t\t\t\t\t\t\t\t\t<h3 class=\"ak-module-title\"><a href=\"https:\/\/soymigrante.com\/revista\/consejos-para-parejas-migrantes-no-discutir-o-tratar-temas-delicados-frente-a-los-hijos\/\" rel=\"bookmark\" title=\"Claves para abordar temas y situaciones dif\u00edciles en pareja\">Claves para abordar temas y situaciones dif\u00edciles en pareja<\/a><\/h3>\t\t\t\t\t\t<div class=\"ak-module-meta\"><div class=\"ak-module-author\"><a href=\"https:\/\/soymigrante.com\/revista\/author\/gustavo\/\"><img alt='Gustavo Montenegro' src='https:\/\/soymigrante.com\/revista\/wp-content\/uploads\/2023\/04\/Gustavo-Montenegro-300x300.webp' srcset='https:\/\/soymigrante.com\/revista\/wp-content\/uploads\/2023\/04\/Gustavo-Montenegro-300x300.webp 300w, https:\/\/soymigrante.com\/revista\/wp-content\/uploads\/2023\/04\/Gustavo-Montenegro-150x150.webp 150w, https:\/\/soymigrante.com\/revista\/wp-content\/uploads\/2023\/04\/Gustavo-Montenegro-75x75.webp 75w, https:\/\/soymigrante.com\/revista\/wp-content\/uploads\/2023\/04\/Gustavo-Montenegro-600x600.png 600w, https:\/\/soymigrante.com\/revista\/wp-content\/uploads\/2023\/04\/Gustavo-Montenegro.webp 630w' class='avatar avatar-22 photo post-author-avatar' height='22' width='22' \/><\/a>by <a href=\"https:\/\/soymigrante.com\/revista\/author\/gustavo\/\" class=\"ak-module-author-name\">Gustavo Montenegro<\/a><\/div><div class=\"ak-module-time\"><a href=\"https:\/\/soymigrante.com\/revista\/consejos-para-parejas-migrantes-no-discutir-o-tratar-temas-delicados-frente-a-los-hijos\/\" class=\"ak-module-meta-published\"><i class=\"ak-icon akfi-schedule\"><\/i>16\/06\/2023<\/a><\/div> <div class=\"ak-module-view-count\"><i class=\"ak-icon  fa fa-eye\"><\/i><span class=\"count\">163<\/span><\/div><\/div>\t\t\t\t\t<\/div>\n\t\t\t\t<\/div>\n\t\t\t<\/div>\n\t\t<\/article>\n\t\t<\/div><\/div><\/div>\t\t\t\t<\/div>\n\t\t\t\t<\/div>\n\t\t\t\t<\/div>\n\t\t<div data-particle_enable=\"false\" data-particle-mobile-disabled=\"false\" class=\"elementor-element elementor-element-8383d4a e-con-full elementor-hidden-mobile e-flex e-con e-parent\" data-id=\"8383d4a\" data-element_type=\"container\" data-e-type=\"container\">\n\t\t\t\t<div class=\"elementor-element elementor-element-3d23ecf elementor-widget elementor-widget-newsy_grid_8\" data-id=\"3d23ecf\" data-element_type=\"widget\" data-e-type=\"widget\" data-widget_type=\"newsy_grid_8.default\">\n\t\t\t\t<div class=\"elementor-widget-container\">\n\t\t\t\t\t<div class=\"ak-block ak-block-grid ak-block-grid-8   ak-block-width-1 clearfix tg-focus\" id=\"block_69f2d34c923e3_2\"><div class=\"ak-block-inner clearfix\"><div class=\"ak-block-posts clearfix\">\t\t<article class=\"ak-module ak-module-grid ak-module-grid-tall ak-block-item-1 clearfix post-12036 post type-post status-publish format-standard has-post-thumbnail  category-bienestar\">\n\t\t\t<div class=\"ak-module-inner clearfix\">\n\t\t\t\t<div class=\"ak-module-grid-wrap\">\n\t\t\t\t\t<div class=\"ak-module-featured\">\n\t\t\t\t\t\t\t\t\t\t\t\t\t\t\t\t\t\t<div class=\"ak-featured-cover\"><a href=\"https:\/\/soymigrante.com\/revista\/de-guatemala-con-carino-que-regalos-puedo-llevar-a-usa-sin-restriccion-ni-cargos-extra\/\" class=\"ak-featured-link\" rel=\"bookmark\" title=\"De Guatemala con cari\u00f1o: Qu\u00e9 regalos puedo llevar a USA sin restricci\u00f3n ni cargos extra\"><div class=\"ak-featured-thumb lazy-thumb background-thumb  size-1400\">\n                        <div class=\"lazyload\" title=\"Viajera mujer hablando por tel\u00e9fono mientras prepara maleta con ropa en casa.\" data-bgset=\"https:\/\/soymigrante.com\/revista\/wp-content\/uploads\/2024\/11\/restriccion-en-equipaje-usa-feature-360x504.webp 800w\" ><\/div>\n                      <\/div><\/a><\/div>\t\t\t\t\t<\/div>\n\t\t\t\t\t<div class=\"ak-module-details\">\n\t\t\t\t\t\t<div class=\"ak-module-terms inline_badge\"><a class=\"term-55\" href=\"https:\/\/soymigrante.com\/revista\/category\/bienestar\/\">Bienestar<\/a><\/div>\n\t\t\t\t\t\t<h3 class=\"ak-module-title\"><a href=\"https:\/\/soymigrante.com\/revista\/de-guatemala-con-carino-que-regalos-puedo-llevar-a-usa-sin-restriccion-ni-cargos-extra\/\" rel=\"bookmark\" title=\"De Guatemala con cari\u00f1o: Qu\u00e9 regalos puedo llevar a USA sin restricci\u00f3n ni cargos extra\">De Guatemala con cari\u00f1o: Qu\u00e9 regalos puedo llevar a USA sin restricci\u00f3n ni cargos extra<\/a><\/h3>\n\t\t\t\t\t\t<div class=\"ak-module-meta\"><div class=\"ak-module-author\">by <a href=\"https:\/\/soymigrante.com\/revista\/author\/beatriz-tercero\/\" class=\"ak-module-author-name\">Beatriz Tercero<\/a><\/div><div class=\"ak-module-time\"><a href=\"https:\/\/soymigrante.com\/revista\/de-guatemala-con-carino-que-regalos-puedo-llevar-a-usa-sin-restriccion-ni-cargos-extra\/\" class=\"ak-module-meta-published\"><i class=\"ak-icon akfi-schedule\"><\/i>13\/11\/2024<\/a><\/div> <div class=\"ak-module-view-count\"><i class=\"ak-icon  fa fa-eye\"><\/i><span class=\"count\">202<\/span><\/div><\/div>\t\t\t\t\t<\/div>\n\t\t\t\t<\/div>\n\t\t\t<\/div>\n\t\t<\/article>\n\t\t\t\t<article class=\"ak-module ak-module-grid ak-module-grid-tall ak-block-item-2 clearfix post-16042 post type-post status-publish format-standard has-post-thumbnail  category-bienestar\">\n\t\t\t<div class=\"ak-module-inner clearfix\">\n\t\t\t\t<div class=\"ak-module-grid-wrap\">\n\t\t\t\t\t<div class=\"ak-module-featured\">\n\t\t\t\t\t\t\t\t\t\t\t\t\t\t\t\t\t\t<div class=\"ak-featured-cover\"><a href=\"https:\/\/soymigrante.com\/revista\/como-tramitar-un-certificado-de-nacimiento-guatemalteco-a-distancia\/\" class=\"ak-featured-link\" rel=\"bookmark\" title=\"C\u00f3mo tramitar un certificado de nacimiento guatemalteco a distancia\"><div class=\"ak-featured-thumb lazy-thumb background-thumb  size-1400\">\n                        <div class=\"lazyload\" title=\"Certificados electr\u00f3nicos de RENAP, incluyendo nacimiento, matrimonio, defunci\u00f3n, duplicado de documento y registro de guatemalteco, disponibles en SoyMigrante.com REVISTA.\" data-bgset=\"https:\/\/soymigrante.com\/revista\/wp-content\/uploads\/2024\/12\/servicios-renap-360x489.webp 800w\" ><\/div>\n                      <\/div><\/a><\/div>\t\t\t\t\t<\/div>\n\t\t\t\t\t<div class=\"ak-module-details\">\n\t\t\t\t\t\t<div class=\"ak-module-terms inline_badge\"><a class=\"term-55\" href=\"https:\/\/soymigrante.com\/revista\/category\/bienestar\/\">Bienestar<\/a><\/div>\n\t\t\t\t\t\t<h3 class=\"ak-module-title\"><a href=\"https:\/\/soymigrante.com\/revista\/como-tramitar-un-certificado-de-nacimiento-guatemalteco-a-distancia\/\" rel=\"bookmark\" title=\"C\u00f3mo tramitar un certificado de nacimiento guatemalteco a distancia\">C\u00f3mo tramitar un certificado de nacimiento guatemalteco a distancia<\/a><\/h3>\n\t\t\t\t\t\t<div class=\"ak-module-meta\"><div class=\"ak-module-author\">by <a href=\"https:\/\/soymigrante.com\/revista\/author\/beatriz-tercero\/\" class=\"ak-module-author-name\">Beatriz Tercero<\/a><\/div><div class=\"ak-module-time\"><a href=\"https:\/\/soymigrante.com\/revista\/como-tramitar-un-certificado-de-nacimiento-guatemalteco-a-distancia\/\" class=\"ak-module-meta-published\"><i class=\"ak-icon akfi-schedule\"><\/i>02\/01\/2025<\/a><\/div> <div class=\"ak-module-view-count\"><i class=\"ak-icon  fa fa-eye\"><\/i><span class=\"count\">51<\/span><\/div><\/div>\t\t\t\t\t<\/div>\n\t\t\t\t<\/div>\n\t\t\t<\/div>\n\t\t<\/article>\n\t\t\t\t<article class=\"ak-module ak-module-grid ak-module-grid-tall ak-block-item-3 clearfix post-26426 post type-post status-publish format-standard has-post-thumbnail  category-bienestar\">\n\t\t\t<div class=\"ak-module-inner clearfix\">\n\t\t\t\t<div class=\"ak-module-grid-wrap\">\n\t\t\t\t\t<div class=\"ak-module-featured\">\n\t\t\t\t\t\t\t\t\t\t\t\t\t\t\t\t\t\t<div class=\"ak-featured-cover\"><a href=\"https:\/\/soymigrante.com\/revista\/en-la-era-digital-los-ninos-deben-tener-tambien-descanso-de-la-tecnologia\/\" class=\"ak-featured-link\" rel=\"bookmark\" title=\"En la era digital, los ni\u00f1os deben tener tambi\u00e9n descanso de la tecnolog\u00eda\"><div class=\"ak-featured-thumb lazy-thumb background-thumb  size-1400\">\n                        <div class=\"lazyload\" title=\"C\u00f3mo alejar a los ni\u00f1os de la tecnolog\u00eda en la era digital\" data-bgset=\"https:\/\/soymigrante.com\/revista\/wp-content\/uploads\/2025\/02\/Co\u0301mo-alejar-a-los-nin\u0303os-de-la-tecnologi\u0301a-en-la-era-digital-4-scaled-e1740514893836-360x504.webp 800w\" ><\/div>\n                      <\/div><\/a><\/div>\t\t\t\t\t<\/div>\n\t\t\t\t\t<div class=\"ak-module-details\">\n\t\t\t\t\t\t<div class=\"ak-module-terms inline_badge\"><a class=\"term-55\" href=\"https:\/\/soymigrante.com\/revista\/category\/bienestar\/\">Bienestar<\/a><\/div>\n\t\t\t\t\t\t<h3 class=\"ak-module-title\"><a href=\"https:\/\/soymigrante.com\/revista\/en-la-era-digital-los-ninos-deben-tener-tambien-descanso-de-la-tecnologia\/\" rel=\"bookmark\" title=\"En la era digital, los ni\u00f1os deben tener tambi\u00e9n descanso de la tecnolog\u00eda\">En la era digital, los ni\u00f1os deben tener tambi\u00e9n descanso de la tecnolog\u00eda<\/a><\/h3>\n\t\t\t\t\t\t<div class=\"ak-module-meta\"><div class=\"ak-module-author\">by <a href=\"https:\/\/soymigrante.com\/revista\/author\/marysabel-aldana\/\" class=\"ak-module-author-name\">Marysabel Aldana<\/a><\/div><div class=\"ak-module-time\"><a href=\"https:\/\/soymigrante.com\/revista\/en-la-era-digital-los-ninos-deben-tener-tambien-descanso-de-la-tecnologia\/\" class=\"ak-module-meta-published\"><i class=\"ak-icon akfi-schedule\"><\/i>27\/02\/2025<\/a><\/div> <div class=\"ak-module-view-count\"><i class=\"ak-icon  fa fa-eye\"><\/i><span class=\"count\">26<\/span><\/div><\/div>\t\t\t\t\t<\/div>\n\t\t\t\t<\/div>\n\t\t\t<\/div>\n\t\t<\/article>\n\t\t\t\t<article class=\"ak-module ak-module-grid ak-module-grid-tall ak-block-item-4 clearfix post-41918 post type-post status-publish format-standard has-post-thumbnail  category-salud-fisica tag-salud-fisica\">\n\t\t\t<div class=\"ak-module-inner clearfix\">\n\t\t\t\t<div class=\"ak-module-grid-wrap\">\n\t\t\t\t\t<div class=\"ak-module-featured\">\n\t\t\t\t\t\t\t\t\t\t\t\t\t\t\t\t\t\t<div class=\"ak-featured-cover\"><a href=\"https:\/\/soymigrante.com\/revista\/hay-que-saber-cuidarse-la-nariz-para-evitar-lesiones\/\" class=\"ak-featured-link\" rel=\"bookmark\" title=\"Hay que saber cuidarse la nariz para evitar lesiones\"><div class=\"ak-featured-thumb lazy-thumb background-thumb  size-1400\">\n                        <div class=\"lazyload\" title=\"Ni\u00f1o peque\u00f1o con expresi\u00f3n curiosa, toc\u00e1ndose la cara, en un entorno educativo, promoviendo temas de infancia y aprendizaje.\" data-bgset=\"https:\/\/soymigrante.com\/revista\/wp-content\/uploads\/2025\/08\/Por-que-es-tan-danino-para-la-salud-picarse-la-nariz-o-introducir-objetos-1-e1755032873733-360x504.jpeg 800w\" ><\/div>\n                      <\/div><\/a><\/div>\t\t\t\t\t<\/div>\n\t\t\t\t\t<div class=\"ak-module-details\">\n\t\t\t\t\t\t<div class=\"ak-module-terms inline_badge\"><a class=\"term-265\" href=\"https:\/\/soymigrante.com\/revista\/category\/bienestar\/salud-fisica\/\">Salud F\u00edsica<\/a><\/div>\n\t\t\t\t\t\t<h3 class=\"ak-module-title\"><a href=\"https:\/\/soymigrante.com\/revista\/hay-que-saber-cuidarse-la-nariz-para-evitar-lesiones\/\" rel=\"bookmark\" title=\"Hay que saber cuidarse la nariz para evitar lesiones\">Hay que saber cuidarse la nariz para evitar lesiones<\/a><\/h3>\n\t\t\t\t\t\t<div class=\"ak-module-meta\"><div class=\"ak-module-author\">by <a href=\"https:\/\/soymigrante.com\/revista\/author\/marysabel-aldana\/\" class=\"ak-module-author-name\">Marysabel Aldana<\/a><\/div><div class=\"ak-module-time\"><a href=\"https:\/\/soymigrante.com\/revista\/hay-que-saber-cuidarse-la-nariz-para-evitar-lesiones\/\" class=\"ak-module-meta-published\"><i class=\"ak-icon akfi-schedule\"><\/i>13\/08\/2025<\/a><\/div> <div class=\"ak-module-view-count\"><i class=\"ak-icon  fa fa-eye\"><\/i><span class=\"count\">14<\/span><\/div><\/div>\t\t\t\t\t<\/div>\n\t\t\t\t<\/div>\n\t\t\t<\/div>\n\t\t<\/article>\n\t\t<\/div><\/div><\/div>\t\t\t\t<\/div>\n\t\t\t\t<\/div>\n\t\t\t\t<\/div>\n\t\t<div data-particle_enable=\"false\" data-particle-mobile-disabled=\"false\" class=\"elementor-element elementor-element-30fa145 e-flex e-con-boxed e-con e-parent\" data-id=\"30fa145\" data-element_type=\"container\" data-e-type=\"container\">\n\t\t\t\t\t<div class=\"e-con-inner\">\n\t\t\t\t<div class=\"elementor-element elementor-element-7309431 elementor-widget elementor-widget-spacer\" data-id=\"7309431\" data-element_type=\"widget\" data-e-type=\"widget\" data-widget_type=\"spacer.default\">\n\t\t\t\t\t\t\t<div class=\"elementor-spacer\">\n\t\t\t<div class=\"elementor-spacer-inner\"><\/div>\n\t\t<\/div>\n\t\t\t\t\t\t<\/div>\n\t\t\t\t<div class=\"elementor-element elementor-element-abd543f elementor-hidden-desktop elementor-hidden-tablet elementor-widget elementor-widget-html\" data-id=\"abd543f\" data-element_type=\"widget\" data-e-type=\"widget\" data-widget_type=\"html.default\">\n\t\t\t\t\t<div style=\"text-align: center;\">\n<!-- Revive Adserver Hosted edition Asynchronous JS Tag - Generated with Revive Adserver v5.5.2 -->\n<ins data-revive-zoneid=\"24762\" data-revive-id=\"727bec5e09208690b050ccfc6a45d384\"><\/ins>\n<script async src=\"\/\/servedby.revive-adserver.net\/asyncjs.php\"><\/script>\n<\/div>\n\t\t\t\t<\/div>\n\t\t\t\t<div class=\"elementor-element elementor-element-16f093d elementor-hidden-mobile elementor-widget elementor-widget-html\" data-id=\"16f093d\" data-element_type=\"widget\" data-e-type=\"widget\" data-widget_type=\"html.default\">\n\t\t\t\t\t<div style=\"text-align: center;\">\n<!-- Revive Adserver Hosted edition Asynchronous JS Tag - Generated with Revive Adserver v5.5.2 -->\n<ins data-revive-zoneid=\"24763\" data-revive-id=\"727bec5e09208690b050ccfc6a45d384\"><\/ins>\n<script async src=\"\/\/servedby.revive-adserver.net\/asyncjs.php\"><\/script>\n<\/div>\n\t\t\t\t<\/div>\n\t\t\t\t<div class=\"elementor-element elementor-element-a0c5163 elementor-widget elementor-widget-search\" data-id=\"a0c5163\" data-element_type=\"widget\" data-e-type=\"widget\" data-settings=\"{&quot;submit_trigger&quot;:&quot;click_submit&quot;,&quot;pagination_type_options&quot;:&quot;none&quot;}\" data-widget_type=\"search.default\">\n\t\t\t\t\t\t\t<search class=\"e-search hidden\" role=\"search\">\n\t\t\t<form class=\"e-search-form\" action=\"https:\/\/soymigrante.com\/revista\" method=\"get\">\n\n\t\t\t\t\n\t\t\t\t<label class=\"e-search-label\" for=\"search-a0c5163\">\n\t\t\t\t\t<span class=\"elementor-screen-only\">\n\t\t\t\t\t\tBuscar\t\t\t\t\t<\/span>\n\t\t\t\t\t\t\t\t\t<\/label>\n\n\t\t\t\t<div class=\"e-search-input-wrapper\">\n\t\t\t\t\t<input id=\"search-a0c5163\" placeholder=\"Escribe para buscar...\" class=\"e-search-input\" type=\"search\" name=\"s\" value=\"\" autocomplete=\"on\" role=\"combobox\" aria-autocomplete=\"list\" aria-expanded=\"false\" aria-controls=\"results-a0c5163\" aria-haspopup=\"listbox\">\n\t\t\t\t\t<i aria-hidden=\"true\" class=\"fas fa-times\"><\/i>\t\t\t\t\t\t\t\t\t\t<output id=\"results-a0c5163\" class=\"e-search-results-container hide-loader\" aria-live=\"polite\" aria-atomic=\"true\" aria-label=\"Resultados de b\u00fasqueda\" tabindex=\"0\">\n\t\t\t\t\t\t<div class=\"e-search-results\"><\/div>\n\t\t\t\t\t\t\t\t\t\t\t<\/output>\n\t\t\t\t\t\t\t\t\t<\/div>\n\t\t\t\t\n\t\t\t\t\n\t\t\t\t<button class=\"e-search-submit  \" type=\"submit\">\n\t\t\t\t\t\n\t\t\t\t\t\t\t\t\t\t<span class=\"\">\n\t\t\t\t\t\tBuscar\t\t\t\t\t<\/span>\n\t\t\t\t\t\t\t\t\t<\/button>\n\t\t\t\t<input type=\"hidden\" name=\"e_search_props\" value=\"a0c5163-37332\">\n\t\t\t<\/form>\n\t\t<\/search>\n\t\t\t\t\t\t<\/div>\n\t\t\t\t\t<\/div>\n\t\t\t\t<\/div>\n\t\t<div data-particle_enable=\"false\" data-particle-mobile-disabled=\"false\" class=\"elementor-element elementor-element-8395d5a elementor-hidden-desktop elementor-hidden-tablet e-flex e-con-boxed e-con e-parent\" data-id=\"8395d5a\" data-element_type=\"container\" data-e-type=\"container\">\n\t\t\t\t\t<div class=\"e-con-inner\">\n\t\t\t\t<div class=\"elementor-element elementor-element-55947f4 elementor-widget elementor-widget-newsy_list_1_small_square\" data-id=\"55947f4\" data-element_type=\"widget\" data-e-type=\"widget\" data-widget_type=\"newsy_list_1_small_square.default\">\n\t\t\t\t<div class=\"elementor-widget-container\">\n\t\t\t\t\t<div class=\"ak-block ak-block-list-1-small-square ak-block-column  ak-block-width-1 ak-pagination-container load_more clearfix\" id=\"block_69f2d34c923e3_3\"><style scoped>#block_69f2d34c923e3_3:not(.ak-block-width-1) .ak-block-posts { margin-right: -10px; }#block_69f2d34c923e3_3 .ak-block-posts .ak-module{ padding-right: 10px; margin-bottom: 10px; }#block_69f2d34c923e3_3.ak-block-module-seperator-line .ak-module-inner{ padding-bottom: 10px; }<\/style><div class=\"ak-block-header ak-block-header-style-10 no-title\"><div class=\"ak-block-tabs ak-menu-more-enabled\"><ul class=\"ak-menu ak-menu-wide\"><li class=\"menu-item\"><a href=\"#\" class=\"ak-tab-btn active\" data-tab-id=\"block_69f2d34c923e3_3\" data-filter=\"\" data-filter-value=\"\">TODO<\/a><\/li><li class=\"menu-item\"><a href=\"#\" class=\"ak-tab-btn term-266\" data-tab-id=\"tab_69f2d34c923e3_4\" data-filter=\"category\" data-filter-value=\"266\">En Familia<\/a><\/li><li class=\"menu-item\"><a href=\"#\" class=\"ak-tab-btn term-259\" data-tab-id=\"tab_69f2d34c923e3_5\" data-filter=\"category\" data-filter-value=\"259\">Salud Emocional<\/a><\/li><li class=\"menu-item\"><a href=\"#\" class=\"ak-tab-btn term-265\" data-tab-id=\"tab_69f2d34c923e3_6\" data-filter=\"category\" data-filter-value=\"265\">Salud F\u00edsica<\/a><\/li><\/ul><\/div><\/div><div class=\"ak-block-inner clearfix\"><div class=\"ak-block-posts clearfix\">\t\t<article class=\"ak-module ak-module-1-small-square ak-column-module ak-module-excerpt-hide clearfix post-55287 post type-post status-publish format-standard has-post-thumbnail  category-bienestar tag-mercado-emprendedores\">\n\t\t\t<div class=\"ak-module-inner clearfix\">\n\t\t\t\t<div class=\"ak-module-featured\">\n\t\t\t\t\t<div class=\"ak-featured-cover\"><a href=\"https:\/\/soymigrante.com\/revista\/estrategias-para-fidelizar-clientes-pequenas-acciones-que-te-ayudaran-en-el-comercio-digital\/\" class=\"ak-featured-link\" rel=\"bookmark\" title=\"Estrategias para fidelizar clientes: peque\u00f1as acciones que te ayudar\u00e1n en el comercio digital\"><div class=\"ak-featured-thumb lazy-thumb size-1000\" ><img decoding=\"async\" width=\"75\" height=\"75\" src=\"data:image\/gif;base64,R0lGODlhAQABAAAAACH5BAEKAAEALAAAAAABAAEAAAICTAEAOw==\" class=\"attachment-newsy_75x75 size-newsy_75x75 lazyload wp-post-image\" alt=\"Woman in a colorful patterned dress unpacks a gift box with a tied paper wrapping and a handwritten note reading &#039;\u00a1Gracias por apoyar mi sue\u00f1o!&#039; in a craft shop with shelves and plants behind her.\" data-src=\"https:\/\/soymigrante.com\/revista\/wp-content\/uploads\/2026\/04\/vendedora-soymigrantecom-emprendimiento-emprendedora-comercio-digital-75x75.png\" data-sizes=\"auto\" data-srcset=\"https:\/\/soymigrante.com\/revista\/wp-content\/uploads\/2026\/04\/vendedora-soymigrantecom-emprendimiento-emprendedora-comercio-digital-75x75.png 75w, https:\/\/soymigrante.com\/revista\/wp-content\/uploads\/2026\/04\/vendedora-soymigrantecom-emprendimiento-emprendedora-comercio-digital-300x300.png 300w, https:\/\/soymigrante.com\/revista\/wp-content\/uploads\/2026\/04\/vendedora-soymigrantecom-emprendimiento-emprendedora-comercio-digital-150x150.png 150w, https:\/\/soymigrante.com\/revista\/wp-content\/uploads\/2026\/04\/vendedora-soymigrantecom-emprendimiento-emprendedora-comercio-digital-768x768.png 768w, https:\/\/soymigrante.com\/revista\/wp-content\/uploads\/2026\/04\/vendedora-soymigrantecom-emprendimiento-emprendedora-comercio-digital-750x750.png 750w, https:\/\/soymigrante.com\/revista\/wp-content\/uploads\/2026\/04\/vendedora-soymigrantecom-emprendimiento-emprendedora-comercio-digital.png 1024w\" data-expand=\"700\" \/><\/div><\/a><\/div>\t\t\t\t<\/div>\n\t\t\t\t<div class=\"ak-module-details\">\n\t\t\t\t\t<h3 class=\"ak-module-title\"><a href=\"https:\/\/soymigrante.com\/revista\/estrategias-para-fidelizar-clientes-pequenas-acciones-que-te-ayudaran-en-el-comercio-digital\/\" rel=\"bookmark\" title=\"Estrategias para fidelizar clientes: peque\u00f1as acciones que te ayudar\u00e1n en el comercio digital\">Estrategias para fidelizar clientes: peque\u00f1as acciones que te ayudar\u00e1n en&hellip;<\/a><\/h3><div class=\"ak-module-meta\"><div class=\"ak-module-time\"><a href=\"https:\/\/soymigrante.com\/revista\/estrategias-para-fidelizar-clientes-pequenas-acciones-que-te-ayudaran-en-el-comercio-digital\/\" class=\"ak-module-meta-published\"><i class=\"ak-icon akfi-schedule\"><\/i>21\/04\/2026<\/a><\/div> <div class=\"ak-module-view-count\"><i class=\"ak-icon  fa fa-eye\"><\/i><span class=\"count\">4<\/span><\/div><\/div>\t\t\t\t<\/div>\n\t\t\t<\/div>\n\t\t<\/article>\n\t\t\t\t<article class=\"ak-module ak-module-1-small-square ak-column-module ak-module-excerpt-hide clearfix post-54894 post type-post status-publish format-standard has-post-thumbnail  category-en-familia\">\n\t\t\t<div class=\"ak-module-inner clearfix\">\n\t\t\t\t<div class=\"ak-module-featured\">\n\t\t\t\t\t<div class=\"ak-featured-cover\"><a href=\"https:\/\/soymigrante.com\/revista\/violencia-intrafamiliar-domestica-se-debe-reconocer-y-denunciar-donde-obtener-ayuda-en-estados-unidos\/\" class=\"ak-featured-link\" rel=\"bookmark\" title=\"Violencia intrafamiliar se debe reconocer,  denunciar y frenar \u00bfD\u00f3nde obtener ayuda en Estados Unidos?\"><div class=\"ak-featured-thumb lazy-thumb size-1000\" ><img decoding=\"async\" width=\"75\" height=\"75\" src=\"data:image\/gif;base64,R0lGODlhAQABAAAAACH5BAEKAAEALAAAAAABAAEAAAICTAEAOw==\" class=\"attachment-newsy_75x75 size-newsy_75x75 lazyload wp-post-image\" alt=\"alto a la violencia dom\u00e9stica contra la mujer en estados unidos freno a violencia intrafamiliar\" data-src=\"https:\/\/soymigrante.com\/revista\/wp-content\/uploads\/2026\/04\/frenar-violencia-domestica-estados-unidos-75x75.png\" data-sizes=\"auto\" data-srcset=\"https:\/\/soymigrante.com\/revista\/wp-content\/uploads\/2026\/04\/frenar-violencia-domestica-estados-unidos-75x75.png 75w, https:\/\/soymigrante.com\/revista\/wp-content\/uploads\/2026\/04\/frenar-violencia-domestica-estados-unidos-300x300.png 300w, https:\/\/soymigrante.com\/revista\/wp-content\/uploads\/2026\/04\/frenar-violencia-domestica-estados-unidos-150x150.png 150w, https:\/\/soymigrante.com\/revista\/wp-content\/uploads\/2026\/04\/frenar-violencia-domestica-estados-unidos.png 608w\" data-expand=\"700\" \/><\/div><\/a><\/div>\t\t\t\t<\/div>\n\t\t\t\t<div class=\"ak-module-details\">\n\t\t\t\t\t<h3 class=\"ak-module-title\"><a href=\"https:\/\/soymigrante.com\/revista\/violencia-intrafamiliar-domestica-se-debe-reconocer-y-denunciar-donde-obtener-ayuda-en-estados-unidos\/\" rel=\"bookmark\" title=\"Violencia intrafamiliar se debe reconocer,  denunciar y frenar \u00bfD\u00f3nde obtener ayuda en Estados Unidos?\">Violencia intrafamiliar se debe reconocer,  denunciar y frenar \u00bfD\u00f3nde&hellip;<\/a><\/h3><div class=\"ak-module-meta\"><div class=\"ak-module-time\"><a href=\"https:\/\/soymigrante.com\/revista\/violencia-intrafamiliar-domestica-se-debe-reconocer-y-denunciar-donde-obtener-ayuda-en-estados-unidos\/\" class=\"ak-module-meta-published\"><i class=\"ak-icon akfi-schedule\"><\/i>13\/04\/2026<\/a><\/div> <div class=\"ak-module-view-count\"><i class=\"ak-icon  fa fa-eye\"><\/i><span class=\"count\">38<\/span><\/div><\/div>\t\t\t\t<\/div>\n\t\t\t<\/div>\n\t\t<\/article>\n\t\t\t\t<article class=\"ak-module ak-module-1-small-square ak-column-module ak-module-excerpt-hide clearfix post-54092 post type-post status-publish format-standard has-post-thumbnail  category-salud-emocional\">\n\t\t\t<div class=\"ak-module-inner clearfix\">\n\t\t\t\t<div class=\"ak-module-featured\">\n\t\t\t\t\t<div class=\"ak-featured-cover\"><a href=\"https:\/\/soymigrante.com\/revista\/claves-sobre-primeros-auxilios-psicologicos-para-ayudar-a-alguien-agobiado-por-dolor-miedo-o-angustia\/\" class=\"ak-featured-link\" rel=\"bookmark\" title=\"Claves sobre Primeros Auxilios Psicol\u00f3gicos para ayudar a alguien agobiado por dolor, miedo o angustia\"><div class=\"ak-featured-thumb lazy-thumb size-1000\" ><img decoding=\"async\" width=\"75\" height=\"75\" src=\"data:image\/gif;base64,R0lGODlhAQABAAAAACH5BAEKAAEALAAAAAABAAEAAAICTAEAOw==\" class=\"attachment-newsy_75x75 size-newsy_75x75 lazyload wp-post-image\" alt=\"primeros auxilios emocionales\" data-src=\"https:\/\/soymigrante.com\/revista\/wp-content\/uploads\/2026\/04\/primeros-auxilios-emocionales-75x75.png\" data-sizes=\"auto\" data-srcset=\"https:\/\/soymigrante.com\/revista\/wp-content\/uploads\/2026\/04\/primeros-auxilios-emocionales-75x75.png 75w, https:\/\/soymigrante.com\/revista\/wp-content\/uploads\/2026\/04\/primeros-auxilios-emocionales-300x300.png 300w, https:\/\/soymigrante.com\/revista\/wp-content\/uploads\/2026\/04\/primeros-auxilios-emocionales-150x150.png 150w, https:\/\/soymigrante.com\/revista\/wp-content\/uploads\/2026\/04\/primeros-auxilios-emocionales-768x768.png 768w, https:\/\/soymigrante.com\/revista\/wp-content\/uploads\/2026\/04\/primeros-auxilios-emocionales-750x750.png 750w, https:\/\/soymigrante.com\/revista\/wp-content\/uploads\/2026\/04\/primeros-auxilios-emocionales.png 1024w\" data-expand=\"700\" \/><\/div><\/a><\/div>\t\t\t\t<\/div>\n\t\t\t\t<div class=\"ak-module-details\">\n\t\t\t\t\t<h3 class=\"ak-module-title\"><a href=\"https:\/\/soymigrante.com\/revista\/claves-sobre-primeros-auxilios-psicologicos-para-ayudar-a-alguien-agobiado-por-dolor-miedo-o-angustia\/\" rel=\"bookmark\" title=\"Claves sobre Primeros Auxilios Psicol\u00f3gicos para ayudar a alguien agobiado por dolor, miedo o angustia\">Claves sobre Primeros Auxilios Psicol\u00f3gicos para ayudar a alguien agobiado&hellip;<\/a><\/h3><div class=\"ak-module-meta\"><div class=\"ak-module-time\"><a href=\"https:\/\/soymigrante.com\/revista\/claves-sobre-primeros-auxilios-psicologicos-para-ayudar-a-alguien-agobiado-por-dolor-miedo-o-angustia\/\" class=\"ak-module-meta-published\"><i class=\"ak-icon akfi-schedule\"><\/i>07\/04\/2026<\/a><\/div> <div class=\"ak-module-view-count\"><i class=\"ak-icon  fa fa-eye\"><\/i><span class=\"count\">79<\/span><\/div><\/div>\t\t\t\t<\/div>\n\t\t\t<\/div>\n\t\t<\/article>\n\t\t\t\t<article class=\"ak-module ak-module-1-small-square ak-column-module ak-module-excerpt-hide clearfix post-53500 post type-post status-publish format-standard has-post-thumbnail  category-bienestar\">\n\t\t\t<div class=\"ak-module-inner clearfix\">\n\t\t\t\t<div class=\"ak-module-featured\">\n\t\t\t\t\t<div class=\"ak-featured-cover\"><a href=\"https:\/\/soymigrante.com\/revista\/horario-de-verano-2026-en-usa-cuando-comenzo-y-hasta-cuando-dura\/\" class=\"ak-featured-link\" rel=\"bookmark\" title=\"Horario de verano 2026 en USA: \u00bfCu\u00e1ndo comenz\u00f3 y hasta cuando dura?\"><div class=\"ak-featured-thumb lazy-thumb size-1000\" ><img loading=\"lazy\" decoding=\"async\" width=\"75\" height=\"75\" src=\"data:image\/gif;base64,R0lGODlhAQABAAAAACH5BAEKAAEALAAAAAABAAEAAAICTAEAOw==\" class=\"attachment-newsy_75x75 size-newsy_75x75 lazyload wp-post-image\" alt=\"horario de verano estados unidos 2\" data-src=\"https:\/\/soymigrante.com\/revista\/wp-content\/uploads\/2026\/03\/horario-de-verano-estados-unidos-2-75x75.png\" data-sizes=\"auto\" data-srcset=\"https:\/\/soymigrante.com\/revista\/wp-content\/uploads\/2026\/03\/horario-de-verano-estados-unidos-2-75x75.png 75w, https:\/\/soymigrante.com\/revista\/wp-content\/uploads\/2026\/03\/horario-de-verano-estados-unidos-2-300x300.png 300w, https:\/\/soymigrante.com\/revista\/wp-content\/uploads\/2026\/03\/horario-de-verano-estados-unidos-2-150x150.png 150w, https:\/\/soymigrante.com\/revista\/wp-content\/uploads\/2026\/03\/horario-de-verano-estados-unidos-2-768x768.png 768w, https:\/\/soymigrante.com\/revista\/wp-content\/uploads\/2026\/03\/horario-de-verano-estados-unidos-2-750x750.png 750w, https:\/\/soymigrante.com\/revista\/wp-content\/uploads\/2026\/03\/horario-de-verano-estados-unidos-2.png 1024w\" data-expand=\"700\" \/><\/div><\/a><\/div>\t\t\t\t<\/div>\n\t\t\t\t<div class=\"ak-module-details\">\n\t\t\t\t\t<h3 class=\"ak-module-title\"><a href=\"https:\/\/soymigrante.com\/revista\/horario-de-verano-2026-en-usa-cuando-comenzo-y-hasta-cuando-dura\/\" rel=\"bookmark\" title=\"Horario de verano 2026 en USA: \u00bfCu\u00e1ndo comenz\u00f3 y hasta cuando dura?\">Horario de verano 2026 en USA: \u00bfCu\u00e1ndo comenz\u00f3 y hasta cuando dura?<\/a><\/h3><div class=\"ak-module-meta\"><div class=\"ak-module-time\"><a href=\"https:\/\/soymigrante.com\/revista\/horario-de-verano-2026-en-usa-cuando-comenzo-y-hasta-cuando-dura\/\" class=\"ak-module-meta-published\"><i class=\"ak-icon akfi-schedule\"><\/i>10\/03\/2026<\/a><\/div> <div class=\"ak-module-view-count\"><i class=\"ak-icon  fa fa-eye\"><\/i><span class=\"count\">85<\/span><\/div><\/div>\t\t\t\t<\/div>\n\t\t\t<\/div>\n\t\t<\/article>\n\t\t\t\t<article class=\"ak-module ak-module-1-small-square ak-column-module ak-module-excerpt-hide clearfix post-18209 post type-post status-publish format-standard has-post-thumbnail  category-bienestar\">\n\t\t\t<div class=\"ak-module-inner clearfix\">\n\t\t\t\t<div class=\"ak-module-featured\">\n\t\t\t\t\t<div class=\"ak-featured-cover\"><a href=\"https:\/\/soymigrante.com\/revista\/la-ropa-sucia-como-herramienta-de-salud-mental-reinventando-las-tareas-diarias\/\" class=\"ak-featured-link\" rel=\"bookmark\" title=\"\u00bfLa ropa sucia como recurso de salud mental? Reinventa tus tareas diarias\"><div class=\"ak-featured-thumb lazy-thumb size-1000\" ><img loading=\"lazy\" decoding=\"async\" width=\"75\" height=\"75\" src=\"data:image\/gif;base64,R0lGODlhAQABAAAAACH5BAEKAAEALAAAAAABAAEAAAICTAEAOw==\" class=\"attachment-newsy_75x75 size-newsy_75x75 lazyload wp-post-image\" alt=\"Lavander\u00eda con mujer inmigrante lavando ropa, s\u00edmbolo de trabajo y adaptaci\u00f3n en el contexto migratorio.\" data-src=\"https:\/\/soymigrante.com\/revista\/wp-content\/uploads\/2024\/12\/depresion-lavar-ropa-4-scaled-e1735314901896-75x75.webp\" data-sizes=\"auto\" data-srcset=\"https:\/\/soymigrante.com\/revista\/wp-content\/uploads\/2024\/12\/depresion-lavar-ropa-4-scaled-e1735314901896-75x75.webp 75w, https:\/\/soymigrante.com\/revista\/wp-content\/uploads\/2024\/12\/depresion-lavar-ropa-4-scaled-e1735314901896-300x300.webp 300w, https:\/\/soymigrante.com\/revista\/wp-content\/uploads\/2024\/12\/depresion-lavar-ropa-4-scaled-e1735314901896-1024x1024.webp 1024w, https:\/\/soymigrante.com\/revista\/wp-content\/uploads\/2024\/12\/depresion-lavar-ropa-4-scaled-e1735314901896-150x150.webp 150w, https:\/\/soymigrante.com\/revista\/wp-content\/uploads\/2024\/12\/depresion-lavar-ropa-4-scaled-e1735314901896-768x768.webp 768w, https:\/\/soymigrante.com\/revista\/wp-content\/uploads\/2024\/12\/depresion-lavar-ropa-4-scaled-e1735314901896-750x750.webp 750w, https:\/\/soymigrante.com\/revista\/wp-content\/uploads\/2024\/12\/depresion-lavar-ropa-4-scaled-e1735314901896.webp 1140w\" data-expand=\"700\" \/><\/div><\/a><\/div>\t\t\t\t<\/div>\n\t\t\t\t<div class=\"ak-module-details\">\n\t\t\t\t\t<h3 class=\"ak-module-title\"><a href=\"https:\/\/soymigrante.com\/revista\/la-ropa-sucia-como-herramienta-de-salud-mental-reinventando-las-tareas-diarias\/\" rel=\"bookmark\" title=\"\u00bfLa ropa sucia como recurso de salud mental? Reinventa tus tareas diarias\">\u00bfLa ropa sucia como recurso de salud mental? Reinventa tus tareas diarias<\/a><\/h3><div class=\"ak-module-meta\"><div class=\"ak-module-time\"><a href=\"https:\/\/soymigrante.com\/revista\/la-ropa-sucia-como-herramienta-de-salud-mental-reinventando-las-tareas-diarias\/\" class=\"ak-module-meta-published\"><i class=\"ak-icon akfi-schedule\"><\/i>01\/03\/2026<\/a><\/div> <div class=\"ak-module-view-count\"><i class=\"ak-icon  fa fa-eye\"><\/i><span class=\"count\">62<\/span><\/div><\/div>\t\t\t\t<\/div>\n\t\t\t<\/div>\n\t\t<\/article>\n\t\t\t\t<article class=\"ak-module ak-module-1-small-square ak-column-module ak-module-excerpt-hide clearfix post-50875 post type-post status-publish format-standard has-post-thumbnail  category-bienestar category-salud-emocional tag-manual-gratuito-de-metas\">\n\t\t\t<div class=\"ak-module-inner clearfix\">\n\t\t\t\t<div class=\"ak-module-featured\">\n\t\t\t\t\t<div class=\"ak-featured-cover\"><a href=\"https:\/\/soymigrante.com\/revista\/manual-gratuito-de-metas-valora-y-suma-pequenos-pasos\/\" class=\"ak-featured-link\" rel=\"bookmark\" title=\"Manual gratuito de metas: Valor\u00e1 y sum\u00e1 peque\u00f1os pasos\"><div class=\"ak-featured-thumb lazy-thumb size-1000\" ><img loading=\"lazy\" decoding=\"async\" width=\"75\" height=\"75\" src=\"data:image\/gif;base64,R0lGODlhAQABAAAAACH5BAEKAAEALAAAAAABAAEAAAICTAEAOw==\" class=\"attachment-newsy_75x75 size-newsy_75x75 lazyload wp-post-image\" alt=\"manual de metas 2\" data-src=\"https:\/\/soymigrante.com\/revista\/wp-content\/uploads\/2026\/01\/manual-de-metas-2-75x75.png\" data-sizes=\"auto\" data-srcset=\"https:\/\/soymigrante.com\/revista\/wp-content\/uploads\/2026\/01\/manual-de-metas-2-75x75.png 75w, https:\/\/soymigrante.com\/revista\/wp-content\/uploads\/2026\/01\/manual-de-metas-2-300x296.png 300w, https:\/\/soymigrante.com\/revista\/wp-content\/uploads\/2026\/01\/manual-de-metas-2-150x150.png 150w, https:\/\/soymigrante.com\/revista\/wp-content\/uploads\/2026\/01\/manual-de-metas-2.png 579w\" data-expand=\"700\" \/><\/div><\/a><\/div>\t\t\t\t<\/div>\n\t\t\t\t<div class=\"ak-module-details\">\n\t\t\t\t\t<h3 class=\"ak-module-title\"><a href=\"https:\/\/soymigrante.com\/revista\/manual-gratuito-de-metas-valora-y-suma-pequenos-pasos\/\" rel=\"bookmark\" title=\"Manual gratuito de metas: Valor\u00e1 y sum\u00e1 peque\u00f1os pasos\">Manual gratuito de metas: Valor\u00e1 y sum\u00e1 peque\u00f1os pasos<\/a><\/h3><div class=\"ak-module-meta\"><div class=\"ak-module-time\"><a href=\"https:\/\/soymigrante.com\/revista\/manual-gratuito-de-metas-valora-y-suma-pequenos-pasos\/\" class=\"ak-module-meta-published\"><i class=\"ak-icon akfi-schedule\"><\/i>06\/02\/2026<\/a><\/div> <div class=\"ak-module-view-count\"><i class=\"ak-icon  fa fa-eye\"><\/i><span class=\"count\">114<\/span><\/div><\/div>\t\t\t\t<\/div>\n\t\t\t<\/div>\n\t\t<\/article>\n\t\t<\/div><div class=\"ak-pagination load_more clearfix\"><script>var ak_pagination_data_block_69f2d34c923e3_3 = {\"atts\":{\"title\":\"\",\"title_size\":\"\",\"title_line_height\":\"\",\"subtitle\":\"\",\"subtitle_size\":\"\",\"subtitle_line_height\":\"\",\"title_url\":\"\",\"title_url_text\":\"\",\"icon\":\"\",\"block_accent_color\":\"\",\"header_style\":\"style-10\",\"header_bg_color\":\"\",\"header_line_color\":\"\",\"header_title_color\":\"\",\"header_subtitle_color\":\"\",\"header_title_bg_color\":\"\",\"header_icon_color\":\"\",\"pagination\":\"load_more\",\"show_pagination_label\":\"\",\"infinity_break_count\":\"3\",\"tabs\":\"sub_cat_filter\",\"tabs_all_text\":\"TODO\",\"tabs_cat_filter\":\"\",\"tabs_tax_filter\":\"\",\"tabs_order_by_filter\":\"\",\"tabs_more_menu\":\"\",\"count\":6,\"offset\":\"\",\"post_type\":\"post\",\"post_status\":\"publish\",\"time_filter\":\"\",\"order_by\":\"latest\",\"post_format\":\"\",\"meta_query\":[],\"s\":\"\",\"author\":\"\",\"category\":\"55\",\"post\":\"\",\"taxonomy\":\"\",\"taxonomy_relation\":\"\",\"block_width\":1,\"block_id\":\"block_69f2d34c923e3_3\",\"block_extra_classes\":\"\",\"custom_enabled\":\"yes\",\"custom_parts\":{\"show_excerpt\":\"hide\",\"show_author_icon\":\"hide\",\"show_author\":\"hide\",\"show_comment_count\":\"hide\",\"show_share_count\":\"hide\",\"show_voting_count\":\"hide\",\"show_category\":\"hide\",\"show_format_icon\":\"hide\",\"show_badge_icon\":\"hide\"},\"wp_query\":false,\"numeric_items_style\":\"\",\"item_margin\":10,\"show_no_result\":true,\"view\":\"newsy_list_1_small_square\",\"query-main-term\":\"55\"},\"id\":\"block_69f2d34c923e3_3\",\"token\":\"7e104665fc1\"};<\/script><a href=\"#\" class=\"ak-pagination-btn\" data-action=\"next\" data-block-id=\"block_69f2d34c923e3_3\" title=\"Load More Posts\" rel=\"nofollow\"><span class=\"ak-pagination-btn-load-more\"><i class=\"fa fa-caret-down\" aria-hidden=\"true\"><\/i> <span class=\"txt\">Load More Posts<\/span><\/span><span class=\"ak-pagination-btn-loading\"><i class=\"fa fa-circle-o-notch fa-spin fa-fw\"><\/i> <span class=\"txt\">Loading...<\/span><\/span><span class=\"ak-pagination-btn-no-more\">No more posts.<\/span><\/a><\/div><\/div><\/div>\t\t\t\t<\/div>\n\t\t\t\t<\/div>\n\t\t\t\t\t<\/div>\n\t\t\t\t<\/div>\n\t\t<div data-particle_enable=\"false\" data-particle-mobile-disabled=\"false\" class=\"elementor-element elementor-element-3c16049 e-con-full elementor-hidden-mobile e-flex e-con e-parent\" data-id=\"3c16049\" data-element_type=\"container\" data-e-type=\"container\">\n\t\t\t\t<div class=\"elementor-element elementor-element-44c77d6 elementor-widget elementor-widget-newsy_block_14\" data-id=\"44c77d6\" data-element_type=\"widget\" data-e-type=\"widget\" data-widget_type=\"newsy_block_14.default\">\n\t\t\t\t<div class=\"elementor-widget-container\">\n\t\t\t\t\t<div class=\"ak-block ak-block-14 ak-block-column ak-masonry  ak-block-width-3 ak-pagination-container load_more clearfix\" id=\"block_69f2d34c923e3_7\"><div class=\"ak-block-header ak-block-header-style-15 no-title\"><div class=\"ak-block-tabs ak-menu-more-enabled\"><ul class=\"ak-menu ak-menu-wide\"><li class=\"menu-item\"><a href=\"#\" class=\"ak-tab-btn active\" data-tab-id=\"block_69f2d34c923e3_7\" data-filter=\"\" data-filter-value=\"\">TODO<\/a><\/li><li class=\"menu-item\"><a href=\"#\" class=\"ak-tab-btn term-266\" data-tab-id=\"tab_69f2d34c923e3_8\" data-filter=\"category\" data-filter-value=\"266\">En Familia<\/a><\/li><li class=\"menu-item\"><a href=\"#\" class=\"ak-tab-btn term-259\" data-tab-id=\"tab_69f2d34c923e3_9\" data-filter=\"category\" data-filter-value=\"259\">Salud Emocional<\/a><\/li><li class=\"menu-item\"><a href=\"#\" class=\"ak-tab-btn term-265\" data-tab-id=\"tab_69f2d34c923e3_10\" data-filter=\"category\" data-filter-value=\"265\">Salud F\u00edsica<\/a><\/li><\/ul><\/div><\/div><div class=\"ak-block-inner clearfix\"><div class=\"ak-block-posts clearfix\">\t\t<article class=\"ak-module ak-module-3 ak-column-module clearfix post-55287 post type-post status-publish format-standard has-post-thumbnail  category-bienestar tag-mercado-emprendedores\">\n\t\t\t<div class=\"ak-module-inner clearfix\">\n\t\t\t\t<div class=\"ak-module-grid-wrap\">\n\t\t\t\t\t<div class=\"ak-module-featured\">\n\t\t\t\t\t\t<div class=\"ak-module-badges\"><\/div><div class=\"ak-featured-cover\"><a href=\"https:\/\/soymigrante.com\/revista\/estrategias-para-fidelizar-clientes-pequenas-acciones-que-te-ayudaran-en-el-comercio-digital\/\" class=\"ak-featured-link\" rel=\"bookmark\" title=\"Estrategias para fidelizar clientes: peque\u00f1as acciones que te ayudar\u00e1n en el comercio digital\"><div class=\"ak-featured-thumb lazy-thumb size-715\" ><img loading=\"lazy\" decoding=\"async\" width=\"350\" height=\"250\" src=\"data:image\/gif;base64,R0lGODlhAQABAAAAACH5BAEKAAEALAAAAAABAAEAAAICTAEAOw==\" class=\"attachment-newsy_350x250 size-newsy_350x250 lazyload wp-post-image\" alt=\"Woman in a colorful patterned dress unpacks a gift box with a tied paper wrapping and a handwritten note reading &#039;\u00a1Gracias por apoyar mi sue\u00f1o!&#039; in a craft shop with shelves and plants behind her.\" data-src=\"https:\/\/soymigrante.com\/revista\/wp-content\/uploads\/2026\/04\/vendedora-soymigrantecom-emprendimiento-emprendedora-comercio-digital-350x250.png\" data-sizes=\"auto\" data-srcset=\"https:\/\/soymigrante.com\/revista\/wp-content\/uploads\/2026\/04\/vendedora-soymigrantecom-emprendimiento-emprendedora-comercio-digital-350x250.png 350w, https:\/\/soymigrante.com\/revista\/wp-content\/uploads\/2026\/04\/vendedora-soymigrantecom-emprendimiento-emprendedora-comercio-digital-120x86.png 120w, https:\/\/soymigrante.com\/revista\/wp-content\/uploads\/2026\/04\/vendedora-soymigrantecom-emprendimiento-emprendedora-comercio-digital-750x536.png 750w\" data-expand=\"700\" \/><\/div><\/a><\/div>\t\t\t\t\t<\/div>\n\t\t\t\t\t<div class=\"ak-module-details\">\n\t\t\t\t\t\t<h3 class=\"ak-module-title\"><a href=\"https:\/\/soymigrante.com\/revista\/estrategias-para-fidelizar-clientes-pequenas-acciones-que-te-ayudaran-en-el-comercio-digital\/\" rel=\"bookmark\" title=\"Estrategias para fidelizar clientes: peque\u00f1as acciones que te ayudar\u00e1n en el comercio digital\">Estrategias para fidelizar clientes: peque\u00f1as acciones que te ayudar\u00e1n en el comercio digital<\/a><\/h3><div class=\"ak-module-meta\"><div class=\"ak-module-time\"><a href=\"https:\/\/soymigrante.com\/revista\/estrategias-para-fidelizar-clientes-pequenas-acciones-que-te-ayudaran-en-el-comercio-digital\/\" class=\"ak-module-meta-published\"><i class=\"ak-icon akfi-schedule\"><\/i>21\/04\/2026<\/a><\/div><\/div>\t\t\t\t\t<\/div>\n\t\t\t\t<\/div>\n\t\t\t<\/div>\n\t\t<\/article>\n\t\t\t\t<article class=\"ak-module ak-module-2-tall ak-column-module clearfix post-54894 post type-post status-publish format-standard has-post-thumbnail  category-en-familia\">\n\t\t\t<div class=\"ak-module-inner clearfix\">\n\t\t\t\t<div class=\"ak-module-featured\">\n\t\t\t\t\t<div class=\"ak-module-badges\"><\/div><div class=\"ak-featured-cover\"><a href=\"https:\/\/soymigrante.com\/revista\/violencia-intrafamiliar-domestica-se-debe-reconocer-y-denunciar-donde-obtener-ayuda-en-estados-unidos\/\" class=\"ak-featured-link\" rel=\"bookmark\" title=\"Violencia intrafamiliar se debe reconocer,  denunciar y frenar \u00bfD\u00f3nde obtener ayuda en Estados Unidos?\"><div class=\"ak-featured-thumb lazy-thumb size-1400\" ><img loading=\"lazy\" decoding=\"async\" width=\"360\" height=\"504\" src=\"data:image\/gif;base64,R0lGODlhAQABAAAAACH5BAEKAAEALAAAAAABAAEAAAICTAEAOw==\" class=\"attachment-newsy_360x504 size-newsy_360x504 lazyload wp-post-image\" alt=\"alto a la violencia dom\u00e9stica contra la mujer en estados unidos freno a violencia intrafamiliar\" data-src=\"https:\/\/soymigrante.com\/revista\/wp-content\/uploads\/2026\/04\/frenar-violencia-domestica-estados-unidos-360x504.png\" data-sizes=\"auto\" data-srcset=\"\" data-expand=\"700\" \/><\/div><\/a><\/div><div class=\"ak-module-featured-meta\"><\/div>\t\t\t\t<\/div>\n\t\t\t\t<div class=\"ak-module-details\">\n\t\t\t\t\t<h3 class=\"ak-module-title\"><a href=\"https:\/\/soymigrante.com\/revista\/violencia-intrafamiliar-domestica-se-debe-reconocer-y-denunciar-donde-obtener-ayuda-en-estados-unidos\/\" rel=\"bookmark\" title=\"Violencia intrafamiliar se debe reconocer,  denunciar y frenar \u00bfD\u00f3nde obtener ayuda en Estados Unidos?\">Violencia intrafamiliar se debe reconocer,  denunciar y frenar \u00bfD\u00f3nde obtener ayuda en Estados Unidos?<\/a><\/h3><div class=\"ak-module-meta\"><div class=\"ak-module-time\"><a href=\"https:\/\/soymigrante.com\/revista\/violencia-intrafamiliar-domestica-se-debe-reconocer-y-denunciar-donde-obtener-ayuda-en-estados-unidos\/\" class=\"ak-module-meta-published\"><i class=\"ak-icon akfi-schedule\"><\/i>13\/04\/2026<\/a><\/div><\/div><div class=\"ak-module-summary\"><p>Tragedia en Tulsa, Oklahoma, en la que una migrante guatemalteca muri\u00f3 agredida&hellip;<\/p><\/div>\t\t\t\t<\/div>\n\t\t\t<\/div>\n\t\t<\/article>\n\t\t\t\t<article class=\"ak-module ak-module-3 ak-column-module clearfix post-54092 post type-post status-publish format-standard has-post-thumbnail  category-salud-emocional\">\n\t\t\t<div class=\"ak-module-inner clearfix\">\n\t\t\t\t<div class=\"ak-module-grid-wrap\">\n\t\t\t\t\t<div class=\"ak-module-featured\">\n\t\t\t\t\t\t<div class=\"ak-module-badges\"><\/div><div class=\"ak-featured-cover\"><a href=\"https:\/\/soymigrante.com\/revista\/claves-sobre-primeros-auxilios-psicologicos-para-ayudar-a-alguien-agobiado-por-dolor-miedo-o-angustia\/\" class=\"ak-featured-link\" rel=\"bookmark\" title=\"Claves sobre Primeros Auxilios Psicol\u00f3gicos para ayudar a alguien agobiado por dolor, miedo o angustia\"><div class=\"ak-featured-thumb lazy-thumb size-715\" ><img loading=\"lazy\" decoding=\"async\" width=\"350\" height=\"250\" src=\"data:image\/gif;base64,R0lGODlhAQABAAAAACH5BAEKAAEALAAAAAABAAEAAAICTAEAOw==\" class=\"attachment-newsy_350x250 size-newsy_350x250 lazyload wp-post-image\" alt=\"primeros auxilios emocionales\" data-src=\"https:\/\/soymigrante.com\/revista\/wp-content\/uploads\/2026\/04\/primeros-auxilios-emocionales-350x250.png\" data-sizes=\"auto\" data-srcset=\"https:\/\/soymigrante.com\/revista\/wp-content\/uploads\/2026\/04\/primeros-auxilios-emocionales-350x250.png 350w, https:\/\/soymigrante.com\/revista\/wp-content\/uploads\/2026\/04\/primeros-auxilios-emocionales-120x86.png 120w, https:\/\/soymigrante.com\/revista\/wp-content\/uploads\/2026\/04\/primeros-auxilios-emocionales-750x536.png 750w\" data-expand=\"700\" \/><\/div><\/a><\/div>\t\t\t\t\t<\/div>\n\t\t\t\t\t<div class=\"ak-module-details\">\n\t\t\t\t\t\t<h3 class=\"ak-module-title\"><a href=\"https:\/\/soymigrante.com\/revista\/claves-sobre-primeros-auxilios-psicologicos-para-ayudar-a-alguien-agobiado-por-dolor-miedo-o-angustia\/\" rel=\"bookmark\" title=\"Claves sobre Primeros Auxilios Psicol\u00f3gicos para ayudar a alguien agobiado por dolor, miedo o angustia\">Claves sobre Primeros Auxilios Psicol\u00f3gicos para ayudar a alguien agobiado por dolor, miedo o angustia<\/a><\/h3><div class=\"ak-module-meta\"><div class=\"ak-module-time\"><a href=\"https:\/\/soymigrante.com\/revista\/claves-sobre-primeros-auxilios-psicologicos-para-ayudar-a-alguien-agobiado-por-dolor-miedo-o-angustia\/\" class=\"ak-module-meta-published\"><i class=\"ak-icon akfi-schedule\"><\/i>07\/04\/2026<\/a><\/div><\/div>\t\t\t\t\t<\/div>\n\t\t\t\t<\/div>\n\t\t\t<\/div>\n\t\t<\/article>\n\t\t\t\t<article class=\"ak-module ak-module-2-tall ak-column-module clearfix post-53500 post type-post status-publish format-standard has-post-thumbnail  category-bienestar\">\n\t\t\t<div class=\"ak-module-inner clearfix\">\n\t\t\t\t<div class=\"ak-module-featured\">\n\t\t\t\t\t<div class=\"ak-module-badges\"><\/div><div class=\"ak-featured-cover\"><a href=\"https:\/\/soymigrante.com\/revista\/horario-de-verano-2026-en-usa-cuando-comenzo-y-hasta-cuando-dura\/\" class=\"ak-featured-link\" rel=\"bookmark\" title=\"Horario de verano 2026 en USA: \u00bfCu\u00e1ndo comenz\u00f3 y hasta cuando dura?\"><div class=\"ak-featured-thumb lazy-thumb size-1400\" ><img loading=\"lazy\" decoding=\"async\" width=\"360\" height=\"504\" src=\"data:image\/gif;base64,R0lGODlhAQABAAAAACH5BAEKAAEALAAAAAABAAEAAAICTAEAOw==\" class=\"attachment-newsy_360x504 size-newsy_360x504 lazyload wp-post-image\" alt=\"horario de verano estados unidos 2\" data-src=\"https:\/\/soymigrante.com\/revista\/wp-content\/uploads\/2026\/03\/horario-de-verano-estados-unidos-2-360x504.png\" data-sizes=\"auto\" data-srcset=\"\" data-expand=\"700\" \/><\/div><\/a><\/div><div class=\"ak-module-featured-meta\"><\/div>\t\t\t\t<\/div>\n\t\t\t\t<div class=\"ak-module-details\">\n\t\t\t\t\t<h3 class=\"ak-module-title\"><a href=\"https:\/\/soymigrante.com\/revista\/horario-de-verano-2026-en-usa-cuando-comenzo-y-hasta-cuando-dura\/\" rel=\"bookmark\" title=\"Horario de verano 2026 en USA: \u00bfCu\u00e1ndo comenz\u00f3 y hasta cuando dura?\">Horario de verano 2026 en USA: \u00bfCu\u00e1ndo comenz\u00f3 y hasta cuando dura?<\/a><\/h3><div class=\"ak-module-meta\"><div class=\"ak-module-time\"><a href=\"https:\/\/soymigrante.com\/revista\/horario-de-verano-2026-en-usa-cuando-comenzo-y-hasta-cuando-dura\/\" class=\"ak-module-meta-published\"><i class=\"ak-icon akfi-schedule\"><\/i>10\/03\/2026<\/a><\/div><\/div><div class=\"ak-module-summary\"><p>El horario de verano en Estados Unidos es un cambio semestral para aprovechar&hellip;<\/p><\/div>\t\t\t\t<\/div>\n\t\t\t<\/div>\n\t\t<\/article>\n\t\t\t\t<article class=\"ak-module ak-module-3 ak-column-module clearfix post-18209 post type-post status-publish format-standard has-post-thumbnail  category-bienestar\">\n\t\t\t<div class=\"ak-module-inner clearfix\">\n\t\t\t\t<div class=\"ak-module-grid-wrap\">\n\t\t\t\t\t<div class=\"ak-module-featured\">\n\t\t\t\t\t\t<div class=\"ak-module-badges\"><\/div><div class=\"ak-featured-cover\"><a href=\"https:\/\/soymigrante.com\/revista\/la-ropa-sucia-como-herramienta-de-salud-mental-reinventando-las-tareas-diarias\/\" class=\"ak-featured-link\" rel=\"bookmark\" title=\"\u00bfLa ropa sucia como recurso de salud mental? Reinventa tus tareas diarias\"><div class=\"ak-featured-thumb lazy-thumb size-715\" ><img loading=\"lazy\" decoding=\"async\" width=\"350\" height=\"250\" src=\"data:image\/gif;base64,R0lGODlhAQABAAAAACH5BAEKAAEALAAAAAABAAEAAAICTAEAOw==\" class=\"attachment-newsy_350x250 size-newsy_350x250 lazyload wp-post-image\" alt=\"Lavander\u00eda con mujer inmigrante lavando ropa, s\u00edmbolo de trabajo y adaptaci\u00f3n en el contexto migratorio.\" data-src=\"https:\/\/soymigrante.com\/revista\/wp-content\/uploads\/2024\/12\/depresion-lavar-ropa-4-scaled-e1735314901896-350x250.webp\" data-sizes=\"auto\" data-srcset=\"https:\/\/soymigrante.com\/revista\/wp-content\/uploads\/2024\/12\/depresion-lavar-ropa-4-scaled-e1735314901896-350x250.webp 350w, https:\/\/soymigrante.com\/revista\/wp-content\/uploads\/2024\/12\/depresion-lavar-ropa-4-scaled-e1735314901896-120x86.webp 120w, https:\/\/soymigrante.com\/revista\/wp-content\/uploads\/2024\/12\/depresion-lavar-ropa-4-scaled-e1735314901896-750x536.webp 750w\" data-expand=\"700\" \/><\/div><\/a><\/div>\t\t\t\t\t<\/div>\n\t\t\t\t\t<div class=\"ak-module-details\">\n\t\t\t\t\t\t<h3 class=\"ak-module-title\"><a href=\"https:\/\/soymigrante.com\/revista\/la-ropa-sucia-como-herramienta-de-salud-mental-reinventando-las-tareas-diarias\/\" rel=\"bookmark\" title=\"\u00bfLa ropa sucia como recurso de salud mental? Reinventa tus tareas diarias\">\u00bfLa ropa sucia como recurso de salud mental? Reinventa tus tareas diarias<\/a><\/h3><div class=\"ak-module-meta\"><div class=\"ak-module-time\"><a href=\"https:\/\/soymigrante.com\/revista\/la-ropa-sucia-como-herramienta-de-salud-mental-reinventando-las-tareas-diarias\/\" class=\"ak-module-meta-published\"><i class=\"ak-icon akfi-schedule\"><\/i>01\/03\/2026<\/a><\/div><\/div>\t\t\t\t\t<\/div>\n\t\t\t\t<\/div>\n\t\t\t<\/div>\n\t\t<\/article>\n\t\t\t\t<article class=\"ak-module ak-module-2-tall ak-column-module clearfix post-50875 post type-post status-publish format-standard has-post-thumbnail  category-bienestar category-salud-emocional tag-manual-gratuito-de-metas\">\n\t\t\t<div class=\"ak-module-inner clearfix\">\n\t\t\t\t<div class=\"ak-module-featured\">\n\t\t\t\t\t<div class=\"ak-module-badges\"><\/div><div class=\"ak-featured-cover\"><a href=\"https:\/\/soymigrante.com\/revista\/manual-gratuito-de-metas-valora-y-suma-pequenos-pasos\/\" class=\"ak-featured-link\" rel=\"bookmark\" title=\"Manual gratuito de metas: Valor\u00e1 y sum\u00e1 peque\u00f1os pasos\"><div class=\"ak-featured-thumb lazy-thumb size-1400\" ><img loading=\"lazy\" decoding=\"async\" width=\"360\" height=\"504\" src=\"data:image\/gif;base64,R0lGODlhAQABAAAAACH5BAEKAAEALAAAAAABAAEAAAICTAEAOw==\" class=\"attachment-newsy_360x504 size-newsy_360x504 lazyload wp-post-image\" alt=\"manual de metas 2\" data-src=\"https:\/\/soymigrante.com\/revista\/wp-content\/uploads\/2026\/01\/manual-de-metas-2-360x504.png\" data-sizes=\"auto\" data-srcset=\"\" data-expand=\"700\" \/><\/div><\/a><\/div><div class=\"ak-module-featured-meta\"><\/div>\t\t\t\t<\/div>\n\t\t\t\t<div class=\"ak-module-details\">\n\t\t\t\t\t<h3 class=\"ak-module-title\"><a href=\"https:\/\/soymigrante.com\/revista\/manual-gratuito-de-metas-valora-y-suma-pequenos-pasos\/\" rel=\"bookmark\" title=\"Manual gratuito de metas: Valor\u00e1 y sum\u00e1 peque\u00f1os pasos\">Manual gratuito de metas: Valor\u00e1 y sum\u00e1 peque\u00f1os pasos<\/a><\/h3><div class=\"ak-module-meta\"><div class=\"ak-module-time\"><a href=\"https:\/\/soymigrante.com\/revista\/manual-gratuito-de-metas-valora-y-suma-pequenos-pasos\/\" class=\"ak-module-meta-published\"><i class=\"ak-icon akfi-schedule\"><\/i>06\/02\/2026<\/a><\/div><\/div><div class=\"ak-module-summary\"><p>Los grandes objetivos son excelentes. Un gran sue\u00f1o es inspirador. Pero en el&hellip;<\/p><\/div>\t\t\t\t<\/div>\n\t\t\t<\/div>\n\t\t<\/article>\n\t\t\t\t<article class=\"ak-module ak-module-3 ak-column-module clearfix post-31810 post type-post status-publish format-standard has-post-thumbnail  category-bienestar tag-superacion\">\n\t\t\t<div class=\"ak-module-inner clearfix\">\n\t\t\t\t<div class=\"ak-module-grid-wrap\">\n\t\t\t\t\t<div class=\"ak-module-featured\">\n\t\t\t\t\t\t<div class=\"ak-module-badges\"><\/div><div class=\"ak-featured-cover\"><a href=\"https:\/\/soymigrante.com\/revista\/trato-cordial-con-responsabilidad-la-formula-para-el-liderazgo-efectivo\/\" class=\"ak-featured-link\" rel=\"bookmark\" title=\"Trato cordial con claridad de metas:  f\u00f3rmula infalible para ejercer un liderazgo m\u00e1s efectivo \u00a1Int\u00e9ntalo!\"><div class=\"ak-featured-thumb lazy-thumb size-715\" ><img loading=\"lazy\" decoding=\"async\" width=\"350\" height=\"250\" src=\"data:image\/gif;base64,R0lGODlhAQABAAAAACH5BAEKAAEALAAAAAABAAEAAAICTAEAOw==\" class=\"attachment-newsy_350x250 size-newsy_350x250 lazyload wp-post-image\" alt=\"Innovadora ilustraci\u00f3n digital de una planta industrial con trabajadores y tecnolog\u00eda avanzada, resaltando la modernizaci\u00f3n y el trabajo en ingenier\u00eda y manufactura para potenciar el contenido de SoyMigrante.com REVISTA.\" data-src=\"https:\/\/soymigrante.com\/revista\/wp-content\/uploads\/2025\/05\/trato-cordial-en-el-trabajo-superacion-crecimiento-350x250.jpg\" data-sizes=\"auto\" data-srcset=\"https:\/\/soymigrante.com\/revista\/wp-content\/uploads\/2025\/05\/trato-cordial-en-el-trabajo-superacion-crecimiento-350x250.jpg 350w, https:\/\/soymigrante.com\/revista\/wp-content\/uploads\/2025\/05\/trato-cordial-en-el-trabajo-superacion-crecimiento-120x86.jpg 120w, https:\/\/soymigrante.com\/revista\/wp-content\/uploads\/2025\/05\/trato-cordial-en-el-trabajo-superacion-crecimiento-750x536.jpg 750w\" data-expand=\"700\" \/><\/div><\/a><\/div>\t\t\t\t\t<\/div>\n\t\t\t\t\t<div class=\"ak-module-details\">\n\t\t\t\t\t\t<h3 class=\"ak-module-title\"><a href=\"https:\/\/soymigrante.com\/revista\/trato-cordial-con-responsabilidad-la-formula-para-el-liderazgo-efectivo\/\" rel=\"bookmark\" title=\"Trato cordial con claridad de metas:  f\u00f3rmula infalible para ejercer un liderazgo m\u00e1s efectivo \u00a1Int\u00e9ntalo!\">Trato cordial con claridad de metas:  f\u00f3rmula infalible para ejercer un liderazgo m\u00e1s efectivo \u00a1Int\u00e9ntalo!<\/a><\/h3><div class=\"ak-module-meta\"><div class=\"ak-module-time\"><a href=\"https:\/\/soymigrante.com\/revista\/trato-cordial-con-responsabilidad-la-formula-para-el-liderazgo-efectivo\/\" class=\"ak-module-meta-published\"><i class=\"ak-icon akfi-schedule\"><\/i>04\/02\/2026<\/a><\/div><\/div>\t\t\t\t\t<\/div>\n\t\t\t\t<\/div>\n\t\t\t<\/div>\n\t\t<\/article>\n\t\t\t\t<article class=\"ak-module ak-module-2-tall ak-column-module clearfix post-24888 post type-post status-publish format-standard has-post-thumbnail  category-bienestar\">\n\t\t\t<div class=\"ak-module-inner clearfix\">\n\t\t\t\t<div class=\"ak-module-featured\">\n\t\t\t\t\t<div class=\"ak-module-badges\"><\/div><div class=\"ak-featured-cover\"><a href=\"https:\/\/soymigrante.com\/revista\/que-regalar-el-dia-de-san-valentin-es-una-buena-pregunta-en-mercado-hay-respuestas-originales\/\" class=\"ak-featured-link\" rel=\"bookmark\" title=\"Detr\u00e1s de un gran obsequio siempre hay una gran historia: adquiere productos guatemaltecos llenos de  calidad y significado\"><div class=\"ak-featured-thumb lazy-thumb size-1400\" ><img loading=\"lazy\" decoding=\"async\" width=\"360\" height=\"504\" src=\"data:image\/gif;base64,R0lGODlhAQABAAAAACH5BAEKAAEALAAAAAABAAEAAAICTAEAOw==\" class=\"attachment-newsy_360x504 size-newsy_360x504 lazyload wp-post-image\" alt=\"Diversidad cultural en celebraci\u00f3n, figura de mu\u00f1ecos de pareja con trajes tradicionales, representaci\u00f3n art\u00edstica de migrantes en la Revista SoyMigrante, enfatizando la integraci\u00f3n y cultura latinoamericana.\" data-src=\"https:\/\/soymigrante.com\/revista\/wp-content\/uploads\/2024\/12\/munecas-emprendimiento-2-360x504.webp\" data-sizes=\"auto\" data-srcset=\"\" data-expand=\"700\" \/><\/div><\/a><\/div><div class=\"ak-module-featured-meta\"><\/div>\t\t\t\t<\/div>\n\t\t\t\t<div class=\"ak-module-details\">\n\t\t\t\t\t<h3 class=\"ak-module-title\"><a href=\"https:\/\/soymigrante.com\/revista\/que-regalar-el-dia-de-san-valentin-es-una-buena-pregunta-en-mercado-hay-respuestas-originales\/\" rel=\"bookmark\" title=\"Detr\u00e1s de un gran obsequio siempre hay una gran historia: adquiere productos guatemaltecos llenos de  calidad y significado\">Detr\u00e1s de un gran obsequio siempre hay una gran historia: adquiere productos guatemaltecos llenos de  calidad y significado<\/a><\/h3><div class=\"ak-module-meta\"><div class=\"ak-module-time\"><a href=\"https:\/\/soymigrante.com\/revista\/que-regalar-el-dia-de-san-valentin-es-una-buena-pregunta-en-mercado-hay-respuestas-originales\/\" class=\"ak-module-meta-published\"><i class=\"ak-icon akfi-schedule\"><\/i>01\/02\/2026<\/a><\/div><\/div><div class=\"ak-module-summary\"><p>A menudo se necesita un obsequio original y muy guatemalteco para algun&hellip;<\/p><\/div>\t\t\t\t<\/div>\n\t\t\t<\/div>\n\t\t<\/article>\n\t\t\t\t<article class=\"ak-module ak-module-3 ak-column-module clearfix post-51646 post type-post status-publish format-standard has-post-thumbnail  category-bienestar\">\n\t\t\t<div class=\"ak-module-inner clearfix\">\n\t\t\t\t<div class=\"ak-module-grid-wrap\">\n\t\t\t\t\t<div class=\"ak-module-featured\">\n\t\t\t\t\t\t<div class=\"ak-module-badges\"><\/div><div class=\"ak-featured-cover\"><a href=\"https:\/\/soymigrante.com\/revista\/piramide-nutricional-sugerencia-chef-guatemalteca-amalia-moreno-damgaard-minesota\/\" class=\"ak-featured-link\" rel=\"bookmark\" title=\"Chef guatemalteca Amalia Moreno-Damgaard, en Minesota, comparte su concepto de pir\u00e1mide nutricional\"><div class=\"ak-featured-thumb lazy-thumb size-715\" ><img loading=\"lazy\" decoding=\"async\" width=\"350\" height=\"250\" src=\"data:image\/gif;base64,R0lGODlhAQABAAAAACH5BAEKAAEALAAAAAABAAEAAAICTAEAOw==\" class=\"attachment-newsy_350x250 size-newsy_350x250 lazyload wp-post-image\" alt=\"amalia moreno chef guatemalteca piramide alimenticia sugerida\" data-src=\"https:\/\/soymigrante.com\/revista\/wp-content\/uploads\/2026\/01\/amalia-moreno-chef-guatemalteca-piramide-alimenticia-sugerida-350x250.png\" data-sizes=\"auto\" data-srcset=\"https:\/\/soymigrante.com\/revista\/wp-content\/uploads\/2026\/01\/amalia-moreno-chef-guatemalteca-piramide-alimenticia-sugerida-350x250.png 350w, https:\/\/soymigrante.com\/revista\/wp-content\/uploads\/2026\/01\/amalia-moreno-chef-guatemalteca-piramide-alimenticia-sugerida-120x86.png 120w\" data-expand=\"700\" \/><\/div><\/a><\/div>\t\t\t\t\t<\/div>\n\t\t\t\t\t<div class=\"ak-module-details\">\n\t\t\t\t\t\t<h3 class=\"ak-module-title\"><a href=\"https:\/\/soymigrante.com\/revista\/piramide-nutricional-sugerencia-chef-guatemalteca-amalia-moreno-damgaard-minesota\/\" rel=\"bookmark\" title=\"Chef guatemalteca Amalia Moreno-Damgaard, en Minesota, comparte su concepto de pir\u00e1mide nutricional\">Chef guatemalteca Amalia Moreno-Damgaard, en Minesota, comparte su concepto de pir\u00e1mide nutricional<\/a><\/h3><div class=\"ak-module-meta\"><div class=\"ak-module-time\"><a href=\"https:\/\/soymigrante.com\/revista\/piramide-nutricional-sugerencia-chef-guatemalteca-amalia-moreno-damgaard-minesota\/\" class=\"ak-module-meta-published\"><i class=\"ak-icon akfi-schedule\"><\/i>29\/01\/2026<\/a><\/div><\/div>\t\t\t\t\t<\/div>\n\t\t\t\t<\/div>\n\t\t\t<\/div>\n\t\t<\/article>\n\t\t\t\t<article class=\"ak-module ak-module-2-tall ak-column-module clearfix post-4773 post type-post status-publish format-standard has-post-thumbnail  category-bienestar\">\n\t\t\t<div class=\"ak-module-inner clearfix\">\n\t\t\t\t<div class=\"ak-module-featured\">\n\t\t\t\t\t<div class=\"ak-module-badges\"><\/div><div class=\"ak-featured-cover\"><a href=\"https:\/\/soymigrante.com\/revista\/consejos-migrantes-gente-positiva-informarse-declarar-impuestos-correctamente\/\" class=\"ak-featured-link\" rel=\"bookmark\" title=\"Temporada de declaraci\u00f3n de impuestos en USA: inf\u00f3rmate con personas capacitadas, positivas y acreditadas\"><div class=\"ak-featured-thumb lazy-thumb size-1400\" ><img loading=\"lazy\" decoding=\"async\" width=\"360\" height=\"504\" src=\"data:image\/gif;base64,R0lGODlhAQABAAAAACH5BAEKAAEALAAAAAABAAEAAAICTAEAOw==\" class=\"attachment-newsy_360x504 size-newsy_360x504 lazyload wp-post-image\" alt=\"Innovadores perfiles profesionales en un ambiente de oficina colorido, resaltando temas de migraci\u00f3n, diversidad laboral y trabajo en equipo.\" data-src=\"https:\/\/soymigrante.com\/revista\/wp-content\/uploads\/2024\/02\/Claves-migrantes-360x504.webp\" data-sizes=\"auto\" data-srcset=\"\" data-expand=\"700\" \/><\/div><\/a><\/div><div class=\"ak-module-featured-meta\"><\/div>\t\t\t\t<\/div>\n\t\t\t\t<div class=\"ak-module-details\">\n\t\t\t\t\t<h3 class=\"ak-module-title\"><a href=\"https:\/\/soymigrante.com\/revista\/consejos-migrantes-gente-positiva-informarse-declarar-impuestos-correctamente\/\" rel=\"bookmark\" title=\"Temporada de declaraci\u00f3n de impuestos en USA: inf\u00f3rmate con personas capacitadas, positivas y acreditadas\">Temporada de declaraci\u00f3n de impuestos en USA: inf\u00f3rmate con personas capacitadas, positivas y acreditadas<\/a><\/h3><div class=\"ak-module-meta\"><div class=\"ak-module-time\"><a href=\"https:\/\/soymigrante.com\/revista\/consejos-migrantes-gente-positiva-informarse-declarar-impuestos-correctamente\/\" class=\"ak-module-meta-published\"><i class=\"ak-icon akfi-schedule\"><\/i>27\/01\/2026<\/a><\/div><\/div><div class=\"ak-module-summary\"><p>A veces pedimos consejo migratorio o fiscal a quien no sabe y a menudo solo&hellip;<\/p><\/div>\t\t\t\t<\/div>\n\t\t\t<\/div>\n\t\t<\/article>\n\t\t\t\t<article class=\"ak-module ak-module-3 ak-column-module clearfix post-51426 post type-post status-publish format-standard has-post-thumbnail  category-bienestar category-salud-fisica\">\n\t\t\t<div class=\"ak-module-inner clearfix\">\n\t\t\t\t<div class=\"ak-module-grid-wrap\">\n\t\t\t\t\t<div class=\"ak-module-featured\">\n\t\t\t\t\t\t<div class=\"ak-module-badges\"><\/div><div class=\"ak-featured-cover\"><a href=\"https:\/\/soymigrante.com\/revista\/10-consejos-de-comida-saludable-para-cuidar-tu-salud-intestinal-quiza-ya-los-conocias-o-tal-vez-los-necesitas\/\" class=\"ak-featured-link\" rel=\"bookmark\" title=\"10 claves para comer saludable y cuidar tu salud intestinal (quiz\u00e1 ya los conoc\u00edas o tal vez los necesitas)\"><div class=\"ak-featured-thumb lazy-thumb size-715\" ><img loading=\"lazy\" decoding=\"async\" width=\"350\" height=\"250\" src=\"data:image\/gif;base64,R0lGODlhAQABAAAAACH5BAEKAAEALAAAAAABAAEAAAICTAEAOw==\" class=\"attachment-newsy_350x250 size-newsy_350x250 lazyload wp-post-image\" alt=\"comida saludable consejos\" data-src=\"https:\/\/soymigrante.com\/revista\/wp-content\/uploads\/2026\/01\/comida-saludable-consejos-350x250.png\" data-sizes=\"auto\" data-srcset=\"https:\/\/soymigrante.com\/revista\/wp-content\/uploads\/2026\/01\/comida-saludable-consejos-350x250.png 350w, https:\/\/soymigrante.com\/revista\/wp-content\/uploads\/2026\/01\/comida-saludable-consejos-120x86.png 120w, https:\/\/soymigrante.com\/revista\/wp-content\/uploads\/2026\/01\/comida-saludable-consejos-750x536.png 750w\" data-expand=\"700\" \/><\/div><\/a><\/div>\t\t\t\t\t<\/div>\n\t\t\t\t\t<div class=\"ak-module-details\">\n\t\t\t\t\t\t<h3 class=\"ak-module-title\"><a href=\"https:\/\/soymigrante.com\/revista\/10-consejos-de-comida-saludable-para-cuidar-tu-salud-intestinal-quiza-ya-los-conocias-o-tal-vez-los-necesitas\/\" rel=\"bookmark\" title=\"10 claves para comer saludable y cuidar tu salud intestinal (quiz\u00e1 ya los conoc\u00edas o tal vez los necesitas)\">10 claves para comer saludable y cuidar tu salud intestinal (quiz\u00e1 ya los conoc\u00edas o tal vez los necesitas)<\/a><\/h3><div class=\"ak-module-meta\"><div class=\"ak-module-time\"><a href=\"https:\/\/soymigrante.com\/revista\/10-consejos-de-comida-saludable-para-cuidar-tu-salud-intestinal-quiza-ya-los-conocias-o-tal-vez-los-necesitas\/\" class=\"ak-module-meta-published\"><i class=\"ak-icon akfi-schedule\"><\/i>23\/01\/2026<\/a><\/div><\/div>\t\t\t\t\t<\/div>\n\t\t\t\t<\/div>\n\t\t\t<\/div>\n\t\t<\/article>\n\t\t\t\t<article class=\"ak-module ak-module-2-tall ak-column-module clearfix post-17770 post type-post status-publish format-standard has-post-thumbnail  category-bienestar\">\n\t\t\t<div class=\"ak-module-inner clearfix\">\n\t\t\t\t<div class=\"ak-module-featured\">\n\t\t\t\t\t<div class=\"ak-module-badges\"><\/div><div class=\"ak-featured-cover\"><a href=\"https:\/\/soymigrante.com\/revista\/parece-obvio-pero-hay-que-saber-protegerse-del-frio-algunas-claves\/\" class=\"ak-featured-link\" rel=\"bookmark\" title=\"Saber protegerse contra el fr\u00edo parece obvio, pero he aqu\u00ed algunas claves que podr\u00edan ayudar\"><div class=\"ak-featured-thumb lazy-thumb size-1400\" ><img loading=\"lazy\" decoding=\"async\" width=\"360\" height=\"504\" src=\"data:image\/gif;base64,R0lGODlhAQABAAAAACH5BAEKAAEALAAAAAABAAEAAAICTAEAOw==\" class=\"attachment-newsy_360x504 size-newsy_360x504 lazyload wp-post-image\" alt=\"Pelea de la ni\u00f1a con bufanda y gorro de invierno, sobre fondo de nieve, en clima fr\u00edo, transporte internacional, comunidad migrante, vida en el extranjero, historias de migrantes, revisa la revista SoyMigrante.com REVISTA.\" data-src=\"https:\/\/soymigrante.com\/revista\/wp-content\/uploads\/2024\/12\/Como-protegerte-del-frio-y-mantenerte-saludable2-360x504.webp\" data-sizes=\"auto\" data-srcset=\"\" data-expand=\"700\" \/><\/div><\/a><\/div><div class=\"ak-module-featured-meta\"><\/div>\t\t\t\t<\/div>\n\t\t\t\t<div class=\"ak-module-details\">\n\t\t\t\t\t<h3 class=\"ak-module-title\"><a href=\"https:\/\/soymigrante.com\/revista\/parece-obvio-pero-hay-que-saber-protegerse-del-frio-algunas-claves\/\" rel=\"bookmark\" title=\"Saber protegerse contra el fr\u00edo parece obvio, pero he aqu\u00ed algunas claves que podr\u00edan ayudar\">Saber protegerse contra el fr\u00edo parece obvio, pero he aqu\u00ed algunas claves que podr\u00edan ayudar<\/a><\/h3><div class=\"ak-module-meta\"><div class=\"ak-module-time\"><a href=\"https:\/\/soymigrante.com\/revista\/parece-obvio-pero-hay-que-saber-protegerse-del-frio-algunas-claves\/\" class=\"ak-module-meta-published\"><i class=\"ak-icon akfi-schedule\"><\/i>21\/01\/2026<\/a><\/div><\/div><div class=\"ak-module-summary\"><p>Cuidarte del fr\u00edo no solo te protege de enfermedades, sino que tambi\u00e9n te&hellip;<\/p><\/div>\t\t\t\t<\/div>\n\t\t\t<\/div>\n\t\t<\/article>\n\t\t<\/div><div class=\"ak-pagination load_more clearfix\"><script>var ak_pagination_data_block_69f2d34c923e3_7 = {\"atts\":{\"title\":\"\",\"title_size\":\"\",\"title_line_height\":\"\",\"subtitle\":\"\",\"subtitle_size\":\"\",\"subtitle_line_height\":\"\",\"title_url\":\"\",\"title_url_text\":\"\",\"icon\":\"\",\"block_accent_color\":\"\",\"header_style\":\"style-15\",\"header_bg_color\":\"\",\"header_line_color\":\"\",\"header_title_color\":\"\",\"header_subtitle_color\":\"\",\"header_title_bg_color\":\"\",\"header_icon_color\":\"\",\"pagination\":\"load_more\",\"show_pagination_label\":\"\",\"infinity_break_count\":\"3\",\"tabs\":\"sub_cat_filter\",\"tabs_all_text\":\"TODO\",\"tabs_cat_filter\":\"\",\"tabs_tax_filter\":\"\",\"tabs_order_by_filter\":\"\",\"tabs_more_menu\":\"\",\"count\":12,\"offset\":\"\",\"post_type\":\"\",\"post_status\":\"publish\",\"time_filter\":\"\",\"order_by\":\"latest\",\"post_format\":\"\",\"meta_query\":[],\"s\":\"\",\"author\":\"\",\"category\":\"55\",\"post\":\"\",\"taxonomy\":\"\",\"taxonomy_relation\":\"\",\"block_width\":\"3\",\"block_id\":\"block_69f2d34c923e3_7\",\"block_extra_classes\":\"\",\"custom_enabled\":\"\",\"custom_parts\":\"\",\"wp_query\":false,\"numeric_items_style\":\"\",\"item_margin\":\"30\",\"show_no_result\":true,\"module_2_tall_custom_enabled\":\"yes\",\"module_2_tall_custom_parts\":{\"show_author_icon\":\"hide\",\"show_author\":\"hide\",\"show_comment_count\":\"hide\",\"show_share_count\":\"hide\",\"show_view_count\":\"hide\",\"show_voting_count\":\"hide\",\"show_category\":\"hide\",\"show_format_icon\":\"hide\"},\"module_3_custom_enabled\":\"yes\",\"module_3_custom_parts\":{\"show_author_icon\":\"hide\",\"show_author\":\"hide\",\"show_comment_count\":\"hide\",\"show_share_count\":\"hide\",\"show_view_count\":\"hide\",\"show_voting_count\":\"hide\",\"show_category\":\"hide\"},\"view\":\"newsy_block_14\",\"query-main-term\":\"55\"},\"id\":\"block_69f2d34c923e3_7\",\"token\":\"c671645ffef\"};<\/script><a href=\"#\" class=\"ak-pagination-btn\" data-action=\"next\" data-block-id=\"block_69f2d34c923e3_7\" title=\"Load More Posts\" rel=\"nofollow\"><span class=\"ak-pagination-btn-load-more\"><i class=\"fa fa-caret-down\" aria-hidden=\"true\"><\/i> <span class=\"txt\">Load More Posts<\/span><\/span><span class=\"ak-pagination-btn-loading\"><i class=\"fa fa-circle-o-notch fa-spin fa-fw\"><\/i> <span class=\"txt\">Loading...<\/span><\/span><span class=\"ak-pagination-btn-no-more\">No more posts.<\/span><\/a><\/div><\/div><\/div>\t\t\t\t<\/div>\n\t\t\t\t<\/div>\n\t\t\t\t<\/div>\n\t\t<div data-particle_enable=\"false\" data-particle-mobile-disabled=\"false\" class=\"elementor-element elementor-element-6b3f504 e-flex e-con-boxed e-con e-parent\" data-id=\"6b3f504\" data-element_type=\"container\" data-e-type=\"container\">\n\t\t\t\t\t<div class=\"e-con-inner\">\n\t\t\t\t<div class=\"elementor-element elementor-element-334adfb elementor-widget elementor-widget-newsy_block_header\" data-id=\"334adfb\" data-element_type=\"widget\" data-e-type=\"widget\" data-widget_type=\"newsy_block_header.default\">\n\t\t\t\t<div class=\"elementor-widget-container\">\n\t\t\t\t\t<div class=\"ak-block ak-block-custom-header  ak-block-width-1 clearfix\" id=\"block_69f2d34c923e3_11\"><style scoped>#block_69f2d34c923e3_11 .ak-block-header {--ak-block-title-text-size:24px;--ak-block-title-line-height:41px;}<\/style><div class=\"ak-block-header ak-block-header-style-10 no-tabs\"><h4 class=\"ak-block-title\"><a href=\"https:\/\/soymigrante.com\/revista\/emprendedores-de-mercado\/\"><span class=\"title-text\"><i class=\"ak-icon  fa fa-gavel\"><\/i><span>Recursos Migratorios<\/span><\/span><i class=\"fa fa-angle-double-right\"><\/i><\/a><\/h4><\/div><div class=\"ak-block-inner clearfix\"><\/div><\/div>\t\t\t\t<\/div>\n\t\t\t\t<\/div>\n\t\t\t\t<div class=\"elementor-element elementor-element-e9ec07f elementor-widget elementor-widget-newsy_slider_4\" data-id=\"e9ec07f\" data-element_type=\"widget\" data-e-type=\"widget\" data-widget_type=\"newsy_slider_4.default\">\n\t\t\t\t<div class=\"elementor-widget-container\">\n\t\t\t\t\t<div class=\"ak-block ak-block-grid ak-slider-4  ak-block-width-1 ak-slider-container clearfix tg-gradient tg-focus\" id=\"block_69f2d34c923e3_12\"><div class=\"ak-block-inner clearfix\"><div class=\"ak-block-posts clearfix\">\t\t<article class=\"ak-module ak-module-grid ak-module-grid-big ak-slider-item ak-block-item-1 clearfix post-55566 post type-post status-publish format-standard has-post-thumbnail  category-recursos-migratorios\">\n\t\t\t<div class=\"ak-module-inner clearfix\">\n\t\t\t\t<div class=\"ak-module-grid-wrap\">\n\t\t\t\t\t<div class=\"ak-module-featured\">\n\t\t\t\t\t\t\t\t\t\t\t\t\t\t\t<div class=\"ak-featured-cover\"><a href=\"https:\/\/soymigrante.com\/revista\/tener-daca-no-basta-por-si-solo-para-frenar-orden-de-deportacion-alerta-abogada-guatemalteca\/\" class=\"ak-featured-link\" rel=\"bookmark\" title=\"Tener DACA no basta por s\u00ed solo para frenar orden de deportaci\u00f3n, alerta abogada guatemalteca\"><div class=\"ak-featured-thumb lazy-thumb background-thumb  size-715\">\n                        <div class=\"lazyload\" title=\"daca no es suficiente para frenar una deportacion\" data-bgset=\"https:\/\/soymigrante.com\/revista\/wp-content\/uploads\/2026\/04\/daca-no-es-suficiente-para-frenar-una-deportacion-750x536.jpg 800w\" ><\/div>\n                      <\/div><\/a><\/div>\t\t\t\t\t<\/div>\n\t\t\t\t\t<div class=\"ak-module-details\">\n\t\t\t\t\t\t<div class=\"ak-module-terms inline_badge\"><a class=\"term-59\" href=\"https:\/\/soymigrante.com\/revista\/category\/recursos-migratorios\/\">Recursos Migratorios<\/a><\/div>\t\t\t\t\t\t<h3 class=\"ak-module-title\"><a href=\"https:\/\/soymigrante.com\/revista\/tener-daca-no-basta-por-si-solo-para-frenar-orden-de-deportacion-alerta-abogada-guatemalteca\/\" rel=\"bookmark\" title=\"Tener DACA no basta por s\u00ed solo para frenar orden de deportaci\u00f3n, alerta abogada guatemalteca\">Tener DACA no basta por s\u00ed solo para frenar orden de deportaci\u00f3n, alerta abogada guatemalteca<\/a><\/h3>\t\t\t\t\t\t<div class=\"ak-module-meta\"><div class=\"ak-module-author\">by <a href=\"https:\/\/soymigrante.com\/revista\/author\/soymigrante\/\" class=\"ak-module-author-name\">SoyMigrante.com REVISTA<\/a><\/div><div class=\"ak-module-time\"><a href=\"https:\/\/soymigrante.com\/revista\/tener-daca-no-basta-por-si-solo-para-frenar-orden-de-deportacion-alerta-abogada-guatemalteca\/\" class=\"ak-module-meta-published\"><i class=\"ak-icon akfi-schedule\"><\/i>28\/04\/2026<\/a><\/div> <div class=\"ak-module-view-count\"><i class=\"ak-icon  fa fa-eye\"><\/i><span class=\"count\">18<\/span><\/div><\/div>\t\t\t\t\t<\/div>\n\t\t\t\t<\/div>\n\t\t\t<\/div>\n\t\t<\/article>\n\t\t\t\t<article class=\"ak-module ak-module-grid ak-module-grid-big ak-slider-item ak-block-item-2 clearfix post-55151 post type-post status-publish format-standard has-post-thumbnail  category-recursos-migratorios\">\n\t\t\t<div class=\"ak-module-inner clearfix\">\n\t\t\t\t<div class=\"ak-module-grid-wrap\">\n\t\t\t\t\t<div class=\"ak-module-featured\">\n\t\t\t\t\t\t\t\t\t\t\t\t\t\t\t<div class=\"ak-featured-cover\"><a href=\"https:\/\/soymigrante.com\/revista\/migrante-hispana-se-hace-viral-al-utilizar-una-tarjeta-roja-conoce-tus-derechos-ante-agentes\/\" class=\"ak-featured-link\" rel=\"bookmark\" title=\"Migrante hispana se hace viral al utilizar una tarjeta roja Conoce tus Derechos, ante agentes\"><div class=\"ak-featured-thumb lazy-thumb background-thumb  size-715\">\n                        <div class=\"lazyload\" title=\"tarjeta roja\" data-bgset=\"https:\/\/soymigrante.com\/revista\/wp-content\/uploads\/2026\/04\/tarjeta-roja-750x536.jpg 800w\" ><\/div>\n                      <\/div><\/a><\/div>\t\t\t\t\t<\/div>\n\t\t\t\t\t<div class=\"ak-module-details\">\n\t\t\t\t\t\t<div class=\"ak-module-terms inline_badge\"><a class=\"term-59\" href=\"https:\/\/soymigrante.com\/revista\/category\/recursos-migratorios\/\">Recursos Migratorios<\/a><\/div>\t\t\t\t\t\t<h3 class=\"ak-module-title\"><a href=\"https:\/\/soymigrante.com\/revista\/migrante-hispana-se-hace-viral-al-utilizar-una-tarjeta-roja-conoce-tus-derechos-ante-agentes\/\" rel=\"bookmark\" title=\"Migrante hispana se hace viral al utilizar una tarjeta roja Conoce tus Derechos, ante agentes\">Migrante hispana se hace viral al utilizar una tarjeta roja Conoce tus Derechos, ante agentes<\/a><\/h3>\t\t\t\t\t\t<div class=\"ak-module-meta\"><div class=\"ak-module-author\">by <a href=\"https:\/\/soymigrante.com\/revista\/author\/soymigrante\/\" class=\"ak-module-author-name\">SoyMigrante.com REVISTA<\/a><\/div><div class=\"ak-module-time\"><a href=\"https:\/\/soymigrante.com\/revista\/migrante-hispana-se-hace-viral-al-utilizar-una-tarjeta-roja-conoce-tus-derechos-ante-agentes\/\" class=\"ak-module-meta-published\"><i class=\"ak-icon akfi-schedule\"><\/i>17\/04\/2026<\/a><\/div> <div class=\"ak-module-view-count\"><i class=\"ak-icon  fa fa-eye\"><\/i><span class=\"count\">24<\/span><\/div><\/div>\t\t\t\t\t<\/div>\n\t\t\t\t<\/div>\n\t\t\t<\/div>\n\t\t<\/article>\n\t\t\t\t<article class=\"ak-module ak-module-grid ak-module-grid-big ak-slider-item ak-block-item-3 clearfix post-54708 post type-post status-publish format-standard has-post-thumbnail  category-recursos-migratorios\">\n\t\t\t<div class=\"ak-module-inner clearfix\">\n\t\t\t\t<div class=\"ak-module-grid-wrap\">\n\t\t\t\t\t<div class=\"ak-module-featured\">\n\t\t\t\t\t\t\t\t\t\t\t\t\t\t\t<div class=\"ak-featured-cover\"><a href=\"https:\/\/soymigrante.com\/revista\/por-que-es-necesario-declarar-hasta-las-infracciones-de-transito-para-tramitar-residencia-o-ciudadania\/\" class=\"ak-featured-link\" rel=\"bookmark\" title=\"\u00bfPor qu\u00e9 es necesario declarar hasta las infracciones de tr\u00e1nsito para tramitar residencia o ciudadan\u00eda?\"><div class=\"ak-featured-thumb lazy-thumb background-thumb  size-715\">\n                        <div class=\"lazyload\" title=\"a red light on and a traffic police ticket in a windshield at us street 1\" data-bgset=\"https:\/\/soymigrante.com\/revista\/wp-content\/uploads\/2026\/04\/a-red-light-on-and-a-traffic-police-ticket-in-a-windshield-at-us-street-1-750x536.jpg 800w\" ><\/div>\n                      <\/div><\/a><\/div>\t\t\t\t\t<\/div>\n\t\t\t\t\t<div class=\"ak-module-details\">\n\t\t\t\t\t\t<div class=\"ak-module-terms inline_badge\"><a class=\"term-59\" href=\"https:\/\/soymigrante.com\/revista\/category\/recursos-migratorios\/\">Recursos Migratorios<\/a><\/div>\t\t\t\t\t\t<h3 class=\"ak-module-title\"><a href=\"https:\/\/soymigrante.com\/revista\/por-que-es-necesario-declarar-hasta-las-infracciones-de-transito-para-tramitar-residencia-o-ciudadania\/\" rel=\"bookmark\" title=\"\u00bfPor qu\u00e9 es necesario declarar hasta las infracciones de tr\u00e1nsito para tramitar residencia o ciudadan\u00eda?\">\u00bfPor qu\u00e9 es necesario declarar hasta las infracciones de tr\u00e1nsito para tramitar residencia o ciudadan\u00eda?<\/a><\/h3>\t\t\t\t\t\t<div class=\"ak-module-meta\"><div class=\"ak-module-author\">by <a href=\"https:\/\/soymigrante.com\/revista\/author\/soymigrante\/\" class=\"ak-module-author-name\">SoyMigrante.com REVISTA<\/a><\/div><div class=\"ak-module-time\"><a href=\"https:\/\/soymigrante.com\/revista\/por-que-es-necesario-declarar-hasta-las-infracciones-de-transito-para-tramitar-residencia-o-ciudadania\/\" class=\"ak-module-meta-published\"><i class=\"ak-icon akfi-schedule\"><\/i>08\/04\/2026<\/a><\/div> <div class=\"ak-module-view-count\"><i class=\"ak-icon  fa fa-eye\"><\/i><span class=\"count\">23<\/span><\/div><\/div>\t\t\t\t\t<\/div>\n\t\t\t\t<\/div>\n\t\t\t<\/div>\n\t\t<\/article>\n\t\t\t\t<article class=\"ak-module ak-module-grid ak-module-grid-big ak-slider-item ak-block-item-4 clearfix post-53998 post type-post status-publish format-standard has-post-thumbnail  category-recursos-migratorios\">\n\t\t\t<div class=\"ak-module-inner clearfix\">\n\t\t\t\t<div class=\"ak-module-grid-wrap\">\n\t\t\t\t\t<div class=\"ak-module-featured\">\n\t\t\t\t\t\t\t\t\t\t\t\t\t\t\t<div class=\"ak-featured-cover\"><a href=\"https:\/\/soymigrante.com\/revista\/abogada-guatemalteca-explica-como-migrantes-detenidos-sin-fianza-podrian-beneficiarse-con-fallo-de-jueza\/\" class=\"ak-featured-link\" rel=\"bookmark\" title=\"Abogada guatemalteca explica c\u00f3mo migrantes detenidos sin fianza podr\u00edan beneficiarse con fallo judicial reciente\"><div class=\"ak-featured-thumb lazy-thumb background-thumb  size-715\">\n                        <div class=\"lazyload\" title=\"abogada ana gabriela urizar migrante guatemalteca\" data-bgset=\"https:\/\/soymigrante.com\/revista\/wp-content\/uploads\/2026\/03\/abogada-ana-gabriela-urizar-migrante-guatemalteca-670x536.jpg 800w\" ><\/div>\n                      <\/div><\/a><\/div>\t\t\t\t\t<\/div>\n\t\t\t\t\t<div class=\"ak-module-details\">\n\t\t\t\t\t\t<div class=\"ak-module-terms inline_badge\"><a class=\"term-59\" href=\"https:\/\/soymigrante.com\/revista\/category\/recursos-migratorios\/\">Recursos Migratorios<\/a><\/div>\t\t\t\t\t\t<h3 class=\"ak-module-title\"><a href=\"https:\/\/soymigrante.com\/revista\/abogada-guatemalteca-explica-como-migrantes-detenidos-sin-fianza-podrian-beneficiarse-con-fallo-de-jueza\/\" rel=\"bookmark\" title=\"Abogada guatemalteca explica c\u00f3mo migrantes detenidos sin fianza podr\u00edan beneficiarse con fallo judicial reciente\">Abogada guatemalteca explica c\u00f3mo migrantes detenidos sin fianza podr\u00edan beneficiarse con fallo judicial reciente<\/a><\/h3>\t\t\t\t\t\t<div class=\"ak-module-meta\"><div class=\"ak-module-author\">by <a href=\"https:\/\/soymigrante.com\/revista\/author\/gustavo\/\" class=\"ak-module-author-name\">Gustavo Montenegro<\/a><\/div><div class=\"ak-module-time\"><a href=\"https:\/\/soymigrante.com\/revista\/abogada-guatemalteca-explica-como-migrantes-detenidos-sin-fianza-podrian-beneficiarse-con-fallo-de-jueza\/\" class=\"ak-module-meta-published\"><i class=\"ak-icon akfi-schedule\"><\/i>23\/03\/2026<\/a><\/div> <div class=\"ak-module-view-count\"><i class=\"ak-icon  fa fa-eye\"><\/i><span class=\"count\">60<\/span><\/div><\/div>\t\t\t\t\t<\/div>\n\t\t\t\t<\/div>\n\t\t\t<\/div>\n\t\t<\/article>\n\t\t\t\t<article class=\"ak-module ak-module-grid ak-module-grid-big ak-slider-item ak-block-item-5 clearfix post-52972 post type-post status-publish format-standard has-post-thumbnail  category-recursos-migratorios\">\n\t\t\t<div class=\"ak-module-inner clearfix\">\n\t\t\t\t<div class=\"ak-module-grid-wrap\">\n\t\t\t\t\t<div class=\"ak-module-featured\">\n\t\t\t\t\t\t\t\t\t\t\t\t\t\t\t<div class=\"ak-featured-cover\"><a href=\"https:\/\/soymigrante.com\/revista\/migrantes-guatemaltecos-podran-empadronarse-y-votar-con-pasaporte-cambios-del-tse-al-reglamento-de-voto-en-el-extranjero-conocelos\/\" class=\"ak-featured-link\" rel=\"bookmark\" title=\"Guatemaltecos en el extranjero podr\u00e1n empadronarse y votar con pasaporte: cambios del TSE a reglamento &#8211; Con\u00f3celos\"><div class=\"ak-featured-thumb lazy-thumb background-thumb  size-715\">\n                        <div class=\"lazyload\" title=\"Centro de votaci\u00f3n en Estados Unidos. A pesar de la poca divulgaci\u00f3n, connacionales se hicieron presentes a emitir el sufragio. Fotograf\u00eda TSE\" data-bgset=\"https:\/\/soymigrante.com\/revista\/wp-content\/uploads\/2023\/08\/F3_yjX6XwAE3rgt-750x536.webp 800w\" ><\/div>\n                      <\/div><\/a><\/div>\t\t\t\t\t<\/div>\n\t\t\t\t\t<div class=\"ak-module-details\">\n\t\t\t\t\t\t<div class=\"ak-module-terms inline_badge\"><a class=\"term-59\" href=\"https:\/\/soymigrante.com\/revista\/category\/recursos-migratorios\/\">Recursos Migratorios<\/a><\/div>\t\t\t\t\t\t<h3 class=\"ak-module-title\"><a href=\"https:\/\/soymigrante.com\/revista\/migrantes-guatemaltecos-podran-empadronarse-y-votar-con-pasaporte-cambios-del-tse-al-reglamento-de-voto-en-el-extranjero-conocelos\/\" rel=\"bookmark\" title=\"Guatemaltecos en el extranjero podr\u00e1n empadronarse y votar con pasaporte: cambios del TSE a reglamento &#8211; Con\u00f3celos\">Guatemaltecos en el extranjero podr\u00e1n empadronarse y votar con pasaporte: cambios del TSE a reglamento &#8211; Con\u00f3celos<\/a><\/h3>\t\t\t\t\t\t<div class=\"ak-module-meta\"><div class=\"ak-module-author\">by <a href=\"https:\/\/soymigrante.com\/revista\/author\/soymigrante\/\" class=\"ak-module-author-name\">SoyMigrante.com REVISTA<\/a><\/div><div class=\"ak-module-time\"><a href=\"https:\/\/soymigrante.com\/revista\/migrantes-guatemaltecos-podran-empadronarse-y-votar-con-pasaporte-cambios-del-tse-al-reglamento-de-voto-en-el-extranjero-conocelos\/\" class=\"ak-module-meta-published\"><i class=\"ak-icon akfi-schedule\"><\/i>27\/02\/2026<\/a><\/div> <div class=\"ak-module-view-count\"><i class=\"ak-icon  fa fa-eye\"><\/i><span class=\"count\">233<\/span><\/div><\/div>\t\t\t\t\t<\/div>\n\t\t\t\t<\/div>\n\t\t\t<\/div>\n\t\t<\/article>\n\t\t\t\t<article class=\"ak-module ak-module-grid ak-module-grid-big ak-slider-item ak-block-item-6 clearfix post-51000 post type-post status-publish format-standard has-post-thumbnail  category-recursos-migratorios\">\n\t\t\t<div class=\"ak-module-inner clearfix\">\n\t\t\t\t<div class=\"ak-module-grid-wrap\">\n\t\t\t\t\t<div class=\"ak-module-featured\">\n\t\t\t\t\t\t\t\t\t\t\t\t\t\t\t<div class=\"ak-featured-cover\"><a href=\"https:\/\/soymigrante.com\/revista\/que-nuevas-exigencias-tendra-la-residencia-legal-o-green-card-por-matrimonio-en-estados-unidos\/\" class=\"ak-featured-link\" rel=\"bookmark\" title=\"\u00bfQu\u00e9 nuevas exigencias tendr\u00e1 la residencia legal o green card por matrimonio en Estados Unidos?\"><div class=\"ak-featured-thumb lazy-thumb background-thumb  size-715\">\n                        <div class=\"lazyload\" title=\"requisitos residencia por matrimonio estados unidos 2026\" data-bgset=\"https:\/\/soymigrante.com\/revista\/wp-content\/uploads\/2026\/01\/requisitos-residencia-por-matrimonio-estados-unidos-2026-750x536.jpg 800w\" ><\/div>\n                      <\/div><\/a><\/div>\t\t\t\t\t<\/div>\n\t\t\t\t\t<div class=\"ak-module-details\">\n\t\t\t\t\t\t<div class=\"ak-module-terms inline_badge\"><a class=\"term-59\" href=\"https:\/\/soymigrante.com\/revista\/category\/recursos-migratorios\/\">Recursos Migratorios<\/a><\/div>\t\t\t\t\t\t<h3 class=\"ak-module-title\"><a href=\"https:\/\/soymigrante.com\/revista\/que-nuevas-exigencias-tendra-la-residencia-legal-o-green-card-por-matrimonio-en-estados-unidos\/\" rel=\"bookmark\" title=\"\u00bfQu\u00e9 nuevas exigencias tendr\u00e1 la residencia legal o green card por matrimonio en Estados Unidos?\">\u00bfQu\u00e9 nuevas exigencias tendr\u00e1 la residencia legal o green card por matrimonio en Estados Unidos?<\/a><\/h3>\t\t\t\t\t\t<div class=\"ak-module-meta\"><div class=\"ak-module-author\">by <a href=\"https:\/\/soymigrante.com\/revista\/author\/soymigrante\/\" class=\"ak-module-author-name\">SoyMigrante.com REVISTA<\/a><\/div><div class=\"ak-module-time\"><a href=\"https:\/\/soymigrante.com\/revista\/que-nuevas-exigencias-tendra-la-residencia-legal-o-green-card-por-matrimonio-en-estados-unidos\/\" class=\"ak-module-meta-published\"><i class=\"ak-icon akfi-schedule\"><\/i>14\/01\/2026<\/a><\/div> <div class=\"ak-module-view-count\"><i class=\"ak-icon  fa fa-eye\"><\/i><span class=\"count\">120<\/span><\/div><\/div>\t\t\t\t\t<\/div>\n\t\t\t\t<\/div>\n\t\t\t<\/div>\n\t\t<\/article>\n\t\t\t\t<article class=\"ak-module ak-module-grid ak-module-grid-big ak-slider-item ak-block-item-7 clearfix post-49965 post type-post status-publish format-standard has-post-thumbnail  category-recursos-migratorios\">\n\t\t\t<div class=\"ak-module-inner clearfix\">\n\t\t\t\t<div class=\"ak-module-grid-wrap\">\n\t\t\t\t\t<div class=\"ak-module-featured\">\n\t\t\t\t\t\t\t\t\t\t\t\t\t\t\t<div class=\"ak-featured-cover\"><a href=\"https:\/\/soymigrante.com\/revista\/derechos-y-obligaciones-en-aeropuertos-de-usa-claves-para-viajeros-por-la-union-de-libertades-civiles\/\" class=\"ak-featured-link\" rel=\"bookmark\" title=\"Derechos y obligaciones en aeropuertos de USA: claves para viajeros por la Uni\u00f3n de Libertades Civiles\"><div class=\"ak-featured-thumb lazy-thumb background-thumb  size-715\">\n                        <div class=\"lazyload\" title=\"aeropuerto usa derechos y obligaciones\" data-bgset=\"https:\/\/soymigrante.com\/revista\/wp-content\/uploads\/2025\/12\/aeropuerto-usa-derechos-y-obligaciones-750x536.jpg 800w\" ><\/div>\n                      <\/div><\/a><\/div>\t\t\t\t\t<\/div>\n\t\t\t\t\t<div class=\"ak-module-details\">\n\t\t\t\t\t\t<div class=\"ak-module-terms inline_badge\"><a class=\"term-59\" href=\"https:\/\/soymigrante.com\/revista\/category\/recursos-migratorios\/\">Recursos Migratorios<\/a><\/div>\t\t\t\t\t\t<h3 class=\"ak-module-title\"><a href=\"https:\/\/soymigrante.com\/revista\/derechos-y-obligaciones-en-aeropuertos-de-usa-claves-para-viajeros-por-la-union-de-libertades-civiles\/\" rel=\"bookmark\" title=\"Derechos y obligaciones en aeropuertos de USA: claves para viajeros por la Uni\u00f3n de Libertades Civiles\">Derechos y obligaciones en aeropuertos de USA: claves para viajeros por la Uni\u00f3n de Libertades Civiles<\/a><\/h3>\t\t\t\t\t\t<div class=\"ak-module-meta\"><div class=\"ak-module-author\">by <a href=\"https:\/\/soymigrante.com\/revista\/author\/soymigrante\/\" class=\"ak-module-author-name\">SoyMigrante.com REVISTA<\/a><\/div><div class=\"ak-module-time\"><a href=\"https:\/\/soymigrante.com\/revista\/derechos-y-obligaciones-en-aeropuertos-de-usa-claves-para-viajeros-por-la-union-de-libertades-civiles\/\" class=\"ak-module-meta-published\"><i class=\"ak-icon akfi-schedule\"><\/i>19\/12\/2025<\/a><\/div> <div class=\"ak-module-view-count\"><i class=\"ak-icon  fa fa-eye\"><\/i><span class=\"count\">47<\/span><\/div><\/div>\t\t\t\t\t<\/div>\n\t\t\t\t<\/div>\n\t\t\t<\/div>\n\t\t<\/article>\n\t\t\t\t<article class=\"ak-module ak-module-grid ak-module-grid-big ak-slider-item ak-block-item-8 clearfix post-49636 post type-post status-publish format-standard has-post-thumbnail  category-recursos-migratorios\">\n\t\t\t<div class=\"ak-module-inner clearfix\">\n\t\t\t\t<div class=\"ak-module-grid-wrap\">\n\t\t\t\t\t<div class=\"ak-module-featured\">\n\t\t\t\t\t\t\t\t\t\t\t\t\t\t\t<div class=\"ak-featured-cover\"><a href=\"https:\/\/soymigrante.com\/revista\/conoce-y-ejerce-tus-derechos-aconseja-alcalde-electo-de-new-york-a-migrantes-ante-operativos\/\" class=\"ak-featured-link\" rel=\"bookmark\" title=\"Conoce y ejerce tus derechos aconseja alcalde electo de New York a migrantes ante operativos\"><div class=\"ak-featured-thumb lazy-thumb background-thumb  size-715\">\n                        <div class=\"lazyload\" title=\"alcalde nueva york new york migrantes\" data-bgset=\"https:\/\/soymigrante.com\/revista\/wp-content\/uploads\/2025\/12\/alcalde-nueva-york-new-york-migrantes.png 800w\" ><\/div>\n                      <\/div><\/a><\/div>\t\t\t\t\t<\/div>\n\t\t\t\t\t<div class=\"ak-module-details\">\n\t\t\t\t\t\t<div class=\"ak-module-terms inline_badge\"><a class=\"term-59\" href=\"https:\/\/soymigrante.com\/revista\/category\/recursos-migratorios\/\">Recursos Migratorios<\/a><\/div>\t\t\t\t\t\t<h3 class=\"ak-module-title\"><a href=\"https:\/\/soymigrante.com\/revista\/conoce-y-ejerce-tus-derechos-aconseja-alcalde-electo-de-new-york-a-migrantes-ante-operativos\/\" rel=\"bookmark\" title=\"Conoce y ejerce tus derechos aconseja alcalde electo de New York a migrantes ante operativos\">Conoce y ejerce tus derechos aconseja alcalde electo de New York a migrantes ante operativos<\/a><\/h3>\t\t\t\t\t\t<div class=\"ak-module-meta\"><div class=\"ak-module-author\">by <a href=\"https:\/\/soymigrante.com\/revista\/author\/soymigrante\/\" class=\"ak-module-author-name\">SoyMigrante.com REVISTA<\/a><\/div><div class=\"ak-module-time\"><a href=\"https:\/\/soymigrante.com\/revista\/conoce-y-ejerce-tus-derechos-aconseja-alcalde-electo-de-new-york-a-migrantes-ante-operativos\/\" class=\"ak-module-meta-published\"><i class=\"ak-icon akfi-schedule\"><\/i>10\/12\/2025<\/a><\/div> <div class=\"ak-module-view-count\"><i class=\"ak-icon  fa fa-eye\"><\/i><span class=\"count\">29<\/span><\/div><\/div>\t\t\t\t\t<\/div>\n\t\t\t\t<\/div>\n\t\t\t<\/div>\n\t\t<\/article>\n\t\t\t\t<article class=\"ak-module ak-module-grid ak-module-grid-big ak-slider-item ak-block-item-9 clearfix post-47441 post type-post status-publish format-standard has-post-thumbnail  category-recursos-migratorios\">\n\t\t\t<div class=\"ak-module-inner clearfix\">\n\t\t\t\t<div class=\"ak-module-grid-wrap\">\n\t\t\t\t\t<div class=\"ak-module-featured\">\n\t\t\t\t\t\t\t\t\t\t\t\t\t\t\t<div class=\"ak-featured-cover\"><a href=\"https:\/\/soymigrante.com\/revista\/estas-son-las-128-preguntas-y-respuestas-del-examen-de-ciudadania-usa-2025\/\" class=\"ak-featured-link\" rel=\"bookmark\" title=\"Estas son las 128 preguntas y respuestas del examen de ciudadan\u00eda USA 2025\"><div class=\"ak-featured-thumb lazy-thumb background-thumb  size-715\">\n                        <div class=\"lazyload\" title=\"ciudadania examen y juramento\" data-bgset=\"https:\/\/soymigrante.com\/revista\/wp-content\/uploads\/2025\/10\/ciudadania-examen-y-juramento-750x536.jpg 800w\" ><\/div>\n                      <\/div><\/a><\/div>\t\t\t\t\t<\/div>\n\t\t\t\t\t<div class=\"ak-module-details\">\n\t\t\t\t\t\t<div class=\"ak-module-terms inline_badge\"><a class=\"term-59\" href=\"https:\/\/soymigrante.com\/revista\/category\/recursos-migratorios\/\">Recursos Migratorios<\/a><\/div>\t\t\t\t\t\t<h3 class=\"ak-module-title\"><a href=\"https:\/\/soymigrante.com\/revista\/estas-son-las-128-preguntas-y-respuestas-del-examen-de-ciudadania-usa-2025\/\" rel=\"bookmark\" title=\"Estas son las 128 preguntas y respuestas del examen de ciudadan\u00eda USA 2025\">Estas son las 128 preguntas y respuestas del examen de ciudadan\u00eda USA 2025<\/a><\/h3>\t\t\t\t\t\t<div class=\"ak-module-meta\"><div class=\"ak-module-author\">by <a href=\"https:\/\/soymigrante.com\/revista\/author\/soymigrante\/\" class=\"ak-module-author-name\">SoyMigrante.com REVISTA<\/a><\/div><div class=\"ak-module-time\"><a href=\"https:\/\/soymigrante.com\/revista\/estas-son-las-128-preguntas-y-respuestas-del-examen-de-ciudadania-usa-2025\/\" class=\"ak-module-meta-published\"><i class=\"ak-icon akfi-schedule\"><\/i>21\/10\/2025<\/a><\/div> <div class=\"ak-module-view-count\"><i class=\"ak-icon  fa fa-eye\"><\/i><span class=\"count\">308<\/span><\/div><\/div>\t\t\t\t\t<\/div>\n\t\t\t\t<\/div>\n\t\t\t<\/div>\n\t\t<\/article>\n\t\t\t\t<article class=\"ak-module ak-module-grid ak-module-grid-big ak-slider-item ak-block-item-10 clearfix post-10362 post type-post status-publish format-standard has-post-thumbnail  category-recursos-migratorios\">\n\t\t\t<div class=\"ak-module-inner clearfix\">\n\t\t\t\t<div class=\"ak-module-grid-wrap\">\n\t\t\t\t\t<div class=\"ak-module-featured\">\n\t\t\t\t\t\t\t\t\t\t\t\t\t\t\t<div class=\"ak-featured-cover\"><a href=\"https:\/\/soymigrante.com\/revista\/un-tema-dificil-que-hacer-para-repatriar-un-cuerpo-desde-usa-a-guatemala\/\" class=\"ak-featured-link\" rel=\"bookmark\" title=\"Un tema dif\u00edcil: \u00bfQu\u00e9 hacer para repatriar un cuerpo desde USA a Guatemala?\"><div class=\"ak-featured-thumb lazy-thumb background-thumb  size-715\">\n                        <div class=\"lazyload\" title=\"Avi\u00f3n comercial en vuelo, fotograf\u00eda tomada desde abajo, cielo nublado, transporte a\u00e9reo, aeropuerto, viaje internacional, aerol\u00ednea, aeronave moderna, industria a\u00e9rea, movilidad global.\" data-bgset=\"https:\/\/soymigrante.com\/revista\/wp-content\/uploads\/2024\/10\/repatriacion-guia-1-750x536.webp 800w\" ><\/div>\n                      <\/div><\/a><\/div>\t\t\t\t\t<\/div>\n\t\t\t\t\t<div class=\"ak-module-details\">\n\t\t\t\t\t\t<div class=\"ak-module-terms inline_badge\"><a class=\"term-59\" href=\"https:\/\/soymigrante.com\/revista\/category\/recursos-migratorios\/\">Recursos Migratorios<\/a><\/div>\t\t\t\t\t\t<h3 class=\"ak-module-title\"><a href=\"https:\/\/soymigrante.com\/revista\/un-tema-dificil-que-hacer-para-repatriar-un-cuerpo-desde-usa-a-guatemala\/\" rel=\"bookmark\" title=\"Un tema dif\u00edcil: \u00bfQu\u00e9 hacer para repatriar un cuerpo desde USA a Guatemala?\">Un tema dif\u00edcil: \u00bfQu\u00e9 hacer para repatriar un cuerpo desde USA a Guatemala?<\/a><\/h3>\t\t\t\t\t\t<div class=\"ak-module-meta\"><div class=\"ak-module-author\">by <a href=\"https:\/\/soymigrante.com\/revista\/author\/soymigrante\/\" class=\"ak-module-author-name\">SoyMigrante.com REVISTA<\/a><\/div><div class=\"ak-module-time\"><a href=\"https:\/\/soymigrante.com\/revista\/un-tema-dificil-que-hacer-para-repatriar-un-cuerpo-desde-usa-a-guatemala\/\" class=\"ak-module-meta-published\"><i class=\"ak-icon akfi-schedule\"><\/i>08\/10\/2025<\/a><\/div> <div class=\"ak-module-view-count\"><i class=\"ak-icon  fa fa-eye\"><\/i><span class=\"count\">206<\/span><\/div><\/div>\t\t\t\t\t<\/div>\n\t\t\t\t<\/div>\n\t\t\t<\/div>\n\t\t<\/article>\n\t\t<\/div><div class=\"ak-slider-nav-container clearfix\"><div class=\"ak-slider-nav\"><a href=\"javascript:;\"><div class=\"ak-slider-nav-thumb\"><div class=\"ak-featured-thumb lazy-thumb size-715\"><img loading=\"lazy\" decoding=\"async\" width=\"120\" height=\"86\" src=\"data:image\/gif;base64,R0lGODlhAQABAAAAACH5BAEKAAEALAAAAAABAAEAAAICTAEAOw==\" class=\"attachment-newsy_120x86 size-newsy_120x86 lazyload\" alt=\"daca no es suficiente para frenar una deportacion\" data-src=\"https:\/\/soymigrante.com\/revista\/wp-content\/uploads\/2026\/04\/daca-no-es-suficiente-para-frenar-una-deportacion-120x86.jpg\" \/><\/div><\/div><\/a><a href=\"javascript:;\"><div class=\"ak-slider-nav-thumb\"><div class=\"ak-featured-thumb lazy-thumb size-715\"><img loading=\"lazy\" decoding=\"async\" width=\"120\" height=\"86\" src=\"data:image\/gif;base64,R0lGODlhAQABAAAAACH5BAEKAAEALAAAAAABAAEAAAICTAEAOw==\" class=\"attachment-newsy_120x86 size-newsy_120x86 lazyload\" alt=\"tarjeta roja\" data-src=\"https:\/\/soymigrante.com\/revista\/wp-content\/uploads\/2026\/04\/tarjeta-roja-120x86.jpg\" \/><\/div><\/div><\/a><a href=\"javascript:;\"><div class=\"ak-slider-nav-thumb\"><div class=\"ak-featured-thumb lazy-thumb size-715\"><img loading=\"lazy\" decoding=\"async\" width=\"120\" height=\"86\" src=\"data:image\/gif;base64,R0lGODlhAQABAAAAACH5BAEKAAEALAAAAAABAAEAAAICTAEAOw==\" class=\"attachment-newsy_120x86 size-newsy_120x86 lazyload\" alt=\"a red light on and a traffic police ticket in a windshield at us street 1\" data-src=\"https:\/\/soymigrante.com\/revista\/wp-content\/uploads\/2026\/04\/a-red-light-on-and-a-traffic-police-ticket-in-a-windshield-at-us-street-1-120x86.jpg\" \/><\/div><\/div><\/a><a href=\"javascript:;\"><div class=\"ak-slider-nav-thumb\"><div class=\"ak-featured-thumb lazy-thumb size-715\"><img loading=\"lazy\" decoding=\"async\" width=\"120\" height=\"86\" src=\"data:image\/gif;base64,R0lGODlhAQABAAAAACH5BAEKAAEALAAAAAABAAEAAAICTAEAOw==\" class=\"attachment-newsy_120x86 size-newsy_120x86 lazyload\" alt=\"abogada ana gabriela urizar migrante guatemalteca\" data-src=\"https:\/\/soymigrante.com\/revista\/wp-content\/uploads\/2026\/03\/abogada-ana-gabriela-urizar-migrante-guatemalteca-120x86.jpg\" \/><\/div><\/div><\/a><a href=\"javascript:;\"><div class=\"ak-slider-nav-thumb\"><div class=\"ak-featured-thumb lazy-thumb size-715\"><img loading=\"lazy\" decoding=\"async\" width=\"120\" height=\"86\" src=\"data:image\/gif;base64,R0lGODlhAQABAAAAACH5BAEKAAEALAAAAAABAAEAAAICTAEAOw==\" class=\"attachment-newsy_120x86 size-newsy_120x86 lazyload\" alt=\"Centro de votaci\u00f3n en Estados Unidos. A pesar de la poca divulgaci\u00f3n, connacionales se hicieron presentes a emitir el sufragio. Fotograf\u00eda TSE\" data-src=\"https:\/\/soymigrante.com\/revista\/wp-content\/uploads\/2023\/08\/F3_yjX6XwAE3rgt-120x86.webp\" \/><\/div><\/div><\/a><a href=\"javascript:;\"><div class=\"ak-slider-nav-thumb\"><div class=\"ak-featured-thumb lazy-thumb size-715\"><img loading=\"lazy\" decoding=\"async\" width=\"120\" height=\"86\" src=\"data:image\/gif;base64,R0lGODlhAQABAAAAACH5BAEKAAEALAAAAAABAAEAAAICTAEAOw==\" class=\"attachment-newsy_120x86 size-newsy_120x86 lazyload\" alt=\"requisitos residencia por matrimonio estados unidos 2026\" data-src=\"https:\/\/soymigrante.com\/revista\/wp-content\/uploads\/2026\/01\/requisitos-residencia-por-matrimonio-estados-unidos-2026-120x86.jpg\" \/><\/div><\/div><\/a><a href=\"javascript:;\"><div class=\"ak-slider-nav-thumb\"><div class=\"ak-featured-thumb lazy-thumb size-715\"><img loading=\"lazy\" decoding=\"async\" width=\"120\" height=\"86\" src=\"data:image\/gif;base64,R0lGODlhAQABAAAAACH5BAEKAAEALAAAAAABAAEAAAICTAEAOw==\" class=\"attachment-newsy_120x86 size-newsy_120x86 lazyload\" alt=\"aeropuerto usa derechos y obligaciones\" data-src=\"https:\/\/soymigrante.com\/revista\/wp-content\/uploads\/2025\/12\/aeropuerto-usa-derechos-y-obligaciones-120x86.jpg\" \/><\/div><\/div><\/a><a href=\"javascript:;\"><div class=\"ak-slider-nav-thumb\"><div class=\"ak-featured-thumb lazy-thumb size-715\"><img loading=\"lazy\" decoding=\"async\" width=\"120\" height=\"86\" src=\"data:image\/gif;base64,R0lGODlhAQABAAAAACH5BAEKAAEALAAAAAABAAEAAAICTAEAOw==\" class=\"attachment-newsy_120x86 size-newsy_120x86 lazyload\" alt=\"alcalde nueva york new york migrantes\" data-src=\"https:\/\/soymigrante.com\/revista\/wp-content\/uploads\/2025\/12\/alcalde-nueva-york-new-york-migrantes-120x86.png\" \/><\/div><\/div><\/a><a href=\"javascript:;\"><div class=\"ak-slider-nav-thumb\"><div class=\"ak-featured-thumb lazy-thumb size-715\"><img loading=\"lazy\" decoding=\"async\" width=\"120\" height=\"86\" src=\"data:image\/gif;base64,R0lGODlhAQABAAAAACH5BAEKAAEALAAAAAABAAEAAAICTAEAOw==\" class=\"attachment-newsy_120x86 size-newsy_120x86 lazyload\" alt=\"ciudadania examen y juramento\" data-src=\"https:\/\/soymigrante.com\/revista\/wp-content\/uploads\/2025\/10\/ciudadania-examen-y-juramento-120x86.jpg\" \/><\/div><\/div><\/a><a href=\"javascript:;\"><div class=\"ak-slider-nav-thumb\"><div class=\"ak-featured-thumb lazy-thumb size-715\"><img loading=\"lazy\" decoding=\"async\" width=\"120\" height=\"86\" src=\"data:image\/gif;base64,R0lGODlhAQABAAAAACH5BAEKAAEALAAAAAABAAEAAAICTAEAOw==\" class=\"attachment-newsy_120x86 size-newsy_120x86 lazyload\" alt=\"Avi\u00f3n comercial en vuelo, fotograf\u00eda tomada desde abajo, cielo nublado, transporte a\u00e9reo, aeropuerto, viaje internacional, aerol\u00ednea, aeronave moderna, industria a\u00e9rea, movilidad global.\" data-src=\"https:\/\/soymigrante.com\/revista\/wp-content\/uploads\/2024\/10\/repatriacion-guia-1-120x86.webp\" \/><\/div><\/div><\/a><\/div><\/div><script>var ak_slider_data_block_69f2d34c923e3_12 = {\"atts\":{\"slide_count_desktop\":\"1\",\"slide_count_notebook\":\"1\",\"slide_count_tablet\":\"1\",\"slide_count_mobile\":\"1\",\"slider_speed\":\"250\",\"slider_autoplay\":\"\",\"slider_autoplay_timeout\":\"3000\",\"slider_autoplay_speed\":\"1000\",\"slider_dots\":\"enabled\",\"slider_nav\":\"style-3\",\"slider_item_margin\":\"15\",\"slider_stage_padding\":\"\",\"slider_scroll_items\":\"1\",\"slider_center\":\"\",\"slider_loop\":\"\"},\"id\":\"block_69f2d34c923e3_12\"};<\/script><\/div><\/div>\t\t\t\t<\/div>\n\t\t\t\t<\/div>\n\t\t\t\t\t<\/div>\n\t\t\t\t<\/div>\n\t\t\t\t<\/div>\n\t\t","protected":false},"excerpt":{"rendered":"<p>Edit \u00bfTiene equivalencia tu t\u00edtulo universitario en USA? Quiz\u00e1 no, quiz\u00e1 s\u00ed. Aver\u00edgualo by Beatriz Tercero11\/10\/2024 307 Edit \u00bfCu\u00e1l es el origen del ma\u00edz? Este alimento es 100% guatemalteco by Marysabel Aldana19\/08\/2024 108 Edit Tan alegres los baby shower \u00bfQu\u00e9 hacer, qu\u00e9 evitar y qu\u00e9 regalos dar? by Marysabel Aldana24\/06\/2025 2 Edit Salud f\u00edsica y [&hellip;]<\/p>\n","protected":false},"author":6,"featured_media":4447,"parent":0,"menu_order":0,"comment_status":"closed","ping_status":"closed","template":"elementor_header_footer","meta":{"_acf_changed":false,"_eb_attr":"","footnotes":""},"class_list":["post-37332","page","type-page","status-publish","has-post-thumbnail","hentry"],"acf":[],"aioseo_notices":[],"aioseo_head":"\n\t\t<!-- All in One SEO Pro 4.9.6.2 - aioseo.com -->\n\t<meta name=\"description\" content=\"Descubre consejos pr\u00e1cticos de salud, bienestar y cuidado personal pensados para migrantes y sus familias. Vive mejor, paso a paso.\" \/>\n\t<meta name=\"robots\" content=\"max-snippet:-1, max-image-preview:large, max-video-preview:-1\" \/>\n\t<link rel=\"canonical\" href=\"https:\/\/soymigrante.com\/revista\/bienestar\/\" \/>\n\t<meta name=\"generator\" content=\"All in One SEO Pro (AIOSEO) 4.9.6.2\" \/>\n\n\t\t<link rel=\"preconnect\" href=\"https:\/\/fonts.googleapis.com\" crossorigin>\n<link rel=\"preconnect\" href=\"https:\/\/fonts.gstatic.com\" crossorigin>\n\t\t<meta property=\"og:locale\" content=\"es_ES\" \/>\n\t\t<meta property=\"og:site_name\" content=\"SoyMigrante.com REVISTA \u2013 Nuestra misi\u00f3n es reconocer y dignificar al migrante.\" \/>\n\t\t<meta property=\"og:type\" content=\"article\" \/>\n\t\t<meta property=\"og:title\" content=\"Bienestar: Salud, Familia y Finanzas\" \/>\n\t\t<meta property=\"og:description\" content=\"Descubre consejos pr\u00e1cticos de salud, bienestar y cuidado personal pensados para migrantes y sus familias. Vive mejor, paso a paso.\" \/>\n\t\t<meta property=\"og:url\" content=\"https:\/\/soymigrante.com\/revista\/bienestar\/\" \/>\n\t\t<meta property=\"og:image\" content=\"https:\/\/soymigrante.com\/revista\/wp-content\/uploads\/2024\/01\/portada-veronica.webp\" \/>\n\t\t<meta property=\"og:image:secure_url\" content=\"https:\/\/soymigrante.com\/revista\/wp-content\/uploads\/2024\/01\/portada-veronica.webp\" \/>\n\t\t<meta property=\"og:image:width\" content=\"800\" \/>\n\t\t<meta property=\"og:image:height\" content=\"800\" \/>\n\t\t<meta property=\"article:published_time\" content=\"2025-06-22T02:39:53+00:00\" \/>\n\t\t<meta property=\"article:modified_time\" content=\"2025-10-14T16:42:54+00:00\" \/>\n\t\t<meta property=\"article:publisher\" content=\"https:\/\/www.facebook.com\/soymigrantecom\" \/>\n\t\t<meta name=\"twitter:card\" content=\"summary_large_image\" \/>\n\t\t<meta name=\"twitter:site\" content=\"@SoyMigrante_com\" \/>\n\t\t<meta name=\"twitter:title\" content=\"Bienestar: Salud, Familia y Finanzas\" \/>\n\t\t<meta name=\"twitter:description\" content=\"Descubre consejos pr\u00e1cticos de salud, bienestar y cuidado personal pensados para migrantes y sus familias. Vive mejor, paso a paso.\" \/>\n\t\t<meta name=\"twitter:creator\" content=\"@SoyMigrante_com\" \/>\n\t\t<meta name=\"twitter:image\" content=\"https:\/\/soymigrante.com\/revista\/wp-content\/uploads\/2024\/01\/portada-veronica.webp\" \/>\n\t\t<!-- All in One SEO Pro -->\r\n\t\t<title>Bienestar: Salud, Familia y Finanzas<\/title>\n\n","aioseo_head_json":{"title":"Bienestar: Salud, Familia y Finanzas","description":"Descubre consejos pr\u00e1cticos de salud, bienestar y cuidado personal pensados para migrantes y sus familias. Vive mejor, paso a paso.","canonical_url":"https:\/\/soymigrante.com\/revista\/bienestar\/","robots":"max-snippet:-1, max-image-preview:large, max-video-preview:-1","keywords":"","webmasterTools":{"miscellaneous":"&lt;link rel=\"preconnect\" href=\"https:\/\/fonts.googleapis.com\" crossorigin&gt;\n&lt;link rel=\"preconnect\" href=\"https:\/\/fonts.gstatic.com\" crossorigin&gt;"},"schema":null,"og:locale":"es_ES","og:site_name":"SoyMigrante.com REVISTA \u2013 Nuestra misi\u00f3n es reconocer y dignificar al migrante.","og:type":"article","og:title":"Bienestar: Salud, Familia y Finanzas","og:description":"Descubre consejos pr\u00e1cticos de salud, bienestar y cuidado personal pensados para migrantes y sus familias. Vive mejor, paso a paso.","og:url":"https:\/\/soymigrante.com\/revista\/bienestar\/","og:image":"https:\/\/soymigrante.com\/revista\/wp-content\/uploads\/2024\/01\/portada-veronica.webp","og:image:secure_url":"https:\/\/soymigrante.com\/revista\/wp-content\/uploads\/2024\/01\/portada-veronica.webp","og:image:width":800,"og:image:height":800,"article:published_time":"2025-06-22T02:39:53+00:00","article:modified_time":"2025-10-14T16:42:54+00:00","article:publisher":"https:\/\/www.facebook.com\/soymigrantecom","twitter:card":"summary_large_image","twitter:site":"@SoyMigrante_com","twitter:title":"Bienestar: Salud, Familia y Finanzas","twitter:description":"Descubre consejos pr\u00e1cticos de salud, bienestar y cuidado personal pensados para migrantes y sus familias. Vive mejor, paso a paso.","twitter:creator":"@SoyMigrante_com","twitter:image":"https:\/\/soymigrante.com\/revista\/wp-content\/uploads\/2024\/01\/portada-veronica.webp"},"aioseo_meta_data":{"post_id":"37332","title":"#post_title","description":"Descubre consejos pr\u00e1cticos de salud, bienestar y cuidado personal pensados para migrantes y sus familias. Vive mejor, paso a paso.","keywords":null,"keyphrases":{"focus":{"keyphrase":"Mejor","score":60,"analysis":{"keyphraseInTitle":{"score":9,"maxScore":9,"error":0},"keyphraseInDescription":{"score":9,"maxScore":9,"error":0},"keyphraseLength":{"score":9,"maxScore":9,"error":0,"length":1},"keyphraseInURL":{"score":5,"maxScore":5,"error":0},"keyphraseInIntroduction":{"score":3,"maxScore":9,"error":1},"keyphraseInSubHeadings":{"score":3,"maxScore":9,"error":1},"keyphraseInImageAlt":{"score":3,"maxScore":9,"error":1},"keywordDensity":{"score":0,"type":"low","maxScore":9,"error":1}}},"additional":[]},"primary_term":null,"canonical_url":null,"og_title":null,"og_description":null,"og_object_type":"default","og_image_type":"default","og_image_url":null,"og_image_width":null,"og_image_height":null,"og_image_custom_url":null,"og_image_custom_fields":null,"og_video":"","og_custom_url":null,"og_article_section":null,"og_article_tags":null,"twitter_use_og":false,"twitter_card":"default","twitter_image_type":"default","twitter_image_url":null,"twitter_image_custom_url":null,"twitter_image_custom_fields":null,"twitter_title":null,"twitter_description":null,"schema":{"blockGraphs":[],"customGraphs":[],"default":{"data":{"Article":[],"Course":[],"Dataset":[],"FAQPage":[],"Movie":[],"Person":[],"Product":[],"ProductReview":[],"Car":[],"Recipe":[],"Service":[],"SoftwareApplication":[],"WebPage":[]},"graphName":"none","isEnabled":true},"graphs":[]},"schema_type":"default","schema_type_options":null,"pillar_content":false,"robots_default":true,"robots_noindex":false,"robots_noarchive":false,"robots_nosnippet":false,"robots_nofollow":false,"robots_noimageindex":false,"robots_noodp":false,"robots_notranslate":false,"robots_max_snippet":"-1","robots_max_videopreview":"-1","robots_max_imagepreview":"large","priority":null,"frequency":"default","local_seo":null,"seo_analyzer_scan_date":"2025-10-14 16:43:20","breadcrumb_settings":null,"limit_modified_date":false,"reviewed_by":"0","open_ai":"{\"title\":{\"suggestions\":[],\"usage\":0},\"description\":{\"suggestions\":[],\"usage\":0}}","ai":null,"created":"2025-06-22 02:37:17","updated":"2026-02-04 03:53:09"},"aioseo_breadcrumb":"<div class=\"aioseo-breadcrumbs\"><span class=\"aioseo-breadcrumb\">\n\t<a href=\"https:\/\/soymigrante.com\/revista\" title=\"Home\">Home<\/a>\n<\/span><span class=\"aioseo-breadcrumb-separator\">\u00bb<\/span><span class=\"aioseo-breadcrumb\">\n\tBienestar: Salud, Familia y Finanzas\n<\/span><\/div>","aioseo_breadcrumb_json":[{"label":"Home","link":"https:\/\/soymigrante.com\/revista"},{"label":"Bienestar: Salud, Familia y Finanzas","link":"https:\/\/soymigrante.com\/revista\/bienestar\/"}],"_links":{"self":[{"href":"https:\/\/soymigrante.com\/revista\/wp-json\/wp\/v2\/pages\/37332","targetHints":{"allow":["GET"]}}],"collection":[{"href":"https:\/\/soymigrante.com\/revista\/wp-json\/wp\/v2\/pages"}],"about":[{"href":"https:\/\/soymigrante.com\/revista\/wp-json\/wp\/v2\/types\/page"}],"author":[{"embeddable":true,"href":"https:\/\/soymigrante.com\/revista\/wp-json\/wp\/v2\/users\/6"}],"replies":[{"embeddable":true,"href":"https:\/\/soymigrante.com\/revista\/wp-json\/wp\/v2\/comments?post=37332"}],"version-history":[{"count":16,"href":"https:\/\/soymigrante.com\/revista\/wp-json\/wp\/v2\/pages\/37332\/revisions"}],"predecessor-version":[{"id":47245,"href":"https:\/\/soymigrante.com\/revista\/wp-json\/wp\/v2\/pages\/37332\/revisions\/47245"}],"wp:featuredmedia":[{"embeddable":true,"href":"https:\/\/soymigrante.com\/revista\/wp-json\/wp\/v2\/media\/4447"}],"wp:attachment":[{"href":"https:\/\/soymigrante.com\/revista\/wp-json\/wp\/v2\/media?parent=37332"}],"curies":[{"name":"wp","href":"https:\/\/api.w.org\/{rel}","templated":true}]}}