{"id":37236,"date":"2025-06-21T20:04:27","date_gmt":"2025-06-22T02:04:27","guid":{"rendered":"https:\/\/soymigrante.com\/revista\/?page_id=37236"},"modified":"2026-04-29T08:32:22","modified_gmt":"2026-04-29T14:32:22","slug":"simplified-migrantes-guatemaltecos-reconocimiento-y-dignidad-raices","status":"publish","type":"page","link":"https:\/\/soymigrante.com\/revista\/","title":{"rendered":"Migrantes guatemaltecos: reconocimiento y dignidad. Raices."},"content":{"rendered":"\t\t<div data-elementor-type=\"wp-page\" data-elementor-id=\"37236\" class=\"elementor elementor-37236\" data-elementor-post-type=\"page\">\n\t\t\t\t<div data-particle_enable=\"false\" data-particle-mobile-disabled=\"false\" class=\"elementor-element elementor-element-a51fb46 e-con-full e-flex e-con e-parent\" data-id=\"a51fb46\" data-element_type=\"container\" data-e-type=\"container\" data-settings=\"{&quot;background_background&quot;:&quot;classic&quot;}\">\n\t\t\t\t<div class=\"elementor-element elementor-element-35af240 elementor-widget elementor-widget-image\" data-id=\"35af240\" data-element_type=\"widget\" data-e-type=\"widget\" fetchpriority=\"high\" decoding=\"async\" data-widget_type=\"image.default\">\n\t\t\t\t\t\t\t\t\t\t\t\t\t\t\t<img fetchpriority=\"high\" decoding=\"async\" width=\"1140\" height=\"623\" src=\"https:\/\/soymigrante.com\/revista\/wp-content\/uploads\/2026\/04\/casa-de-los-abuelos-migrante-banner-1140x623.jpg\" class=\"attachment-newsy_1140x0 size-newsy_1140x0 wp-image-55633\" alt=\"casa de teja en momostenango fotos gustavo montenegro\" srcset=\"https:\/\/soymigrante.com\/revista\/wp-content\/uploads\/2026\/04\/casa-de-los-abuelos-migrante-banner-1140x623.jpg 1140w, https:\/\/soymigrante.com\/revista\/wp-content\/uploads\/2026\/04\/casa-de-los-abuelos-migrante-banner-300x164.jpg 300w, https:\/\/soymigrante.com\/revista\/wp-content\/uploads\/2026\/04\/casa-de-los-abuelos-migrante-banner-768x420.jpg 768w, https:\/\/soymigrante.com\/revista\/wp-content\/uploads\/2026\/04\/casa-de-los-abuelos-migrante-banner-1536x840.jpg 1536w, https:\/\/soymigrante.com\/revista\/wp-content\/uploads\/2026\/04\/casa-de-los-abuelos-migrante-banner-2048x1119.jpg 2048w, https:\/\/soymigrante.com\/revista\/wp-content\/uploads\/2026\/04\/casa-de-los-abuelos-migrante-banner-750x410.jpg 750w\" sizes=\"(max-width: 1140px) 100vw, 1140px\" title=\"casa de teja en momostenango fotos gustavo montenegro \u2013 SoyMigrante.com REVISTA\" \/>\t\t\t\t\t\t\t\t\t\t\t\t\t\t\t<\/div>\n\t\t<div data-particle_enable=\"false\" data-particle-mobile-disabled=\"false\" class=\"elementor-element elementor-element-7cabab1 e-con-full e-flex e-con e-child\" data-id=\"7cabab1\" data-element_type=\"container\" data-e-type=\"container\">\n\t\t\t\t<div class=\"elementor-element elementor-element-c48dc83 elementor-vertical-align-middle elementor-vertical-align-middle elementor-widget__width-auto elementor-widget elementor-widget-image-box\" data-id=\"c48dc83\" data-element_type=\"widget\" data-e-type=\"widget\" data-widget_type=\"image-box.default\">\n\t\t\t\t\t<div class=\"elementor-image-box-wrapper\"><div class=\"elementor-image-box-content\"><h4 class=\"elementor-image-box-title\">GUATEMALA<\/h4><\/div><\/div>\t\t\t\t<\/div>\n\t\t\t\t<div class=\"elementor-element elementor-element-2611233 elementor-widget__width-initial elementor-widget elementor-widget-heading\" data-id=\"2611233\" data-element_type=\"widget\" data-e-type=\"widget\" data-widget_type=\"heading.default\">\n\t\t\t\t\t<h2 class=\"elementor-heading-title elementor-size-default\"><b>Migrantes <br>guatemaltecos <\/b><br>anhelando el retorno<br>al pueblo querido<\/h2>\t\t\t\t<\/div>\n\t\t<div data-particle_enable=\"false\" data-particle-mobile-disabled=\"false\" class=\"elementor-element elementor-element-1352c9e e-con-full e-flex e-con e-child\" data-id=\"1352c9e\" data-element_type=\"container\" data-e-type=\"container\">\n\t\t\t\t<div class=\"elementor-element elementor-element-04c2786 elementor-widget__width-initial elementor-widget elementor-widget-heading\" data-id=\"04c2786\" data-element_type=\"widget\" data-e-type=\"widget\" data-widget_type=\"heading.default\">\n\t\t\t\t\t<h2 class=\"elementor-heading-title elementor-size-default\">S\u00famate a la comunidad (digital) <br>#1 de guatemaltecos en Estados Unidos<\/h2>\t\t\t\t<\/div>\n\t\t\t\t<\/div>\n\t\t<div data-particle_enable=\"false\" data-particle-mobile-disabled=\"false\" class=\"elementor-element elementor-element-56d2fc8 e-con-full e-flex e-con e-child\" data-id=\"56d2fc8\" data-element_type=\"container\" data-e-type=\"container\">\n\t\t<div data-particle_enable=\"false\" data-particle-mobile-disabled=\"false\" class=\"elementor-element elementor-element-25cbd3e e-con-full e-flex e-con e-child\" data-id=\"25cbd3e\" data-element_type=\"container\" data-e-type=\"container\">\n\t\t\t\t<div class=\"elementor-element elementor-element-81e443a elementor-widget elementor-widget-eael-creative-button\" data-id=\"81e443a\" data-element_type=\"widget\" data-e-type=\"widget\" data-widget_type=\"eael-creative-button.default\">\n\t\t\t\t\t        <div class=\"eael-creative-button-wrapper\">\n\n            <a class=\"eael-creative-button eael-creative-button--default eael-cb-icon-position-\" href=\"https:\/\/soymigrante.com\/revista\/unete-a-la-comunidad-de-miles-de-migrantes-guatemaltecos\/\" data-text=\"Go!\">\n            \t    \n                <div class=\"creative-button-inner\">\n\n                    \n                    <span class=\"cretive-button-text\">\u00daNETE AQU\u00ed<\/span>\n\n                                    <\/div>\n\t                        <\/a>\n        <\/div>\n        \t\t\t\t<\/div>\n\t\t\t\t<div class=\"elementor-element elementor-element-b435462 elementor-widget elementor-widget-image\" data-id=\"b435462\" data-element_type=\"widget\" data-e-type=\"widget\" data-widget_type=\"image.default\">\n\t\t\t\t\t\t\t\t\t\t\t\t\t\t\t<img decoding=\"async\" width=\"160\" height=\"50\" src=\"https:\/\/soymigrante.com\/revista\/wp-content\/uploads\/2025\/04\/SoyMigrateLogo-googleschme160x50.webp\" class=\"attachment-newsy_360x180 size-newsy_360x180 wp-image-30784\" alt=\"Migrante leyendo una revista en un entorno moderno, promoviendo informaci\u00f3n y cultura para la comunidad migrante en espa\u00f1ol.\" title=\"Migrantes guatemaltecos: reconocimiento y dignidad. Raices.. SoyMigrante.com Logo \u2013 SoyMigrante.com REVISTA\" \/>\t\t\t\t\t\t\t\t\t\t\t\t\t\t\t<\/div>\n\t\t\t\t<\/div>\n\t\t\t\t<\/div>\n\t\t\t\t<\/div>\n\t\t\t\t<\/div>\n\t\t\t\t<section data-particle_enable=\"false\" data-particle-mobile-disabled=\"false\" class=\"elementor-section elementor-top-section elementor-element elementor-element-af66804 elementor-section-full_width elementor-section-height-default elementor-section-height-default\" data-id=\"af66804\" data-element_type=\"section\" data-e-type=\"section\" fetchpriority=\"high\" decoding=\"async\">\n\t\t\t\t\t\t<div class=\"elementor-container elementor-column-gap-no\">\n\t\t\t\t\t<div class=\"elementor-column elementor-col-100 elementor-top-column elementor-element elementor-element-273c9ee\" data-id=\"273c9ee\" data-element_type=\"column\" data-e-type=\"column\">\n\t\t\t<div class=\"elementor-widget-wrap elementor-element-populated\">\n\t\t\t\t\t\t<div class=\"elementor-element elementor-element-6d770c0 elementor-widget elementor-widget-newsy_grid_6\" data-id=\"6d770c0\" data-element_type=\"widget\" data-e-type=\"widget\" id=\"recent-title\" data-widget_type=\"newsy_grid_6.default\">\n\t\t\t\t<div class=\"elementor-widget-container\">\n\t\t\t\t\t<div class=\"ak-block ak-block-grid ak-block-grid-6   ak-block-width-3 clearfix tg-gradient tg-focus\" id=\"block_69f7296189c2e_1\"><style scoped>#block_69f7296189c2e_1 .ak-block-header {--ak-block-title-text-color:#FFFFFF;}#block_69f7296189c2e_1 .ak-block-posts{ margin: -1px 0 0 -1px; }#block_69f7296189c2e_1 .ak-block-posts .ak-module-grid{ padding:1px 0 0 1px; }@media (min-width: 992px) {#block_69f7296189c2e_1 .ak-block-posts { height: 450px; } }<\/style><div class=\"ak-block-header ak-block-header-style-7 no-tabs\"><h4 class=\"ak-block-title\"><span class=\"title-text\"><i class=\"ak-icon  ak-fi akfi-timer\"><\/i><span>LO M\u00c1S RECIENTE<\/span><\/span><\/h4><\/div><div class=\"ak-block-inner clearfix\"><div class=\"ak-block-posts clearfix\">\t\t<article class=\"ak-module ak-module-grid ak-module-grid-big ak-block-item-1 clearfix post-37741 post type-post status-publish format-standard has-post-thumbnail  category-guate-nuestra\">\n\t\t\t<div class=\"ak-module-inner clearfix\">\n\t\t\t\t<div class=\"ak-module-grid-wrap\">\n\t\t\t\t\t<div class=\"ak-module-featured\">\n\t\t\t\t\t<div class=\"ak-module-badges\"><\/div>\t\t\t\t\t\t\t\t\t\t<div class=\"ak-featured-cover\"><a href=\"https:\/\/soymigrante.com\/revista\/el-calvario-de-antigua-guatemala-una-joya-de-fe\/\" class=\"ak-featured-link\" rel=\"bookmark\" title=\"El Calvario de Antigua Guatemala: una emblem\u00e1tica joya de fe e historia\"><div class=\"ak-featured-thumb lazy-thumb background-thumb  size-715\">\n                        <div class=\"lazyload\" title=\"Fachada de una iglesia colonial en Guatemala con monta\u00f1as en el fondo, resaltando su arquitectura colorida y historia cultural.\" data-bgset=\"https:\/\/soymigrante.com\/revista\/wp-content\/uploads\/2025\/06\/el-calvario-1-e1750872413599.webp 800w\" ><\/div>\n                      <\/div><\/a><\/div>\t\t\t\t\t<\/div>\n\t\t\t\t\t<div class=\"ak-module-details\">\n\t\t\t\t\t\t<div class=\"ak-module-terms inline_badge\"><a class=\"term-58\" href=\"https:\/\/soymigrante.com\/revista\/category\/guate-nuestra\/\">Guate Nuestra<\/a><\/div>\t\t\t\t\t\t<h3 class=\"ak-module-title\"><a href=\"https:\/\/soymigrante.com\/revista\/el-calvario-de-antigua-guatemala-una-joya-de-fe\/\" rel=\"bookmark\" title=\"El Calvario de Antigua Guatemala: una emblem\u00e1tica joya de fe e historia\">El Calvario de Antigua Guatemala: una emblem\u00e1tica joya de fe e historia<\/a><\/h3>\t\t\t\t\t\t<div class=\"ak-module-meta\"><div class=\"ak-module-time\"><a href=\"https:\/\/soymigrante.com\/revista\/el-calvario-de-antigua-guatemala-una-joya-de-fe\/\" class=\"ak-module-meta-published\"><i class=\"ak-icon akfi-schedule\"><\/i>19 horas ago<\/a><\/div><\/div>\t\t\t\t\t<\/div>\n\t\t\t\t<\/div>\n\t\t\t<\/div>\n\t\t<\/article>\n\t\t\t\t<article class=\"ak-module ak-module-grid ak-module-grid-big ak-block-item-2 clearfix post-48376 post type-post status-publish format-standard has-post-thumbnail  category-guate-nuestra tag-mercado-emprendedores\">\n\t\t\t<div class=\"ak-module-inner clearfix\">\n\t\t\t\t<div class=\"ak-module-grid-wrap\">\n\t\t\t\t\t<div class=\"ak-module-featured\">\n\t\t\t\t\t<div class=\"ak-module-badges\"><\/div>\t\t\t\t\t\t\t\t\t\t<div class=\"ak-featured-cover\"><a href=\"https:\/\/soymigrante.com\/revista\/emprendedor-luis-galindo-desafia-barreras-con-rosarios-y-collares-la-vision-del-tocar\/\" class=\"ak-featured-link\" rel=\"bookmark\" title=\"Emprendedor Luis Galindo desaf\u00eda barreras con rosarios y collares La Visi\u00f3n del Tocar\"><div class=\"ak-featured-thumb lazy-thumb background-thumb  size-715\">\n                        <div class=\"lazyload\" title=\"luis galindo emprendedor la vision del tocar\" data-bgset=\"https:\/\/soymigrante.com\/revista\/wp-content\/uploads\/2025\/11\/luis-galindo-emprendedor-la-vision-del-tocar-750x536.jpg 800w\" ><\/div>\n                      <\/div><\/a><\/div>\t\t\t\t\t<\/div>\n\t\t\t\t\t<div class=\"ak-module-details\">\n\t\t\t\t\t\t<div class=\"ak-module-terms inline_badge\"><a class=\"term-58\" href=\"https:\/\/soymigrante.com\/revista\/category\/guate-nuestra\/\">Guate Nuestra<\/a><\/div>\t\t\t\t\t\t<h3 class=\"ak-module-title\"><a href=\"https:\/\/soymigrante.com\/revista\/emprendedor-luis-galindo-desafia-barreras-con-rosarios-y-collares-la-vision-del-tocar\/\" rel=\"bookmark\" title=\"Emprendedor Luis Galindo desaf\u00eda barreras con rosarios y collares La Visi\u00f3n del Tocar\">Emprendedor Luis Galindo desaf\u00eda barreras con rosarios y collares La Visi\u00f3n del Tocar<\/a><\/h3>\t\t\t\t\t\t<div class=\"ak-module-meta\"><div class=\"ak-module-time\"><a href=\"https:\/\/soymigrante.com\/revista\/emprendedor-luis-galindo-desafia-barreras-con-rosarios-y-collares-la-vision-del-tocar\/\" class=\"ak-module-meta-published\"><i class=\"ak-icon akfi-schedule\"><\/i>20 horas ago<\/a><\/div><\/div>\t\t\t\t\t<\/div>\n\t\t\t\t<\/div>\n\t\t\t<\/div>\n\t\t<\/article>\n\t\t\t\t<article class=\"ak-module ak-module-grid ak-module-grid-big ak-block-item-3 clearfix post-24378 post type-post status-publish format-standard has-post-thumbnail  category-guate-nuestra tag-calendario-de-ferias\">\n\t\t\t<div class=\"ak-module-inner clearfix\">\n\t\t\t\t<div class=\"ak-module-grid-wrap\">\n\t\t\t\t\t<div class=\"ak-module-featured\">\n\t\t\t\t\t<div class=\"ak-module-badges\"><\/div>\t\t\t\t\t\t\t\t\t\t<div class=\"ak-featured-cover\"><a href=\"https:\/\/soymigrante.com\/revista\/procesion-acuatica-del-nino-dios-en-amatitlan-fe-tradicion-y-una-cronica-de-la-infancia\/\" class=\"ak-featured-link\" rel=\"bookmark\" title=\"Procesi\u00f3n acu\u00e1tica del Ni\u00f1o Dios en Amatitl\u00e1n: Tradici\u00f3n, memoria y presente\"><div class=\"ak-featured-thumb lazy-thumb background-thumb  size-715\">\n                        <div class=\"lazyload\" title=\"mural de la feria de amatitlan 2026 por el artista Edison de la Cruz\" data-bgset=\"https:\/\/soymigrante.com\/revista\/wp-content\/uploads\/2026\/05\/mural-de-la-feria-de-amatitlan-2026-por-el-artista-Edison-de-la-Cruz-673x536.jpg 800w\" ><\/div>\n                      <\/div><\/a><\/div>\t\t\t\t\t<\/div>\n\t\t\t\t\t<div class=\"ak-module-details\">\n\t\t\t\t\t\t<div class=\"ak-module-terms inline_badge\"><a class=\"term-58\" href=\"https:\/\/soymigrante.com\/revista\/category\/guate-nuestra\/\">Guate Nuestra<\/a><\/div>\t\t\t\t\t\t<h3 class=\"ak-module-title\"><a href=\"https:\/\/soymigrante.com\/revista\/procesion-acuatica-del-nino-dios-en-amatitlan-fe-tradicion-y-una-cronica-de-la-infancia\/\" rel=\"bookmark\" title=\"Procesi\u00f3n acu\u00e1tica del Ni\u00f1o Dios en Amatitl\u00e1n: Tradici\u00f3n, memoria y presente\">Procesi\u00f3n acu\u00e1tica del Ni\u00f1o Dios en Amatitl\u00e1n: Tradici\u00f3n, memoria y presente<\/a><\/h3>\t\t\t\t\t\t<div class=\"ak-module-meta\"><div class=\"ak-module-time\"><a href=\"https:\/\/soymigrante.com\/revista\/procesion-acuatica-del-nino-dios-en-amatitlan-fe-tradicion-y-una-cronica-de-la-infancia\/\" class=\"ak-module-meta-published\"><i class=\"ak-icon akfi-schedule\"><\/i>20 horas ago<\/a><\/div><\/div>\t\t\t\t\t<\/div>\n\t\t\t\t<\/div>\n\t\t\t<\/div>\n\t\t<\/article>\n\t\t<\/div><\/div><\/div>\t\t\t\t<\/div>\n\t\t\t\t<\/div>\n\t\t\t\t<div class=\"elementor-element elementor-element-1adefc9 elementor-widget elementor-widget-newsy_newsticker\" data-id=\"1adefc9\" data-element_type=\"widget\" data-e-type=\"widget\" data-widget_type=\"newsy_newsticker.default\">\n\t\t\t\t<div class=\"elementor-widget-container\">\n\t\t\t\t\t<div class=\"ak-block ak-block-newsticker  ak-block-width-3 ak-slider-container clearfix\" id=\"block_69f7296189c2e_2\"><style scoped>#block_69f7296189c2e_2 {--ak-block-accent-color:#020101;}#block_69f7296189c2e_2 .ak-block-header {--ak-block-title-text-size:14px;--ak-block-title-text-color:#FFFFFF;--ak-block-title-bg-color:#E6007E;}<\/style><div class=\"ak-block-header ak-block-header-style-8 no-tabs\"><h4 class=\"ak-block-title\"><span class=\"title-text\"><i class=\"ak-icon  fa fa-bolt\"><\/i><span>NOTICIAS<\/span><\/span><\/h4><\/div><div class=\"ak-block-inner clearfix\"><div class=\"ak-block-posts clearfix\"><div class=\"ak-newsticker-item\">\n\t\t\t\t\t<span>\n\t\t\t\t\t\t<a href=\"https:\/\/soymigrante.com\/revista\/multas-a-migrantes-indocumentados-tactica-para-presionar-autodeportacion-desde-usa\/\" >Multas a migrantes indocumentados: t\u00e1ctica  para presionar autodeportaci\u00f3n desde USA<\/a>\n\t\t\t\t\t<\/span>\n\t\t\t\t\t<span class=\"newsticker-date\">\n\t\t\t\t\t\t3 d\u00edas ago\n\t\t\t\t\t<\/span>\n\t\t\t\t<\/div><div class=\"ak-newsticker-item\">\n\t\t\t\t\t<span>\n\t\t\t\t\t\t<a href=\"https:\/\/soymigrante.com\/revista\/migrantes-pagan-mas-impuestos-que-el-promedio-en-estados-unidos-afirma-estudio-de-cato-institute\/\" >Migrantes pagan m\u00e1s impuestos que el promedio en Estados Unidos, afirma estudio de CATO Institute<\/a>\n\t\t\t\t\t<\/span>\n\t\t\t\t\t<span class=\"newsticker-date\">\n\t\t\t\t\t\t4 d\u00edas ago\n\t\t\t\t\t<\/span>\n\t\t\t\t<\/div><div class=\"ak-newsticker-item\">\n\t\t\t\t\t<span>\n\t\t\t\t\t\t<a href=\"https:\/\/soymigrante.com\/revista\/corte-reactiva-ley-antimigrante-sb4-de-texas-policia-estatal-podria-capturar-a-indocumentados\/\" >Corte reactiva ley antimigrante SB4 de Texas: polic\u00eda estatal podr\u00eda capturar a indocumentados<\/a>\n\t\t\t\t\t<\/span>\n\t\t\t\t\t<span class=\"newsticker-date\">\n\t\t\t\t\t\t6 d\u00edas ago\n\t\t\t\t\t<\/span>\n\t\t\t\t<\/div><\/div><script>var ak_slider_data_block_69f7296189c2e_2 = {\"atts\":{\"slider_autoplay\":\"enabled\",\"slider_autoplay_timeout\":\"3000\",\"slider_autoplay_speed\":\"1000\",\"slider_speed\":\"250\",\"slide_count_desktop\":\"1\",\"slide_count_notebook\":\"1\",\"slide_count_tablet\":\"1\",\"slider_axis\":\"vertical\",\"slider_nav\":\"enabled\",\"slider_loop\":\"enabled\"},\"id\":\"block_69f7296189c2e_2\"};<\/script><\/div><\/div>\t\t\t\t<\/div>\n\t\t\t\t<\/div>\n\t\t\t\t\t<\/div>\n\t\t<\/div>\n\t\t\t\t\t<\/div>\n\t\t<\/section>\n\t\t<div data-particle_enable=\"false\" data-particle-mobile-disabled=\"false\" class=\"elementor-element elementor-element-30fa145 e-flex e-con-boxed e-con e-parent\" data-id=\"30fa145\" data-element_type=\"container\" data-e-type=\"container\">\n\t\t\t\t\t<div class=\"e-con-inner\">\n\t\t\t\t<div class=\"elementor-element elementor-element-7309431 elementor-widget elementor-widget-spacer\" data-id=\"7309431\" data-element_type=\"widget\" data-e-type=\"widget\" data-widget_type=\"spacer.default\">\n\t\t\t\t\t\t\t<div class=\"elementor-spacer\">\n\t\t\t<div class=\"elementor-spacer-inner\"><\/div>\n\t\t<\/div>\n\t\t\t\t\t\t<\/div>\n\t\t\t\t<div class=\"elementor-element elementor-element-62be6c8 elementor-hidden-desktop elementor-hidden-tablet elementor-widget elementor-widget-html\" data-id=\"62be6c8\" data-element_type=\"widget\" data-e-type=\"widget\" data-widget_type=\"html.default\">\n\t\t\t\t\t<div style=\"text-align: center;\">\n<!-- Revive Adserver Hosted edition Asynchronous JS Tag - Generated with Revive Adserver v5.5.2 -->\n<ins data-revive-zoneid=\"24762\" data-revive-id=\"727bec5e09208690b050ccfc6a45d384\"><\/ins>\n<script async src=\"\/\/servedby.revive-adserver.net\/asyncjs.php\"><\/script>\n<\/div>\n\t\t\t\t<\/div>\n\t\t\t\t<div class=\"elementor-element elementor-element-5728528 elementor-hidden-mobile elementor-widget elementor-widget-html\" data-id=\"5728528\" data-element_type=\"widget\" data-e-type=\"widget\" data-widget_type=\"html.default\">\n\t\t\t\t\t<div style=\"text-align: center;\">\n<!-- Revive Adserver Hosted edition Asynchronous JS Tag - Generated with Revive Adserver v5.5.2 -->\n<ins data-revive-zoneid=\"24763\" data-revive-id=\"727bec5e09208690b050ccfc6a45d384\"><\/ins>\n<script async src=\"\/\/servedby.revive-adserver.net\/asyncjs.php\"><\/script>\n<\/div>\n\t\t\t\t<\/div>\n\t\t\t\t<div class=\"elementor-element elementor-element-a0c5163 elementor-widget elementor-widget-search\" data-id=\"a0c5163\" data-element_type=\"widget\" data-e-type=\"widget\" data-settings=\"{&quot;submit_trigger&quot;:&quot;click_submit&quot;,&quot;pagination_type_options&quot;:&quot;none&quot;}\" data-widget_type=\"search.default\">\n\t\t\t\t\t\t\t<search class=\"e-search hidden\" role=\"search\">\n\t\t\t<form class=\"e-search-form\" action=\"https:\/\/soymigrante.com\/revista\" method=\"get\">\n\n\t\t\t\t\n\t\t\t\t<label class=\"e-search-label\" for=\"search-a0c5163\">\n\t\t\t\t\t<span class=\"elementor-screen-only\">\n\t\t\t\t\t\tBuscar\t\t\t\t\t<\/span>\n\t\t\t\t\t\t\t\t\t<\/label>\n\n\t\t\t\t<div class=\"e-search-input-wrapper\">\n\t\t\t\t\t<input id=\"search-a0c5163\" placeholder=\"Escribe para buscar...\" class=\"e-search-input\" type=\"search\" name=\"s\" value=\"\" autocomplete=\"on\" role=\"combobox\" aria-autocomplete=\"list\" aria-expanded=\"false\" aria-controls=\"results-a0c5163\" aria-haspopup=\"listbox\">\n\t\t\t\t\t<i aria-hidden=\"true\" class=\"fas fa-times\"><\/i>\t\t\t\t\t\t\t\t\t\t<output id=\"results-a0c5163\" class=\"e-search-results-container hide-loader\" aria-live=\"polite\" aria-atomic=\"true\" aria-label=\"Resultados de b\u00fasqueda\" tabindex=\"0\">\n\t\t\t\t\t\t<div class=\"e-search-results\"><\/div>\n\t\t\t\t\t\t\t\t\t\t\t<\/output>\n\t\t\t\t\t\t\t\t\t<\/div>\n\t\t\t\t\n\t\t\t\t\n\t\t\t\t<button class=\"e-search-submit  \" type=\"submit\">\n\t\t\t\t\t\n\t\t\t\t\t\t\t\t\t\t<span class=\"\">\n\t\t\t\t\t\tBuscar\t\t\t\t\t<\/span>\n\t\t\t\t\t\t\t\t\t<\/button>\n\t\t\t\t<input type=\"hidden\" name=\"e_search_props\" value=\"a0c5163-37236\">\n\t\t\t<\/form>\n\t\t<\/search>\n\t\t\t\t\t\t<\/div>\n\t\t<div data-particle_enable=\"false\" data-particle-mobile-disabled=\"false\" class=\"elementor-element elementor-element-dd2e827 e-con-full e-grid e-con e-child\" data-id=\"dd2e827\" data-element_type=\"container\" data-e-type=\"container\" fetchpriority=\"high\" decoding=\"async\">\n\t\t<div data-particle_enable=\"false\" data-particle-mobile-disabled=\"false\" class=\"elementor-element elementor-element-2c7adc8 e-con-full e-flex e-con e-child\" data-id=\"2c7adc8\" data-element_type=\"container\" data-e-type=\"container\">\n\t\t\t\t<div class=\"elementor-element elementor-element-40f5bbc elementor-widget elementor-widget-newsy_list_1_small_square\" data-id=\"40f5bbc\" data-element_type=\"widget\" data-e-type=\"widget\" data-widget_type=\"newsy_list_1_small_square.default\">\n\t\t\t\t<div class=\"elementor-widget-container\">\n\t\t\t\t\t<div class=\"ak-block ak-block-list-1-small-square ak-block-column  ak-block-width-1 clearfix\" id=\"block_69f7296189c2e_3\"><div class=\"ak-block-header ak-block-header-style-9 no-tabs\"><h4 class=\"ak-block-title\"><a href=\"https:\/\/soymigrante.com\/revista\/tierra-nuestra\/\"><span class=\"title-text\"><i class=\"ak-icon  fa fa-heart\"><\/i><span>Tierra Nuestra<\/span><\/span><i class=\"fa fa-angle-double-right\"><\/i><\/a><\/h4><\/div><div class=\"ak-block-inner clearfix\"><div class=\"ak-block-posts clearfix\">\t\t<article class=\"ak-module ak-module-1-small-square ak-column-module clearfix post-37741 post type-post status-publish format-standard has-post-thumbnail  category-guate-nuestra\">\n\t\t\t<div class=\"ak-module-inner clearfix\">\n\t\t\t\t<div class=\"ak-module-featured\">\n\t\t\t\t\t<div class=\"ak-featured-cover\"><a href=\"https:\/\/soymigrante.com\/revista\/el-calvario-de-antigua-guatemala-una-joya-de-fe\/\" class=\"ak-featured-link\" rel=\"bookmark\" title=\"El Calvario de Antigua Guatemala: una emblem\u00e1tica joya de fe e historia\"><div class=\"ak-featured-thumb lazy-thumb size-1000\" ><img decoding=\"async\" width=\"75\" height=\"75\" src=\"data:image\/gif;base64,R0lGODlhAQABAAAAACH5BAEKAAEALAAAAAABAAEAAAICTAEAOw==\" class=\"attachment-newsy_75x75 size-newsy_75x75 lazyload wp-post-image\" alt=\"Fachada de una iglesia colonial en Guatemala con monta\u00f1as en el fondo, resaltando su arquitectura colorida y historia cultural.\" data-src=\"https:\/\/soymigrante.com\/revista\/wp-content\/uploads\/2025\/06\/el-calvario-1-e1750872413599-75x75.webp\" data-sizes=\"auto\" data-srcset=\"https:\/\/soymigrante.com\/revista\/wp-content\/uploads\/2025\/06\/el-calvario-1-e1750872413599-75x75.webp 75w, https:\/\/soymigrante.com\/revista\/wp-content\/uploads\/2025\/06\/el-calvario-1-e1750872413599-300x300.webp 300w, https:\/\/soymigrante.com\/revista\/wp-content\/uploads\/2025\/06\/el-calvario-1-e1750872413599-150x150.webp 150w, https:\/\/soymigrante.com\/revista\/wp-content\/uploads\/2025\/06\/el-calvario-1-e1750872413599.webp 316w\" data-expand=\"700\" \/><\/div><\/a><\/div>\t\t\t\t<\/div>\n\t\t\t\t<div class=\"ak-module-details\">\n\t\t\t\t\t<h3 class=\"ak-module-title\"><a href=\"https:\/\/soymigrante.com\/revista\/el-calvario-de-antigua-guatemala-una-joya-de-fe\/\" rel=\"bookmark\" title=\"El Calvario de Antigua Guatemala: una emblem\u00e1tica joya de fe e historia\">El Calvario de Antigua Guatemala: una emblem\u00e1tica joya de fe e historia<\/a><\/h3><div class=\"ak-module-meta\"><div class=\"ak-module-time\"><a href=\"https:\/\/soymigrante.com\/revista\/el-calvario-de-antigua-guatemala-una-joya-de-fe\/\" class=\"ak-module-meta-published\"><i class=\"ak-icon akfi-schedule\"><\/i>02\/05\/2026<\/a><\/div><\/div>\t\t\t\t<\/div>\n\t\t\t<\/div>\n\t\t<\/article>\n\t\t\t\t<article class=\"ak-module ak-module-1-small-square ak-column-module clearfix post-48376 post type-post status-publish format-standard has-post-thumbnail  category-guate-nuestra tag-mercado-emprendedores\">\n\t\t\t<div class=\"ak-module-inner clearfix\">\n\t\t\t\t<div class=\"ak-module-featured\">\n\t\t\t\t\t<div class=\"ak-featured-cover\"><a href=\"https:\/\/soymigrante.com\/revista\/emprendedor-luis-galindo-desafia-barreras-con-rosarios-y-collares-la-vision-del-tocar\/\" class=\"ak-featured-link\" rel=\"bookmark\" title=\"Emprendedor Luis Galindo desaf\u00eda barreras con rosarios y collares La Visi\u00f3n del Tocar\"><div class=\"ak-featured-thumb lazy-thumb size-1000\" ><img loading=\"lazy\" decoding=\"async\" width=\"75\" height=\"75\" src=\"data:image\/gif;base64,R0lGODlhAQABAAAAACH5BAEKAAEALAAAAAABAAEAAAICTAEAOw==\" class=\"attachment-newsy_75x75 size-newsy_75x75 lazyload wp-post-image\" alt=\"luis galindo emprendedor la vision del tocar\" data-src=\"https:\/\/soymigrante.com\/revista\/wp-content\/uploads\/2025\/11\/luis-galindo-emprendedor-la-vision-del-tocar-75x75.jpg\" data-sizes=\"auto\" data-srcset=\"https:\/\/soymigrante.com\/revista\/wp-content\/uploads\/2025\/11\/luis-galindo-emprendedor-la-vision-del-tocar-75x75.jpg 75w, https:\/\/soymigrante.com\/revista\/wp-content\/uploads\/2025\/11\/luis-galindo-emprendedor-la-vision-del-tocar-300x300.jpg 300w, https:\/\/soymigrante.com\/revista\/wp-content\/uploads\/2025\/11\/luis-galindo-emprendedor-la-vision-del-tocar-150x150.jpg 150w, https:\/\/soymigrante.com\/revista\/wp-content\/uploads\/2025\/11\/luis-galindo-emprendedor-la-vision-del-tocar-768x768.jpg 768w, https:\/\/soymigrante.com\/revista\/wp-content\/uploads\/2025\/11\/luis-galindo-emprendedor-la-vision-del-tocar-750x750.jpg 750w, https:\/\/soymigrante.com\/revista\/wp-content\/uploads\/2025\/11\/luis-galindo-emprendedor-la-vision-del-tocar.jpg 960w\" data-expand=\"700\" \/><\/div><\/a><\/div>\t\t\t\t<\/div>\n\t\t\t\t<div class=\"ak-module-details\">\n\t\t\t\t\t<h3 class=\"ak-module-title\"><a href=\"https:\/\/soymigrante.com\/revista\/emprendedor-luis-galindo-desafia-barreras-con-rosarios-y-collares-la-vision-del-tocar\/\" rel=\"bookmark\" title=\"Emprendedor Luis Galindo desaf\u00eda barreras con rosarios y collares La Visi\u00f3n del Tocar\">Emprendedor Luis Galindo desaf\u00eda barreras con rosarios y collares La Visi\u00f3n&hellip;<\/a><\/h3><div class=\"ak-module-meta\"><div class=\"ak-module-time\"><a href=\"https:\/\/soymigrante.com\/revista\/emprendedor-luis-galindo-desafia-barreras-con-rosarios-y-collares-la-vision-del-tocar\/\" class=\"ak-module-meta-published\"><i class=\"ak-icon akfi-schedule\"><\/i>02\/05\/2026<\/a><\/div><\/div>\t\t\t\t<\/div>\n\t\t\t<\/div>\n\t\t<\/article>\n\t\t\t\t<article class=\"ak-module ak-module-1-small-square ak-column-module clearfix post-24378 post type-post status-publish format-standard has-post-thumbnail  category-guate-nuestra tag-calendario-de-ferias\">\n\t\t\t<div class=\"ak-module-inner clearfix\">\n\t\t\t\t<div class=\"ak-module-featured\">\n\t\t\t\t\t<div class=\"ak-featured-cover\"><a href=\"https:\/\/soymigrante.com\/revista\/procesion-acuatica-del-nino-dios-en-amatitlan-fe-tradicion-y-una-cronica-de-la-infancia\/\" class=\"ak-featured-link\" rel=\"bookmark\" title=\"Procesi\u00f3n acu\u00e1tica del Ni\u00f1o Dios en Amatitl\u00e1n: Tradici\u00f3n, memoria y presente\"><div class=\"ak-featured-thumb lazy-thumb size-1000\" ><img loading=\"lazy\" decoding=\"async\" width=\"75\" height=\"75\" src=\"data:image\/gif;base64,R0lGODlhAQABAAAAACH5BAEKAAEALAAAAAABAAEAAAICTAEAOw==\" class=\"attachment-newsy_75x75 size-newsy_75x75 lazyload wp-post-image\" alt=\"mural de la feria de amatitlan 2026 por el artista Edison de la Cruz\" data-src=\"https:\/\/soymigrante.com\/revista\/wp-content\/uploads\/2026\/05\/mural-de-la-feria-de-amatitlan-2026-por-el-artista-Edison-de-la-Cruz-75x75.jpg\" data-sizes=\"auto\" data-srcset=\"https:\/\/soymigrante.com\/revista\/wp-content\/uploads\/2026\/05\/mural-de-la-feria-de-amatitlan-2026-por-el-artista-Edison-de-la-Cruz-75x75.jpg 75w, https:\/\/soymigrante.com\/revista\/wp-content\/uploads\/2026\/05\/mural-de-la-feria-de-amatitlan-2026-por-el-artista-Edison-de-la-Cruz-300x300.jpg 300w, https:\/\/soymigrante.com\/revista\/wp-content\/uploads\/2026\/05\/mural-de-la-feria-de-amatitlan-2026-por-el-artista-Edison-de-la-Cruz-150x150.jpg 150w, https:\/\/soymigrante.com\/revista\/wp-content\/uploads\/2026\/05\/mural-de-la-feria-de-amatitlan-2026-por-el-artista-Edison-de-la-Cruz.jpg 673w\" data-expand=\"700\" \/><\/div><\/a><\/div>\t\t\t\t<\/div>\n\t\t\t\t<div class=\"ak-module-details\">\n\t\t\t\t\t<h3 class=\"ak-module-title\"><a href=\"https:\/\/soymigrante.com\/revista\/procesion-acuatica-del-nino-dios-en-amatitlan-fe-tradicion-y-una-cronica-de-la-infancia\/\" rel=\"bookmark\" title=\"Procesi\u00f3n acu\u00e1tica del Ni\u00f1o Dios en Amatitl\u00e1n: Tradici\u00f3n, memoria y presente\">Procesi\u00f3n acu\u00e1tica del Ni\u00f1o Dios en Amatitl\u00e1n: Tradici\u00f3n, memoria y&hellip;<\/a><\/h3><div class=\"ak-module-meta\"><div class=\"ak-module-time\"><a href=\"https:\/\/soymigrante.com\/revista\/procesion-acuatica-del-nino-dios-en-amatitlan-fe-tradicion-y-una-cronica-de-la-infancia\/\" class=\"ak-module-meta-published\"><i class=\"ak-icon akfi-schedule\"><\/i>02\/05\/2026<\/a><\/div><\/div>\t\t\t\t<\/div>\n\t\t\t<\/div>\n\t\t<\/article>\n\t\t\t\t<article class=\"ak-module ak-module-1-small-square ak-column-module clearfix post-55787 post type-post status-publish format-standard has-post-thumbnail  category-nombres-de-guatemala tag-abc-de-nombres-de-lugares-de-guatemala\">\n\t\t\t<div class=\"ak-module-inner clearfix\">\n\t\t\t\t<div class=\"ak-module-featured\">\n\t\t\t\t\t<div class=\"ak-featured-cover\"><a href=\"https:\/\/soymigrante.com\/revista\/que-significan-nombres-de-lugares-de-guatemala-letra-f\/\" class=\"ak-featured-link\" rel=\"bookmark\" title=\"\u00bfQu\u00e9 significan  nombres de lugares de Guatemala? &#8211; Letra F\"><div class=\"ak-featured-thumb lazy-thumb size-1000\" ><img loading=\"lazy\" decoding=\"async\" width=\"75\" height=\"75\" src=\"data:image\/gif;base64,R0lGODlhAQABAAAAACH5BAEKAAEALAAAAAABAAEAAAICTAEAOw==\" class=\"attachment-newsy_75x75 size-newsy_75x75 lazyload wp-post-image\" alt=\"Nombres de Lugares de Guatemala letra F 2\" data-src=\"https:\/\/soymigrante.com\/revista\/wp-content\/uploads\/2026\/05\/Nombres-de-Lugares-de-Guatemala-letra-F-2-75x75.png\" data-sizes=\"auto\" data-srcset=\"https:\/\/soymigrante.com\/revista\/wp-content\/uploads\/2026\/05\/Nombres-de-Lugares-de-Guatemala-letra-F-2-75x75.png 75w, https:\/\/soymigrante.com\/revista\/wp-content\/uploads\/2026\/05\/Nombres-de-Lugares-de-Guatemala-letra-F-2-300x300.png 300w, https:\/\/soymigrante.com\/revista\/wp-content\/uploads\/2026\/05\/Nombres-de-Lugares-de-Guatemala-letra-F-2-1024x1024.png 1024w, https:\/\/soymigrante.com\/revista\/wp-content\/uploads\/2026\/05\/Nombres-de-Lugares-de-Guatemala-letra-F-2-150x150.png 150w, https:\/\/soymigrante.com\/revista\/wp-content\/uploads\/2026\/05\/Nombres-de-Lugares-de-Guatemala-letra-F-2-768x768.png 768w, https:\/\/soymigrante.com\/revista\/wp-content\/uploads\/2026\/05\/Nombres-de-Lugares-de-Guatemala-letra-F-2-750x750.png 750w, https:\/\/soymigrante.com\/revista\/wp-content\/uploads\/2026\/05\/Nombres-de-Lugares-de-Guatemala-letra-F-2-1140x1140.png 1140w, https:\/\/soymigrante.com\/revista\/wp-content\/uploads\/2026\/05\/Nombres-de-Lugares-de-Guatemala-letra-F-2.png 1254w\" data-expand=\"700\" \/><\/div><\/a><\/div>\t\t\t\t<\/div>\n\t\t\t\t<div class=\"ak-module-details\">\n\t\t\t\t\t<h3 class=\"ak-module-title\"><a href=\"https:\/\/soymigrante.com\/revista\/que-significan-nombres-de-lugares-de-guatemala-letra-f\/\" rel=\"bookmark\" title=\"\u00bfQu\u00e9 significan  nombres de lugares de Guatemala? &#8211; Letra F\">\u00bfQu\u00e9 significan  nombres de lugares de Guatemala? &#8211; Letra F<\/a><\/h3><div class=\"ak-module-meta\"><div class=\"ak-module-time\"><a href=\"https:\/\/soymigrante.com\/revista\/que-significan-nombres-de-lugares-de-guatemala-letra-f\/\" class=\"ak-module-meta-published\"><i class=\"ak-icon akfi-schedule\"><\/i>01\/05\/2026<\/a><\/div><\/div>\t\t\t\t<\/div>\n\t\t\t<\/div>\n\t\t<\/article>\n\t\t\t\t<article class=\"ak-module ak-module-1-small-square ak-column-module clearfix post-55733 post type-post status-publish format-standard has-post-thumbnail  category-guate-nuestra\">\n\t\t\t<div class=\"ak-module-inner clearfix\">\n\t\t\t\t<div class=\"ak-module-featured\">\n\t\t\t\t\t<div class=\"ak-featured-cover\"><a href=\"https:\/\/soymigrante.com\/revista\/vengo-de-una-cultura-de-tejedores-artista-kaqchiqel-angelica-serech-expone-obras-en-sydney-y-en-suiza\/\" class=\"ak-featured-link\" rel=\"bookmark\" title=\"&#8220;Vengo de una cultura de tejedores&#8221;: artista k&#8217;aqchiq&#8217;el Ang\u00e9lica Serech expone obras en Sydney y en Suiza\"><div class=\"ak-featured-thumb lazy-thumb size-1000\" ><img loading=\"lazy\" decoding=\"async\" width=\"75\" height=\"75\" src=\"data:image\/gif;base64,R0lGODlhAQABAAAAACH5BAEKAAEALAAAAAABAAEAAAICTAEAOw==\" class=\"attachment-newsy_75x75 size-newsy_75x75 lazyload wp-post-image\" alt=\"Artista maya kaqchiqel Angelica Serech expone tejidos en Sydney y Suiza Guatemalteca de Comalapa 1\" data-src=\"https:\/\/soymigrante.com\/revista\/wp-content\/uploads\/2026\/04\/Artista-maya-kaqchiqel-Angelica-Serech-expone-tejidos-en-Sydney-y-Suiza-Guatemalteca-de-Comalapa-1-75x75.jpg\" data-sizes=\"auto\" data-srcset=\"https:\/\/soymigrante.com\/revista\/wp-content\/uploads\/2026\/04\/Artista-maya-kaqchiqel-Angelica-Serech-expone-tejidos-en-Sydney-y-Suiza-Guatemalteca-de-Comalapa-1-75x75.jpg 75w, https:\/\/soymigrante.com\/revista\/wp-content\/uploads\/2026\/04\/Artista-maya-kaqchiqel-Angelica-Serech-expone-tejidos-en-Sydney-y-Suiza-Guatemalteca-de-Comalapa-1-300x300.jpg 300w, https:\/\/soymigrante.com\/revista\/wp-content\/uploads\/2026\/04\/Artista-maya-kaqchiqel-Angelica-Serech-expone-tejidos-en-Sydney-y-Suiza-Guatemalteca-de-Comalapa-1-150x150.jpg 150w, https:\/\/soymigrante.com\/revista\/wp-content\/uploads\/2026\/04\/Artista-maya-kaqchiqel-Angelica-Serech-expone-tejidos-en-Sydney-y-Suiza-Guatemalteca-de-Comalapa-1.jpg 651w\" data-expand=\"700\" \/><\/div><\/a><\/div>\t\t\t\t<\/div>\n\t\t\t\t<div class=\"ak-module-details\">\n\t\t\t\t\t<h3 class=\"ak-module-title\"><a href=\"https:\/\/soymigrante.com\/revista\/vengo-de-una-cultura-de-tejedores-artista-kaqchiqel-angelica-serech-expone-obras-en-sydney-y-en-suiza\/\" rel=\"bookmark\" title=\"&#8220;Vengo de una cultura de tejedores&#8221;: artista k&#8217;aqchiq&#8217;el Ang\u00e9lica Serech expone obras en Sydney y en Suiza\">&#8220;Vengo de una cultura de tejedores&#8221;: artista&hellip;<\/a><\/h3><div class=\"ak-module-meta\"><div class=\"ak-module-time\"><a href=\"https:\/\/soymigrante.com\/revista\/vengo-de-una-cultura-de-tejedores-artista-kaqchiqel-angelica-serech-expone-obras-en-sydney-y-en-suiza\/\" class=\"ak-module-meta-published\"><i class=\"ak-icon akfi-schedule\"><\/i>30\/04\/2026<\/a><\/div><\/div>\t\t\t\t<\/div>\n\t\t\t<\/div>\n\t\t<\/article>\n\t\t<\/div><\/div><\/div>\t\t\t\t<\/div>\n\t\t\t\t<\/div>\n\t\t\t\t<div class=\"elementor-element elementor-element-3718b00 elementor-widget elementor-widget-html\" data-id=\"3718b00\" data-element_type=\"widget\" data-e-type=\"widget\" data-widget_type=\"html.default\">\n\t\t\t\t\t<a href=\"https:\/\/soymigrante.com\/revista\/guatemala-nuestra\" \n   style=\"color: #000000; text-decoration: none; font-weight: bold;\" \n   onmouseover=\"this.style.color='#cc0066'\" \n   onmouseout=\"this.style.color='#000000'\">\nDescubre m\u00e1s de Guate Nuestra \u2192\n<\/a>\t\t\t\t<\/div>\n\t\t\t\t<\/div>\n\t\t<div data-particle_enable=\"false\" data-particle-mobile-disabled=\"false\" class=\"elementor-element elementor-element-ecb6030 e-con-full e-flex e-con e-child\" data-id=\"ecb6030\" data-element_type=\"container\" data-e-type=\"container\">\n\t\t\t\t<div class=\"elementor-element elementor-element-d95b991 elementor-widget elementor-widget-newsy_list_6\" data-id=\"d95b991\" data-element_type=\"widget\" data-e-type=\"widget\" data-widget_type=\"newsy_list_6.default\">\n\t\t\t\t<div class=\"elementor-widget-container\">\n\t\t\t\t\t<div class=\"ak-block ak-block-list-6  ak-block-width-1 clearfix\" id=\"block_69f7296189c2e_4\"><div class=\"ak-block-header ak-block-header-style-9 no-tabs\"><h4 class=\"ak-block-title\"><a href=\"https:\/\/soymigrante.com\/revista\/historias-exitos-migrantes-guatemaltecos\"><span class=\"title-text\"><i class=\"ak-icon  fa fa-trophy\"><\/i><span>\u00c9xitos<\/span><\/span><i class=\"fa fa-angle-double-right\"><\/i><\/a><\/h4><\/div><div class=\"ak-block-inner clearfix\"><div class=\"ak-block-posts clearfix\">\t\t<article class=\"ak-module ak-module-6 clearfix post-33626 post type-post status-publish format-standard has-post-thumbnail  category-exitos category-guatemala\">\n\t\t\t<div class=\"clearfix ak-module-inner\">\n\t\t\t\t<div class=\"clearfix ak-module-featured\">\n\t\t\t\t\t<div class=\"ak-module-badges\"><\/div>\t\t\t\t\t<div class=\"ak-featured-cover\"><a href=\"https:\/\/soymigrante.com\/revista\/arnoldo-estrada-un-pionero-de-la-marimba-guatemalteca-en-chicago-mas-de-50-anos-de-musica-y-legado\/\" class=\"ak-featured-link\" rel=\"bookmark\" title=\"Arnoldo Estrada, un pionero de la marimba guatemalteca en Chicago: m\u00e1s de 50 a\u00f1os de m\u00fasica y legado\"><div class=\"ak-featured-thumb lazy-thumb size-715\" ><img loading=\"lazy\" decoding=\"async\" width=\"638\" height=\"536\" src=\"data:image\/gif;base64,R0lGODlhAQABAAAAACH5BAEKAAEALAAAAAABAAEAAAICTAEAOw==\" class=\"attachment-newsy_750x536 size-newsy_750x536 lazyload wp-post-image\" alt=\"Disfrutando en pareja en un entorno urbano junto al r\u00edo, promoviendo historias de migrantes y comunidad en SoyMigrante.com Revista.\" data-src=\"https:\/\/soymigrante.com\/revista\/wp-content\/uploads\/2025\/05\/marimbista-migrante-chicago-15-638x536.webp\" data-sizes=\"auto\" data-srcset=\"\" data-expand=\"700\" \/><\/div><\/a><\/div>\t\t\t\t\t<div class=\"ak-module-terms badge\"><a class=\"term-50\" href=\"https:\/\/soymigrante.com\/revista\/category\/exitos\/\">\u00c9xitos<\/a><\/div>\t\t\t\t<\/div>\n\t\t\t\t<div class=\"ak-module-details\">\n\t\t\t\t\t\n\t\t\t\t\t<h3 class=\"ak-module-title\"><a href=\"https:\/\/soymigrante.com\/revista\/arnoldo-estrada-un-pionero-de-la-marimba-guatemalteca-en-chicago-mas-de-50-anos-de-musica-y-legado\/\" rel=\"bookmark\" title=\"Arnoldo Estrada, un pionero de la marimba guatemalteca en Chicago: m\u00e1s de 50 a\u00f1os de m\u00fasica y legado\">Arnoldo Estrada, un pionero de la marimba guatemalteca en Chicago: m\u00e1s de 50 a\u00f1os de m\u00fasica y legado<\/a><\/h3>\n\t\t\t\t\t<div class=\"ak-module-meta\"><div class=\"ak-module-time\"><a href=\"https:\/\/soymigrante.com\/revista\/arnoldo-estrada-un-pionero-de-la-marimba-guatemalteca-en-chicago-mas-de-50-anos-de-musica-y-legado\/\" class=\"ak-module-meta-published\"><i class=\"ak-icon akfi-schedule\"><\/i>15\/05\/2025<\/a><\/div> <div class=\"ak-module-view-count\"><i class=\"ak-icon  fa fa-eye\"><\/i><span class=\"count\">60<\/span><\/div><\/div>\n\t\t\t\t\t<div class=\"ak-module-summary\"><p>Arnoldo Estrada aprendi\u00f3 a tocar marimba con las ense\u00f1anzas de su abuelo y a los 8 a\u00f1os ya se presentaba en celebraciones. Integr\u00f3 varios conjuntos y vive en Chicago desde 1975, en&hellip;<\/p><\/div>\n\t\t\t\t\t<div class=\"clearfix ak-module-bottom\">\n\t\t\t\t\t\t\t\t\t\t\t<\/div>\n\t\t\t\t<\/div>\n\t\t\t<\/div>\n\t\t<\/article>\n\t\t<\/div><\/div><\/div>\t\t\t\t<\/div>\n\t\t\t\t<\/div>\n\t\t\t\t<div class=\"elementor-element elementor-element-3c68fbf elementor-widget elementor-widget-html\" data-id=\"3c68fbf\" data-element_type=\"widget\" data-e-type=\"widget\" data-widget_type=\"html.default\">\n\t\t\t\t\t<a href=\"https:\/\/soymigrante.com\/revista\/historias-exitos-migrantes-guatemaltecos\" \n   style=\"color: #000000; text-decoration: none; font-weight: bold;\" \n   onmouseover=\"this.style.color='#cc0066'\" \n   onmouseout=\"this.style.color='#000000'\">\n   M\u00e1s historias de \u00e9xito guatemalteco \u2192\n<\/a>\t\t\t\t<\/div>\n\t\t\t\t<\/div>\n\t\t<div data-particle_enable=\"false\" data-particle-mobile-disabled=\"false\" class=\"elementor-element elementor-element-5f8eb10 e-con-full e-flex e-con e-child\" data-id=\"5f8eb10\" data-element_type=\"container\" data-e-type=\"container\">\n\t\t\t\t<div class=\"elementor-element elementor-element-e697c8e elementor-widget elementor-widget-newsy_list_1_small_square\" data-id=\"e697c8e\" data-element_type=\"widget\" data-e-type=\"widget\" data-widget_type=\"newsy_list_1_small_square.default\">\n\t\t\t\t<div class=\"elementor-widget-container\">\n\t\t\t\t\t<div class=\"ak-block ak-block-list-1-small-square ak-block-column  ak-block-width-1 clearfix\" id=\"block_69f7296189c2e_5\"><div class=\"ak-block-header ak-block-header-style-9 no-tabs\"><h4 class=\"ak-block-title\"><a href=\"https:\/\/soymigrante.com\/revista\/estamos-unidos-comunidad\"><span class=\"title-text\"><i class=\"ak-icon  fa fa-asterisk\"><\/i><span>Estamos Unidos<\/span><\/span><i class=\"fa fa-angle-double-right\"><\/i><\/a><\/h4><\/div><div class=\"ak-block-inner clearfix\"><div class=\"ak-block-posts clearfix\">\t\t<article class=\"ak-module ak-module-1-small-square ak-column-module clearfix post-55764 post type-post status-publish format-standard has-post-thumbnail  category-estamos-unidos\">\n\t\t\t<div class=\"ak-module-inner clearfix\">\n\t\t\t\t<div class=\"ak-module-featured\">\n\t\t\t\t\t<div class=\"ak-featured-cover\"><a href=\"https:\/\/soymigrante.com\/revista\/esau-dieguez-entrenador-migrante-boxeo-campeones-santa-cruz-barillas-calle-homenaje\/\" class=\"ak-featured-link\" rel=\"bookmark\" title=\"Calle principal de Santa Cruz Barillas nombrada Esa\u00fa Di\u00e9guez, en honor al entrenador migrante de campeones de box\"><div class=\"ak-featured-thumb lazy-thumb size-1000\" ><img loading=\"lazy\" decoding=\"async\" width=\"75\" height=\"75\" src=\"data:image\/gif;base64,R0lGODlhAQABAAAAACH5BAEKAAEALAAAAAABAAEAAAICTAEAOw==\" class=\"attachment-newsy_75x75 size-newsy_75x75 lazyload wp-post-image\" alt=\"esau dieguez homenaje\" data-src=\"https:\/\/soymigrante.com\/revista\/wp-content\/uploads\/2026\/05\/esau-dieguez-homenaje-75x75.png\" data-sizes=\"auto\" data-srcset=\"https:\/\/soymigrante.com\/revista\/wp-content\/uploads\/2026\/05\/esau-dieguez-homenaje-75x75.png 75w, https:\/\/soymigrante.com\/revista\/wp-content\/uploads\/2026\/05\/esau-dieguez-homenaje-300x300.png 300w, https:\/\/soymigrante.com\/revista\/wp-content\/uploads\/2026\/05\/esau-dieguez-homenaje-1024x1024.png 1024w, https:\/\/soymigrante.com\/revista\/wp-content\/uploads\/2026\/05\/esau-dieguez-homenaje-150x150.png 150w, https:\/\/soymigrante.com\/revista\/wp-content\/uploads\/2026\/05\/esau-dieguez-homenaje-768x768.png 768w, https:\/\/soymigrante.com\/revista\/wp-content\/uploads\/2026\/05\/esau-dieguez-homenaje-750x750.png 750w, https:\/\/soymigrante.com\/revista\/wp-content\/uploads\/2026\/05\/esau-dieguez-homenaje-1140x1140.png 1140w, https:\/\/soymigrante.com\/revista\/wp-content\/uploads\/2026\/05\/esau-dieguez-homenaje.png 1200w\" data-expand=\"700\" \/><\/div><\/a><\/div>\t\t\t\t<\/div>\n\t\t\t\t<div class=\"ak-module-details\">\n\t\t\t\t\t<h3 class=\"ak-module-title\"><a href=\"https:\/\/soymigrante.com\/revista\/esau-dieguez-entrenador-migrante-boxeo-campeones-santa-cruz-barillas-calle-homenaje\/\" rel=\"bookmark\" title=\"Calle principal de Santa Cruz Barillas nombrada Esa\u00fa Di\u00e9guez, en honor al entrenador migrante de campeones de box\">Calle principal de Santa Cruz Barillas nombrada Esa\u00fa Di\u00e9guez, en honor al&hellip;<\/a><\/h3><div class=\"ak-module-meta\"><div class=\"ak-module-time\"><a href=\"https:\/\/soymigrante.com\/revista\/esau-dieguez-entrenador-migrante-boxeo-campeones-santa-cruz-barillas-calle-homenaje\/\" class=\"ak-module-meta-published\"><i class=\"ak-icon akfi-schedule\"><\/i>01\/05\/2026<\/a><\/div><\/div>\t\t\t\t<\/div>\n\t\t\t<\/div>\n\t\t<\/article>\n\t\t\t\t<article class=\"ak-module ak-module-1-small-square ak-column-module clearfix post-55637 post type-post status-publish format-standard has-post-thumbnail  category-estamos-unidos\">\n\t\t\t<div class=\"ak-module-inner clearfix\">\n\t\t\t\t<div class=\"ak-module-featured\">\n\t\t\t\t\t<div class=\"ak-featured-cover\"><a href=\"https:\/\/soymigrante.com\/revista\/artista-maya-migrante-ubaldo-sanchez-plasma-mural-en-consulado-de-guatemala-en-maryland\/\" class=\"ak-featured-link\" rel=\"bookmark\" title=\"Artista maya migrante Ubaldo S\u00e1nchez plasma mural en Consulado de Guatemala en Maryland\"><div class=\"ak-featured-thumb lazy-thumb size-1000\" ><img loading=\"lazy\" decoding=\"async\" width=\"75\" height=\"75\" src=\"data:image\/gif;base64,R0lGODlhAQABAAAAACH5BAEKAAEALAAAAAABAAEAAAICTAEAOw==\" class=\"attachment-newsy_75x75 size-newsy_75x75 lazyload wp-post-image\" alt=\"guatemaltecos en Estados Unidos artista Ubaldo Sanchez pinta mural en consulado de maryland\" data-src=\"https:\/\/soymigrante.com\/revista\/wp-content\/uploads\/2026\/04\/guatemaltecos-en-Estados-Unidos-artista-Ubaldo-Sanchez-pinta-mural-en-consulado-de-maryland-75x75.jpg\" data-sizes=\"auto\" data-srcset=\"https:\/\/soymigrante.com\/revista\/wp-content\/uploads\/2026\/04\/guatemaltecos-en-Estados-Unidos-artista-Ubaldo-Sanchez-pinta-mural-en-consulado-de-maryland-75x75.jpg 75w, https:\/\/soymigrante.com\/revista\/wp-content\/uploads\/2026\/04\/guatemaltecos-en-Estados-Unidos-artista-Ubaldo-Sanchez-pinta-mural-en-consulado-de-maryland-300x300.jpg 300w, https:\/\/soymigrante.com\/revista\/wp-content\/uploads\/2026\/04\/guatemaltecos-en-Estados-Unidos-artista-Ubaldo-Sanchez-pinta-mural-en-consulado-de-maryland-150x150.jpg 150w, https:\/\/soymigrante.com\/revista\/wp-content\/uploads\/2026\/04\/guatemaltecos-en-Estados-Unidos-artista-Ubaldo-Sanchez-pinta-mural-en-consulado-de-maryland-768x768.jpg 768w, https:\/\/soymigrante.com\/revista\/wp-content\/uploads\/2026\/04\/guatemaltecos-en-Estados-Unidos-artista-Ubaldo-Sanchez-pinta-mural-en-consulado-de-maryland-750x750.jpg 750w, https:\/\/soymigrante.com\/revista\/wp-content\/uploads\/2026\/04\/guatemaltecos-en-Estados-Unidos-artista-Ubaldo-Sanchez-pinta-mural-en-consulado-de-maryland.jpg 899w\" data-expand=\"700\" \/><\/div><\/a><\/div>\t\t\t\t<\/div>\n\t\t\t\t<div class=\"ak-module-details\">\n\t\t\t\t\t<h3 class=\"ak-module-title\"><a href=\"https:\/\/soymigrante.com\/revista\/artista-maya-migrante-ubaldo-sanchez-plasma-mural-en-consulado-de-guatemala-en-maryland\/\" rel=\"bookmark\" title=\"Artista maya migrante Ubaldo S\u00e1nchez plasma mural en Consulado de Guatemala en Maryland\">Artista maya migrante Ubaldo S\u00e1nchez plasma mural en Consulado de Guatemala&hellip;<\/a><\/h3><div class=\"ak-module-meta\"><div class=\"ak-module-time\"><a href=\"https:\/\/soymigrante.com\/revista\/artista-maya-migrante-ubaldo-sanchez-plasma-mural-en-consulado-de-guatemala-en-maryland\/\" class=\"ak-module-meta-published\"><i class=\"ak-icon akfi-schedule\"><\/i>29\/04\/2026<\/a><\/div><\/div>\t\t\t\t<\/div>\n\t\t\t<\/div>\n\t\t<\/article>\n\t\t\t\t<article class=\"ak-module ak-module-1-small-square ak-column-module clearfix post-55507 post type-post status-publish format-standard has-post-thumbnail  category-estamos-unidos\">\n\t\t\t<div class=\"ak-module-inner clearfix\">\n\t\t\t\t<div class=\"ak-module-featured\">\n\t\t\t\t\t<div class=\"ak-featured-cover\"><a href=\"https:\/\/soymigrante.com\/revista\/miss-gualan-usa-coronacion-imprevisto-guatemaltecos-en-estados-unidos-union-abril-2026\/\" class=\"ak-featured-link\" rel=\"bookmark\" title=\"Un imprevisto en la coronaci\u00f3n de Miss Gualan U.S.A. 2026 en Los Angeles hizo brillar la uni\u00f3n guatemalteca\"><div class=\"ak-featured-thumb lazy-thumb size-1000\" ><img loading=\"lazy\" decoding=\"async\" width=\"75\" height=\"75\" src=\"data:image\/gif;base64,R0lGODlhAQABAAAAACH5BAEKAAEALAAAAAABAAEAAAICTAEAOw==\" class=\"attachment-newsy_75x75 size-newsy_75x75 lazyload wp-post-image\" alt=\"guatemaltecos en Estados Unidos miss gualan USA coronacion 5\" data-src=\"https:\/\/soymigrante.com\/revista\/wp-content\/uploads\/2026\/04\/guatemaltecos-en-Estados-Unidos-miss-gualan-USA-coronacion-5-75x75.jpg\" data-sizes=\"auto\" data-srcset=\"https:\/\/soymigrante.com\/revista\/wp-content\/uploads\/2026\/04\/guatemaltecos-en-Estados-Unidos-miss-gualan-USA-coronacion-5-75x75.jpg 75w, https:\/\/soymigrante.com\/revista\/wp-content\/uploads\/2026\/04\/guatemaltecos-en-Estados-Unidos-miss-gualan-USA-coronacion-5-300x300.jpg 300w, https:\/\/soymigrante.com\/revista\/wp-content\/uploads\/2026\/04\/guatemaltecos-en-Estados-Unidos-miss-gualan-USA-coronacion-5-150x150.jpg 150w, https:\/\/soymigrante.com\/revista\/wp-content\/uploads\/2026\/04\/guatemaltecos-en-Estados-Unidos-miss-gualan-USA-coronacion-5.jpg 592w\" data-expand=\"700\" \/><\/div><\/a><\/div>\t\t\t\t<\/div>\n\t\t\t\t<div class=\"ak-module-details\">\n\t\t\t\t\t<h3 class=\"ak-module-title\"><a href=\"https:\/\/soymigrante.com\/revista\/miss-gualan-usa-coronacion-imprevisto-guatemaltecos-en-estados-unidos-union-abril-2026\/\" rel=\"bookmark\" title=\"Un imprevisto en la coronaci\u00f3n de Miss Gualan U.S.A. 2026 en Los Angeles hizo brillar la uni\u00f3n guatemalteca\">Un imprevisto en la coronaci\u00f3n de Miss Gualan U.S.A. 2026 en Los Angeles&hellip;<\/a><\/h3><div class=\"ak-module-meta\"><div class=\"ak-module-time\"><a href=\"https:\/\/soymigrante.com\/revista\/miss-gualan-usa-coronacion-imprevisto-guatemaltecos-en-estados-unidos-union-abril-2026\/\" class=\"ak-module-meta-published\"><i class=\"ak-icon akfi-schedule\"><\/i>27\/04\/2026<\/a><\/div><\/div>\t\t\t\t<\/div>\n\t\t\t<\/div>\n\t\t<\/article>\n\t\t\t\t<article class=\"ak-module ak-module-1-small-square ak-column-module clearfix post-55444 post type-post status-publish format-standard has-post-thumbnail  category-lugar-de-voces\">\n\t\t\t<div class=\"ak-module-inner clearfix\">\n\t\t\t\t<div class=\"ak-module-featured\">\n\t\t\t\t\t<div class=\"ak-featured-cover\"><a href=\"https:\/\/soymigrante.com\/revista\/cantautora-migrante-guatemalteca-wendy-dgi-crea-cancion-desafiante-la-envidia\/\" class=\"ak-featured-link\" rel=\"bookmark\" title=\"&#8220;La Envidia&#8221;: cantautora migrante guatemalteca Wendy DGi crea una canci\u00f3n desafiante\"><div class=\"ak-featured-thumb lazy-thumb size-1000\" ><img loading=\"lazy\" decoding=\"async\" width=\"75\" height=\"75\" src=\"data:image\/gif;base64,R0lGODlhAQABAAAAACH5BAEKAAEALAAAAAABAAEAAAICTAEAOw==\" class=\"attachment-newsy_75x75 size-newsy_75x75 lazyload wp-post-image\" alt=\"Wendy DGi cantautora guatemalteca migrante en Nueva York\" data-src=\"https:\/\/soymigrante.com\/revista\/wp-content\/uploads\/2026\/04\/wendy-DGi-cantautora-migrante-guatemalteca-en-nueva-york-copia-75x75.jpg\" data-sizes=\"auto\" data-srcset=\"https:\/\/soymigrante.com\/revista\/wp-content\/uploads\/2026\/04\/wendy-DGi-cantautora-migrante-guatemalteca-en-nueva-york-copia-75x75.jpg 75w, https:\/\/soymigrante.com\/revista\/wp-content\/uploads\/2026\/04\/wendy-DGi-cantautora-migrante-guatemalteca-en-nueva-york-copia-300x300.jpg 300w, https:\/\/soymigrante.com\/revista\/wp-content\/uploads\/2026\/04\/wendy-DGi-cantautora-migrante-guatemalteca-en-nueva-york-copia-1024x1024.jpg 1024w, https:\/\/soymigrante.com\/revista\/wp-content\/uploads\/2026\/04\/wendy-DGi-cantautora-migrante-guatemalteca-en-nueva-york-copia-150x150.jpg 150w, https:\/\/soymigrante.com\/revista\/wp-content\/uploads\/2026\/04\/wendy-DGi-cantautora-migrante-guatemalteca-en-nueva-york-copia-768x768.jpg 768w, https:\/\/soymigrante.com\/revista\/wp-content\/uploads\/2026\/04\/wendy-DGi-cantautora-migrante-guatemalteca-en-nueva-york-copia-750x750.jpg 750w, https:\/\/soymigrante.com\/revista\/wp-content\/uploads\/2026\/04\/wendy-DGi-cantautora-migrante-guatemalteca-en-nueva-york-copia-1140x1140.jpg 1140w, https:\/\/soymigrante.com\/revista\/wp-content\/uploads\/2026\/04\/wendy-DGi-cantautora-migrante-guatemalteca-en-nueva-york-copia.jpg 1203w\" data-expand=\"700\" \/><\/div><\/a><\/div>\t\t\t\t<\/div>\n\t\t\t\t<div class=\"ak-module-details\">\n\t\t\t\t\t<h3 class=\"ak-module-title\"><a href=\"https:\/\/soymigrante.com\/revista\/cantautora-migrante-guatemalteca-wendy-dgi-crea-cancion-desafiante-la-envidia\/\" rel=\"bookmark\" title=\"&#8220;La Envidia&#8221;: cantautora migrante guatemalteca Wendy DGi crea una canci\u00f3n desafiante\">&#8220;La Envidia&#8221;: cantautora migrante guatemalteca Wendy DGi crea&hellip;<\/a><\/h3><div class=\"ak-module-meta\"><div class=\"ak-module-time\"><a href=\"https:\/\/soymigrante.com\/revista\/cantautora-migrante-guatemalteca-wendy-dgi-crea-cancion-desafiante-la-envidia\/\" class=\"ak-module-meta-published\"><i class=\"ak-icon akfi-schedule\"><\/i>24\/04\/2026<\/a><\/div><\/div>\t\t\t\t<\/div>\n\t\t\t<\/div>\n\t\t<\/article>\n\t\t\t\t<article class=\"ak-module ak-module-1-small-square ak-column-module clearfix post-55406 post type-post status-publish format-standard has-post-thumbnail  category-estamos-unidos\">\n\t\t\t<div class=\"ak-module-inner clearfix\">\n\t\t\t\t<div class=\"ak-module-featured\">\n\t\t\t\t\t<div class=\"ak-featured-cover\"><a href=\"https:\/\/soymigrante.com\/revista\/donacion-migrante-de-equipo-y-capacitacion-desde-nueva-york-fortalece-a-bomberos-de-quetzaltenango\/\" class=\"ak-featured-link\" rel=\"bookmark\" title=\"Donaci\u00f3n migrante de equipo y capacitaci\u00f3n desde Nueva York fortalece a bomberos de Quetzaltenango\"><div class=\"ak-featured-thumb lazy-thumb size-1000\" ><img loading=\"lazy\" decoding=\"async\" width=\"75\" height=\"75\" src=\"data:image\/gif;base64,R0lGODlhAQABAAAAACH5BAEKAAEALAAAAAABAAEAAAICTAEAOw==\" class=\"attachment-newsy_75x75 size-newsy_75x75 lazyload wp-post-image\" alt=\"guatemaltecos en estados unidos migrantes donacion a bomberos quezaltenango fundacion 911 ddf\" data-src=\"https:\/\/soymigrante.com\/revista\/wp-content\/uploads\/2026\/04\/guatemaltecos-en-estados-unidos-migrantes-donacion-a-bomberos-quezaltenango-fundacion-911-ddf-75x75.png\" data-sizes=\"auto\" data-srcset=\"https:\/\/soymigrante.com\/revista\/wp-content\/uploads\/2026\/04\/guatemaltecos-en-estados-unidos-migrantes-donacion-a-bomberos-quezaltenango-fundacion-911-ddf-75x75.png 75w, https:\/\/soymigrante.com\/revista\/wp-content\/uploads\/2026\/04\/guatemaltecos-en-estados-unidos-migrantes-donacion-a-bomberos-quezaltenango-fundacion-911-ddf-300x300.png 300w, https:\/\/soymigrante.com\/revista\/wp-content\/uploads\/2026\/04\/guatemaltecos-en-estados-unidos-migrantes-donacion-a-bomberos-quezaltenango-fundacion-911-ddf-1024x1024.png 1024w, https:\/\/soymigrante.com\/revista\/wp-content\/uploads\/2026\/04\/guatemaltecos-en-estados-unidos-migrantes-donacion-a-bomberos-quezaltenango-fundacion-911-ddf-150x150.png 150w, https:\/\/soymigrante.com\/revista\/wp-content\/uploads\/2026\/04\/guatemaltecos-en-estados-unidos-migrantes-donacion-a-bomberos-quezaltenango-fundacion-911-ddf-768x768.png 768w, https:\/\/soymigrante.com\/revista\/wp-content\/uploads\/2026\/04\/guatemaltecos-en-estados-unidos-migrantes-donacion-a-bomberos-quezaltenango-fundacion-911-ddf-750x750.png 750w, https:\/\/soymigrante.com\/revista\/wp-content\/uploads\/2026\/04\/guatemaltecos-en-estados-unidos-migrantes-donacion-a-bomberos-quezaltenango-fundacion-911-ddf-1140x1140.png 1140w, https:\/\/soymigrante.com\/revista\/wp-content\/uploads\/2026\/04\/guatemaltecos-en-estados-unidos-migrantes-donacion-a-bomberos-quezaltenango-fundacion-911-ddf.png 1200w\" data-expand=\"700\" \/><\/div><\/a><\/div>\t\t\t\t<\/div>\n\t\t\t\t<div class=\"ak-module-details\">\n\t\t\t\t\t<h3 class=\"ak-module-title\"><a href=\"https:\/\/soymigrante.com\/revista\/donacion-migrante-de-equipo-y-capacitacion-desde-nueva-york-fortalece-a-bomberos-de-quetzaltenango\/\" rel=\"bookmark\" title=\"Donaci\u00f3n migrante de equipo y capacitaci\u00f3n desde Nueva York fortalece a bomberos de Quetzaltenango\">Donaci\u00f3n migrante de equipo y capacitaci\u00f3n desde Nueva York fortalece a&hellip;<\/a><\/h3><div class=\"ak-module-meta\"><div class=\"ak-module-time\"><a href=\"https:\/\/soymigrante.com\/revista\/donacion-migrante-de-equipo-y-capacitacion-desde-nueva-york-fortalece-a-bomberos-de-quetzaltenango\/\" class=\"ak-module-meta-published\"><i class=\"ak-icon akfi-schedule\"><\/i>24\/04\/2026<\/a><\/div><\/div>\t\t\t\t<\/div>\n\t\t\t<\/div>\n\t\t<\/article>\n\t\t<\/div><\/div><\/div>\t\t\t\t<\/div>\n\t\t\t\t<\/div>\n\t\t\t\t<div class=\"elementor-element elementor-element-adfad57 elementor-widget elementor-widget-html\" data-id=\"adfad57\" data-element_type=\"widget\" data-e-type=\"widget\" data-widget_type=\"html.default\">\n\t\t\t\t\t<a href=\"https:\/\/soymigrante.com\/revista\/estamos-unidos-comunidad\" \n   style=\"color: #000000; text-decoration: none; font-weight: bold;\" \n   onmouseover=\"this.style.color='#cc0066'\" \n   onmouseout=\"this.style.color='#000000'\">\nLee m\u00e1s sobre nuestra comunidad \u2192\n<\/a>\t\t\t\t<\/div>\n\t\t\t\t<\/div>\n\t\t\t\t<\/div>\n\t\t<div data-particle_enable=\"false\" data-particle-mobile-disabled=\"false\" class=\"elementor-element elementor-element-167423f e-con-full e-grid e-con e-child\" data-id=\"167423f\" data-element_type=\"container\" data-e-type=\"container\">\n\t\t<div data-particle_enable=\"false\" data-particle-mobile-disabled=\"false\" class=\"elementor-element elementor-element-e82b795 e-con-full e-flex e-con e-child\" data-id=\"e82b795\" data-element_type=\"container\" data-e-type=\"container\">\n\t\t\t\t<div class=\"elementor-element elementor-element-291b132 elementor-widget elementor-widget-newsy_list_1_small_square\" data-id=\"291b132\" data-element_type=\"widget\" data-e-type=\"widget\" data-widget_type=\"newsy_list_1_small_square.default\">\n\t\t\t\t<div class=\"elementor-widget-container\">\n\t\t\t\t\t<div class=\"ak-block ak-block-list-1-small-square ak-block-column  ak-block-width-1 clearfix\" id=\"block_69f7296189c2e_6\"><div class=\"ak-block-header ak-block-header-style-9 no-tabs\"><h4 class=\"ak-block-title\"><a href=\"https:\/\/soymigrante.com\/revista\/recursos-migrantorios-practicas\"><span class=\"title-text\"><i class=\"ak-icon  fa fa-gavel\"><\/i><span>Recursos Migratorios<\/span><\/span><i class=\"fa fa-angle-double-right\"><\/i><\/a><\/h4><\/div><div class=\"ak-block-inner clearfix\"><div class=\"ak-block-posts clearfix\">\t\t<article class=\"ak-module ak-module-1-small-square ak-column-module clearfix post-55566 post type-post status-publish format-standard has-post-thumbnail  category-recursos-migratorios\">\n\t\t\t<div class=\"ak-module-inner clearfix\">\n\t\t\t\t<div class=\"ak-module-featured\">\n\t\t\t\t\t<div class=\"ak-featured-cover\"><a href=\"https:\/\/soymigrante.com\/revista\/tener-daca-no-basta-por-si-solo-para-frenar-orden-de-deportacion-alerta-abogada-guatemalteca\/\" class=\"ak-featured-link\" rel=\"bookmark\" title=\"Tener DACA no basta por s\u00ed solo para frenar orden de deportaci\u00f3n, alerta abogada guatemalteca\"><div class=\"ak-featured-thumb lazy-thumb size-1000\" ><img loading=\"lazy\" decoding=\"async\" width=\"75\" height=\"75\" src=\"data:image\/gif;base64,R0lGODlhAQABAAAAACH5BAEKAAEALAAAAAABAAEAAAICTAEAOw==\" class=\"attachment-newsy_75x75 size-newsy_75x75 lazyload wp-post-image\" alt=\"daca no es suficiente para frenar una deportacion\" data-src=\"https:\/\/soymigrante.com\/revista\/wp-content\/uploads\/2026\/04\/daca-no-es-suficiente-para-frenar-una-deportacion-75x75.jpg\" data-sizes=\"auto\" data-srcset=\"https:\/\/soymigrante.com\/revista\/wp-content\/uploads\/2026\/04\/daca-no-es-suficiente-para-frenar-una-deportacion-75x75.jpg 75w, https:\/\/soymigrante.com\/revista\/wp-content\/uploads\/2026\/04\/daca-no-es-suficiente-para-frenar-una-deportacion-300x300.jpg 300w, https:\/\/soymigrante.com\/revista\/wp-content\/uploads\/2026\/04\/daca-no-es-suficiente-para-frenar-una-deportacion-150x150.jpg 150w, https:\/\/soymigrante.com\/revista\/wp-content\/uploads\/2026\/04\/daca-no-es-suficiente-para-frenar-una-deportacion-768x768.jpg 768w, https:\/\/soymigrante.com\/revista\/wp-content\/uploads\/2026\/04\/daca-no-es-suficiente-para-frenar-una-deportacion-750x750.jpg 750w, https:\/\/soymigrante.com\/revista\/wp-content\/uploads\/2026\/04\/daca-no-es-suficiente-para-frenar-una-deportacion.jpg 976w\" data-expand=\"700\" \/><\/div><\/a><\/div>\t\t\t\t<\/div>\n\t\t\t\t<div class=\"ak-module-details\">\n\t\t\t\t\t<h3 class=\"ak-module-title\"><a href=\"https:\/\/soymigrante.com\/revista\/tener-daca-no-basta-por-si-solo-para-frenar-orden-de-deportacion-alerta-abogada-guatemalteca\/\" rel=\"bookmark\" title=\"Tener DACA no basta por s\u00ed solo para frenar orden de deportaci\u00f3n, alerta abogada guatemalteca\">Tener DACA no basta por s\u00ed solo para frenar orden de deportaci\u00f3n, alerta&hellip;<\/a><\/h3><div class=\"ak-module-meta\"><div class=\"ak-module-time\"><a href=\"https:\/\/soymigrante.com\/revista\/tener-daca-no-basta-por-si-solo-para-frenar-orden-de-deportacion-alerta-abogada-guatemalteca\/\" class=\"ak-module-meta-published\"><i class=\"ak-icon akfi-schedule\"><\/i>28\/04\/2026<\/a><\/div><\/div>\t\t\t\t<\/div>\n\t\t\t<\/div>\n\t\t<\/article>\n\t\t\t\t<article class=\"ak-module ak-module-1-small-square ak-column-module clearfix post-55151 post type-post status-publish format-standard has-post-thumbnail  category-recursos-migratorios\">\n\t\t\t<div class=\"ak-module-inner clearfix\">\n\t\t\t\t<div class=\"ak-module-featured\">\n\t\t\t\t\t<div class=\"ak-featured-cover\"><a href=\"https:\/\/soymigrante.com\/revista\/migrante-hispana-se-hace-viral-al-utilizar-una-tarjeta-roja-conoce-tus-derechos-ante-agentes\/\" class=\"ak-featured-link\" rel=\"bookmark\" title=\"Migrante hispana se hace viral al utilizar una tarjeta roja Conoce tus Derechos, ante agentes\"><div class=\"ak-featured-thumb lazy-thumb size-1000\" ><img loading=\"lazy\" decoding=\"async\" width=\"75\" height=\"75\" src=\"data:image\/gif;base64,R0lGODlhAQABAAAAACH5BAEKAAEALAAAAAABAAEAAAICTAEAOw==\" class=\"attachment-newsy_75x75 size-newsy_75x75 lazyload wp-post-image\" alt=\"tarjeta roja\" data-src=\"https:\/\/soymigrante.com\/revista\/wp-content\/uploads\/2026\/04\/tarjeta-roja-75x75.jpg\" data-sizes=\"auto\" data-srcset=\"https:\/\/soymigrante.com\/revista\/wp-content\/uploads\/2026\/04\/tarjeta-roja-75x75.jpg 75w, https:\/\/soymigrante.com\/revista\/wp-content\/uploads\/2026\/04\/tarjeta-roja-300x300.jpg 300w, https:\/\/soymigrante.com\/revista\/wp-content\/uploads\/2026\/04\/tarjeta-roja-150x150.jpg 150w, https:\/\/soymigrante.com\/revista\/wp-content\/uploads\/2026\/04\/tarjeta-roja-768x768.jpg 768w, https:\/\/soymigrante.com\/revista\/wp-content\/uploads\/2026\/04\/tarjeta-roja-750x750.jpg 750w, https:\/\/soymigrante.com\/revista\/wp-content\/uploads\/2026\/04\/tarjeta-roja.jpg 1024w\" data-expand=\"700\" \/><\/div><\/a><\/div>\t\t\t\t<\/div>\n\t\t\t\t<div class=\"ak-module-details\">\n\t\t\t\t\t<h3 class=\"ak-module-title\"><a href=\"https:\/\/soymigrante.com\/revista\/migrante-hispana-se-hace-viral-al-utilizar-una-tarjeta-roja-conoce-tus-derechos-ante-agentes\/\" rel=\"bookmark\" title=\"Migrante hispana se hace viral al utilizar una tarjeta roja Conoce tus Derechos, ante agentes\">Migrante hispana se hace viral al utilizar una tarjeta roja Conoce tus&hellip;<\/a><\/h3><div class=\"ak-module-meta\"><div class=\"ak-module-time\"><a href=\"https:\/\/soymigrante.com\/revista\/migrante-hispana-se-hace-viral-al-utilizar-una-tarjeta-roja-conoce-tus-derechos-ante-agentes\/\" class=\"ak-module-meta-published\"><i class=\"ak-icon akfi-schedule\"><\/i>17\/04\/2026<\/a><\/div><\/div>\t\t\t\t<\/div>\n\t\t\t<\/div>\n\t\t<\/article>\n\t\t<\/div><\/div><\/div>\t\t\t\t<\/div>\n\t\t\t\t<\/div>\n\t\t\t\t<div class=\"elementor-element elementor-element-2e0a5e0 elementor-widget elementor-widget-html\" data-id=\"2e0a5e0\" data-element_type=\"widget\" data-e-type=\"widget\" data-widget_type=\"html.default\">\n\t\t\t\t\t<a href=\"https:\/\/soymigrante.com\/revista\/recursos-migrantorios-practicas\" \n   style=\"color: #000000; text-decoration: none; font-weight: bold;\" \n   onmouseover=\"this.style.color='#cc0066'\" \n   onmouseout=\"this.style.color='#000000'\">\nExplora m\u00e1s gu\u00edas y tr\u00e1mites migratorios \u2192\n<\/a>\t\t\t\t<\/div>\n\t\t\t\t<div class=\"elementor-element elementor-element-9057e3c elementor-widget elementor-widget-newsy_list_10\" data-id=\"9057e3c\" data-element_type=\"widget\" data-e-type=\"widget\" data-widget_type=\"newsy_list_10.default\">\n\t\t\t\t<div class=\"elementor-widget-container\">\n\t\t\t\t\t<div class=\"ak-block ak-block-list-10 ak-block-column  ak-block-width-1 clearfix\" id=\"block_69f7296189c2e_7\"><div class=\"ak-block-header ak-block-header-style-9 no-tabs\"><h4 class=\"ak-block-title\"><a href=\"https:\/\/soymigrante.com\/revista\/lugard-de-voces-que-dejan-huella\"><span class=\"title-text\"><i class=\"ak-icon  fa fa-volume-up\"><\/i><span>Lugar de voces<\/span><\/span><i class=\"fa fa-angle-double-right\"><\/i><\/a><\/h4><\/div><div class=\"ak-block-inner clearfix\"><div class=\"ak-block-posts clearfix\">\t\t<article class=\"ak-module ak-module-10 ak-column-module clearfix post-55444 post type-post status-publish format-standard has-post-thumbnail  category-lugar-de-voces\">\n\t\t\t<div class=\"ak-module-inner clearfix\">\n\t\t\t\t<div class=\"ak-module-details\">\n\t\t\t\t\t\n\t\t\t\t\t<h3 class=\"ak-module-title\"><a href=\"https:\/\/soymigrante.com\/revista\/cantautora-migrante-guatemalteca-wendy-dgi-crea-cancion-desafiante-la-envidia\/\" rel=\"bookmark\" title=\"&#8220;La Envidia&#8221;: cantautora migrante guatemalteca Wendy DGi crea una canci\u00f3n desafiante\">&#8220;La Envidia&#8221;: cantautora migrante guatemalteca Wendy DGi crea una canci\u00f3n desafiante<\/a><\/h3>\n\t\t\t\t\t<div class=\"ak-module-summary\"><p>Cantautora migrante guatemalteca Wendy DGi cuenta el origen de su m\u00e1s reciente canci\u00f3n La Envidia. Radicada en Nueva York, posee una historia de viaje y sue\u00f1o simplemente&hellip;<\/p><\/div>\n\t\t\t\t\t<div class=\"ak-module-meta\"><div class=\"ak-module-time\"><a href=\"https:\/\/soymigrante.com\/revista\/cantautora-migrante-guatemalteca-wendy-dgi-crea-cancion-desafiante-la-envidia\/\" class=\"ak-module-meta-published\"><i class=\"ak-icon akfi-schedule\"><\/i>24\/04\/2026<\/a><\/div><\/div>\t\t\t\t<\/div>\n\t\t\t<\/div>\n\t\t<\/article>\n\t\t\t\t<article class=\"ak-module ak-module-10 ak-column-module clearfix post-54949 post type-post status-publish format-standard has-post-thumbnail  category-lugar-de-voces\">\n\t\t\t<div class=\"ak-module-inner clearfix\">\n\t\t\t\t<div class=\"ak-module-details\">\n\t\t\t\t\t\n\t\t\t\t\t<h3 class=\"ak-module-title\"><a href=\"https:\/\/soymigrante.com\/revista\/significados-de-nombres-indigenas-de-algunos-estados-de-los-estados-unidos\/\" rel=\"bookmark\" title=\"Significados de nombres ind\u00edgenas de algunos Estados de los Estados Unidos\">Significados de nombres ind\u00edgenas de algunos Estados de los Estados Unidos<\/a><\/h3>\n\t\t\t\t\t<div class=\"ak-module-summary\"><p>Antiguos nombres ind\u00edgenas de territorios siguen all\u00ed, a veces como nombres de Estados de la Uni\u00f3n Americana. Estos son algunos de sus profundos significados milenarios. Antes de&hellip;<\/p><\/div>\n\t\t\t\t\t<div class=\"ak-module-meta\"><div class=\"ak-module-time\"><a href=\"https:\/\/soymigrante.com\/revista\/significados-de-nombres-indigenas-de-algunos-estados-de-los-estados-unidos\/\" class=\"ak-module-meta-published\"><i class=\"ak-icon akfi-schedule\"><\/i>14\/04\/2026<\/a><\/div><\/div>\t\t\t\t<\/div>\n\t\t\t<\/div>\n\t\t<\/article>\n\t\t<\/div><\/div><\/div>\t\t\t\t<\/div>\n\t\t\t\t<\/div>\n\t\t\t\t<div class=\"elementor-element elementor-element-6faaa79 elementor-widget elementor-widget-html\" data-id=\"6faaa79\" data-element_type=\"widget\" data-e-type=\"widget\" data-widget_type=\"html.default\">\n\t\t\t\t\t<a href=\"https:\/\/soymigrante.com\/revista\/lugard-de-voces-que-dejan-huella\" \n   style=\"color: #000000; text-decoration: none; font-weight: bold;\" \n   onmouseover=\"this.style.color='#cc0066'\" \n   onmouseout=\"this.style.color='#000000'\">\nDescubre m\u00e1s testimonios migrantes \u2192\n<\/a>\t\t\t\t<\/div>\n\t\t\t\t<\/div>\n\t\t<div data-particle_enable=\"false\" data-particle-mobile-disabled=\"false\" class=\"elementor-element elementor-element-92050ae e-con-full e-flex e-con e-child\" data-id=\"92050ae\" data-element_type=\"container\" data-e-type=\"container\">\n\t\t\t\t<div class=\"elementor-element elementor-element-7d1e8bc elementor-widget elementor-widget-newsy_list_6\" data-id=\"7d1e8bc\" data-element_type=\"widget\" data-e-type=\"widget\" data-widget_type=\"newsy_list_6.default\">\n\t\t\t\t<div class=\"elementor-widget-container\">\n\t\t\t\t\t<div class=\"ak-block ak-block-list-6  ak-block-width-1 clearfix\" id=\"block_69f7296189c2e_8\"><div class=\"ak-block-header ak-block-header-style-9 no-tabs\"><h4 class=\"ak-block-title\"><a href=\"https:\/\/soymigrante.com\/revista\/emprendedores-de-mercado\"><span class=\"title-text\"><i class=\"ak-icon  fa fa-shopping-cart\"><\/i><span>Emprendedores MERCADO<\/span><\/span><i class=\"fa fa-angle-double-right\"><\/i><\/a><\/h4><\/div><div class=\"ak-block-inner clearfix\"><div class=\"ak-block-posts clearfix\">\t\t<article class=\"ak-module ak-module-6 ak-module-excerpt-hide clearfix post-46646 post type-post status-publish format-video has-post-thumbnail  category-guate-nuestra tag-mercado-emprendedores post_format-post-format-video\">\n\t\t\t<div class=\"clearfix ak-module-inner\">\n\t\t\t\t<div class=\"clearfix ak-module-featured\">\n\t\t\t\t\t<div class=\"ak-module-badges\"><\/div>\t\t\t\t\t<div class=\"ak-featured-cover\"><div class=\"ak-featured-media\"><div data-src=\"https:\/\/youtu.be\/OLamiVMjEUM\" data-type=\"youtube\" data-repeat=\"false\" data-autoplay=\"false\" class=\"ak-video-player ak-youtube-player clearfix\">\n                    <div class=\"ak-video-container\"><\/div>\n                <\/div><\/div><\/div>\t\t\t\t\t<div class=\"ak-module-terms badge\"><a class=\"term-58\" href=\"https:\/\/soymigrante.com\/revista\/category\/guate-nuestra\/\">Guate Nuestra<\/a><\/div>\t\t\t\t<\/div>\n\t\t\t\t<div class=\"ak-module-details\">\n\t\t\t\t\t\n\t\t\t\t\t<h3 class=\"ak-module-title\"><a href=\"https:\/\/soymigrante.com\/revista\/waykan-store-tradicion-y-moda-hecha-a-mano\/\" rel=\"bookmark\" title=\"Waykan Store: tradici\u00f3n y moda hecha a mano\">Waykan Store: tradici\u00f3n y moda hecha a mano<\/a><\/h3>\n\t\t\t\t\t<div class=\"ak-module-meta\"><div class=\"ak-module-time\"><a href=\"https:\/\/soymigrante.com\/revista\/waykan-store-tradicion-y-moda-hecha-a-mano\/\" class=\"ak-module-meta-published\"><i class=\"ak-icon akfi-schedule\"><\/i>03\/10\/2025<\/a><\/div> <div class=\"ak-module-view-count\"><i class=\"ak-icon  fa fa-eye\"><\/i><span class=\"count\">87<\/span><\/div><\/div>\n\t\t\t\t\t\n\t\t\t\t\t<div class=\"clearfix ak-module-bottom\">\n\t\t\t\t\t\t\t\t\t\t\t<\/div>\n\t\t\t\t<\/div>\n\t\t\t<\/div>\n\t\t<\/article>\n\t\t<\/div><\/div><\/div>\t\t\t\t<\/div>\n\t\t\t\t<\/div>\n\t\t\t\t<div class=\"elementor-element elementor-element-a9c85a8 elementor-widget elementor-widget-html\" data-id=\"a9c85a8\" data-element_type=\"widget\" data-e-type=\"widget\" data-widget_type=\"html.default\">\n\t\t\t\t\t<a href=\"https:\/\/soymigrante.com\/revista\/emprendedores-de-mercado\" \n   style=\"color: #000000; text-decoration: none; font-weight: bold;\" \n   onmouseover=\"this.style.color='#cc0066'\" \n   onmouseout=\"this.style.color='#000000'\">\nConoce a m\u00e1s emprendedores \u2192\n<\/a>\t\t\t\t<\/div>\n\t\t\t\t<div class=\"elementor-element elementor-element-ec3c63f elementor-widget elementor-widget-newsy_list_6\" data-id=\"ec3c63f\" data-element_type=\"widget\" data-e-type=\"widget\" data-widget_type=\"newsy_list_6.default\">\n\t\t\t\t<div class=\"elementor-widget-container\">\n\t\t\t\t\t<div class=\"ak-block ak-block-list-6  ak-block-width-1 clearfix\" id=\"block_69f7296189c2e_9\"><div class=\"ak-block-inner clearfix\"><div class=\"ak-block-posts clearfix\">\t\t<article class=\"ak-module ak-module-6 ak-module-excerpt-hide clearfix post-45370 post type-post status-publish format-video has-post-thumbnail  category-guate-nuestra category-videos tag-mercado-emprendedores post_format-post-format-video\">\n\t\t\t<div class=\"clearfix ak-module-inner\">\n\t\t\t\t<div class=\"clearfix ak-module-featured\">\n\t\t\t\t\t<div class=\"ak-module-badges\"><\/div>\t\t\t\t\t<div class=\"ak-featured-cover\"><div class=\"ak-featured-media\"><div data-src=\"https:\/\/youtu.be\/7HMInKpLV6U\" data-type=\"youtube\" data-repeat=\"false\" data-autoplay=\"false\" class=\"ak-video-player ak-youtube-player clearfix\">\n                    <div class=\"ak-video-container\"><\/div>\n                <\/div><\/div><\/div>\t\t\t\t\t<div class=\"ak-module-terms badge\"><a class=\"term-58\" href=\"https:\/\/soymigrante.com\/revista\/category\/guate-nuestra\/\">Guate Nuestra<\/a><\/div>\t\t\t\t<\/div>\n\t\t\t\t<div class=\"ak-module-details\">\n\t\t\t\t\t\n\t\t\t\t\t<h3 class=\"ak-module-title\"><a href=\"https:\/\/soymigrante.com\/revista\/cafe-clarita-tradicion-y-sabor-desde-alta-verapaz\/\" rel=\"bookmark\" title=\"Caf\u00e9 Clarita: tradici\u00f3n y sabor desde Alta Verapaz (video)\">Caf\u00e9 Clarita: tradici\u00f3n y sabor desde Alta Verapaz (video)<\/a><\/h3>\n\t\t\t\t\t<div class=\"ak-module-meta\"><div class=\"ak-module-time\"><a href=\"https:\/\/soymigrante.com\/revista\/cafe-clarita-tradicion-y-sabor-desde-alta-verapaz\/\" class=\"ak-module-meta-published\"><i class=\"ak-icon akfi-schedule\"><\/i>18\/09\/2025<\/a><\/div> <div class=\"ak-module-view-count\"><i class=\"ak-icon  fa fa-eye\"><\/i><span class=\"count\">110<\/span><\/div><\/div>\n\t\t\t\t\t\n\t\t\t\t\t<div class=\"clearfix ak-module-bottom\">\n\t\t\t\t\t\t\t\t\t\t\t<\/div>\n\t\t\t\t<\/div>\n\t\t\t<\/div>\n\t\t<\/article>\n\t\t<\/div><\/div><\/div>\t\t\t\t<\/div>\n\t\t\t\t<\/div>\n\t\t\t\t<\/div>\n\t\t<div data-particle_enable=\"false\" data-particle-mobile-disabled=\"false\" class=\"elementor-element elementor-element-c3f1465 e-con-full e-flex e-con e-child\" data-id=\"c3f1465\" data-element_type=\"container\" data-e-type=\"container\">\n\t\t\t\t<div class=\"elementor-element elementor-element-f888182 elementor-widget elementor-widget-newsy_list_1_small_square\" data-id=\"f888182\" data-element_type=\"widget\" data-e-type=\"widget\" data-widget_type=\"newsy_list_1_small_square.default\">\n\t\t\t\t<div class=\"elementor-widget-container\">\n\t\t\t\t\t<div class=\"ak-block ak-block-list-1-small-square ak-block-column  ak-block-numeric-style-3 ak-block-width-1 clearfix\" id=\"block_69f7296189c2e_10\"><div class=\"ak-block-header ak-block-header-style-9 no-tabs\"><h4 class=\"ak-block-title\"><a href=\"https:\/\/soymigrante.com\/revista\/category\/noticias\/\"><span class=\"title-text\"><i class=\"ak-icon  fa fa-bolt\"><\/i><span>Noticias<\/span><\/span><i class=\"fa fa-angle-double-right\"><\/i><\/a><\/h4><\/div><div class=\"ak-block-inner clearfix\"><div class=\"ak-block-posts clearfix\">\t\t<article class=\"ak-module ak-module-1-small-square ak-column-module ak-module-meta-hide clearfix post-55722 post type-post status-publish format-standard has-post-thumbnail  category-noticias\">\n\t\t\t<div class=\"ak-module-inner clearfix\">\n\t\t\t\t<div class=\"ak-module-featured\">\n\t\t\t\t\t<div class=\"ak-featured-cover\"><a href=\"https:\/\/soymigrante.com\/revista\/multas-a-migrantes-indocumentados-tactica-para-presionar-autodeportacion-desde-usa\/\" class=\"ak-featured-link\" rel=\"bookmark\" title=\"Multas a migrantes indocumentados: t\u00e1ctica  para presionar autodeportaci\u00f3n desde USA\"><div class=\"ak-featured-thumb lazy-thumb size-1000\" ><img loading=\"lazy\" decoding=\"async\" width=\"75\" height=\"75\" src=\"data:image\/gif;base64,R0lGODlhAQABAAAAACH5BAEKAAEALAAAAAABAAEAAAICTAEAOw==\" class=\"attachment-newsy_75x75 size-newsy_75x75 lazyload wp-post-image\" alt=\"multas a indocumentados ilustracion\" data-src=\"https:\/\/soymigrante.com\/revista\/wp-content\/uploads\/2026\/04\/multas-a-indocumentados-ilustracion-75x75.png\" data-sizes=\"auto\" data-srcset=\"https:\/\/soymigrante.com\/revista\/wp-content\/uploads\/2026\/04\/multas-a-indocumentados-ilustracion-75x75.png 75w, https:\/\/soymigrante.com\/revista\/wp-content\/uploads\/2026\/04\/multas-a-indocumentados-ilustracion-300x300.png 300w, https:\/\/soymigrante.com\/revista\/wp-content\/uploads\/2026\/04\/multas-a-indocumentados-ilustracion-1024x1024.png 1024w, https:\/\/soymigrante.com\/revista\/wp-content\/uploads\/2026\/04\/multas-a-indocumentados-ilustracion-150x150.png 150w, https:\/\/soymigrante.com\/revista\/wp-content\/uploads\/2026\/04\/multas-a-indocumentados-ilustracion-768x768.png 768w, https:\/\/soymigrante.com\/revista\/wp-content\/uploads\/2026\/04\/multas-a-indocumentados-ilustracion-750x750.png 750w, https:\/\/soymigrante.com\/revista\/wp-content\/uploads\/2026\/04\/multas-a-indocumentados-ilustracion.png 1123w\" data-expand=\"700\" \/><\/div><\/a><\/div>\t\t\t\t<\/div>\n\t\t\t\t<div class=\"ak-module-details\">\n\t\t\t\t\t<h3 class=\"ak-module-title\"><a href=\"https:\/\/soymigrante.com\/revista\/multas-a-migrantes-indocumentados-tactica-para-presionar-autodeportacion-desde-usa\/\" rel=\"bookmark\" title=\"Multas a migrantes indocumentados: t\u00e1ctica  para presionar autodeportaci\u00f3n desde USA\">Multas a migrantes indocumentados: t\u00e1ctica  para presionar autodeportaci\u00f3n&hellip;<\/a><\/h3>\t\t\t\t<\/div>\n\t\t\t<\/div>\n\t\t<\/article>\n\t\t\t\t<article class=\"ak-module ak-module-1-small-square ak-column-module ak-module-meta-hide clearfix post-55619 post type-post status-publish format-standard has-post-thumbnail  category-noticias\">\n\t\t\t<div class=\"ak-module-inner clearfix\">\n\t\t\t\t<div class=\"ak-module-featured\">\n\t\t\t\t\t<div class=\"ak-featured-cover\"><a href=\"https:\/\/soymigrante.com\/revista\/migrantes-pagan-mas-impuestos-que-el-promedio-en-estados-unidos-afirma-estudio-de-cato-institute\/\" class=\"ak-featured-link\" rel=\"bookmark\" title=\"Migrantes pagan m\u00e1s impuestos que el promedio en Estados Unidos, afirma estudio de CATO Institute\"><div class=\"ak-featured-thumb lazy-thumb size-1000\" ><img loading=\"lazy\" decoding=\"async\" width=\"75\" height=\"75\" src=\"data:image\/gif;base64,R0lGODlhAQABAAAAACH5BAEKAAEALAAAAAABAAEAAAICTAEAOw==\" class=\"attachment-newsy_75x75 size-newsy_75x75 lazyload wp-post-image\" alt=\"migrantes en estados unidos pago de impuestos cato institute estudio\" data-src=\"https:\/\/soymigrante.com\/revista\/wp-content\/uploads\/2026\/04\/migrantes-en-estados-unidos-pago-de-impuestos-cato-institute-estudio-75x75.png\" data-sizes=\"auto\" data-srcset=\"https:\/\/soymigrante.com\/revista\/wp-content\/uploads\/2026\/04\/migrantes-en-estados-unidos-pago-de-impuestos-cato-institute-estudio-75x75.png 75w, https:\/\/soymigrante.com\/revista\/wp-content\/uploads\/2026\/04\/migrantes-en-estados-unidos-pago-de-impuestos-cato-institute-estudio-300x300.png 300w, https:\/\/soymigrante.com\/revista\/wp-content\/uploads\/2026\/04\/migrantes-en-estados-unidos-pago-de-impuestos-cato-institute-estudio-150x150.png 150w, https:\/\/soymigrante.com\/revista\/wp-content\/uploads\/2026\/04\/migrantes-en-estados-unidos-pago-de-impuestos-cato-institute-estudio-768x768.png 768w, https:\/\/soymigrante.com\/revista\/wp-content\/uploads\/2026\/04\/migrantes-en-estados-unidos-pago-de-impuestos-cato-institute-estudio-750x750.png 750w, https:\/\/soymigrante.com\/revista\/wp-content\/uploads\/2026\/04\/migrantes-en-estados-unidos-pago-de-impuestos-cato-institute-estudio.png 882w\" data-expand=\"700\" \/><\/div><\/a><\/div>\t\t\t\t<\/div>\n\t\t\t\t<div class=\"ak-module-details\">\n\t\t\t\t\t<h3 class=\"ak-module-title\"><a href=\"https:\/\/soymigrante.com\/revista\/migrantes-pagan-mas-impuestos-que-el-promedio-en-estados-unidos-afirma-estudio-de-cato-institute\/\" rel=\"bookmark\" title=\"Migrantes pagan m\u00e1s impuestos que el promedio en Estados Unidos, afirma estudio de CATO Institute\">Migrantes pagan m\u00e1s impuestos que el promedio en Estados Unidos, afirma&hellip;<\/a><\/h3>\t\t\t\t<\/div>\n\t\t\t<\/div>\n\t\t<\/article>\n\t\t\t\t<article class=\"ak-module ak-module-1-small-square ak-column-module ak-module-meta-hide clearfix post-55528 post type-post status-publish format-standard has-post-thumbnail  category-noticias\">\n\t\t\t<div class=\"ak-module-inner clearfix\">\n\t\t\t\t<div class=\"ak-module-featured\">\n\t\t\t\t\t<div class=\"ak-featured-cover\"><a href=\"https:\/\/soymigrante.com\/revista\/corte-reactiva-ley-antimigrante-sb4-de-texas-policia-estatal-podria-capturar-a-indocumentados\/\" class=\"ak-featured-link\" rel=\"bookmark\" title=\"Corte reactiva ley antimigrante SB4 de Texas: polic\u00eda estatal podr\u00eda capturar a indocumentados\"><div class=\"ak-featured-thumb lazy-thumb size-1000\" ><img loading=\"lazy\" decoding=\"async\" width=\"75\" height=\"75\" src=\"data:image\/gif;base64,R0lGODlhAQABAAAAACH5BAEKAAEALAAAAAABAAEAAAICTAEAOw==\" class=\"attachment-newsy_75x75 size-newsy_75x75 lazyload wp-post-image\" alt=\"texas ley contra migrantes\" data-src=\"https:\/\/soymigrante.com\/revista\/wp-content\/uploads\/2026\/04\/texas-ley-contra-migrantes-75x75.png\" data-sizes=\"auto\" data-srcset=\"https:\/\/soymigrante.com\/revista\/wp-content\/uploads\/2026\/04\/texas-ley-contra-migrantes-75x75.png 75w, https:\/\/soymigrante.com\/revista\/wp-content\/uploads\/2026\/04\/texas-ley-contra-migrantes-300x300.png 300w, https:\/\/soymigrante.com\/revista\/wp-content\/uploads\/2026\/04\/texas-ley-contra-migrantes-1024x1024.png 1024w, https:\/\/soymigrante.com\/revista\/wp-content\/uploads\/2026\/04\/texas-ley-contra-migrantes-150x150.png 150w, https:\/\/soymigrante.com\/revista\/wp-content\/uploads\/2026\/04\/texas-ley-contra-migrantes-768x768.png 768w, https:\/\/soymigrante.com\/revista\/wp-content\/uploads\/2026\/04\/texas-ley-contra-migrantes-750x750.png 750w, https:\/\/soymigrante.com\/revista\/wp-content\/uploads\/2026\/04\/texas-ley-contra-migrantes-1140x1140.png 1140w, https:\/\/soymigrante.com\/revista\/wp-content\/uploads\/2026\/04\/texas-ley-contra-migrantes.png 1254w\" data-expand=\"700\" \/><\/div><\/a><\/div>\t\t\t\t<\/div>\n\t\t\t\t<div class=\"ak-module-details\">\n\t\t\t\t\t<h3 class=\"ak-module-title\"><a href=\"https:\/\/soymigrante.com\/revista\/corte-reactiva-ley-antimigrante-sb4-de-texas-policia-estatal-podria-capturar-a-indocumentados\/\" rel=\"bookmark\" title=\"Corte reactiva ley antimigrante SB4 de Texas: polic\u00eda estatal podr\u00eda capturar a indocumentados\">Corte reactiva ley antimigrante SB4 de Texas: polic\u00eda estatal podr\u00eda&hellip;<\/a><\/h3>\t\t\t\t<\/div>\n\t\t\t<\/div>\n\t\t<\/article>\n\t\t\t\t<article class=\"ak-module ak-module-1-small-square ak-column-module ak-module-meta-hide clearfix post-55431 post type-post status-publish format-standard has-post-thumbnail  category-noticias\">\n\t\t\t<div class=\"ak-module-inner clearfix\">\n\t\t\t\t<div class=\"ak-module-featured\">\n\t\t\t\t\t<div class=\"ak-featured-cover\"><a href=\"https:\/\/soymigrante.com\/revista\/familias-migrantes-enfrentan-incierto-debate-de-ciudadania-por-nacimiento-en-ee-uu\/\" class=\"ak-featured-link\" rel=\"bookmark\" title=\"Familias migrantes enfrentan incierto debate de ciudadan\u00eda por nacimiento en EE.UU.\"><div class=\"ak-featured-thumb lazy-thumb size-1000\" ><img loading=\"lazy\" decoding=\"async\" width=\"75\" height=\"75\" src=\"data:image\/gif;base64,R0lGODlhAQABAAAAACH5BAEKAAEALAAAAAABAAEAAAICTAEAOw==\" class=\"attachment-newsy_75x75 size-newsy_75x75 lazyload wp-post-image\" alt=\"ciudadania por nacimiento2\" data-src=\"https:\/\/soymigrante.com\/revista\/wp-content\/uploads\/2026\/04\/ciudadania-por-nacimiento2-75x75.png\" data-sizes=\"auto\" data-srcset=\"https:\/\/soymigrante.com\/revista\/wp-content\/uploads\/2026\/04\/ciudadania-por-nacimiento2-75x75.png 75w, https:\/\/soymigrante.com\/revista\/wp-content\/uploads\/2026\/04\/ciudadania-por-nacimiento2-300x300.png 300w, https:\/\/soymigrante.com\/revista\/wp-content\/uploads\/2026\/04\/ciudadania-por-nacimiento2-1024x1024.png 1024w, https:\/\/soymigrante.com\/revista\/wp-content\/uploads\/2026\/04\/ciudadania-por-nacimiento2-150x150.png 150w, https:\/\/soymigrante.com\/revista\/wp-content\/uploads\/2026\/04\/ciudadania-por-nacimiento2-768x768.png 768w, https:\/\/soymigrante.com\/revista\/wp-content\/uploads\/2026\/04\/ciudadania-por-nacimiento2-750x750.png 750w, https:\/\/soymigrante.com\/revista\/wp-content\/uploads\/2026\/04\/ciudadania-por-nacimiento2.png 1122w\" data-expand=\"700\" \/><\/div><\/a><\/div>\t\t\t\t<\/div>\n\t\t\t\t<div class=\"ak-module-details\">\n\t\t\t\t\t<h3 class=\"ak-module-title\"><a href=\"https:\/\/soymigrante.com\/revista\/familias-migrantes-enfrentan-incierto-debate-de-ciudadania-por-nacimiento-en-ee-uu\/\" rel=\"bookmark\" title=\"Familias migrantes enfrentan incierto debate de ciudadan\u00eda por nacimiento en EE.UU.\">Familias migrantes enfrentan incierto debate de ciudadan\u00eda por nacimiento&hellip;<\/a><\/h3>\t\t\t\t<\/div>\n\t\t\t<\/div>\n\t\t<\/article>\n\t\t<\/div><\/div><\/div>\t\t\t\t<\/div>\n\t\t\t\t<\/div>\n\t\t\t\t<div class=\"elementor-element elementor-element-8b9304f elementor-widget elementor-widget-newsy_list_1_small_square\" data-id=\"8b9304f\" data-element_type=\"widget\" data-e-type=\"widget\" data-widget_type=\"newsy_list_1_small_square.default\">\n\t\t\t\t<div class=\"elementor-widget-container\">\n\t\t\t\t\t<div class=\"ak-block ak-block-list-1-small-square ak-block-column  ak-block-numeric-style-3 ak-block-width-1 clearfix\" id=\"block_69f7296189c2e_11\"><div class=\"ak-block-header ak-block-header-style-9 no-tabs\"><h4 class=\"ak-block-title\"><span class=\"title-text\"><i class=\"ak-icon  fa fa-podcast\"><\/i><span>Los m\u00e1s populares de la semana<\/span><\/span><\/h4><\/div><div class=\"ak-block-inner clearfix\"><div class=\"ak-block-posts clearfix\">\t\t<article class=\"ak-module ak-module-1-small-square ak-column-module ak-module-meta-hide clearfix post-9526 post type-post status-publish format-standard has-post-thumbnail  category-pueblos-de-guatemala\">\n\t\t\t<div class=\"ak-module-inner clearfix\">\n\t\t\t\t<div class=\"ak-module-featured\">\n\t\t\t\t\t<div class=\"ak-featured-cover\"><a href=\"https:\/\/soymigrante.com\/revista\/pueblo-ladino-integra-raices-y-mestizajes-de-guatemala\/\" class=\"ak-featured-link\" rel=\"bookmark\" title=\"Pueblo ladino integra ra\u00edces, identidades y mestizajes culturales de Guatemala\"><div class=\"ak-featured-thumb lazy-thumb size-1000\" ><img loading=\"lazy\" decoding=\"async\" width=\"75\" height=\"75\" src=\"data:image\/gif;base64,R0lGODlhAQABAAAAACH5BAEKAAEALAAAAAABAAEAAAICTAEAOw==\" class=\"attachment-newsy_75x75 size-newsy_75x75 lazyload wp-post-image\" alt=\"Pueblo ladino integra ra\u00edces, identidades y mestizajes culturales de Guatemala\" data-src=\"https:\/\/soymigrante.com\/revista\/wp-content\/uploads\/2024\/09\/mestizos-75x75.webp\" data-sizes=\"auto\" data-srcset=\"https:\/\/soymigrante.com\/revista\/wp-content\/uploads\/2024\/09\/mestizos-75x75.webp 75w, https:\/\/soymigrante.com\/revista\/wp-content\/uploads\/2024\/09\/mestizos-300x300.webp 300w, https:\/\/soymigrante.com\/revista\/wp-content\/uploads\/2024\/09\/mestizos-150x150.webp 150w, https:\/\/soymigrante.com\/revista\/wp-content\/uploads\/2024\/09\/mestizos-768x768.webp 768w, https:\/\/soymigrante.com\/revista\/wp-content\/uploads\/2024\/09\/mestizos-750x750.webp 750w, https:\/\/soymigrante.com\/revista\/wp-content\/uploads\/2024\/09\/mestizos.webp 968w\" data-expand=\"700\" \/><\/div><\/a><\/div>\t\t\t\t<\/div>\n\t\t\t\t<div class=\"ak-module-details\">\n\t\t\t\t\t<h3 class=\"ak-module-title\"><a href=\"https:\/\/soymigrante.com\/revista\/pueblo-ladino-integra-raices-y-mestizajes-de-guatemala\/\" rel=\"bookmark\" title=\"Pueblo ladino integra ra\u00edces, identidades y mestizajes culturales de Guatemala\">Pueblo ladino integra ra\u00edces, identidades y mestizajes culturales de&hellip;<\/a><\/h3>\t\t\t\t<\/div>\n\t\t\t<\/div>\n\t\t<\/article>\n\t\t\t\t<article class=\"ak-module ak-module-1-small-square ak-column-module ak-module-meta-hide clearfix post-34340 post type-post status-publish format-standard has-post-thumbnail  category-guate-nuestra\">\n\t\t\t<div class=\"ak-module-inner clearfix\">\n\t\t\t\t<div class=\"ak-module-featured\">\n\t\t\t\t\t<div class=\"ak-featured-cover\"><a href=\"https:\/\/soymigrante.com\/revista\/diez-grupos-musicales-guatemaltecos-que-siguen-marcando-ritmo-dentro-y-fuera-del-pais\/\" class=\"ak-featured-link\" rel=\"bookmark\" title=\"Diez grupos musicales guatemaltecos que siguen marcando ritmo dentro y fuera del pa\u00eds\"><div class=\"ak-featured-thumb lazy-thumb size-1000\" ><img loading=\"lazy\" decoding=\"async\" width=\"75\" height=\"75\" src=\"data:image\/gif;base64,R0lGODlhAQABAAAAACH5BAEKAAEALAAAAAABAAEAAAICTAEAOw==\" class=\"attachment-newsy_75x75 size-newsy_75x75 lazyload wp-post-image\" alt=\"AIMM Malagated Tel\u00f3 Sound en escena con m\u00fasicos tocando en vivo en un evento cultural y musical.\" data-src=\"https:\/\/soymigrante.com\/revista\/wp-content\/uploads\/2025\/05\/Malacates-portada-e1747942312166-75x75.webp\" data-sizes=\"auto\" data-srcset=\"https:\/\/soymigrante.com\/revista\/wp-content\/uploads\/2025\/05\/Malacates-portada-e1747942312166-75x75.webp 75w, https:\/\/soymigrante.com\/revista\/wp-content\/uploads\/2025\/05\/Malacates-portada-e1747942312166-300x300.webp 300w, https:\/\/soymigrante.com\/revista\/wp-content\/uploads\/2025\/05\/Malacates-portada-e1747942312166-1024x1024.webp 1024w, https:\/\/soymigrante.com\/revista\/wp-content\/uploads\/2025\/05\/Malacates-portada-e1747942312166-150x150.webp 150w, https:\/\/soymigrante.com\/revista\/wp-content\/uploads\/2025\/05\/Malacates-portada-e1747942312166-768x768.webp 768w, https:\/\/soymigrante.com\/revista\/wp-content\/uploads\/2025\/05\/Malacates-portada-e1747942312166-750x750.webp 750w, https:\/\/soymigrante.com\/revista\/wp-content\/uploads\/2025\/05\/Malacates-portada-e1747942312166-1140x1140.webp 1140w, https:\/\/soymigrante.com\/revista\/wp-content\/uploads\/2025\/05\/Malacates-portada-e1747942312166.webp 1365w\" data-expand=\"700\" \/><\/div><\/a><\/div>\t\t\t\t<\/div>\n\t\t\t\t<div class=\"ak-module-details\">\n\t\t\t\t\t<h3 class=\"ak-module-title\"><a href=\"https:\/\/soymigrante.com\/revista\/diez-grupos-musicales-guatemaltecos-que-siguen-marcando-ritmo-dentro-y-fuera-del-pais\/\" rel=\"bookmark\" title=\"Diez grupos musicales guatemaltecos que siguen marcando ritmo dentro y fuera del pa\u00eds\">Diez grupos musicales guatemaltecos que siguen marcando ritmo dentro y&hellip;<\/a><\/h3>\t\t\t\t<\/div>\n\t\t\t<\/div>\n\t\t<\/article>\n\t\t\t\t<article class=\"ak-module ak-module-1-small-square ak-column-module ak-module-meta-hide clearfix post-55507 post type-post status-publish format-standard has-post-thumbnail  category-estamos-unidos\">\n\t\t\t<div class=\"ak-module-inner clearfix\">\n\t\t\t\t<div class=\"ak-module-featured\">\n\t\t\t\t\t<div class=\"ak-featured-cover\"><a href=\"https:\/\/soymigrante.com\/revista\/miss-gualan-usa-coronacion-imprevisto-guatemaltecos-en-estados-unidos-union-abril-2026\/\" class=\"ak-featured-link\" rel=\"bookmark\" title=\"Un imprevisto en la coronaci\u00f3n de Miss Gualan U.S.A. 2026 en Los Angeles hizo brillar la uni\u00f3n guatemalteca\"><div class=\"ak-featured-thumb lazy-thumb size-1000\" ><img loading=\"lazy\" decoding=\"async\" width=\"75\" height=\"75\" src=\"data:image\/gif;base64,R0lGODlhAQABAAAAACH5BAEKAAEALAAAAAABAAEAAAICTAEAOw==\" class=\"attachment-newsy_75x75 size-newsy_75x75 lazyload wp-post-image\" alt=\"guatemaltecos en Estados Unidos miss gualan USA coronacion 5\" data-src=\"https:\/\/soymigrante.com\/revista\/wp-content\/uploads\/2026\/04\/guatemaltecos-en-Estados-Unidos-miss-gualan-USA-coronacion-5-75x75.jpg\" data-sizes=\"auto\" data-srcset=\"https:\/\/soymigrante.com\/revista\/wp-content\/uploads\/2026\/04\/guatemaltecos-en-Estados-Unidos-miss-gualan-USA-coronacion-5-75x75.jpg 75w, https:\/\/soymigrante.com\/revista\/wp-content\/uploads\/2026\/04\/guatemaltecos-en-Estados-Unidos-miss-gualan-USA-coronacion-5-300x300.jpg 300w, https:\/\/soymigrante.com\/revista\/wp-content\/uploads\/2026\/04\/guatemaltecos-en-Estados-Unidos-miss-gualan-USA-coronacion-5-150x150.jpg 150w, https:\/\/soymigrante.com\/revista\/wp-content\/uploads\/2026\/04\/guatemaltecos-en-Estados-Unidos-miss-gualan-USA-coronacion-5.jpg 592w\" data-expand=\"700\" \/><\/div><\/a><\/div>\t\t\t\t<\/div>\n\t\t\t\t<div class=\"ak-module-details\">\n\t\t\t\t\t<h3 class=\"ak-module-title\"><a href=\"https:\/\/soymigrante.com\/revista\/miss-gualan-usa-coronacion-imprevisto-guatemaltecos-en-estados-unidos-union-abril-2026\/\" rel=\"bookmark\" title=\"Un imprevisto en la coronaci\u00f3n de Miss Gualan U.S.A. 2026 en Los Angeles hizo brillar la uni\u00f3n guatemalteca\">Un imprevisto en la coronaci\u00f3n de Miss Gualan U.S.A. 2026 en Los Angeles&hellip;<\/a><\/h3>\t\t\t\t<\/div>\n\t\t\t<\/div>\n\t\t<\/article>\n\t\t<\/div><\/div><\/div>\t\t\t\t<\/div>\n\t\t\t\t<\/div>\n\t\t\t\t<\/div>\n\t\t\t\t<\/div>\n\t\t\t\t<div class=\"elementor-element elementor-element-abd543f elementor-widget elementor-widget-html\" data-id=\"abd543f\" data-element_type=\"widget\" data-e-type=\"widget\" data-widget_type=\"html.default\">\n\t\t\t\t\t<div style=\"text-align: center;\">\n  <!-- Revive Adserver Hosted edition Asynchronous JS Tag - Generated with Revive Adserver v5.5.2 -->\n  <ins data-revive-zoneid=\"23514\" data-revive-target=\"_blank\" data-revive-id=\"727bec5e09208690b050ccfc6a45d384\"><\/ins>\n  <script async src=\"\/\/servedby.revive-adserver.net\/asyncjs.php\"><\/script>\n<\/div>\n\t\t\t\t<\/div>\n\t\t<div data-particle_enable=\"false\" data-particle-mobile-disabled=\"false\" class=\"elementor-element elementor-element-64cc1c1 e-con-full e-grid e-con e-child\" data-id=\"64cc1c1\" data-element_type=\"container\" data-e-type=\"container\">\n\t\t<div data-particle_enable=\"false\" data-particle-mobile-disabled=\"false\" class=\"elementor-element elementor-element-73864b4 e-con-full e-flex e-con e-child\" data-id=\"73864b4\" data-element_type=\"container\" data-e-type=\"container\">\n\t\t\t\t<div class=\"elementor-element elementor-element-e6af599 elementor-widget elementor-widget-newsy_list_1_small_square\" data-id=\"e6af599\" data-element_type=\"widget\" data-e-type=\"widget\" data-widget_type=\"newsy_list_1_small_square.default\">\n\t\t\t\t<div class=\"elementor-widget-container\">\n\t\t\t\t\t<div class=\"ak-block ak-block-list-1-small-square ak-block-column  ak-block-width-1 clearfix\" id=\"block_69f7296189c2e_12\"><div class=\"ak-block-header ak-block-header-style-9 no-tabs\"><h4 class=\"ak-block-title\"><a href=\"https:\/\/soymigrante.com\/revista\/tag\/departamentos-de-guatemala\"><span class=\"title-text\"><i class=\"ak-icon  fa fa-map-marker\"><\/i><span>Departamentos GT<\/span><\/span><i class=\"fa fa-angle-double-right\"><\/i><\/a><\/h4><\/div><div class=\"ak-block-inner clearfix\"><div class=\"ak-block-posts clearfix\">\t\t<article class=\"ak-module ak-module-1-small-square ak-column-module clearfix post-24056 post type-post status-publish format-standard has-post-thumbnail  category-guate-nuestra tag-departamentos-de-guatemala\">\n\t\t\t<div class=\"ak-module-inner clearfix\">\n\t\t\t\t<div class=\"ak-module-featured\">\n\t\t\t\t\t<div class=\"ak-featured-cover\"><a href=\"https:\/\/soymigrante.com\/revista\/departamentos-de-guatemala-quetzaltenango-tiene-historia-de-500-anos\/\" class=\"ak-featured-link\" rel=\"bookmark\" title=\"Departamentos de Guatemala: Quetzaltenango tiene historia de m\u00e1s de 500 a\u00f1os\"><div class=\"ak-featured-thumb lazy-thumb size-1000\" ><img loading=\"lazy\" decoding=\"async\" width=\"75\" height=\"75\" src=\"data:image\/gif;base64,R0lGODlhAQABAAAAACH5BAEKAAEALAAAAAABAAEAAAICTAEAOw==\" class=\"attachment-newsy_75x75 size-newsy_75x75 lazyload wp-post-image\" alt=\"Imponente escultura de una diosa en la entrada del edificio hist\u00f3rico con columnas y detalles cl\u00e1sicos.\" data-src=\"https:\/\/soymigrante.com\/revista\/wp-content\/uploads\/2025\/02\/Quetzaltenango-2-75x75.webp\" data-sizes=\"auto\" data-srcset=\"https:\/\/soymigrante.com\/revista\/wp-content\/uploads\/2025\/02\/Quetzaltenango-2-75x75.webp 75w, https:\/\/soymigrante.com\/revista\/wp-content\/uploads\/2025\/02\/Quetzaltenango-2-150x150.jpeg 150w\" data-expand=\"700\" \/><\/div><\/a><\/div>\t\t\t\t<\/div>\n\t\t\t\t<div class=\"ak-module-details\">\n\t\t\t\t\t<h3 class=\"ak-module-title\"><a href=\"https:\/\/soymigrante.com\/revista\/departamentos-de-guatemala-quetzaltenango-tiene-historia-de-500-anos\/\" rel=\"bookmark\" title=\"Departamentos de Guatemala: Quetzaltenango tiene historia de m\u00e1s de 500 a\u00f1os\">Departamentos de Guatemala: Quetzaltenango tiene historia de m\u00e1s de 500&hellip;<\/a><\/h3><div class=\"ak-module-meta\"><div class=\"ak-module-time\"><a href=\"https:\/\/soymigrante.com\/revista\/departamentos-de-guatemala-quetzaltenango-tiene-historia-de-500-anos\/\" class=\"ak-module-meta-published\"><i class=\"ak-icon akfi-schedule\"><\/i>06\/02\/2025<\/a><\/div> <div class=\"ak-module-view-count\"><i class=\"ak-icon  fa fa-eye\"><\/i><span class=\"count\">175<\/span><\/div><\/div>\t\t\t\t<\/div>\n\t\t\t<\/div>\n\t\t<\/article>\n\t\t\t\t<article class=\"ak-module ak-module-1-small-square ak-column-module clearfix post-17984 post type-post status-publish format-standard has-post-thumbnail  category-guate-nuestra tag-departamentos-de-guatemala\">\n\t\t\t<div class=\"ak-module-inner clearfix\">\n\t\t\t\t<div class=\"ak-module-featured\">\n\t\t\t\t\t<div class=\"ak-featured-cover\"><a href=\"https:\/\/soymigrante.com\/revista\/departamentos-de-guatemala-chiquimula-la-perla-de-oriente-cumple-200-anos-este-2025\/\" class=\"ak-featured-link\" rel=\"bookmark\" title=\"Departamentos de Guatemala: Chiquimula, bicentenaria Perla de Oriente sigue brillando\"><div class=\"ak-featured-thumb lazy-thumb size-1000\" ><img loading=\"lazy\" decoding=\"async\" width=\"75\" height=\"75\" src=\"data:image\/gif;base64,R0lGODlhAQABAAAAACH5BAEKAAEALAAAAAABAAEAAAICTAEAOw==\" class=\"attachment-newsy_75x75 size-newsy_75x75 lazyload wp-post-image\" alt=\"Imponente iglesia colonial blanca en el centro de la ciudad con multitud de visitantes en la escalinata.\" data-src=\"https:\/\/soymigrante.com\/revista\/wp-content\/uploads\/2025\/01\/chiquimula-75x75.webp\" data-sizes=\"auto\" data-srcset=\"https:\/\/soymigrante.com\/revista\/wp-content\/uploads\/2025\/01\/chiquimula-75x75.webp 75w, https:\/\/soymigrante.com\/revista\/wp-content\/uploads\/2025\/01\/chiquimula-300x300.jpg 300w, https:\/\/soymigrante.com\/revista\/wp-content\/uploads\/2025\/01\/chiquimula-150x150.jpg 150w, https:\/\/soymigrante.com\/revista\/wp-content\/uploads\/2025\/01\/chiquimula-768x768.jpg 768w, https:\/\/soymigrante.com\/revista\/wp-content\/uploads\/2025\/01\/chiquimula-750x750.webp 750w, https:\/\/soymigrante.com\/revista\/wp-content\/uploads\/2025\/01\/chiquimula.webp 960w\" data-expand=\"700\" \/><\/div><\/a><\/div>\t\t\t\t<\/div>\n\t\t\t\t<div class=\"ak-module-details\">\n\t\t\t\t\t<h3 class=\"ak-module-title\"><a href=\"https:\/\/soymigrante.com\/revista\/departamentos-de-guatemala-chiquimula-la-perla-de-oriente-cumple-200-anos-este-2025\/\" rel=\"bookmark\" title=\"Departamentos de Guatemala: Chiquimula, bicentenaria Perla de Oriente sigue brillando\">Departamentos de Guatemala: Chiquimula, bicentenaria Perla de Oriente sigue&hellip;<\/a><\/h3><div class=\"ak-module-meta\"><div class=\"ak-module-time\"><a href=\"https:\/\/soymigrante.com\/revista\/departamentos-de-guatemala-chiquimula-la-perla-de-oriente-cumple-200-anos-este-2025\/\" class=\"ak-module-meta-published\"><i class=\"ak-icon akfi-schedule\"><\/i>03\/01\/2025<\/a><\/div> <div class=\"ak-module-view-count\"><i class=\"ak-icon  fa fa-eye\"><\/i><span class=\"count\">224<\/span><\/div><\/div>\t\t\t\t<\/div>\n\t\t\t<\/div>\n\t\t<\/article>\n\t\t\t\t<article class=\"ak-module ak-module-1-small-square ak-column-module clearfix post-25792 post type-post status-publish format-standard has-post-thumbnail  category-guate-nuestra tag-departamentos-de-guatemala\">\n\t\t\t<div class=\"ak-module-inner clearfix\">\n\t\t\t\t<div class=\"ak-module-featured\">\n\t\t\t\t\t<div class=\"ak-featured-cover\"><a href=\"https:\/\/soymigrante.com\/revista\/departamentos-de-guatemala-sacatepequez-surgio-en-1839-y-alguna-vez-tuvo-hasta-24-municipios\/\" class=\"ak-featured-link\" rel=\"bookmark\" title=\"Departamentos de Guatemala: Sacatep\u00e9quez  surgi\u00f3 en 1839 y alguna vez tuvo hasta 24 municipios\"><div class=\"ak-featured-thumb lazy-thumb size-1000\" ><img loading=\"lazy\" decoding=\"async\" width=\"75\" height=\"75\" src=\"data:image\/gif;base64,R0lGODlhAQABAAAAACH5BAEKAAEALAAAAAABAAEAAAICTAEAOw==\" class=\"attachment-newsy_75x75 size-newsy_75x75 lazyload wp-post-image\" alt=\"Departamentos de Guatemala: Sacatep\u00e9quez, calles empedradas y tradiciones\" data-src=\"https:\/\/soymigrante.com\/revista\/wp-content\/uploads\/2025\/02\/Sacatepe\u0301quez-2-e1739816044538-75x75.webp\" data-sizes=\"auto\" data-srcset=\"https:\/\/soymigrante.com\/revista\/wp-content\/uploads\/2025\/02\/Sacatepe\u0301quez-2-e1739816044538-75x75.webp 75w, https:\/\/soymigrante.com\/revista\/wp-content\/uploads\/2025\/02\/Sacatepe\u0301quez-2-e1739816044538-300x300.jpeg 300w, https:\/\/soymigrante.com\/revista\/wp-content\/uploads\/2025\/02\/Sacatepe\u0301quez-2-e1739816044538-1024x1024.jpeg 1024w, https:\/\/soymigrante.com\/revista\/wp-content\/uploads\/2025\/02\/Sacatepe\u0301quez-2-e1739816044538-150x150.jpeg 150w, https:\/\/soymigrante.com\/revista\/wp-content\/uploads\/2025\/02\/Sacatepe\u0301quez-2-e1739816044538-768x768.jpeg 768w, https:\/\/soymigrante.com\/revista\/wp-content\/uploads\/2025\/02\/Sacatepe\u0301quez-2-e1739816044538-750x750.webp 750w, https:\/\/soymigrante.com\/revista\/wp-content\/uploads\/2025\/02\/Sacatepe\u0301quez-2-e1739816044538.webp 1064w\" data-expand=\"700\" \/><\/div><\/a><\/div>\t\t\t\t<\/div>\n\t\t\t\t<div class=\"ak-module-details\">\n\t\t\t\t\t<h3 class=\"ak-module-title\"><a href=\"https:\/\/soymigrante.com\/revista\/departamentos-de-guatemala-sacatepequez-surgio-en-1839-y-alguna-vez-tuvo-hasta-24-municipios\/\" rel=\"bookmark\" title=\"Departamentos de Guatemala: Sacatep\u00e9quez  surgi\u00f3 en 1839 y alguna vez tuvo hasta 24 municipios\">Departamentos de Guatemala: Sacatep\u00e9quez  surgi\u00f3 en 1839 y alguna vez tuvo&hellip;<\/a><\/h3><div class=\"ak-module-meta\"><div class=\"ak-module-time\"><a href=\"https:\/\/soymigrante.com\/revista\/departamentos-de-guatemala-sacatepequez-surgio-en-1839-y-alguna-vez-tuvo-hasta-24-municipios\/\" class=\"ak-module-meta-published\"><i class=\"ak-icon akfi-schedule\"><\/i>19\/02\/2025<\/a><\/div> <div class=\"ak-module-view-count\"><i class=\"ak-icon  fa fa-eye\"><\/i><span class=\"count\">248<\/span><\/div><\/div>\t\t\t\t<\/div>\n\t\t\t<\/div>\n\t\t<\/article>\n\t\t\t\t<article class=\"ak-module ak-module-1-small-square ak-column-module clearfix post-26923 post type-post status-publish format-standard has-post-thumbnail  category-guate-nuestra tag-departamentos-de-guatemala\">\n\t\t\t<div class=\"ak-module-inner clearfix\">\n\t\t\t\t<div class=\"ak-module-featured\">\n\t\t\t\t\t<div class=\"ak-featured-cover\"><a href=\"https:\/\/soymigrante.com\/revista\/departamentos-de-guatemala-solola-tiene-un-corazon-de-agua-cristalina-entre-montanas\/\" class=\"ak-featured-link\" rel=\"bookmark\" title=\"Departamentos de Guatemala: Solol\u00e1 tiene un coraz\u00f3n de agua cristalina entre monta\u00f1as\"><div class=\"ak-featured-thumb lazy-thumb size-1000\" ><img loading=\"lazy\" decoding=\"async\" width=\"75\" height=\"75\" src=\"data:image\/gif;base64,R0lGODlhAQABAAAAACH5BAEKAAEALAAAAAABAAEAAAICTAEAOw==\" class=\"attachment-newsy_75x75 size-newsy_75x75 lazyload wp-post-image\" alt=\"Departamentos de Guatemala: Solol\u00e1 la cuna de colores y tradiciones\" data-src=\"https:\/\/soymigrante.com\/revista\/wp-content\/uploads\/2025\/03\/Solola\u0301--e1741120204946-75x75.webp\" data-sizes=\"auto\" data-srcset=\"https:\/\/soymigrante.com\/revista\/wp-content\/uploads\/2025\/03\/Solola\u0301--e1741120204946-75x75.webp 75w, https:\/\/soymigrante.com\/revista\/wp-content\/uploads\/2025\/03\/Solola\u0301--e1741120204946-300x300.jpeg 300w, https:\/\/soymigrante.com\/revista\/wp-content\/uploads\/2025\/03\/Solola\u0301--e1741120204946-150x150.jpeg 150w, https:\/\/soymigrante.com\/revista\/wp-content\/uploads\/2025\/03\/Solola\u0301--e1741120204946.webp 720w\" data-expand=\"700\" \/><\/div><\/a><\/div>\t\t\t\t<\/div>\n\t\t\t\t<div class=\"ak-module-details\">\n\t\t\t\t\t<h3 class=\"ak-module-title\"><a href=\"https:\/\/soymigrante.com\/revista\/departamentos-de-guatemala-solola-tiene-un-corazon-de-agua-cristalina-entre-montanas\/\" rel=\"bookmark\" title=\"Departamentos de Guatemala: Solol\u00e1 tiene un coraz\u00f3n de agua cristalina entre monta\u00f1as\">Departamentos de Guatemala: Solol\u00e1 tiene un coraz\u00f3n de agua cristalina&hellip;<\/a><\/h3><div class=\"ak-module-meta\"><div class=\"ak-module-time\"><a href=\"https:\/\/soymigrante.com\/revista\/departamentos-de-guatemala-solola-tiene-un-corazon-de-agua-cristalina-entre-montanas\/\" class=\"ak-module-meta-published\"><i class=\"ak-icon akfi-schedule\"><\/i>06\/03\/2025<\/a><\/div> <div class=\"ak-module-view-count\"><i class=\"ak-icon  fa fa-eye\"><\/i><span class=\"count\">115<\/span><\/div><\/div>\t\t\t\t<\/div>\n\t\t\t<\/div>\n\t\t<\/article>\n\t\t\t\t<article class=\"ak-module ak-module-1-small-square ak-column-module clearfix post-17968 post type-post status-publish format-standard has-post-thumbnail  category-guate-nuestra tag-departamentos-de-guatemala\">\n\t\t\t<div class=\"ak-module-inner clearfix\">\n\t\t\t\t<div class=\"ak-module-featured\">\n\t\t\t\t\t<div class=\"ak-featured-cover\"><a href=\"https:\/\/soymigrante.com\/revista\/departamentos-de-guatemala-chimaltenango-tiene-montanas-tradicion-y-la-primera-capital-de-guatemala\/\" class=\"ak-featured-link\" rel=\"bookmark\" title=\"Departamentos de Guatemala: Chimaltenango tiene monta\u00f1as, tradici\u00f3n y la primera capital de Guatemala\"><div class=\"ak-featured-thumb lazy-thumb size-1000\" ><img loading=\"lazy\" decoding=\"async\" width=\"75\" height=\"75\" src=\"data:image\/gif;base64,R0lGODlhAQABAAAAACH5BAEKAAEALAAAAAABAAEAAAICTAEAOw==\" class=\"attachment-newsy_75x75 size-newsy_75x75 lazyload wp-post-image\" alt=\"Nube cubriendo monta\u00f1as al amanecer en un paisaje rural con volcanes, cielo colorido y casas en primer plano, resaltando la belleza natural y cultural de Guatemala.\" data-src=\"https:\/\/soymigrante.com\/revista\/wp-content\/uploads\/2024\/12\/eduardo-cot-patzun-cuadrada-75x75.webp\" data-sizes=\"auto\" data-srcset=\"https:\/\/soymigrante.com\/revista\/wp-content\/uploads\/2024\/12\/eduardo-cot-patzun-cuadrada-75x75.webp 75w, https:\/\/soymigrante.com\/revista\/wp-content\/uploads\/2024\/12\/eduardo-cot-patzun-cuadrada-300x300.jpg 300w, https:\/\/soymigrante.com\/revista\/wp-content\/uploads\/2024\/12\/eduardo-cot-patzun-cuadrada-1024x1024.jpg 1024w, https:\/\/soymigrante.com\/revista\/wp-content\/uploads\/2024\/12\/eduardo-cot-patzun-cuadrada-150x150.jpg 150w, https:\/\/soymigrante.com\/revista\/wp-content\/uploads\/2024\/12\/eduardo-cot-patzun-cuadrada-768x768.jpg 768w, https:\/\/soymigrante.com\/revista\/wp-content\/uploads\/2024\/12\/eduardo-cot-patzun-cuadrada-750x750.webp 750w, https:\/\/soymigrante.com\/revista\/wp-content\/uploads\/2024\/12\/eduardo-cot-patzun-cuadrada.webp 1059w\" data-expand=\"700\" \/><\/div><\/a><\/div>\t\t\t\t<\/div>\n\t\t\t\t<div class=\"ak-module-details\">\n\t\t\t\t\t<h3 class=\"ak-module-title\"><a href=\"https:\/\/soymigrante.com\/revista\/departamentos-de-guatemala-chimaltenango-tiene-montanas-tradicion-y-la-primera-capital-de-guatemala\/\" rel=\"bookmark\" title=\"Departamentos de Guatemala: Chimaltenango tiene monta\u00f1as, tradici\u00f3n y la primera capital de Guatemala\">Departamentos de Guatemala: Chimaltenango tiene monta\u00f1as, tradici\u00f3n y la&hellip;<\/a><\/h3><div class=\"ak-module-meta\"><div class=\"ak-module-time\"><a href=\"https:\/\/soymigrante.com\/revista\/departamentos-de-guatemala-chimaltenango-tiene-montanas-tradicion-y-la-primera-capital-de-guatemala\/\" class=\"ak-module-meta-published\"><i class=\"ak-icon akfi-schedule\"><\/i>30\/12\/2024<\/a><\/div> <div class=\"ak-module-view-count\"><i class=\"ak-icon  fa fa-eye\"><\/i><span class=\"count\">280<\/span><\/div><\/div>\t\t\t\t<\/div>\n\t\t\t<\/div>\n\t\t<\/article>\n\t\t\t\t<article class=\"ak-module ak-module-1-small-square ak-column-module clearfix post-17922 post type-post status-publish format-standard has-post-thumbnail  category-guate-nuestra tag-departamentos-de-guatemala\">\n\t\t\t<div class=\"ak-module-inner clearfix\">\n\t\t\t\t<div class=\"ak-module-featured\">\n\t\t\t\t\t<div class=\"ak-featured-cover\"><a href=\"https:\/\/soymigrante.com\/revista\/baja-verapaz-tierra-de-trabajo-del-gran-rabinal-achi-y-el-salto-de-chilasco\/\" class=\"ak-featured-link\" rel=\"bookmark\" title=\"Departamentos de Guatemala: Baja Verapaz: tierra de trabajo, del Rabinal Ach\u00ed y el salto de Chilasc\u00f3\"><div class=\"ak-featured-thumb lazy-thumb size-1000\" ><img loading=\"lazy\" decoding=\"async\" width=\"75\" height=\"75\" src=\"data:image\/gif;base64,R0lGODlhAQABAAAAACH5BAEKAAEALAAAAAABAAEAAAICTAEAOw==\" class=\"attachment-newsy_75x75 size-newsy_75x75 lazyload wp-post-image\" alt=\"Ca\u00edda de agua en naturaleza, cascada en la selva, paisaje de flora y r\u00edo, fotograf\u00eda de paisaje natural, belleza del bosque lluvioso, cascada proyectada en niebla, vegetaci\u00f3n exuberante en medio de la naturaleza, naturaleza en su estado puro, ecosistema selv\u00e1tico, paisaje de agua y \u00e1rboles, relevancia: alta para art\u00edculos sobre naturaleza y turismo ecol\u00f3gico.\" data-src=\"https:\/\/soymigrante.com\/revista\/wp-content\/uploads\/2024\/12\/salto-de-chilasco-gustavo-2-75x75.webp\" data-sizes=\"auto\" data-srcset=\"https:\/\/soymigrante.com\/revista\/wp-content\/uploads\/2024\/12\/salto-de-chilasco-gustavo-2-75x75.webp 75w, https:\/\/soymigrante.com\/revista\/wp-content\/uploads\/2024\/12\/salto-de-chilasco-gustavo-2-300x300.jpg 300w, https:\/\/soymigrante.com\/revista\/wp-content\/uploads\/2024\/12\/salto-de-chilasco-gustavo-2-150x150.jpg 150w, https:\/\/soymigrante.com\/revista\/wp-content\/uploads\/2024\/12\/salto-de-chilasco-gustavo-2.webp 706w\" data-expand=\"700\" \/><\/div><\/a><\/div>\t\t\t\t<\/div>\n\t\t\t\t<div class=\"ak-module-details\">\n\t\t\t\t\t<h3 class=\"ak-module-title\"><a href=\"https:\/\/soymigrante.com\/revista\/baja-verapaz-tierra-de-trabajo-del-gran-rabinal-achi-y-el-salto-de-chilasco\/\" rel=\"bookmark\" title=\"Departamentos de Guatemala: Baja Verapaz: tierra de trabajo, del Rabinal Ach\u00ed y el salto de Chilasc\u00f3\">Departamentos de Guatemala: Baja Verapaz: tierra de trabajo, del Rabinal&hellip;<\/a><\/h3><div class=\"ak-module-meta\"><div class=\"ak-module-time\"><a href=\"https:\/\/soymigrante.com\/revista\/baja-verapaz-tierra-de-trabajo-del-gran-rabinal-achi-y-el-salto-de-chilasco\/\" class=\"ak-module-meta-published\"><i class=\"ak-icon akfi-schedule\"><\/i>27\/12\/2024<\/a><\/div> <div class=\"ak-module-view-count\"><i class=\"ak-icon  fa fa-eye\"><\/i><span class=\"count\">180<\/span><\/div><\/div>\t\t\t\t<\/div>\n\t\t\t<\/div>\n\t\t<\/article>\n\t\t\t\t<article class=\"ak-module ak-module-1-small-square ak-column-module clearfix post-27423 post type-post status-publish format-standard has-post-thumbnail  category-guate-nuestra tag-departamentos-de-guatemala\">\n\t\t\t<div class=\"ak-module-inner clearfix\">\n\t\t\t\t<div class=\"ak-module-featured\">\n\t\t\t\t\t<div class=\"ak-featured-cover\"><a href=\"https:\/\/soymigrante.com\/revista\/departamentos-de-guatemala-totonicapan-la-tierra-del-gran-atanasio-tzul\/\" class=\"ak-featured-link\" rel=\"bookmark\" title=\"Departamentos de Guatemala: Totonicap\u00e1n la tierra del gran Atanasio Tzul\"><div class=\"ak-featured-thumb lazy-thumb size-1000\" ><img loading=\"lazy\" decoding=\"async\" width=\"75\" height=\"75\" src=\"data:image\/gif;base64,R0lGODlhAQABAAAAACH5BAEKAAEALAAAAAABAAEAAAICTAEAOw==\" class=\"attachment-newsy_75x75 size-newsy_75x75 lazyload wp-post-image\" alt=\"Departamentos de Guatemala: Totonicap\u00e1n la c\u00faspide de las tradiciones\" data-src=\"https:\/\/soymigrante.com\/revista\/wp-content\/uploads\/2025\/03\/Totonicapa\u0301n-2-75x75.webp\" data-sizes=\"auto\" data-srcset=\"https:\/\/soymigrante.com\/revista\/wp-content\/uploads\/2025\/03\/Totonicapa\u0301n-2-75x75.webp 75w, https:\/\/soymigrante.com\/revista\/wp-content\/uploads\/2025\/03\/Totonicapa\u0301n-2-150x150.jpeg 150w\" data-expand=\"700\" \/><\/div><\/a><\/div>\t\t\t\t<\/div>\n\t\t\t\t<div class=\"ak-module-details\">\n\t\t\t\t\t<h3 class=\"ak-module-title\"><a href=\"https:\/\/soymigrante.com\/revista\/departamentos-de-guatemala-totonicapan-la-tierra-del-gran-atanasio-tzul\/\" rel=\"bookmark\" title=\"Departamentos de Guatemala: Totonicap\u00e1n la tierra del gran Atanasio Tzul\">Departamentos de Guatemala: Totonicap\u00e1n la tierra del gran Atanasio Tzul<\/a><\/h3><div class=\"ak-module-meta\"><div class=\"ak-module-time\"><a href=\"https:\/\/soymigrante.com\/revista\/departamentos-de-guatemala-totonicapan-la-tierra-del-gran-atanasio-tzul\/\" class=\"ak-module-meta-published\"><i class=\"ak-icon akfi-schedule\"><\/i>10\/03\/2025<\/a><\/div> <div class=\"ak-module-view-count\"><i class=\"ak-icon  fa fa-eye\"><\/i><span class=\"count\">288<\/span><\/div><\/div>\t\t\t\t<\/div>\n\t\t\t<\/div>\n\t\t<\/article>\n\t\t<\/div><\/div><\/div>\t\t\t\t<\/div>\n\t\t\t\t<\/div>\n\t\t\t\t<div class=\"elementor-element elementor-element-f6a3e44 elementor-widget elementor-widget-html\" data-id=\"f6a3e44\" data-element_type=\"widget\" data-e-type=\"widget\" data-widget_type=\"html.default\">\n\t\t\t\t\t<a href=\"https:\/\/soymigrante.com\/revista\/tag\/departamentos-de-guatemala\" \n   style=\"color: #000000; text-decoration: none; font-weight: bold;\" \n   onmouseover=\"this.style.color='#cc0066'\" \n   onmouseout=\"this.style.color='#000000'\">\nViaja por todos los departamentos \u2192\n<\/a>\t\t\t\t<\/div>\n\t\t\t\t<\/div>\n\t\t<div data-particle_enable=\"false\" data-particle-mobile-disabled=\"false\" class=\"elementor-element elementor-element-b6cf10f e-con-full e-flex e-con e-child\" data-id=\"b6cf10f\" data-element_type=\"container\" data-e-type=\"container\">\n\t\t\t\t<div class=\"elementor-element elementor-element-977db93 elementor-widget elementor-widget-newsy_list_6\" data-id=\"977db93\" data-element_type=\"widget\" data-e-type=\"widget\" data-widget_type=\"newsy_list_6.default\">\n\t\t\t\t<div class=\"elementor-widget-container\">\n\t\t\t\t\t<div class=\"ak-block ak-block-list-6  ak-block-width-1 clearfix\" id=\"block_69f7296189c2e_13\"><div class=\"ak-block-header ak-block-header-style-9 no-tabs\"><h4 class=\"ak-block-title\"><a href=\"https:\/\/soymigrante.com\/revista\/tag\/joyas-mayas-migrantes\"><span class=\"title-text\"><i class=\"ak-icon  fa fa-shopping-cart\"><\/i><span>Joyas Mayas Migrantes<\/span><\/span><i class=\"fa fa-angle-double-right\"><\/i><\/a><\/h4><\/div><div class=\"ak-block-inner clearfix\"><div class=\"ak-block-posts clearfix\">\t\t<article class=\"ak-module ak-module-6 clearfix post-14213 post type-post status-publish format-standard has-post-thumbnail  category-guate-nuestra tag-joyas-mayas-migrantes\">\n\t\t\t<div class=\"clearfix ak-module-inner\">\n\t\t\t\t<div class=\"clearfix ak-module-featured\">\n\t\t\t\t\t<div class=\"ak-module-badges\"><\/div>\t\t\t\t\t<div class=\"ak-featured-cover\"><a href=\"https:\/\/soymigrante.com\/revista\/joyas-mayas-migrantes-hombre-de-piedra-de-mas-de-2-mil-anos-se-conserva-en-new-jersey\/\" class=\"ak-featured-link\" rel=\"bookmark\" title=\"Joyas mayas migrantes: hombre de piedra volc\u00e1nica de 2 mil a\u00f1os se conserva en New Jersey\"><div class=\"ak-featured-thumb lazy-thumb size-715\" ><img loading=\"lazy\" decoding=\"async\" width=\"750\" height=\"536\" src=\"data:image\/gif;base64,R0lGODlhAQABAAAAACH5BAEKAAEALAAAAAABAAEAAAICTAEAOw==\" class=\"attachment-newsy_750x536 size-newsy_750x536 lazyload wp-post-image\" alt=\"Arte prehisp\u00e1nico de Mesoam\u00e9rica, escultura en piedra con figura humana y accesorios tradicionales, representando cultura ind\u00edgena y tradiciones ancestrales en M\u00e9xico.\" data-src=\"https:\/\/soymigrante.com\/revista\/wp-content\/uploads\/2024\/11\/hombre-joyas-mayas-migrantes-750x536.webp\" data-sizes=\"auto\" data-srcset=\"https:\/\/soymigrante.com\/revista\/wp-content\/uploads\/2024\/11\/hombre-joyas-mayas-migrantes-750x536.webp 750w, https:\/\/soymigrante.com\/revista\/wp-content\/uploads\/2024\/11\/hombre-joyas-mayas-migrantes-120x86.webp 120w, https:\/\/soymigrante.com\/revista\/wp-content\/uploads\/2024\/11\/hombre-joyas-mayas-migrantes-350x250.webp 350w\" data-expand=\"700\" \/><\/div><\/a><\/div>\t\t\t\t\t<div class=\"ak-module-terms badge\"><a class=\"term-58\" href=\"https:\/\/soymigrante.com\/revista\/category\/guate-nuestra\/\">Guate Nuestra<\/a><\/div>\t\t\t\t<\/div>\n\t\t\t\t<div class=\"ak-module-details\">\n\t\t\t\t\t\n\t\t\t\t\t<h3 class=\"ak-module-title\"><a href=\"https:\/\/soymigrante.com\/revista\/joyas-mayas-migrantes-hombre-de-piedra-de-mas-de-2-mil-anos-se-conserva-en-new-jersey\/\" rel=\"bookmark\" title=\"Joyas mayas migrantes: hombre de piedra volc\u00e1nica de 2 mil a\u00f1os se conserva en New Jersey\">Joyas mayas migrantes: hombre de piedra volc\u00e1nica de 2 mil a\u00f1os se conserva en New Jersey<\/a><\/h3>\n\t\t\t\t\t<div class=\"ak-module-meta\"><div class=\"ak-module-time\"><a href=\"https:\/\/soymigrante.com\/revista\/joyas-mayas-migrantes-hombre-de-piedra-de-mas-de-2-mil-anos-se-conserva-en-new-jersey\/\" class=\"ak-module-meta-published\"><i class=\"ak-icon akfi-schedule\"><\/i>25\/11\/2024<\/a><\/div> <div class=\"ak-module-view-count\"><i class=\"ak-icon  fa fa-eye\"><\/i><span class=\"count\">48<\/span><\/div><\/div>\n\t\t\t\t\t<div class=\"ak-module-summary\"><p>En el Museo de Arte de la Universidad de Princeton, New Jersey, se conserva una enigm\u00e1tica figura: un hombre esculpido en piedra volc\u00e1nica, en las Tierras Altas de Guatemala, que&hellip;<\/p><\/div>\n\t\t\t\t\t<div class=\"clearfix ak-module-bottom\">\n\t\t\t\t\t\t\t\t\t\t\t<\/div>\n\t\t\t\t<\/div>\n\t\t\t<\/div>\n\t\t<\/article>\n\t\t<\/div><\/div><\/div>\t\t\t\t<\/div>\n\t\t\t\t<\/div>\n\t\t\t\t<div class=\"elementor-element elementor-element-d304293 elementor-widget elementor-widget-html\" data-id=\"d304293\" data-element_type=\"widget\" data-e-type=\"widget\" data-widget_type=\"html.default\">\n\t\t\t\t\t<a href=\"https:\/\/soymigrante.com\/revista\/tag\/joyas-mayas-migrantes\" \n   style=\"color: #000000; text-decoration: none; font-weight: bold;\" \n   onmouseover=\"this.style.color='#cc0066'\" \n   onmouseout=\"this.style.color='#000000'\">\nDescubre otras joyas mayas migrantes \u2192\n<\/a>\t\t\t\t<\/div>\n\t\t\t\t<div class=\"elementor-element elementor-element-0c0fa03 elementor-widget elementor-widget-image\" data-id=\"0c0fa03\" data-element_type=\"widget\" data-e-type=\"widget\" data-widget_type=\"image.default\">\n\t\t\t\t\t\t\t\t\t\t\t\t<figure class=\"wp-caption\">\n\t\t\t\t\t\t\t\t\t\t\t<a href=\"https:\/\/soymigrante.com\/revista\/podcast-soymigrante-com\/\">\n\t\t\t\t\t\t\t<img loading=\"lazy\" decoding=\"async\" width=\"1024\" height=\"576\" src=\"https:\/\/soymigrante.com\/revista\/wp-content\/uploads\/2025\/05\/mercado-de-suenos-1024x576.png\" class=\"attachment-large size-large wp-image-34473\" alt=\"Podcast sobre migrantes, cultura y derechos en SoyMigrante.com revista digital de temas migratorios y sociales en Am\u00e9rica Latina.\" srcset=\"https:\/\/soymigrante.com\/revista\/wp-content\/uploads\/2025\/05\/mercado-de-suenos-1024x576.png 1024w, https:\/\/soymigrante.com\/revista\/wp-content\/uploads\/2025\/05\/mercado-de-suenos-300x169.png 300w, https:\/\/soymigrante.com\/revista\/wp-content\/uploads\/2025\/05\/mercado-de-suenos-768x432.png 768w, https:\/\/soymigrante.com\/revista\/wp-content\/uploads\/2025\/05\/mercado-de-suenos-1536x864.png 1536w, https:\/\/soymigrante.com\/revista\/wp-content\/uploads\/2025\/05\/mercado-de-suenos-2048x1152.png 2048w, https:\/\/soymigrante.com\/revista\/wp-content\/uploads\/2025\/05\/mercado-de-suenos-750x422.webp 750w, https:\/\/soymigrante.com\/revista\/wp-content\/uploads\/2025\/05\/mercado-de-suenos-1140x641.webp 1140w, https:\/\/soymigrante.com\/revista\/wp-content\/uploads\/2025\/05\/mercado-de-suenos-scaled.webp 1920w\" sizes=\"(max-width: 1024px) 100vw, 1024px\" title=\"Podcast Mercado de Sue\u00f1os - SoyMiagrante.com \u2013 SoyMigrante.com REVISTA\" \/>\t\t\t\t\t\t\t\t<\/a>\n\t\t\t\t\t\t\t\t\t\t\t<figcaption class=\"widget-image-caption wp-caption-text\">Migrantes, cultura y esperanza en cada episodio. \u00a1Esc\u00fachanos!<\/figcaption>\n\t\t\t\t\t\t\t\t\t\t<\/figure>\n\t\t\t\t\t\t\t\t\t<\/div>\n\t\t\t\t<\/div>\n\t\t<div data-particle_enable=\"false\" data-particle-mobile-disabled=\"false\" class=\"elementor-element elementor-element-ec32139 e-con-full e-flex e-con e-child\" data-id=\"ec32139\" data-element_type=\"container\" data-e-type=\"container\">\n\t\t\t\t<div class=\"elementor-element elementor-element-0d08a1e elementor-widget elementor-widget-newsy_list_1_small_square\" data-id=\"0d08a1e\" data-element_type=\"widget\" data-e-type=\"widget\" data-widget_type=\"newsy_list_1_small_square.default\">\n\t\t\t\t<div class=\"elementor-widget-container\">\n\t\t\t\t\t<div class=\"ak-block ak-block-list-1-small-square ak-block-column  ak-block-width-1 clearfix\" id=\"block_69f7296189c2e_14\"><div class=\"ak-block-header ak-block-header-style-9 no-tabs\"><h4 class=\"ak-block-title\"><a href=\"https:\/\/soymigrante.com\/revista\/bienestar\/\"><span class=\"title-text\"><i class=\"ak-icon  fa fa-smile-o\"><\/i><span>Bienestar<\/span><\/span><i class=\"fa fa-angle-double-right\"><\/i><\/a><\/h4><\/div><div class=\"ak-block-inner clearfix\"><div class=\"ak-block-posts clearfix\">\t\t<article class=\"ak-module ak-module-1-small-square ak-column-module clearfix post-2438 post type-post status-publish format-standard has-post-thumbnail  category-bienestar tag-con-sana-actitud\">\n\t\t\t<div class=\"ak-module-inner clearfix\">\n\t\t\t\t<div class=\"ak-module-featured\">\n\t\t\t\t\t<div class=\"ak-featured-cover\"><a href=\"https:\/\/soymigrante.com\/revista\/no-pudo-suceder-de-otro-modo-una-certeza-que-le-puede-servir-a-todo-migrante\/\" class=\"ak-featured-link\" rel=\"bookmark\" title=\"No pudo suceder de otro modo: una certeza que le puede servir a todo migrante\"><div class=\"ak-featured-thumb lazy-thumb size-1000\" ><img loading=\"lazy\" decoding=\"async\" width=\"75\" height=\"75\" src=\"data:image\/gif;base64,R0lGODlhAQABAAAAACH5BAEKAAEALAAAAAABAAEAAAICTAEAOw==\" class=\"attachment-newsy_75x75 size-newsy_75x75 lazyload wp-post-image\" alt=\"Paisaje de emigrantes caminando con mochilas en un sendero colorido en tonos rosa, naranja y amarillo, ilustraci\u00f3n art\u00edstica sobre migraci\u00f3n y desplazamiento internacional.\" data-src=\"https:\/\/soymigrante.com\/revista\/wp-content\/uploads\/2024\/01\/No-pudo-suceder-de-otro-modo-75x75.webp\" data-sizes=\"auto\" data-srcset=\"https:\/\/soymigrante.com\/revista\/wp-content\/uploads\/2024\/01\/No-pudo-suceder-de-otro-modo-75x75.webp 75w, https:\/\/soymigrante.com\/revista\/wp-content\/uploads\/2024\/01\/No-pudo-suceder-de-otro-modo-300x300.webp 300w, https:\/\/soymigrante.com\/revista\/wp-content\/uploads\/2024\/01\/No-pudo-suceder-de-otro-modo-150x150.webp 150w, https:\/\/soymigrante.com\/revista\/wp-content\/uploads\/2024\/01\/No-pudo-suceder-de-otro-modo-768x768.webp 768w, https:\/\/soymigrante.com\/revista\/wp-content\/uploads\/2024\/01\/No-pudo-suceder-de-otro-modo-750x750.webp 750w, https:\/\/soymigrante.com\/revista\/wp-content\/uploads\/2024\/01\/No-pudo-suceder-de-otro-modo-600x600.webp 600w, https:\/\/soymigrante.com\/revista\/wp-content\/uploads\/2024\/01\/No-pudo-suceder-de-otro-modo.webp 1024w\" data-expand=\"700\" \/><\/div><\/a><\/div>\t\t\t\t<\/div>\n\t\t\t\t<div class=\"ak-module-details\">\n\t\t\t\t\t<h3 class=\"ak-module-title\"><a href=\"https:\/\/soymigrante.com\/revista\/no-pudo-suceder-de-otro-modo-una-certeza-que-le-puede-servir-a-todo-migrante\/\" rel=\"bookmark\" title=\"No pudo suceder de otro modo: una certeza que le puede servir a todo migrante\">No pudo suceder de otro modo: una certeza que le puede servir a todo&hellip;<\/a><\/h3><div class=\"ak-module-meta\"><div class=\"ak-module-time\"><a href=\"https:\/\/soymigrante.com\/revista\/no-pudo-suceder-de-otro-modo-una-certeza-que-le-puede-servir-a-todo-migrante\/\" class=\"ak-module-meta-published\"><i class=\"ak-icon akfi-schedule\"><\/i>01\/09\/2023<\/a><\/div><\/div>\t\t\t\t<\/div>\n\t\t\t<\/div>\n\t\t<\/article>\n\t\t\t\t<article class=\"ak-module ak-module-1-small-square ak-column-module clearfix post-26231 post type-post status-publish format-standard has-post-thumbnail  category-bienestar\">\n\t\t\t<div class=\"ak-module-inner clearfix\">\n\t\t\t\t<div class=\"ak-module-featured\">\n\t\t\t\t\t<div class=\"ak-featured-cover\"><a href=\"https:\/\/soymigrante.com\/revista\/asi-conviertes-el-fracaso-en-una-oportunidad-de-aprendizaje\/\" class=\"ak-featured-link\" rel=\"bookmark\" title=\"As\u00ed conviertes el fracaso en una oportunidad de aprendizaje\"><div class=\"ak-featured-thumb lazy-thumb size-1000\" ><img loading=\"lazy\" decoding=\"async\" width=\"75\" height=\"75\" src=\"data:image\/gif;base64,R0lGODlhAQABAAAAACH5BAEKAAEALAAAAAABAAEAAAICTAEAOw==\" class=\"attachment-newsy_75x75 size-newsy_75x75 lazyload wp-post-image\" alt=\"Monta\u00f1a, ciclismo y aventura en un paisaje natural, promoviendo un estilo de vida activo, saludable y con enfoque en la comunidad migrante en la revista SoyMigrante.com REVISTA.\" data-src=\"https:\/\/soymigrante.com\/revista\/wp-content\/uploads\/2025\/02\/errores-aprendizajes-75x75.webp\" data-sizes=\"auto\" data-srcset=\"https:\/\/soymigrante.com\/revista\/wp-content\/uploads\/2025\/02\/errores-aprendizajes-75x75.webp 75w, https:\/\/soymigrante.com\/revista\/wp-content\/uploads\/2025\/02\/errores-aprendizajes-300x300.jpg 300w, https:\/\/soymigrante.com\/revista\/wp-content\/uploads\/2025\/02\/errores-aprendizajes-1024x1024.jpg 1024w, https:\/\/soymigrante.com\/revista\/wp-content\/uploads\/2025\/02\/errores-aprendizajes-150x150.jpg 150w, https:\/\/soymigrante.com\/revista\/wp-content\/uploads\/2025\/02\/errores-aprendizajes-768x768.jpg 768w, https:\/\/soymigrante.com\/revista\/wp-content\/uploads\/2025\/02\/errores-aprendizajes-1536x1536.jpg 1536w, https:\/\/soymigrante.com\/revista\/wp-content\/uploads\/2025\/02\/errores-aprendizajes-2048x2048.jpg 2048w, https:\/\/soymigrante.com\/revista\/wp-content\/uploads\/2025\/02\/errores-aprendizajes-750x750.webp 750w, https:\/\/soymigrante.com\/revista\/wp-content\/uploads\/2025\/02\/errores-aprendizajes-1140x1140.webp 1140w, https:\/\/soymigrante.com\/revista\/wp-content\/uploads\/2025\/02\/errores-aprendizajes.webp 1920w\" data-expand=\"700\" \/><\/div><\/a><\/div>\t\t\t\t<\/div>\n\t\t\t\t<div class=\"ak-module-details\">\n\t\t\t\t\t<h3 class=\"ak-module-title\"><a href=\"https:\/\/soymigrante.com\/revista\/asi-conviertes-el-fracaso-en-una-oportunidad-de-aprendizaje\/\" rel=\"bookmark\" title=\"As\u00ed conviertes el fracaso en una oportunidad de aprendizaje\">As\u00ed conviertes el fracaso en una oportunidad de aprendizaje<\/a><\/h3><div class=\"ak-module-meta\"><div class=\"ak-module-time\"><a href=\"https:\/\/soymigrante.com\/revista\/asi-conviertes-el-fracaso-en-una-oportunidad-de-aprendizaje\/\" class=\"ak-module-meta-published\"><i class=\"ak-icon akfi-schedule\"><\/i>24\/02\/2025<\/a><\/div><\/div>\t\t\t\t<\/div>\n\t\t\t<\/div>\n\t\t<\/article>\n\t\t\t\t<article class=\"ak-module ak-module-1-small-square ak-column-module clearfix post-9426 post type-post status-publish format-standard has-post-thumbnail  category-bienestar\">\n\t\t\t<div class=\"ak-module-inner clearfix\">\n\t\t\t\t<div class=\"ak-module-featured\">\n\t\t\t\t\t<div class=\"ak-featured-cover\"><a href=\"https:\/\/soymigrante.com\/revista\/organizacion-de-trabajo-y-tiempo-es-vital-para-el-exito\/\" class=\"ak-featured-link\" rel=\"bookmark\" title=\"Organizaci\u00f3n de trabajo y tiempo es vital para el \u00e9xito: sugerencias pr\u00e1cticas\"><div class=\"ak-featured-thumb lazy-thumb size-1000\" ><img loading=\"lazy\" decoding=\"async\" width=\"75\" height=\"75\" src=\"data:image\/gif;base64,R0lGODlhAQABAAAAACH5BAEKAAEALAAAAAABAAEAAAICTAEAOw==\" class=\"attachment-newsy_75x75 size-newsy_75x75 lazyload wp-post-image\" alt=\"An\u00e1lisis de datos financieros y reuniones de negocios en un entorno profesional con laptops y gr\u00e1ficas.\" data-src=\"https:\/\/soymigrante.com\/revista\/wp-content\/uploads\/2024\/09\/La-clave-para-el-exito-organizacion-en-el-trabajo-2-e1726598604464-75x75.webp\" data-sizes=\"auto\" data-srcset=\"https:\/\/soymigrante.com\/revista\/wp-content\/uploads\/2024\/09\/La-clave-para-el-exito-organizacion-en-el-trabajo-2-e1726598604464-75x75.webp 75w, https:\/\/soymigrante.com\/revista\/wp-content\/uploads\/2024\/09\/La-clave-para-el-exito-organizacion-en-el-trabajo-2-e1726598604464-300x300.webp 300w, https:\/\/soymigrante.com\/revista\/wp-content\/uploads\/2024\/09\/La-clave-para-el-exito-organizacion-en-el-trabajo-2-e1726598604464-150x150.webp 150w, https:\/\/soymigrante.com\/revista\/wp-content\/uploads\/2024\/09\/La-clave-para-el-exito-organizacion-en-el-trabajo-2-e1726598604464-750x750.webp 750w, https:\/\/soymigrante.com\/revista\/wp-content\/uploads\/2024\/09\/La-clave-para-el-exito-organizacion-en-el-trabajo-2-e1726598604464.webp 768w\" data-expand=\"700\" \/><\/div><\/a><\/div>\t\t\t\t<\/div>\n\t\t\t\t<div class=\"ak-module-details\">\n\t\t\t\t\t<h3 class=\"ak-module-title\"><a href=\"https:\/\/soymigrante.com\/revista\/organizacion-de-trabajo-y-tiempo-es-vital-para-el-exito\/\" rel=\"bookmark\" title=\"Organizaci\u00f3n de trabajo y tiempo es vital para el \u00e9xito: sugerencias pr\u00e1cticas\">Organizaci\u00f3n de trabajo y tiempo es vital para el \u00e9xito: sugerencias&hellip;<\/a><\/h3><div class=\"ak-module-meta\"><div class=\"ak-module-time\"><a href=\"https:\/\/soymigrante.com\/revista\/organizacion-de-trabajo-y-tiempo-es-vital-para-el-exito\/\" class=\"ak-module-meta-published\"><i class=\"ak-icon akfi-schedule\"><\/i>19\/11\/2024<\/a><\/div><\/div>\t\t\t\t<\/div>\n\t\t\t<\/div>\n\t\t<\/article>\n\t\t\t\t<article class=\"ak-module ak-module-1-small-square ak-column-module clearfix post-12462 post type-post status-publish format-standard has-post-thumbnail  category-bienestar\">\n\t\t\t<div class=\"ak-module-inner clearfix\">\n\t\t\t\t<div class=\"ak-module-featured\">\n\t\t\t\t\t<div class=\"ak-featured-cover\"><a href=\"https:\/\/soymigrante.com\/revista\/tu-hijo-tiene-capacidades-diferentes-y-necesita-educacion-especial-te-decimos-en-donde-buscar\/\" class=\"ak-featured-link\" rel=\"bookmark\" title=\"\u00bfTu hijo tiene capacidades diferentes y necesita educaci\u00f3n especial? Te decimos en d\u00f3nde buscar\"><div class=\"ak-featured-thumb lazy-thumb size-1000\" ><img loading=\"lazy\" decoding=\"async\" width=\"75\" height=\"75\" src=\"data:image\/gif;base64,R0lGODlhAQABAAAAACH5BAEKAAEALAAAAAABAAEAAAICTAEAOw==\" class=\"attachment-newsy_75x75 size-newsy_75x75 lazyload wp-post-image\" alt=\"Joven ni\u00f1a con auriculares y tel\u00e9fono m\u00f3vil, participaci\u00f3n en actividades digitales y de entretenimiento, en un ambiente familiar y moderno.\" data-src=\"https:\/\/soymigrante.com\/revista\/wp-content\/uploads\/2024\/11\/capacidades-diferentes-55-scaled.webp\" data-sizes=\"auto\" data-srcset=\"https:\/\/soymigrante.com\/revista\/wp-content\/uploads\/2024\/11\/capacidades-diferentes-55-scaled.webp 1920w, https:\/\/soymigrante.com\/revista\/wp-content\/uploads\/2024\/11\/capacidades-diferentes-55-300x300.webp 300w, https:\/\/soymigrante.com\/revista\/wp-content\/uploads\/2024\/11\/capacidades-diferentes-55-1024x1024.jpg 1024w, https:\/\/soymigrante.com\/revista\/wp-content\/uploads\/2024\/11\/capacidades-diferentes-55-150x150.webp 150w, https:\/\/soymigrante.com\/revista\/wp-content\/uploads\/2024\/11\/capacidades-diferentes-55-768x768.jpg 768w, https:\/\/soymigrante.com\/revista\/wp-content\/uploads\/2024\/11\/capacidades-diferentes-55-1536x1536.jpg 1536w, https:\/\/soymigrante.com\/revista\/wp-content\/uploads\/2024\/11\/capacidades-diferentes-55-2048x2048.jpg 2048w\" data-expand=\"700\" \/><\/div><\/a><\/div>\t\t\t\t<\/div>\n\t\t\t\t<div class=\"ak-module-details\">\n\t\t\t\t\t<h3 class=\"ak-module-title\"><a href=\"https:\/\/soymigrante.com\/revista\/tu-hijo-tiene-capacidades-diferentes-y-necesita-educacion-especial-te-decimos-en-donde-buscar\/\" rel=\"bookmark\" title=\"\u00bfTu hijo tiene capacidades diferentes y necesita educaci\u00f3n especial? Te decimos en d\u00f3nde buscar\">\u00bfTu hijo tiene capacidades diferentes y necesita educaci\u00f3n especial? Te&hellip;<\/a><\/h3><div class=\"ak-module-meta\"><div class=\"ak-module-time\"><a href=\"https:\/\/soymigrante.com\/revista\/tu-hijo-tiene-capacidades-diferentes-y-necesita-educacion-especial-te-decimos-en-donde-buscar\/\" class=\"ak-module-meta-published\"><i class=\"ak-icon akfi-schedule\"><\/i>11\/11\/2024<\/a><\/div><\/div>\t\t\t\t<\/div>\n\t\t\t<\/div>\n\t\t<\/article>\n\t\t\t\t<article class=\"ak-module ak-module-1-small-square ak-column-module clearfix post-24888 post type-post status-publish format-standard has-post-thumbnail  category-bienestar\">\n\t\t\t<div class=\"ak-module-inner clearfix\">\n\t\t\t\t<div class=\"ak-module-featured\">\n\t\t\t\t\t<div class=\"ak-featured-cover\"><a href=\"https:\/\/soymigrante.com\/revista\/que-regalar-el-dia-de-san-valentin-es-una-buena-pregunta-en-mercado-hay-respuestas-originales\/\" class=\"ak-featured-link\" rel=\"bookmark\" title=\"Detr\u00e1s de un gran obsequio siempre hay una gran historia: adquiere productos guatemaltecos llenos de  calidad y significado\"><div class=\"ak-featured-thumb lazy-thumb size-1000\" ><img loading=\"lazy\" decoding=\"async\" width=\"75\" height=\"75\" src=\"data:image\/gif;base64,R0lGODlhAQABAAAAACH5BAEKAAEALAAAAAABAAEAAAICTAEAOw==\" class=\"attachment-newsy_75x75 size-newsy_75x75 lazyload wp-post-image\" alt=\"Diversidad cultural en celebraci\u00f3n, figura de mu\u00f1ecos de pareja con trajes tradicionales, representaci\u00f3n art\u00edstica de migrantes en la Revista SoyMigrante, enfatizando la integraci\u00f3n y cultura latinoamericana.\" data-src=\"https:\/\/soymigrante.com\/revista\/wp-content\/uploads\/2024\/12\/munecas-emprendimiento-2-75x75.webp\" data-sizes=\"auto\" data-srcset=\"https:\/\/soymigrante.com\/revista\/wp-content\/uploads\/2024\/12\/munecas-emprendimiento-2-75x75.webp 75w, https:\/\/soymigrante.com\/revista\/wp-content\/uploads\/2024\/12\/munecas-emprendimiento-2-300x300.jpg 300w, https:\/\/soymigrante.com\/revista\/wp-content\/uploads\/2024\/12\/munecas-emprendimiento-2-150x150.jpg 150w, https:\/\/soymigrante.com\/revista\/wp-content\/uploads\/2024\/12\/munecas-emprendimiento-2.webp 685w\" data-expand=\"700\" \/><\/div><\/a><\/div>\t\t\t\t<\/div>\n\t\t\t\t<div class=\"ak-module-details\">\n\t\t\t\t\t<h3 class=\"ak-module-title\"><a href=\"https:\/\/soymigrante.com\/revista\/que-regalar-el-dia-de-san-valentin-es-una-buena-pregunta-en-mercado-hay-respuestas-originales\/\" rel=\"bookmark\" title=\"Detr\u00e1s de un gran obsequio siempre hay una gran historia: adquiere productos guatemaltecos llenos de  calidad y significado\">Detr\u00e1s de un gran obsequio siempre hay una gran historia: adquiere&hellip;<\/a><\/h3><div class=\"ak-module-meta\"><div class=\"ak-module-time\"><a href=\"https:\/\/soymigrante.com\/revista\/que-regalar-el-dia-de-san-valentin-es-una-buena-pregunta-en-mercado-hay-respuestas-originales\/\" class=\"ak-module-meta-published\"><i class=\"ak-icon akfi-schedule\"><\/i>01\/02\/2026<\/a><\/div><\/div>\t\t\t\t<\/div>\n\t\t\t<\/div>\n\t\t<\/article>\n\t\t\t\t<article class=\"ak-module ak-module-1-small-square ak-column-module clearfix post-12216 post type-post status-publish format-standard has-post-thumbnail  category-bienestar\">\n\t\t\t<div class=\"ak-module-inner clearfix\">\n\t\t\t\t<div class=\"ak-module-featured\">\n\t\t\t\t\t<div class=\"ak-featured-cover\"><a href=\"https:\/\/soymigrante.com\/revista\/las-9-ciudades-mas-elegidas-por-migrantes-en-ee-uu-aqui-un-recorrido\/\" class=\"ak-featured-link\" rel=\"bookmark\" title=\"Estas son 9 de las ciudades m\u00e1s elegidas por migrantes para vivir y trabajar en USA\"><div class=\"ak-featured-thumb lazy-thumb size-1000\" ><img loading=\"lazy\" decoding=\"async\" width=\"75\" height=\"75\" src=\"data:image\/gif;base64,R0lGODlhAQABAAAAACH5BAEKAAEALAAAAAABAAEAAAICTAEAOw==\" class=\"attachment-newsy_75x75 size-newsy_75x75 lazyload wp-post-image\" alt=\"Puente Golden Gate en San Francisco, icono de inmigraci\u00f3n y conectividad internacional en la revista SoyMigrante.com.\" data-src=\"https:\/\/soymigrante.com\/revista\/wp-content\/uploads\/2024\/11\/golden-gate-San-Francisco-California-75x75.webp\" data-sizes=\"auto\" data-srcset=\"https:\/\/soymigrante.com\/revista\/wp-content\/uploads\/2024\/11\/golden-gate-San-Francisco-California-75x75.webp 75w, https:\/\/soymigrante.com\/revista\/wp-content\/uploads\/2024\/11\/golden-gate-San-Francisco-California-300x300.webp 300w, https:\/\/soymigrante.com\/revista\/wp-content\/uploads\/2024\/11\/golden-gate-San-Francisco-California-1024x1024.jpg 1024w, https:\/\/soymigrante.com\/revista\/wp-content\/uploads\/2024\/11\/golden-gate-San-Francisco-California-150x150.webp 150w, https:\/\/soymigrante.com\/revista\/wp-content\/uploads\/2024\/11\/golden-gate-San-Francisco-California-768x768.jpg 768w, https:\/\/soymigrante.com\/revista\/wp-content\/uploads\/2024\/11\/golden-gate-San-Francisco-California-1536x1536.jpg 1536w, https:\/\/soymigrante.com\/revista\/wp-content\/uploads\/2024\/11\/golden-gate-San-Francisco-California-2048x2048.jpg 2048w, https:\/\/soymigrante.com\/revista\/wp-content\/uploads\/2024\/11\/golden-gate-San-Francisco-California-750x750.webp 750w, https:\/\/soymigrante.com\/revista\/wp-content\/uploads\/2024\/11\/golden-gate-San-Francisco-California-1140x1140.webp 1140w, https:\/\/soymigrante.com\/revista\/wp-content\/uploads\/2024\/11\/golden-gate-San-Francisco-California-scaled.webp 1920w\" data-expand=\"700\" \/><\/div><\/a><\/div>\t\t\t\t<\/div>\n\t\t\t\t<div class=\"ak-module-details\">\n\t\t\t\t\t<h3 class=\"ak-module-title\"><a href=\"https:\/\/soymigrante.com\/revista\/las-9-ciudades-mas-elegidas-por-migrantes-en-ee-uu-aqui-un-recorrido\/\" rel=\"bookmark\" title=\"Estas son 9 de las ciudades m\u00e1s elegidas por migrantes para vivir y trabajar en USA\">Estas son 9 de las ciudades m\u00e1s elegidas por migrantes para vivir y&hellip;<\/a><\/h3><div class=\"ak-module-meta\"><div class=\"ak-module-time\"><a href=\"https:\/\/soymigrante.com\/revista\/las-9-ciudades-mas-elegidas-por-migrantes-en-ee-uu-aqui-un-recorrido\/\" class=\"ak-module-meta-published\"><i class=\"ak-icon akfi-schedule\"><\/i>10\/11\/2024<\/a><\/div><\/div>\t\t\t\t<\/div>\n\t\t\t<\/div>\n\t\t<\/article>\n\t\t\t\t<article class=\"ak-module ak-module-1-small-square ak-column-module clearfix post-14015 post type-post status-publish format-standard has-post-thumbnail  category-bienestar\">\n\t\t\t<div class=\"ak-module-inner clearfix\">\n\t\t\t\t<div class=\"ak-module-featured\">\n\t\t\t\t\t<div class=\"ak-featured-cover\"><a href=\"https:\/\/soymigrante.com\/revista\/como-perder-el-miedo-a-hablar-en-publico-algunas-recomendaciones\/\" class=\"ak-featured-link\" rel=\"bookmark\" title=\"\u00bfMiedo a hablar en p\u00fablico? V\u00e9ncelo y brilla con luz propia: te damos algunas claves\"><div class=\"ak-featured-thumb lazy-thumb size-1000\" ><img loading=\"lazy\" decoding=\"async\" width=\"75\" height=\"75\" src=\"data:image\/gif;base64,R0lGODlhAQABAAAAACH5BAEKAAEALAAAAAABAAEAAAICTAEAOw==\" class=\"attachment-newsy_75x75 size-newsy_75x75 lazyload wp-post-image\" alt=\"C\u00f3mo perder el miedo a hablar en p\u00fablico: Recomendaciones\" data-src=\"https:\/\/soymigrante.com\/revista\/wp-content\/uploads\/2024\/11\/Co\u0301mo-perder-el-miedo-a-hablar-en-pu\u0301blico-Recomendaciones--scaled-e1732578526734-75x75.webp\" data-sizes=\"auto\" data-srcset=\"https:\/\/soymigrante.com\/revista\/wp-content\/uploads\/2024\/11\/Co\u0301mo-perder-el-miedo-a-hablar-en-pu\u0301blico-Recomendaciones--scaled-e1732578526734-75x75.webp 75w, https:\/\/soymigrante.com\/revista\/wp-content\/uploads\/2024\/11\/Co\u0301mo-perder-el-miedo-a-hablar-en-pu\u0301blico-Recomendaciones--scaled-e1732578526734-300x300.webp 300w, https:\/\/soymigrante.com\/revista\/wp-content\/uploads\/2024\/11\/Co\u0301mo-perder-el-miedo-a-hablar-en-pu\u0301blico-Recomendaciones--scaled-e1732578526734-1024x1022.webp 1024w, https:\/\/soymigrante.com\/revista\/wp-content\/uploads\/2024\/11\/Co\u0301mo-perder-el-miedo-a-hablar-en-pu\u0301blico-Recomendaciones--scaled-e1732578526734-150x150.webp 150w, https:\/\/soymigrante.com\/revista\/wp-content\/uploads\/2024\/11\/Co\u0301mo-perder-el-miedo-a-hablar-en-pu\u0301blico-Recomendaciones--scaled-e1732578526734-768x766.webp 768w, https:\/\/soymigrante.com\/revista\/wp-content\/uploads\/2024\/11\/Co\u0301mo-perder-el-miedo-a-hablar-en-pu\u0301blico-Recomendaciones--scaled-e1732578526734-750x748.webp 750w, https:\/\/soymigrante.com\/revista\/wp-content\/uploads\/2024\/11\/Co\u0301mo-perder-el-miedo-a-hablar-en-pu\u0301blico-Recomendaciones--scaled-e1732578526734-1140x1137.webp 1140w, https:\/\/soymigrante.com\/revista\/wp-content\/uploads\/2024\/11\/Co\u0301mo-perder-el-miedo-a-hablar-en-pu\u0301blico-Recomendaciones--scaled-e1732578526734.webp 1280w\" data-expand=\"700\" \/><\/div><\/a><\/div>\t\t\t\t<\/div>\n\t\t\t\t<div class=\"ak-module-details\">\n\t\t\t\t\t<h3 class=\"ak-module-title\"><a href=\"https:\/\/soymigrante.com\/revista\/como-perder-el-miedo-a-hablar-en-publico-algunas-recomendaciones\/\" rel=\"bookmark\" title=\"\u00bfMiedo a hablar en p\u00fablico? V\u00e9ncelo y brilla con luz propia: te damos algunas claves\">\u00bfMiedo a hablar en p\u00fablico? V\u00e9ncelo y brilla con luz propia: te damos&hellip;<\/a><\/h3><div class=\"ak-module-meta\"><div class=\"ak-module-time\"><a href=\"https:\/\/soymigrante.com\/revista\/como-perder-el-miedo-a-hablar-en-publico-algunas-recomendaciones\/\" class=\"ak-module-meta-published\"><i class=\"ak-icon akfi-schedule\"><\/i>21\/12\/2024<\/a><\/div><\/div>\t\t\t\t<\/div>\n\t\t\t<\/div>\n\t\t<\/article>\n\t\t<\/div><\/div><\/div>\t\t\t\t<\/div>\n\t\t\t\t<\/div>\n\t\t\t\t<div class=\"elementor-element elementor-element-a561b69 elementor-widget elementor-widget-html\" data-id=\"a561b69\" data-element_type=\"widget\" data-e-type=\"widget\" data-widget_type=\"html.default\">\n\t\t\t\t\t<a href=\"https:\/\/soymigrante.com\/revista\/mejor-guatemala\/\" \n   style=\"color: #000000; text-decoration: none; font-weight: bold;\" \n   onmouseover=\"this.style.color='#cc0066'\" \n   onmouseout=\"this.style.color='#000000'\">\n   M\u00e1s tips tu bienestar \u2192\n<\/a>\t\t\t\t<\/div>\n\t\t\t\t<\/div>\n\t\t\t\t<\/div>\n\t\t\t\t\t<\/div>\n\t\t\t\t<\/div>\n\t\t\t\t<section data-particle_enable=\"false\" data-particle-mobile-disabled=\"false\" class=\"elementor-section elementor-top-section elementor-element elementor-element-1f2ab5a hd_line white_heart elementor-section-boxed elementor-section-height-default elementor-section-height-default\" data-id=\"1f2ab5a\" data-element_type=\"section\" data-e-type=\"section\" data-settings=\"{&quot;background_background&quot;:&quot;classic&quot;}\">\n\t\t\t\t\t\t<div class=\"elementor-container elementor-column-gap-default\">\n\t\t\t\t\t<div class=\"elementor-column elementor-col-100 elementor-top-column elementor-element elementor-element-cd4f2cc\" data-id=\"cd4f2cc\" data-element_type=\"column\" data-e-type=\"column\">\n\t\t\t<div class=\"elementor-widget-wrap elementor-element-populated\">\n\t\t\t\t\t\t<section data-particle_enable=\"false\" data-particle-mobile-disabled=\"false\" class=\"elementor-section elementor-inner-section elementor-element elementor-element-a3861bf wh_cls elementor-section-boxed elementor-section-height-default elementor-section-height-default\" data-id=\"a3861bf\" data-element_type=\"section\" data-e-type=\"section\">\n\t\t\t\t\t\t<div class=\"elementor-container elementor-column-gap-default\">\n\t\t\t\t\t<div class=\"elementor-column elementor-col-100 elementor-inner-column elementor-element elementor-element-7680aaa\" data-id=\"7680aaa\" data-element_type=\"column\" data-e-type=\"column\">\n\t\t\t<div class=\"elementor-widget-wrap elementor-element-populated\">\n\t\t\t\t\t\t<div class=\"elementor-element elementor-element-4851715 elementor-position-top elementor-widget elementor-widget-image-box\" data-id=\"4851715\" data-element_type=\"widget\" data-e-type=\"widget\" data-widget_type=\"image-box.default\">\n\t\t\t\t\t<div class=\"elementor-image-box-wrapper\"><figure class=\"elementor-image-box-img\"><a href=\"https:\/\/soymigrante.com\/revista\/category\/guate-nuestra\/pueblos-de-guatemala\/\" tabindex=\"-1\"><img loading=\"lazy\" decoding=\"async\" width=\"51\" height=\"55\" src=\"https:\/\/soymigrante.com\/revista\/wp-content\/uploads\/2023\/03\/Layer_1-2.webp\" class=\"attachment-full size-full wp-image-579\" alt=\"\" title=\"Layer_1 (2) \u2013 SoyMigrante.com REVISTA\" \/><\/a><\/figure><div class=\"elementor-image-box-content\"><h3 class=\"elementor-image-box-title\"><a href=\"https:\/\/soymigrante.com\/revista\/category\/guate-nuestra\/pueblos-de-guatemala\/\">Pueblos de Guatemala<\/a><\/h3><\/div><\/div>\t\t\t\t<\/div>\n\t\t\t\t\t<\/div>\n\t\t<\/div>\n\t\t\t\t\t<\/div>\n\t\t<\/section>\n\t\t\t\t<section data-particle_enable=\"false\" data-particle-mobile-disabled=\"false\" class=\"elementor-section elementor-inner-section elementor-element elementor-element-8a8e42c fice_box_cls elementor-section-boxed elementor-section-height-default elementor-section-height-default\" data-id=\"8a8e42c\" data-element_type=\"section\" data-e-type=\"section\">\n\t\t\t\t\t\t<div class=\"elementor-container elementor-column-gap-default\">\n\t\t\t\t\t<div class=\"elementor-column elementor-col-100 elementor-inner-column elementor-element elementor-element-e1c9061\" data-id=\"e1c9061\" data-element_type=\"column\" data-e-type=\"column\">\n\t\t\t<div class=\"elementor-widget-wrap elementor-element-populated\">\n\t\t\t\t\t\t<div class=\"elementor-element elementor-element-9b39c82 elementor-widget elementor-widget-newsy_grid_13\" data-id=\"9b39c82\" data-element_type=\"widget\" data-e-type=\"widget\" data-widget_type=\"newsy_grid_13.default\">\n\t\t\t\t<div class=\"elementor-widget-container\">\n\t\t\t\t\t<div class=\"ak-block ak-block-grid ak-block-grid-13   ak-block-width-3 clearfix tg-simple tg-focus\" id=\"block_69f7296189c2e_15\"><div class=\"ak-block-inner clearfix\"><div class=\"ak-block-posts clearfix\">\t\t<article class=\"ak-module ak-module-grid ak-module-grid-big ak-block-item-1 clearfix post-8856 post type-post status-publish format-standard has-post-thumbnail  category-pueblos-de-guatemala\">\n\t\t\t<div class=\"ak-module-inner clearfix\">\n\t\t\t\t<div class=\"ak-module-grid-wrap\">\n\t\t\t\t\t<div class=\"ak-module-featured\">\n\t\t\t\t\t\t\t\t\t\t\t\t\t\t\t<div class=\"ak-featured-cover\"><a href=\"https:\/\/soymigrante.com\/revista\/el-pueblo-kaqchikel-abarca-a-1-millon-68-mil-guatemaltecos\/\" class=\"ak-featured-link\" rel=\"bookmark\" title=\"El pueblo Kaqchikel abarca a 1 mill\u00f3n 68 mil guatemaltecos\"><div class=\"ak-featured-thumb lazy-thumb background-thumb  size-715\">\n                        <div class=\"lazyload\" title=\"Her royalty-free photo of a smiling woman holding a bouquet of flowers, wearing traditional indigenous clothing, standing against a rustic wall in a rural setting, representing migrant culture and heritage.\" data-bgset=\"https:\/\/soymigrante.com\/revista\/wp-content\/uploads\/2024\/09\/Captura-de-pantalla-2024-09-05-170648-e1725577693900-750x536.webp 800w\" ><\/div>\n                      <\/div><\/a><\/div>\t\t\t\t\t<\/div>\n\t\t\t\t\t<div class=\"ak-module-details\">\n\t\t\t\t\t\t<div class=\"ak-module-terms inline_badge\"><a class=\"term-125\" href=\"https:\/\/soymigrante.com\/revista\/category\/guate-nuestra\/pueblos-de-guatemala\/\">Pueblos de Guatemala<\/a><\/div>\t\t\t\t\t\t<h3 class=\"ak-module-title\"><a href=\"https:\/\/soymigrante.com\/revista\/el-pueblo-kaqchikel-abarca-a-1-millon-68-mil-guatemaltecos\/\" rel=\"bookmark\" title=\"El pueblo Kaqchikel abarca a 1 mill\u00f3n 68 mil guatemaltecos\">El pueblo Kaqchikel abarca a 1 mill\u00f3n 68 mil guatemaltecos<\/a><\/h3>\t\t\t\t\t\t<div class=\"ak-module-meta\"><div class=\"ak-module-author\">by <a href=\"https:\/\/soymigrante.com\/revista\/author\/edwin-castro\/\" class=\"ak-module-author-name\">Edwin Castro<\/a><\/div><div class=\"ak-module-time\"><a href=\"https:\/\/soymigrante.com\/revista\/el-pueblo-kaqchikel-abarca-a-1-millon-68-mil-guatemaltecos\/\" class=\"ak-module-meta-published\"><i class=\"ak-icon akfi-schedule\"><\/i>20\/09\/2024<\/a><\/div> <div class=\"ak-module-view-count\"><i class=\"ak-icon  fa fa-eye\"><\/i><span class=\"count\">557<\/span><\/div><\/div>\t\t\t\t\t<\/div>\n\t\t\t\t<\/div>\n\t\t\t<\/div>\n\t\t<\/article>\n\t\t\t\t<article class=\"ak-module ak-module-grid ak-module-grid-big ak-block-item-2 clearfix post-9251 post type-post status-publish format-standard has-post-thumbnail  category-pueblos-de-guatemala\">\n\t\t\t<div class=\"ak-module-inner clearfix\">\n\t\t\t\t<div class=\"ak-module-grid-wrap\">\n\t\t\t\t\t<div class=\"ak-module-featured\">\n\t\t\t\t\t\t\t\t\t\t\t\t\t\t\t<div class=\"ak-featured-cover\"><a href=\"https:\/\/soymigrante.com\/revista\/pueblo-sakapulteko-se-concentro-en-tajul-hace-mil-anos\/\" class=\"ak-featured-link\" rel=\"bookmark\" title=\"Pueblo Sakapulteko se concentr\u00f3 en la gran Tujaal hace mil a\u00f1os\"><div class=\"ak-featured-thumb lazy-thumb background-thumb  size-715\">\n                        <div class=\"lazyload\" title=\"Reconocimiento de vestimenta tradicional ind\u00edgena en M\u00e9xico, mujer con tocado y vestimenta colorida.\" data-bgset=\"https:\/\/soymigrante.com\/revista\/wp-content\/uploads\/2024\/09\/sakapulteko-632x536.webp 800w\" ><\/div>\n                      <\/div><\/a><\/div>\t\t\t\t\t<\/div>\n\t\t\t\t\t<div class=\"ak-module-details\">\n\t\t\t\t\t\t<div class=\"ak-module-terms inline_badge\"><a class=\"term-125\" href=\"https:\/\/soymigrante.com\/revista\/category\/guate-nuestra\/pueblos-de-guatemala\/\">Pueblos de Guatemala<\/a><\/div>\t\t\t\t\t\t<h3 class=\"ak-module-title\"><a href=\"https:\/\/soymigrante.com\/revista\/pueblo-sakapulteko-se-concentro-en-tajul-hace-mil-anos\/\" rel=\"bookmark\" title=\"Pueblo Sakapulteko se concentr\u00f3 en la gran Tujaal hace mil a\u00f1os\">Pueblo Sakapulteko se concentr\u00f3 en la gran Tujaal hace mil a\u00f1os<\/a><\/h3>\t\t\t\t\t\t<div class=\"ak-module-meta\"><div class=\"ak-module-author\">by <a href=\"https:\/\/soymigrante.com\/revista\/author\/edwin-castro\/\" class=\"ak-module-author-name\">Edwin Castro<\/a><\/div><div class=\"ak-module-time\"><a href=\"https:\/\/soymigrante.com\/revista\/pueblo-sakapulteko-se-concentro-en-tajul-hace-mil-anos\/\" class=\"ak-module-meta-published\"><i class=\"ak-icon akfi-schedule\"><\/i>20\/09\/2024<\/a><\/div> <div class=\"ak-module-view-count\"><i class=\"ak-icon  fa fa-eye\"><\/i><span class=\"count\">594<\/span><\/div><\/div>\t\t\t\t\t<\/div>\n\t\t\t\t<\/div>\n\t\t\t<\/div>\n\t\t<\/article>\n\t\t\t\t<article class=\"ak-module ak-module-grid ak-module-grid-small ak-block-item-3 clearfix post-8709 post type-post status-publish format-standard has-post-thumbnail  category-pueblos-de-guatemala\">\n\t\t\t<div class=\"ak-module-inner clearfix\">\n\t\t\t\t<div class=\"ak-module-grid-wrap\">\n\t\t\t\t\t<div class=\"ak-module-featured\">\n\t\t\t\t\t\t\t\t\t\t\t\t\t\t\t<div class=\"ak-featured-cover\"><a href=\"https:\/\/soymigrante.com\/revista\/pueblo-garinagu-garifuna-lleva-mas-de-dos-siglos-en-guatemala\/\" class=\"ak-featured-link\" rel=\"bookmark\" title=\"Pueblo Gar\u00ednagu (Gar\u00edfuna) lleva m\u00e1s de 200 a\u00f1os en Guatemala y el 26 noviembre es su d\u00eda\"><div class=\"ak-featured-thumb lazy-thumb background-thumb  size-715\">\n                        <div class=\"lazyload\" title=\"Trabajador migrante en manifestaci\u00f3n, derechos laborales, emigrantes, igualdad social, protesta migrante.\" data-bgset=\"https:\/\/soymigrante.com\/revista\/wp-content\/uploads\/2024\/09\/garifuna-garinagu-350x250.webp 800w\" ><\/div>\n                      <\/div><\/a><\/div>\t\t\t\t\t<\/div>\n\t\t\t\t\t<div class=\"ak-module-details\">\n\t\t\t\t\t\t<div class=\"ak-module-terms inline_badge\"><a class=\"term-125\" href=\"https:\/\/soymigrante.com\/revista\/category\/guate-nuestra\/pueblos-de-guatemala\/\">Pueblos de Guatemala<\/a><\/div>\n\t\t\t\t\t\t<h3 class=\"ak-module-title\"><a href=\"https:\/\/soymigrante.com\/revista\/pueblo-garinagu-garifuna-lleva-mas-de-dos-siglos-en-guatemala\/\" rel=\"bookmark\" title=\"Pueblo Gar\u00ednagu (Gar\u00edfuna) lleva m\u00e1s de 200 a\u00f1os en Guatemala y el 26 noviembre es su d\u00eda\">Pueblo Gar\u00ednagu (Gar\u00edfuna) lleva m\u00e1s de 200 a\u00f1os en&hellip;<\/a><\/h3>\n\t\t\t\t\t\t<div class=\"ak-module-meta\"><div class=\"ak-module-author\">by <a href=\"https:\/\/soymigrante.com\/revista\/author\/edwin-castro\/\" class=\"ak-module-author-name\">Edwin Castro<\/a><\/div><div class=\"ak-module-time\"><a href=\"https:\/\/soymigrante.com\/revista\/pueblo-garinagu-garifuna-lleva-mas-de-dos-siglos-en-guatemala\/\" class=\"ak-module-meta-published\"><i class=\"ak-icon akfi-schedule\"><\/i>26\/11\/2024<\/a><\/div> <div class=\"ak-module-view-count\"><i class=\"ak-icon  fa fa-eye\"><\/i><span class=\"count\">432<\/span><\/div><\/div>\t\t\t\t\t<\/div>\n\t\t\t\t<\/div>\n\t\t\t<\/div>\n\t\t<\/article>\n\t\t\t\t<article class=\"ak-module ak-module-grid ak-module-grid-small ak-block-item-4 clearfix post-9006 post type-post status-publish format-standard has-post-thumbnail  category-pueblos-de-guatemala\">\n\t\t\t<div class=\"ak-module-inner clearfix\">\n\t\t\t\t<div class=\"ak-module-grid-wrap\">\n\t\t\t\t\t<div class=\"ak-module-featured\">\n\t\t\t\t\t\t\t\t\t\t\t\t\t\t\t<div class=\"ak-featured-cover\"><a href=\"https:\/\/soymigrante.com\/revista\/tzunun-tzii-es-el-nombre-prehispanico-del-pueblo-uspanteko-y-su-nahual-es-un-colibri\/\" class=\"ak-featured-link\" rel=\"bookmark\" title=\"Tz&#8217;unun Tziij es el nombre prehisp\u00e1nico del pueblo Uspanteko y su nahual es un colibr\u00ed\"><div class=\"ak-featured-thumb lazy-thumb background-thumb  size-715\">\n                        <div class=\"lazyload\" title=\"Princesas del pueblo Uspanteko, foto Muni Uspantan\" data-bgset=\"https:\/\/soymigrante.com\/revista\/wp-content\/uploads\/2024\/09\/uspanteko-350x250.webp 800w\" ><\/div>\n                      <\/div><\/a><\/div>\t\t\t\t\t<\/div>\n\t\t\t\t\t<div class=\"ak-module-details\">\n\t\t\t\t\t\t<div class=\"ak-module-terms inline_badge\"><a class=\"term-125\" href=\"https:\/\/soymigrante.com\/revista\/category\/guate-nuestra\/pueblos-de-guatemala\/\">Pueblos de Guatemala<\/a><\/div>\n\t\t\t\t\t\t<h3 class=\"ak-module-title\"><a href=\"https:\/\/soymigrante.com\/revista\/tzunun-tzii-es-el-nombre-prehispanico-del-pueblo-uspanteko-y-su-nahual-es-un-colibri\/\" rel=\"bookmark\" title=\"Tz&#8217;unun Tziij es el nombre prehisp\u00e1nico del pueblo Uspanteko y su nahual es un colibr\u00ed\">Tz&#8217;unun Tziij es el nombre prehisp\u00e1nico del&hellip;<\/a><\/h3>\n\t\t\t\t\t\t<div class=\"ak-module-meta\"><div class=\"ak-module-author\">by <a href=\"https:\/\/soymigrante.com\/revista\/author\/edwin-castro\/\" class=\"ak-module-author-name\">Edwin Castro<\/a><\/div><div class=\"ak-module-time\"><a href=\"https:\/\/soymigrante.com\/revista\/tzunun-tzii-es-el-nombre-prehispanico-del-pueblo-uspanteko-y-su-nahual-es-un-colibri\/\" class=\"ak-module-meta-published\"><i class=\"ak-icon akfi-schedule\"><\/i>20\/09\/2024<\/a><\/div> <div class=\"ak-module-view-count\"><i class=\"ak-icon  fa fa-eye\"><\/i><span class=\"count\">935<\/span><\/div><\/div>\t\t\t\t\t<\/div>\n\t\t\t\t<\/div>\n\t\t\t<\/div>\n\t\t<\/article>\n\t\t\t\t<article class=\"ak-module ak-module-grid ak-module-grid-small ak-block-item-5 clearfix post-8938 post type-post status-publish format-standard has-post-thumbnail  category-pueblos-de-guatemala\">\n\t\t\t<div class=\"ak-module-inner clearfix\">\n\t\t\t\t<div class=\"ak-module-grid-wrap\">\n\t\t\t\t\t<div class=\"ak-module-featured\">\n\t\t\t\t\t\t\t\t\t\t\t\t\t\t\t<div class=\"ak-featured-cover\"><a href=\"https:\/\/soymigrante.com\/revista\/el-pueblo-mam-brilla-crece-y-se-expresa-fiel-a-sus-raices-de-identidad\/\" class=\"ak-featured-link\" rel=\"bookmark\" title=\"El pueblo Mam trabaja, crece y vive fiel a sus ra\u00edces de identidad\"><div class=\"ak-featured-thumb lazy-thumb background-thumb  size-715\">\n                        <div class=\"lazyload\" title=\"Colorida mujer ind\u00edgena con traje tradicional en la monta\u00f1a, resaltando la cultura migrante y la diversidad en Am\u00e9rica Latina.\" data-bgset=\"https:\/\/soymigrante.com\/revista\/wp-content\/uploads\/2024\/09\/mam-1-350x250.webp 800w\" ><\/div>\n                      <\/div><\/a><\/div>\t\t\t\t\t<\/div>\n\t\t\t\t\t<div class=\"ak-module-details\">\n\t\t\t\t\t\t<div class=\"ak-module-terms inline_badge\"><a class=\"term-125\" href=\"https:\/\/soymigrante.com\/revista\/category\/guate-nuestra\/pueblos-de-guatemala\/\">Pueblos de Guatemala<\/a><\/div>\n\t\t\t\t\t\t<h3 class=\"ak-module-title\"><a href=\"https:\/\/soymigrante.com\/revista\/el-pueblo-mam-brilla-crece-y-se-expresa-fiel-a-sus-raices-de-identidad\/\" rel=\"bookmark\" title=\"El pueblo Mam trabaja, crece y vive fiel a sus ra\u00edces de identidad\">El pueblo Mam trabaja, crece y vive fiel a sus ra\u00edces&hellip;<\/a><\/h3>\n\t\t\t\t\t\t<div class=\"ak-module-meta\"><div class=\"ak-module-author\">by <a href=\"https:\/\/soymigrante.com\/revista\/author\/edwin-castro\/\" class=\"ak-module-author-name\">Edwin Castro<\/a><\/div><div class=\"ak-module-time\"><a href=\"https:\/\/soymigrante.com\/revista\/el-pueblo-mam-brilla-crece-y-se-expresa-fiel-a-sus-raices-de-identidad\/\" class=\"ak-module-meta-published\"><i class=\"ak-icon akfi-schedule\"><\/i>20\/09\/2024<\/a><\/div> <div class=\"ak-module-view-count\"><i class=\"ak-icon  fa fa-eye\"><\/i><span class=\"count\">621<\/span><\/div><\/div>\t\t\t\t\t<\/div>\n\t\t\t\t<\/div>\n\t\t\t<\/div>\n\t\t<\/article>\n\t\t<\/div><\/div><\/div>\t\t\t\t<\/div>\n\t\t\t\t<\/div>\n\t\t\t\t\t<\/div>\n\t\t<\/div>\n\t\t\t\t\t<\/div>\n\t\t<\/section>\n\t\t\t\t\t<\/div>\n\t\t<\/div>\n\t\t\t\t\t<\/div>\n\t\t<\/section>\n\t\t\t\t<section data-particle_enable=\"false\" data-particle-mobile-disabled=\"false\" class=\"elementor-section elementor-top-section elementor-element elementor-element-f351f74 elementor-section-boxed elementor-section-height-default elementor-section-height-default\" data-id=\"f351f74\" data-element_type=\"section\" data-e-type=\"section\">\n\t\t\t\t\t\t<div class=\"elementor-container elementor-column-gap-default\">\n\t\t\t\t\t<div class=\"elementor-column elementor-col-100 elementor-top-column elementor-element elementor-element-4960678\" data-id=\"4960678\" data-element_type=\"column\" data-e-type=\"column\">\n\t\t\t<div class=\"elementor-widget-wrap elementor-element-populated\">\n\t\t\t\t\t\t<div class=\"elementor-element elementor-element-44759a9 elementor-widget elementor-widget-heading\" data-id=\"44759a9\" data-element_type=\"widget\" data-e-type=\"widget\" data-widget_type=\"heading.default\">\n\t\t\t\t\t<h1 class=\"elementor-heading-title elementor-size-default\">Nuestra misi\u00f3n es reconocer y dignificar a los migrantes guatemaltecos, desde Guatemala y en el extranjero.<\/h1>\t\t\t\t<\/div>\n\t\t\t\t<div class=\"elementor-element elementor-element-dd26dbd elementor-widget elementor-widget-shortcode\" data-id=\"dd26dbd\" data-element_type=\"widget\" data-e-type=\"widget\" data-widget_type=\"shortcode.default\">\n\t\t\t\t\t\t\t<div class=\"elementor-shortcode\">\n<div id=\"sb_instagram\"  class=\"sbi sbi_mob_col_1 sbi_tab_col_3 sbi_col_4 sbi_width_resp sbi-theme sbi-default_theme sbi-style-boxed\" style=\"padding-bottom: 12px;\" data-post-style=\"boxed\"\t data-feedid=\"*1\"  data-res=\"auto\" data-cols=\"4\" data-colsmobile=\"1\" data-colstablet=\"3\" data-num=\"8\" data-nummobile=\"4\" data-header-size=\"medium\" data-item-padding=\"6\"\t data-shortcode-atts=\"{&quot;feed&quot;:&quot;1&quot;}\"  data-postid=\"37236\" data-locatornonce=\"0e49eeb24a\" data-options=\"{&quot;highlight&quot;:[&quot;pattern&quot;,&quot;&quot;,0,&quot;&quot;,&quot;&quot;],&quot;avatars&quot;:{&quot;soymigrante_com&quot;:&quot;https:\\\/\\\/scontent-iad3-1.xx.fbcdn.net\\\/v\\\/t51.2885-15\\\/480286608_1714259799302804_6085787848700958985_n.jpg?_nc_cat=101&amp;ccb=1-7&amp;_nc_sid=7d201b&amp;_nc_ohc=_AOtC467vDwQ7kNvwF8D0qB&amp;_nc_oc=Ado7-XE25HWawqpqvNCAloq3I-ZcQHzK-in3DqWdMDk_aef5i8FGpEQrqnWKWM-LCnk&amp;_nc_zt=23&amp;_nc_ht=scontent-iad3-1.xx&amp;edm=AL-3X8kEAAAA&amp;oh=00_Af7RTY91XnF-NBqxQsdjyuooBHzT_S2wvFoAp2zbYZRXUA&amp;oe=69FCE446&quot;,&quot;LCLsoymigrante_com&quot;:&quot;https:\\\/\\\/soymigrante.com\\\/revista\\\/wp-content\\\/uploads\\\/sb-instagram-feed-images\\\/soymigrante_com.webp&quot;},&quot;lightboxcomments&quot;:20,&quot;colsmobile&quot;:1,&quot;colstablet&quot;:&quot;3&quot;,&quot;captionsize&quot;:12,&quot;captionlength&quot;:50,&quot;hovercaptionlength&quot;:50,&quot;feedtheme&quot;:&quot;default_theme&quot;,&quot;imageaspectratio&quot;:&quot;1:1&quot;}\" data-sbi-flags=\"favorLocal\">\n\n\t\n<div\n\tclass=\"sbi-header sbi-header-type-text \"  data-header-size=\"medium\"    style=\"color: #cc0066 \">El orgullo #SoyMigrante se vive a diario. S\u00edguenos en Instagram.<\/div>\n\n\t<div id=\"sbi_images\" style=\"gap: 12px;\">\n\t\t<div class=\"sbi_item sbi_type_image sbi_new sbi_transition\"\n\t id=\"sbi_18115784866776795\" data-date=\"1777672825\"\n\t data-numcomments=\"0\" data-template=ft_highlight>\n\t<div class=\"sbi_inner_wrap\" style=\"background-color: #fff;  border-radius: 4px;  box-shadow: 0 4px 5px 0 rgba(0, 0, 0, 0.05);\">\n\n\t\t\n\t\t\t<div class=\"sbi_photo_wrap\"  style=\"border-radius: inherit;\">\n\t\t\t\t\t\t\n\t\t<div  style=\"background: rgba(0,0,0,0.85)\"  class=\"sbi_link \" >\n\t\t\t<div class=\"sbi_hover_top\">\n\n\t\t\t\t\t<p class=\"sbi_hover_caption_wrap\"\n\t\t>\n\t\t<span\n\t\t\tclass=\"sbi_caption\">Un regalo que florece para mam\u00e1 \u2764\ufe0f<br><br>El set Primavera en tonos rojos celebra la vida y los nuevos comienzos con un dise\u00f1o vibrante y lleno de color. Perfecto para sorprenderla con algo \u00fanico.<br><br>Visita soymigrante.com\/mercado\/ y explora m\u00e1s productos hechos a mano. \ud83d\uded2\ud83d\udecd\ufe0f<br><br>#SoyMigrante #SoyMigranteMERCADO #Guatemala #Hechoamano #D\u00edadelamadre<\/span>\n\t<\/p>\n\n\t\t\t<\/div>\n\n\t\t\t\n\t\t\t<div class=\"sbi_hover_bottom \" >\n\n\t\t\t\t\n\t\t\t\t\t\t\t\t\t<div\n\t\t\t\t\t\tclass=\"sbi_meta\" >\n\n\t\t\t\t\t\t\t<span\n\t\tclass=\"sbi_likes\" style=\"font-size: 13px;\" >\n\t\t<svg  style=\"font-size: 13px;\" class=\"svg-inline--fa fa-heart fa-w-18\" aria-hidden=\"true\" data-fa-processed=\"\" data-prefix=\"fa\" data-icon=\"heart\" role=\"presentation\" xmlns=\"http:\/\/www.w3.org\/2000\/svg\" viewBox=\"0 0 576 512\"><path fill=\"currentColor\" d=\"M414.9 24C361.8 24 312 65.7 288 89.3 264 65.7 214.2 24 161.1 24 70.3 24 16 76.9 16 165.5c0 72.6 66.8 133.3 69.2 135.4l187 180.8c8.8 8.5 22.8 8.5 31.6 0l186.7-180.2c2.7-2.7 69.5-63.5 69.5-136C560 76.9 505.7 24 414.9 24z\"><\/path><\/svg>\t\t3\t<\/span>\n\t<span\n\t\tclass=\"sbi_comments\" style=\"font-size: 13px;\" >\n\t\t<svg  style=\"font-size: 13px;\" class=\"svg-inline--fa fa-comment fa-w-18\" aria-hidden=\"true\" data-fa-processed=\"\" data-prefix=\"fa\" data-icon=\"comment\" role=\"presentation\" xmlns=\"http:\/\/www.w3.org\/2000\/svg\" viewBox=\"0 0 576 512\"><path fill=\"currentColor\" d=\"M576 240c0 115-129 208-288 208-48.3 0-93.9-8.6-133.9-23.8-40.3 31.2-89.8 50.3-142.4 55.7-5.2.6-10.2-2.8-11.5-7.7-1.3-5 2.7-8.1 6.6-11.8 19.3-18.4 42.7-32.8 51.9-94.6C21.9 330.9 0 287.3 0 240 0 125.1 129 32 288 32s288 93.1 288 208z\"><\/path><\/svg>\t\t0\t<\/span>\n\t\t\t\t\t<\/div>\n\t\t\t\t\n\t\t\t<\/div>\n\n\t\t\t<a class=\"sbi_link_area nofancybox\" rel=\"nofollow noopener\" href=\"https:\/\/scontent-iad6-1.cdninstagram.com\/v\/t51.82787-15\/682817413_17996706572942841_4247301835296362464_n.jpg?stp=dst-jpg_e35_tt6&#038;_nc_cat=100&#038;ccb=7-5&#038;_nc_sid=18de74&#038;efg=eyJlZmdfdGFnIjoiRkVFRC5iZXN0X2ltYWdlX3VybGdlbi5DMyJ9&#038;_nc_ohc=-I7hbsjMo0UQ7kNvwGxV9iy&#038;_nc_oc=AdqMn6rHt9IDXMr9F61lUlhD3SGz_bOs0vtACF-0bQxULHL25LKYYwI6zQSztcuLjFk&#038;_nc_zt=23&#038;_nc_ht=scontent-iad6-1.cdninstagram.com&#038;edm=AM6HXa8EAAAA&#038;_nc_gid=3eCBSWcMxASER8kXAFPQGQ&#038;oh=00_Af7iEIUVGDjRYkiAl4jK1Z01lEMeTkrTpByMOptpFZ9iDQ&#038;oe=69FCDF7A\"\n\t\t\t   data-lightbox-sbi=\"\"\n\t\t\t   data-title=\"Un regalo que florece para mam\u00e1 \u2764\ufe0f&lt;br&gt;\n&lt;br&gt;\nEl set Primavera en tonos rojos celebra la vida y los nuevos comienzos con un dise\u00f1o vibrante y lleno de color. Perfecto para sorprenderla con algo \u00fanico.&lt;br&gt;\n&lt;br&gt;\nVisita soymigrante.com\/mercado\/ y explora m\u00e1s productos hechos a mano. \ud83d\uded2\ud83d\udecd\ufe0f&lt;br&gt;\n&lt;br&gt;\n#SoyMigrante #SoyMigranteMERCADO #Guatemala #Hechoamano #D\u00edadelamadre\"\n\t\t\t   data-video=\"\"\n\t\t\t   data-carousel=\"\"\n\t\t\t   data-id=\"sbi_18115784866776795\" data-user=\"soymigrante_com\"\n\t\t\t   data-url=\"https:\/\/www.instagram.com\/p\/DXz-DljjFuX\/\" data-avatar=\"https:\/\/scontent-iad3-1.xx.fbcdn.net\/v\/t51.2885-15\/480286608_1714259799302804_6085787848700958985_n.jpg?_nc_cat=101&amp;ccb=1-7&amp;_nc_sid=7d201b&amp;_nc_ohc=_AOtC467vDwQ7kNvwF8D0qB&amp;_nc_oc=Ado7-XE25HWawqpqvNCAloq3I-ZcQHzK-in3DqWdMDk_aef5i8FGpEQrqnWKWM-LCnk&amp;_nc_zt=23&amp;_nc_ht=scontent-iad3-1.xx&amp;edm=AL-3X8kEAAAA&amp;oh=00_Af7RTY91XnF-NBqxQsdjyuooBHzT_S2wvFoAp2zbYZRXUA&amp;oe=69FCE446\"\n\t\t\t   data-account-type=\"business\"\n\t\t\t   data-iframe=''\n\t\t\t   data-media-type=\"feed\"\n\t\t\t   data-posted-on=\"\"\n\t\t\t   data-custom-avatar=\"\">\n\t\t\t\t<span class=\"sbi-screenreader\">\n\t\t\t\t\tOpen post by soymigrante_com with ID 18115784866776795\t\t\t\t<\/span>\n\t\t\t\t\t\t\t<\/a>\n\t\t<\/div>\n\n\t\t<a class=\"sbi_photo\" target=\"_blank\" rel=\"nofollow noopener\" href=\"https:\/\/www.instagram.com\/p\/DXz-DljjFuX\/\"\n\t\t   data-full-res=\"https:\/\/scontent-iad6-1.cdninstagram.com\/v\/t51.82787-15\/682817413_17996706572942841_4247301835296362464_n.jpg?stp=dst-jpg_e35_tt6&#038;_nc_cat=100&#038;ccb=7-5&#038;_nc_sid=18de74&#038;efg=eyJlZmdfdGFnIjoiRkVFRC5iZXN0X2ltYWdlX3VybGdlbi5DMyJ9&#038;_nc_ohc=-I7hbsjMo0UQ7kNvwGxV9iy&#038;_nc_oc=AdqMn6rHt9IDXMr9F61lUlhD3SGz_bOs0vtACF-0bQxULHL25LKYYwI6zQSztcuLjFk&#038;_nc_zt=23&#038;_nc_ht=scontent-iad6-1.cdninstagram.com&#038;edm=AM6HXa8EAAAA&#038;_nc_gid=3eCBSWcMxASER8kXAFPQGQ&#038;oh=00_Af7iEIUVGDjRYkiAl4jK1Z01lEMeTkrTpByMOptpFZ9iDQ&#038;oe=69FCDF7A\"\n\t\t   data-img-src-set=\"{&quot;d&quot;:&quot;https:\\\/\\\/scontent-iad6-1.cdninstagram.com\\\/v\\\/t51.82787-15\\\/682817413_17996706572942841_4247301835296362464_n.jpg?stp=dst-jpg_e35_tt6&amp;_nc_cat=100&amp;ccb=7-5&amp;_nc_sid=18de74&amp;efg=eyJlZmdfdGFnIjoiRkVFRC5iZXN0X2ltYWdlX3VybGdlbi5DMyJ9&amp;_nc_ohc=-I7hbsjMo0UQ7kNvwGxV9iy&amp;_nc_oc=AdqMn6rHt9IDXMr9F61lUlhD3SGz_bOs0vtACF-0bQxULHL25LKYYwI6zQSztcuLjFk&amp;_nc_zt=23&amp;_nc_ht=scontent-iad6-1.cdninstagram.com&amp;edm=AM6HXa8EAAAA&amp;_nc_gid=3eCBSWcMxASER8kXAFPQGQ&amp;oh=00_Af7iEIUVGDjRYkiAl4jK1Z01lEMeTkrTpByMOptpFZ9iDQ&amp;oe=69FCDF7A&quot;,&quot;150&quot;:&quot;https:\\\/\\\/scontent-iad6-1.cdninstagram.com\\\/v\\\/t51.82787-15\\\/682817413_17996706572942841_4247301835296362464_n.jpg?stp=dst-jpg_e35_tt6&amp;_nc_cat=100&amp;ccb=7-5&amp;_nc_sid=18de74&amp;efg=eyJlZmdfdGFnIjoiRkVFRC5iZXN0X2ltYWdlX3VybGdlbi5DMyJ9&amp;_nc_ohc=-I7hbsjMo0UQ7kNvwGxV9iy&amp;_nc_oc=AdqMn6rHt9IDXMr9F61lUlhD3SGz_bOs0vtACF-0bQxULHL25LKYYwI6zQSztcuLjFk&amp;_nc_zt=23&amp;_nc_ht=scontent-iad6-1.cdninstagram.com&amp;edm=AM6HXa8EAAAA&amp;_nc_gid=3eCBSWcMxASER8kXAFPQGQ&amp;oh=00_Af7iEIUVGDjRYkiAl4jK1Z01lEMeTkrTpByMOptpFZ9iDQ&amp;oe=69FCDF7A&quot;,&quot;320&quot;:&quot;https:\\\/\\\/scontent-iad6-1.cdninstagram.com\\\/v\\\/t51.82787-15\\\/682817413_17996706572942841_4247301835296362464_n.jpg?stp=dst-jpg_e35_tt6&amp;_nc_cat=100&amp;ccb=7-5&amp;_nc_sid=18de74&amp;efg=eyJlZmdfdGFnIjoiRkVFRC5iZXN0X2ltYWdlX3VybGdlbi5DMyJ9&amp;_nc_ohc=-I7hbsjMo0UQ7kNvwGxV9iy&amp;_nc_oc=AdqMn6rHt9IDXMr9F61lUlhD3SGz_bOs0vtACF-0bQxULHL25LKYYwI6zQSztcuLjFk&amp;_nc_zt=23&amp;_nc_ht=scontent-iad6-1.cdninstagram.com&amp;edm=AM6HXa8EAAAA&amp;_nc_gid=3eCBSWcMxASER8kXAFPQGQ&amp;oh=00_Af7iEIUVGDjRYkiAl4jK1Z01lEMeTkrTpByMOptpFZ9iDQ&amp;oe=69FCDF7A&quot;,&quot;640&quot;:&quot;https:\\\/\\\/scontent-iad6-1.cdninstagram.com\\\/v\\\/t51.82787-15\\\/682817413_17996706572942841_4247301835296362464_n.jpg?stp=dst-jpg_e35_tt6&amp;_nc_cat=100&amp;ccb=7-5&amp;_nc_sid=18de74&amp;efg=eyJlZmdfdGFnIjoiRkVFRC5iZXN0X2ltYWdlX3VybGdlbi5DMyJ9&amp;_nc_ohc=-I7hbsjMo0UQ7kNvwGxV9iy&amp;_nc_oc=AdqMn6rHt9IDXMr9F61lUlhD3SGz_bOs0vtACF-0bQxULHL25LKYYwI6zQSztcuLjFk&amp;_nc_zt=23&amp;_nc_ht=scontent-iad6-1.cdninstagram.com&amp;edm=AM6HXa8EAAAA&amp;_nc_gid=3eCBSWcMxASER8kXAFPQGQ&amp;oh=00_Af7iEIUVGDjRYkiAl4jK1Z01lEMeTkrTpByMOptpFZ9iDQ&amp;oe=69FCDF7A&quot;}\"\n\t\t   tabindex=\"-1\">\n\t\t\t<img decoding=\"async\" src=\"https:\/\/soymigrante.com\/revista\/wp-content\/plugins\/instagram-feed-pro\/img\/placeholder.png\" alt=\"Un regalo que florece para mam\u00e1 \u2764\ufe0f\n\nEl set Primavera en tonos rojos celebra la vida y los nuevos comienzos con un dise\u00f1o vibrante y lleno de color. Perfecto para sorprenderla con algo \u00fanico.\n\nVisita soymigrante.com\/mercado\/ y explora m\u00e1s productos hechos a mano. \ud83d\uded2\ud83d\udecd\ufe0f\n\n#SoyMigrante #SoyMigranteMERCADO #Guatemala #Hechoamano #D\u00edadelamadre\">\n\t\t<\/a>\n\t<\/div>\n\n\n\t\t\n\t\t<div class=\"sbi_info_wrapper\">\n\t\t\t<div class=\"sbi_info \">\n\n\t\t\t\t\n\t\t\t\t<div class=\"sbi_meta_wrap\">\n\t\t\t\t\t\n\t\t\t\t\t\t\t\t\t<\/div>\n\t\t\t<\/div>\n\t\t<\/div>\n\t<\/div>\n\n\t<div class=\"sbi-divider\"><\/div>\n<\/div>\n<div class=\"sbi_item sbi_type_video sbi_new sbi_transition\"\n\t id=\"sbi_18106784152901191\" data-date=\"1777671251\"\n\t data-numcomments=\"0\" data-template=ft_highlight>\n\t<div class=\"sbi_inner_wrap\" style=\"background-color: #fff;  border-radius: 4px;  box-shadow: 0 4px 5px 0 rgba(0, 0, 0, 0.05);\">\n\n\t\t\n\t\t\t<div class=\"sbi_photo_wrap\"  style=\"border-radius: inherit;\">\n\t\t\t\t\t\t<svg style=\"color: rgba(255,255,255,1)\" class=\"svg-inline--fa fa-play fa-w-14 sbi_playbtn\" aria-label=\"Play\" aria-hidden=\"true\" data-fa-processed=\"\" data-prefix=\"fa\" data-icon=\"play\" role=\"presentation\" xmlns=\"http:\/\/www.w3.org\/2000\/svg\" viewBox=\"0 0 448 512\"><path fill=\"currentColor\" d=\"M424.4 214.7L72.4 6.6C43.8-10.3 0 6.1 0 47.9V464c0 37.5 40.7 60.1 72.4 41.3l352-208c31.4-18.5 31.5-64.1 0-82.6z\"><\/path><\/svg>\n\t\t<div  style=\"background: rgba(0,0,0,0.85)\"  class=\"sbi_link \" >\n\t\t\t<div class=\"sbi_hover_top\">\n\n\t\t\t\t\t<p class=\"sbi_hover_caption_wrap\"\n\t\t>\n\t\t<span\n\t\t\tclass=\"sbi_caption\">Que alegre es la vida en Vijolom Nebaj Quiche<\/span>\n\t<\/p>\n\n\t\t\t<\/div>\n\n\t\t\t\n\t\t\t<div class=\"sbi_hover_bottom \" >\n\n\t\t\t\t\n\t\t\t\t\t\t\t\t\t<div\n\t\t\t\t\t\tclass=\"sbi_meta\" >\n\n\t\t\t\t\t\t\t<span\n\t\tclass=\"sbi_likes\" style=\"font-size: 13px;\" >\n\t\t<svg  style=\"font-size: 13px;\" class=\"svg-inline--fa fa-heart fa-w-18\" aria-hidden=\"true\" data-fa-processed=\"\" data-prefix=\"fa\" data-icon=\"heart\" role=\"presentation\" xmlns=\"http:\/\/www.w3.org\/2000\/svg\" viewBox=\"0 0 576 512\"><path fill=\"currentColor\" d=\"M414.9 24C361.8 24 312 65.7 288 89.3 264 65.7 214.2 24 161.1 24 70.3 24 16 76.9 16 165.5c0 72.6 66.8 133.3 69.2 135.4l187 180.8c8.8 8.5 22.8 8.5 31.6 0l186.7-180.2c2.7-2.7 69.5-63.5 69.5-136C560 76.9 505.7 24 414.9 24z\"><\/path><\/svg>\t\t22\t<\/span>\n\t<span\n\t\tclass=\"sbi_comments\" style=\"font-size: 13px;\" >\n\t\t<svg  style=\"font-size: 13px;\" class=\"svg-inline--fa fa-comment fa-w-18\" aria-hidden=\"true\" data-fa-processed=\"\" data-prefix=\"fa\" data-icon=\"comment\" role=\"presentation\" xmlns=\"http:\/\/www.w3.org\/2000\/svg\" viewBox=\"0 0 576 512\"><path fill=\"currentColor\" d=\"M576 240c0 115-129 208-288 208-48.3 0-93.9-8.6-133.9-23.8-40.3 31.2-89.8 50.3-142.4 55.7-5.2.6-10.2-2.8-11.5-7.7-1.3-5 2.7-8.1 6.6-11.8 19.3-18.4 42.7-32.8 51.9-94.6C21.9 330.9 0 287.3 0 240 0 125.1 129 32 288 32s288 93.1 288 208z\"><\/path><\/svg>\t\t0\t<\/span>\n\t\t\t\t\t<\/div>\n\t\t\t\t\n\t\t\t<\/div>\n\n\t\t\t<a class=\"sbi_link_area nofancybox\" rel=\"nofollow noopener\" href=\"https:\/\/scontent-iad3-2.cdninstagram.com\/v\/t51.71878-15\/685519888_4516272205361914_8527681906753976244_n.jpg?stp=dst-jpg_e35_tt6&#038;_nc_cat=103&#038;ccb=7-5&#038;_nc_sid=18de74&#038;efg=eyJlZmdfdGFnIjoiQ0xJUFMuYmVzdF9pbWFnZV91cmxnZW4uQzMifQ%3D%3D&#038;_nc_ohc=VlM5KT4mPtcQ7kNvwG7k9OJ&#038;_nc_oc=AdoHlyh0UojvDKRd6XL600udTB1iF6Ey1d8MV9FFPzi1C-5tY3H6NyT5-A4zEq5zIOo&#038;_nc_zt=23&#038;_nc_ht=scontent-iad3-2.cdninstagram.com&#038;edm=AM6HXa8EAAAA&#038;_nc_gid=3eCBSWcMxASER8kXAFPQGQ&#038;_nc_tpa=Q5bMBQF89Vh4L_y9_P45zrJH-6U3WAd2jXB5SJdBmMaLULUSI682YaRc24AH6OGxX2nFoc9HP6J3cTgy&#038;oh=00_Af6AF7GiUzyW0uwE4aOnyc6lqSFkA_086vXkjWezWSbIOw&#038;oe=69FD01E8\"\n\t\t\t   data-lightbox-sbi=\"\"\n\t\t\t   data-title=\"Que alegre es la vida en Vijolom Nebaj Quiche\"\n\t\t\t   data-video=\"https:\/\/scontent-iad3-2.cdninstagram.com\/o1\/v\/t2\/f2\/m86\/AQPTufe3uUTucvv_qv_R0oHjlCeOlXrYy_wP7UIbyy5qkFwtDJUFNDpYaJQsgZGF_V4q5q0z8TeD2xtPsRANZ7E7CzLLDiUWfAH3sY8.mp4?_nc_cat=103&amp;_nc_sid=5e9851&amp;_nc_ht=scontent-iad3-2.cdninstagram.com&amp;_nc_ohc=bzVJ1uJtnbEQ7kNvwHsLH5I&amp;efg=eyJ2ZW5jb2RlX3RhZyI6Inhwdl9wcm9ncmVzc2l2ZS5JTlNUQUdSQU0uQ0xJUFMuQzMuNzIwLmRhc2hfYmFzZWxpbmVfMV92MSIsInhwdl9hc3NldF9pZCI6OTc3MDIzMjY4MDc2NDAyLCJhc3NldF9hZ2VfZGF5cyI6MSwidmlfdXNlY2FzZV9pZCI6MTAwOTksImR1cmF0aW9uX3MiOjQ4LCJ1cmxnZW5fc291cmNlIjoid3d3In0%3D&amp;ccb=17-1&amp;vs=a3dacd2ba0951bd6&amp;_nc_vs=HBksFQIYUmlnX3hwdl9yZWVsc19wZXJtYW5lbnRfc3JfcHJvZC9FNjQxMEI2Mjc2NkIzRUI2N0I5MUY4RERCMjFFRjc4M192aWRlb19kYXNoaW5pdC5tcDQVAALIARIAFQIYUWlnX3hwdl9wbGFjZW1lbnRfcGVybWFuZW50X3YyLzVDNEIyRkNGREMzRjg2REVGN0EwNzRBM0JBM0M3N0E5X2F1ZGlvX2Rhc2hpbml0Lm1wNBUCAsgBEgAoABgAGwKIB3VzZV9vaWwBMRJwcm9ncmVzc2l2ZV9yZWNpcGUBMRUAACbk7aXNnqa8AxUCKAJDMywXQEgiDEm6XjUYEmRhc2hfYmFzZWxpbmVfMV92MREAdf4HZeadAQA&amp;_nc_gid=3eCBSWcMxASER8kXAFPQGQ&amp;edm=AM6HXa8EAAAA&amp;_nc_zt=28&amp;oh=00_Af4sHSfgN0-xksVH414XLvIR9VRxSHxLxlri53MtzXDneg&amp;oe=69F9109C\"\n\t\t\t   data-carousel=\"\"\n\t\t\t   data-id=\"sbi_18106784152901191\" data-user=\"soymigrante_com\"\n\t\t\t   data-url=\"https:\/\/www.instagram.com\/reel\/DXz6ggUhfR9\/\" data-avatar=\"https:\/\/scontent-iad3-1.xx.fbcdn.net\/v\/t51.2885-15\/480286608_1714259799302804_6085787848700958985_n.jpg?_nc_cat=101&amp;ccb=1-7&amp;_nc_sid=7d201b&amp;_nc_ohc=_AOtC467vDwQ7kNvwF8D0qB&amp;_nc_oc=Ado7-XE25HWawqpqvNCAloq3I-ZcQHzK-in3DqWdMDk_aef5i8FGpEQrqnWKWM-LCnk&amp;_nc_zt=23&amp;_nc_ht=scontent-iad3-1.xx&amp;edm=AL-3X8kEAAAA&amp;oh=00_Af7RTY91XnF-NBqxQsdjyuooBHzT_S2wvFoAp2zbYZRXUA&amp;oe=69FCE446\"\n\t\t\t   data-account-type=\"business\"\n\t\t\t   data-iframe=''\n\t\t\t   data-media-type=\"reels\"\n\t\t\t   data-posted-on=\"\"\n\t\t\t   data-custom-avatar=\"\">\n\t\t\t\t<span class=\"sbi-screenreader\">\n\t\t\t\t\tOpen post by soymigrante_com with ID 18106784152901191\t\t\t\t<\/span>\n\t\t\t\t<svg style=\"color: rgba(255,255,255,1)\" class=\"svg-inline--fa fa-play fa-w-14 sbi_playbtn\" aria-label=\"Play\" aria-hidden=\"true\" data-fa-processed=\"\" data-prefix=\"fa\" data-icon=\"play\" role=\"presentation\" xmlns=\"http:\/\/www.w3.org\/2000\/svg\" viewBox=\"0 0 448 512\"><path fill=\"currentColor\" d=\"M424.4 214.7L72.4 6.6C43.8-10.3 0 6.1 0 47.9V464c0 37.5 40.7 60.1 72.4 41.3l352-208c31.4-18.5 31.5-64.1 0-82.6z\"><\/path><\/svg>\t\t\t<\/a>\n\t\t<\/div>\n\n\t\t<a class=\"sbi_photo\" target=\"_blank\" rel=\"nofollow noopener\" href=\"https:\/\/www.instagram.com\/reel\/DXz6ggUhfR9\/\"\n\t\t   data-full-res=\"https:\/\/scontent-iad3-2.cdninstagram.com\/v\/t51.71878-15\/685519888_4516272205361914_8527681906753976244_n.jpg?stp=dst-jpg_e35_tt6&#038;_nc_cat=103&#038;ccb=7-5&#038;_nc_sid=18de74&#038;efg=eyJlZmdfdGFnIjoiQ0xJUFMuYmVzdF9pbWFnZV91cmxnZW4uQzMifQ%3D%3D&#038;_nc_ohc=VlM5KT4mPtcQ7kNvwG7k9OJ&#038;_nc_oc=AdoHlyh0UojvDKRd6XL600udTB1iF6Ey1d8MV9FFPzi1C-5tY3H6NyT5-A4zEq5zIOo&#038;_nc_zt=23&#038;_nc_ht=scontent-iad3-2.cdninstagram.com&#038;edm=AM6HXa8EAAAA&#038;_nc_gid=3eCBSWcMxASER8kXAFPQGQ&#038;_nc_tpa=Q5bMBQF89Vh4L_y9_P45zrJH-6U3WAd2jXB5SJdBmMaLULUSI682YaRc24AH6OGxX2nFoc9HP6J3cTgy&#038;oh=00_Af6AF7GiUzyW0uwE4aOnyc6lqSFkA_086vXkjWezWSbIOw&#038;oe=69FD01E8\"\n\t\t   data-img-src-set=\"{&quot;d&quot;:&quot;https:\\\/\\\/scontent-iad3-2.cdninstagram.com\\\/v\\\/t51.71878-15\\\/685519888_4516272205361914_8527681906753976244_n.jpg?stp=dst-jpg_e35_tt6&amp;_nc_cat=103&amp;ccb=7-5&amp;_nc_sid=18de74&amp;efg=eyJlZmdfdGFnIjoiQ0xJUFMuYmVzdF9pbWFnZV91cmxnZW4uQzMifQ%3D%3D&amp;_nc_ohc=VlM5KT4mPtcQ7kNvwG7k9OJ&amp;_nc_oc=AdoHlyh0UojvDKRd6XL600udTB1iF6Ey1d8MV9FFPzi1C-5tY3H6NyT5-A4zEq5zIOo&amp;_nc_zt=23&amp;_nc_ht=scontent-iad3-2.cdninstagram.com&amp;edm=AM6HXa8EAAAA&amp;_nc_gid=3eCBSWcMxASER8kXAFPQGQ&amp;_nc_tpa=Q5bMBQF89Vh4L_y9_P45zrJH-6U3WAd2jXB5SJdBmMaLULUSI682YaRc24AH6OGxX2nFoc9HP6J3cTgy&amp;oh=00_Af6AF7GiUzyW0uwE4aOnyc6lqSFkA_086vXkjWezWSbIOw&amp;oe=69FD01E8&quot;,&quot;150&quot;:&quot;https:\\\/\\\/scontent-iad3-2.cdninstagram.com\\\/v\\\/t51.71878-15\\\/685519888_4516272205361914_8527681906753976244_n.jpg?stp=dst-jpg_e35_tt6&amp;_nc_cat=103&amp;ccb=7-5&amp;_nc_sid=18de74&amp;efg=eyJlZmdfdGFnIjoiQ0xJUFMuYmVzdF9pbWFnZV91cmxnZW4uQzMifQ%3D%3D&amp;_nc_ohc=VlM5KT4mPtcQ7kNvwG7k9OJ&amp;_nc_oc=AdoHlyh0UojvDKRd6XL600udTB1iF6Ey1d8MV9FFPzi1C-5tY3H6NyT5-A4zEq5zIOo&amp;_nc_zt=23&amp;_nc_ht=scontent-iad3-2.cdninstagram.com&amp;edm=AM6HXa8EAAAA&amp;_nc_gid=3eCBSWcMxASER8kXAFPQGQ&amp;_nc_tpa=Q5bMBQF89Vh4L_y9_P45zrJH-6U3WAd2jXB5SJdBmMaLULUSI682YaRc24AH6OGxX2nFoc9HP6J3cTgy&amp;oh=00_Af6AF7GiUzyW0uwE4aOnyc6lqSFkA_086vXkjWezWSbIOw&amp;oe=69FD01E8&quot;,&quot;320&quot;:&quot;https:\\\/\\\/scontent-iad3-2.cdninstagram.com\\\/v\\\/t51.71878-15\\\/685519888_4516272205361914_8527681906753976244_n.jpg?stp=dst-jpg_e35_tt6&amp;_nc_cat=103&amp;ccb=7-5&amp;_nc_sid=18de74&amp;efg=eyJlZmdfdGFnIjoiQ0xJUFMuYmVzdF9pbWFnZV91cmxnZW4uQzMifQ%3D%3D&amp;_nc_ohc=VlM5KT4mPtcQ7kNvwG7k9OJ&amp;_nc_oc=AdoHlyh0UojvDKRd6XL600udTB1iF6Ey1d8MV9FFPzi1C-5tY3H6NyT5-A4zEq5zIOo&amp;_nc_zt=23&amp;_nc_ht=scontent-iad3-2.cdninstagram.com&amp;edm=AM6HXa8EAAAA&amp;_nc_gid=3eCBSWcMxASER8kXAFPQGQ&amp;_nc_tpa=Q5bMBQF89Vh4L_y9_P45zrJH-6U3WAd2jXB5SJdBmMaLULUSI682YaRc24AH6OGxX2nFoc9HP6J3cTgy&amp;oh=00_Af6AF7GiUzyW0uwE4aOnyc6lqSFkA_086vXkjWezWSbIOw&amp;oe=69FD01E8&quot;,&quot;640&quot;:&quot;https:\\\/\\\/scontent-iad3-2.cdninstagram.com\\\/v\\\/t51.71878-15\\\/685519888_4516272205361914_8527681906753976244_n.jpg?stp=dst-jpg_e35_tt6&amp;_nc_cat=103&amp;ccb=7-5&amp;_nc_sid=18de74&amp;efg=eyJlZmdfdGFnIjoiQ0xJUFMuYmVzdF9pbWFnZV91cmxnZW4uQzMifQ%3D%3D&amp;_nc_ohc=VlM5KT4mPtcQ7kNvwG7k9OJ&amp;_nc_oc=AdoHlyh0UojvDKRd6XL600udTB1iF6Ey1d8MV9FFPzi1C-5tY3H6NyT5-A4zEq5zIOo&amp;_nc_zt=23&amp;_nc_ht=scontent-iad3-2.cdninstagram.com&amp;edm=AM6HXa8EAAAA&amp;_nc_gid=3eCBSWcMxASER8kXAFPQGQ&amp;_nc_tpa=Q5bMBQF89Vh4L_y9_P45zrJH-6U3WAd2jXB5SJdBmMaLULUSI682YaRc24AH6OGxX2nFoc9HP6J3cTgy&amp;oh=00_Af6AF7GiUzyW0uwE4aOnyc6lqSFkA_086vXkjWezWSbIOw&amp;oe=69FD01E8&quot;}\"\n\t\t   tabindex=\"-1\">\n\t\t\t<img decoding=\"async\" src=\"https:\/\/soymigrante.com\/revista\/wp-content\/plugins\/instagram-feed-pro\/img\/placeholder.png\" alt=\"Que alegre es la vida en Vijolom Nebaj Quiche\">\n\t\t<\/a>\n\t<\/div>\n\n\n\t\t\n\t\t<div class=\"sbi_info_wrapper\">\n\t\t\t<div class=\"sbi_info \">\n\n\t\t\t\t\n\t\t\t\t<div class=\"sbi_meta_wrap\">\n\t\t\t\t\t\n\t\t\t\t\t\t\t\t\t<\/div>\n\t\t\t<\/div>\n\t\t<\/div>\n\t<\/div>\n\n\t<div class=\"sbi-divider\"><\/div>\n<\/div>\n<div class=\"sbi_item sbi_type_video sbi_new sbi_transition\"\n\t id=\"sbi_18091305593600384\" data-date=\"1777605039\"\n\t data-numcomments=\"0\" data-template=ft_highlight>\n\t<div class=\"sbi_inner_wrap\" style=\"background-color: #fff;  border-radius: 4px;  box-shadow: 0 4px 5px 0 rgba(0, 0, 0, 0.05);\">\n\n\t\t\n\t\t\t<div class=\"sbi_photo_wrap\"  style=\"border-radius: inherit;\">\n\t\t\t\t\t\t<svg style=\"color: rgba(255,255,255,1)\" class=\"svg-inline--fa fa-play fa-w-14 sbi_playbtn\" aria-label=\"Play\" aria-hidden=\"true\" data-fa-processed=\"\" data-prefix=\"fa\" data-icon=\"play\" role=\"presentation\" xmlns=\"http:\/\/www.w3.org\/2000\/svg\" viewBox=\"0 0 448 512\"><path fill=\"currentColor\" d=\"M424.4 214.7L72.4 6.6C43.8-10.3 0 6.1 0 47.9V464c0 37.5 40.7 60.1 72.4 41.3l352-208c31.4-18.5 31.5-64.1 0-82.6z\"><\/path><\/svg>\n\t\t<div  style=\"background: rgba(0,0,0,0.85)\"  class=\"sbi_link \" >\n\t\t\t<div class=\"sbi_hover_top\">\n\n\t\t\t\t\t<p class=\"sbi_hover_caption_wrap\"\n\t\t>\n\t\t<span\n\t\t\tclass=\"sbi_caption\">Acomp\u00e1\u00f1anos en este LIVE especial de SoyMigrante.com MERCADO, donde presentamos productos \u00fanicos creados por talentosos emprendedores guatemaltecos de nuestra comunidad. <br><br>Hoy contamos con una invitada especial, Marina Chen, fundadora de @granolaketodelcomal <br><br>Descubre su historia, su pasi\u00f3n y los productos que inspiran.<br><br>#HechoenGuate #SoyMigrantecom #MarcosAntil<\/span>\n\t<\/p>\n\n\t\t\t<\/div>\n\n\t\t\t\n\t\t\t<div class=\"sbi_hover_bottom \" >\n\n\t\t\t\t\n\t\t\t\t\t\t\t\t\t<div\n\t\t\t\t\t\tclass=\"sbi_meta\" >\n\n\t\t\t\t\t\t\t<span\n\t\tclass=\"sbi_likes\" style=\"font-size: 13px;\" >\n\t\t<svg  style=\"font-size: 13px;\" class=\"svg-inline--fa fa-heart fa-w-18\" aria-hidden=\"true\" data-fa-processed=\"\" data-prefix=\"fa\" data-icon=\"heart\" role=\"presentation\" xmlns=\"http:\/\/www.w3.org\/2000\/svg\" viewBox=\"0 0 576 512\"><path fill=\"currentColor\" d=\"M414.9 24C361.8 24 312 65.7 288 89.3 264 65.7 214.2 24 161.1 24 70.3 24 16 76.9 16 165.5c0 72.6 66.8 133.3 69.2 135.4l187 180.8c8.8 8.5 22.8 8.5 31.6 0l186.7-180.2c2.7-2.7 69.5-63.5 69.5-136C560 76.9 505.7 24 414.9 24z\"><\/path><\/svg>\t\t1\t<\/span>\n\t<span\n\t\tclass=\"sbi_comments\" style=\"font-size: 13px;\" >\n\t\t<svg  style=\"font-size: 13px;\" class=\"svg-inline--fa fa-comment fa-w-18\" aria-hidden=\"true\" data-fa-processed=\"\" data-prefix=\"fa\" data-icon=\"comment\" role=\"presentation\" xmlns=\"http:\/\/www.w3.org\/2000\/svg\" viewBox=\"0 0 576 512\"><path fill=\"currentColor\" d=\"M576 240c0 115-129 208-288 208-48.3 0-93.9-8.6-133.9-23.8-40.3 31.2-89.8 50.3-142.4 55.7-5.2.6-10.2-2.8-11.5-7.7-1.3-5 2.7-8.1 6.6-11.8 19.3-18.4 42.7-32.8 51.9-94.6C21.9 330.9 0 287.3 0 240 0 125.1 129 32 288 32s288 93.1 288 208z\"><\/path><\/svg>\t\t0\t<\/span>\n\t\t\t\t\t<\/div>\n\t\t\t\t\n\t\t\t<\/div>\n\n\t\t\t<a class=\"sbi_link_area nofancybox\" rel=\"nofollow noopener\" href=\"https:\/\/scontent-iad6-1.cdninstagram.com\/v\/t51.82787-15\/686631788_17996586716942841_4381709644046122409_n.jpg?stp=dst-jpg_e35_tt6&#038;_nc_cat=102&#038;ccb=7-5&#038;_nc_sid=18de74&#038;efg=eyJlZmdfdGFnIjoiQ0xJUFMuYmVzdF9pbWFnZV91cmxnZW4uQzMifQ%3D%3D&#038;_nc_ohc=SQd26XSZn9AQ7kNvwEYTe9F&#038;_nc_oc=Adpam08sjWKPrOWeGOTUsCKcZz7fG4r7fjWkdQkNurdFg-Lz8HXw-kBNSNu6mzttug4&#038;_nc_zt=23&#038;_nc_ht=scontent-iad6-1.cdninstagram.com&#038;edm=AM6HXa8EAAAA&#038;_nc_gid=3eCBSWcMxASER8kXAFPQGQ&#038;_nc_tpa=Q5bMBQGOEJ0rJoNOzU9HjSwPM82FTqtIax7v6Dhc1k7vGUglw55RdsK3D7VUoSX6nAg0M-W1RqfpXoP0&#038;oh=00_Af4RBi8-OXHsj9xn7qWtHtVtktsu_zcRfvaBsqRypLI2JQ&#038;oe=69FCF25C\"\n\t\t\t   data-lightbox-sbi=\"\"\n\t\t\t   data-title=\"Acomp\u00e1\u00f1anos en este LIVE especial de SoyMigrante.com MERCADO, donde presentamos productos \u00fanicos creados por talentosos emprendedores guatemaltecos de nuestra comunidad. &lt;br&gt;\n&lt;br&gt;\nHoy contamos con una invitada especial, Marina Chen, fundadora de @granolaketodelcomal &lt;br&gt;\n&lt;br&gt;\nDescubre su historia, su pasi\u00f3n y los productos que inspiran.&lt;br&gt;\n&lt;br&gt;\n#HechoenGuate #SoyMigrantecom #MarcosAntil\"\n\t\t\t   data-video=\"https:\/\/scontent-iad3-1.cdninstagram.com\/o1\/v\/t2\/f2\/m86\/AQNlvdyWDZGSc9LFLb1Wd4QVadYFO4-x9nhNCGMv3n1Seo_eLrXvr52aDk4OnDSrD-Vhjbog12U5GBun2n6HzLJyYOe4CLYuFfV5bEglKM8wh2fYbYUY8R01n342nSasMtD9g3adeburVvKiHW2vJfxoswfSQaBLHSLv85o.mp4?strext=1&amp;_nc_cat=101&amp;_nc_sid=5e9851&amp;_nc_ht=scontent-iad3-1.cdninstagram.com&amp;_nc_ohc=wZlrQYEyG14Q7kNvwFaL1Oh&amp;efg=eyJ2ZW5jb2RlX3RhZyI6Inhwdl9wcm9ncmVzc2l2ZS5JTlNUQUdSQU0uQ0xJUFMuQzMuNDMyLmRhc2hfYmFzZWxpbmVfM192MSIsInhwdl9hc3NldF9pZCI6MTc5OTY1ODY3MDQ5NDI4NDEsImFzc2V0X2FnZV9kYXlzIjoyLCJ2aV91c2VjYXNlX2lkIjoxMDEwMiwiZHVyYXRpb25fcyI6MCwidXJsZ2VuX3NvdXJjZSI6Ind3dyJ9&amp;ccb=17-1&amp;vs=17ec54c0529b9066&amp;_nc_vs=HBksFQIYfmlnX3hwdl9yZWVsc19wZXJtYW5lbnRfc3JfcHJvZC80RDQ2NDcxMUMzQkE1NDc5MUMwRUZFRkVBODgxMUJBRF93YXNfbGl2ZV9yZW11eF9kYXNoX29pbF93aXRoX2xpdmVfdG9fdm9kX21hcC12aWRlb19vdXRwdXRfZGFzaBUAAsgBEgAVAhh-aWdfeHB2X3JlZWxzX3Blcm1hbmVudF9zcl9wcm9kLzc0NDM4RjA4MjNEN0NCNEEwRDczQkFFQjk0QkRBMDk5X3dhc19saXZlX3JlbXV4X2Rhc2hfb2lsX3dpdGhfbGl2ZV90b192b2RfbWFwLWF1ZGlvX291dHB1dF9kYXNoFQICyAESACgAGAAbAogHdXNlX29pbAExEnByb2dyZXNzaXZlX3JlY2lwZQExFQAAJvLbvdub8_c_FQIoAkMzLBdAoGcAAAAAABgSZGFzaF9iYXNlbGluZV8zX3YxEQB1_gdl7J0BAA&amp;_nc_gid=3eCBSWcMxASER8kXAFPQGQ&amp;edm=AM6HXa8EAAAA&amp;_nc_zt=28&amp;oh=00_Af5bIpwT7hC8meZQBDpjJzxhleAn3RKkNR4EqIFvm_FPPw&amp;oe=69F8F6DF\"\n\t\t\t   data-carousel=\"\"\n\t\t\t   data-id=\"sbi_18091305593600384\" data-user=\"soymigrante_com\"\n\t\t\t   data-url=\"https:\/\/www.instagram.com\/reel\/DXx8vllAb8-\/\" data-avatar=\"https:\/\/scontent-iad3-1.xx.fbcdn.net\/v\/t51.2885-15\/480286608_1714259799302804_6085787848700958985_n.jpg?_nc_cat=101&amp;ccb=1-7&amp;_nc_sid=7d201b&amp;_nc_ohc=_AOtC467vDwQ7kNvwF8D0qB&amp;_nc_oc=Ado7-XE25HWawqpqvNCAloq3I-ZcQHzK-in3DqWdMDk_aef5i8FGpEQrqnWKWM-LCnk&amp;_nc_zt=23&amp;_nc_ht=scontent-iad3-1.xx&amp;edm=AL-3X8kEAAAA&amp;oh=00_Af7RTY91XnF-NBqxQsdjyuooBHzT_S2wvFoAp2zbYZRXUA&amp;oe=69FCE446\"\n\t\t\t   data-account-type=\"business\"\n\t\t\t   data-iframe=''\n\t\t\t   data-media-type=\"reels\"\n\t\t\t   data-posted-on=\"\"\n\t\t\t   data-custom-avatar=\"\">\n\t\t\t\t<span class=\"sbi-screenreader\">\n\t\t\t\t\tOpen post by soymigrante_com with ID 18091305593600384\t\t\t\t<\/span>\n\t\t\t\t<svg style=\"color: rgba(255,255,255,1)\" class=\"svg-inline--fa fa-play fa-w-14 sbi_playbtn\" aria-label=\"Play\" aria-hidden=\"true\" data-fa-processed=\"\" data-prefix=\"fa\" data-icon=\"play\" role=\"presentation\" xmlns=\"http:\/\/www.w3.org\/2000\/svg\" viewBox=\"0 0 448 512\"><path fill=\"currentColor\" d=\"M424.4 214.7L72.4 6.6C43.8-10.3 0 6.1 0 47.9V464c0 37.5 40.7 60.1 72.4 41.3l352-208c31.4-18.5 31.5-64.1 0-82.6z\"><\/path><\/svg>\t\t\t<\/a>\n\t\t<\/div>\n\n\t\t<a class=\"sbi_photo\" target=\"_blank\" rel=\"nofollow noopener\" href=\"https:\/\/www.instagram.com\/reel\/DXx8vllAb8-\/\"\n\t\t   data-full-res=\"https:\/\/scontent-iad6-1.cdninstagram.com\/v\/t51.82787-15\/686631788_17996586716942841_4381709644046122409_n.jpg?stp=dst-jpg_e35_tt6&#038;_nc_cat=102&#038;ccb=7-5&#038;_nc_sid=18de74&#038;efg=eyJlZmdfdGFnIjoiQ0xJUFMuYmVzdF9pbWFnZV91cmxnZW4uQzMifQ%3D%3D&#038;_nc_ohc=SQd26XSZn9AQ7kNvwEYTe9F&#038;_nc_oc=Adpam08sjWKPrOWeGOTUsCKcZz7fG4r7fjWkdQkNurdFg-Lz8HXw-kBNSNu6mzttug4&#038;_nc_zt=23&#038;_nc_ht=scontent-iad6-1.cdninstagram.com&#038;edm=AM6HXa8EAAAA&#038;_nc_gid=3eCBSWcMxASER8kXAFPQGQ&#038;_nc_tpa=Q5bMBQGOEJ0rJoNOzU9HjSwPM82FTqtIax7v6Dhc1k7vGUglw55RdsK3D7VUoSX6nAg0M-W1RqfpXoP0&#038;oh=00_Af4RBi8-OXHsj9xn7qWtHtVtktsu_zcRfvaBsqRypLI2JQ&#038;oe=69FCF25C\"\n\t\t   data-img-src-set=\"{&quot;d&quot;:&quot;https:\\\/\\\/scontent-iad6-1.cdninstagram.com\\\/v\\\/t51.82787-15\\\/686631788_17996586716942841_4381709644046122409_n.jpg?stp=dst-jpg_e35_tt6&amp;_nc_cat=102&amp;ccb=7-5&amp;_nc_sid=18de74&amp;efg=eyJlZmdfdGFnIjoiQ0xJUFMuYmVzdF9pbWFnZV91cmxnZW4uQzMifQ%3D%3D&amp;_nc_ohc=SQd26XSZn9AQ7kNvwEYTe9F&amp;_nc_oc=Adpam08sjWKPrOWeGOTUsCKcZz7fG4r7fjWkdQkNurdFg-Lz8HXw-kBNSNu6mzttug4&amp;_nc_zt=23&amp;_nc_ht=scontent-iad6-1.cdninstagram.com&amp;edm=AM6HXa8EAAAA&amp;_nc_gid=3eCBSWcMxASER8kXAFPQGQ&amp;_nc_tpa=Q5bMBQGOEJ0rJoNOzU9HjSwPM82FTqtIax7v6Dhc1k7vGUglw55RdsK3D7VUoSX6nAg0M-W1RqfpXoP0&amp;oh=00_Af4RBi8-OXHsj9xn7qWtHtVtktsu_zcRfvaBsqRypLI2JQ&amp;oe=69FCF25C&quot;,&quot;150&quot;:&quot;https:\\\/\\\/scontent-iad6-1.cdninstagram.com\\\/v\\\/t51.82787-15\\\/686631788_17996586716942841_4381709644046122409_n.jpg?stp=dst-jpg_e35_tt6&amp;_nc_cat=102&amp;ccb=7-5&amp;_nc_sid=18de74&amp;efg=eyJlZmdfdGFnIjoiQ0xJUFMuYmVzdF9pbWFnZV91cmxnZW4uQzMifQ%3D%3D&amp;_nc_ohc=SQd26XSZn9AQ7kNvwEYTe9F&amp;_nc_oc=Adpam08sjWKPrOWeGOTUsCKcZz7fG4r7fjWkdQkNurdFg-Lz8HXw-kBNSNu6mzttug4&amp;_nc_zt=23&amp;_nc_ht=scontent-iad6-1.cdninstagram.com&amp;edm=AM6HXa8EAAAA&amp;_nc_gid=3eCBSWcMxASER8kXAFPQGQ&amp;_nc_tpa=Q5bMBQGOEJ0rJoNOzU9HjSwPM82FTqtIax7v6Dhc1k7vGUglw55RdsK3D7VUoSX6nAg0M-W1RqfpXoP0&amp;oh=00_Af4RBi8-OXHsj9xn7qWtHtVtktsu_zcRfvaBsqRypLI2JQ&amp;oe=69FCF25C&quot;,&quot;320&quot;:&quot;https:\\\/\\\/scontent-iad6-1.cdninstagram.com\\\/v\\\/t51.82787-15\\\/686631788_17996586716942841_4381709644046122409_n.jpg?stp=dst-jpg_e35_tt6&amp;_nc_cat=102&amp;ccb=7-5&amp;_nc_sid=18de74&amp;efg=eyJlZmdfdGFnIjoiQ0xJUFMuYmVzdF9pbWFnZV91cmxnZW4uQzMifQ%3D%3D&amp;_nc_ohc=SQd26XSZn9AQ7kNvwEYTe9F&amp;_nc_oc=Adpam08sjWKPrOWeGOTUsCKcZz7fG4r7fjWkdQkNurdFg-Lz8HXw-kBNSNu6mzttug4&amp;_nc_zt=23&amp;_nc_ht=scontent-iad6-1.cdninstagram.com&amp;edm=AM6HXa8EAAAA&amp;_nc_gid=3eCBSWcMxASER8kXAFPQGQ&amp;_nc_tpa=Q5bMBQGOEJ0rJoNOzU9HjSwPM82FTqtIax7v6Dhc1k7vGUglw55RdsK3D7VUoSX6nAg0M-W1RqfpXoP0&amp;oh=00_Af4RBi8-OXHsj9xn7qWtHtVtktsu_zcRfvaBsqRypLI2JQ&amp;oe=69FCF25C&quot;,&quot;640&quot;:&quot;https:\\\/\\\/scontent-iad6-1.cdninstagram.com\\\/v\\\/t51.82787-15\\\/686631788_17996586716942841_4381709644046122409_n.jpg?stp=dst-jpg_e35_tt6&amp;_nc_cat=102&amp;ccb=7-5&amp;_nc_sid=18de74&amp;efg=eyJlZmdfdGFnIjoiQ0xJUFMuYmVzdF9pbWFnZV91cmxnZW4uQzMifQ%3D%3D&amp;_nc_ohc=SQd26XSZn9AQ7kNvwEYTe9F&amp;_nc_oc=Adpam08sjWKPrOWeGOTUsCKcZz7fG4r7fjWkdQkNurdFg-Lz8HXw-kBNSNu6mzttug4&amp;_nc_zt=23&amp;_nc_ht=scontent-iad6-1.cdninstagram.com&amp;edm=AM6HXa8EAAAA&amp;_nc_gid=3eCBSWcMxASER8kXAFPQGQ&amp;_nc_tpa=Q5bMBQGOEJ0rJoNOzU9HjSwPM82FTqtIax7v6Dhc1k7vGUglw55RdsK3D7VUoSX6nAg0M-W1RqfpXoP0&amp;oh=00_Af4RBi8-OXHsj9xn7qWtHtVtktsu_zcRfvaBsqRypLI2JQ&amp;oe=69FCF25C&quot;}\"\n\t\t   tabindex=\"-1\">\n\t\t\t<img decoding=\"async\" src=\"https:\/\/soymigrante.com\/revista\/wp-content\/plugins\/instagram-feed-pro\/img\/placeholder.png\" alt=\"Acomp\u00e1\u00f1anos en este LIVE especial de SoyMigrante.com MERCADO, donde presentamos productos \u00fanicos creados por talentosos emprendedores guatemaltecos de nuestra comunidad. \n\nHoy contamos con una invitada especial, Marina Chen, fundadora de @granolaketodelcomal \n\nDescubre su historia, su pasi\u00f3n y los productos que inspiran.\n\n#HechoenGuate #SoyMigrantecom #MarcosAntil\">\n\t\t<\/a>\n\t<\/div>\n\n\n\t\t\n\t\t<div class=\"sbi_info_wrapper\">\n\t\t\t<div class=\"sbi_info \">\n\n\t\t\t\t\n\t\t\t\t<div class=\"sbi_meta_wrap\">\n\t\t\t\t\t\n\t\t\t\t\t\t\t\t\t<\/div>\n\t\t\t<\/div>\n\t\t<\/div>\n\t<\/div>\n\n\t<div class=\"sbi-divider\"><\/div>\n<\/div>\n<div class=\"sbi_item sbi_type_image sbi_new sbi_transition\"\n\t id=\"sbi_18130442449605460\" data-date=\"1777600821\"\n\t data-numcomments=\"0\" data-template=ft_highlight>\n\t<div class=\"sbi_inner_wrap\" style=\"background-color: #fff;  border-radius: 4px;  box-shadow: 0 4px 5px 0 rgba(0, 0, 0, 0.05);\">\n\n\t\t\n\t\t\t<div class=\"sbi_photo_wrap\"  style=\"border-radius: inherit;\">\n\t\t\t\t\t\t\n\t\t<div  style=\"background: rgba(0,0,0,0.85)\"  class=\"sbi_link \" >\n\t\t\t<div class=\"sbi_hover_top\">\n\n\t\t\t\t\t<p class=\"sbi_hover_caption_wrap\"\n\t\t>\n\t\t<span\n\t\t\tclass=\"sbi_caption\">Comodidad y estilo para mam\u00e1 \ud83d\udc9b<br><br>Sandalias color salm\u00f3n, suaves, vers\u00e1tiles y perfectas para un look fresco y femenino. Un regalo ideal para consentirla en su d\u00eda.<br><br>Visita soymigrante.com\/mercado\/ y explora m\u00e1s productos hechos a mano. \ud83d\uded2\ud83d\udecd\ufe0f<br><br>#SoyMigrante #SoyMigranteMERCADO #Guatemala #Hechoamano #D\u00edadelamadre<\/span>\n\t<\/p>\n\n\t\t\t<\/div>\n\n\t\t\t\n\t\t\t<div class=\"sbi_hover_bottom \" >\n\n\t\t\t\t\n\t\t\t\t\t\t\t\t\t<div\n\t\t\t\t\t\tclass=\"sbi_meta\" >\n\n\t\t\t\t\t\t\t<span\n\t\tclass=\"sbi_likes\" style=\"font-size: 13px;\" >\n\t\t<svg  style=\"font-size: 13px;\" class=\"svg-inline--fa fa-heart fa-w-18\" aria-hidden=\"true\" data-fa-processed=\"\" data-prefix=\"fa\" data-icon=\"heart\" role=\"presentation\" xmlns=\"http:\/\/www.w3.org\/2000\/svg\" viewBox=\"0 0 576 512\"><path fill=\"currentColor\" d=\"M414.9 24C361.8 24 312 65.7 288 89.3 264 65.7 214.2 24 161.1 24 70.3 24 16 76.9 16 165.5c0 72.6 66.8 133.3 69.2 135.4l187 180.8c8.8 8.5 22.8 8.5 31.6 0l186.7-180.2c2.7-2.7 69.5-63.5 69.5-136C560 76.9 505.7 24 414.9 24z\"><\/path><\/svg>\t\t2\t<\/span>\n\t<span\n\t\tclass=\"sbi_comments\" style=\"font-size: 13px;\" >\n\t\t<svg  style=\"font-size: 13px;\" class=\"svg-inline--fa fa-comment fa-w-18\" aria-hidden=\"true\" data-fa-processed=\"\" data-prefix=\"fa\" data-icon=\"comment\" role=\"presentation\" xmlns=\"http:\/\/www.w3.org\/2000\/svg\" viewBox=\"0 0 576 512\"><path fill=\"currentColor\" d=\"M576 240c0 115-129 208-288 208-48.3 0-93.9-8.6-133.9-23.8-40.3 31.2-89.8 50.3-142.4 55.7-5.2.6-10.2-2.8-11.5-7.7-1.3-5 2.7-8.1 6.6-11.8 19.3-18.4 42.7-32.8 51.9-94.6C21.9 330.9 0 287.3 0 240 0 125.1 129 32 288 32s288 93.1 288 208z\"><\/path><\/svg>\t\t0\t<\/span>\n\t\t\t\t\t<\/div>\n\t\t\t\t\n\t\t\t<\/div>\n\n\t\t\t<a class=\"sbi_link_area nofancybox\" rel=\"nofollow noopener\" href=\"https:\/\/scontent-iad3-1.cdninstagram.com\/v\/t51.82787-15\/682670380_17996579495942841_6198557116923719387_n.jpg?stp=dst-jpg_e35_tt6&#038;_nc_cat=108&#038;ccb=7-5&#038;_nc_sid=18de74&#038;efg=eyJlZmdfdGFnIjoiRkVFRC5iZXN0X2ltYWdlX3VybGdlbi5DMyJ9&#038;_nc_ohc=I84n3n_xE1MQ7kNvwF84Ydq&#038;_nc_oc=AdpCvi7TxNGujFdyftuhQYzodSG4EZVf0qQWBhCqtLXvjCcc_eC7vXKA-M0mj1IypCk&#038;_nc_zt=23&#038;_nc_ht=scontent-iad3-1.cdninstagram.com&#038;edm=AM6HXa8EAAAA&#038;_nc_gid=3eCBSWcMxASER8kXAFPQGQ&#038;oh=00_Af56ao1GHLi7rf-6sN-Knt3fP2X-xM7Z7oVLvTso9Gm4Tw&#038;oe=69FCDF2C\"\n\t\t\t   data-lightbox-sbi=\"\"\n\t\t\t   data-title=\"Comodidad y estilo para mam\u00e1 \ud83d\udc9b&lt;br&gt;\n&lt;br&gt;\nSandalias color salm\u00f3n, suaves, vers\u00e1tiles y perfectas para un look fresco y femenino. Un regalo ideal para consentirla en su d\u00eda.&lt;br&gt;\n&lt;br&gt;\nVisita soymigrante.com\/mercado\/ y explora m\u00e1s productos hechos a mano. \ud83d\uded2\ud83d\udecd\ufe0f&lt;br&gt;\n&lt;br&gt;\n#SoyMigrante #SoyMigranteMERCADO #Guatemala #Hechoamano #D\u00edadelamadre\"\n\t\t\t   data-video=\"\"\n\t\t\t   data-carousel=\"\"\n\t\t\t   data-id=\"sbi_18130442449605460\" data-user=\"soymigrante_com\"\n\t\t\t   data-url=\"https:\/\/www.instagram.com\/p\/DXx0uDhD3Jg\/\" data-avatar=\"https:\/\/scontent-iad3-1.xx.fbcdn.net\/v\/t51.2885-15\/480286608_1714259799302804_6085787848700958985_n.jpg?_nc_cat=101&amp;ccb=1-7&amp;_nc_sid=7d201b&amp;_nc_ohc=_AOtC467vDwQ7kNvwF8D0qB&amp;_nc_oc=Ado7-XE25HWawqpqvNCAloq3I-ZcQHzK-in3DqWdMDk_aef5i8FGpEQrqnWKWM-LCnk&amp;_nc_zt=23&amp;_nc_ht=scontent-iad3-1.xx&amp;edm=AL-3X8kEAAAA&amp;oh=00_Af7RTY91XnF-NBqxQsdjyuooBHzT_S2wvFoAp2zbYZRXUA&amp;oe=69FCE446\"\n\t\t\t   data-account-type=\"business\"\n\t\t\t   data-iframe=''\n\t\t\t   data-media-type=\"feed\"\n\t\t\t   data-posted-on=\"\"\n\t\t\t   data-custom-avatar=\"\">\n\t\t\t\t<span class=\"sbi-screenreader\">\n\t\t\t\t\tOpen post by soymigrante_com with ID 18130442449605460\t\t\t\t<\/span>\n\t\t\t\t\t\t\t<\/a>\n\t\t<\/div>\n\n\t\t<a class=\"sbi_photo\" target=\"_blank\" rel=\"nofollow noopener\" href=\"https:\/\/www.instagram.com\/p\/DXx0uDhD3Jg\/\"\n\t\t   data-full-res=\"https:\/\/scontent-iad3-1.cdninstagram.com\/v\/t51.82787-15\/682670380_17996579495942841_6198557116923719387_n.jpg?stp=dst-jpg_e35_tt6&#038;_nc_cat=108&#038;ccb=7-5&#038;_nc_sid=18de74&#038;efg=eyJlZmdfdGFnIjoiRkVFRC5iZXN0X2ltYWdlX3VybGdlbi5DMyJ9&#038;_nc_ohc=I84n3n_xE1MQ7kNvwF84Ydq&#038;_nc_oc=AdpCvi7TxNGujFdyftuhQYzodSG4EZVf0qQWBhCqtLXvjCcc_eC7vXKA-M0mj1IypCk&#038;_nc_zt=23&#038;_nc_ht=scontent-iad3-1.cdninstagram.com&#038;edm=AM6HXa8EAAAA&#038;_nc_gid=3eCBSWcMxASER8kXAFPQGQ&#038;oh=00_Af56ao1GHLi7rf-6sN-Knt3fP2X-xM7Z7oVLvTso9Gm4Tw&#038;oe=69FCDF2C\"\n\t\t   data-img-src-set=\"{&quot;d&quot;:&quot;https:\\\/\\\/scontent-iad3-1.cdninstagram.com\\\/v\\\/t51.82787-15\\\/682670380_17996579495942841_6198557116923719387_n.jpg?stp=dst-jpg_e35_tt6&amp;_nc_cat=108&amp;ccb=7-5&amp;_nc_sid=18de74&amp;efg=eyJlZmdfdGFnIjoiRkVFRC5iZXN0X2ltYWdlX3VybGdlbi5DMyJ9&amp;_nc_ohc=I84n3n_xE1MQ7kNvwF84Ydq&amp;_nc_oc=AdpCvi7TxNGujFdyftuhQYzodSG4EZVf0qQWBhCqtLXvjCcc_eC7vXKA-M0mj1IypCk&amp;_nc_zt=23&amp;_nc_ht=scontent-iad3-1.cdninstagram.com&amp;edm=AM6HXa8EAAAA&amp;_nc_gid=3eCBSWcMxASER8kXAFPQGQ&amp;oh=00_Af56ao1GHLi7rf-6sN-Knt3fP2X-xM7Z7oVLvTso9Gm4Tw&amp;oe=69FCDF2C&quot;,&quot;150&quot;:&quot;https:\\\/\\\/scontent-iad3-1.cdninstagram.com\\\/v\\\/t51.82787-15\\\/682670380_17996579495942841_6198557116923719387_n.jpg?stp=dst-jpg_e35_tt6&amp;_nc_cat=108&amp;ccb=7-5&amp;_nc_sid=18de74&amp;efg=eyJlZmdfdGFnIjoiRkVFRC5iZXN0X2ltYWdlX3VybGdlbi5DMyJ9&amp;_nc_ohc=I84n3n_xE1MQ7kNvwF84Ydq&amp;_nc_oc=AdpCvi7TxNGujFdyftuhQYzodSG4EZVf0qQWBhCqtLXvjCcc_eC7vXKA-M0mj1IypCk&amp;_nc_zt=23&amp;_nc_ht=scontent-iad3-1.cdninstagram.com&amp;edm=AM6HXa8EAAAA&amp;_nc_gid=3eCBSWcMxASER8kXAFPQGQ&amp;oh=00_Af56ao1GHLi7rf-6sN-Knt3fP2X-xM7Z7oVLvTso9Gm4Tw&amp;oe=69FCDF2C&quot;,&quot;320&quot;:&quot;https:\\\/\\\/scontent-iad3-1.cdninstagram.com\\\/v\\\/t51.82787-15\\\/682670380_17996579495942841_6198557116923719387_n.jpg?stp=dst-jpg_e35_tt6&amp;_nc_cat=108&amp;ccb=7-5&amp;_nc_sid=18de74&amp;efg=eyJlZmdfdGFnIjoiRkVFRC5iZXN0X2ltYWdlX3VybGdlbi5DMyJ9&amp;_nc_ohc=I84n3n_xE1MQ7kNvwF84Ydq&amp;_nc_oc=AdpCvi7TxNGujFdyftuhQYzodSG4EZVf0qQWBhCqtLXvjCcc_eC7vXKA-M0mj1IypCk&amp;_nc_zt=23&amp;_nc_ht=scontent-iad3-1.cdninstagram.com&amp;edm=AM6HXa8EAAAA&amp;_nc_gid=3eCBSWcMxASER8kXAFPQGQ&amp;oh=00_Af56ao1GHLi7rf-6sN-Knt3fP2X-xM7Z7oVLvTso9Gm4Tw&amp;oe=69FCDF2C&quot;,&quot;640&quot;:&quot;https:\\\/\\\/scontent-iad3-1.cdninstagram.com\\\/v\\\/t51.82787-15\\\/682670380_17996579495942841_6198557116923719387_n.jpg?stp=dst-jpg_e35_tt6&amp;_nc_cat=108&amp;ccb=7-5&amp;_nc_sid=18de74&amp;efg=eyJlZmdfdGFnIjoiRkVFRC5iZXN0X2ltYWdlX3VybGdlbi5DMyJ9&amp;_nc_ohc=I84n3n_xE1MQ7kNvwF84Ydq&amp;_nc_oc=AdpCvi7TxNGujFdyftuhQYzodSG4EZVf0qQWBhCqtLXvjCcc_eC7vXKA-M0mj1IypCk&amp;_nc_zt=23&amp;_nc_ht=scontent-iad3-1.cdninstagram.com&amp;edm=AM6HXa8EAAAA&amp;_nc_gid=3eCBSWcMxASER8kXAFPQGQ&amp;oh=00_Af56ao1GHLi7rf-6sN-Knt3fP2X-xM7Z7oVLvTso9Gm4Tw&amp;oe=69FCDF2C&quot;}\"\n\t\t   tabindex=\"-1\">\n\t\t\t<img decoding=\"async\" src=\"https:\/\/soymigrante.com\/revista\/wp-content\/plugins\/instagram-feed-pro\/img\/placeholder.png\" alt=\"Comodidad y estilo para mam\u00e1 \ud83d\udc9b\n\nSandalias color salm\u00f3n, suaves, vers\u00e1tiles y perfectas para un look fresco y femenino. Un regalo ideal para consentirla en su d\u00eda.\n\nVisita soymigrante.com\/mercado\/ y explora m\u00e1s productos hechos a mano. \ud83d\uded2\ud83d\udecd\ufe0f\n\n#SoyMigrante #SoyMigranteMERCADO #Guatemala #Hechoamano #D\u00edadelamadre\">\n\t\t<\/a>\n\t<\/div>\n\n\n\t\t\n\t\t<div class=\"sbi_info_wrapper\">\n\t\t\t<div class=\"sbi_info \">\n\n\t\t\t\t\n\t\t\t\t<div class=\"sbi_meta_wrap\">\n\t\t\t\t\t\n\t\t\t\t\t\t\t\t\t<\/div>\n\t\t\t<\/div>\n\t\t<\/div>\n\t<\/div>\n\n\t<div class=\"sbi-divider\"><\/div>\n<\/div>\n<div class=\"sbi_item sbi_type_image sbi_new sbi_transition\"\n\t id=\"sbi_17969572224023340\" data-date=\"1777471265\"\n\t data-numcomments=\"0\" data-template=ft_highlight>\n\t<div class=\"sbi_inner_wrap\" style=\"background-color: #fff;  border-radius: 4px;  box-shadow: 0 4px 5px 0 rgba(0, 0, 0, 0.05);\">\n\n\t\t\n\t\t\t<div class=\"sbi_photo_wrap\"  style=\"border-radius: inherit;\">\n\t\t\t\t\t\t\n\t\t<div  style=\"background: rgba(0,0,0,0.85)\"  class=\"sbi_link \" >\n\t\t\t<div class=\"sbi_hover_top\">\n\n\t\t\t\t\t<p class=\"sbi_hover_caption_wrap\"\n\t\t>\n\t\t<span\n\t\t\tclass=\"sbi_caption\">El regalo perfecto para mam\u00e1 \u2615\ud83d\udc9b<br><br>Kit con Caf\u00e9 con Causa y mug de vidrio doble fondo, ideal para disfrutar cada sorbo con estilo. Pr\u00e1ctico, elegante y con prop\u00f3sito.<br><br>Visita soymigrante.com\/mercado\/ y explora m\u00e1s productos hechos a mano. \ud83d\uded2\ud83d\udecd\ufe0f<br><br>#SoyMigrante #SoyMigranteMERCADO #Guatemala #Hechoamano #Diadelamadre<\/span>\n\t<\/p>\n\n\t\t\t<\/div>\n\n\t\t\t\n\t\t\t<div class=\"sbi_hover_bottom \" >\n\n\t\t\t\t\n\t\t\t\t\t\t\t\t\t<div\n\t\t\t\t\t\tclass=\"sbi_meta\" >\n\n\t\t\t\t\t\t\t<span\n\t\tclass=\"sbi_likes\" style=\"font-size: 13px;\" >\n\t\t<svg  style=\"font-size: 13px;\" class=\"svg-inline--fa fa-heart fa-w-18\" aria-hidden=\"true\" data-fa-processed=\"\" data-prefix=\"fa\" data-icon=\"heart\" role=\"presentation\" xmlns=\"http:\/\/www.w3.org\/2000\/svg\" viewBox=\"0 0 576 512\"><path fill=\"currentColor\" d=\"M414.9 24C361.8 24 312 65.7 288 89.3 264 65.7 214.2 24 161.1 24 70.3 24 16 76.9 16 165.5c0 72.6 66.8 133.3 69.2 135.4l187 180.8c8.8 8.5 22.8 8.5 31.6 0l186.7-180.2c2.7-2.7 69.5-63.5 69.5-136C560 76.9 505.7 24 414.9 24z\"><\/path><\/svg>\t\t1\t<\/span>\n\t<span\n\t\tclass=\"sbi_comments\" style=\"font-size: 13px;\" >\n\t\t<svg  style=\"font-size: 13px;\" class=\"svg-inline--fa fa-comment fa-w-18\" aria-hidden=\"true\" data-fa-processed=\"\" data-prefix=\"fa\" data-icon=\"comment\" role=\"presentation\" xmlns=\"http:\/\/www.w3.org\/2000\/svg\" viewBox=\"0 0 576 512\"><path fill=\"currentColor\" d=\"M576 240c0 115-129 208-288 208-48.3 0-93.9-8.6-133.9-23.8-40.3 31.2-89.8 50.3-142.4 55.7-5.2.6-10.2-2.8-11.5-7.7-1.3-5 2.7-8.1 6.6-11.8 19.3-18.4 42.7-32.8 51.9-94.6C21.9 330.9 0 287.3 0 240 0 125.1 129 32 288 32s288 93.1 288 208z\"><\/path><\/svg>\t\t0\t<\/span>\n\t\t\t\t\t<\/div>\n\t\t\t\t\n\t\t\t<\/div>\n\n\t\t\t<a class=\"sbi_link_area nofancybox\" rel=\"nofollow noopener\" href=\"https:\/\/scontent-iad6-1.cdninstagram.com\/v\/t51.82787-15\/681594725_17996387108942841_2178016101468017926_n.jpg?stp=dst-jpg_e35_tt6&#038;_nc_cat=107&#038;ccb=7-5&#038;_nc_sid=18de74&#038;efg=eyJlZmdfdGFnIjoiRkVFRC5iZXN0X2ltYWdlX3VybGdlbi5DMyJ9&#038;_nc_ohc=SI6NFMLtRE4Q7kNvwHinZ2q&#038;_nc_oc=AdpuM30i4TMGOcJ3_XvwevCiuTfFVFUCx9tBtqIuvJNCG9i4_2FSWZGz-pEDIgnHrM4&#038;_nc_zt=23&#038;_nc_ht=scontent-iad6-1.cdninstagram.com&#038;edm=AM6HXa8EAAAA&#038;_nc_gid=3eCBSWcMxASER8kXAFPQGQ&#038;oh=00_Af4ERePJkpBStMg9B73Sc3ebRQDav_TY5uNQSdTxBpUdYA&#038;oe=69FCF9F5\"\n\t\t\t   data-lightbox-sbi=\"\"\n\t\t\t   data-title=\"El regalo perfecto para mam\u00e1 \u2615\ud83d\udc9b&lt;br&gt;\n&lt;br&gt;\nKit con Caf\u00e9 con Causa y mug de vidrio doble fondo, ideal para disfrutar cada sorbo con estilo. Pr\u00e1ctico, elegante y con prop\u00f3sito.&lt;br&gt;\n&lt;br&gt;\nVisita soymigrante.com\/mercado\/ y explora m\u00e1s productos hechos a mano. \ud83d\uded2\ud83d\udecd\ufe0f&lt;br&gt;\n&lt;br&gt;\n#SoyMigrante #SoyMigranteMERCADO #Guatemala #Hechoamano #Diadelamadre\"\n\t\t\t   data-video=\"\"\n\t\t\t   data-carousel=\"\"\n\t\t\t   data-id=\"sbi_17969572224023340\" data-user=\"soymigrante_com\"\n\t\t\t   data-url=\"https:\/\/www.instagram.com\/p\/DXt9nGrGtBD\/\" data-avatar=\"https:\/\/scontent-iad3-1.xx.fbcdn.net\/v\/t51.2885-15\/480286608_1714259799302804_6085787848700958985_n.jpg?_nc_cat=101&amp;ccb=1-7&amp;_nc_sid=7d201b&amp;_nc_ohc=_AOtC467vDwQ7kNvwF8D0qB&amp;_nc_oc=Ado7-XE25HWawqpqvNCAloq3I-ZcQHzK-in3DqWdMDk_aef5i8FGpEQrqnWKWM-LCnk&amp;_nc_zt=23&amp;_nc_ht=scontent-iad3-1.xx&amp;edm=AL-3X8kEAAAA&amp;oh=00_Af7RTY91XnF-NBqxQsdjyuooBHzT_S2wvFoAp2zbYZRXUA&amp;oe=69FCE446\"\n\t\t\t   data-account-type=\"business\"\n\t\t\t   data-iframe=''\n\t\t\t   data-media-type=\"feed\"\n\t\t\t   data-posted-on=\"\"\n\t\t\t   data-custom-avatar=\"\">\n\t\t\t\t<span class=\"sbi-screenreader\">\n\t\t\t\t\tOpen post by soymigrante_com with ID 17969572224023340\t\t\t\t<\/span>\n\t\t\t\t\t\t\t<\/a>\n\t\t<\/div>\n\n\t\t<a class=\"sbi_photo\" target=\"_blank\" rel=\"nofollow noopener\" href=\"https:\/\/www.instagram.com\/p\/DXt9nGrGtBD\/\"\n\t\t   data-full-res=\"https:\/\/scontent-iad6-1.cdninstagram.com\/v\/t51.82787-15\/681594725_17996387108942841_2178016101468017926_n.jpg?stp=dst-jpg_e35_tt6&#038;_nc_cat=107&#038;ccb=7-5&#038;_nc_sid=18de74&#038;efg=eyJlZmdfdGFnIjoiRkVFRC5iZXN0X2ltYWdlX3VybGdlbi5DMyJ9&#038;_nc_ohc=SI6NFMLtRE4Q7kNvwHinZ2q&#038;_nc_oc=AdpuM30i4TMGOcJ3_XvwevCiuTfFVFUCx9tBtqIuvJNCG9i4_2FSWZGz-pEDIgnHrM4&#038;_nc_zt=23&#038;_nc_ht=scontent-iad6-1.cdninstagram.com&#038;edm=AM6HXa8EAAAA&#038;_nc_gid=3eCBSWcMxASER8kXAFPQGQ&#038;oh=00_Af4ERePJkpBStMg9B73Sc3ebRQDav_TY5uNQSdTxBpUdYA&#038;oe=69FCF9F5\"\n\t\t   data-img-src-set=\"{&quot;d&quot;:&quot;https:\\\/\\\/scontent-iad6-1.cdninstagram.com\\\/v\\\/t51.82787-15\\\/681594725_17996387108942841_2178016101468017926_n.jpg?stp=dst-jpg_e35_tt6&amp;_nc_cat=107&amp;ccb=7-5&amp;_nc_sid=18de74&amp;efg=eyJlZmdfdGFnIjoiRkVFRC5iZXN0X2ltYWdlX3VybGdlbi5DMyJ9&amp;_nc_ohc=SI6NFMLtRE4Q7kNvwHinZ2q&amp;_nc_oc=AdpuM30i4TMGOcJ3_XvwevCiuTfFVFUCx9tBtqIuvJNCG9i4_2FSWZGz-pEDIgnHrM4&amp;_nc_zt=23&amp;_nc_ht=scontent-iad6-1.cdninstagram.com&amp;edm=AM6HXa8EAAAA&amp;_nc_gid=3eCBSWcMxASER8kXAFPQGQ&amp;oh=00_Af4ERePJkpBStMg9B73Sc3ebRQDav_TY5uNQSdTxBpUdYA&amp;oe=69FCF9F5&quot;,&quot;150&quot;:&quot;https:\\\/\\\/scontent-iad6-1.cdninstagram.com\\\/v\\\/t51.82787-15\\\/681594725_17996387108942841_2178016101468017926_n.jpg?stp=dst-jpg_e35_tt6&amp;_nc_cat=107&amp;ccb=7-5&amp;_nc_sid=18de74&amp;efg=eyJlZmdfdGFnIjoiRkVFRC5iZXN0X2ltYWdlX3VybGdlbi5DMyJ9&amp;_nc_ohc=SI6NFMLtRE4Q7kNvwHinZ2q&amp;_nc_oc=AdpuM30i4TMGOcJ3_XvwevCiuTfFVFUCx9tBtqIuvJNCG9i4_2FSWZGz-pEDIgnHrM4&amp;_nc_zt=23&amp;_nc_ht=scontent-iad6-1.cdninstagram.com&amp;edm=AM6HXa8EAAAA&amp;_nc_gid=3eCBSWcMxASER8kXAFPQGQ&amp;oh=00_Af4ERePJkpBStMg9B73Sc3ebRQDav_TY5uNQSdTxBpUdYA&amp;oe=69FCF9F5&quot;,&quot;320&quot;:&quot;https:\\\/\\\/scontent-iad6-1.cdninstagram.com\\\/v\\\/t51.82787-15\\\/681594725_17996387108942841_2178016101468017926_n.jpg?stp=dst-jpg_e35_tt6&amp;_nc_cat=107&amp;ccb=7-5&amp;_nc_sid=18de74&amp;efg=eyJlZmdfdGFnIjoiRkVFRC5iZXN0X2ltYWdlX3VybGdlbi5DMyJ9&amp;_nc_ohc=SI6NFMLtRE4Q7kNvwHinZ2q&amp;_nc_oc=AdpuM30i4TMGOcJ3_XvwevCiuTfFVFUCx9tBtqIuvJNCG9i4_2FSWZGz-pEDIgnHrM4&amp;_nc_zt=23&amp;_nc_ht=scontent-iad6-1.cdninstagram.com&amp;edm=AM6HXa8EAAAA&amp;_nc_gid=3eCBSWcMxASER8kXAFPQGQ&amp;oh=00_Af4ERePJkpBStMg9B73Sc3ebRQDav_TY5uNQSdTxBpUdYA&amp;oe=69FCF9F5&quot;,&quot;640&quot;:&quot;https:\\\/\\\/scontent-iad6-1.cdninstagram.com\\\/v\\\/t51.82787-15\\\/681594725_17996387108942841_2178016101468017926_n.jpg?stp=dst-jpg_e35_tt6&amp;_nc_cat=107&amp;ccb=7-5&amp;_nc_sid=18de74&amp;efg=eyJlZmdfdGFnIjoiRkVFRC5iZXN0X2ltYWdlX3VybGdlbi5DMyJ9&amp;_nc_ohc=SI6NFMLtRE4Q7kNvwHinZ2q&amp;_nc_oc=AdpuM30i4TMGOcJ3_XvwevCiuTfFVFUCx9tBtqIuvJNCG9i4_2FSWZGz-pEDIgnHrM4&amp;_nc_zt=23&amp;_nc_ht=scontent-iad6-1.cdninstagram.com&amp;edm=AM6HXa8EAAAA&amp;_nc_gid=3eCBSWcMxASER8kXAFPQGQ&amp;oh=00_Af4ERePJkpBStMg9B73Sc3ebRQDav_TY5uNQSdTxBpUdYA&amp;oe=69FCF9F5&quot;}\"\n\t\t   tabindex=\"-1\">\n\t\t\t<img decoding=\"async\" src=\"https:\/\/soymigrante.com\/revista\/wp-content\/plugins\/instagram-feed-pro\/img\/placeholder.png\" alt=\"El regalo perfecto para mam\u00e1 \u2615\ud83d\udc9b\n\nKit con Caf\u00e9 con Causa y mug de vidrio doble fondo, ideal para disfrutar cada sorbo con estilo. Pr\u00e1ctico, elegante y con prop\u00f3sito.\n\nVisita soymigrante.com\/mercado\/ y explora m\u00e1s productos hechos a mano. \ud83d\uded2\ud83d\udecd\ufe0f\n\n#SoyMigrante #SoyMigranteMERCADO #Guatemala #Hechoamano #Diadelamadre\">\n\t\t<\/a>\n\t<\/div>\n\n\n\t\t\n\t\t<div class=\"sbi_info_wrapper\">\n\t\t\t<div class=\"sbi_info \">\n\n\t\t\t\t\n\t\t\t\t<div class=\"sbi_meta_wrap\">\n\t\t\t\t\t\n\t\t\t\t\t\t\t\t\t<\/div>\n\t\t\t<\/div>\n\t\t<\/div>\n\t<\/div>\n\n\t<div class=\"sbi-divider\"><\/div>\n<\/div>\n<div class=\"sbi_item sbi_type_image sbi_new sbi_transition\"\n\t id=\"sbi_17884675941523747\" data-date=\"1777392048\"\n\t data-numcomments=\"0\" data-template=ft_highlight>\n\t<div class=\"sbi_inner_wrap\" style=\"background-color: #fff;  border-radius: 4px;  box-shadow: 0 4px 5px 0 rgba(0, 0, 0, 0.05);\">\n\n\t\t\n\t\t\t<div class=\"sbi_photo_wrap\"  style=\"border-radius: inherit;\">\n\t\t\t\t\t\t\n\t\t<div  style=\"background: rgba(0,0,0,0.85)\"  class=\"sbi_link \" >\n\t\t\t<div class=\"sbi_hover_top\">\n\n\t\t\t\t\t<p class=\"sbi_hover_caption_wrap\"\n\t\t>\n\t\t<span\n\t\t\tclass=\"sbi_caption\">Visita soymigrante.com\/mercado\/ y explora m\u00e1s productos hechos a mano. \ud83d\uded2\ud83d\udecd\ufe0f<br><br>#SoyMigrante #SoyMigranteMERCADO #Guatemala #Hechoamano<\/span>\n\t<\/p>\n\n\t\t\t<\/div>\n\n\t\t\t\n\t\t\t<div class=\"sbi_hover_bottom \" >\n\n\t\t\t\t\n\t\t\t\t\t\t\t\t\t<div\n\t\t\t\t\t\tclass=\"sbi_meta\" >\n\n\t\t\t\t\t\t\t<span\n\t\tclass=\"sbi_likes\" style=\"font-size: 13px;\" >\n\t\t<svg  style=\"font-size: 13px;\" class=\"svg-inline--fa fa-heart fa-w-18\" aria-hidden=\"true\" data-fa-processed=\"\" data-prefix=\"fa\" data-icon=\"heart\" role=\"presentation\" xmlns=\"http:\/\/www.w3.org\/2000\/svg\" viewBox=\"0 0 576 512\"><path fill=\"currentColor\" d=\"M414.9 24C361.8 24 312 65.7 288 89.3 264 65.7 214.2 24 161.1 24 70.3 24 16 76.9 16 165.5c0 72.6 66.8 133.3 69.2 135.4l187 180.8c8.8 8.5 22.8 8.5 31.6 0l186.7-180.2c2.7-2.7 69.5-63.5 69.5-136C560 76.9 505.7 24 414.9 24z\"><\/path><\/svg>\t\t2\t<\/span>\n\t<span\n\t\tclass=\"sbi_comments\" style=\"font-size: 13px;\" >\n\t\t<svg  style=\"font-size: 13px;\" class=\"svg-inline--fa fa-comment fa-w-18\" aria-hidden=\"true\" data-fa-processed=\"\" data-prefix=\"fa\" data-icon=\"comment\" role=\"presentation\" xmlns=\"http:\/\/www.w3.org\/2000\/svg\" viewBox=\"0 0 576 512\"><path fill=\"currentColor\" d=\"M576 240c0 115-129 208-288 208-48.3 0-93.9-8.6-133.9-23.8-40.3 31.2-89.8 50.3-142.4 55.7-5.2.6-10.2-2.8-11.5-7.7-1.3-5 2.7-8.1 6.6-11.8 19.3-18.4 42.7-32.8 51.9-94.6C21.9 330.9 0 287.3 0 240 0 125.1 129 32 288 32s288 93.1 288 208z\"><\/path><\/svg>\t\t0\t<\/span>\n\t\t\t\t\t<\/div>\n\t\t\t\t\n\t\t\t<\/div>\n\n\t\t\t<a class=\"sbi_link_area nofancybox\" rel=\"nofollow noopener\" href=\"https:\/\/scontent-iad3-2.cdninstagram.com\/v\/t51.82787-15\/681453354_17996279153942841_4545952435302172370_n.jpg?stp=dst-jpg_e35_tt6&#038;_nc_cat=105&#038;ccb=7-5&#038;_nc_sid=18de74&#038;efg=eyJlZmdfdGFnIjoiRkVFRC5iZXN0X2ltYWdlX3VybGdlbi5DMyJ9&#038;_nc_ohc=j4YNNgO6RrYQ7kNvwHuICNU&#038;_nc_oc=AdpE0Qaix9_3LM2Kc5bbU_DO5SagqROTDXv3yV1t4mVrh7Qx7GOc_Lp2CAVD55848EU&#038;_nc_zt=23&#038;_nc_ht=scontent-iad3-2.cdninstagram.com&#038;edm=AM6HXa8EAAAA&#038;_nc_gid=3eCBSWcMxASER8kXAFPQGQ&#038;oh=00_Af4xunoDE0eUNUEcVKN9UyatkHxJz-TH5bDZDim7Lb8JhA&#038;oe=69FD0E04\"\n\t\t\t   data-lightbox-sbi=\"\"\n\t\t\t   data-title=\"Visita soymigrante.com\/mercado\/ y explora m\u00e1s productos hechos a mano. \ud83d\uded2\ud83d\udecd\ufe0f&lt;br&gt;\n&lt;br&gt;\n#SoyMigrante #SoyMigranteMERCADO #Guatemala #Hechoamano\"\n\t\t\t   data-video=\"\"\n\t\t\t   data-carousel=\"\"\n\t\t\t   data-id=\"sbi_17884675941523747\" data-user=\"soymigrante_com\"\n\t\t\t   data-url=\"https:\/\/www.instagram.com\/p\/DXrmg_AGtHa\/\" data-avatar=\"https:\/\/scontent-iad3-1.xx.fbcdn.net\/v\/t51.2885-15\/480286608_1714259799302804_6085787848700958985_n.jpg?_nc_cat=101&amp;ccb=1-7&amp;_nc_sid=7d201b&amp;_nc_ohc=_AOtC467vDwQ7kNvwF8D0qB&amp;_nc_oc=Ado7-XE25HWawqpqvNCAloq3I-ZcQHzK-in3DqWdMDk_aef5i8FGpEQrqnWKWM-LCnk&amp;_nc_zt=23&amp;_nc_ht=scontent-iad3-1.xx&amp;edm=AL-3X8kEAAAA&amp;oh=00_Af7RTY91XnF-NBqxQsdjyuooBHzT_S2wvFoAp2zbYZRXUA&amp;oe=69FCE446\"\n\t\t\t   data-account-type=\"business\"\n\t\t\t   data-iframe=''\n\t\t\t   data-media-type=\"feed\"\n\t\t\t   data-posted-on=\"\"\n\t\t\t   data-custom-avatar=\"\">\n\t\t\t\t<span class=\"sbi-screenreader\">\n\t\t\t\t\tOpen post by soymigrante_com with ID 17884675941523747\t\t\t\t<\/span>\n\t\t\t\t\t\t\t<\/a>\n\t\t<\/div>\n\n\t\t<a class=\"sbi_photo\" target=\"_blank\" rel=\"nofollow noopener\" href=\"https:\/\/www.instagram.com\/p\/DXrmg_AGtHa\/\"\n\t\t   data-full-res=\"https:\/\/scontent-iad3-2.cdninstagram.com\/v\/t51.82787-15\/681453354_17996279153942841_4545952435302172370_n.jpg?stp=dst-jpg_e35_tt6&#038;_nc_cat=105&#038;ccb=7-5&#038;_nc_sid=18de74&#038;efg=eyJlZmdfdGFnIjoiRkVFRC5iZXN0X2ltYWdlX3VybGdlbi5DMyJ9&#038;_nc_ohc=j4YNNgO6RrYQ7kNvwHuICNU&#038;_nc_oc=AdpE0Qaix9_3LM2Kc5bbU_DO5SagqROTDXv3yV1t4mVrh7Qx7GOc_Lp2CAVD55848EU&#038;_nc_zt=23&#038;_nc_ht=scontent-iad3-2.cdninstagram.com&#038;edm=AM6HXa8EAAAA&#038;_nc_gid=3eCBSWcMxASER8kXAFPQGQ&#038;oh=00_Af4xunoDE0eUNUEcVKN9UyatkHxJz-TH5bDZDim7Lb8JhA&#038;oe=69FD0E04\"\n\t\t   data-img-src-set=\"{&quot;d&quot;:&quot;https:\\\/\\\/scontent-iad3-2.cdninstagram.com\\\/v\\\/t51.82787-15\\\/681453354_17996279153942841_4545952435302172370_n.jpg?stp=dst-jpg_e35_tt6&amp;_nc_cat=105&amp;ccb=7-5&amp;_nc_sid=18de74&amp;efg=eyJlZmdfdGFnIjoiRkVFRC5iZXN0X2ltYWdlX3VybGdlbi5DMyJ9&amp;_nc_ohc=j4YNNgO6RrYQ7kNvwHuICNU&amp;_nc_oc=AdpE0Qaix9_3LM2Kc5bbU_DO5SagqROTDXv3yV1t4mVrh7Qx7GOc_Lp2CAVD55848EU&amp;_nc_zt=23&amp;_nc_ht=scontent-iad3-2.cdninstagram.com&amp;edm=AM6HXa8EAAAA&amp;_nc_gid=3eCBSWcMxASER8kXAFPQGQ&amp;oh=00_Af4xunoDE0eUNUEcVKN9UyatkHxJz-TH5bDZDim7Lb8JhA&amp;oe=69FD0E04&quot;,&quot;150&quot;:&quot;https:\\\/\\\/scontent-iad3-2.cdninstagram.com\\\/v\\\/t51.82787-15\\\/681453354_17996279153942841_4545952435302172370_n.jpg?stp=dst-jpg_e35_tt6&amp;_nc_cat=105&amp;ccb=7-5&amp;_nc_sid=18de74&amp;efg=eyJlZmdfdGFnIjoiRkVFRC5iZXN0X2ltYWdlX3VybGdlbi5DMyJ9&amp;_nc_ohc=j4YNNgO6RrYQ7kNvwHuICNU&amp;_nc_oc=AdpE0Qaix9_3LM2Kc5bbU_DO5SagqROTDXv3yV1t4mVrh7Qx7GOc_Lp2CAVD55848EU&amp;_nc_zt=23&amp;_nc_ht=scontent-iad3-2.cdninstagram.com&amp;edm=AM6HXa8EAAAA&amp;_nc_gid=3eCBSWcMxASER8kXAFPQGQ&amp;oh=00_Af4xunoDE0eUNUEcVKN9UyatkHxJz-TH5bDZDim7Lb8JhA&amp;oe=69FD0E04&quot;,&quot;320&quot;:&quot;https:\\\/\\\/scontent-iad3-2.cdninstagram.com\\\/v\\\/t51.82787-15\\\/681453354_17996279153942841_4545952435302172370_n.jpg?stp=dst-jpg_e35_tt6&amp;_nc_cat=105&amp;ccb=7-5&amp;_nc_sid=18de74&amp;efg=eyJlZmdfdGFnIjoiRkVFRC5iZXN0X2ltYWdlX3VybGdlbi5DMyJ9&amp;_nc_ohc=j4YNNgO6RrYQ7kNvwHuICNU&amp;_nc_oc=AdpE0Qaix9_3LM2Kc5bbU_DO5SagqROTDXv3yV1t4mVrh7Qx7GOc_Lp2CAVD55848EU&amp;_nc_zt=23&amp;_nc_ht=scontent-iad3-2.cdninstagram.com&amp;edm=AM6HXa8EAAAA&amp;_nc_gid=3eCBSWcMxASER8kXAFPQGQ&amp;oh=00_Af4xunoDE0eUNUEcVKN9UyatkHxJz-TH5bDZDim7Lb8JhA&amp;oe=69FD0E04&quot;,&quot;640&quot;:&quot;https:\\\/\\\/scontent-iad3-2.cdninstagram.com\\\/v\\\/t51.82787-15\\\/681453354_17996279153942841_4545952435302172370_n.jpg?stp=dst-jpg_e35_tt6&amp;_nc_cat=105&amp;ccb=7-5&amp;_nc_sid=18de74&amp;efg=eyJlZmdfdGFnIjoiRkVFRC5iZXN0X2ltYWdlX3VybGdlbi5DMyJ9&amp;_nc_ohc=j4YNNgO6RrYQ7kNvwHuICNU&amp;_nc_oc=AdpE0Qaix9_3LM2Kc5bbU_DO5SagqROTDXv3yV1t4mVrh7Qx7GOc_Lp2CAVD55848EU&amp;_nc_zt=23&amp;_nc_ht=scontent-iad3-2.cdninstagram.com&amp;edm=AM6HXa8EAAAA&amp;_nc_gid=3eCBSWcMxASER8kXAFPQGQ&amp;oh=00_Af4xunoDE0eUNUEcVKN9UyatkHxJz-TH5bDZDim7Lb8JhA&amp;oe=69FD0E04&quot;}\"\n\t\t   tabindex=\"-1\">\n\t\t\t<img decoding=\"async\" src=\"https:\/\/soymigrante.com\/revista\/wp-content\/plugins\/instagram-feed-pro\/img\/placeholder.png\" alt=\"Visita soymigrante.com\/mercado\/ y explora m\u00e1s productos hechos a mano. \ud83d\uded2\ud83d\udecd\ufe0f\n\n#SoyMigrante #SoyMigranteMERCADO #Guatemala #Hechoamano\">\n\t\t<\/a>\n\t<\/div>\n\n\n\t\t\n\t\t<div class=\"sbi_info_wrapper\">\n\t\t\t<div class=\"sbi_info \">\n\n\t\t\t\t\n\t\t\t\t<div class=\"sbi_meta_wrap\">\n\t\t\t\t\t\n\t\t\t\t\t\t\t\t\t<\/div>\n\t\t\t<\/div>\n\t\t<\/div>\n\t<\/div>\n\n\t<div class=\"sbi-divider\"><\/div>\n<\/div>\n<div class=\"sbi_item sbi_type_image sbi_new sbi_transition\"\n\t id=\"sbi_18371110213206573\" data-date=\"1777305653\"\n\t data-numcomments=\"0\" data-template=ft_highlight>\n\t<div class=\"sbi_inner_wrap\" style=\"background-color: #fff;  border-radius: 4px;  box-shadow: 0 4px 5px 0 rgba(0, 0, 0, 0.05);\">\n\n\t\t\n\t\t\t<div class=\"sbi_photo_wrap\"  style=\"border-radius: inherit;\">\n\t\t\t\t\t\t\n\t\t<div  style=\"background: rgba(0,0,0,0.85)\"  class=\"sbi_link \" >\n\t\t\t<div class=\"sbi_hover_top\">\n\n\t\t\t\t\t<p class=\"sbi_hover_caption_wrap\"\n\t\t>\n\t\t<span\n\t\t\tclass=\"sbi_caption\">Un regalo lleno de historia para mam\u00e1 \ud83d\udc9b<br><br>El G\u00fcipil Marcador, hecho a mano en Guatemala, une tradici\u00f3n y elegancia en una pieza \u00fanica que se vive y se lleva con orgullo.<br><br>Visita soymigrante.com\/mercado\/ y explora m\u00e1s productos hechos a mano. \ud83d\uded2\ud83d\udecd\ufe0f<br><br>#SoyMigrante #SoyMigranteMERCADO #Guatemala #Hechoamano<\/span>\n\t<\/p>\n\n\t\t\t<\/div>\n\n\t\t\t\n\t\t\t<div class=\"sbi_hover_bottom \" >\n\n\t\t\t\t\n\t\t\t\t\t\t\t\t\t<div\n\t\t\t\t\t\tclass=\"sbi_meta\" >\n\n\t\t\t\t\t\t\t<span\n\t\tclass=\"sbi_likes\" style=\"font-size: 13px;\" >\n\t\t<svg  style=\"font-size: 13px;\" class=\"svg-inline--fa fa-heart fa-w-18\" aria-hidden=\"true\" data-fa-processed=\"\" data-prefix=\"fa\" data-icon=\"heart\" role=\"presentation\" xmlns=\"http:\/\/www.w3.org\/2000\/svg\" viewBox=\"0 0 576 512\"><path fill=\"currentColor\" d=\"M414.9 24C361.8 24 312 65.7 288 89.3 264 65.7 214.2 24 161.1 24 70.3 24 16 76.9 16 165.5c0 72.6 66.8 133.3 69.2 135.4l187 180.8c8.8 8.5 22.8 8.5 31.6 0l186.7-180.2c2.7-2.7 69.5-63.5 69.5-136C560 76.9 505.7 24 414.9 24z\"><\/path><\/svg>\t\t1\t<\/span>\n\t<span\n\t\tclass=\"sbi_comments\" style=\"font-size: 13px;\" >\n\t\t<svg  style=\"font-size: 13px;\" class=\"svg-inline--fa fa-comment fa-w-18\" aria-hidden=\"true\" data-fa-processed=\"\" data-prefix=\"fa\" data-icon=\"comment\" role=\"presentation\" xmlns=\"http:\/\/www.w3.org\/2000\/svg\" viewBox=\"0 0 576 512\"><path fill=\"currentColor\" d=\"M576 240c0 115-129 208-288 208-48.3 0-93.9-8.6-133.9-23.8-40.3 31.2-89.8 50.3-142.4 55.7-5.2.6-10.2-2.8-11.5-7.7-1.3-5 2.7-8.1 6.6-11.8 19.3-18.4 42.7-32.8 51.9-94.6C21.9 330.9 0 287.3 0 240 0 125.1 129 32 288 32s288 93.1 288 208z\"><\/path><\/svg>\t\t0\t<\/span>\n\t\t\t\t\t<\/div>\n\t\t\t\t\n\t\t\t<\/div>\n\n\t\t\t<a class=\"sbi_link_area nofancybox\" rel=\"nofollow noopener\" href=\"https:\/\/scontent-iad3-2.cdninstagram.com\/v\/t51.82787-15\/684499979_17996153870942841_1607172893338783479_n.jpg?stp=dst-jpg_e35_tt6&#038;_nc_cat=103&#038;ccb=7-5&#038;_nc_sid=18de74&#038;efg=eyJlZmdfdGFnIjoiRkVFRC5iZXN0X2ltYWdlX3VybGdlbi5DMyJ9&#038;_nc_ohc=MDuKTyHCOHQQ7kNvwFc3_gW&#038;_nc_oc=AdoFF0RPUHC5VH6_9-8XVUVFulsVylssKdqKC12r4JkxV653ZjjhtAxnRQI1jgxn_00&#038;_nc_zt=23&#038;_nc_ht=scontent-iad3-2.cdninstagram.com&#038;edm=AM6HXa8EAAAA&#038;_nc_gid=3eCBSWcMxASER8kXAFPQGQ&#038;oh=00_Af7z_YO8t-o0ROdzIoRdRayy6upppiGua4EfVM0aZJLk7g&#038;oe=69FCE6DE\"\n\t\t\t   data-lightbox-sbi=\"\"\n\t\t\t   data-title=\"Un regalo lleno de historia para mam\u00e1 \ud83d\udc9b&lt;br&gt;\n&lt;br&gt;\nEl G\u00fcipil Marcador, hecho a mano en Guatemala, une tradici\u00f3n y elegancia en una pieza \u00fanica que se vive y se lleva con orgullo.&lt;br&gt;\n&lt;br&gt;\nVisita soymigrante.com\/mercado\/ y explora m\u00e1s productos hechos a mano. \ud83d\uded2\ud83d\udecd\ufe0f&lt;br&gt;\n&lt;br&gt;\n#SoyMigrante #SoyMigranteMERCADO #Guatemala #Hechoamano\"\n\t\t\t   data-video=\"\"\n\t\t\t   data-carousel=\"\"\n\t\t\t   data-id=\"sbi_18371110213206573\" data-user=\"soymigrante_com\"\n\t\t\t   data-url=\"https:\/\/www.instagram.com\/p\/DXpBuxWCWDG\/\" data-avatar=\"https:\/\/scontent-iad3-1.xx.fbcdn.net\/v\/t51.2885-15\/480286608_1714259799302804_6085787848700958985_n.jpg?_nc_cat=101&amp;ccb=1-7&amp;_nc_sid=7d201b&amp;_nc_ohc=_AOtC467vDwQ7kNvwF8D0qB&amp;_nc_oc=Ado7-XE25HWawqpqvNCAloq3I-ZcQHzK-in3DqWdMDk_aef5i8FGpEQrqnWKWM-LCnk&amp;_nc_zt=23&amp;_nc_ht=scontent-iad3-1.xx&amp;edm=AL-3X8kEAAAA&amp;oh=00_Af7RTY91XnF-NBqxQsdjyuooBHzT_S2wvFoAp2zbYZRXUA&amp;oe=69FCE446\"\n\t\t\t   data-account-type=\"business\"\n\t\t\t   data-iframe=''\n\t\t\t   data-media-type=\"feed\"\n\t\t\t   data-posted-on=\"\"\n\t\t\t   data-custom-avatar=\"\">\n\t\t\t\t<span class=\"sbi-screenreader\">\n\t\t\t\t\tOpen post by soymigrante_com with ID 18371110213206573\t\t\t\t<\/span>\n\t\t\t\t\t\t\t<\/a>\n\t\t<\/div>\n\n\t\t<a class=\"sbi_photo\" target=\"_blank\" rel=\"nofollow noopener\" href=\"https:\/\/www.instagram.com\/p\/DXpBuxWCWDG\/\"\n\t\t   data-full-res=\"https:\/\/scontent-iad3-2.cdninstagram.com\/v\/t51.82787-15\/684499979_17996153870942841_1607172893338783479_n.jpg?stp=dst-jpg_e35_tt6&#038;_nc_cat=103&#038;ccb=7-5&#038;_nc_sid=18de74&#038;efg=eyJlZmdfdGFnIjoiRkVFRC5iZXN0X2ltYWdlX3VybGdlbi5DMyJ9&#038;_nc_ohc=MDuKTyHCOHQQ7kNvwFc3_gW&#038;_nc_oc=AdoFF0RPUHC5VH6_9-8XVUVFulsVylssKdqKC12r4JkxV653ZjjhtAxnRQI1jgxn_00&#038;_nc_zt=23&#038;_nc_ht=scontent-iad3-2.cdninstagram.com&#038;edm=AM6HXa8EAAAA&#038;_nc_gid=3eCBSWcMxASER8kXAFPQGQ&#038;oh=00_Af7z_YO8t-o0ROdzIoRdRayy6upppiGua4EfVM0aZJLk7g&#038;oe=69FCE6DE\"\n\t\t   data-img-src-set=\"{&quot;d&quot;:&quot;https:\\\/\\\/scontent-iad3-2.cdninstagram.com\\\/v\\\/t51.82787-15\\\/684499979_17996153870942841_1607172893338783479_n.jpg?stp=dst-jpg_e35_tt6&amp;_nc_cat=103&amp;ccb=7-5&amp;_nc_sid=18de74&amp;efg=eyJlZmdfdGFnIjoiRkVFRC5iZXN0X2ltYWdlX3VybGdlbi5DMyJ9&amp;_nc_ohc=MDuKTyHCOHQQ7kNvwFc3_gW&amp;_nc_oc=AdoFF0RPUHC5VH6_9-8XVUVFulsVylssKdqKC12r4JkxV653ZjjhtAxnRQI1jgxn_00&amp;_nc_zt=23&amp;_nc_ht=scontent-iad3-2.cdninstagram.com&amp;edm=AM6HXa8EAAAA&amp;_nc_gid=3eCBSWcMxASER8kXAFPQGQ&amp;oh=00_Af7z_YO8t-o0ROdzIoRdRayy6upppiGua4EfVM0aZJLk7g&amp;oe=69FCE6DE&quot;,&quot;150&quot;:&quot;https:\\\/\\\/scontent-iad3-2.cdninstagram.com\\\/v\\\/t51.82787-15\\\/684499979_17996153870942841_1607172893338783479_n.jpg?stp=dst-jpg_e35_tt6&amp;_nc_cat=103&amp;ccb=7-5&amp;_nc_sid=18de74&amp;efg=eyJlZmdfdGFnIjoiRkVFRC5iZXN0X2ltYWdlX3VybGdlbi5DMyJ9&amp;_nc_ohc=MDuKTyHCOHQQ7kNvwFc3_gW&amp;_nc_oc=AdoFF0RPUHC5VH6_9-8XVUVFulsVylssKdqKC12r4JkxV653ZjjhtAxnRQI1jgxn_00&amp;_nc_zt=23&amp;_nc_ht=scontent-iad3-2.cdninstagram.com&amp;edm=AM6HXa8EAAAA&amp;_nc_gid=3eCBSWcMxASER8kXAFPQGQ&amp;oh=00_Af7z_YO8t-o0ROdzIoRdRayy6upppiGua4EfVM0aZJLk7g&amp;oe=69FCE6DE&quot;,&quot;320&quot;:&quot;https:\\\/\\\/scontent-iad3-2.cdninstagram.com\\\/v\\\/t51.82787-15\\\/684499979_17996153870942841_1607172893338783479_n.jpg?stp=dst-jpg_e35_tt6&amp;_nc_cat=103&amp;ccb=7-5&amp;_nc_sid=18de74&amp;efg=eyJlZmdfdGFnIjoiRkVFRC5iZXN0X2ltYWdlX3VybGdlbi5DMyJ9&amp;_nc_ohc=MDuKTyHCOHQQ7kNvwFc3_gW&amp;_nc_oc=AdoFF0RPUHC5VH6_9-8XVUVFulsVylssKdqKC12r4JkxV653ZjjhtAxnRQI1jgxn_00&amp;_nc_zt=23&amp;_nc_ht=scontent-iad3-2.cdninstagram.com&amp;edm=AM6HXa8EAAAA&amp;_nc_gid=3eCBSWcMxASER8kXAFPQGQ&amp;oh=00_Af7z_YO8t-o0ROdzIoRdRayy6upppiGua4EfVM0aZJLk7g&amp;oe=69FCE6DE&quot;,&quot;640&quot;:&quot;https:\\\/\\\/scontent-iad3-2.cdninstagram.com\\\/v\\\/t51.82787-15\\\/684499979_17996153870942841_1607172893338783479_n.jpg?stp=dst-jpg_e35_tt6&amp;_nc_cat=103&amp;ccb=7-5&amp;_nc_sid=18de74&amp;efg=eyJlZmdfdGFnIjoiRkVFRC5iZXN0X2ltYWdlX3VybGdlbi5DMyJ9&amp;_nc_ohc=MDuKTyHCOHQQ7kNvwFc3_gW&amp;_nc_oc=AdoFF0RPUHC5VH6_9-8XVUVFulsVylssKdqKC12r4JkxV653ZjjhtAxnRQI1jgxn_00&amp;_nc_zt=23&amp;_nc_ht=scontent-iad3-2.cdninstagram.com&amp;edm=AM6HXa8EAAAA&amp;_nc_gid=3eCBSWcMxASER8kXAFPQGQ&amp;oh=00_Af7z_YO8t-o0ROdzIoRdRayy6upppiGua4EfVM0aZJLk7g&amp;oe=69FCE6DE&quot;}\"\n\t\t   tabindex=\"-1\">\n\t\t\t<img decoding=\"async\" src=\"https:\/\/soymigrante.com\/revista\/wp-content\/plugins\/instagram-feed-pro\/img\/placeholder.png\" alt=\"Un regalo lleno de historia para mam\u00e1 \ud83d\udc9b\n\nEl G\u00fcipil Marcador, hecho a mano en Guatemala, une tradici\u00f3n y elegancia en una pieza \u00fanica que se vive y se lleva con orgullo.\n\nVisita soymigrante.com\/mercado\/ y explora m\u00e1s productos hechos a mano. \ud83d\uded2\ud83d\udecd\ufe0f\n\n#SoyMigrante #SoyMigranteMERCADO #Guatemala #Hechoamano\">\n\t\t<\/a>\n\t<\/div>\n\n\n\t\t\n\t\t<div class=\"sbi_info_wrapper\">\n\t\t\t<div class=\"sbi_info \">\n\n\t\t\t\t\n\t\t\t\t<div class=\"sbi_meta_wrap\">\n\t\t\t\t\t\n\t\t\t\t\t\t\t\t\t<\/div>\n\t\t\t<\/div>\n\t\t<\/div>\n\t<\/div>\n\n\t<div class=\"sbi-divider\"><\/div>\n<\/div>\n<div class=\"sbi_item sbi_type_video sbi_new sbi_transition\"\n\t id=\"sbi_18082317659573543\" data-date=\"1777304877\"\n\t data-numcomments=\"0\" data-template=ft_highlight>\n\t<div class=\"sbi_inner_wrap\" style=\"background-color: #fff;  border-radius: 4px;  box-shadow: 0 4px 5px 0 rgba(0, 0, 0, 0.05);\">\n\n\t\t\n\t\t\t<div class=\"sbi_photo_wrap\"  style=\"border-radius: inherit;\">\n\t\t\t\t\t\t<svg style=\"color: rgba(255,255,255,1)\" class=\"svg-inline--fa fa-play fa-w-14 sbi_playbtn\" aria-label=\"Play\" aria-hidden=\"true\" data-fa-processed=\"\" data-prefix=\"fa\" data-icon=\"play\" role=\"presentation\" xmlns=\"http:\/\/www.w3.org\/2000\/svg\" viewBox=\"0 0 448 512\"><path fill=\"currentColor\" d=\"M424.4 214.7L72.4 6.6C43.8-10.3 0 6.1 0 47.9V464c0 37.5 40.7 60.1 72.4 41.3l352-208c31.4-18.5 31.5-64.1 0-82.6z\"><\/path><\/svg>\n\t\t<div  style=\"background: rgba(0,0,0,0.85)\"  class=\"sbi_link \" >\n\t\t\t<div class=\"sbi_hover_top\">\n\n\t\t\t\t\t<p class=\"sbi_hover_caption_wrap\"\n\t\t>\n\t\t<span\n\t\t\tclass=\"sbi_caption\">Aqu\u00ed solo se respira paz y tranquilad.<br><br>Despu\u00e9s de un largo d\u00eda de trabajo, siempre hay un lugar al que volver \ud83c\udfe1<\/span>\n\t<\/p>\n\n\t\t\t<\/div>\n\n\t\t\t\n\t\t\t<div class=\"sbi_hover_bottom \" >\n\n\t\t\t\t\n\t\t\t\t\t\t\t\t\t<div\n\t\t\t\t\t\tclass=\"sbi_meta\" >\n\n\t\t\t\t\t\t\t<span\n\t\tclass=\"sbi_likes\" style=\"font-size: 13px;\" >\n\t\t<svg  style=\"font-size: 13px;\" class=\"svg-inline--fa fa-heart fa-w-18\" aria-hidden=\"true\" data-fa-processed=\"\" data-prefix=\"fa\" data-icon=\"heart\" role=\"presentation\" xmlns=\"http:\/\/www.w3.org\/2000\/svg\" viewBox=\"0 0 576 512\"><path fill=\"currentColor\" d=\"M414.9 24C361.8 24 312 65.7 288 89.3 264 65.7 214.2 24 161.1 24 70.3 24 16 76.9 16 165.5c0 72.6 66.8 133.3 69.2 135.4l187 180.8c8.8 8.5 22.8 8.5 31.6 0l186.7-180.2c2.7-2.7 69.5-63.5 69.5-136C560 76.9 505.7 24 414.9 24z\"><\/path><\/svg>\t\t138\t<\/span>\n\t<span\n\t\tclass=\"sbi_comments\" style=\"font-size: 13px;\" >\n\t\t<svg  style=\"font-size: 13px;\" class=\"svg-inline--fa fa-comment fa-w-18\" aria-hidden=\"true\" data-fa-processed=\"\" data-prefix=\"fa\" data-icon=\"comment\" role=\"presentation\" xmlns=\"http:\/\/www.w3.org\/2000\/svg\" viewBox=\"0 0 576 512\"><path fill=\"currentColor\" d=\"M576 240c0 115-129 208-288 208-48.3 0-93.9-8.6-133.9-23.8-40.3 31.2-89.8 50.3-142.4 55.7-5.2.6-10.2-2.8-11.5-7.7-1.3-5 2.7-8.1 6.6-11.8 19.3-18.4 42.7-32.8 51.9-94.6C21.9 330.9 0 287.3 0 240 0 125.1 129 32 288 32s288 93.1 288 208z\"><\/path><\/svg>\t\t0\t<\/span>\n\t\t\t\t\t<\/div>\n\t\t\t\t\n\t\t\t<\/div>\n\n\t\t\t<a class=\"sbi_link_area nofancybox\" rel=\"nofollow noopener\" href=\"https:\/\/scontent-iad3-1.cdninstagram.com\/v\/t51.82787-15\/658216929_17996151692942841_2659288607482635145_n.jpg?stp=dst-jpg_e35_tt6&#038;_nc_cat=101&#038;ccb=7-5&#038;_nc_sid=18de74&#038;efg=eyJlZmdfdGFnIjoiQ0xJUFMuYmVzdF9pbWFnZV91cmxnZW4uQzMifQ%3D%3D&#038;_nc_ohc=CH4_V1rp15EQ7kNvwEDPzqJ&#038;_nc_oc=Adpvb-9wtC8jkmqxLLFffGygGC2acu5XvZ9sXKbmWdM9S0udVoNYIUr1E74tarNF-kk&#038;_nc_zt=23&#038;_nc_ht=scontent-iad3-1.cdninstagram.com&#038;edm=AM6HXa8EAAAA&#038;_nc_gid=3eCBSWcMxASER8kXAFPQGQ&#038;_nc_tpa=Q5bMBQHT_ai9OMrghxqnsh2xLXVW8N6FPDsEF6c7QeamFTbq7xL8ni7zP5T88tF2SWD7YlEE9w5mA7yS&#038;oh=00_Af5X6qL2mkyrQl-vGS9UlHRqLamd-8xUFbXh4CsgnE9KAw&#038;oe=69FCF9E8\"\n\t\t\t   data-lightbox-sbi=\"\"\n\t\t\t   data-title=\"Aqu\u00ed solo se respira paz y tranquilad.&lt;br&gt;\n&lt;br&gt;\nDespu\u00e9s de un largo d\u00eda de trabajo, siempre hay un lugar al que volver \ud83c\udfe1\"\n\t\t\t   data-video=\"https:\/\/scontent-iad6-1.cdninstagram.com\/o1\/v\/t2\/f2\/m86\/AQNwAvwx-O1IFguWXC-6uJmV8R7it-owR_WQzmj9iKTKzSyAa0iIA-BLCHP9XfwR0tXAXVFFMg7VkiBlXcwXLqxI1qUwK91sFZvRKts.mp4?_nc_cat=109&amp;_nc_sid=5e9851&amp;_nc_ht=scontent-iad6-1.cdninstagram.com&amp;_nc_ohc=EdLtiIp8QkYQ7kNvwGtdYjR&amp;efg=eyJ2ZW5jb2RlX3RhZyI6Inhwdl9wcm9ncmVzc2l2ZS5JTlNUQUdSQU0uQ0xJUFMuQzMuNzIwLmRhc2hfYmFzZWxpbmVfMV92MSIsInhwdl9hc3NldF9pZCI6MTc5OTYxNTE0NzA5NDI4NDEsImFzc2V0X2FnZV9kYXlzIjo1LCJ2aV91c2VjYXNlX2lkIjoxMDA5OSwiZHVyYXRpb25fcyI6MzUsInVybGdlbl9zb3VyY2UiOiJ3d3cifQ%3D%3D&amp;ccb=17-1&amp;vs=76188d20e8f4516e&amp;_nc_vs=HBksFQIYUmlnX3hwdl9yZWVsc19wZXJtYW5lbnRfc3JfcHJvZC81OTQ2RTNGNEVFQTMzMDIzODg2MUM0NEQ1Qjg5OTI5QV92aWRlb19kYXNoaW5pdC5tcDQVAALIARIAFQIYUWlnX3hwdl9wbGFjZW1lbnRfcGVybWFuZW50X3YyL0MyNDNFOEUwRTUzOTFGREZBRjUzMjIxMUUyNTIxQzgzX2F1ZGlvX2Rhc2hpbml0Lm1wNBUCAsgBEgAoABgAGwKIB3VzZV9vaWwBMRJwcm9ncmVzc2l2ZV9yZWNpcGUBMRUAACbyqf_78Nn3PxUCKAJDMywXQEGVP3ztkWgYEmRhc2hfYmFzZWxpbmVfMV92MREAdf4HZeadAQA&amp;_nc_gid=3eCBSWcMxASER8kXAFPQGQ&amp;edm=AM6HXa8EAAAA&amp;_nc_zt=28&amp;oh=00_Af6WswOQJg5euTFVT2rGQ8O_Av4RwTOS9SjXZJfwwZPWtg&amp;oe=69F9099A\"\n\t\t\t   data-carousel=\"\"\n\t\t\t   data-id=\"sbi_18082317659573543\" data-user=\"soymigrante_com\"\n\t\t\t   data-url=\"https:\/\/www.instagram.com\/reel\/DXpANljAt36\/\" data-avatar=\"https:\/\/scontent-iad3-1.xx.fbcdn.net\/v\/t51.2885-15\/480286608_1714259799302804_6085787848700958985_n.jpg?_nc_cat=101&amp;ccb=1-7&amp;_nc_sid=7d201b&amp;_nc_ohc=_AOtC467vDwQ7kNvwF8D0qB&amp;_nc_oc=Ado7-XE25HWawqpqvNCAloq3I-ZcQHzK-in3DqWdMDk_aef5i8FGpEQrqnWKWM-LCnk&amp;_nc_zt=23&amp;_nc_ht=scontent-iad3-1.xx&amp;edm=AL-3X8kEAAAA&amp;oh=00_Af7RTY91XnF-NBqxQsdjyuooBHzT_S2wvFoAp2zbYZRXUA&amp;oe=69FCE446\"\n\t\t\t   data-account-type=\"business\"\n\t\t\t   data-iframe=''\n\t\t\t   data-media-type=\"reels\"\n\t\t\t   data-posted-on=\"\"\n\t\t\t   data-custom-avatar=\"\">\n\t\t\t\t<span class=\"sbi-screenreader\">\n\t\t\t\t\tOpen post by soymigrante_com with ID 18082317659573543\t\t\t\t<\/span>\n\t\t\t\t<svg style=\"color: rgba(255,255,255,1)\" class=\"svg-inline--fa fa-play fa-w-14 sbi_playbtn\" aria-label=\"Play\" aria-hidden=\"true\" data-fa-processed=\"\" data-prefix=\"fa\" data-icon=\"play\" role=\"presentation\" xmlns=\"http:\/\/www.w3.org\/2000\/svg\" viewBox=\"0 0 448 512\"><path fill=\"currentColor\" d=\"M424.4 214.7L72.4 6.6C43.8-10.3 0 6.1 0 47.9V464c0 37.5 40.7 60.1 72.4 41.3l352-208c31.4-18.5 31.5-64.1 0-82.6z\"><\/path><\/svg>\t\t\t<\/a>\n\t\t<\/div>\n\n\t\t<a class=\"sbi_photo\" target=\"_blank\" rel=\"nofollow noopener\" href=\"https:\/\/www.instagram.com\/reel\/DXpANljAt36\/\"\n\t\t   data-full-res=\"https:\/\/scontent-iad3-1.cdninstagram.com\/v\/t51.82787-15\/658216929_17996151692942841_2659288607482635145_n.jpg?stp=dst-jpg_e35_tt6&#038;_nc_cat=101&#038;ccb=7-5&#038;_nc_sid=18de74&#038;efg=eyJlZmdfdGFnIjoiQ0xJUFMuYmVzdF9pbWFnZV91cmxnZW4uQzMifQ%3D%3D&#038;_nc_ohc=CH4_V1rp15EQ7kNvwEDPzqJ&#038;_nc_oc=Adpvb-9wtC8jkmqxLLFffGygGC2acu5XvZ9sXKbmWdM9S0udVoNYIUr1E74tarNF-kk&#038;_nc_zt=23&#038;_nc_ht=scontent-iad3-1.cdninstagram.com&#038;edm=AM6HXa8EAAAA&#038;_nc_gid=3eCBSWcMxASER8kXAFPQGQ&#038;_nc_tpa=Q5bMBQHT_ai9OMrghxqnsh2xLXVW8N6FPDsEF6c7QeamFTbq7xL8ni7zP5T88tF2SWD7YlEE9w5mA7yS&#038;oh=00_Af5X6qL2mkyrQl-vGS9UlHRqLamd-8xUFbXh4CsgnE9KAw&#038;oe=69FCF9E8\"\n\t\t   data-img-src-set=\"{&quot;d&quot;:&quot;https:\\\/\\\/scontent-iad3-1.cdninstagram.com\\\/v\\\/t51.82787-15\\\/658216929_17996151692942841_2659288607482635145_n.jpg?stp=dst-jpg_e35_tt6&amp;_nc_cat=101&amp;ccb=7-5&amp;_nc_sid=18de74&amp;efg=eyJlZmdfdGFnIjoiQ0xJUFMuYmVzdF9pbWFnZV91cmxnZW4uQzMifQ%3D%3D&amp;_nc_ohc=CH4_V1rp15EQ7kNvwEDPzqJ&amp;_nc_oc=Adpvb-9wtC8jkmqxLLFffGygGC2acu5XvZ9sXKbmWdM9S0udVoNYIUr1E74tarNF-kk&amp;_nc_zt=23&amp;_nc_ht=scontent-iad3-1.cdninstagram.com&amp;edm=AM6HXa8EAAAA&amp;_nc_gid=3eCBSWcMxASER8kXAFPQGQ&amp;_nc_tpa=Q5bMBQHT_ai9OMrghxqnsh2xLXVW8N6FPDsEF6c7QeamFTbq7xL8ni7zP5T88tF2SWD7YlEE9w5mA7yS&amp;oh=00_Af5X6qL2mkyrQl-vGS9UlHRqLamd-8xUFbXh4CsgnE9KAw&amp;oe=69FCF9E8&quot;,&quot;150&quot;:&quot;https:\\\/\\\/scontent-iad3-1.cdninstagram.com\\\/v\\\/t51.82787-15\\\/658216929_17996151692942841_2659288607482635145_n.jpg?stp=dst-jpg_e35_tt6&amp;_nc_cat=101&amp;ccb=7-5&amp;_nc_sid=18de74&amp;efg=eyJlZmdfdGFnIjoiQ0xJUFMuYmVzdF9pbWFnZV91cmxnZW4uQzMifQ%3D%3D&amp;_nc_ohc=CH4_V1rp15EQ7kNvwEDPzqJ&amp;_nc_oc=Adpvb-9wtC8jkmqxLLFffGygGC2acu5XvZ9sXKbmWdM9S0udVoNYIUr1E74tarNF-kk&amp;_nc_zt=23&amp;_nc_ht=scontent-iad3-1.cdninstagram.com&amp;edm=AM6HXa8EAAAA&amp;_nc_gid=3eCBSWcMxASER8kXAFPQGQ&amp;_nc_tpa=Q5bMBQHT_ai9OMrghxqnsh2xLXVW8N6FPDsEF6c7QeamFTbq7xL8ni7zP5T88tF2SWD7YlEE9w5mA7yS&amp;oh=00_Af5X6qL2mkyrQl-vGS9UlHRqLamd-8xUFbXh4CsgnE9KAw&amp;oe=69FCF9E8&quot;,&quot;320&quot;:&quot;https:\\\/\\\/scontent-iad3-1.cdninstagram.com\\\/v\\\/t51.82787-15\\\/658216929_17996151692942841_2659288607482635145_n.jpg?stp=dst-jpg_e35_tt6&amp;_nc_cat=101&amp;ccb=7-5&amp;_nc_sid=18de74&amp;efg=eyJlZmdfdGFnIjoiQ0xJUFMuYmVzdF9pbWFnZV91cmxnZW4uQzMifQ%3D%3D&amp;_nc_ohc=CH4_V1rp15EQ7kNvwEDPzqJ&amp;_nc_oc=Adpvb-9wtC8jkmqxLLFffGygGC2acu5XvZ9sXKbmWdM9S0udVoNYIUr1E74tarNF-kk&amp;_nc_zt=23&amp;_nc_ht=scontent-iad3-1.cdninstagram.com&amp;edm=AM6HXa8EAAAA&amp;_nc_gid=3eCBSWcMxASER8kXAFPQGQ&amp;_nc_tpa=Q5bMBQHT_ai9OMrghxqnsh2xLXVW8N6FPDsEF6c7QeamFTbq7xL8ni7zP5T88tF2SWD7YlEE9w5mA7yS&amp;oh=00_Af5X6qL2mkyrQl-vGS9UlHRqLamd-8xUFbXh4CsgnE9KAw&amp;oe=69FCF9E8&quot;,&quot;640&quot;:&quot;https:\\\/\\\/scontent-iad3-1.cdninstagram.com\\\/v\\\/t51.82787-15\\\/658216929_17996151692942841_2659288607482635145_n.jpg?stp=dst-jpg_e35_tt6&amp;_nc_cat=101&amp;ccb=7-5&amp;_nc_sid=18de74&amp;efg=eyJlZmdfdGFnIjoiQ0xJUFMuYmVzdF9pbWFnZV91cmxnZW4uQzMifQ%3D%3D&amp;_nc_ohc=CH4_V1rp15EQ7kNvwEDPzqJ&amp;_nc_oc=Adpvb-9wtC8jkmqxLLFffGygGC2acu5XvZ9sXKbmWdM9S0udVoNYIUr1E74tarNF-kk&amp;_nc_zt=23&amp;_nc_ht=scontent-iad3-1.cdninstagram.com&amp;edm=AM6HXa8EAAAA&amp;_nc_gid=3eCBSWcMxASER8kXAFPQGQ&amp;_nc_tpa=Q5bMBQHT_ai9OMrghxqnsh2xLXVW8N6FPDsEF6c7QeamFTbq7xL8ni7zP5T88tF2SWD7YlEE9w5mA7yS&amp;oh=00_Af5X6qL2mkyrQl-vGS9UlHRqLamd-8xUFbXh4CsgnE9KAw&amp;oe=69FCF9E8&quot;}\"\n\t\t   tabindex=\"-1\">\n\t\t\t<img decoding=\"async\" src=\"https:\/\/soymigrante.com\/revista\/wp-content\/plugins\/instagram-feed-pro\/img\/placeholder.png\" alt=\"Aqu\u00ed solo se respira paz y tranquilad.\n\nDespu\u00e9s de un largo d\u00eda de trabajo, siempre hay un lugar al que volver \ud83c\udfe1\">\n\t\t<\/a>\n\t<\/div>\n\n\n\t\t\n\t\t<div class=\"sbi_info_wrapper\">\n\t\t\t<div class=\"sbi_info \">\n\n\t\t\t\t\n\t\t\t\t<div class=\"sbi_meta_wrap\">\n\t\t\t\t\t\n\t\t\t\t\t\t\t\t\t<\/div>\n\t\t\t<\/div>\n\t\t<\/div>\n\t<\/div>\n\n\t<div class=\"sbi-divider\"><\/div>\n<\/div>\n\t<\/div>\n\n\t<div id=\"sbi_load\" >\n\n\t\t\t<button class=\"sbi_load_btn\"\n\t\t\t\ttype=\"button\"  style=\"background: rgb(230,0,126);color: rgb(255,255,255);\" data-button-hover=\"#CC0066\">\n\t\t\t\t\t\t<span\n\t\t\t\tclass=\"sbi_btn_text\" >Cargar m\u00e1s<\/span>\n\t\t\t<span class=\"sbi_loader sbi_hidden\" style=\"background-color: rgb(255, 255, 255);\" aria-hidden=\"true\"><\/span>\n\t\t<\/button>\n\t\n\t\t\t<span\n\t\t\tclass=\"sbi_follow_btn sbi_custom\" >\n\t\t\t<a target=\"_blank\"\n\t\t\t   rel=\"nofollow noopener\"  href=\"https:\/\/www.instagram.com\/soymigrante_com\/\" style=\"background: rgb(230,0,126);color: rgb(255,255,255);\">\n\t\t\t\t<svg class=\"svg-inline--fa fa-instagram fa-w-14\" aria-hidden=\"true\" data-fa-processed=\"\" aria-label=\"Instagram\" data-prefix=\"fab\" data-icon=\"instagram\" role=\"img\" viewBox=\"0 0 448 512\">\n                    <path fill=\"currentColor\" d=\"M224.1 141c-63.6 0-114.9 51.3-114.9 114.9s51.3 114.9 114.9 114.9S339 319.5 339 255.9 287.7 141 224.1 141zm0 189.6c-41.1 0-74.7-33.5-74.7-74.7s33.5-74.7 74.7-74.7 74.7 33.5 74.7 74.7-33.6 74.7-74.7 74.7zm146.4-194.3c0 14.9-12 26.8-26.8 26.8-14.9 0-26.8-12-26.8-26.8s12-26.8 26.8-26.8 26.8 12 26.8 26.8zm76.1 27.2c-1.7-35.9-9.9-67.7-36.2-93.9-26.2-26.2-58-34.4-93.9-36.2-37-2.1-147.9-2.1-184.9 0-35.8 1.7-67.6 9.9-93.9 36.1s-34.4 58-36.2 93.9c-2.1 37-2.1 147.9 0 184.9 1.7 35.9 9.9 67.7 36.2 93.9s58 34.4 93.9 36.2c37 2.1 147.9 2.1 184.9 0 35.9-1.7 67.7-9.9 93.9-36.2 26.2-26.2 34.4-58 36.2-93.9 2.1-37 2.1-147.8 0-184.8zM398.8 388c-7.8 19.6-22.9 34.7-42.6 42.6-29.5 11.7-99.5 9-132.1 9s-102.7 2.6-132.1-9c-19.6-7.8-34.7-22.9-42.6-42.6-11.7-29.5-9-99.5-9-132.1s-2.6-102.7 9-132.1c7.8-19.6 22.9-34.7 42.6-42.6 29.5-11.7 99.5-9 132.1-9s102.7-2.6 132.1 9c19.6 7.8 34.7 22.9 42.6 42.6 11.7 29.5 9 99.5 9 132.1s2.7 102.7-9 132.1z\"><\/path>\n                <\/svg>\t\t\t\t<span>Seguir en Instagram<\/span>\n\t\t\t<\/a>\n\t\t<\/span>\n\t\n<\/div>\n\n\t\t<span class=\"sbi_resized_image_data\" data-feed-id=\"*1\"\n\t\t  data-resized=\"{&quot;18371110213206573&quot;:{&quot;id&quot;:&quot;684499979_17996153870942841_1607172893338783479_n&quot;,&quot;ratio&quot;:&quot;0.80&quot;,&quot;sizes&quot;:{&quot;full&quot;:640,&quot;low&quot;:320,&quot;thumb&quot;:150},&quot;extension&quot;:&quot;.webp&quot;},&quot;18082317659573543&quot;:{&quot;id&quot;:&quot;658216929_17996151692942841_2659288607482635145_n&quot;,&quot;ratio&quot;:&quot;0.56&quot;,&quot;sizes&quot;:{&quot;full&quot;:640,&quot;low&quot;:320,&quot;thumb&quot;:150},&quot;extension&quot;:&quot;.webp&quot;},&quot;17884675941523747&quot;:{&quot;id&quot;:&quot;681453354_17996279153942841_4545952435302172370_n&quot;,&quot;ratio&quot;:&quot;0.80&quot;,&quot;sizes&quot;:{&quot;full&quot;:640,&quot;low&quot;:320,&quot;thumb&quot;:150},&quot;extension&quot;:&quot;.webp&quot;},&quot;17969572224023340&quot;:{&quot;id&quot;:&quot;681594725_17996387108942841_2178016101468017926_n&quot;,&quot;ratio&quot;:&quot;0.80&quot;,&quot;sizes&quot;:{&quot;full&quot;:640,&quot;low&quot;:320,&quot;thumb&quot;:150},&quot;extension&quot;:&quot;.webp&quot;},&quot;18091305593600384&quot;:{&quot;id&quot;:&quot;686631788_17996586716942841_4381709644046122409_n&quot;,&quot;ratio&quot;:&quot;0.56&quot;,&quot;sizes&quot;:{&quot;full&quot;:640,&quot;low&quot;:320,&quot;thumb&quot;:150},&quot;extension&quot;:&quot;.webp&quot;},&quot;18130442449605460&quot;:{&quot;id&quot;:&quot;682670380_17996579495942841_6198557116923719387_n&quot;,&quot;ratio&quot;:&quot;0.80&quot;,&quot;sizes&quot;:{&quot;full&quot;:640,&quot;low&quot;:320,&quot;thumb&quot;:150},&quot;extension&quot;:&quot;.webp&quot;},&quot;18115784866776795&quot;:{&quot;id&quot;:&quot;682817413_17996706572942841_4247301835296362464_n&quot;,&quot;ratio&quot;:&quot;0.80&quot;,&quot;sizes&quot;:{&quot;full&quot;:640,&quot;low&quot;:320,&quot;thumb&quot;:150},&quot;extension&quot;:&quot;.webp&quot;},&quot;18106784152901191&quot;:{&quot;id&quot;:&quot;685519888_4516272205361914_8527681906753976244_n&quot;,&quot;ratio&quot;:&quot;0.56&quot;,&quot;sizes&quot;:{&quot;full&quot;:640,&quot;low&quot;:320,&quot;thumb&quot;:150},&quot;extension&quot;:&quot;.webp&quot;}}\">\n\t<\/span>\n\t\n<\/div>\n\n\t<style type=\"text\/css\">\n\t\t\t\t#sb_instagram #sbi_load .sbi_load_btn:focus,\n\t\t#sb_instagram #sbi_load .sbi_load_btn:hover {\n\t\t\toutline: none;\n\t\t\tbox-shadow: inset 0 0 20px 20px#CC0066;\n\t\t}\n\n\t\t\t\t\t\t#sb_instagram .sbi_follow_btn a:hover,\n\t\t#sb_instagram .sbi_follow_btn a:focus {\n\t\t\toutline: none;\n\t\t\tbox-shadow: inset 0 0 10px 20px#cc0066;\n\t\t}\n\n\t\t\t<\/style>\n\t<\/div>\n\t\t\t\t\t\t<\/div>\n\t\t\t\t\t<\/div>\n\t\t<\/div>\n\t\t\t\t\t<\/div>\n\t\t<\/section>\n\t\t\t\t<\/div>\n\t\t","protected":false},"excerpt":{"rendered":"<p>GUATEMALA Migrantes guatemaltecos anhelando el retornoal pueblo querido S\u00famate a la comunidad (digital) #1 de guatemaltecos en Estados Unidos \u00daNETE AQU\u00ed LO M\u00c1S RECIENTE Edit Noticias Migrantes pagan m\u00e1s impuestos que el promedio en Estados Unidos, afirma estudio de CATO Institute 11 minutos ago Edit Cultura de Guatemala Recorrido virtual: conoce detalles de 7 grandes [&hellip;]<\/p>\n","protected":false},"author":6,"featured_media":33329,"parent":0,"menu_order":0,"comment_status":"closed","ping_status":"closed","template":"elementor_header_footer","meta":{"_acf_changed":false,"_eb_attr":"","footnotes":""},"class_list":["post-37236","page","type-page","status-publish","has-post-thumbnail","hentry"],"acf":[],"aioseo_notices":[],"aioseo_head":"\n\t\t<!-- All in One SEO Pro 4.9.6.2 - aioseo.com -->\n\t<meta name=\"description\" content=\"Honramos el sacrificio de los migrantes guatemaltecos contando historias reales. Celebramos su identidad y fortalecemos sus ra\u00edces en Guatemala y el extranjero.\" \/>\n\t<meta name=\"robots\" content=\"max-snippet:-1, max-image-preview:large, max-video-preview:-1\" \/>\n\t<link rel=\"canonical\" href=\"https:\/\/soymigrante.com\/revista\/\" \/>\n\t<meta name=\"generator\" content=\"All in One SEO Pro (AIOSEO) 4.9.6.2\" \/>\n\n\t\t<link rel=\"preconnect\" href=\"https:\/\/fonts.googleapis.com\" crossorigin>\n<link rel=\"preconnect\" href=\"https:\/\/fonts.gstatic.com\" crossorigin>\n\t\t<meta property=\"og:locale\" content=\"es_ES\" \/>\n\t\t<meta property=\"og:site_name\" content=\"SoyMigrante.com REVISTA \u2013 Nuestra misi\u00f3n es reconocer y dignificar al migrante.\" \/>\n\t\t<meta property=\"og:type\" content=\"article\" \/>\n\t\t<meta property=\"og:title\" content=\"Migrantes guatemaltecos: reconocimiento y dignidad. Raices.\" \/>\n\t\t<meta property=\"og:description\" content=\"Honramos el sacrificio de los migrantes guatemaltecos contando historias reales. Celebramos su identidad y fortalecemos sus ra\u00edces en Guatemala y el extranjero.\" \/>\n\t\t<meta property=\"og:url\" content=\"https:\/\/soymigrante.com\/revista\/\" \/>\n\t\t<meta property=\"og:image\" content=\"https:\/\/soymigrante.com\/revista\/wp-content\/uploads\/2025\/05\/jaguar-soymigrante-logo.webp\" \/>\n\t\t<meta property=\"og:image:secure_url\" content=\"https:\/\/soymigrante.com\/revista\/wp-content\/uploads\/2025\/05\/jaguar-soymigrante-logo.webp\" \/>\n\t\t<meta property=\"og:image:width\" content=\"786\" \/>\n\t\t<meta property=\"og:image:height\" content=\"786\" \/>\n\t\t<meta property=\"article:published_time\" content=\"2025-06-22T02:04:27+00:00\" \/>\n\t\t<meta property=\"article:modified_time\" content=\"2026-04-29T14:32:22+00:00\" \/>\n\t\t<meta property=\"article:publisher\" content=\"https:\/\/www.facebook.com\/soymigrantecom\" \/>\n\t\t<meta name=\"twitter:card\" content=\"summary_large_image\" \/>\n\t\t<meta name=\"twitter:site\" content=\"@SoyMigrante_com\" \/>\n\t\t<meta name=\"twitter:title\" content=\"Migrantes guatemaltecos: reconocimiento y dignidad. Raices.\" \/>\n\t\t<meta name=\"twitter:description\" content=\"Honramos el sacrificio de los migrantes guatemaltecos contando historias reales. Celebramos su identidad y fortalecemos sus ra\u00edces en Guatemala y el extranjero.\" \/>\n\t\t<meta name=\"twitter:creator\" content=\"@SoyMigrante_com\" \/>\n\t\t<meta name=\"twitter:image\" content=\"https:\/\/soymigrante.com\/revista\/wp-content\/uploads\/2025\/05\/jaguar-soymigrante-logo.webp\" \/>\n\t\t<!-- All in One SEO Pro -->\r\n\t\t<title>Migrantes guatemaltecos: reconocimiento y dignidad. Raices.<\/title>\n\n","aioseo_head_json":{"title":"Migrantes guatemaltecos: reconocimiento y dignidad. Raices.","description":"Honramos el sacrificio de los migrantes guatemaltecos contando historias reales. Celebramos su identidad y fortalecemos sus ra\u00edces en Guatemala y el extranjero.","canonical_url":"https:\/\/soymigrante.com\/revista\/","robots":"max-snippet:-1, max-image-preview:large, max-video-preview:-1","keywords":"","webmasterTools":{"miscellaneous":"&lt;link rel=\"preconnect\" href=\"https:\/\/fonts.googleapis.com\" crossorigin&gt;\n&lt;link rel=\"preconnect\" href=\"https:\/\/fonts.gstatic.com\" crossorigin&gt;"},"schema":null,"og:locale":"es_ES","og:site_name":"SoyMigrante.com REVISTA \u2013 Nuestra misi\u00f3n es reconocer y dignificar al migrante.","og:type":"article","og:title":"Migrantes guatemaltecos: reconocimiento y dignidad. Raices.","og:description":"Honramos el sacrificio de los migrantes guatemaltecos contando historias reales. Celebramos su identidad y fortalecemos sus ra\u00edces en Guatemala y el extranjero.","og:url":"https:\/\/soymigrante.com\/revista\/","og:image":"https:\/\/soymigrante.com\/revista\/wp-content\/uploads\/2025\/05\/jaguar-soymigrante-logo.webp","og:image:secure_url":"https:\/\/soymigrante.com\/revista\/wp-content\/uploads\/2025\/05\/jaguar-soymigrante-logo.webp","og:image:width":786,"og:image:height":786,"article:published_time":"2025-06-22T02:04:27+00:00","article:modified_time":"2026-04-29T14:32:22+00:00","article:publisher":"https:\/\/www.facebook.com\/soymigrantecom","twitter:card":"summary_large_image","twitter:site":"@SoyMigrante_com","twitter:title":"Migrantes guatemaltecos: reconocimiento y dignidad. Raices.","twitter:description":"Honramos el sacrificio de los migrantes guatemaltecos contando historias reales. Celebramos su identidad y fortalecemos sus ra\u00edces en Guatemala y el extranjero.","twitter:creator":"@SoyMigrante_com","twitter:image":"https:\/\/soymigrante.com\/revista\/wp-content\/uploads\/2025\/05\/jaguar-soymigrante-logo.webp"},"aioseo_meta_data":{"post_id":"37236","title":"Migrantes guatemaltecos: reconocimiento y dignidad. Raices.","description":"Honramos el sacrificio de los migrantes guatemaltecos contando historias reales. Celebramos su identidad y fortalecemos sus ra\u00edces en Guatemala y el extranjero.","keywords":null,"keyphrases":{"focus":{"keyphrase":"migrantes guatemaltecos","score":57,"analysis":{"keyphraseInTitle":{"score":9,"maxScore":9,"error":0},"keyphraseInDescription":{"score":9,"maxScore":9,"error":0},"keyphraseLength":{"score":9,"maxScore":9,"error":0,"length":2},"keyphraseInIntroduction":{"score":3,"maxScore":9,"error":1},"keyphraseInSubHeadings":{"score":3,"maxScore":9,"error":1},"keyphraseInImageAlt":{"score":3,"maxScore":9,"error":1},"keywordDensity":{"score":0,"type":"low","maxScore":9,"error":1}}},"additional":[{"keyphrase":"soymigrante","score":53,"analysis":{"keyphraseInDescription":{"score":3,"maxScore":9,"error":1},"keyphraseLength":{"score":9,"maxScore":9,"error":0,"length":1},"keyphraseInIntroduction":{"score":3,"maxScore":9,"error":1},"keyphraseInImageAlt":{"score":9,"maxScore":9,"error":0},"keywordDensity":{"score":0,"type":"low","maxScore":9,"error":1}}}]},"primary_term":null,"canonical_url":null,"og_title":"Migrantes guatemaltecos: reconocimiento y dignidad. Raices.","og_description":"Honramos el sacrificio de los migrantes guatemaltecos contando historias reales. Celebramos su identidad y fortalecemos sus ra\u00edces en Guatemala y el extranjero.","og_object_type":"default","og_image_type":"default","og_image_url":null,"og_image_width":null,"og_image_height":null,"og_image_custom_url":null,"og_image_custom_fields":null,"og_video":"","og_custom_url":null,"og_article_section":null,"og_article_tags":null,"twitter_use_og":false,"twitter_card":"default","twitter_image_type":"default","twitter_image_url":null,"twitter_image_custom_url":null,"twitter_image_custom_fields":null,"twitter_title":null,"twitter_description":null,"schema":{"blockGraphs":[],"customGraphs":[],"default":{"data":{"Article":[],"Course":[],"Dataset":[],"FAQPage":[],"Movie":[],"Person":[],"Product":[],"ProductReview":[],"Car":[],"Recipe":[],"Service":[],"SoftwareApplication":[],"WebPage":[]},"graphName":"none","isEnabled":true},"graphs":[]},"schema_type":"default","schema_type_options":null,"pillar_content":true,"robots_default":true,"robots_noindex":false,"robots_noarchive":false,"robots_nosnippet":false,"robots_nofollow":false,"robots_noimageindex":false,"robots_noodp":false,"robots_notranslate":false,"robots_max_snippet":"-1","robots_max_videopreview":"-1","robots_max_imagepreview":"large","priority":null,"frequency":"default","local_seo":null,"seo_analyzer_scan_date":null,"breadcrumb_settings":null,"limit_modified_date":false,"reviewed_by":"0","open_ai":"{\"title\":{\"suggestions\":[],\"usage\":0},\"description\":{\"suggestions\":[],\"usage\":0}}","ai":{"faqs":[],"keyPoints":[],"titles":[],"descriptions":[],"socialPosts":{"email":[],"linkedin":[],"twitter":[],"facebook":[],"instagram":[]}},"created":"2025-06-21 21:52:05","updated":"2026-04-29 15:13:24"},"aioseo_breadcrumb":"<div class=\"aioseo-breadcrumbs\"><span class=\"aioseo-breadcrumb\">\n\t<a href=\"https:\/\/soymigrante.com\/revista\" title=\"Home\">Home<\/a>\n<\/span><span class=\"aioseo-breadcrumb-separator\">\u00bb<\/span><span class=\"aioseo-breadcrumb\">\n\tMigrantes guatemaltecos: reconocimiento y dignidad. Raices.\n<\/span><\/div>","aioseo_breadcrumb_json":[{"label":"Home","link":"https:\/\/soymigrante.com\/revista"},{"label":"Migrantes guatemaltecos: reconocimiento y dignidad. Raices.","link":"https:\/\/soymigrante.com\/revista\/"}],"_links":{"self":[{"href":"https:\/\/soymigrante.com\/revista\/wp-json\/wp\/v2\/pages\/37236","targetHints":{"allow":["GET"]}}],"collection":[{"href":"https:\/\/soymigrante.com\/revista\/wp-json\/wp\/v2\/pages"}],"about":[{"href":"https:\/\/soymigrante.com\/revista\/wp-json\/wp\/v2\/types\/page"}],"author":[{"embeddable":true,"href":"https:\/\/soymigrante.com\/revista\/wp-json\/wp\/v2\/users\/6"}],"replies":[{"embeddable":true,"href":"https:\/\/soymigrante.com\/revista\/wp-json\/wp\/v2\/comments?post=37236"}],"version-history":[{"count":760,"href":"https:\/\/soymigrante.com\/revista\/wp-json\/wp\/v2\/pages\/37236\/revisions"}],"predecessor-version":[{"id":55636,"href":"https:\/\/soymigrante.com\/revista\/wp-json\/wp\/v2\/pages\/37236\/revisions\/55636"}],"wp:featuredmedia":[{"embeddable":true,"href":"https:\/\/soymigrante.com\/revista\/wp-json\/wp\/v2\/media\/33329"}],"wp:attachment":[{"href":"https:\/\/soymigrante.com\/revista\/wp-json\/wp\/v2\/media?parent=37236"}],"curies":[{"name":"wp","href":"https:\/\/api.w.org\/{rel}","templated":true}]}}