{"id":36874,"date":"2025-06-20T12:44:34","date_gmt":"2025-06-20T18:44:34","guid":{"rendered":"https:\/\/soymigrante.com\/revista\/?page_id=36874"},"modified":"2025-10-14T10:37:04","modified_gmt":"2025-10-14T16:37:04","slug":"tierra-nuestra","status":"publish","type":"page","link":"https:\/\/soymigrante.com\/revista\/tierra-nuestra\/","title":{"rendered":"Tierra Nuestra: Belleza, Cultura y Orgullo Infinito"},"content":{"rendered":"\t\t<div data-elementor-type=\"wp-page\" data-elementor-id=\"36874\" class=\"elementor elementor-36874\" data-elementor-post-type=\"page\">\n\t\t\t\t<div data-particle_enable=\"false\" data-particle-mobile-disabled=\"false\" class=\"elementor-element elementor-element-276936c e-con-full elementor-hidden-desktop elementor-hidden-tablet e-flex e-con e-parent\" data-id=\"276936c\" data-element_type=\"container\" data-e-type=\"container\">\n\t\t\t\t<div class=\"elementor-element elementor-element-354808e elementor-widget elementor-widget-newsy_grid_5\" data-id=\"354808e\" data-element_type=\"widget\" data-e-type=\"widget\" data-widget_type=\"newsy_grid_5.default\">\n\t\t\t\t<div class=\"elementor-widget-container\">\n\t\t\t\t\t<div class=\"ak-block ak-block-grid ak-block-grid-5   ak-block-width-1 clearfix tg-gradient tg-focus\" id=\"block_69f5c2ecd9bfe_1\"><div class=\"ak-block-inner clearfix\"><div class=\"ak-block-posts clearfix\">\t\t<article class=\"ak-module ak-module-grid ak-module-grid-big ak-block-item-1 clearfix post-44439 post type-post status-publish format-standard has-post-thumbnail  category-guate-nuestra category-pueblos-de-guatemala\">\n\t\t\t<div class=\"ak-module-inner clearfix\">\n\t\t\t\t<div class=\"ak-module-grid-wrap\">\n\t\t\t\t\t<div class=\"ak-module-featured\">\n\t\t\t\t\t<div class=\"ak-module-badges\"><\/div>\t\t\t\t\t\t\t\t\t\t<div class=\"ak-featured-cover\"><a href=\"https:\/\/soymigrante.com\/revista\/san-juan-comalapa-la-cuna-del-arte-popular-en-guatemala\/\" class=\"ak-featured-link\" rel=\"bookmark\" title=\"San Juan Comalapa, la cuna del arte popular en Guatemala\"><div class=\"ak-featured-thumb lazy-thumb background-thumb  size-715\">\n                        <div class=\"lazyload\" title=\"San Juan Comalapa, la cuna del arte en Guatemala\" data-bgset=\"https:\/\/soymigrante.com\/revista\/wp-content\/uploads\/2025\/09\/San-Juan-Comalapa-5-e1757615970442-674x536.jpg 800w\" ><\/div>\n                      <\/div><\/a><\/div>\t\t\t\t\t<\/div>\n\t\t\t\t\t<div class=\"ak-module-details\">\n\t\t\t\t\t\t\t\t\t\t\t\t<h3 class=\"ak-module-title\"><a href=\"https:\/\/soymigrante.com\/revista\/san-juan-comalapa-la-cuna-del-arte-popular-en-guatemala\/\" rel=\"bookmark\" title=\"San Juan Comalapa, la cuna del arte popular en Guatemala\">San Juan Comalapa, la cuna del arte popular en Guatemala<\/a><\/h3>\t\t\t\t\t\t<div class=\"ak-module-meta\"><div class=\"ak-module-author\"><a href=\"https:\/\/soymigrante.com\/revista\/author\/marysabel-aldana\/\"><img alt='Marysabel Aldana' src='https:\/\/soymigrante.com\/revista\/wp-content\/uploads\/2024\/06\/WhatsApp-Image-2024-06-04-at-102700-AM-225x300.webp' srcset='https:\/\/soymigrante.com\/revista\/wp-content\/uploads\/2024\/06\/WhatsApp-Image-2024-06-04-at-102700-AM-225x300.webp 225w, https:\/\/soymigrante.com\/revista\/wp-content\/uploads\/2024\/06\/WhatsApp-Image-2024-06-04-at-102700-AM-768x1024.webp 768w, https:\/\/soymigrante.com\/revista\/wp-content\/uploads\/2024\/06\/WhatsApp-Image-2024-06-04-at-102700-AM-750x1000.webp 750w, https:\/\/soymigrante.com\/revista\/wp-content\/uploads\/2024\/06\/WhatsApp-Image-2024-06-04-at-102700-AM.webp 960w' class='avatar avatar-22 photo post-author-avatar' height='22' width='22' \/><\/a>by <a href=\"https:\/\/soymigrante.com\/revista\/author\/marysabel-aldana\/\" class=\"ak-module-author-name\">Marysabel Aldana<\/a><\/div><div class=\"ak-module-time\"><a href=\"https:\/\/soymigrante.com\/revista\/san-juan-comalapa-la-cuna-del-arte-popular-en-guatemala\/\" class=\"ak-module-meta-published\"><i class=\"ak-icon akfi-schedule\"><\/i>12\/09\/2025<\/a><\/div> <div class=\"ak-module-view-count\"><i class=\"ak-icon  fa fa-eye\"><\/i><span class=\"count\">168<\/span><\/div><\/div>\t\t\t\t\t<\/div>\n\t\t\t\t<\/div>\n\t\t\t<\/div>\n\t\t<\/article>\n\t\t\t\t<article class=\"ak-module ak-module-grid ak-module-grid-big ak-block-item-2 clearfix post-29271 post type-post status-publish format-standard has-post-thumbnail  category-guate-nuestra\">\n\t\t\t<div class=\"ak-module-inner clearfix\">\n\t\t\t\t<div class=\"ak-module-grid-wrap\">\n\t\t\t\t\t<div class=\"ak-module-featured\">\n\t\t\t\t\t<div class=\"ak-module-badges\"><\/div>\t\t\t\t\t\t\t\t\t\t<div class=\"ak-featured-cover\"><a href=\"https:\/\/soymigrante.com\/revista\/torrejas-guatemaltecas-tienen-historia-tradicion-y-una-dulce-receta\/\" class=\"ak-featured-link\" rel=\"bookmark\" title=\"Las torrejas guatemaltecas tienen historia, tradici\u00f3n y una dulce receta\"><div class=\"ak-featured-thumb lazy-thumb background-thumb  size-715\">\n                        <div class=\"lazyload\" title=\"File name: empanadas-de-fruta-mexicanas.jpg.\" data-bgset=\"https:\/\/soymigrante.com\/revista\/wp-content\/uploads\/2025\/03\/Torrejas-guatemaltecas-4-750x536.webp 800w\" ><\/div>\n                      <\/div><\/a><\/div>\t\t\t\t\t<\/div>\n\t\t\t\t\t<div class=\"ak-module-details\">\n\t\t\t\t\t\t\t\t\t\t\t\t<h3 class=\"ak-module-title\"><a href=\"https:\/\/soymigrante.com\/revista\/torrejas-guatemaltecas-tienen-historia-tradicion-y-una-dulce-receta\/\" rel=\"bookmark\" title=\"Las torrejas guatemaltecas tienen historia, tradici\u00f3n y una dulce receta\">Las torrejas guatemaltecas tienen historia, tradici\u00f3n y una dulce receta<\/a><\/h3>\t\t\t\t\t\t<div class=\"ak-module-meta\"><div class=\"ak-module-author\"><a href=\"https:\/\/soymigrante.com\/revista\/author\/marysabel-aldana\/\"><img alt='Marysabel Aldana' src='https:\/\/soymigrante.com\/revista\/wp-content\/uploads\/2024\/06\/WhatsApp-Image-2024-06-04-at-102700-AM-225x300.webp' srcset='https:\/\/soymigrante.com\/revista\/wp-content\/uploads\/2024\/06\/WhatsApp-Image-2024-06-04-at-102700-AM-225x300.webp 225w, https:\/\/soymigrante.com\/revista\/wp-content\/uploads\/2024\/06\/WhatsApp-Image-2024-06-04-at-102700-AM-768x1024.webp 768w, https:\/\/soymigrante.com\/revista\/wp-content\/uploads\/2024\/06\/WhatsApp-Image-2024-06-04-at-102700-AM-750x1000.webp 750w, https:\/\/soymigrante.com\/revista\/wp-content\/uploads\/2024\/06\/WhatsApp-Image-2024-06-04-at-102700-AM.webp 960w' class='avatar avatar-22 photo post-author-avatar' height='22' width='22' \/><\/a>by <a href=\"https:\/\/soymigrante.com\/revista\/author\/marysabel-aldana\/\" class=\"ak-module-author-name\">Marysabel Aldana<\/a><\/div><div class=\"ak-module-time\"><a href=\"https:\/\/soymigrante.com\/revista\/torrejas-guatemaltecas-tienen-historia-tradicion-y-una-dulce-receta\/\" class=\"ak-module-meta-published\"><i class=\"ak-icon akfi-schedule\"><\/i>02\/04\/2026<\/a><\/div> <div class=\"ak-module-view-count\"><i class=\"ak-icon  fa fa-eye\"><\/i><span class=\"count\">499<\/span><\/div><\/div>\t\t\t\t\t<\/div>\n\t\t\t\t<\/div>\n\t\t\t<\/div>\n\t\t<\/article>\n\t\t<\/div><\/div><\/div>\t\t\t\t<\/div>\n\t\t\t\t<\/div>\n\t\t\t\t<\/div>\n\t\t<div data-particle_enable=\"false\" data-particle-mobile-disabled=\"false\" class=\"elementor-element elementor-element-8383d4a e-con-full elementor-hidden-mobile e-flex e-con e-parent\" data-id=\"8383d4a\" data-element_type=\"container\" data-e-type=\"container\">\n\t\t\t\t<div class=\"elementor-element elementor-element-3d23ecf elementor-widget elementor-widget-newsy_grid_8\" data-id=\"3d23ecf\" data-element_type=\"widget\" data-e-type=\"widget\" data-widget_type=\"newsy_grid_8.default\">\n\t\t\t\t<div class=\"elementor-widget-container\">\n\t\t\t\t\t<div class=\"ak-block ak-block-grid ak-block-grid-8   ak-block-width-1 clearfix tg-focus\" id=\"block_69f5c2ecd9bfe_2\"><div class=\"ak-block-inner clearfix\"><div class=\"ak-block-posts clearfix\">\t\t<article class=\"ak-module ak-module-grid ak-module-grid-tall ak-block-item-1 clearfix post-53595 post type-post status-publish format-standard has-post-thumbnail  category-nombres-de-guatemala tag-abc-de-nombres-de-lugares-de-guatemala\">\n\t\t\t<div class=\"ak-module-inner clearfix\">\n\t\t\t\t<div class=\"ak-module-grid-wrap\">\n\t\t\t\t\t<div class=\"ak-module-featured\">\n\t\t\t\t\t\t<div class=\"ak-module-badges\"><\/div>\t\t\t\t\t\t\t\t\t\t\t\t<div class=\"ak-featured-cover\"><a href=\"https:\/\/soymigrante.com\/revista\/que-significan-nombres-de-lugares-de-guatemala-letra-k\/\" class=\"ak-featured-link\" rel=\"bookmark\" title=\"\u00bfQu\u00e9 significan  nombres de lugares de Guatemala? Letra K\"><div class=\"ak-featured-thumb lazy-thumb background-thumb  size-1400\">\n                        <div class=\"lazyload\" title=\"significados nombres de guatemala letra K\" data-bgset=\"https:\/\/soymigrante.com\/revista\/wp-content\/uploads\/2026\/03\/significados-nombres-de-guatemala-letra-K-360x504.png 800w\" ><\/div>\n                      <\/div><\/a><\/div>\t\t\t\t\t<\/div>\n\t\t\t\t\t<div class=\"ak-module-details\">\n\t\t\t\t\t\t\n\t\t\t\t\t\t<h3 class=\"ak-module-title\"><a href=\"https:\/\/soymigrante.com\/revista\/que-significan-nombres-de-lugares-de-guatemala-letra-k\/\" rel=\"bookmark\" title=\"\u00bfQu\u00e9 significan  nombres de lugares de Guatemala? Letra K\">\u00bfQu\u00e9 significan  nombres de lugares de Guatemala? Letra K<\/a><\/h3>\n\t\t\t\t\t\t<div class=\"ak-module-meta\"><div class=\"ak-module-author\"><a href=\"https:\/\/soymigrante.com\/revista\/author\/soymigrante\/\"><img alt='SoyMigrante.com REVISTA' src='https:\/\/soymigrante.com\/revista\/wp-content\/uploads\/2023\/04\/SoyMigrante.com-V-color_profile-288x300.webp' srcset='https:\/\/soymigrante.com\/revista\/wp-content\/uploads\/2023\/04\/SoyMigrante.com-V-color_profile-288x300.webp 288w, https:\/\/soymigrante.com\/revista\/wp-content\/uploads\/2023\/04\/SoyMigrante.com-V-color_profile-982x1024.png 982w, https:\/\/soymigrante.com\/revista\/wp-content\/uploads\/2023\/04\/SoyMigrante.com-V-color_profile-768x801.png 768w, https:\/\/soymigrante.com\/revista\/wp-content\/uploads\/2023\/04\/SoyMigrante.com-V-color_profile-1473x1536.png 1473w, https:\/\/soymigrante.com\/revista\/wp-content\/uploads\/2023\/04\/SoyMigrante.com-V-color_profile-750x782.webp 750w, https:\/\/soymigrante.com\/revista\/wp-content\/uploads\/2023\/04\/SoyMigrante.com-V-color_profile-1140x1188.png 1140w, https:\/\/soymigrante.com\/revista\/wp-content\/uploads\/2023\/04\/SoyMigrante.com-V-color_profile.webp 1672w' class='avatar avatar-22 photo post-author-avatar' height='22' width='22' \/><\/a>by <a href=\"https:\/\/soymigrante.com\/revista\/author\/soymigrante\/\" class=\"ak-module-author-name\">SoyMigrante.com REVISTA<\/a><\/div><div class=\"ak-module-time\"><a href=\"https:\/\/soymigrante.com\/revista\/que-significan-nombres-de-lugares-de-guatemala-letra-k\/\" class=\"ak-module-meta-published\"><i class=\"ak-icon akfi-schedule\"><\/i>12\/03\/2026<\/a><\/div> <div class=\"ak-module-view-count\"><i class=\"ak-icon  fa fa-eye\"><\/i><span class=\"count\">329<\/span><\/div><\/div>\t\t\t\t\t<\/div>\n\t\t\t\t<\/div>\n\t\t\t<\/div>\n\t\t<\/article>\n\t\t\t\t<article class=\"ak-module ak-module-grid ak-module-grid-tall ak-block-item-2 clearfix post-35655 post type-post status-publish format-standard has-post-thumbnail  category-guate-nuestra\">\n\t\t\t<div class=\"ak-module-inner clearfix\">\n\t\t\t\t<div class=\"ak-module-grid-wrap\">\n\t\t\t\t\t<div class=\"ak-module-featured\">\n\t\t\t\t\t\t<div class=\"ak-module-badges\"><\/div>\t\t\t\t\t\t\t\t\t\t\t\t<div class=\"ak-featured-cover\"><a href=\"https:\/\/soymigrante.com\/revista\/programa-pueblos-pintorescos-impulsando-el-turismo-cultural-en-guatemala\/\" class=\"ak-featured-link\" rel=\"bookmark\" title=\"Programa Pueblos Pintorescos: Impulsando el turismo cultural en Guatemala\"><div class=\"ak-featured-thumb lazy-thumb background-thumb  size-1400\">\n                        <div class=\"lazyload\" title=\"Coloridos edificios en una colina de Guatap\u00e9, Antioquia, Colombia, con murales y arte callejero que reflejan la cultura local y el turismo en la regi\u00f3n.\" data-bgset=\"https:\/\/soymigrante.com\/revista\/wp-content\/uploads\/2025\/06\/pueblos-pintorescos-360x504.jpg 800w\" ><\/div>\n                      <\/div><\/a><\/div>\t\t\t\t\t<\/div>\n\t\t\t\t\t<div class=\"ak-module-details\">\n\t\t\t\t\t\t\n\t\t\t\t\t\t<h3 class=\"ak-module-title\"><a href=\"https:\/\/soymigrante.com\/revista\/programa-pueblos-pintorescos-impulsando-el-turismo-cultural-en-guatemala\/\" rel=\"bookmark\" title=\"Programa Pueblos Pintorescos: Impulsando el turismo cultural en Guatemala\">Programa Pueblos Pintorescos: Impulsando el turismo cultural en Guatemala<\/a><\/h3>\n\t\t\t\t\t\t<div class=\"ak-module-meta\"><div class=\"ak-module-author\"><a href=\"https:\/\/soymigrante.com\/revista\/author\/marysabel-aldana\/\"><img alt='Marysabel Aldana' src='https:\/\/soymigrante.com\/revista\/wp-content\/uploads\/2024\/06\/WhatsApp-Image-2024-06-04-at-102700-AM-225x300.webp' srcset='https:\/\/soymigrante.com\/revista\/wp-content\/uploads\/2024\/06\/WhatsApp-Image-2024-06-04-at-102700-AM-225x300.webp 225w, https:\/\/soymigrante.com\/revista\/wp-content\/uploads\/2024\/06\/WhatsApp-Image-2024-06-04-at-102700-AM-768x1024.webp 768w, https:\/\/soymigrante.com\/revista\/wp-content\/uploads\/2024\/06\/WhatsApp-Image-2024-06-04-at-102700-AM-750x1000.webp 750w, https:\/\/soymigrante.com\/revista\/wp-content\/uploads\/2024\/06\/WhatsApp-Image-2024-06-04-at-102700-AM.webp 960w' class='avatar avatar-22 photo post-author-avatar' height='22' width='22' \/><\/a>by <a href=\"https:\/\/soymigrante.com\/revista\/author\/marysabel-aldana\/\" class=\"ak-module-author-name\">Marysabel Aldana<\/a><\/div><div class=\"ak-module-time\"><a href=\"https:\/\/soymigrante.com\/revista\/programa-pueblos-pintorescos-impulsando-el-turismo-cultural-en-guatemala\/\" class=\"ak-module-meta-published\"><i class=\"ak-icon akfi-schedule\"><\/i>13\/06\/2025<\/a><\/div> <div class=\"ak-module-view-count\"><i class=\"ak-icon  fa fa-eye\"><\/i><span class=\"count\">35<\/span><\/div><\/div>\t\t\t\t\t<\/div>\n\t\t\t\t<\/div>\n\t\t\t<\/div>\n\t\t<\/article>\n\t\t\t\t<article class=\"ak-module ak-module-grid ak-module-grid-tall ak-block-item-3 clearfix post-27854 post type-post status-publish format-standard has-post-thumbnail  category-arte-cultura category-guate-nuestra tag-joyas-de-antigua-guatemala\">\n\t\t\t<div class=\"ak-module-inner clearfix\">\n\t\t\t\t<div class=\"ak-module-grid-wrap\">\n\t\t\t\t\t<div class=\"ak-module-featured\">\n\t\t\t\t\t\t<div class=\"ak-module-badges\"><\/div>\t\t\t\t\t\t\t\t\t\t\t\t<div class=\"ak-featured-cover\"><a href=\"https:\/\/soymigrante.com\/revista\/joya-colonial-de-antigua-guatemala-fue-carcel-de-hombres-durante-muchos-anos\/\" class=\"ak-featured-link\" rel=\"bookmark\" title=\"Joyas de Antigua Guatemala: Convento de Santa Teresa fue c\u00e1rcel de hombres por m\u00e1s de 50 a\u00f1os\"><div class=\"ak-featured-thumb lazy-thumb background-thumb  size-1400\">\n                        <div class=\"lazyload\" title=\"Fuente en el centro de la terraza con fuente de agua en un patio hist\u00f3rico. Edificio colonial con arcos y paredes de piedra, ambiente tranquilo y cl\u00e1sico en el interior de un edificio antiguo.\" data-bgset=\"https:\/\/soymigrante.com\/revista\/wp-content\/uploads\/2025\/03\/ruinas-santa-teresa-antigua-9-1-360x504.webp 800w\" ><\/div>\n                      <\/div><\/a><\/div>\t\t\t\t\t<\/div>\n\t\t\t\t\t<div class=\"ak-module-details\">\n\t\t\t\t\t\t\n\t\t\t\t\t\t<h3 class=\"ak-module-title\"><a href=\"https:\/\/soymigrante.com\/revista\/joya-colonial-de-antigua-guatemala-fue-carcel-de-hombres-durante-muchos-anos\/\" rel=\"bookmark\" title=\"Joyas de Antigua Guatemala: Convento de Santa Teresa fue c\u00e1rcel de hombres por m\u00e1s de 50 a\u00f1os\">Joyas de Antigua Guatemala: Convento de Santa Teresa fue c\u00e1rcel de hombres por m\u00e1s de 50 a\u00f1os<\/a><\/h3>\n\t\t\t\t\t\t<div class=\"ak-module-meta\"><div class=\"ak-module-author\"><a href=\"https:\/\/soymigrante.com\/revista\/author\/gustavo\/\"><img alt='Gustavo Montenegro' src='https:\/\/soymigrante.com\/revista\/wp-content\/uploads\/2023\/04\/Gustavo-Montenegro-300x300.webp' srcset='https:\/\/soymigrante.com\/revista\/wp-content\/uploads\/2023\/04\/Gustavo-Montenegro-300x300.webp 300w, https:\/\/soymigrante.com\/revista\/wp-content\/uploads\/2023\/04\/Gustavo-Montenegro-150x150.webp 150w, https:\/\/soymigrante.com\/revista\/wp-content\/uploads\/2023\/04\/Gustavo-Montenegro-75x75.webp 75w, https:\/\/soymigrante.com\/revista\/wp-content\/uploads\/2023\/04\/Gustavo-Montenegro-600x600.png 600w, https:\/\/soymigrante.com\/revista\/wp-content\/uploads\/2023\/04\/Gustavo-Montenegro.webp 630w' class='avatar avatar-22 photo post-author-avatar' height='22' width='22' \/><\/a>by <a href=\"https:\/\/soymigrante.com\/revista\/author\/gustavo\/\" class=\"ak-module-author-name\">Gustavo Montenegro<\/a><\/div><div class=\"ak-module-time\"><a href=\"https:\/\/soymigrante.com\/revista\/joya-colonial-de-antigua-guatemala-fue-carcel-de-hombres-durante-muchos-anos\/\" class=\"ak-module-meta-published\"><i class=\"ak-icon akfi-schedule\"><\/i>11\/03\/2025<\/a><\/div> <div class=\"ak-module-view-count\"><i class=\"ak-icon  fa fa-eye\"><\/i><span class=\"count\">249<\/span><\/div><\/div>\t\t\t\t\t<\/div>\n\t\t\t\t<\/div>\n\t\t\t<\/div>\n\t\t<\/article>\n\t\t\t\t<article class=\"ak-module ak-module-grid ak-module-grid-tall ak-block-item-4 clearfix post-2771 post type-post status-publish format-standard has-post-thumbnail  category-guate-nuestra\">\n\t\t\t<div class=\"ak-module-inner clearfix\">\n\t\t\t\t<div class=\"ak-module-grid-wrap\">\n\t\t\t\t\t<div class=\"ak-module-featured\">\n\t\t\t\t\t\t<div class=\"ak-module-badges\"><\/div>\t\t\t\t\t\t\t\t\t\t\t\t<div class=\"ak-featured-cover\"><a href=\"https:\/\/soymigrante.com\/revista\/cinco-antojitos-guatemaltecos-que-desatan-la-nostalgia-en-los-migrantes\/\" class=\"ak-featured-link\" rel=\"bookmark\" title=\"Cinco antojitos guatemaltecos que  desatan la nostalgia en los migrantes\"><div class=\"ak-featured-thumb lazy-thumb background-thumb  size-1400\">\n                        <div class=\"lazyload\" title=\"Roc\u00edo Ruano es productora y comerciante Quezalteca que acude a las distintas ferias patronales a vender sus productosjpg\" data-bgset=\"https:\/\/soymigrante.com\/revista\/wp-content\/uploads\/2023\/09\/Rocio-Ruano-es-productora-y-comerciante-Quezalteca-que-acude-a-las-distintas-ferias-patronales-a-vender-sus-productosjpg-360x504.webp 800w\" ><\/div>\n                      <\/div><\/a><\/div>\t\t\t\t\t<\/div>\n\t\t\t\t\t<div class=\"ak-module-details\">\n\t\t\t\t\t\t\n\t\t\t\t\t\t<h3 class=\"ak-module-title\"><a href=\"https:\/\/soymigrante.com\/revista\/cinco-antojitos-guatemaltecos-que-desatan-la-nostalgia-en-los-migrantes\/\" rel=\"bookmark\" title=\"Cinco antojitos guatemaltecos que  desatan la nostalgia en los migrantes\">Cinco antojitos guatemaltecos que  desatan la nostalgia en los migrantes<\/a><\/h3>\n\t\t\t\t\t\t<div class=\"ak-module-meta\"><div class=\"ak-module-author\"><a href=\"https:\/\/soymigrante.com\/revista\/author\/diana\/\"><img alt='Diana Batz' src='https:\/\/soymigrante.com\/revista\/wp-content\/uploads\/2023\/06\/foto-de-perfil.webp' srcset='https:\/\/soymigrante.com\/revista\/wp-content\/uploads\/2023\/06\/foto-de-perfil.webp 181w, https:\/\/soymigrante.com\/revista\/wp-content\/uploads\/2023\/06\/foto-de-perfil-150x150.webp 150w, https:\/\/soymigrante.com\/revista\/wp-content\/uploads\/2023\/06\/foto-de-perfil-75x75.webp 75w' class='avatar avatar-22 photo post-author-avatar' height='22' width='22' \/><\/a>by <a href=\"https:\/\/soymigrante.com\/revista\/author\/diana\/\" class=\"ak-module-author-name\">Diana Batz<\/a><\/div><div class=\"ak-module-time\"><a href=\"https:\/\/soymigrante.com\/revista\/cinco-antojitos-guatemaltecos-que-desatan-la-nostalgia-en-los-migrantes\/\" class=\"ak-module-meta-published\"><i class=\"ak-icon akfi-schedule\"><\/i>02\/10\/2023<\/a><\/div> <div class=\"ak-module-view-count\"><i class=\"ak-icon  fa fa-eye\"><\/i><span class=\"count\">550<\/span><\/div><\/div>\t\t\t\t\t<\/div>\n\t\t\t\t<\/div>\n\t\t\t<\/div>\n\t\t<\/article>\n\t\t<\/div><\/div><\/div>\t\t\t\t<\/div>\n\t\t\t\t<\/div>\n\t\t\t\t<\/div>\n\t\t<div data-particle_enable=\"false\" data-particle-mobile-disabled=\"false\" class=\"elementor-element elementor-element-30fa145 e-flex e-con-boxed e-con e-parent\" data-id=\"30fa145\" data-element_type=\"container\" data-e-type=\"container\">\n\t\t\t\t\t<div class=\"e-con-inner\">\n\t\t\t\t<div class=\"elementor-element elementor-element-7309431 elementor-widget elementor-widget-spacer\" data-id=\"7309431\" data-element_type=\"widget\" data-e-type=\"widget\" data-widget_type=\"spacer.default\">\n\t\t\t\t\t\t\t<div class=\"elementor-spacer\">\n\t\t\t<div class=\"elementor-spacer-inner\"><\/div>\n\t\t<\/div>\n\t\t\t\t\t\t<\/div>\n\t\t\t\t<div class=\"elementor-element elementor-element-abd543f elementor-hidden-desktop elementor-hidden-tablet elementor-widget elementor-widget-html\" data-id=\"abd543f\" data-element_type=\"widget\" data-e-type=\"widget\" data-widget_type=\"html.default\">\n\t\t\t\t\t<div style=\"text-align: center;\">\n<!-- Revive Adserver Hosted edition Asynchronous JS Tag - Generated with Revive Adserver v5.5.2 -->\n<ins data-revive-zoneid=\"24762\" data-revive-id=\"727bec5e09208690b050ccfc6a45d384\"><\/ins>\n<script async src=\"\/\/servedby.revive-adserver.net\/asyncjs.php\"><\/script>\n<\/div>\t\t\t\t<\/div>\n\t\t\t\t<div class=\"elementor-element elementor-element-dc8bf4d elementor-hidden-mobile elementor-widget elementor-widget-html\" data-id=\"dc8bf4d\" data-element_type=\"widget\" data-e-type=\"widget\" data-widget_type=\"html.default\">\n\t\t\t\t\t<div style=\"text-align: center;\">\n<!-- Revive Adserver Hosted edition Asynchronous JS Tag - Generated with Revive Adserver v5.5.2 -->\n<ins data-revive-zoneid=\"24763\" data-revive-id=\"727bec5e09208690b050ccfc6a45d384\"><\/ins>\n<script async src=\"\/\/servedby.revive-adserver.net\/asyncjs.php\"><\/script>\n<\/div>\t\t\t\t<\/div>\n\t\t\t\t<div class=\"elementor-element elementor-element-a0c5163 elementor-widget elementor-widget-search\" data-id=\"a0c5163\" data-element_type=\"widget\" data-e-type=\"widget\" data-settings=\"{&quot;submit_trigger&quot;:&quot;click_submit&quot;,&quot;pagination_type_options&quot;:&quot;none&quot;}\" data-widget_type=\"search.default\">\n\t\t\t\t\t\t\t<search class=\"e-search hidden\" role=\"search\">\n\t\t\t<form class=\"e-search-form\" action=\"https:\/\/soymigrante.com\/revista\" method=\"get\">\n\n\t\t\t\t\n\t\t\t\t<label class=\"e-search-label\" for=\"search-a0c5163\">\n\t\t\t\t\t<span class=\"elementor-screen-only\">\n\t\t\t\t\t\tBuscar\t\t\t\t\t<\/span>\n\t\t\t\t\t\t\t\t\t<\/label>\n\n\t\t\t\t<div class=\"e-search-input-wrapper\">\n\t\t\t\t\t<input id=\"search-a0c5163\" placeholder=\"Escribe para buscar...\" class=\"e-search-input\" type=\"search\" name=\"s\" value=\"\" autocomplete=\"on\" role=\"combobox\" aria-autocomplete=\"list\" aria-expanded=\"false\" aria-controls=\"results-a0c5163\" aria-haspopup=\"listbox\">\n\t\t\t\t\t<i aria-hidden=\"true\" class=\"fas fa-times\"><\/i>\t\t\t\t\t\t\t\t\t\t<output id=\"results-a0c5163\" class=\"e-search-results-container hide-loader\" aria-live=\"polite\" aria-atomic=\"true\" aria-label=\"Resultados de b\u00fasqueda\" tabindex=\"0\">\n\t\t\t\t\t\t<div class=\"e-search-results\"><\/div>\n\t\t\t\t\t\t\t\t\t\t\t<\/output>\n\t\t\t\t\t\t\t\t\t<\/div>\n\t\t\t\t\n\t\t\t\t\n\t\t\t\t<button class=\"e-search-submit  \" type=\"submit\">\n\t\t\t\t\t\n\t\t\t\t\t\t\t\t\t\t<span class=\"\">\n\t\t\t\t\t\tBuscar\t\t\t\t\t<\/span>\n\t\t\t\t\t\t\t\t\t<\/button>\n\t\t\t\t<input type=\"hidden\" name=\"e_search_props\" value=\"a0c5163-36874\">\n\t\t\t<\/form>\n\t\t<\/search>\n\t\t\t\t\t\t<\/div>\n\t\t\t\t\t<\/div>\n\t\t\t\t<\/div>\n\t\t<div data-particle_enable=\"false\" data-particle-mobile-disabled=\"false\" class=\"elementor-element elementor-element-8395d5a elementor-hidden-desktop elementor-hidden-tablet e-flex e-con-boxed e-con e-parent\" data-id=\"8395d5a\" data-element_type=\"container\" data-e-type=\"container\">\n\t\t\t\t\t<div class=\"e-con-inner\">\n\t\t\t\t<div class=\"elementor-element elementor-element-55947f4 elementor-widget elementor-widget-newsy_list_1_small_square\" data-id=\"55947f4\" data-element_type=\"widget\" data-e-type=\"widget\" data-widget_type=\"newsy_list_1_small_square.default\">\n\t\t\t\t<div class=\"elementor-widget-container\">\n\t\t\t\t\t<div class=\"ak-block ak-block-list-1-small-square ak-block-column  ak-block-width-1 ak-pagination-container load_more clearfix\" id=\"block_69f5c2ecd9bfe_3\"><style scoped>#block_69f5c2ecd9bfe_3:not(.ak-block-width-1) .ak-block-posts { margin-right: -10px; }#block_69f5c2ecd9bfe_3 .ak-block-posts .ak-module{ padding-right: 10px; margin-bottom: 10px; }#block_69f5c2ecd9bfe_3.ak-block-module-seperator-line .ak-module-inner{ padding-bottom: 10px; }<\/style><div class=\"ak-block-header ak-block-header-style-10 no-title\"><div class=\"ak-block-tabs ak-menu-more-enabled\"><ul class=\"ak-menu ak-menu-wide\"><li class=\"menu-item\"><a href=\"#\" class=\"ak-tab-btn active\" data-tab-id=\"block_69f5c2ecd9bfe_3\" data-filter=\"\" data-filter-value=\"\">TODO<\/a><\/li><li class=\"menu-item\"><a href=\"#\" class=\"ak-tab-btn term-91\" data-tab-id=\"tab_69f5c2ecd9bfe_4\" data-filter=\"category\" data-filter-value=\"91\">Cultura de Guatemala<\/a><\/li><li class=\"menu-item\"><a href=\"#\" class=\"ak-tab-btn term-306\" data-tab-id=\"tab_69f5c2ecd9bfe_5\" data-filter=\"category\" data-filter-value=\"306\">Nombres de Guatemala<\/a><\/li><li class=\"menu-item\"><a href=\"#\" class=\"ak-tab-btn term-125\" data-tab-id=\"tab_69f5c2ecd9bfe_6\" data-filter=\"category\" data-filter-value=\"125\">Pueblos de Guatemala<\/a><\/li><li class=\"menu-item\"><a href=\"#\" class=\"ak-tab-btn term-247\" data-tab-id=\"tab_69f5c2ecd9bfe_7\" data-filter=\"category\" data-filter-value=\"247\">Recetas guatemaltecas<\/a><\/li><li class=\"menu-item\"><a href=\"#\" class=\"ak-tab-btn term-289\" data-tab-id=\"tab_69f5c2ecd9bfe_8\" data-filter=\"category\" data-filter-value=\"289\">Riqueza natural<\/a><\/li><li class=\"menu-item\"><a href=\"#\" class=\"ak-tab-btn term-96\" data-tab-id=\"tab_69f5c2ecd9bfe_9\" data-filter=\"category\" data-filter-value=\"96\">S\u00edmbolos patrios<\/a><\/li><\/ul><\/div><\/div><div class=\"ak-block-inner clearfix\"><div class=\"ak-block-posts clearfix\">\t\t<article class=\"ak-module ak-module-1-small-square ak-column-module ak-module-excerpt-hide clearfix post-55787 post type-post status-publish format-standard has-post-thumbnail  category-nombres-de-guatemala tag-abc-de-nombres-de-lugares-de-guatemala\">\n\t\t\t<div class=\"ak-module-inner clearfix\">\n\t\t\t\t<div class=\"ak-module-featured\">\n\t\t\t\t\t<div class=\"ak-featured-cover\"><a href=\"https:\/\/soymigrante.com\/revista\/que-significan-nombres-de-lugares-de-guatemala-letra-f\/\" class=\"ak-featured-link\" rel=\"bookmark\" title=\"\u00bfQu\u00e9 significan  nombres de lugares de Guatemala? &#8211; Letra F\"><div class=\"ak-featured-thumb lazy-thumb size-1000\" ><img decoding=\"async\" width=\"75\" height=\"75\" src=\"data:image\/gif;base64,R0lGODlhAQABAAAAACH5BAEKAAEALAAAAAABAAEAAAICTAEAOw==\" class=\"attachment-newsy_75x75 size-newsy_75x75 lazyload wp-post-image\" alt=\"Nombres de Lugares de Guatemala letra F 2\" data-src=\"https:\/\/soymigrante.com\/revista\/wp-content\/uploads\/2026\/05\/Nombres-de-Lugares-de-Guatemala-letra-F-2-75x75.png\" data-sizes=\"auto\" data-srcset=\"https:\/\/soymigrante.com\/revista\/wp-content\/uploads\/2026\/05\/Nombres-de-Lugares-de-Guatemala-letra-F-2-75x75.png 75w, https:\/\/soymigrante.com\/revista\/wp-content\/uploads\/2026\/05\/Nombres-de-Lugares-de-Guatemala-letra-F-2-300x300.png 300w, https:\/\/soymigrante.com\/revista\/wp-content\/uploads\/2026\/05\/Nombres-de-Lugares-de-Guatemala-letra-F-2-1024x1024.png 1024w, https:\/\/soymigrante.com\/revista\/wp-content\/uploads\/2026\/05\/Nombres-de-Lugares-de-Guatemala-letra-F-2-150x150.png 150w, https:\/\/soymigrante.com\/revista\/wp-content\/uploads\/2026\/05\/Nombres-de-Lugares-de-Guatemala-letra-F-2-768x768.png 768w, https:\/\/soymigrante.com\/revista\/wp-content\/uploads\/2026\/05\/Nombres-de-Lugares-de-Guatemala-letra-F-2-750x750.png 750w, https:\/\/soymigrante.com\/revista\/wp-content\/uploads\/2026\/05\/Nombres-de-Lugares-de-Guatemala-letra-F-2-1140x1140.png 1140w, https:\/\/soymigrante.com\/revista\/wp-content\/uploads\/2026\/05\/Nombres-de-Lugares-de-Guatemala-letra-F-2.png 1254w\" data-expand=\"700\" \/><\/div><\/a><\/div>\t\t\t\t<\/div>\n\t\t\t\t<div class=\"ak-module-details\">\n\t\t\t\t\t<h3 class=\"ak-module-title\"><a href=\"https:\/\/soymigrante.com\/revista\/que-significan-nombres-de-lugares-de-guatemala-letra-f\/\" rel=\"bookmark\" title=\"\u00bfQu\u00e9 significan  nombres de lugares de Guatemala? &#8211; Letra F\">\u00bfQu\u00e9 significan  nombres de lugares de Guatemala? &#8211; Letra F<\/a><\/h3><div class=\"ak-module-meta\"><div class=\"ak-module-time\"><a href=\"https:\/\/soymigrante.com\/revista\/que-significan-nombres-de-lugares-de-guatemala-letra-f\/\" class=\"ak-module-meta-published\"><i class=\"ak-icon akfi-schedule\"><\/i>01\/05\/2026<\/a><\/div> <div class=\"ak-module-view-count\"><i class=\"ak-icon  fa fa-eye\"><\/i><span class=\"count\">255<\/span><\/div><\/div>\t\t\t\t<\/div>\n\t\t\t<\/div>\n\t\t<\/article>\n\t\t\t\t<article class=\"ak-module ak-module-1-small-square ak-column-module ak-module-excerpt-hide clearfix post-55733 post type-post status-publish format-standard has-post-thumbnail  category-guate-nuestra\">\n\t\t\t<div class=\"ak-module-inner clearfix\">\n\t\t\t\t<div class=\"ak-module-featured\">\n\t\t\t\t\t<div class=\"ak-featured-cover\"><a href=\"https:\/\/soymigrante.com\/revista\/vengo-de-una-cultura-de-tejedores-artista-kaqchiqel-angelica-serech-expone-obras-en-sydney-y-en-suiza\/\" class=\"ak-featured-link\" rel=\"bookmark\" title=\"&#8220;Vengo de una cultura de tejedores&#8221;: artista k&#8217;aqchiq&#8217;el Ang\u00e9lica Serech expone obras en Sydney y en Suiza\"><div class=\"ak-featured-thumb lazy-thumb size-1000\" ><img decoding=\"async\" width=\"75\" height=\"75\" src=\"data:image\/gif;base64,R0lGODlhAQABAAAAACH5BAEKAAEALAAAAAABAAEAAAICTAEAOw==\" class=\"attachment-newsy_75x75 size-newsy_75x75 lazyload wp-post-image\" alt=\"Artista maya kaqchiqel Angelica Serech expone tejidos en Sydney y Suiza Guatemalteca de Comalapa 1\" data-src=\"https:\/\/soymigrante.com\/revista\/wp-content\/uploads\/2026\/04\/Artista-maya-kaqchiqel-Angelica-Serech-expone-tejidos-en-Sydney-y-Suiza-Guatemalteca-de-Comalapa-1-75x75.jpg\" data-sizes=\"auto\" data-srcset=\"https:\/\/soymigrante.com\/revista\/wp-content\/uploads\/2026\/04\/Artista-maya-kaqchiqel-Angelica-Serech-expone-tejidos-en-Sydney-y-Suiza-Guatemalteca-de-Comalapa-1-75x75.jpg 75w, https:\/\/soymigrante.com\/revista\/wp-content\/uploads\/2026\/04\/Artista-maya-kaqchiqel-Angelica-Serech-expone-tejidos-en-Sydney-y-Suiza-Guatemalteca-de-Comalapa-1-300x300.jpg 300w, https:\/\/soymigrante.com\/revista\/wp-content\/uploads\/2026\/04\/Artista-maya-kaqchiqel-Angelica-Serech-expone-tejidos-en-Sydney-y-Suiza-Guatemalteca-de-Comalapa-1-150x150.jpg 150w, https:\/\/soymigrante.com\/revista\/wp-content\/uploads\/2026\/04\/Artista-maya-kaqchiqel-Angelica-Serech-expone-tejidos-en-Sydney-y-Suiza-Guatemalteca-de-Comalapa-1.jpg 651w\" data-expand=\"700\" \/><\/div><\/a><\/div>\t\t\t\t<\/div>\n\t\t\t\t<div class=\"ak-module-details\">\n\t\t\t\t\t<h3 class=\"ak-module-title\"><a href=\"https:\/\/soymigrante.com\/revista\/vengo-de-una-cultura-de-tejedores-artista-kaqchiqel-angelica-serech-expone-obras-en-sydney-y-en-suiza\/\" rel=\"bookmark\" title=\"&#8220;Vengo de una cultura de tejedores&#8221;: artista k&#8217;aqchiq&#8217;el Ang\u00e9lica Serech expone obras en Sydney y en Suiza\">&#8220;Vengo de una cultura de tejedores&#8221;: artista&hellip;<\/a><\/h3><div class=\"ak-module-meta\"><div class=\"ak-module-time\"><a href=\"https:\/\/soymigrante.com\/revista\/vengo-de-una-cultura-de-tejedores-artista-kaqchiqel-angelica-serech-expone-obras-en-sydney-y-en-suiza\/\" class=\"ak-module-meta-published\"><i class=\"ak-icon akfi-schedule\"><\/i>30\/04\/2026<\/a><\/div> <div class=\"ak-module-view-count\"><i class=\"ak-icon  fa fa-eye\"><\/i><span class=\"count\">55<\/span><\/div><\/div>\t\t\t\t<\/div>\n\t\t\t<\/div>\n\t\t<\/article>\n\t\t\t\t<article class=\"ak-module ak-module-1-small-square ak-column-module ak-module-excerpt-hide clearfix post-55707 post type-post status-publish format-standard has-post-thumbnail  category-guate-nuestra category-riqueza-natural\">\n\t\t\t<div class=\"ak-module-inner clearfix\">\n\t\t\t\t<div class=\"ak-module-featured\">\n\t\t\t\t\t<div class=\"ak-featured-cover\"><a href=\"https:\/\/soymigrante.com\/revista\/que-profundidad-tiene-el-hoyo-del-cimarron-en-nenton-huehuetenango-y-como-se-origino\/\" class=\"ak-featured-link\" rel=\"bookmark\" title=\"\u00bfQu\u00e9 profundidad tiene el Hoyo del Cimarr\u00f3n, en Nent\u00f3n, Huehuetenango y c\u00f3mo se origin\u00f3?\"><div class=\"ak-featured-thumb lazy-thumb size-1000\" ><img decoding=\"async\" width=\"75\" height=\"75\" src=\"data:image\/gif;base64,R0lGODlhAQABAAAAACH5BAEKAAEALAAAAAABAAEAAAICTAEAOw==\" class=\"attachment-newsy_75x75 size-newsy_75x75 lazyload wp-post-image\" alt=\"hoyo del cimarron nenton huehuetenango lugares turisticos guatemala\" data-src=\"https:\/\/soymigrante.com\/revista\/wp-content\/uploads\/2026\/04\/hoyo-del-cimarron-nenton-huehuetenango-lugares-turisticos-guatemala-75x75.jpg\" data-sizes=\"auto\" data-srcset=\"https:\/\/soymigrante.com\/revista\/wp-content\/uploads\/2026\/04\/hoyo-del-cimarron-nenton-huehuetenango-lugares-turisticos-guatemala-75x75.jpg 75w, https:\/\/soymigrante.com\/revista\/wp-content\/uploads\/2026\/04\/hoyo-del-cimarron-nenton-huehuetenango-lugares-turisticos-guatemala-300x300.jpg 300w, https:\/\/soymigrante.com\/revista\/wp-content\/uploads\/2026\/04\/hoyo-del-cimarron-nenton-huehuetenango-lugares-turisticos-guatemala-150x150.jpg 150w, https:\/\/soymigrante.com\/revista\/wp-content\/uploads\/2026\/04\/hoyo-del-cimarron-nenton-huehuetenango-lugares-turisticos-guatemala-768x768.jpg 768w, https:\/\/soymigrante.com\/revista\/wp-content\/uploads\/2026\/04\/hoyo-del-cimarron-nenton-huehuetenango-lugares-turisticos-guatemala-750x750.jpg 750w, https:\/\/soymigrante.com\/revista\/wp-content\/uploads\/2026\/04\/hoyo-del-cimarron-nenton-huehuetenango-lugares-turisticos-guatemala.jpg 903w\" data-expand=\"700\" \/><\/div><\/a><\/div>\t\t\t\t<\/div>\n\t\t\t\t<div class=\"ak-module-details\">\n\t\t\t\t\t<h3 class=\"ak-module-title\"><a href=\"https:\/\/soymigrante.com\/revista\/que-profundidad-tiene-el-hoyo-del-cimarron-en-nenton-huehuetenango-y-como-se-origino\/\" rel=\"bookmark\" title=\"\u00bfQu\u00e9 profundidad tiene el Hoyo del Cimarr\u00f3n, en Nent\u00f3n, Huehuetenango y c\u00f3mo se origin\u00f3?\">\u00bfQu\u00e9 profundidad tiene el Hoyo del Cimarr\u00f3n, en Nent\u00f3n, Huehuetenango y&hellip;<\/a><\/h3><div class=\"ak-module-meta\"><div class=\"ak-module-time\"><a href=\"https:\/\/soymigrante.com\/revista\/que-profundidad-tiene-el-hoyo-del-cimarron-en-nenton-huehuetenango-y-como-se-origino\/\" class=\"ak-module-meta-published\"><i class=\"ak-icon akfi-schedule\"><\/i>30\/04\/2026<\/a><\/div> <div class=\"ak-module-view-count\"><i class=\"ak-icon  fa fa-eye\"><\/i><span class=\"count\">26<\/span><\/div><\/div>\t\t\t\t<\/div>\n\t\t\t<\/div>\n\t\t<\/article>\n\t\t\t\t<article class=\"ak-module ak-module-1-small-square ak-column-module ak-module-excerpt-hide clearfix post-55657 post type-post status-publish format-standard has-post-thumbnail  category-guate-nuestra tag-mercado-emprendedores\">\n\t\t\t<div class=\"ak-module-inner clearfix\">\n\t\t\t\t<div class=\"ak-module-featured\">\n\t\t\t\t\t<div class=\"ak-featured-cover\"><a href=\"https:\/\/soymigrante.com\/revista\/para-regalar-a-mama-feliz-dia-de-las-madres-mercado-obsequios\/\" class=\"ak-featured-link\" rel=\"bookmark\" title=\"Algo original, \u00fanico y aut\u00e9ntico para regalar a mam\u00e1 encu\u00e9ntralo en SoyMigrante.com MERCADO\"><div class=\"ak-featured-thumb lazy-thumb size-1000\" ><img loading=\"lazy\" decoding=\"async\" width=\"75\" height=\"75\" src=\"data:image\/gif;base64,R0lGODlhAQABAAAAACH5BAEKAAEALAAAAAABAAEAAAICTAEAOw==\" class=\"attachment-newsy_75x75 size-newsy_75x75 lazyload wp-post-image\" alt=\"obsequios perfectos para mama de emprendedores y artesanos guatemaltecos en MERCADO\" data-src=\"https:\/\/soymigrante.com\/revista\/wp-content\/uploads\/2026\/04\/obsequios-perfectos-para-mama-de-emprendedores-y-artesanos-guatemaltecos-en-MERCADO-75x75.png\" data-sizes=\"auto\" data-srcset=\"https:\/\/soymigrante.com\/revista\/wp-content\/uploads\/2026\/04\/obsequios-perfectos-para-mama-de-emprendedores-y-artesanos-guatemaltecos-en-MERCADO-75x75.png 75w, https:\/\/soymigrante.com\/revista\/wp-content\/uploads\/2026\/04\/obsequios-perfectos-para-mama-de-emprendedores-y-artesanos-guatemaltecos-en-MERCADO-300x300.png 300w, https:\/\/soymigrante.com\/revista\/wp-content\/uploads\/2026\/04\/obsequios-perfectos-para-mama-de-emprendedores-y-artesanos-guatemaltecos-en-MERCADO-1024x1024.png 1024w, https:\/\/soymigrante.com\/revista\/wp-content\/uploads\/2026\/04\/obsequios-perfectos-para-mama-de-emprendedores-y-artesanos-guatemaltecos-en-MERCADO-150x150.png 150w, https:\/\/soymigrante.com\/revista\/wp-content\/uploads\/2026\/04\/obsequios-perfectos-para-mama-de-emprendedores-y-artesanos-guatemaltecos-en-MERCADO-768x768.png 768w, https:\/\/soymigrante.com\/revista\/wp-content\/uploads\/2026\/04\/obsequios-perfectos-para-mama-de-emprendedores-y-artesanos-guatemaltecos-en-MERCADO-750x750.png 750w, https:\/\/soymigrante.com\/revista\/wp-content\/uploads\/2026\/04\/obsequios-perfectos-para-mama-de-emprendedores-y-artesanos-guatemaltecos-en-MERCADO-1140x1140.png 1140w, https:\/\/soymigrante.com\/revista\/wp-content\/uploads\/2026\/04\/obsequios-perfectos-para-mama-de-emprendedores-y-artesanos-guatemaltecos-en-MERCADO.png 1254w\" data-expand=\"700\" \/><\/div><\/a><\/div>\t\t\t\t<\/div>\n\t\t\t\t<div class=\"ak-module-details\">\n\t\t\t\t\t<h3 class=\"ak-module-title\"><a href=\"https:\/\/soymigrante.com\/revista\/para-regalar-a-mama-feliz-dia-de-las-madres-mercado-obsequios\/\" rel=\"bookmark\" title=\"Algo original, \u00fanico y aut\u00e9ntico para regalar a mam\u00e1 encu\u00e9ntralo en SoyMigrante.com MERCADO\">Algo original, \u00fanico y aut\u00e9ntico para regalar a mam\u00e1 encu\u00e9ntralo en&hellip;<\/a><\/h3><div class=\"ak-module-meta\"><div class=\"ak-module-time\"><a href=\"https:\/\/soymigrante.com\/revista\/para-regalar-a-mama-feliz-dia-de-las-madres-mercado-obsequios\/\" class=\"ak-module-meta-published\"><i class=\"ak-icon akfi-schedule\"><\/i>29\/04\/2026<\/a><\/div> <div class=\"ak-module-view-count\"><i class=\"ak-icon  fa fa-eye\"><\/i><span class=\"count\">41<\/span><\/div><\/div>\t\t\t\t<\/div>\n\t\t\t<\/div>\n\t\t<\/article>\n\t\t\t\t<article class=\"ak-module ak-module-1-small-square ak-column-module ak-module-excerpt-hide clearfix post-55583 post type-post status-publish format-standard has-post-thumbnail  category-arte-cultura category-guate-nuestra\">\n\t\t\t<div class=\"ak-module-inner clearfix\">\n\t\t\t\t<div class=\"ak-module-featured\">\n\t\t\t\t\t<div class=\"ak-featured-cover\"><a href=\"https:\/\/soymigrante.com\/revista\/recorrido-virtual-conoce-detalles-de-7-grandes-templos-de-tikal\/\" class=\"ak-featured-link\" rel=\"bookmark\" title=\"Recorrido virtual: conoce detalles de 7 grandes templos de Tikal\"><div class=\"ak-featured-thumb lazy-thumb size-1000\" ><img loading=\"lazy\" decoding=\"async\" width=\"75\" height=\"75\" src=\"data:image\/gif;base64,R0lGODlhAQABAAAAACH5BAEKAAEALAAAAAABAAEAAAICTAEAOw==\" class=\"attachment-newsy_75x75 size-newsy_75x75 lazyload wp-post-image\" alt=\"Tikal Templos Guia turismo en guatemala\" data-src=\"https:\/\/soymigrante.com\/revista\/wp-content\/uploads\/2026\/04\/tikal-guatemala-templos-guia-75x75.jpg\" data-sizes=\"auto\" data-srcset=\"https:\/\/soymigrante.com\/revista\/wp-content\/uploads\/2026\/04\/tikal-guatemala-templos-guia-75x75.jpg 75w, https:\/\/soymigrante.com\/revista\/wp-content\/uploads\/2026\/04\/tikal-guatemala-templos-guia-300x300.jpg 300w, https:\/\/soymigrante.com\/revista\/wp-content\/uploads\/2026\/04\/tikal-guatemala-templos-guia-1024x1024.jpg 1024w, https:\/\/soymigrante.com\/revista\/wp-content\/uploads\/2026\/04\/tikal-guatemala-templos-guia-150x150.jpg 150w, https:\/\/soymigrante.com\/revista\/wp-content\/uploads\/2026\/04\/tikal-guatemala-templos-guia-768x768.jpg 768w, https:\/\/soymigrante.com\/revista\/wp-content\/uploads\/2026\/04\/tikal-guatemala-templos-guia-750x750.jpg 750w, https:\/\/soymigrante.com\/revista\/wp-content\/uploads\/2026\/04\/tikal-guatemala-templos-guia-1140x1140.jpg 1140w, https:\/\/soymigrante.com\/revista\/wp-content\/uploads\/2026\/04\/tikal-guatemala-templos-guia.jpg 1500w\" data-expand=\"700\" \/><\/div><\/a><\/div>\t\t\t\t<\/div>\n\t\t\t\t<div class=\"ak-module-details\">\n\t\t\t\t\t<h3 class=\"ak-module-title\"><a href=\"https:\/\/soymigrante.com\/revista\/recorrido-virtual-conoce-detalles-de-7-grandes-templos-de-tikal\/\" rel=\"bookmark\" title=\"Recorrido virtual: conoce detalles de 7 grandes templos de Tikal\">Recorrido virtual: conoce detalles de 7 grandes templos de Tikal<\/a><\/h3><div class=\"ak-module-meta\"><div class=\"ak-module-time\"><a href=\"https:\/\/soymigrante.com\/revista\/recorrido-virtual-conoce-detalles-de-7-grandes-templos-de-tikal\/\" class=\"ak-module-meta-published\"><i class=\"ak-icon akfi-schedule\"><\/i>28\/04\/2026<\/a><\/div> <div class=\"ak-module-view-count\"><i class=\"ak-icon  fa fa-eye\"><\/i><span class=\"count\">42<\/span><\/div><\/div>\t\t\t\t<\/div>\n\t\t\t<\/div>\n\t\t<\/article>\n\t\t\t\t<article class=\"ak-module ak-module-1-small-square ak-column-module ak-module-excerpt-hide clearfix post-32185 post type-post status-publish format-standard has-post-thumbnail  category-guate-nuestra tag-danzas-de-guatemala\">\n\t\t\t<div class=\"ak-module-inner clearfix\">\n\t\t\t\t<div class=\"ak-module-featured\">\n\t\t\t\t\t<div class=\"ak-featured-cover\"><a href=\"https:\/\/soymigrante.com\/revista\/danzas-de-guatemala-danza-de-las-guacamayas-santa-cruz-verapaz-patrimonio\/\" class=\"ak-featured-link\" rel=\"bookmark\" title=\"La ancestral Danza de las Guacamayas o Ma&#8217;Muun vuela alto en Santa Cruz Verapaz cada 3 de mayo\"><div class=\"ak-featured-thumb lazy-thumb size-1000\" ><img loading=\"lazy\" decoding=\"async\" width=\"75\" height=\"75\" src=\"data:image\/gif;base64,R0lGODlhAQABAAAAACH5BAEKAAEALAAAAAABAAEAAAICTAEAOw==\" class=\"attachment-newsy_75x75 size-newsy_75x75 lazyload wp-post-image\" alt=\"Danza de las Guacamayas Patrimonio cultural de Guatemala desde 2023 Se presenta cada a\u00f1o en SAnta Cruz Verapaz y en otras localidades del pa\u00eds donde les invitan. Fotograf\u00edas Xixo Rax\" data-src=\"https:\/\/soymigrante.com\/revista\/wp-content\/uploads\/2025\/04\/danza-de-las-guacamayas-patrimonio-guatemala-13-75x75.webp\" data-sizes=\"auto\" data-srcset=\"https:\/\/soymigrante.com\/revista\/wp-content\/uploads\/2025\/04\/danza-de-las-guacamayas-patrimonio-guatemala-13-75x75.webp 75w, https:\/\/soymigrante.com\/revista\/wp-content\/uploads\/2025\/04\/danza-de-las-guacamayas-patrimonio-guatemala-13-300x300.jpg 300w, https:\/\/soymigrante.com\/revista\/wp-content\/uploads\/2025\/04\/danza-de-las-guacamayas-patrimonio-guatemala-13-1024x1024.jpg 1024w, https:\/\/soymigrante.com\/revista\/wp-content\/uploads\/2025\/04\/danza-de-las-guacamayas-patrimonio-guatemala-13-150x150.jpg 150w, https:\/\/soymigrante.com\/revista\/wp-content\/uploads\/2025\/04\/danza-de-las-guacamayas-patrimonio-guatemala-13-768x768.jpg 768w, https:\/\/soymigrante.com\/revista\/wp-content\/uploads\/2025\/04\/danza-de-las-guacamayas-patrimonio-guatemala-13-750x750.webp 750w, https:\/\/soymigrante.com\/revista\/wp-content\/uploads\/2025\/04\/danza-de-las-guacamayas-patrimonio-guatemala-13.webp 1098w\" data-expand=\"700\" \/><\/div><\/a><\/div>\t\t\t\t<\/div>\n\t\t\t\t<div class=\"ak-module-details\">\n\t\t\t\t\t<h3 class=\"ak-module-title\"><a href=\"https:\/\/soymigrante.com\/revista\/danzas-de-guatemala-danza-de-las-guacamayas-santa-cruz-verapaz-patrimonio\/\" rel=\"bookmark\" title=\"La ancestral Danza de las Guacamayas o Ma&#8217;Muun vuela alto en Santa Cruz Verapaz cada 3 de mayo\">La ancestral Danza de las Guacamayas o Ma&#8217;Muun vuela alto en Santa&hellip;<\/a><\/h3><div class=\"ak-module-meta\"><div class=\"ak-module-time\"><a href=\"https:\/\/soymigrante.com\/revista\/danzas-de-guatemala-danza-de-las-guacamayas-santa-cruz-verapaz-patrimonio\/\" class=\"ak-module-meta-published\"><i class=\"ak-icon akfi-schedule\"><\/i>26\/04\/2026<\/a><\/div> <div class=\"ak-module-view-count\"><i class=\"ak-icon  fa fa-eye\"><\/i><span class=\"count\">274<\/span><\/div><\/div>\t\t\t\t<\/div>\n\t\t\t<\/div>\n\t\t<\/article>\n\t\t<\/div><div class=\"ak-pagination load_more clearfix\"><script>var ak_pagination_data_block_69f5c2ecd9bfe_3 = {\"atts\":{\"title\":\"\",\"title_size\":\"\",\"title_line_height\":\"\",\"subtitle\":\"\",\"subtitle_size\":\"\",\"subtitle_line_height\":\"\",\"title_url\":\"\",\"title_url_text\":\"\",\"icon\":\"\",\"block_accent_color\":\"\",\"header_style\":\"style-10\",\"header_bg_color\":\"\",\"header_line_color\":\"\",\"header_title_color\":\"\",\"header_subtitle_color\":\"\",\"header_title_bg_color\":\"\",\"header_icon_color\":\"\",\"pagination\":\"load_more\",\"show_pagination_label\":\"\",\"infinity_break_count\":\"3\",\"tabs\":\"sub_cat_filter\",\"tabs_all_text\":\"TODO\",\"tabs_cat_filter\":\"\",\"tabs_tax_filter\":\"\",\"tabs_order_by_filter\":\"\",\"tabs_more_menu\":\"\",\"count\":6,\"offset\":\"\",\"post_type\":\"post\",\"post_status\":\"publish\",\"time_filter\":\"\",\"order_by\":\"latest\",\"post_format\":\"\",\"meta_query\":[],\"s\":\"\",\"author\":\"\",\"category\":\"58\",\"post\":\"\",\"taxonomy\":\"\",\"taxonomy_relation\":\"\",\"block_width\":1,\"block_id\":\"block_69f5c2ecd9bfe_3\",\"block_extra_classes\":\"\",\"custom_enabled\":\"yes\",\"custom_parts\":{\"show_excerpt\":\"hide\",\"show_author_icon\":\"hide\",\"show_author\":\"hide\",\"show_comment_count\":\"hide\",\"show_share_count\":\"hide\",\"show_voting_count\":\"hide\",\"show_category\":\"hide\",\"show_format_icon\":\"hide\",\"show_badge_icon\":\"hide\"},\"wp_query\":false,\"numeric_items_style\":\"\",\"item_margin\":10,\"show_no_result\":true,\"view\":\"newsy_list_1_small_square\",\"query-main-term\":\"58\"},\"id\":\"block_69f5c2ecd9bfe_3\",\"token\":\"00007e7c188\"};<\/script><a href=\"#\" class=\"ak-pagination-btn\" data-action=\"next\" data-block-id=\"block_69f5c2ecd9bfe_3\" title=\"Load More Posts\" rel=\"nofollow\"><span class=\"ak-pagination-btn-load-more\"><i class=\"fa fa-caret-down\" aria-hidden=\"true\"><\/i> <span class=\"txt\">Load More Posts<\/span><\/span><span class=\"ak-pagination-btn-loading\"><i class=\"fa fa-circle-o-notch fa-spin fa-fw\"><\/i> <span class=\"txt\">Loading...<\/span><\/span><span class=\"ak-pagination-btn-no-more\">No more posts.<\/span><\/a><\/div><\/div><\/div>\t\t\t\t<\/div>\n\t\t\t\t<\/div>\n\t\t\t\t\t<\/div>\n\t\t\t\t<\/div>\n\t\t<div data-particle_enable=\"false\" data-particle-mobile-disabled=\"false\" class=\"elementor-element elementor-element-3c16049 e-con-full elementor-hidden-mobile e-flex e-con e-parent\" data-id=\"3c16049\" data-element_type=\"container\" data-e-type=\"container\">\n\t\t\t\t<div class=\"elementor-element elementor-element-44c77d6 elementor-widget elementor-widget-newsy_block_14\" data-id=\"44c77d6\" data-element_type=\"widget\" data-e-type=\"widget\" data-widget_type=\"newsy_block_14.default\">\n\t\t\t\t<div class=\"elementor-widget-container\">\n\t\t\t\t\t<div class=\"ak-block ak-block-14 ak-block-column ak-masonry  ak-block-width-3 ak-pagination-container load_more clearfix\" id=\"block_69f5c2ecd9bfe_10\"><div class=\"ak-block-header ak-block-header-style-15 no-title\"><div class=\"ak-block-tabs ak-menu-more-enabled\"><ul class=\"ak-menu ak-menu-wide\"><li class=\"menu-item\"><a href=\"#\" class=\"ak-tab-btn active\" data-tab-id=\"block_69f5c2ecd9bfe_10\" data-filter=\"\" data-filter-value=\"\">TODO<\/a><\/li><li class=\"menu-item\"><a href=\"#\" class=\"ak-tab-btn term-91\" data-tab-id=\"tab_69f5c2ecd9bfe_11\" data-filter=\"category\" data-filter-value=\"91\">Cultura de Guatemala<\/a><\/li><li class=\"menu-item\"><a href=\"#\" class=\"ak-tab-btn term-306\" data-tab-id=\"tab_69f5c2ecd9bfe_12\" data-filter=\"category\" data-filter-value=\"306\">Nombres de Guatemala<\/a><\/li><li class=\"menu-item\"><a href=\"#\" class=\"ak-tab-btn term-125\" data-tab-id=\"tab_69f5c2ecd9bfe_13\" data-filter=\"category\" data-filter-value=\"125\">Pueblos de Guatemala<\/a><\/li><li class=\"menu-item\"><a href=\"#\" class=\"ak-tab-btn term-247\" data-tab-id=\"tab_69f5c2ecd9bfe_14\" data-filter=\"category\" data-filter-value=\"247\">Recetas guatemaltecas<\/a><\/li><li class=\"menu-item\"><a href=\"#\" class=\"ak-tab-btn term-289\" data-tab-id=\"tab_69f5c2ecd9bfe_15\" data-filter=\"category\" data-filter-value=\"289\">Riqueza natural<\/a><\/li><li class=\"menu-item\"><a href=\"#\" class=\"ak-tab-btn term-96\" data-tab-id=\"tab_69f5c2ecd9bfe_16\" data-filter=\"category\" data-filter-value=\"96\">S\u00edmbolos patrios<\/a><\/li><\/ul><\/div><\/div><div class=\"ak-block-inner clearfix\"><div class=\"ak-block-posts clearfix\">\t\t<article class=\"ak-module ak-module-3 ak-column-module clearfix post-55787 post type-post status-publish format-standard has-post-thumbnail  category-nombres-de-guatemala tag-abc-de-nombres-de-lugares-de-guatemala\">\n\t\t\t<div class=\"ak-module-inner clearfix\">\n\t\t\t\t<div class=\"ak-module-grid-wrap\">\n\t\t\t\t\t<div class=\"ak-module-featured\">\n\t\t\t\t\t\t<div class=\"ak-module-badges\"><\/div><div class=\"ak-featured-cover\"><a href=\"https:\/\/soymigrante.com\/revista\/que-significan-nombres-de-lugares-de-guatemala-letra-f\/\" class=\"ak-featured-link\" rel=\"bookmark\" title=\"\u00bfQu\u00e9 significan  nombres de lugares de Guatemala? &#8211; Letra F\"><div class=\"ak-featured-thumb lazy-thumb size-715\" ><img loading=\"lazy\" decoding=\"async\" width=\"350\" height=\"250\" src=\"data:image\/gif;base64,R0lGODlhAQABAAAAACH5BAEKAAEALAAAAAABAAEAAAICTAEAOw==\" class=\"attachment-newsy_350x250 size-newsy_350x250 lazyload wp-post-image\" alt=\"Nombres de Lugares de Guatemala letra F 2\" data-src=\"https:\/\/soymigrante.com\/revista\/wp-content\/uploads\/2026\/05\/Nombres-de-Lugares-de-Guatemala-letra-F-2-350x250.png\" data-sizes=\"auto\" data-srcset=\"https:\/\/soymigrante.com\/revista\/wp-content\/uploads\/2026\/05\/Nombres-de-Lugares-de-Guatemala-letra-F-2-350x250.png 350w, https:\/\/soymigrante.com\/revista\/wp-content\/uploads\/2026\/05\/Nombres-de-Lugares-de-Guatemala-letra-F-2-120x86.png 120w, https:\/\/soymigrante.com\/revista\/wp-content\/uploads\/2026\/05\/Nombres-de-Lugares-de-Guatemala-letra-F-2-750x536.png 750w\" data-expand=\"700\" \/><\/div><\/a><\/div>\t\t\t\t\t<\/div>\n\t\t\t\t\t<div class=\"ak-module-details\">\n\t\t\t\t\t\t<h3 class=\"ak-module-title\"><a href=\"https:\/\/soymigrante.com\/revista\/que-significan-nombres-de-lugares-de-guatemala-letra-f\/\" rel=\"bookmark\" title=\"\u00bfQu\u00e9 significan  nombres de lugares de Guatemala? &#8211; Letra F\">\u00bfQu\u00e9 significan  nombres de lugares de Guatemala? &#8211; Letra F<\/a><\/h3><div class=\"ak-module-meta\"><div class=\"ak-module-time\"><a href=\"https:\/\/soymigrante.com\/revista\/que-significan-nombres-de-lugares-de-guatemala-letra-f\/\" class=\"ak-module-meta-published\"><i class=\"ak-icon akfi-schedule\"><\/i>01\/05\/2026<\/a><\/div><\/div>\t\t\t\t\t<\/div>\n\t\t\t\t<\/div>\n\t\t\t<\/div>\n\t\t<\/article>\n\t\t\t\t<article class=\"ak-module ak-module-2-tall ak-column-module clearfix post-55733 post type-post status-publish format-standard has-post-thumbnail  category-guate-nuestra\">\n\t\t\t<div class=\"ak-module-inner clearfix\">\n\t\t\t\t<div class=\"ak-module-featured\">\n\t\t\t\t\t<div class=\"ak-module-badges\"><\/div><div class=\"ak-featured-cover\"><a href=\"https:\/\/soymigrante.com\/revista\/vengo-de-una-cultura-de-tejedores-artista-kaqchiqel-angelica-serech-expone-obras-en-sydney-y-en-suiza\/\" class=\"ak-featured-link\" rel=\"bookmark\" title=\"&#8220;Vengo de una cultura de tejedores&#8221;: artista k&#8217;aqchiq&#8217;el Ang\u00e9lica Serech expone obras en Sydney y en Suiza\"><div class=\"ak-featured-thumb lazy-thumb size-1400\" ><img loading=\"lazy\" decoding=\"async\" width=\"360\" height=\"504\" src=\"data:image\/gif;base64,R0lGODlhAQABAAAAACH5BAEKAAEALAAAAAABAAEAAAICTAEAOw==\" class=\"attachment-newsy_360x504 size-newsy_360x504 lazyload wp-post-image\" alt=\"Artista maya kaqchiqel Angelica Serech expone tejidos en Sydney y Suiza Guatemalteca de Comalapa 1\" data-src=\"https:\/\/soymigrante.com\/revista\/wp-content\/uploads\/2026\/04\/Artista-maya-kaqchiqel-Angelica-Serech-expone-tejidos-en-Sydney-y-Suiza-Guatemalteca-de-Comalapa-1-360x504.jpg\" data-sizes=\"auto\" data-srcset=\"\" data-expand=\"700\" \/><\/div><\/a><\/div><div class=\"ak-module-featured-meta\"><\/div>\t\t\t\t<\/div>\n\t\t\t\t<div class=\"ak-module-details\">\n\t\t\t\t\t<h3 class=\"ak-module-title\"><a href=\"https:\/\/soymigrante.com\/revista\/vengo-de-una-cultura-de-tejedores-artista-kaqchiqel-angelica-serech-expone-obras-en-sydney-y-en-suiza\/\" rel=\"bookmark\" title=\"&#8220;Vengo de una cultura de tejedores&#8221;: artista k&#8217;aqchiq&#8217;el Ang\u00e9lica Serech expone obras en Sydney y en Suiza\">&#8220;Vengo de una cultura de tejedores&#8221;: artista k&#8217;aqchiq&#8217;el Ang\u00e9lica Serech expone obras en Sydney y en Suiza<\/a><\/h3><div class=\"ak-module-meta\"><div class=\"ak-module-time\"><a href=\"https:\/\/soymigrante.com\/revista\/vengo-de-una-cultura-de-tejedores-artista-kaqchiqel-angelica-serech-expone-obras-en-sydney-y-en-suiza\/\" class=\"ak-module-meta-published\"><i class=\"ak-icon akfi-schedule\"><\/i>30\/04\/2026<\/a><\/div><\/div><div class=\"ak-module-summary\"><p>&quot;Por muchos a\u00f1os estuve trabajando en soledad donde absolutamente nadie&hellip;<\/p><\/div>\t\t\t\t<\/div>\n\t\t\t<\/div>\n\t\t<\/article>\n\t\t\t\t<article class=\"ak-module ak-module-3 ak-column-module clearfix post-55707 post type-post status-publish format-standard has-post-thumbnail  category-guate-nuestra category-riqueza-natural\">\n\t\t\t<div class=\"ak-module-inner clearfix\">\n\t\t\t\t<div class=\"ak-module-grid-wrap\">\n\t\t\t\t\t<div class=\"ak-module-featured\">\n\t\t\t\t\t\t<div class=\"ak-module-badges\"><\/div><div class=\"ak-featured-cover\"><a href=\"https:\/\/soymigrante.com\/revista\/que-profundidad-tiene-el-hoyo-del-cimarron-en-nenton-huehuetenango-y-como-se-origino\/\" class=\"ak-featured-link\" rel=\"bookmark\" title=\"\u00bfQu\u00e9 profundidad tiene el Hoyo del Cimarr\u00f3n, en Nent\u00f3n, Huehuetenango y c\u00f3mo se origin\u00f3?\"><div class=\"ak-featured-thumb lazy-thumb size-715\" ><img loading=\"lazy\" decoding=\"async\" width=\"350\" height=\"250\" src=\"data:image\/gif;base64,R0lGODlhAQABAAAAACH5BAEKAAEALAAAAAABAAEAAAICTAEAOw==\" class=\"attachment-newsy_350x250 size-newsy_350x250 lazyload wp-post-image\" alt=\"hoyo del cimarron nenton huehuetenango lugares turisticos guatemala\" data-src=\"https:\/\/soymigrante.com\/revista\/wp-content\/uploads\/2026\/04\/hoyo-del-cimarron-nenton-huehuetenango-lugares-turisticos-guatemala-350x250.jpg\" data-sizes=\"auto\" data-srcset=\"https:\/\/soymigrante.com\/revista\/wp-content\/uploads\/2026\/04\/hoyo-del-cimarron-nenton-huehuetenango-lugares-turisticos-guatemala-350x250.jpg 350w, https:\/\/soymigrante.com\/revista\/wp-content\/uploads\/2026\/04\/hoyo-del-cimarron-nenton-huehuetenango-lugares-turisticos-guatemala-120x86.jpg 120w, https:\/\/soymigrante.com\/revista\/wp-content\/uploads\/2026\/04\/hoyo-del-cimarron-nenton-huehuetenango-lugares-turisticos-guatemala-750x536.jpg 750w\" data-expand=\"700\" \/><\/div><\/a><\/div>\t\t\t\t\t<\/div>\n\t\t\t\t\t<div class=\"ak-module-details\">\n\t\t\t\t\t\t<h3 class=\"ak-module-title\"><a href=\"https:\/\/soymigrante.com\/revista\/que-profundidad-tiene-el-hoyo-del-cimarron-en-nenton-huehuetenango-y-como-se-origino\/\" rel=\"bookmark\" title=\"\u00bfQu\u00e9 profundidad tiene el Hoyo del Cimarr\u00f3n, en Nent\u00f3n, Huehuetenango y c\u00f3mo se origin\u00f3?\">\u00bfQu\u00e9 profundidad tiene el Hoyo del Cimarr\u00f3n, en Nent\u00f3n, Huehuetenango y c\u00f3mo se origin\u00f3?<\/a><\/h3><div class=\"ak-module-meta\"><div class=\"ak-module-time\"><a href=\"https:\/\/soymigrante.com\/revista\/que-profundidad-tiene-el-hoyo-del-cimarron-en-nenton-huehuetenango-y-como-se-origino\/\" class=\"ak-module-meta-published\"><i class=\"ak-icon akfi-schedule\"><\/i>30\/04\/2026<\/a><\/div><\/div>\t\t\t\t\t<\/div>\n\t\t\t\t<\/div>\n\t\t\t<\/div>\n\t\t<\/article>\n\t\t\t\t<article class=\"ak-module ak-module-2-tall ak-column-module clearfix post-55657 post type-post status-publish format-standard has-post-thumbnail  category-guate-nuestra tag-mercado-emprendedores\">\n\t\t\t<div class=\"ak-module-inner clearfix\">\n\t\t\t\t<div class=\"ak-module-featured\">\n\t\t\t\t\t<div class=\"ak-module-badges\"><\/div><div class=\"ak-featured-cover\"><a href=\"https:\/\/soymigrante.com\/revista\/para-regalar-a-mama-feliz-dia-de-las-madres-mercado-obsequios\/\" class=\"ak-featured-link\" rel=\"bookmark\" title=\"Algo original, \u00fanico y aut\u00e9ntico para regalar a mam\u00e1 encu\u00e9ntralo en SoyMigrante.com MERCADO\"><div class=\"ak-featured-thumb lazy-thumb size-1400\" ><img loading=\"lazy\" decoding=\"async\" width=\"360\" height=\"504\" src=\"data:image\/gif;base64,R0lGODlhAQABAAAAACH5BAEKAAEALAAAAAABAAEAAAICTAEAOw==\" class=\"attachment-newsy_360x504 size-newsy_360x504 lazyload wp-post-image\" alt=\"obsequios perfectos para mama de emprendedores y artesanos guatemaltecos en MERCADO\" data-src=\"https:\/\/soymigrante.com\/revista\/wp-content\/uploads\/2026\/04\/obsequios-perfectos-para-mama-de-emprendedores-y-artesanos-guatemaltecos-en-MERCADO-360x504.png\" data-sizes=\"auto\" data-srcset=\"\" data-expand=\"700\" \/><\/div><\/a><\/div><div class=\"ak-module-featured-meta\"><\/div>\t\t\t\t<\/div>\n\t\t\t\t<div class=\"ak-module-details\">\n\t\t\t\t\t<h3 class=\"ak-module-title\"><a href=\"https:\/\/soymigrante.com\/revista\/para-regalar-a-mama-feliz-dia-de-las-madres-mercado-obsequios\/\" rel=\"bookmark\" title=\"Algo original, \u00fanico y aut\u00e9ntico para regalar a mam\u00e1 encu\u00e9ntralo en SoyMigrante.com MERCADO\">Algo original, \u00fanico y aut\u00e9ntico para regalar a mam\u00e1 encu\u00e9ntralo en SoyMigrante.com MERCADO<\/a><\/h3><div class=\"ak-module-meta\"><div class=\"ak-module-time\"><a href=\"https:\/\/soymigrante.com\/revista\/para-regalar-a-mama-feliz-dia-de-las-madres-mercado-obsequios\/\" class=\"ak-module-meta-published\"><i class=\"ak-icon akfi-schedule\"><\/i>29\/04\/2026<\/a><\/div><\/div><div class=\"ak-module-summary\"><p>Desde ya Feliz D\u00eda de las Madres! Si est\u00e1s en busca de un obsequio original,&hellip;<\/p><\/div>\t\t\t\t<\/div>\n\t\t\t<\/div>\n\t\t<\/article>\n\t\t\t\t<article class=\"ak-module ak-module-3 ak-column-module clearfix post-55583 post type-post status-publish format-standard has-post-thumbnail  category-arte-cultura category-guate-nuestra\">\n\t\t\t<div class=\"ak-module-inner clearfix\">\n\t\t\t\t<div class=\"ak-module-grid-wrap\">\n\t\t\t\t\t<div class=\"ak-module-featured\">\n\t\t\t\t\t\t<div class=\"ak-module-badges\"><\/div><div class=\"ak-featured-cover\"><a href=\"https:\/\/soymigrante.com\/revista\/recorrido-virtual-conoce-detalles-de-7-grandes-templos-de-tikal\/\" class=\"ak-featured-link\" rel=\"bookmark\" title=\"Recorrido virtual: conoce detalles de 7 grandes templos de Tikal\"><div class=\"ak-featured-thumb lazy-thumb size-715\" ><img loading=\"lazy\" decoding=\"async\" width=\"350\" height=\"250\" src=\"data:image\/gif;base64,R0lGODlhAQABAAAAACH5BAEKAAEALAAAAAABAAEAAAICTAEAOw==\" class=\"attachment-newsy_350x250 size-newsy_350x250 lazyload wp-post-image\" alt=\"Tikal Templos Guia turismo en guatemala\" data-src=\"https:\/\/soymigrante.com\/revista\/wp-content\/uploads\/2026\/04\/tikal-guatemala-templos-guia-350x250.jpg\" data-sizes=\"auto\" data-srcset=\"https:\/\/soymigrante.com\/revista\/wp-content\/uploads\/2026\/04\/tikal-guatemala-templos-guia-350x250.jpg 350w, https:\/\/soymigrante.com\/revista\/wp-content\/uploads\/2026\/04\/tikal-guatemala-templos-guia-120x86.jpg 120w, https:\/\/soymigrante.com\/revista\/wp-content\/uploads\/2026\/04\/tikal-guatemala-templos-guia-750x536.jpg 750w\" data-expand=\"700\" \/><\/div><\/a><\/div>\t\t\t\t\t<\/div>\n\t\t\t\t\t<div class=\"ak-module-details\">\n\t\t\t\t\t\t<h3 class=\"ak-module-title\"><a href=\"https:\/\/soymigrante.com\/revista\/recorrido-virtual-conoce-detalles-de-7-grandes-templos-de-tikal\/\" rel=\"bookmark\" title=\"Recorrido virtual: conoce detalles de 7 grandes templos de Tikal\">Recorrido virtual: conoce detalles de 7 grandes templos de Tikal<\/a><\/h3><div class=\"ak-module-meta\"><div class=\"ak-module-time\"><a href=\"https:\/\/soymigrante.com\/revista\/recorrido-virtual-conoce-detalles-de-7-grandes-templos-de-tikal\/\" class=\"ak-module-meta-published\"><i class=\"ak-icon akfi-schedule\"><\/i>28\/04\/2026<\/a><\/div><\/div>\t\t\t\t\t<\/div>\n\t\t\t\t<\/div>\n\t\t\t<\/div>\n\t\t<\/article>\n\t\t\t\t<article class=\"ak-module ak-module-2-tall ak-column-module clearfix post-32185 post type-post status-publish format-standard has-post-thumbnail  category-guate-nuestra tag-danzas-de-guatemala\">\n\t\t\t<div class=\"ak-module-inner clearfix\">\n\t\t\t\t<div class=\"ak-module-featured\">\n\t\t\t\t\t<div class=\"ak-module-badges\"><\/div><div class=\"ak-featured-cover\"><a href=\"https:\/\/soymigrante.com\/revista\/danzas-de-guatemala-danza-de-las-guacamayas-santa-cruz-verapaz-patrimonio\/\" class=\"ak-featured-link\" rel=\"bookmark\" title=\"La ancestral Danza de las Guacamayas o Ma&#8217;Muun vuela alto en Santa Cruz Verapaz cada 3 de mayo\"><div class=\"ak-featured-thumb lazy-thumb size-1400\" ><img loading=\"lazy\" decoding=\"async\" width=\"360\" height=\"504\" src=\"data:image\/gif;base64,R0lGODlhAQABAAAAACH5BAEKAAEALAAAAAABAAEAAAICTAEAOw==\" class=\"attachment-newsy_360x504 size-newsy_360x504 lazyload wp-post-image\" alt=\"Danza de las Guacamayas Patrimonio cultural de Guatemala desde 2023 Se presenta cada a\u00f1o en SAnta Cruz Verapaz y en otras localidades del pa\u00eds donde les invitan. Fotograf\u00edas Xixo Rax\" data-src=\"https:\/\/soymigrante.com\/revista\/wp-content\/uploads\/2025\/04\/danza-de-las-guacamayas-patrimonio-guatemala-13-360x504.webp\" data-sizes=\"auto\" data-srcset=\"\" data-expand=\"700\" \/><\/div><\/a><\/div><div class=\"ak-module-featured-meta\"><\/div>\t\t\t\t<\/div>\n\t\t\t\t<div class=\"ak-module-details\">\n\t\t\t\t\t<h3 class=\"ak-module-title\"><a href=\"https:\/\/soymigrante.com\/revista\/danzas-de-guatemala-danza-de-las-guacamayas-santa-cruz-verapaz-patrimonio\/\" rel=\"bookmark\" title=\"La ancestral Danza de las Guacamayas o Ma&#8217;Muun vuela alto en Santa Cruz Verapaz cada 3 de mayo\">La ancestral Danza de las Guacamayas o Ma&#8217;Muun vuela alto en Santa Cruz Verapaz cada 3 de mayo<\/a><\/h3><div class=\"ak-module-meta\"><div class=\"ak-module-time\"><a href=\"https:\/\/soymigrante.com\/revista\/danzas-de-guatemala-danza-de-las-guacamayas-santa-cruz-verapaz-patrimonio\/\" class=\"ak-module-meta-published\"><i class=\"ak-icon akfi-schedule\"><\/i>26\/04\/2026<\/a><\/div><\/div><div class=\"ak-module-summary\"><p>La Danza de las Guacamayas o Ma&#039;Muun (Gran Se\u00f1or) resiste al tiempo y une&hellip;<\/p><\/div>\t\t\t\t<\/div>\n\t\t\t<\/div>\n\t\t<\/article>\n\t\t\t\t<article class=\"ak-module ak-module-3 ak-column-module clearfix post-29942 post type-post status-publish format-standard has-post-thumbnail  category-guate-nuestra tag-calendario-de-ferias\">\n\t\t\t<div class=\"ak-module-inner clearfix\">\n\t\t\t\t<div class=\"ak-module-grid-wrap\">\n\t\t\t\t\t<div class=\"ak-module-featured\">\n\t\t\t\t\t\t<div class=\"ak-module-badges\"><\/div><div class=\"ak-featured-cover\"><a href=\"https:\/\/soymigrante.com\/revista\/fiestas-patronales-en-pueblos-de-guatemala-durante-mayo\/\" class=\"ak-featured-link\" rel=\"bookmark\" title=\"Ferias patronales en pueblos y municipios de Guatemala durante el mes de mayo\"><div class=\"ak-featured-thumb lazy-thumb size-715\" ><img loading=\"lazy\" decoding=\"async\" width=\"350\" height=\"250\" src=\"data:image\/gif;base64,R0lGODlhAQABAAAAACH5BAEKAAEALAAAAAABAAEAAAICTAEAOw==\" class=\"attachment-newsy_350x250 size-newsy_350x250 lazyload wp-post-image\" alt=\"As\u00ed se viven las fiestas patronales de junio en Guatemala\" data-src=\"https:\/\/soymigrante.com\/revista\/wp-content\/uploads\/2025\/03\/Ferias--350x250.webp\" data-sizes=\"auto\" data-srcset=\"https:\/\/soymigrante.com\/revista\/wp-content\/uploads\/2025\/03\/Ferias--350x250.webp 350w, https:\/\/soymigrante.com\/revista\/wp-content\/uploads\/2025\/03\/Ferias--120x86.webp 120w, https:\/\/soymigrante.com\/revista\/wp-content\/uploads\/2025\/03\/Ferias--750x536.webp 750w\" data-expand=\"700\" \/><\/div><\/a><\/div>\t\t\t\t\t<\/div>\n\t\t\t\t\t<div class=\"ak-module-details\">\n\t\t\t\t\t\t<h3 class=\"ak-module-title\"><a href=\"https:\/\/soymigrante.com\/revista\/fiestas-patronales-en-pueblos-de-guatemala-durante-mayo\/\" rel=\"bookmark\" title=\"Ferias patronales en pueblos y municipios de Guatemala durante el mes de mayo\">Ferias patronales en pueblos y municipios de Guatemala durante el mes de mayo<\/a><\/h3><div class=\"ak-module-meta\"><div class=\"ak-module-time\"><a href=\"https:\/\/soymigrante.com\/revista\/fiestas-patronales-en-pueblos-de-guatemala-durante-mayo\/\" class=\"ak-module-meta-published\"><i class=\"ak-icon akfi-schedule\"><\/i>26\/04\/2026<\/a><\/div><\/div>\t\t\t\t\t<\/div>\n\t\t\t\t<\/div>\n\t\t\t<\/div>\n\t\t<\/article>\n\t\t\t\t<article class=\"ak-module ak-module-2-tall ak-column-module clearfix post-31843 post type-post status-publish format-standard has-post-thumbnail  category-guate-nuestra\">\n\t\t\t<div class=\"ak-module-inner clearfix\">\n\t\t\t\t<div class=\"ak-module-featured\">\n\t\t\t\t\t<div class=\"ak-module-badges\"><\/div><div class=\"ak-featured-cover\"><a href=\"https:\/\/soymigrante.com\/revista\/laguna-del-hoyo-un-tesoro-natural-y-mistico-en-el-corazon-de-jalapa\/\" class=\"ak-featured-link\" rel=\"bookmark\" title=\"Laguna del Hoyo en Jalapa: Un tesoro natural misterioso pero fascinante\"><div class=\"ak-featured-thumb lazy-thumb size-1400\" ><img loading=\"lazy\" decoding=\"async\" width=\"360\" height=\"504\" src=\"data:image\/gif;base64,R0lGODlhAQABAAAAACH5BAEKAAEALAAAAAABAAEAAAICTAEAOw==\" class=\"attachment-newsy_360x504 size-newsy_360x504 lazyload wp-post-image\" alt=\"Laguna natural rodeada de monta\u00f1as con vegetaci\u00f3n, paisaje pintoresco en un entorno tranquilo y soleado.\" data-src=\"https:\/\/soymigrante.com\/revista\/wp-content\/uploads\/2025\/04\/Laguna-del-Hoyo-1-360x504.webp\" data-sizes=\"auto\" data-srcset=\"\" data-expand=\"700\" \/><\/div><\/a><\/div><div class=\"ak-module-featured-meta\"><\/div>\t\t\t\t<\/div>\n\t\t\t\t<div class=\"ak-module-details\">\n\t\t\t\t\t<h3 class=\"ak-module-title\"><a href=\"https:\/\/soymigrante.com\/revista\/laguna-del-hoyo-un-tesoro-natural-y-mistico-en-el-corazon-de-jalapa\/\" rel=\"bookmark\" title=\"Laguna del Hoyo en Jalapa: Un tesoro natural misterioso pero fascinante\">Laguna del Hoyo en Jalapa: Un tesoro natural misterioso pero fascinante<\/a><\/h3><div class=\"ak-module-meta\"><div class=\"ak-module-time\"><a href=\"https:\/\/soymigrante.com\/revista\/laguna-del-hoyo-un-tesoro-natural-y-mistico-en-el-corazon-de-jalapa\/\" class=\"ak-module-meta-published\"><i class=\"ak-icon akfi-schedule\"><\/i>25\/04\/2026<\/a><\/div><\/div><div class=\"ak-module-summary\"><p>Ubicada en Monjas, esta laguna del Hoyo, ofrece paisajes impresionantes y una&hellip;<\/p><\/div>\t\t\t\t<\/div>\n\t\t\t<\/div>\n\t\t<\/article>\n\t\t\t\t<article class=\"ak-module ak-module-3 ak-column-module clearfix post-7781 post type-post status-publish format-standard has-post-thumbnail  category-recetas-guatemaltecas\">\n\t\t\t<div class=\"ak-module-inner clearfix\">\n\t\t\t\t<div class=\"ak-module-grid-wrap\">\n\t\t\t\t\t<div class=\"ak-module-featured\">\n\t\t\t\t\t\t<div class=\"ak-module-badges\"><\/div><div class=\"ak-featured-cover\"><a href=\"https:\/\/soymigrante.com\/revista\/tamales-de-guatemala-variedad-y-recetas-de-una-tradicion-de-sabor\/\" class=\"ak-featured-link\" rel=\"bookmark\" title=\"Tamales guatemaltecos: variedad y recetascon una misma tradici\u00f3n sin fronteras\"><div class=\"ak-featured-thumb lazy-thumb size-715\" ><img loading=\"lazy\" decoding=\"async\" width=\"350\" height=\"250\" src=\"data:image\/gif;base64,R0lGODlhAQABAAAAACH5BAEKAAEALAAAAAABAAEAAAICTAEAOw==\" class=\"attachment-newsy_350x250 size-newsy_350x250 lazyload wp-post-image\" alt=\"Mochilas de hoja de pl\u00e1tano envueltas en cuerda, utilizadas en festividades tradicionales mexicanas y eventos culturales. Perfectas para specialidades gastron\u00f3micas y celebraciones folcl\u00f3ricas.\" data-src=\"https:\/\/soymigrante.com\/revista\/wp-content\/uploads\/2024\/08\/tamales-de-Guatemala-350x250.webp\" data-sizes=\"auto\" data-srcset=\"https:\/\/soymigrante.com\/revista\/wp-content\/uploads\/2024\/08\/tamales-de-Guatemala-350x250.webp 350w, https:\/\/soymigrante.com\/revista\/wp-content\/uploads\/2024\/08\/tamales-de-Guatemala-120x86.webp 120w\" data-expand=\"700\" \/><\/div><\/a><\/div>\t\t\t\t\t<\/div>\n\t\t\t\t\t<div class=\"ak-module-details\">\n\t\t\t\t\t\t<h3 class=\"ak-module-title\"><a href=\"https:\/\/soymigrante.com\/revista\/tamales-de-guatemala-variedad-y-recetas-de-una-tradicion-de-sabor\/\" rel=\"bookmark\" title=\"Tamales guatemaltecos: variedad y recetascon una misma tradici\u00f3n sin fronteras\">Tamales guatemaltecos: variedad y recetascon una misma tradici\u00f3n sin fronteras<\/a><\/h3><div class=\"ak-module-meta\"><div class=\"ak-module-time\"><a href=\"https:\/\/soymigrante.com\/revista\/tamales-de-guatemala-variedad-y-recetas-de-una-tradicion-de-sabor\/\" class=\"ak-module-meta-published\"><i class=\"ak-icon akfi-schedule\"><\/i>25\/04\/2026<\/a><\/div><\/div>\t\t\t\t\t<\/div>\n\t\t\t\t<\/div>\n\t\t\t<\/div>\n\t\t<\/article>\n\t\t\t\t<article class=\"ak-module ak-module-2-tall ak-column-module clearfix post-35343 post type-post status-publish format-standard has-post-thumbnail  category-recetas-guatemaltecas\">\n\t\t\t<div class=\"ak-module-inner clearfix\">\n\t\t\t\t<div class=\"ak-module-featured\">\n\t\t\t\t\t<div class=\"ak-module-badges\"><\/div><div class=\"ak-featured-cover\"><a href=\"https:\/\/soymigrante.com\/revista\/recetas-chapinas-revolcado-guatemalteco-siempre-conquista-paladares\/\" class=\"ak-featured-link\" rel=\"bookmark\" title=\"Recetas chapinas:  Revolcado guatemalteco siempre conquista paladares\"><div class=\"ak-featured-thumb lazy-thumb size-1400\" ><img loading=\"lazy\" decoding=\"async\" width=\"360\" height=\"504\" src=\"data:image\/gif;base64,R0lGODlhAQABAAAAACH5BAEKAAEALAAAAAABAAEAAAICTAEAOw==\" class=\"attachment-newsy_360x504 size-newsy_360x504 lazyload wp-post-image\" alt=\"Jugos de carne guisada con salsa espesa y trozos de carne en plato blanco para recetas mexicanas o latinoamericanas.\" data-src=\"https:\/\/soymigrante.com\/revista\/wp-content\/uploads\/2025\/06\/Revolcado-1-360x504.webp\" data-sizes=\"auto\" data-srcset=\"\" data-expand=\"700\" \/><\/div><\/a><\/div><div class=\"ak-module-featured-meta\"><\/div>\t\t\t\t<\/div>\n\t\t\t\t<div class=\"ak-module-details\">\n\t\t\t\t\t<h3 class=\"ak-module-title\"><a href=\"https:\/\/soymigrante.com\/revista\/recetas-chapinas-revolcado-guatemalteco-siempre-conquista-paladares\/\" rel=\"bookmark\" title=\"Recetas chapinas:  Revolcado guatemalteco siempre conquista paladares\">Recetas chapinas:  Revolcado guatemalteco siempre conquista paladares<\/a><\/h3><div class=\"ak-module-meta\"><div class=\"ak-module-time\"><a href=\"https:\/\/soymigrante.com\/revista\/recetas-chapinas-revolcado-guatemalteco-siempre-conquista-paladares\/\" class=\"ak-module-meta-published\"><i class=\"ak-icon akfi-schedule\"><\/i>23\/04\/2026<\/a><\/div><\/div><div class=\"ak-module-summary\"><p>El Revolcado guatemalteco es un platillo \u00fanico del pa\u00eds, pero su sabor&hellip;<\/p><\/div>\t\t\t\t<\/div>\n\t\t\t<\/div>\n\t\t<\/article>\n\t\t\t\t<article class=\"ak-module ak-module-3 ak-column-module clearfix post-55324 post type-post status-publish format-standard has-post-thumbnail  category-guate-nuestra\">\n\t\t\t<div class=\"ak-module-inner clearfix\">\n\t\t\t\t<div class=\"ak-module-grid-wrap\">\n\t\t\t\t\t<div class=\"ak-module-featured\">\n\t\t\t\t\t\t<div class=\"ak-module-badges\"><\/div><div class=\"ak-featured-cover\"><a href=\"https:\/\/soymigrante.com\/revista\/dia-de-la-tierra-todos-los-dias-productos-guatemaltecos-naturales-y-autenticos-en-mercado\/\" class=\"ak-featured-link\" rel=\"bookmark\" title=\"D\u00eda de la Tierra todos los d\u00edas: productos guatemaltecos naturales y aut\u00e9nticos en MERCADO\"><div class=\"ak-featured-thumb lazy-thumb size-715\" ><img loading=\"lazy\" decoding=\"async\" width=\"350\" height=\"250\" src=\"data:image\/gif;base64,R0lGODlhAQABAAAAACH5BAEKAAEALAAAAAABAAEAAAICTAEAOw==\" class=\"attachment-newsy_350x250 size-newsy_350x250 lazyload wp-post-image\" alt=\"DIA DE LA TIERRA PRODUCTOS ECOLOGICOS GUATEMALA SOYMIGRANTE MERCADO\" data-src=\"https:\/\/soymigrante.com\/revista\/wp-content\/uploads\/2026\/04\/DIA-DE-LA-TIERRA-PRODUCTOS-ECOLOGICOS-GUATEMALA-SOYMIGRANTE-MERCADO-350x250.png\" data-sizes=\"auto\" data-srcset=\"https:\/\/soymigrante.com\/revista\/wp-content\/uploads\/2026\/04\/DIA-DE-LA-TIERRA-PRODUCTOS-ECOLOGICOS-GUATEMALA-SOYMIGRANTE-MERCADO-350x250.png 350w, https:\/\/soymigrante.com\/revista\/wp-content\/uploads\/2026\/04\/DIA-DE-LA-TIERRA-PRODUCTOS-ECOLOGICOS-GUATEMALA-SOYMIGRANTE-MERCADO-120x86.png 120w, https:\/\/soymigrante.com\/revista\/wp-content\/uploads\/2026\/04\/DIA-DE-LA-TIERRA-PRODUCTOS-ECOLOGICOS-GUATEMALA-SOYMIGRANTE-MERCADO-750x536.png 750w\" data-expand=\"700\" \/><\/div><\/a><\/div>\t\t\t\t\t<\/div>\n\t\t\t\t\t<div class=\"ak-module-details\">\n\t\t\t\t\t\t<h3 class=\"ak-module-title\"><a href=\"https:\/\/soymigrante.com\/revista\/dia-de-la-tierra-todos-los-dias-productos-guatemaltecos-naturales-y-autenticos-en-mercado\/\" rel=\"bookmark\" title=\"D\u00eda de la Tierra todos los d\u00edas: productos guatemaltecos naturales y aut\u00e9nticos en MERCADO\">D\u00eda de la Tierra todos los d\u00edas: productos guatemaltecos naturales y aut\u00e9nticos en MERCADO<\/a><\/h3><div class=\"ak-module-meta\"><div class=\"ak-module-time\"><a href=\"https:\/\/soymigrante.com\/revista\/dia-de-la-tierra-todos-los-dias-productos-guatemaltecos-naturales-y-autenticos-en-mercado\/\" class=\"ak-module-meta-published\"><i class=\"ak-icon akfi-schedule\"><\/i>22\/04\/2026<\/a><\/div><\/div>\t\t\t\t\t<\/div>\n\t\t\t\t<\/div>\n\t\t\t<\/div>\n\t\t<\/article>\n\t\t\t\t<article class=\"ak-module ak-module-2-tall ak-column-module clearfix post-55310 post type-post status-publish format-standard has-post-thumbnail  category-guate-nuestra\">\n\t\t\t<div class=\"ak-module-inner clearfix\">\n\t\t\t\t<div class=\"ak-module-featured\">\n\t\t\t\t\t<div class=\"ak-module-badges\"><\/div><div class=\"ak-featured-cover\"><a href=\"https:\/\/soymigrante.com\/revista\/refugio-natural-cerca-de-la-capital-la-reserva-ecologica-senderos-de-alux-en-sacatepequez\/\" class=\"ak-featured-link\" rel=\"bookmark\" title=\"Refugio natural cerca de la capital: La reserva ecol\u00f3gica Senderos de Alux en Sacatep\u00e9quez\"><div class=\"ak-featured-thumb lazy-thumb size-1400\" ><img loading=\"lazy\" decoding=\"async\" width=\"360\" height=\"504\" src=\"data:image\/gif;base64,R0lGODlhAQABAAAAACH5BAEKAAEALAAAAAABAAEAAAICTAEAOw==\" class=\"attachment-newsy_360x504 size-newsy_360x504 lazyload wp-post-image\" alt=\"parque ecologico senderos de alux 5\" data-src=\"https:\/\/soymigrante.com\/revista\/wp-content\/uploads\/2026\/04\/parque-ecologico-senderos-de-alux-5-360x504.jpg\" data-sizes=\"auto\" data-srcset=\"\" data-expand=\"700\" \/><\/div><\/a><\/div><div class=\"ak-module-featured-meta\"><\/div>\t\t\t\t<\/div>\n\t\t\t\t<div class=\"ak-module-details\">\n\t\t\t\t\t<h3 class=\"ak-module-title\"><a href=\"https:\/\/soymigrante.com\/revista\/refugio-natural-cerca-de-la-capital-la-reserva-ecologica-senderos-de-alux-en-sacatepequez\/\" rel=\"bookmark\" title=\"Refugio natural cerca de la capital: La reserva ecol\u00f3gica Senderos de Alux en Sacatep\u00e9quez\">Refugio natural cerca de la capital: La reserva ecol\u00f3gica Senderos de Alux en Sacatep\u00e9quez<\/a><\/h3><div class=\"ak-module-meta\"><div class=\"ak-module-time\"><a href=\"https:\/\/soymigrante.com\/revista\/refugio-natural-cerca-de-la-capital-la-reserva-ecologica-senderos-de-alux-en-sacatepequez\/\" class=\"ak-module-meta-published\"><i class=\"ak-icon akfi-schedule\"><\/i>22\/04\/2026<\/a><\/div><\/div><div class=\"ak-module-summary\"><p>\u00bfCon poco tiempo para viajar pero muchas ganas de relajarte y disfrutar del&hellip;<\/p><\/div>\t\t\t\t<\/div>\n\t\t\t<\/div>\n\t\t<\/article>\n\t\t<\/div><div class=\"ak-pagination load_more clearfix\"><script>var ak_pagination_data_block_69f5c2ecd9bfe_10 = {\"atts\":{\"title\":\"\",\"title_size\":\"\",\"title_line_height\":\"\",\"subtitle\":\"\",\"subtitle_size\":\"\",\"subtitle_line_height\":\"\",\"title_url\":\"\",\"title_url_text\":\"\",\"icon\":\"\",\"block_accent_color\":\"\",\"header_style\":\"style-15\",\"header_bg_color\":\"\",\"header_line_color\":\"\",\"header_title_color\":\"\",\"header_subtitle_color\":\"\",\"header_title_bg_color\":\"\",\"header_icon_color\":\"\",\"pagination\":\"load_more\",\"show_pagination_label\":\"\",\"infinity_break_count\":\"3\",\"tabs\":\"sub_cat_filter\",\"tabs_all_text\":\"TODO\",\"tabs_cat_filter\":\"\",\"tabs_tax_filter\":\"\",\"tabs_order_by_filter\":\"\",\"tabs_more_menu\":\"\",\"count\":12,\"offset\":\"\",\"post_type\":\"\",\"post_status\":\"publish\",\"time_filter\":\"\",\"order_by\":\"latest\",\"post_format\":\"\",\"meta_query\":[],\"s\":\"\",\"author\":\"\",\"category\":\"58\",\"post\":\"\",\"taxonomy\":\"\",\"taxonomy_relation\":\"\",\"block_width\":\"3\",\"block_id\":\"block_69f5c2ecd9bfe_10\",\"block_extra_classes\":\"\",\"custom_enabled\":\"\",\"custom_parts\":\"\",\"wp_query\":false,\"numeric_items_style\":\"\",\"item_margin\":\"30\",\"show_no_result\":true,\"module_2_tall_custom_enabled\":\"yes\",\"module_2_tall_custom_parts\":{\"show_author_icon\":\"hide\",\"show_author\":\"hide\",\"show_comment_count\":\"hide\",\"show_share_count\":\"hide\",\"show_view_count\":\"hide\",\"show_voting_count\":\"hide\",\"show_category\":\"hide\",\"show_format_icon\":\"hide\"},\"module_3_custom_enabled\":\"yes\",\"module_3_custom_parts\":{\"show_author_icon\":\"hide\",\"show_author\":\"hide\",\"show_comment_count\":\"hide\",\"show_share_count\":\"hide\",\"show_view_count\":\"hide\",\"show_voting_count\":\"hide\",\"show_category\":\"hide\"},\"view\":\"newsy_block_14\",\"query-main-term\":\"58\"},\"id\":\"block_69f5c2ecd9bfe_10\",\"token\":\"d163987702a\"};<\/script><a href=\"#\" class=\"ak-pagination-btn\" data-action=\"next\" data-block-id=\"block_69f5c2ecd9bfe_10\" title=\"Load More Posts\" rel=\"nofollow\"><span class=\"ak-pagination-btn-load-more\"><i class=\"fa fa-caret-down\" aria-hidden=\"true\"><\/i> <span class=\"txt\">Load More Posts<\/span><\/span><span class=\"ak-pagination-btn-loading\"><i class=\"fa fa-circle-o-notch fa-spin fa-fw\"><\/i> <span class=\"txt\">Loading...<\/span><\/span><span class=\"ak-pagination-btn-no-more\">No more posts.<\/span><\/a><\/div><\/div><\/div>\t\t\t\t<\/div>\n\t\t\t\t<\/div>\n\t\t\t\t<\/div>\n\t\t<div data-particle_enable=\"false\" data-particle-mobile-disabled=\"false\" class=\"elementor-element elementor-element-6b3f504 e-flex e-con-boxed e-con e-parent\" data-id=\"6b3f504\" data-element_type=\"container\" data-e-type=\"container\">\n\t\t\t\t\t<div class=\"e-con-inner\">\n\t\t\t\t<div class=\"elementor-element elementor-element-334adfb elementor-widget elementor-widget-newsy_block_header\" data-id=\"334adfb\" data-element_type=\"widget\" data-e-type=\"widget\" data-widget_type=\"newsy_block_header.default\">\n\t\t\t\t<div class=\"elementor-widget-container\">\n\t\t\t\t\t<div class=\"ak-block ak-block-custom-header  ak-block-width-1 clearfix\" id=\"block_69f5c2ecd9bfe_17\"><style scoped>#block_69f5c2ecd9bfe_17 .ak-block-header {--ak-block-title-text-size:24px;--ak-block-title-line-height:41px;}<\/style><div class=\"ak-block-header ak-block-header-style-10 no-tabs\"><h4 class=\"ak-block-title\"><a href=\"https:\/\/soymigrante.com\/revista\/emprendedores-de-mercado\/\"><span class=\"title-text\"><i class=\"ak-icon  fa fa-shopping-cart\"><\/i><span>Emprendedores de MERCADO<\/span><\/span><i class=\"fa fa-angle-double-right\"><\/i><\/a><\/h4><\/div><div class=\"ak-block-inner clearfix\"><\/div><\/div>\t\t\t\t<\/div>\n\t\t\t\t<\/div>\n\t\t\t\t<div class=\"elementor-element elementor-element-e9ec07f elementor-widget elementor-widget-newsy_slider_4\" data-id=\"e9ec07f\" data-element_type=\"widget\" data-e-type=\"widget\" data-widget_type=\"newsy_slider_4.default\">\n\t\t\t\t<div class=\"elementor-widget-container\">\n\t\t\t\t\t<div class=\"ak-block ak-block-grid ak-slider-4  ak-block-width-1 ak-slider-container clearfix tg-gradient tg-focus\" id=\"block_69f5c2ecd9bfe_18\"><div class=\"ak-block-inner clearfix\"><div class=\"ak-block-posts clearfix\">\t\t<article class=\"ak-module ak-module-grid ak-module-grid-big ak-slider-item ak-block-item-1 clearfix post-55657 post type-post status-publish format-standard has-post-thumbnail  category-guate-nuestra tag-mercado-emprendedores\">\n\t\t\t<div class=\"ak-module-inner clearfix\">\n\t\t\t\t<div class=\"ak-module-grid-wrap\">\n\t\t\t\t\t<div class=\"ak-module-featured\">\n\t\t\t\t\t\t\t\t\t\t\t\t\t\t\t<div class=\"ak-featured-cover\"><a href=\"https:\/\/soymigrante.com\/revista\/para-regalar-a-mama-feliz-dia-de-las-madres-mercado-obsequios\/\" class=\"ak-featured-link\" rel=\"bookmark\" title=\"Algo original, \u00fanico y aut\u00e9ntico para regalar a mam\u00e1 encu\u00e9ntralo en SoyMigrante.com MERCADO\"><div class=\"ak-featured-thumb lazy-thumb background-thumb  size-715\">\n                        <div class=\"lazyload\" title=\"obsequios perfectos para mama de emprendedores y artesanos guatemaltecos en MERCADO\" data-bgset=\"https:\/\/soymigrante.com\/revista\/wp-content\/uploads\/2026\/04\/obsequios-perfectos-para-mama-de-emprendedores-y-artesanos-guatemaltecos-en-MERCADO-750x536.png 800w\" ><\/div>\n                      <\/div><\/a><\/div>\t\t\t\t\t<\/div>\n\t\t\t\t\t<div class=\"ak-module-details\">\n\t\t\t\t\t\t<div class=\"ak-module-terms inline_badge\"><a class=\"term-58\" href=\"https:\/\/soymigrante.com\/revista\/category\/guate-nuestra\/\">Guate Nuestra<\/a><\/div>\t\t\t\t\t\t<h3 class=\"ak-module-title\"><a href=\"https:\/\/soymigrante.com\/revista\/para-regalar-a-mama-feliz-dia-de-las-madres-mercado-obsequios\/\" rel=\"bookmark\" title=\"Algo original, \u00fanico y aut\u00e9ntico para regalar a mam\u00e1 encu\u00e9ntralo en SoyMigrante.com MERCADO\">Algo original, \u00fanico y aut\u00e9ntico para regalar a mam\u00e1 encu\u00e9ntralo en SoyMigrante.com MERCADO<\/a><\/h3>\t\t\t\t\t\t<div class=\"ak-module-meta\"><div class=\"ak-module-author\">by <a href=\"https:\/\/soymigrante.com\/revista\/author\/soymigrante\/\" class=\"ak-module-author-name\">SoyMigrante.com REVISTA<\/a><\/div><div class=\"ak-module-time\"><a href=\"https:\/\/soymigrante.com\/revista\/para-regalar-a-mama-feliz-dia-de-las-madres-mercado-obsequios\/\" class=\"ak-module-meta-published\"><i class=\"ak-icon akfi-schedule\"><\/i>29\/04\/2026<\/a><\/div> <div class=\"ak-module-view-count\"><i class=\"ak-icon  fa fa-eye\"><\/i><span class=\"count\">41<\/span><\/div><\/div>\t\t\t\t\t<\/div>\n\t\t\t\t<\/div>\n\t\t\t<\/div>\n\t\t<\/article>\n\t\t\t\t<article class=\"ak-module ak-module-grid ak-module-grid-big ak-slider-item ak-block-item-2 clearfix post-55228 post type-post status-publish format-standard has-post-thumbnail  category-guate-nuestra tag-mercado-emprendedores\">\n\t\t\t<div class=\"ak-module-inner clearfix\">\n\t\t\t\t<div class=\"ak-module-grid-wrap\">\n\t\t\t\t\t<div class=\"ak-module-featured\">\n\t\t\t\t\t\t\t\t\t\t\t\t\t\t\t<div class=\"ak-featured-cover\"><a href=\"https:\/\/soymigrante.com\/revista\/libros-guatemaltecos-dia-internacional-del-libro-festeja-inspirate-mercado\/\" class=\"ak-featured-link\" rel=\"bookmark\" title=\"Celebra el D\u00eda del Libro con inspiraci\u00f3n 100% guatemalteca: adquiere, disfruta u obsequia en MERCADO\"><div class=\"ak-featured-thumb lazy-thumb background-thumb  size-715\">\n                        <div class=\"lazyload\" title=\"DIA DEL LIBRO SOYMIGRANTE MERCADO\" data-bgset=\"https:\/\/soymigrante.com\/revista\/wp-content\/uploads\/2026\/04\/DIA-DEL-LIBRO-SOYMIGRANTE-MERCADO-750x536.png 800w\" ><\/div>\n                      <\/div><\/a><\/div>\t\t\t\t\t<\/div>\n\t\t\t\t\t<div class=\"ak-module-details\">\n\t\t\t\t\t\t<div class=\"ak-module-terms inline_badge\"><a class=\"term-58\" href=\"https:\/\/soymigrante.com\/revista\/category\/guate-nuestra\/\">Guate Nuestra<\/a><\/div>\t\t\t\t\t\t<h3 class=\"ak-module-title\"><a href=\"https:\/\/soymigrante.com\/revista\/libros-guatemaltecos-dia-internacional-del-libro-festeja-inspirate-mercado\/\" rel=\"bookmark\" title=\"Celebra el D\u00eda del Libro con inspiraci\u00f3n 100% guatemalteca: adquiere, disfruta u obsequia en MERCADO\">Celebra el D\u00eda del Libro con inspiraci\u00f3n 100% guatemalteca: adquiere, disfruta u obsequia en MERCADO<\/a><\/h3>\t\t\t\t\t\t<div class=\"ak-module-meta\"><div class=\"ak-module-author\">by <a href=\"https:\/\/soymigrante.com\/revista\/author\/soymigrante\/\" class=\"ak-module-author-name\">SoyMigrante.com REVISTA<\/a><\/div><div class=\"ak-module-time\"><a href=\"https:\/\/soymigrante.com\/revista\/libros-guatemaltecos-dia-internacional-del-libro-festeja-inspirate-mercado\/\" class=\"ak-module-meta-published\"><i class=\"ak-icon akfi-schedule\"><\/i>20\/04\/2026<\/a><\/div> <div class=\"ak-module-view-count\"><i class=\"ak-icon  fa fa-eye\"><\/i><span class=\"count\">97<\/span><\/div><\/div>\t\t\t\t\t<\/div>\n\t\t\t\t<\/div>\n\t\t\t<\/div>\n\t\t<\/article>\n\t\t\t\t<article class=\"ak-module ak-module-grid ak-module-grid-big ak-slider-item ak-block-item-3 clearfix post-55055 post type-post status-publish format-standard has-post-thumbnail  category-guate-nuestra tag-mercado-emprendedores\">\n\t\t\t<div class=\"ak-module-inner clearfix\">\n\t\t\t\t<div class=\"ak-module-grid-wrap\">\n\t\t\t\t\t<div class=\"ak-module-featured\">\n\t\t\t\t\t\t\t\t\t\t\t\t\t\t\t<div class=\"ak-featured-cover\"><a href=\"https:\/\/soymigrante.com\/revista\/dia-mundial-del-emprendimiento-16-historias-llenas-de-trabajo-y-creatividad-presentes-en-mercado\/\" class=\"ak-featured-link\" rel=\"bookmark\" title=\"D\u00eda Mundial del Emprendimiento: 16 historias llenas de  trabajo y creatividad presentes en MERCADO\"><div class=\"ak-featured-thumb lazy-thumb background-thumb  size-715\">\n                        <div class=\"lazyload\" title=\"SOYMIGRANTECOM MERCADO DIA MUNDIAL DEL EMPRENDEDOR\" data-bgset=\"https:\/\/soymigrante.com\/revista\/wp-content\/uploads\/2026\/04\/SOYMIGRANTECOM-MERCADO-DIA-MUNDIAL-DEL-EMPRENDEDOR-750x536.png 800w\" ><\/div>\n                      <\/div><\/a><\/div>\t\t\t\t\t<\/div>\n\t\t\t\t\t<div class=\"ak-module-details\">\n\t\t\t\t\t\t<div class=\"ak-module-terms inline_badge\"><a class=\"term-58\" href=\"https:\/\/soymigrante.com\/revista\/category\/guate-nuestra\/\">Guate Nuestra<\/a><\/div>\t\t\t\t\t\t<h3 class=\"ak-module-title\"><a href=\"https:\/\/soymigrante.com\/revista\/dia-mundial-del-emprendimiento-16-historias-llenas-de-trabajo-y-creatividad-presentes-en-mercado\/\" rel=\"bookmark\" title=\"D\u00eda Mundial del Emprendimiento: 16 historias llenas de  trabajo y creatividad presentes en MERCADO\">D\u00eda Mundial del Emprendimiento: 16 historias llenas de  trabajo y creatividad presentes en MERCADO<\/a><\/h3>\t\t\t\t\t\t<div class=\"ak-module-meta\"><div class=\"ak-module-author\">by <a href=\"https:\/\/soymigrante.com\/revista\/author\/soymigrante\/\" class=\"ak-module-author-name\">SoyMigrante.com REVISTA<\/a><\/div><div class=\"ak-module-time\"><a href=\"https:\/\/soymigrante.com\/revista\/dia-mundial-del-emprendimiento-16-historias-llenas-de-trabajo-y-creatividad-presentes-en-mercado\/\" class=\"ak-module-meta-published\"><i class=\"ak-icon akfi-schedule\"><\/i>16\/04\/2026<\/a><\/div> <div class=\"ak-module-view-count\"><i class=\"ak-icon  fa fa-eye\"><\/i><span class=\"count\">35<\/span><\/div><\/div>\t\t\t\t\t<\/div>\n\t\t\t\t<\/div>\n\t\t\t<\/div>\n\t\t<\/article>\n\t\t\t\t<article class=\"ak-module ak-module-grid ak-module-grid-big ak-slider-item ak-block-item-4 clearfix post-42866 post type-post status-publish format-standard has-post-thumbnail  category-guate-nuestra tag-mercado-emprendedores\">\n\t\t\t<div class=\"ak-module-inner clearfix\">\n\t\t\t\t<div class=\"ak-module-grid-wrap\">\n\t\t\t\t\t<div class=\"ak-module-featured\">\n\t\t\t\t\t\t\t\t\t\t\t\t\t\t\t<div class=\"ak-featured-cover\"><a href=\"https:\/\/soymigrante.com\/revista\/un-elote-con-historia-en-el-emprendimiento-de-las-hermanas-gil\/\" class=\"ak-featured-link\" rel=\"bookmark\" title=\"Altahir, emprendimiento de productos cosm\u00e9ticos de las hermanas Gil de Amatitl\u00e1n, est\u00e1 en SoyMigrante.com MERCADO\"><div class=\"ak-featured-thumb lazy-thumb background-thumb  size-715\">\n                        <div class=\"lazyload\" title=\"Botellas de productos cosm\u00e9ticos en un laboratorio de fabricaci\u00f3n, mujer trabajando con \u00e9tica en el sector cosm\u00e9tico, innovaci\u00f3n en la industria de belleza para emigrantes en Latinoam\u00e9rica.\" data-bgset=\"https:\/\/soymigrante.com\/revista\/wp-content\/uploads\/2025\/08\/altair.webp 800w\" ><\/div>\n                      <\/div><\/a><\/div>\t\t\t\t\t<\/div>\n\t\t\t\t\t<div class=\"ak-module-details\">\n\t\t\t\t\t\t<div class=\"ak-module-terms inline_badge\"><a class=\"term-58\" href=\"https:\/\/soymigrante.com\/revista\/category\/guate-nuestra\/\">Guate Nuestra<\/a><\/div>\t\t\t\t\t\t<h3 class=\"ak-module-title\"><a href=\"https:\/\/soymigrante.com\/revista\/un-elote-con-historia-en-el-emprendimiento-de-las-hermanas-gil\/\" rel=\"bookmark\" title=\"Altahir, emprendimiento de productos cosm\u00e9ticos de las hermanas Gil de Amatitl\u00e1n, est\u00e1 en SoyMigrante.com MERCADO\">Altahir, emprendimiento de productos cosm\u00e9ticos de las hermanas Gil de Amatitl\u00e1n, est\u00e1 en SoyMigrante.com MERCADO<\/a><\/h3>\t\t\t\t\t\t<div class=\"ak-module-meta\"><div class=\"ak-module-author\">by <a href=\"https:\/\/soymigrante.com\/revista\/author\/gustavo\/\" class=\"ak-module-author-name\">Gustavo Montenegro<\/a><\/div><div class=\"ak-module-time\"><a href=\"https:\/\/soymigrante.com\/revista\/un-elote-con-historia-en-el-emprendimiento-de-las-hermanas-gil\/\" class=\"ak-module-meta-published\"><i class=\"ak-icon akfi-schedule\"><\/i>12\/04\/2026<\/a><\/div> <div class=\"ak-module-view-count\"><i class=\"ak-icon  fa fa-eye\"><\/i><span class=\"count\">67<\/span><\/div><\/div>\t\t\t\t\t<\/div>\n\t\t\t\t<\/div>\n\t\t\t<\/div>\n\t\t<\/article>\n\t\t\t\t<article class=\"ak-module ak-module-grid ak-module-grid-big ak-slider-item ak-block-item-5 clearfix post-53970 post type-post status-publish format-standard has-post-thumbnail  category-guate-nuestra tag-mercado-emprendedores\">\n\t\t\t<div class=\"ak-module-inner clearfix\">\n\t\t\t\t<div class=\"ak-module-grid-wrap\">\n\t\t\t\t\t<div class=\"ak-module-featured\">\n\t\t\t\t\t\t\t\t\t\t\t\t\t\t\t<div class=\"ak-featured-cover\"><a href=\"https:\/\/soymigrante.com\/revista\/victoria-joyeria-textil-que-deslumbra-e-inspira-a-superar-adversidades-ya-esta-en-soymigrante-mercado\/\" class=\"ak-featured-link\" rel=\"bookmark\" title=\"Victoria, joyer\u00eda textil que deslumbra e inspira a superar adversidades ya est\u00e1 en SoyMigrante MERCADO\"><div class=\"ak-featured-thumb lazy-thumb background-thumb  size-715\">\n                        <div class=\"lazyload\" title=\"victoria joyeria textil coban mercado\" data-bgset=\"https:\/\/soymigrante.com\/revista\/wp-content\/uploads\/2026\/03\/victoria-joyeria-textil-coban-mercado-750x536.png 800w\" ><\/div>\n                      <\/div><\/a><\/div>\t\t\t\t\t<\/div>\n\t\t\t\t\t<div class=\"ak-module-details\">\n\t\t\t\t\t\t<div class=\"ak-module-terms inline_badge\"><a class=\"term-58\" href=\"https:\/\/soymigrante.com\/revista\/category\/guate-nuestra\/\">Guate Nuestra<\/a><\/div>\t\t\t\t\t\t<h3 class=\"ak-module-title\"><a href=\"https:\/\/soymigrante.com\/revista\/victoria-joyeria-textil-que-deslumbra-e-inspira-a-superar-adversidades-ya-esta-en-soymigrante-mercado\/\" rel=\"bookmark\" title=\"Victoria, joyer\u00eda textil que deslumbra e inspira a superar adversidades ya est\u00e1 en SoyMigrante MERCADO\">Victoria, joyer\u00eda textil que deslumbra e inspira a superar adversidades ya est\u00e1 en SoyMigrante MERCADO<\/a><\/h3>\t\t\t\t\t\t<div class=\"ak-module-meta\"><div class=\"ak-module-author\">by <a href=\"https:\/\/soymigrante.com\/revista\/author\/gustavo\/\" class=\"ak-module-author-name\">Gustavo Montenegro<\/a><\/div><div class=\"ak-module-time\"><a href=\"https:\/\/soymigrante.com\/revista\/victoria-joyeria-textil-que-deslumbra-e-inspira-a-superar-adversidades-ya-esta-en-soymigrante-mercado\/\" class=\"ak-module-meta-published\"><i class=\"ak-icon akfi-schedule\"><\/i>23\/03\/2026<\/a><\/div> <div class=\"ak-module-view-count\"><i class=\"ak-icon  fa fa-eye\"><\/i><span class=\"count\">110<\/span><\/div><\/div>\t\t\t\t\t<\/div>\n\t\t\t\t<\/div>\n\t\t\t<\/div>\n\t\t<\/article>\n\t\t\t\t<article class=\"ak-module ak-module-grid ak-module-grid-big ak-slider-item ak-block-item-6 clearfix post-53905 post type-post status-publish format-standard has-post-thumbnail  category-guate-nuestra tag-mercado-emprendedores\">\n\t\t\t<div class=\"ak-module-inner clearfix\">\n\t\t\t\t<div class=\"ak-module-grid-wrap\">\n\t\t\t\t\t<div class=\"ak-module-featured\">\n\t\t\t\t\t\t\t\t\t\t\t\t\t\t\t<div class=\"ak-featured-cover\"><a href=\"https:\/\/soymigrante.com\/revista\/dia-internacional-del-artesano-prefiere-lo-autentico-y-apoya-a-creadores-guatemaltecos-en-soymigrante-com-mercado\/\" class=\"ak-featured-link\" rel=\"bookmark\" title=\"D\u00eda Internacional del Artesano: prefiere lo aut\u00e9ntico y apoya a creadores guatemaltecos  en SoyMigrante.com MERCADO\"><div class=\"ak-featured-thumb lazy-thumb background-thumb  size-715\">\n                        <div class=\"lazyload\" title=\"dia del artesano soymigrante mercado\" data-bgset=\"https:\/\/soymigrante.com\/revista\/wp-content\/uploads\/2026\/03\/dia-del-artesano-soymigrante-mercado-750x536.png 800w\" ><\/div>\n                      <\/div><\/a><\/div>\t\t\t\t\t<\/div>\n\t\t\t\t\t<div class=\"ak-module-details\">\n\t\t\t\t\t\t<div class=\"ak-module-terms inline_badge\"><a class=\"term-58\" href=\"https:\/\/soymigrante.com\/revista\/category\/guate-nuestra\/\">Guate Nuestra<\/a><\/div>\t\t\t\t\t\t<h3 class=\"ak-module-title\"><a href=\"https:\/\/soymigrante.com\/revista\/dia-internacional-del-artesano-prefiere-lo-autentico-y-apoya-a-creadores-guatemaltecos-en-soymigrante-com-mercado\/\" rel=\"bookmark\" title=\"D\u00eda Internacional del Artesano: prefiere lo aut\u00e9ntico y apoya a creadores guatemaltecos  en SoyMigrante.com MERCADO\">D\u00eda Internacional del Artesano: prefiere lo aut\u00e9ntico y apoya a creadores guatemaltecos  en SoyMigrante.com MERCADO<\/a><\/h3>\t\t\t\t\t\t<div class=\"ak-module-meta\"><div class=\"ak-module-author\">by <a href=\"https:\/\/soymigrante.com\/revista\/author\/gustavo\/\" class=\"ak-module-author-name\">Gustavo Montenegro<\/a><\/div><div class=\"ak-module-time\"><a href=\"https:\/\/soymigrante.com\/revista\/dia-internacional-del-artesano-prefiere-lo-autentico-y-apoya-a-creadores-guatemaltecos-en-soymigrante-com-mercado\/\" class=\"ak-module-meta-published\"><i class=\"ak-icon akfi-schedule\"><\/i>19\/03\/2026<\/a><\/div> <div class=\"ak-module-view-count\"><i class=\"ak-icon  fa fa-eye\"><\/i><span class=\"count\">20<\/span><\/div><\/div>\t\t\t\t\t<\/div>\n\t\t\t\t<\/div>\n\t\t\t<\/div>\n\t\t<\/article>\n\t\t\t\t<article class=\"ak-module ak-module-grid ak-module-grid-big ak-slider-item ak-block-item-7 clearfix post-39764 post type-post status-publish format-standard has-post-thumbnail  category-guate-nuestra tag-mercado-emprendedores\">\n\t\t\t<div class=\"ak-module-inner clearfix\">\n\t\t\t\t<div class=\"ak-module-grid-wrap\">\n\t\t\t\t\t<div class=\"ak-module-featured\">\n\t\t\t\t\t\t\t\t\t\t\t\t\t\t\t<div class=\"ak-featured-cover\"><a href=\"https:\/\/soymigrante.com\/revista\/emprendedora-cristina-contreras-convirtio-sus-cualidades-en-menjurjes-tienda-digital-en-mercado\/\" class=\"ak-featured-link\" rel=\"bookmark\" title=\"Emprendedora Cristina Contreras convirti\u00f3 sus cualidades en Menjurjes, aceites saborizados a la venta en MERCADO\"><div class=\"ak-featured-thumb lazy-thumb background-thumb  size-715\">\n                        <div class=\"lazyload\" title=\"Aceite de cilantro y chile de Chilete en botellas grandes con etiquetado de SoyMigrante.com revista, mujer sonriente en fondo de madera mostrando productos tradicionales de la gastronom\u00eda peruana.\" data-bgset=\"https:\/\/soymigrante.com\/revista\/wp-content\/uploads\/2025\/07\/menjurjes-tienda-en-soymigrante.com-mercado-750x536.webp 800w\" ><\/div>\n                      <\/div><\/a><\/div>\t\t\t\t\t<\/div>\n\t\t\t\t\t<div class=\"ak-module-details\">\n\t\t\t\t\t\t<div class=\"ak-module-terms inline_badge\"><a class=\"term-58\" href=\"https:\/\/soymigrante.com\/revista\/category\/guate-nuestra\/\">Guate Nuestra<\/a><\/div>\t\t\t\t\t\t<h3 class=\"ak-module-title\"><a href=\"https:\/\/soymigrante.com\/revista\/emprendedora-cristina-contreras-convirtio-sus-cualidades-en-menjurjes-tienda-digital-en-mercado\/\" rel=\"bookmark\" title=\"Emprendedora Cristina Contreras convirti\u00f3 sus cualidades en Menjurjes, aceites saborizados a la venta en MERCADO\">Emprendedora Cristina Contreras convirti\u00f3 sus cualidades en Menjurjes, aceites saborizados a la venta en MERCADO<\/a><\/h3>\t\t\t\t\t\t<div class=\"ak-module-meta\"><div class=\"ak-module-author\">by <a href=\"https:\/\/soymigrante.com\/revista\/author\/marysabel-aldana\/\" class=\"ak-module-author-name\">Marysabel Aldana<\/a><\/div><div class=\"ak-module-time\"><a href=\"https:\/\/soymigrante.com\/revista\/emprendedora-cristina-contreras-convirtio-sus-cualidades-en-menjurjes-tienda-digital-en-mercado\/\" class=\"ak-module-meta-published\"><i class=\"ak-icon akfi-schedule\"><\/i>08\/02\/2026<\/a><\/div> <div class=\"ak-module-view-count\"><i class=\"ak-icon  fa fa-eye\"><\/i><span class=\"count\">96<\/span><\/div><\/div>\t\t\t\t\t<\/div>\n\t\t\t\t<\/div>\n\t\t\t<\/div>\n\t\t<\/article>\n\t\t\t\t<article class=\"ak-module ak-module-grid ak-module-grid-big ak-slider-item ak-block-item-8 clearfix post-36657 post type-post status-publish format-standard has-post-thumbnail  category-guate-nuestra tag-mercado-emprendedores\">\n\t\t\t<div class=\"ak-module-inner clearfix\">\n\t\t\t\t<div class=\"ak-module-grid-wrap\">\n\t\t\t\t\t<div class=\"ak-module-featured\">\n\t\t\t\t\t\t\t\t\t\t\t\t\t\t\t<div class=\"ak-featured-cover\"><a href=\"https:\/\/soymigrante.com\/revista\/cafe-santa-clarita-cultivado-con-carino-desde-la-raiz-en-alta-verapaz-y-ahora-esta-en-mercado\/\" class=\"ak-featured-link\" rel=\"bookmark\" title=\"Caf\u00e9 Clarita: cultivado con cari\u00f1o desde la ra\u00edz en Alta Verapaz (y ahora est\u00e1 en MERCADO)\"><div class=\"ak-featured-thumb lazy-thumb background-thumb  size-715\">\n                        <div class=\"lazyload\" title=\"Finca Clarita sobre plantaci\u00f3n de caf\u00e9 en C\u00f3b\u00e1n, detalle de etiquetado con informaci\u00f3n de proceso, perfil de taza y variedad ar\u00e1bica, en un entorno natural con hojas verdes y flores blancas.\" data-bgset=\"https:\/\/soymigrante.com\/revista\/wp-content\/uploads\/2025\/06\/CAFE-CLARITA-750x536.webp 800w\" ><\/div>\n                      <\/div><\/a><\/div>\t\t\t\t\t<\/div>\n\t\t\t\t\t<div class=\"ak-module-details\">\n\t\t\t\t\t\t<div class=\"ak-module-terms inline_badge\"><a class=\"term-58\" href=\"https:\/\/soymigrante.com\/revista\/category\/guate-nuestra\/\">Guate Nuestra<\/a><\/div>\t\t\t\t\t\t<h3 class=\"ak-module-title\"><a href=\"https:\/\/soymigrante.com\/revista\/cafe-santa-clarita-cultivado-con-carino-desde-la-raiz-en-alta-verapaz-y-ahora-esta-en-mercado\/\" rel=\"bookmark\" title=\"Caf\u00e9 Clarita: cultivado con cari\u00f1o desde la ra\u00edz en Alta Verapaz (y ahora est\u00e1 en MERCADO)\">Caf\u00e9 Clarita: cultivado con cari\u00f1o desde la ra\u00edz en Alta Verapaz (y ahora est\u00e1 en MERCADO)<\/a><\/h3>\t\t\t\t\t\t<div class=\"ak-module-meta\"><div class=\"ak-module-author\">by <a href=\"https:\/\/soymigrante.com\/revista\/author\/gustavo\/\" class=\"ak-module-author-name\">Gustavo Montenegro<\/a><\/div><div class=\"ak-module-time\"><a href=\"https:\/\/soymigrante.com\/revista\/cafe-santa-clarita-cultivado-con-carino-desde-la-raiz-en-alta-verapaz-y-ahora-esta-en-mercado\/\" class=\"ak-module-meta-published\"><i class=\"ak-icon akfi-schedule\"><\/i>31\/01\/2026<\/a><\/div> <div class=\"ak-module-view-count\"><i class=\"ak-icon  fa fa-eye\"><\/i><span class=\"count\">111<\/span><\/div><\/div>\t\t\t\t\t<\/div>\n\t\t\t\t<\/div>\n\t\t\t<\/div>\n\t\t<\/article>\n\t\t\t\t<article class=\"ak-module ak-module-grid ak-module-grid-big ak-slider-item ak-block-item-9 clearfix post-49286 post type-post status-publish format-standard has-post-thumbnail  category-guate-nuestra tag-mercado-emprendedores\">\n\t\t\t<div class=\"ak-module-inner clearfix\">\n\t\t\t\t<div class=\"ak-module-grid-wrap\">\n\t\t\t\t\t<div class=\"ak-module-featured\">\n\t\t\t\t\t\t\t\t\t\t\t\t\t\t\t<div class=\"ak-featured-cover\"><a href=\"https:\/\/soymigrante.com\/revista\/obsequia-inspiracion-libros-100-guatemaltecos-disponibles-en-mercado\/\" class=\"ak-featured-link\" rel=\"bookmark\" title=\"Regala inspiraci\u00f3n: Libros 100% guatemaltecos disponibles en MERCADO son el obsequio perfecto.\"><div class=\"ak-featured-thumb lazy-thumb background-thumb  size-715\">\n                        <div class=\"lazyload\" title=\"El ejemplo de los padres leyendo libros es una poderosa motivaci\u00f3n para que ni\u00f1os y j\u00f3venes dediquen tiempo a esta modalidad de aprendizaje, que requiere de concentraci\u00f3n y h\u00e1bito.\" data-bgset=\"https:\/\/soymigrante.com\/revista\/wp-content\/uploads\/2025\/10\/envato-labs-image-edit-8-750x536.jpg 800w\" ><\/div>\n                      <\/div><\/a><\/div>\t\t\t\t\t<\/div>\n\t\t\t\t\t<div class=\"ak-module-details\">\n\t\t\t\t\t\t<div class=\"ak-module-terms inline_badge\"><a class=\"term-58\" href=\"https:\/\/soymigrante.com\/revista\/category\/guate-nuestra\/\">Guate Nuestra<\/a><\/div>\t\t\t\t\t\t<h3 class=\"ak-module-title\"><a href=\"https:\/\/soymigrante.com\/revista\/obsequia-inspiracion-libros-100-guatemaltecos-disponibles-en-mercado\/\" rel=\"bookmark\" title=\"Regala inspiraci\u00f3n: Libros 100% guatemaltecos disponibles en MERCADO son el obsequio perfecto.\">Regala inspiraci\u00f3n: Libros 100% guatemaltecos disponibles en MERCADO son el obsequio perfecto.<\/a><\/h3>\t\t\t\t\t\t<div class=\"ak-module-meta\"><div class=\"ak-module-author\">by <a href=\"https:\/\/soymigrante.com\/revista\/author\/soymigrante\/\" class=\"ak-module-author-name\">SoyMigrante.com REVISTA<\/a><\/div><div class=\"ak-module-time\"><a href=\"https:\/\/soymigrante.com\/revista\/obsequia-inspiracion-libros-100-guatemaltecos-disponibles-en-mercado\/\" class=\"ak-module-meta-published\"><i class=\"ak-icon akfi-schedule\"><\/i>04\/12\/2025<\/a><\/div> <div class=\"ak-module-view-count\"><i class=\"ak-icon  fa fa-eye\"><\/i><span class=\"count\">68<\/span><\/div><\/div>\t\t\t\t\t<\/div>\n\t\t\t\t<\/div>\n\t\t\t<\/div>\n\t\t<\/article>\n\t\t\t\t<article class=\"ak-module ak-module-grid ak-module-grid-big ak-slider-item ak-block-item-10 clearfix post-49189 post type-post status-publish format-standard has-post-thumbnail  category-guate-nuestra tag-mercado-emprendedores\">\n\t\t\t<div class=\"ak-module-inner clearfix\">\n\t\t\t\t<div class=\"ak-module-grid-wrap\">\n\t\t\t\t\t<div class=\"ak-module-featured\">\n\t\t\t\t\t\t\t\t\t\t\t\t\t\t\t<div class=\"ak-featured-cover\"><a href=\"https:\/\/soymigrante.com\/revista\/guia-para-empezar-a-vender-en-soymigrante-com-mercado-potencia-tu-emprendimiento-con-comercio-digital\/\" class=\"ak-featured-link\" rel=\"bookmark\" title=\"Gu\u00eda para empezar a vender en SoyMigrante.com MERCADO &#8211; Potencia tu emprendimiento con comercio digital\"><div class=\"ak-featured-thumb lazy-thumb background-thumb  size-715\">\n                        <div class=\"lazyload\" title=\"soymigrante mercado emprendedor guia para empezar a vender tienda digital\" data-bgset=\"https:\/\/soymigrante.com\/revista\/wp-content\/uploads\/2025\/12\/soymigrante-mercado-emprendedor-guia-para-empezar-a-vender-tienda-digital.png 800w\" ><\/div>\n                      <\/div><\/a><\/div>\t\t\t\t\t<\/div>\n\t\t\t\t\t<div class=\"ak-module-details\">\n\t\t\t\t\t\t<div class=\"ak-module-terms inline_badge\"><a class=\"term-58\" href=\"https:\/\/soymigrante.com\/revista\/category\/guate-nuestra\/\">Guate Nuestra<\/a><\/div>\t\t\t\t\t\t<h3 class=\"ak-module-title\"><a href=\"https:\/\/soymigrante.com\/revista\/guia-para-empezar-a-vender-en-soymigrante-com-mercado-potencia-tu-emprendimiento-con-comercio-digital\/\" rel=\"bookmark\" title=\"Gu\u00eda para empezar a vender en SoyMigrante.com MERCADO &#8211; Potencia tu emprendimiento con comercio digital\">Gu\u00eda para empezar a vender en SoyMigrante.com MERCADO &#8211; Potencia tu emprendimiento con comercio digital<\/a><\/h3>\t\t\t\t\t\t<div class=\"ak-module-meta\"><div class=\"ak-module-author\">by <a href=\"https:\/\/soymigrante.com\/revista\/author\/gustavo\/\" class=\"ak-module-author-name\">Gustavo Montenegro<\/a><\/div><div class=\"ak-module-time\"><a href=\"https:\/\/soymigrante.com\/revista\/guia-para-empezar-a-vender-en-soymigrante-com-mercado-potencia-tu-emprendimiento-con-comercio-digital\/\" class=\"ak-module-meta-published\"><i class=\"ak-icon akfi-schedule\"><\/i>02\/12\/2025<\/a><\/div> <div class=\"ak-module-view-count\"><i class=\"ak-icon  fa fa-eye\"><\/i><span class=\"count\">50<\/span><\/div><\/div>\t\t\t\t\t<\/div>\n\t\t\t\t<\/div>\n\t\t\t<\/div>\n\t\t<\/article>\n\t\t<\/div><div class=\"ak-slider-nav-container clearfix\"><div class=\"ak-slider-nav\"><a href=\"javascript:;\"><div class=\"ak-slider-nav-thumb\"><div class=\"ak-featured-thumb lazy-thumb size-715\"><img loading=\"lazy\" decoding=\"async\" width=\"120\" height=\"86\" src=\"data:image\/gif;base64,R0lGODlhAQABAAAAACH5BAEKAAEALAAAAAABAAEAAAICTAEAOw==\" class=\"attachment-newsy_120x86 size-newsy_120x86 lazyload\" alt=\"obsequios perfectos para mama de emprendedores y artesanos guatemaltecos en MERCADO\" data-src=\"https:\/\/soymigrante.com\/revista\/wp-content\/uploads\/2026\/04\/obsequios-perfectos-para-mama-de-emprendedores-y-artesanos-guatemaltecos-en-MERCADO-120x86.png\" \/><\/div><\/div><\/a><a href=\"javascript:;\"><div class=\"ak-slider-nav-thumb\"><div class=\"ak-featured-thumb lazy-thumb size-715\"><img loading=\"lazy\" decoding=\"async\" width=\"120\" height=\"86\" src=\"data:image\/gif;base64,R0lGODlhAQABAAAAACH5BAEKAAEALAAAAAABAAEAAAICTAEAOw==\" class=\"attachment-newsy_120x86 size-newsy_120x86 lazyload\" alt=\"DIA DEL LIBRO SOYMIGRANTE MERCADO\" data-src=\"https:\/\/soymigrante.com\/revista\/wp-content\/uploads\/2026\/04\/DIA-DEL-LIBRO-SOYMIGRANTE-MERCADO-120x86.png\" \/><\/div><\/div><\/a><a href=\"javascript:;\"><div class=\"ak-slider-nav-thumb\"><div class=\"ak-featured-thumb lazy-thumb size-715\"><img loading=\"lazy\" decoding=\"async\" width=\"120\" height=\"86\" src=\"data:image\/gif;base64,R0lGODlhAQABAAAAACH5BAEKAAEALAAAAAABAAEAAAICTAEAOw==\" class=\"attachment-newsy_120x86 size-newsy_120x86 lazyload\" alt=\"SOYMIGRANTECOM MERCADO DIA MUNDIAL DEL EMPRENDEDOR\" data-src=\"https:\/\/soymigrante.com\/revista\/wp-content\/uploads\/2026\/04\/SOYMIGRANTECOM-MERCADO-DIA-MUNDIAL-DEL-EMPRENDEDOR-120x86.png\" \/><\/div><\/div><\/a><a href=\"javascript:;\"><div class=\"ak-slider-nav-thumb\"><div class=\"ak-featured-thumb lazy-thumb size-715\"><img loading=\"lazy\" decoding=\"async\" width=\"120\" height=\"86\" src=\"data:image\/gif;base64,R0lGODlhAQABAAAAACH5BAEKAAEALAAAAAABAAEAAAICTAEAOw==\" class=\"attachment-newsy_120x86 size-newsy_120x86 lazyload\" alt=\"Botellas de productos cosm\u00e9ticos en un laboratorio de fabricaci\u00f3n, mujer trabajando con \u00e9tica en el sector cosm\u00e9tico, innovaci\u00f3n en la industria de belleza para emigrantes en Latinoam\u00e9rica.\" data-src=\"https:\/\/soymigrante.com\/revista\/wp-content\/uploads\/2025\/08\/altair-120x86.webp\" \/><\/div><\/div><\/a><a href=\"javascript:;\"><div class=\"ak-slider-nav-thumb\"><div class=\"ak-featured-thumb lazy-thumb size-715\"><img loading=\"lazy\" decoding=\"async\" width=\"120\" height=\"86\" src=\"data:image\/gif;base64,R0lGODlhAQABAAAAACH5BAEKAAEALAAAAAABAAEAAAICTAEAOw==\" class=\"attachment-newsy_120x86 size-newsy_120x86 lazyload\" alt=\"victoria joyeria textil coban mercado\" data-src=\"https:\/\/soymigrante.com\/revista\/wp-content\/uploads\/2026\/03\/victoria-joyeria-textil-coban-mercado-120x86.png\" \/><\/div><\/div><\/a><a href=\"javascript:;\"><div class=\"ak-slider-nav-thumb\"><div class=\"ak-featured-thumb lazy-thumb size-715\"><img loading=\"lazy\" decoding=\"async\" width=\"120\" height=\"86\" src=\"data:image\/gif;base64,R0lGODlhAQABAAAAACH5BAEKAAEALAAAAAABAAEAAAICTAEAOw==\" class=\"attachment-newsy_120x86 size-newsy_120x86 lazyload\" alt=\"dia del artesano soymigrante mercado\" data-src=\"https:\/\/soymigrante.com\/revista\/wp-content\/uploads\/2026\/03\/dia-del-artesano-soymigrante-mercado-120x86.png\" \/><\/div><\/div><\/a><a href=\"javascript:;\"><div class=\"ak-slider-nav-thumb\"><div class=\"ak-featured-thumb lazy-thumb size-715\"><img loading=\"lazy\" decoding=\"async\" width=\"120\" height=\"86\" src=\"data:image\/gif;base64,R0lGODlhAQABAAAAACH5BAEKAAEALAAAAAABAAEAAAICTAEAOw==\" class=\"attachment-newsy_120x86 size-newsy_120x86 lazyload\" alt=\"Aceite de cilantro y chile de Chilete en botellas grandes con etiquetado de SoyMigrante.com revista, mujer sonriente en fondo de madera mostrando productos tradicionales de la gastronom\u00eda peruana.\" data-src=\"https:\/\/soymigrante.com\/revista\/wp-content\/uploads\/2025\/07\/menjurjes-tienda-en-soymigrante.com-mercado-120x86.webp\" \/><\/div><\/div><\/a><a href=\"javascript:;\"><div class=\"ak-slider-nav-thumb\"><div class=\"ak-featured-thumb lazy-thumb size-715\"><img loading=\"lazy\" decoding=\"async\" width=\"120\" height=\"86\" src=\"data:image\/gif;base64,R0lGODlhAQABAAAAACH5BAEKAAEALAAAAAABAAEAAAICTAEAOw==\" class=\"attachment-newsy_120x86 size-newsy_120x86 lazyload\" alt=\"Finca Clarita sobre plantaci\u00f3n de caf\u00e9 en C\u00f3b\u00e1n, detalle de etiquetado con informaci\u00f3n de proceso, perfil de taza y variedad ar\u00e1bica, en un entorno natural con hojas verdes y flores blancas.\" data-src=\"https:\/\/soymigrante.com\/revista\/wp-content\/uploads\/2025\/06\/CAFE-CLARITA-120x86.webp\" \/><\/div><\/div><\/a><a href=\"javascript:;\"><div class=\"ak-slider-nav-thumb\"><div class=\"ak-featured-thumb lazy-thumb size-715\"><img loading=\"lazy\" decoding=\"async\" width=\"120\" height=\"86\" src=\"data:image\/gif;base64,R0lGODlhAQABAAAAACH5BAEKAAEALAAAAAABAAEAAAICTAEAOw==\" class=\"attachment-newsy_120x86 size-newsy_120x86 lazyload\" alt=\"El ejemplo de los padres leyendo libros es una poderosa motivaci\u00f3n para que ni\u00f1os y j\u00f3venes dediquen tiempo a esta modalidad de aprendizaje, que requiere de concentraci\u00f3n y h\u00e1bito.\" data-src=\"https:\/\/soymigrante.com\/revista\/wp-content\/uploads\/2025\/10\/envato-labs-image-edit-8-120x86.jpg\" \/><\/div><\/div><\/a><a href=\"javascript:;\"><div class=\"ak-slider-nav-thumb\"><div class=\"ak-featured-thumb lazy-thumb size-715\"><img loading=\"lazy\" decoding=\"async\" width=\"120\" height=\"86\" src=\"data:image\/gif;base64,R0lGODlhAQABAAAAACH5BAEKAAEALAAAAAABAAEAAAICTAEAOw==\" class=\"attachment-newsy_120x86 size-newsy_120x86 lazyload\" alt=\"soymigrante mercado emprendedor guia para empezar a vender tienda digital\" data-src=\"https:\/\/soymigrante.com\/revista\/wp-content\/uploads\/2025\/12\/soymigrante-mercado-emprendedor-guia-para-empezar-a-vender-tienda-digital-120x86.png\" \/><\/div><\/div><\/a><\/div><\/div><script>var ak_slider_data_block_69f5c2ecd9bfe_18 = {\"atts\":{\"slide_count_desktop\":\"1\",\"slide_count_notebook\":\"1\",\"slide_count_tablet\":\"1\",\"slide_count_mobile\":\"1\",\"slider_speed\":\"250\",\"slider_autoplay\":\"\",\"slider_autoplay_timeout\":\"3000\",\"slider_autoplay_speed\":\"1000\",\"slider_dots\":\"enabled\",\"slider_nav\":\"style-3\",\"slider_item_margin\":\"15\",\"slider_stage_padding\":\"\",\"slider_scroll_items\":\"1\",\"slider_center\":\"\",\"slider_loop\":\"\"},\"id\":\"block_69f5c2ecd9bfe_18\"};<\/script><\/div><\/div>\t\t\t\t<\/div>\n\t\t\t\t<\/div>\n\t\t\t\t\t<\/div>\n\t\t\t\t<\/div>\n\t\t\t\t<\/div>\n\t\t","protected":false},"excerpt":{"rendered":"<p>Edit Arte K\u00b4at: aretes y accesorios originales elaborados con hilos, semillas, pero sobre todo con amor by Beatriz Tercero18\/11\/2024 79 Edit As\u00ed ocurri\u00f3 el terremoto que asol\u00f3 Antigua Guatemala el 29 de julio de 1773 by SoyMigrante.com REVISTA29\/07\/2025 13 Edit Altahir: esencias, aceites y aromas naturales elaborados por las hermanas Gil by Gustavo Montenegro30\/05\/2025 34 [&hellip;]<\/p>\n","protected":false},"author":6,"featured_media":8650,"parent":0,"menu_order":0,"comment_status":"closed","ping_status":"closed","template":"elementor_header_footer","meta":{"_acf_changed":false,"_eb_attr":"","footnotes":""},"class_list":["post-36874","page","type-page","status-publish","has-post-thumbnail","hentry"],"acf":[],"aioseo_notices":[],"aioseo_head":"\n\t\t<!-- All in One SEO Pro 4.9.6.2 - aioseo.com -->\n\t<meta name=\"description\" content=\"San Juan Comalapa, la cuna del arte popular en Guatemala by Marysabel Aldana 12\/09\/2025 168 Las torrejas guatemaltecas tienen historia, tradici\u00f3n y una dulce receta by Marysabel Aldana 02\/04\/2026 499 \u00bfQu\u00e9 significan nombres de lugares de Guatemala? Letra K by SoyMigrante.com REVISTA 12\/03\/2026 329 Programa Pueblos Pintorescos: Impulsando el turismo cultural en Guatemala by Marysabel\" \/>\n\t<meta name=\"robots\" content=\"max-snippet:-1, max-image-preview:large, max-video-preview:-1\" \/>\n\t<link rel=\"canonical\" href=\"https:\/\/soymigrante.com\/revista\/tierra-nuestra\/\" \/>\n\t<meta name=\"generator\" content=\"All in One SEO Pro (AIOSEO) 4.9.6.2\" \/>\n\n\t\t<link rel=\"preconnect\" href=\"https:\/\/fonts.googleapis.com\" crossorigin>\n<link rel=\"preconnect\" href=\"https:\/\/fonts.gstatic.com\" crossorigin>\n\t\t<meta property=\"og:locale\" content=\"es_ES\" \/>\n\t\t<meta property=\"og:site_name\" content=\"SoyMigrante.com REVISTA \u2013 Nuestra misi\u00f3n es reconocer y dignificar al migrante.\" \/>\n\t\t<meta property=\"og:type\" content=\"article\" \/>\n\t\t<meta property=\"og:title\" content=\"Tierra Nuestra: Belleza, Cultura y Orgullo Infinito\" \/>\n\t\t<meta property=\"og:description\" content=\"San Juan Comalapa, la cuna del arte popular en Guatemala by Marysabel Aldana 12\/09\/2025 168 Las torrejas guatemaltecas tienen historia, tradici\u00f3n y una dulce receta by Marysabel Aldana 02\/04\/2026 499 \u00bfQu\u00e9 significan nombres de lugares de Guatemala? Letra K by SoyMigrante.com REVISTA 12\/03\/2026 329 Programa Pueblos Pintorescos: Impulsando el turismo cultural en Guatemala by Marysabel\" \/>\n\t\t<meta property=\"og:url\" content=\"https:\/\/soymigrante.com\/revista\/tierra-nuestra\/\" \/>\n\t\t<meta property=\"og:image\" content=\"https:\/\/soymigrante.com\/revista\/wp-content\/uploads\/2024\/09\/bandera-guatemala-copia-scaled-e1742410999520.webp\" \/>\n\t\t<meta property=\"og:image:secure_url\" content=\"https:\/\/soymigrante.com\/revista\/wp-content\/uploads\/2024\/09\/bandera-guatemala-copia-scaled-e1742410999520.webp\" \/>\n\t\t<meta property=\"og:image:width\" content=\"1020\" \/>\n\t\t<meta property=\"og:image:height\" content=\"1017\" \/>\n\t\t<meta property=\"article:published_time\" content=\"2025-06-20T18:44:34+00:00\" \/>\n\t\t<meta property=\"article:modified_time\" content=\"2025-10-14T16:37:04+00:00\" \/>\n\t\t<meta property=\"article:publisher\" content=\"https:\/\/www.facebook.com\/soymigrantecom\" \/>\n\t\t<meta name=\"twitter:card\" content=\"summary_large_image\" \/>\n\t\t<meta name=\"twitter:site\" content=\"@SoyMigrante_com\" \/>\n\t\t<meta name=\"twitter:title\" content=\"Tierra Nuestra: Belleza, Cultura y Orgullo Infinito\" \/>\n\t\t<meta name=\"twitter:description\" content=\"San Juan Comalapa, la cuna del arte popular en Guatemala by Marysabel Aldana 12\/09\/2025 168 Las torrejas guatemaltecas tienen historia, tradici\u00f3n y una dulce receta by Marysabel Aldana 02\/04\/2026 499 \u00bfQu\u00e9 significan nombres de lugares de Guatemala? Letra K by SoyMigrante.com REVISTA 12\/03\/2026 329 Programa Pueblos Pintorescos: Impulsando el turismo cultural en Guatemala by Marysabel\" \/>\n\t\t<meta name=\"twitter:creator\" content=\"@SoyMigrante_com\" \/>\n\t\t<meta name=\"twitter:image\" content=\"https:\/\/soymigrante.com\/revista\/wp-content\/uploads\/2024\/09\/bandera-guatemala-copia-scaled-e1742410999520.webp\" \/>\n\t\t<!-- All in One SEO Pro -->\r\n\t\t<title>Tierra Nuestra: Belleza, Cultura y Orgullo Infinito<\/title>\n\n","aioseo_head_json":{"title":"Tierra Nuestra: Belleza, Cultura y Orgullo Infinito","description":"San Juan Comalapa, la cuna del arte popular en Guatemala by Marysabel Aldana 12\/09\/2025 168 Las torrejas guatemaltecas tienen historia, tradici\u00f3n y una dulce receta by Marysabel Aldana 02\/04\/2026 499 \u00bfQu\u00e9 significan nombres de lugares de Guatemala? Letra K by SoyMigrante.com REVISTA 12\/03\/2026 329 Programa Pueblos Pintorescos: Impulsando el turismo cultural en Guatemala by Marysabel","canonical_url":"https:\/\/soymigrante.com\/revista\/tierra-nuestra\/","robots":"max-snippet:-1, max-image-preview:large, max-video-preview:-1","keywords":"","webmasterTools":{"miscellaneous":"&lt;link rel=\"preconnect\" href=\"https:\/\/fonts.googleapis.com\" crossorigin&gt;\n&lt;link rel=\"preconnect\" href=\"https:\/\/fonts.gstatic.com\" crossorigin&gt;"},"schema":null,"og:locale":"es_ES","og:site_name":"SoyMigrante.com REVISTA \u2013 Nuestra misi\u00f3n es reconocer y dignificar al migrante.","og:type":"article","og:title":"Tierra Nuestra: Belleza, Cultura y Orgullo Infinito","og:description":"San Juan Comalapa, la cuna del arte popular en Guatemala by Marysabel Aldana 12\/09\/2025 168 Las torrejas guatemaltecas tienen historia, tradici\u00f3n y una dulce receta by Marysabel Aldana 02\/04\/2026 499 \u00bfQu\u00e9 significan nombres de lugares de Guatemala? Letra K by SoyMigrante.com REVISTA 12\/03\/2026 329 Programa Pueblos Pintorescos: Impulsando el turismo cultural en Guatemala by Marysabel","og:url":"https:\/\/soymigrante.com\/revista\/tierra-nuestra\/","og:image":"https:\/\/soymigrante.com\/revista\/wp-content\/uploads\/2024\/09\/bandera-guatemala-copia-scaled-e1742410999520.webp","og:image:secure_url":"https:\/\/soymigrante.com\/revista\/wp-content\/uploads\/2024\/09\/bandera-guatemala-copia-scaled-e1742410999520.webp","og:image:width":1020,"og:image:height":1017,"article:published_time":"2025-06-20T18:44:34+00:00","article:modified_time":"2025-10-14T16:37:04+00:00","article:publisher":"https:\/\/www.facebook.com\/soymigrantecom","twitter:card":"summary_large_image","twitter:site":"@SoyMigrante_com","twitter:title":"Tierra Nuestra: Belleza, Cultura y Orgullo Infinito","twitter:description":"San Juan Comalapa, la cuna del arte popular en Guatemala by Marysabel Aldana 12\/09\/2025 168 Las torrejas guatemaltecas tienen historia, tradici\u00f3n y una dulce receta by Marysabel Aldana 02\/04\/2026 499 \u00bfQu\u00e9 significan nombres de lugares de Guatemala? Letra K by SoyMigrante.com REVISTA 12\/03\/2026 329 Programa Pueblos Pintorescos: Impulsando el turismo cultural en Guatemala by Marysabel","twitter:creator":"@SoyMigrante_com","twitter:image":"https:\/\/soymigrante.com\/revista\/wp-content\/uploads\/2024\/09\/bandera-guatemala-copia-scaled-e1742410999520.webp"},"aioseo_meta_data":{"post_id":"36874","title":"#post_title","description":"#post_content","keywords":null,"keyphrases":{"focus":{"keyphrase":"Guatemala","score":82,"analysis":{"keyphraseInTitle":{"score":9,"maxScore":9,"error":0},"keyphraseInDescription":{"score":9,"maxScore":9,"error":0},"keyphraseLength":{"score":9,"maxScore":9,"error":0,"length":1},"keyphraseInURL":{"score":5,"maxScore":5,"error":0},"keyphraseInIntroduction":{"score":3,"maxScore":9,"error":1},"keyphraseInSubHeadings":{"score":3,"maxScore":9,"error":1},"keyphraseInImageAlt":{"score":9,"maxScore":9,"error":0},"keywordDensity":{"type":"best","score":9,"maxScore":9,"error":0}}},"additional":[]},"primary_term":null,"canonical_url":null,"og_title":null,"og_description":null,"og_object_type":"default","og_image_type":"default","og_image_url":null,"og_image_width":null,"og_image_height":null,"og_image_custom_url":null,"og_image_custom_fields":null,"og_video":"","og_custom_url":null,"og_article_section":null,"og_article_tags":null,"twitter_use_og":false,"twitter_card":"default","twitter_image_type":"default","twitter_image_url":null,"twitter_image_custom_url":null,"twitter_image_custom_fields":null,"twitter_title":null,"twitter_description":null,"schema":{"blockGraphs":[],"customGraphs":[],"default":{"data":{"Article":[],"Course":[],"Dataset":[],"FAQPage":[],"Movie":[],"Person":[],"Product":[],"ProductReview":[],"Car":[],"Recipe":[],"Service":[],"SoftwareApplication":[],"WebPage":[]},"graphName":"none","isEnabled":true},"graphs":[]},"schema_type":"default","schema_type_options":null,"pillar_content":false,"robots_default":true,"robots_noindex":false,"robots_noarchive":false,"robots_nosnippet":false,"robots_nofollow":false,"robots_noimageindex":false,"robots_noodp":false,"robots_notranslate":false,"robots_max_snippet":"-1","robots_max_videopreview":"-1","robots_max_imagepreview":"large","priority":null,"frequency":"default","local_seo":null,"seo_analyzer_scan_date":"2025-10-14 16:38:37","breadcrumb_settings":null,"limit_modified_date":false,"reviewed_by":"0","open_ai":"{\"title\":{\"suggestions\":[],\"usage\":0},\"description\":{\"suggestions\":[],\"usage\":0}}","ai":null,"created":"2025-06-20 17:00:41","updated":"2026-02-04 03:53:06"},"aioseo_breadcrumb":"<div class=\"aioseo-breadcrumbs\"><span class=\"aioseo-breadcrumb\">\n\t<a href=\"https:\/\/soymigrante.com\/revista\" title=\"Home\">Home<\/a>\n<\/span><span class=\"aioseo-breadcrumb-separator\">\u00bb<\/span><span class=\"aioseo-breadcrumb\">\n\tTierra Nuestra: Belleza, Cultura y Orgullo Infinito\n<\/span><\/div>","aioseo_breadcrumb_json":[{"label":"Home","link":"https:\/\/soymigrante.com\/revista"},{"label":"Tierra Nuestra: Belleza, Cultura y Orgullo Infinito","link":"https:\/\/soymigrante.com\/revista\/tierra-nuestra\/"}],"_links":{"self":[{"href":"https:\/\/soymigrante.com\/revista\/wp-json\/wp\/v2\/pages\/36874","targetHints":{"allow":["GET"]}}],"collection":[{"href":"https:\/\/soymigrante.com\/revista\/wp-json\/wp\/v2\/pages"}],"about":[{"href":"https:\/\/soymigrante.com\/revista\/wp-json\/wp\/v2\/types\/page"}],"author":[{"embeddable":true,"href":"https:\/\/soymigrante.com\/revista\/wp-json\/wp\/v2\/users\/6"}],"replies":[{"embeddable":true,"href":"https:\/\/soymigrante.com\/revista\/wp-json\/wp\/v2\/comments?post=36874"}],"version-history":[{"count":178,"href":"https:\/\/soymigrante.com\/revista\/wp-json\/wp\/v2\/pages\/36874\/revisions"}],"predecessor-version":[{"id":47238,"href":"https:\/\/soymigrante.com\/revista\/wp-json\/wp\/v2\/pages\/36874\/revisions\/47238"}],"wp:featuredmedia":[{"embeddable":true,"href":"https:\/\/soymigrante.com\/revista\/wp-json\/wp\/v2\/media\/8650"}],"wp:attachment":[{"href":"https:\/\/soymigrante.com\/revista\/wp-json\/wp\/v2\/media?parent=36874"}],"curies":[{"name":"wp","href":"https:\/\/api.w.org\/{rel}","templated":true}]}}