{"id":10641,"date":"2024-10-23T09:57:33","date_gmt":"2024-10-23T15:57:33","guid":{"rendered":"https:\/\/soymigrante.com\/revista\/?page_id=10641"},"modified":"2025-10-04T08:05:39","modified_gmt":"2025-10-04T14:05:39","slug":"emprendedores-de-mercado","status":"publish","type":"page","link":"https:\/\/soymigrante.com\/revista\/emprendedores-de-mercado\/","title":{"rendered":"Conoce a los Emprendedores de SoyMigrante.com MERCADO"},"content":{"rendered":"\t\t<div data-elementor-type=\"wp-page\" data-elementor-id=\"10641\" class=\"elementor elementor-10641\" data-elementor-post-type=\"page\">\n\t\t\t\t<div data-particle_enable=\"false\" data-particle-mobile-disabled=\"false\" class=\"elementor-element elementor-element-be0a2ed e-flex e-con-boxed e-con e-parent\" data-id=\"be0a2ed\" data-element_type=\"container\" data-e-type=\"container\">\n\t\t\t\t\t<div class=\"e-con-inner\">\n\t\t\t\t<div class=\"elementor-element elementor-element-ab1868e elementor-widget elementor-widget-text-editor\" data-id=\"ab1868e\" data-element_type=\"widget\" data-e-type=\"widget\" data-widget_type=\"text-editor.default\">\n\t\t\t\t\t\t\t\t\t<h2>Detr\u00e1s de cada producto en <a href=\"https:\/\/soymigrante.com\/mercado\"><strong><span style=\"color: #e6007e;\">MERCADO<\/span><\/strong><\/a>, hay esfuerzo, creatividad y sue\u00f1os. Con\u00f3celas aqu\u00ed.<\/h2>\t\t\t\t\t\t\t\t<\/div>\n\t\t\t\t<div class=\"elementor-element elementor-element-5719d75 elementor-widget elementor-widget-newsy_list_2\" data-id=\"5719d75\" data-element_type=\"widget\" data-e-type=\"widget\" data-widget_type=\"newsy_list_2.default\">\n\t\t\t\t<div class=\"elementor-widget-container\">\n\t\t\t\t\t<div class=\"ak-block ak-block-list-2 ak-block-column  ak-block-width-4 ak-pagination-container infinity clearfix\" id=\"block_69efec0d11991_1\"><div class=\"ak-block-inner clearfix\"><div class=\"ak-block-posts clearfix\">\t\t<article class=\"ak-module ak-module-2 ak-column-module ak-module-meta-hide ak-module-excerpt-hide clearfix post-55287 post type-post status-publish format-standard has-post-thumbnail  category-bienestar tag-mercado-emprendedores\">\n\t\t\t<div class=\"ak-module-inner clearfix\">\n\t\t\t\t<div class=\"ak-module-featured\">\n\t\t\t\t\t<div class=\"ak-module-badges\"><\/div><div class=\"ak-featured-cover\"><a href=\"https:\/\/soymigrante.com\/revista\/estrategias-para-fidelizar-clientes-pequenas-acciones-que-te-ayudaran-en-el-comercio-digital\/\" class=\"ak-featured-link\" rel=\"bookmark\" title=\"Estrategias para fidelizar clientes: peque\u00f1as acciones que te ayudar\u00e1n en el comercio digital\"><div class=\"ak-featured-thumb lazy-thumb size-715\" ><img fetchpriority=\"high\" decoding=\"async\" width=\"350\" height=\"250\" src=\"data:image\/gif;base64,R0lGODlhAQABAAAAACH5BAEKAAEALAAAAAABAAEAAAICTAEAOw==\" class=\"attachment-newsy_350x250 size-newsy_350x250 lazyload wp-post-image\" alt=\"Woman in a colorful patterned dress unpacks a gift box with a tied paper wrapping and a handwritten note reading &#039;\u00a1Gracias por apoyar mi sue\u00f1o!&#039; in a craft shop with shelves and plants behind her.\" data-src=\"https:\/\/soymigrante.com\/revista\/wp-content\/uploads\/2026\/04\/vendedora-soymigrantecom-emprendimiento-emprendedora-comercio-digital-350x250.png\" data-sizes=\"auto\" data-srcset=\"https:\/\/soymigrante.com\/revista\/wp-content\/uploads\/2026\/04\/vendedora-soymigrantecom-emprendimiento-emprendedora-comercio-digital-350x250.png 350w, https:\/\/soymigrante.com\/revista\/wp-content\/uploads\/2026\/04\/vendedora-soymigrantecom-emprendimiento-emprendedora-comercio-digital-120x86.png 120w, https:\/\/soymigrante.com\/revista\/wp-content\/uploads\/2026\/04\/vendedora-soymigrantecom-emprendimiento-emprendedora-comercio-digital-750x536.png 750w\" data-expand=\"700\" \/><\/div><\/a><\/div><div class=\"ak-module-terms badge\"><a class=\"term-55\" href=\"https:\/\/soymigrante.com\/revista\/category\/bienestar\/\">Bienestar<\/a><\/div>\t\t\t\t<\/div>\n\t\t\t\t<div class=\"ak-module-details\">\n\t\t\t\t\t<h3 class=\"ak-module-title\"><a href=\"https:\/\/soymigrante.com\/revista\/estrategias-para-fidelizar-clientes-pequenas-acciones-que-te-ayudaran-en-el-comercio-digital\/\" rel=\"bookmark\" title=\"Estrategias para fidelizar clientes: peque\u00f1as acciones que te ayudar\u00e1n en el comercio digital\">Estrategias para fidelizar clientes: peque\u00f1as acciones que te ayudar\u00e1n en el comercio digital<\/a><\/h3>\t\t\t\t<\/div>\n\t\t\t<\/div>\n\t\t<\/article>\n\t\t\t\t<article class=\"ak-module ak-module-2 ak-column-module ak-module-meta-hide ak-module-excerpt-hide clearfix post-55228 post type-post status-publish format-standard has-post-thumbnail  category-guate-nuestra tag-mercado-emprendedores\">\n\t\t\t<div class=\"ak-module-inner clearfix\">\n\t\t\t\t<div class=\"ak-module-featured\">\n\t\t\t\t\t<div class=\"ak-module-badges\"><\/div><div class=\"ak-featured-cover\"><a href=\"https:\/\/soymigrante.com\/revista\/libros-guatemaltecos-dia-internacional-del-libro-festeja-inspirate-mercado\/\" class=\"ak-featured-link\" rel=\"bookmark\" title=\"Celebra el D\u00eda del Libro con inspiraci\u00f3n 100% guatemalteca: adquiere, disfruta u obsequia en MERCADO\"><div class=\"ak-featured-thumb lazy-thumb size-715\" ><img decoding=\"async\" width=\"350\" height=\"250\" src=\"data:image\/gif;base64,R0lGODlhAQABAAAAACH5BAEKAAEALAAAAAABAAEAAAICTAEAOw==\" class=\"attachment-newsy_350x250 size-newsy_350x250 lazyload wp-post-image\" alt=\"DIA DEL LIBRO SOYMIGRANTE MERCADO\" data-src=\"https:\/\/soymigrante.com\/revista\/wp-content\/uploads\/2026\/04\/DIA-DEL-LIBRO-SOYMIGRANTE-MERCADO-350x250.png\" data-sizes=\"auto\" data-srcset=\"https:\/\/soymigrante.com\/revista\/wp-content\/uploads\/2026\/04\/DIA-DEL-LIBRO-SOYMIGRANTE-MERCADO-350x250.png 350w, https:\/\/soymigrante.com\/revista\/wp-content\/uploads\/2026\/04\/DIA-DEL-LIBRO-SOYMIGRANTE-MERCADO-120x86.png 120w, https:\/\/soymigrante.com\/revista\/wp-content\/uploads\/2026\/04\/DIA-DEL-LIBRO-SOYMIGRANTE-MERCADO-750x536.png 750w\" data-expand=\"700\" \/><\/div><\/a><\/div><div class=\"ak-module-terms badge\"><a class=\"term-58\" href=\"https:\/\/soymigrante.com\/revista\/category\/guate-nuestra\/\">Guate Nuestra<\/a><\/div>\t\t\t\t<\/div>\n\t\t\t\t<div class=\"ak-module-details\">\n\t\t\t\t\t<h3 class=\"ak-module-title\"><a href=\"https:\/\/soymigrante.com\/revista\/libros-guatemaltecos-dia-internacional-del-libro-festeja-inspirate-mercado\/\" rel=\"bookmark\" title=\"Celebra el D\u00eda del Libro con inspiraci\u00f3n 100% guatemalteca: adquiere, disfruta u obsequia en MERCADO\">Celebra el D\u00eda del Libro con inspiraci\u00f3n 100% guatemalteca: adquiere, disfruta u obsequia en MERCADO<\/a><\/h3>\t\t\t\t<\/div>\n\t\t\t<\/div>\n\t\t<\/article>\n\t\t\t\t<article class=\"ak-module ak-module-2 ak-column-module ak-module-meta-hide ak-module-excerpt-hide clearfix post-55055 post type-post status-publish format-standard has-post-thumbnail  category-guate-nuestra tag-mercado-emprendedores\">\n\t\t\t<div class=\"ak-module-inner clearfix\">\n\t\t\t\t<div class=\"ak-module-featured\">\n\t\t\t\t\t<div class=\"ak-module-badges\"><\/div><div class=\"ak-featured-cover\"><a href=\"https:\/\/soymigrante.com\/revista\/dia-mundial-del-emprendimiento-16-historias-llenas-de-trabajo-y-creatividad-presentes-en-mercado\/\" class=\"ak-featured-link\" rel=\"bookmark\" title=\"D\u00eda Mundial del Emprendimiento: 16 historias llenas de  trabajo y creatividad presentes en MERCADO\"><div class=\"ak-featured-thumb lazy-thumb size-715\" ><img decoding=\"async\" width=\"350\" height=\"250\" src=\"data:image\/gif;base64,R0lGODlhAQABAAAAACH5BAEKAAEALAAAAAABAAEAAAICTAEAOw==\" class=\"attachment-newsy_350x250 size-newsy_350x250 lazyload wp-post-image\" alt=\"SOYMIGRANTECOM MERCADO DIA MUNDIAL DEL EMPRENDEDOR\" data-src=\"https:\/\/soymigrante.com\/revista\/wp-content\/uploads\/2026\/04\/SOYMIGRANTECOM-MERCADO-DIA-MUNDIAL-DEL-EMPRENDEDOR-350x250.png\" data-sizes=\"auto\" data-srcset=\"https:\/\/soymigrante.com\/revista\/wp-content\/uploads\/2026\/04\/SOYMIGRANTECOM-MERCADO-DIA-MUNDIAL-DEL-EMPRENDEDOR-350x250.png 350w, https:\/\/soymigrante.com\/revista\/wp-content\/uploads\/2026\/04\/SOYMIGRANTECOM-MERCADO-DIA-MUNDIAL-DEL-EMPRENDEDOR-120x86.png 120w, https:\/\/soymigrante.com\/revista\/wp-content\/uploads\/2026\/04\/SOYMIGRANTECOM-MERCADO-DIA-MUNDIAL-DEL-EMPRENDEDOR-750x536.png 750w\" data-expand=\"700\" \/><\/div><\/a><\/div><div class=\"ak-module-terms badge\"><a class=\"term-58\" href=\"https:\/\/soymigrante.com\/revista\/category\/guate-nuestra\/\">Guate Nuestra<\/a><\/div>\t\t\t\t<\/div>\n\t\t\t\t<div class=\"ak-module-details\">\n\t\t\t\t\t<h3 class=\"ak-module-title\"><a href=\"https:\/\/soymigrante.com\/revista\/dia-mundial-del-emprendimiento-16-historias-llenas-de-trabajo-y-creatividad-presentes-en-mercado\/\" rel=\"bookmark\" title=\"D\u00eda Mundial del Emprendimiento: 16 historias llenas de  trabajo y creatividad presentes en MERCADO\">D\u00eda Mundial del Emprendimiento: 16 historias llenas de  trabajo y creatividad presentes en MERCADO<\/a><\/h3>\t\t\t\t<\/div>\n\t\t\t<\/div>\n\t\t<\/article>\n\t\t\t\t<article class=\"ak-module ak-module-2 ak-column-module ak-module-meta-hide ak-module-excerpt-hide clearfix post-42866 post type-post status-publish format-standard has-post-thumbnail  category-guate-nuestra tag-mercado-emprendedores\">\n\t\t\t<div class=\"ak-module-inner clearfix\">\n\t\t\t\t<div class=\"ak-module-featured\">\n\t\t\t\t\t<div class=\"ak-module-badges\"><\/div><div class=\"ak-featured-cover\"><a href=\"https:\/\/soymigrante.com\/revista\/un-elote-con-historia-en-el-emprendimiento-de-las-hermanas-gil\/\" class=\"ak-featured-link\" rel=\"bookmark\" title=\"Altahir, emprendimiento de productos cosm\u00e9ticos de las hermanas Gil de Amatitl\u00e1n, est\u00e1 en SoyMigrante.com MERCADO\"><div class=\"ak-featured-thumb lazy-thumb size-715\" ><img loading=\"lazy\" decoding=\"async\" width=\"350\" height=\"250\" src=\"data:image\/gif;base64,R0lGODlhAQABAAAAACH5BAEKAAEALAAAAAABAAEAAAICTAEAOw==\" class=\"attachment-newsy_350x250 size-newsy_350x250 lazyload wp-post-image\" alt=\"Botellas de productos cosm\u00e9ticos en un laboratorio de fabricaci\u00f3n, mujer trabajando con \u00e9tica en el sector cosm\u00e9tico, innovaci\u00f3n en la industria de belleza para emigrantes en Latinoam\u00e9rica.\" data-src=\"https:\/\/soymigrante.com\/revista\/wp-content\/uploads\/2025\/08\/altair-350x250.webp\" data-sizes=\"auto\" data-srcset=\"https:\/\/soymigrante.com\/revista\/wp-content\/uploads\/2025\/08\/altair-350x250.webp 350w, https:\/\/soymigrante.com\/revista\/wp-content\/uploads\/2025\/08\/altair-526x375.webp 526w, https:\/\/soymigrante.com\/revista\/wp-content\/uploads\/2025\/08\/altair-120x86.webp 120w\" data-expand=\"700\" \/><\/div><\/a><\/div><div class=\"ak-module-terms badge\"><a class=\"term-58\" href=\"https:\/\/soymigrante.com\/revista\/category\/guate-nuestra\/\">Guate Nuestra<\/a><\/div>\t\t\t\t<\/div>\n\t\t\t\t<div class=\"ak-module-details\">\n\t\t\t\t\t<h3 class=\"ak-module-title\"><a href=\"https:\/\/soymigrante.com\/revista\/un-elote-con-historia-en-el-emprendimiento-de-las-hermanas-gil\/\" rel=\"bookmark\" title=\"Altahir, emprendimiento de productos cosm\u00e9ticos de las hermanas Gil de Amatitl\u00e1n, est\u00e1 en SoyMigrante.com MERCADO\">Altahir, emprendimiento de productos cosm\u00e9ticos de las hermanas Gil de Amatitl\u00e1n, est\u00e1 en SoyMigrante.com MERCADO<\/a><\/h3>\t\t\t\t<\/div>\n\t\t\t<\/div>\n\t\t<\/article>\n\t\t\t\t<article class=\"ak-module ak-module-2 ak-column-module ak-module-meta-hide ak-module-excerpt-hide clearfix post-53970 post type-post status-publish format-standard has-post-thumbnail  category-guate-nuestra tag-mercado-emprendedores\">\n\t\t\t<div class=\"ak-module-inner clearfix\">\n\t\t\t\t<div class=\"ak-module-featured\">\n\t\t\t\t\t<div class=\"ak-module-badges\"><\/div><div class=\"ak-featured-cover\"><a href=\"https:\/\/soymigrante.com\/revista\/victoria-joyeria-textil-que-deslumbra-e-inspira-a-superar-adversidades-ya-esta-en-soymigrante-mercado\/\" class=\"ak-featured-link\" rel=\"bookmark\" title=\"Victoria, joyer\u00eda textil que deslumbra e inspira a superar adversidades ya est\u00e1 en SoyMigrante MERCADO\"><div class=\"ak-featured-thumb lazy-thumb size-715\" ><img loading=\"lazy\" decoding=\"async\" width=\"350\" height=\"250\" src=\"data:image\/gif;base64,R0lGODlhAQABAAAAACH5BAEKAAEALAAAAAABAAEAAAICTAEAOw==\" class=\"attachment-newsy_350x250 size-newsy_350x250 lazyload wp-post-image\" alt=\"victoria joyeria textil coban mercado\" data-src=\"https:\/\/soymigrante.com\/revista\/wp-content\/uploads\/2026\/03\/victoria-joyeria-textil-coban-mercado-350x250.png\" data-sizes=\"auto\" data-srcset=\"https:\/\/soymigrante.com\/revista\/wp-content\/uploads\/2026\/03\/victoria-joyeria-textil-coban-mercado-350x250.png 350w, https:\/\/soymigrante.com\/revista\/wp-content\/uploads\/2026\/03\/victoria-joyeria-textil-coban-mercado-120x86.png 120w, https:\/\/soymigrante.com\/revista\/wp-content\/uploads\/2026\/03\/victoria-joyeria-textil-coban-mercado-750x536.png 750w\" data-expand=\"700\" \/><\/div><\/a><\/div><div class=\"ak-module-terms badge\"><a class=\"term-58\" href=\"https:\/\/soymigrante.com\/revista\/category\/guate-nuestra\/\">Guate Nuestra<\/a><\/div>\t\t\t\t<\/div>\n\t\t\t\t<div class=\"ak-module-details\">\n\t\t\t\t\t<h3 class=\"ak-module-title\"><a href=\"https:\/\/soymigrante.com\/revista\/victoria-joyeria-textil-que-deslumbra-e-inspira-a-superar-adversidades-ya-esta-en-soymigrante-mercado\/\" rel=\"bookmark\" title=\"Victoria, joyer\u00eda textil que deslumbra e inspira a superar adversidades ya est\u00e1 en SoyMigrante MERCADO\">Victoria, joyer\u00eda textil que deslumbra e inspira a superar adversidades ya est\u00e1 en SoyMigrante MERCADO<\/a><\/h3>\t\t\t\t<\/div>\n\t\t\t<\/div>\n\t\t<\/article>\n\t\t\t\t<article class=\"ak-module ak-module-2 ak-column-module ak-module-meta-hide ak-module-excerpt-hide clearfix post-53905 post type-post status-publish format-standard has-post-thumbnail  category-guate-nuestra tag-mercado-emprendedores\">\n\t\t\t<div class=\"ak-module-inner clearfix\">\n\t\t\t\t<div class=\"ak-module-featured\">\n\t\t\t\t\t<div class=\"ak-module-badges\"><\/div><div class=\"ak-featured-cover\"><a href=\"https:\/\/soymigrante.com\/revista\/dia-internacional-del-artesano-prefiere-lo-autentico-y-apoya-a-creadores-guatemaltecos-en-soymigrante-com-mercado\/\" class=\"ak-featured-link\" rel=\"bookmark\" title=\"D\u00eda Internacional del Artesano: prefiere lo aut\u00e9ntico y apoya a creadores guatemaltecos  en SoyMigrante.com MERCADO\"><div class=\"ak-featured-thumb lazy-thumb size-715\" ><img loading=\"lazy\" decoding=\"async\" width=\"350\" height=\"250\" src=\"data:image\/gif;base64,R0lGODlhAQABAAAAACH5BAEKAAEALAAAAAABAAEAAAICTAEAOw==\" class=\"attachment-newsy_350x250 size-newsy_350x250 lazyload wp-post-image\" alt=\"dia del artesano soymigrante mercado\" data-src=\"https:\/\/soymigrante.com\/revista\/wp-content\/uploads\/2026\/03\/dia-del-artesano-soymigrante-mercado-350x250.png\" data-sizes=\"auto\" data-srcset=\"https:\/\/soymigrante.com\/revista\/wp-content\/uploads\/2026\/03\/dia-del-artesano-soymigrante-mercado-350x250.png 350w, https:\/\/soymigrante.com\/revista\/wp-content\/uploads\/2026\/03\/dia-del-artesano-soymigrante-mercado-120x86.png 120w, https:\/\/soymigrante.com\/revista\/wp-content\/uploads\/2026\/03\/dia-del-artesano-soymigrante-mercado-750x536.png 750w\" data-expand=\"700\" \/><\/div><\/a><\/div><div class=\"ak-module-terms badge\"><a class=\"term-58\" href=\"https:\/\/soymigrante.com\/revista\/category\/guate-nuestra\/\">Guate Nuestra<\/a><\/div>\t\t\t\t<\/div>\n\t\t\t\t<div class=\"ak-module-details\">\n\t\t\t\t\t<h3 class=\"ak-module-title\"><a href=\"https:\/\/soymigrante.com\/revista\/dia-internacional-del-artesano-prefiere-lo-autentico-y-apoya-a-creadores-guatemaltecos-en-soymigrante-com-mercado\/\" rel=\"bookmark\" title=\"D\u00eda Internacional del Artesano: prefiere lo aut\u00e9ntico y apoya a creadores guatemaltecos  en SoyMigrante.com MERCADO\">D\u00eda Internacional del Artesano: prefiere lo aut\u00e9ntico y apoya a creadores guatemaltecos  en SoyMigrante.com MERCADO<\/a><\/h3>\t\t\t\t<\/div>\n\t\t\t<\/div>\n\t\t<\/article>\n\t\t\t\t<article class=\"ak-module ak-module-2 ak-column-module ak-module-meta-hide ak-module-excerpt-hide clearfix post-52523 post type-post status-publish format-standard has-post-thumbnail  category-estamos-unidos tag-mercado-emprendedores\">\n\t\t\t<div class=\"ak-module-inner clearfix\">\n\t\t\t\t<div class=\"ak-module-featured\">\n\t\t\t\t\t<div class=\"ak-module-badges\"><\/div><div class=\"ak-featured-cover\"><a href=\"https:\/\/soymigrante.com\/revista\/guatemalteca-janet-guerra-semana-de-la-moda-nueva-york-pasarela-disenadora-textiles-guatemaltecos\/\" class=\"ak-featured-link\" rel=\"bookmark\" title=\"As\u00ed fue la brillante pasarela de la guatemalteca Janet Guerra en la Semana de la Moda de Nueva York\"><div class=\"ak-featured-thumb lazy-thumb size-715\" ><img loading=\"lazy\" decoding=\"async\" width=\"350\" height=\"250\" src=\"data:image\/gif;base64,R0lGODlhAQABAAAAACH5BAEKAAEALAAAAAABAAEAAAICTAEAOw==\" class=\"attachment-newsy_350x250 size-newsy_350x250 lazyload wp-post-image\" alt=\"janet guerra en semana de la moda de nueva york\" data-src=\"https:\/\/soymigrante.com\/revista\/wp-content\/uploads\/2026\/02\/janet-guerra-en-semana-de-la-moda-de-nueva-york-350x250.png\" data-sizes=\"auto\" data-srcset=\"https:\/\/soymigrante.com\/revista\/wp-content\/uploads\/2026\/02\/janet-guerra-en-semana-de-la-moda-de-nueva-york-350x250.png 350w, https:\/\/soymigrante.com\/revista\/wp-content\/uploads\/2026\/02\/janet-guerra-en-semana-de-la-moda-de-nueva-york-120x86.png 120w\" data-expand=\"700\" \/><\/div><\/a><\/div><div class=\"ak-module-terms badge\"><a class=\"term-54\" href=\"https:\/\/soymigrante.com\/revista\/category\/estamos-unidos\/\">Estamos Unidos<\/a><\/div>\t\t\t\t<\/div>\n\t\t\t\t<div class=\"ak-module-details\">\n\t\t\t\t\t<h3 class=\"ak-module-title\"><a href=\"https:\/\/soymigrante.com\/revista\/guatemalteca-janet-guerra-semana-de-la-moda-nueva-york-pasarela-disenadora-textiles-guatemaltecos\/\" rel=\"bookmark\" title=\"As\u00ed fue la brillante pasarela de la guatemalteca Janet Guerra en la Semana de la Moda de Nueva York\">As\u00ed fue la brillante pasarela de la guatemalteca Janet Guerra en la Semana de la Moda de Nueva York<\/a><\/h3>\t\t\t\t<\/div>\n\t\t\t<\/div>\n\t\t<\/article>\n\t\t\t\t<article class=\"ak-module ak-module-2 ak-column-module ak-module-meta-hide ak-module-excerpt-hide clearfix post-39764 post type-post status-publish format-standard has-post-thumbnail  category-guate-nuestra tag-mercado-emprendedores\">\n\t\t\t<div class=\"ak-module-inner clearfix\">\n\t\t\t\t<div class=\"ak-module-featured\">\n\t\t\t\t\t<div class=\"ak-module-badges\"><\/div><div class=\"ak-featured-cover\"><a href=\"https:\/\/soymigrante.com\/revista\/emprendedora-cristina-contreras-convirtio-sus-cualidades-en-menjurjes-tienda-digital-en-mercado\/\" class=\"ak-featured-link\" rel=\"bookmark\" title=\"Emprendedora Cristina Contreras convirti\u00f3 sus cualidades en Menjurjes, aceites saborizados a la venta en MERCADO\"><div class=\"ak-featured-thumb lazy-thumb size-715\" ><img loading=\"lazy\" decoding=\"async\" width=\"350\" height=\"250\" src=\"data:image\/gif;base64,R0lGODlhAQABAAAAACH5BAEKAAEALAAAAAABAAEAAAICTAEAOw==\" class=\"attachment-newsy_350x250 size-newsy_350x250 lazyload wp-post-image\" alt=\"Aceite de cilantro y chile de Chilete en botellas grandes con etiquetado de SoyMigrante.com revista, mujer sonriente en fondo de madera mostrando productos tradicionales de la gastronom\u00eda peruana.\" data-src=\"https:\/\/soymigrante.com\/revista\/wp-content\/uploads\/2025\/07\/menjurjes-tienda-en-soymigrante.com-mercado-350x250.webp\" data-sizes=\"auto\" data-srcset=\"https:\/\/soymigrante.com\/revista\/wp-content\/uploads\/2025\/07\/menjurjes-tienda-en-soymigrante.com-mercado-350x250.webp 350w, https:\/\/soymigrante.com\/revista\/wp-content\/uploads\/2025\/07\/menjurjes-tienda-en-soymigrante.com-mercado-120x86.webp 120w, https:\/\/soymigrante.com\/revista\/wp-content\/uploads\/2025\/07\/menjurjes-tienda-en-soymigrante.com-mercado-750x536.webp 750w\" data-expand=\"700\" \/><\/div><\/a><\/div><div class=\"ak-module-terms badge\"><a class=\"term-58\" href=\"https:\/\/soymigrante.com\/revista\/category\/guate-nuestra\/\">Guate Nuestra<\/a><\/div>\t\t\t\t<\/div>\n\t\t\t\t<div class=\"ak-module-details\">\n\t\t\t\t\t<h3 class=\"ak-module-title\"><a href=\"https:\/\/soymigrante.com\/revista\/emprendedora-cristina-contreras-convirtio-sus-cualidades-en-menjurjes-tienda-digital-en-mercado\/\" rel=\"bookmark\" title=\"Emprendedora Cristina Contreras convirti\u00f3 sus cualidades en Menjurjes, aceites saborizados a la venta en MERCADO\">Emprendedora Cristina Contreras convirti\u00f3 sus cualidades en Menjurjes, aceites saborizados a la venta en MERCADO<\/a><\/h3>\t\t\t\t<\/div>\n\t\t\t<\/div>\n\t\t<\/article>\n\t\t\t\t<article class=\"ak-module ak-module-2 ak-column-module ak-module-meta-hide ak-module-excerpt-hide clearfix post-36657 post type-post status-publish format-standard has-post-thumbnail  category-guate-nuestra tag-mercado-emprendedores\">\n\t\t\t<div class=\"ak-module-inner clearfix\">\n\t\t\t\t<div class=\"ak-module-featured\">\n\t\t\t\t\t<div class=\"ak-module-badges\"><\/div><div class=\"ak-featured-cover\"><a href=\"https:\/\/soymigrante.com\/revista\/cafe-santa-clarita-cultivado-con-carino-desde-la-raiz-en-alta-verapaz-y-ahora-esta-en-mercado\/\" class=\"ak-featured-link\" rel=\"bookmark\" title=\"Caf\u00e9 Clarita: cultivado con cari\u00f1o desde la ra\u00edz en Alta Verapaz (y ahora est\u00e1 en MERCADO)\"><div class=\"ak-featured-thumb lazy-thumb size-715\" ><img loading=\"lazy\" decoding=\"async\" width=\"350\" height=\"250\" src=\"data:image\/gif;base64,R0lGODlhAQABAAAAACH5BAEKAAEALAAAAAABAAEAAAICTAEAOw==\" class=\"attachment-newsy_350x250 size-newsy_350x250 lazyload wp-post-image\" alt=\"Finca Clarita sobre plantaci\u00f3n de caf\u00e9 en C\u00f3b\u00e1n, detalle de etiquetado con informaci\u00f3n de proceso, perfil de taza y variedad ar\u00e1bica, en un entorno natural con hojas verdes y flores blancas.\" data-src=\"https:\/\/soymigrante.com\/revista\/wp-content\/uploads\/2025\/06\/CAFE-CLARITA-350x250.webp\" data-sizes=\"auto\" data-srcset=\"https:\/\/soymigrante.com\/revista\/wp-content\/uploads\/2025\/06\/CAFE-CLARITA-350x250.webp 350w, https:\/\/soymigrante.com\/revista\/wp-content\/uploads\/2025\/06\/CAFE-CLARITA-120x86.webp 120w, https:\/\/soymigrante.com\/revista\/wp-content\/uploads\/2025\/06\/CAFE-CLARITA-750x536.webp 750w\" data-expand=\"700\" \/><\/div><\/a><\/div><div class=\"ak-module-terms badge\"><a class=\"term-58\" href=\"https:\/\/soymigrante.com\/revista\/category\/guate-nuestra\/\">Guate Nuestra<\/a><\/div>\t\t\t\t<\/div>\n\t\t\t\t<div class=\"ak-module-details\">\n\t\t\t\t\t<h3 class=\"ak-module-title\"><a href=\"https:\/\/soymigrante.com\/revista\/cafe-santa-clarita-cultivado-con-carino-desde-la-raiz-en-alta-verapaz-y-ahora-esta-en-mercado\/\" rel=\"bookmark\" title=\"Caf\u00e9 Clarita: cultivado con cari\u00f1o desde la ra\u00edz en Alta Verapaz (y ahora est\u00e1 en MERCADO)\">Caf\u00e9 Clarita: cultivado con cari\u00f1o desde la ra\u00edz en Alta Verapaz (y ahora est\u00e1 en MERCADO)<\/a><\/h3>\t\t\t\t<\/div>\n\t\t\t<\/div>\n\t\t<\/article>\n\t\t\t\t<article class=\"ak-module ak-module-2 ak-column-module ak-module-meta-hide ak-module-excerpt-hide clearfix post-49286 post type-post status-publish format-standard has-post-thumbnail  category-guate-nuestra tag-mercado-emprendedores\">\n\t\t\t<div class=\"ak-module-inner clearfix\">\n\t\t\t\t<div class=\"ak-module-featured\">\n\t\t\t\t\t<div class=\"ak-module-badges\"><\/div><div class=\"ak-featured-cover\"><a href=\"https:\/\/soymigrante.com\/revista\/obsequia-inspiracion-libros-100-guatemaltecos-disponibles-en-mercado\/\" class=\"ak-featured-link\" rel=\"bookmark\" title=\"Regala inspiraci\u00f3n: Libros 100% guatemaltecos disponibles en MERCADO son el obsequio perfecto.\"><div class=\"ak-featured-thumb lazy-thumb size-715\" ><img loading=\"lazy\" decoding=\"async\" width=\"350\" height=\"250\" src=\"data:image\/gif;base64,R0lGODlhAQABAAAAACH5BAEKAAEALAAAAAABAAEAAAICTAEAOw==\" class=\"attachment-newsy_350x250 size-newsy_350x250 lazyload wp-post-image\" alt=\"El ejemplo de los padres leyendo libros es una poderosa motivaci\u00f3n para que ni\u00f1os y j\u00f3venes dediquen tiempo a esta modalidad de aprendizaje, que requiere de concentraci\u00f3n y h\u00e1bito.\" data-src=\"https:\/\/soymigrante.com\/revista\/wp-content\/uploads\/2025\/10\/envato-labs-image-edit-8-350x250.jpg\" data-sizes=\"auto\" data-srcset=\"https:\/\/soymigrante.com\/revista\/wp-content\/uploads\/2025\/10\/envato-labs-image-edit-8-350x250.jpg 350w, https:\/\/soymigrante.com\/revista\/wp-content\/uploads\/2025\/10\/envato-labs-image-edit-8-120x86.jpg 120w, https:\/\/soymigrante.com\/revista\/wp-content\/uploads\/2025\/10\/envato-labs-image-edit-8-750x536.jpg 750w\" data-expand=\"700\" \/><\/div><\/a><\/div><div class=\"ak-module-terms badge\"><a class=\"term-58\" href=\"https:\/\/soymigrante.com\/revista\/category\/guate-nuestra\/\">Guate Nuestra<\/a><\/div>\t\t\t\t<\/div>\n\t\t\t\t<div class=\"ak-module-details\">\n\t\t\t\t\t<h3 class=\"ak-module-title\"><a href=\"https:\/\/soymigrante.com\/revista\/obsequia-inspiracion-libros-100-guatemaltecos-disponibles-en-mercado\/\" rel=\"bookmark\" title=\"Regala inspiraci\u00f3n: Libros 100% guatemaltecos disponibles en MERCADO son el obsequio perfecto.\">Regala inspiraci\u00f3n: Libros 100% guatemaltecos disponibles en MERCADO son el obsequio perfecto.<\/a><\/h3>\t\t\t\t<\/div>\n\t\t\t<\/div>\n\t\t<\/article>\n\t\t\t\t<article class=\"ak-module ak-module-2 ak-column-module ak-module-meta-hide ak-module-excerpt-hide clearfix post-49189 post type-post status-publish format-standard has-post-thumbnail  category-guate-nuestra tag-mercado-emprendedores\">\n\t\t\t<div class=\"ak-module-inner clearfix\">\n\t\t\t\t<div class=\"ak-module-featured\">\n\t\t\t\t\t<div class=\"ak-module-badges\"><\/div><div class=\"ak-featured-cover\"><a href=\"https:\/\/soymigrante.com\/revista\/guia-para-empezar-a-vender-en-soymigrante-com-mercado-potencia-tu-emprendimiento-con-comercio-digital\/\" class=\"ak-featured-link\" rel=\"bookmark\" title=\"Gu\u00eda para empezar a vender en SoyMigrante.com MERCADO &#8211; Potencia tu emprendimiento con comercio digital\"><div class=\"ak-featured-thumb lazy-thumb size-715\" ><img loading=\"lazy\" decoding=\"async\" width=\"350\" height=\"250\" src=\"data:image\/gif;base64,R0lGODlhAQABAAAAACH5BAEKAAEALAAAAAABAAEAAAICTAEAOw==\" class=\"attachment-newsy_350x250 size-newsy_350x250 lazyload wp-post-image\" alt=\"soymigrante mercado emprendedor guia para empezar a vender tienda digital\" data-src=\"https:\/\/soymigrante.com\/revista\/wp-content\/uploads\/2025\/12\/soymigrante-mercado-emprendedor-guia-para-empezar-a-vender-tienda-digital-350x250.png\" data-sizes=\"auto\" data-srcset=\"https:\/\/soymigrante.com\/revista\/wp-content\/uploads\/2025\/12\/soymigrante-mercado-emprendedor-guia-para-empezar-a-vender-tienda-digital-350x250.png 350w, https:\/\/soymigrante.com\/revista\/wp-content\/uploads\/2025\/12\/soymigrante-mercado-emprendedor-guia-para-empezar-a-vender-tienda-digital-120x86.png 120w\" data-expand=\"700\" \/><\/div><\/a><\/div><div class=\"ak-module-terms badge\"><a class=\"term-58\" href=\"https:\/\/soymigrante.com\/revista\/category\/guate-nuestra\/\">Guate Nuestra<\/a><\/div>\t\t\t\t<\/div>\n\t\t\t\t<div class=\"ak-module-details\">\n\t\t\t\t\t<h3 class=\"ak-module-title\"><a href=\"https:\/\/soymigrante.com\/revista\/guia-para-empezar-a-vender-en-soymigrante-com-mercado-potencia-tu-emprendimiento-con-comercio-digital\/\" rel=\"bookmark\" title=\"Gu\u00eda para empezar a vender en SoyMigrante.com MERCADO &#8211; Potencia tu emprendimiento con comercio digital\">Gu\u00eda para empezar a vender en SoyMigrante.com MERCADO &#8211; Potencia tu emprendimiento con comercio digital<\/a><\/h3>\t\t\t\t<\/div>\n\t\t\t<\/div>\n\t\t<\/article>\n\t\t\t\t<article class=\"ak-module ak-module-2 ak-column-module ak-module-meta-hide ak-module-excerpt-hide clearfix post-46859 post type-post status-publish format-standard has-post-thumbnail  category-guate-nuestra tag-mercado-emprendedores\">\n\t\t\t<div class=\"ak-module-inner clearfix\">\n\t\t\t\t<div class=\"ak-module-featured\">\n\t\t\t\t\t<div class=\"ak-module-badges\"><\/div><div class=\"ak-featured-cover\"><a href=\"https:\/\/soymigrante.com\/revista\/10-motivos-para-preferir-cafe-guatemalteco-de-productores-locales-que-estan-en-mercado\/\" class=\"ak-featured-link\" rel=\"bookmark\" title=\"10 motivos para preferir caf\u00e9 guatemalteco de productores locales que est\u00e1n en MERCADO\"><div class=\"ak-featured-thumb lazy-thumb size-715\" ><img loading=\"lazy\" decoding=\"async\" width=\"350\" height=\"250\" src=\"data:image\/gif;base64,R0lGODlhAQABAAAAACH5BAEKAAEALAAAAAABAAEAAAICTAEAOw==\" class=\"attachment-newsy_350x250 size-newsy_350x250 lazyload wp-post-image\" alt=\"CAFE GUATEMALTECO productores locales MERCADO 2\" data-src=\"https:\/\/soymigrante.com\/revista\/wp-content\/uploads\/2025\/10\/CAFE-GUATEMALTECO-productores-locales-MERCADO-2-350x250.png\" data-sizes=\"auto\" data-srcset=\"https:\/\/soymigrante.com\/revista\/wp-content\/uploads\/2025\/10\/CAFE-GUATEMALTECO-productores-locales-MERCADO-2-350x250.png 350w, https:\/\/soymigrante.com\/revista\/wp-content\/uploads\/2025\/10\/CAFE-GUATEMALTECO-productores-locales-MERCADO-2-120x86.png 120w\" data-expand=\"700\" \/><\/div><\/a><\/div><div class=\"ak-module-terms badge\"><a class=\"term-58\" href=\"https:\/\/soymigrante.com\/revista\/category\/guate-nuestra\/\">Guate Nuestra<\/a><\/div>\t\t\t\t<\/div>\n\t\t\t\t<div class=\"ak-module-details\">\n\t\t\t\t\t<h3 class=\"ak-module-title\"><a href=\"https:\/\/soymigrante.com\/revista\/10-motivos-para-preferir-cafe-guatemalteco-de-productores-locales-que-estan-en-mercado\/\" rel=\"bookmark\" title=\"10 motivos para preferir caf\u00e9 guatemalteco de productores locales que est\u00e1n en MERCADO\">10 motivos para preferir caf\u00e9 guatemalteco de productores locales que est\u00e1n en MERCADO<\/a><\/h3>\t\t\t\t<\/div>\n\t\t\t<\/div>\n\t\t<\/article>\n\t\t\t\t<article class=\"ak-module ak-module-2 ak-column-module ak-module-meta-hide ak-module-excerpt-hide clearfix post-48797 post type-post status-publish format-standard has-post-thumbnail  category-guate-nuestra tag-mercado-emprendedores\">\n\t\t\t<div class=\"ak-module-inner clearfix\">\n\t\t\t\t<div class=\"ak-module-featured\">\n\t\t\t\t\t<div class=\"ak-module-badges\"><\/div><div class=\"ak-featured-cover\"><a href=\"https:\/\/soymigrante.com\/revista\/miss-universo-2025-raschel-paz-traje-quetzalteca-emprendedora-janet-guerra-mercado\/\" class=\"ak-featured-link\" rel=\"bookmark\" title=\"Raschel Paz deslumbra en Miss Universo 2025 con traje dise\u00f1ado por emprendedora quetzalteca\"><div class=\"ak-featured-thumb lazy-thumb size-715\" ><img loading=\"lazy\" decoding=\"async\" width=\"350\" height=\"250\" src=\"data:image\/gif;base64,R0lGODlhAQABAAAAACH5BAEKAAEALAAAAAABAAEAAAICTAEAOw==\" class=\"attachment-newsy_350x250 size-newsy_350x250 lazyload wp-post-image\" alt=\"raschel paz miss universo 2025 traje tradicional 8\" data-src=\"https:\/\/soymigrante.com\/revista\/wp-content\/uploads\/2025\/11\/raschel-paz-miss-universo-2025-traje-tradicional-8-350x250.jpg\" data-sizes=\"auto\" data-srcset=\"https:\/\/soymigrante.com\/revista\/wp-content\/uploads\/2025\/11\/raschel-paz-miss-universo-2025-traje-tradicional-8-350x250.jpg 350w, https:\/\/soymigrante.com\/revista\/wp-content\/uploads\/2025\/11\/raschel-paz-miss-universo-2025-traje-tradicional-8-120x86.jpg 120w\" data-expand=\"700\" \/><\/div><\/a><\/div><div class=\"ak-module-terms badge\"><a class=\"term-58\" href=\"https:\/\/soymigrante.com\/revista\/category\/guate-nuestra\/\">Guate Nuestra<\/a><\/div>\t\t\t\t<\/div>\n\t\t\t\t<div class=\"ak-module-details\">\n\t\t\t\t\t<h3 class=\"ak-module-title\"><a href=\"https:\/\/soymigrante.com\/revista\/miss-universo-2025-raschel-paz-traje-quetzalteca-emprendedora-janet-guerra-mercado\/\" rel=\"bookmark\" title=\"Raschel Paz deslumbra en Miss Universo 2025 con traje dise\u00f1ado por emprendedora quetzalteca\">Raschel Paz deslumbra en Miss Universo 2025 con traje dise\u00f1ado por emprendedora quetzalteca<\/a><\/h3>\t\t\t\t<\/div>\n\t\t\t<\/div>\n\t\t<\/article>\n\t\t\t\t<article class=\"ak-module ak-module-2 ak-column-module ak-module-meta-hide ak-module-excerpt-hide clearfix post-48786 post type-post status-publish format-standard has-post-thumbnail  category-guate-nuestra tag-mercado-emprendedores\">\n\t\t\t<div class=\"ak-module-inner clearfix\">\n\t\t\t\t<div class=\"ak-module-featured\">\n\t\t\t\t\t<div class=\"ak-module-badges\"><\/div><div class=\"ak-featured-cover\"><a href=\"https:\/\/soymigrante.com\/revista\/dia-mundial-de-las-emprendedoras-mercado-apoya-su-creatividad-trabajo-y-amor-maternal\/\" class=\"ak-featured-link\" rel=\"bookmark\" title=\"D\u00eda Mundial de las Emprendedoras:  MERCADO apoya su creatividad, trabajo y amor maternal\"><div class=\"ak-featured-thumb lazy-thumb size-715\" ><img loading=\"lazy\" decoding=\"async\" width=\"350\" height=\"250\" src=\"data:image\/gif;base64,R0lGODlhAQABAAAAACH5BAEKAAEALAAAAAABAAEAAAICTAEAOw==\" class=\"attachment-newsy_350x250 size-newsy_350x250 lazyload wp-post-image\" alt=\"d\u00eda de la emprendedora guatemalteca\" data-src=\"https:\/\/soymigrante.com\/revista\/wp-content\/uploads\/2025\/11\/dia-de-la-emprendedora-guatemalteca-350x250.png\" data-sizes=\"auto\" data-srcset=\"https:\/\/soymigrante.com\/revista\/wp-content\/uploads\/2025\/11\/dia-de-la-emprendedora-guatemalteca-350x250.png 350w, https:\/\/soymigrante.com\/revista\/wp-content\/uploads\/2025\/11\/dia-de-la-emprendedora-guatemalteca-120x86.png 120w\" data-expand=\"700\" \/><\/div><\/a><\/div><div class=\"ak-module-terms badge\"><a class=\"term-58\" href=\"https:\/\/soymigrante.com\/revista\/category\/guate-nuestra\/\">Guate Nuestra<\/a><\/div>\t\t\t\t<\/div>\n\t\t\t\t<div class=\"ak-module-details\">\n\t\t\t\t\t<h3 class=\"ak-module-title\"><a href=\"https:\/\/soymigrante.com\/revista\/dia-mundial-de-las-emprendedoras-mercado-apoya-su-creatividad-trabajo-y-amor-maternal\/\" rel=\"bookmark\" title=\"D\u00eda Mundial de las Emprendedoras:  MERCADO apoya su creatividad, trabajo y amor maternal\">D\u00eda Mundial de las Emprendedoras:  MERCADO apoya su creatividad, trabajo y amor maternal<\/a><\/h3>\t\t\t\t<\/div>\n\t\t\t<\/div>\n\t\t<\/article>\n\t\t\t\t<article class=\"ak-module ak-module-2 ak-column-module ak-module-meta-hide ak-module-excerpt-hide clearfix post-48735 post type-post status-publish format-standard has-post-thumbnail  category-guate-nuestra tag-mercado-emprendedores\">\n\t\t\t<div class=\"ak-module-inner clearfix\">\n\t\t\t\t<div class=\"ak-module-featured\">\n\t\t\t\t\t<div class=\"ak-module-badges\"><\/div><div class=\"ak-featured-cover\"><a href=\"https:\/\/soymigrante.com\/revista\/sabiduria-y-medicina-tradicional-se-fusionan-en-la-pomada-de-las-abuelas\/\" class=\"ak-featured-link\" rel=\"bookmark\" title=\"Sabidur\u00eda y medicina tradicional se fusionan en la Pomada de las Abuelas: de Quetzaltenango a MERCADO\"><div class=\"ak-featured-thumb lazy-thumb size-715\" ><img loading=\"lazy\" decoding=\"async\" width=\"350\" height=\"250\" src=\"data:image\/gif;base64,R0lGODlhAQABAAAAACH5BAEKAAEALAAAAAABAAEAAAICTAEAOw==\" class=\"attachment-newsy_350x250 size-newsy_350x250 lazyload wp-post-image\" alt=\"pomada de las abuelas mercado\" data-src=\"https:\/\/soymigrante.com\/revista\/wp-content\/uploads\/2025\/11\/pomada-de-las-abuelas-mercado-350x250.png\" data-sizes=\"auto\" data-srcset=\"https:\/\/soymigrante.com\/revista\/wp-content\/uploads\/2025\/11\/pomada-de-las-abuelas-mercado-350x250.png 350w, https:\/\/soymigrante.com\/revista\/wp-content\/uploads\/2025\/11\/pomada-de-las-abuelas-mercado-120x86.png 120w\" data-expand=\"700\" \/><\/div><\/a><\/div><div class=\"ak-module-terms badge\"><a class=\"term-58\" href=\"https:\/\/soymigrante.com\/revista\/category\/guate-nuestra\/\">Guate Nuestra<\/a><\/div>\t\t\t\t<\/div>\n\t\t\t\t<div class=\"ak-module-details\">\n\t\t\t\t\t<h3 class=\"ak-module-title\"><a href=\"https:\/\/soymigrante.com\/revista\/sabiduria-y-medicina-tradicional-se-fusionan-en-la-pomada-de-las-abuelas\/\" rel=\"bookmark\" title=\"Sabidur\u00eda y medicina tradicional se fusionan en la Pomada de las Abuelas: de Quetzaltenango a MERCADO\">Sabidur\u00eda y medicina tradicional se fusionan en la Pomada de las Abuelas: de Quetzaltenango a MERCADO<\/a><\/h3>\t\t\t\t<\/div>\n\t\t\t<\/div>\n\t\t<\/article>\n\t\t<\/div><div class=\"ak-pagination infinity clearfix\"><script>var ak_pagination_data_block_69efec0d11991_1 = {\"atts\":{\"title\":\"\",\"title_size\":\"\",\"title_line_height\":\"\",\"subtitle\":\"\",\"subtitle_size\":\"\",\"subtitle_line_height\":\"\",\"title_url\":\"\",\"title_url_text\":\"\",\"icon\":\"\",\"block_accent_color\":\"\",\"header_style\":\"\",\"header_bg_color\":\"\",\"header_line_color\":\"\",\"header_title_color\":\"\",\"header_subtitle_color\":\"\",\"header_title_bg_color\":\"\",\"header_icon_color\":\"\",\"pagination\":\"infinity\",\"show_pagination_label\":\"\",\"infinity_break_count\":\"3\",\"tabs\":\"\",\"tabs_all_text\":\"All\",\"tabs_cat_filter\":\"\",\"tabs_tax_filter\":\"\",\"tabs_order_by_filter\":\"\",\"tabs_more_menu\":\"\",\"count\":15,\"offset\":\"\",\"post_type\":\"\",\"post_status\":\"publish\",\"time_filter\":\"\",\"order_by\":\"latest\",\"post_format\":\"\",\"meta_query\":[],\"s\":\"\",\"author\":\"\",\"category\":\"\",\"post\":\"\",\"taxonomy\":\"post_tag:mercado-emprendedores\",\"taxonomy_relation\":\"\",\"block_width\":\"4\",\"block_id\":\"block_69efec0d11991_1\",\"block_extra_classes\":\"\",\"custom_enabled\":\"\",\"custom_parts\":\"\",\"wp_query\":false,\"numeric_items_style\":\"\",\"item_margin\":\"30\",\"show_no_result\":true,\"view\":\"newsy_list_2\"},\"id\":\"block_69efec0d11991_1\",\"token\":\"71510410d58\"};<\/script><a href=\"#\" class=\"ak-pagination-btn\" data-action=\"next\" data-block-id=\"block_69efec0d11991_1\" title=\"Load More Posts\" rel=\"nofollow\"><span class=\"ak-pagination-btn-load-more\"><i class=\"fa fa-caret-down\" aria-hidden=\"true\"><\/i> <span class=\"txt\">Load More Posts<\/span><\/span><span class=\"ak-pagination-btn-loading\"><i class=\"fa fa-circle-o-notch fa-spin fa-fw\"><\/i> <span class=\"txt\">Loading...<\/span><\/span><span class=\"ak-pagination-btn-no-more\">No more posts.<\/span><\/a><\/div><\/div><\/div>\t\t\t\t<\/div>\n\t\t\t\t<\/div>\n\t\t\t\t\t<\/div>\n\t\t\t\t<\/div>\n\t\t\t\t<\/div>\n\t\t","protected":false},"excerpt":{"rendered":"<p>Detr\u00e1s de cada producto en MERCADO, hay esfuerzo, creatividad y sue\u00f1os. Con\u00f3celas aqu\u00ed. 2:02Watch Edit Guate Nuestra Waykan Store: tradici\u00f3n y moda hecha a mano 0:38Watch Edit Guate Nuestra Rosa Mar\u00eda Turcios: De maquila a emprendedora con Rosas y G Edit Estamos Unidos Viene CyberDays 2025 y SoyMigrante MERCADO estar\u00e1 presente 1:00Watch Edit Guate Nuestra [&hellip;]<\/p>\n","protected":false},"author":6,"featured_media":8884,"parent":0,"menu_order":0,"comment_status":"closed","ping_status":"closed","template":"page-builder.php","meta":{"_acf_changed":false,"_eb_attr":"","footnotes":""},"class_list":["post-10641","page","type-page","status-publish","has-post-thumbnail","hentry"],"acf":[],"aioseo_notices":[],"aioseo_head":"\n\t\t<!-- All in One SEO Pro 4.9.6.2 - aioseo.com -->\n\t<meta name=\"description\" content=\"Detr\u00e1s de cada producto en MERCADO, hay esfuerzo, creatividad y sue\u00f1os. Con\u00f3celas aqu\u00ed. Bienestar Estrategias para fidelizar clientes: peque\u00f1as acciones que te ayudar\u00e1n en el comercio digital Guate Nuestra Celebra el D\u00eda del Libro con inspiraci\u00f3n 100% guatemalteca: adquiere, disfruta u obsequia en MERCADO Guate Nuestra D\u00eda Mundial del Emprendimiento: 16 historias llenas de trabajo\" \/>\n\t<meta name=\"robots\" content=\"max-snippet:-1, max-image-preview:large, max-video-preview:-1\" \/>\n\t<link rel=\"canonical\" href=\"https:\/\/soymigrante.com\/revista\/emprendedores-de-mercado\/\" \/>\n\t<meta name=\"generator\" content=\"All in One SEO Pro (AIOSEO) 4.9.6.2\" \/>\n\n\t\t<link rel=\"preconnect\" href=\"https:\/\/fonts.googleapis.com\" crossorigin>\n<link rel=\"preconnect\" href=\"https:\/\/fonts.gstatic.com\" crossorigin>\n\t\t<meta property=\"og:locale\" content=\"es_ES\" \/>\n\t\t<meta property=\"og:site_name\" content=\"SoyMigrante.com REVISTA \u2013 Nuestra misi\u00f3n es reconocer y dignificar al migrante.\" \/>\n\t\t<meta property=\"og:type\" content=\"article\" \/>\n\t\t<meta property=\"og:title\" content=\"Conoce a los Emprendedores de SoyMigrante.com MERCADO\" \/>\n\t\t<meta property=\"og:description\" content=\"Detr\u00e1s de cada producto en MERCADO, hay esfuerzo, creatividad y sue\u00f1os. Con\u00f3celas aqu\u00ed. Bienestar Estrategias para fidelizar clientes: peque\u00f1as acciones que te ayudar\u00e1n en el comercio digital Guate Nuestra Celebra el D\u00eda del Libro con inspiraci\u00f3n 100% guatemalteca: adquiere, disfruta u obsequia en MERCADO Guate Nuestra D\u00eda Mundial del Emprendimiento: 16 historias llenas de trabajo\" \/>\n\t\t<meta property=\"og:url\" content=\"https:\/\/soymigrante.com\/revista\/emprendedores-de-mercado\/\" \/>\n\t\t<meta property=\"og:image\" content=\"https:\/\/soymigrante.com\/revista\/wp-content\/uploads\/2024\/09\/soymigrantecom-mercado.webp\" \/>\n\t\t<meta property=\"og:image:secure_url\" content=\"https:\/\/soymigrante.com\/revista\/wp-content\/uploads\/2024\/09\/soymigrantecom-mercado.webp\" \/>\n\t\t<meta property=\"og:image:width\" content=\"1032\" \/>\n\t\t<meta property=\"og:image:height\" content=\"382\" \/>\n\t\t<meta property=\"article:published_time\" content=\"2024-10-23T15:57:33+00:00\" \/>\n\t\t<meta property=\"article:modified_time\" content=\"2025-10-04T14:05:39+00:00\" \/>\n\t\t<meta property=\"article:publisher\" content=\"https:\/\/www.facebook.com\/soymigrantecom\" \/>\n\t\t<meta name=\"twitter:card\" content=\"summary_large_image\" \/>\n\t\t<meta name=\"twitter:site\" content=\"@SoyMigrante_com\" \/>\n\t\t<meta name=\"twitter:title\" content=\"Conoce a los Emprendedores de SoyMigrante.com MERCADO\" \/>\n\t\t<meta name=\"twitter:description\" content=\"Detr\u00e1s de cada producto en MERCADO, hay esfuerzo, creatividad y sue\u00f1os. Con\u00f3celas aqu\u00ed. Bienestar Estrategias para fidelizar clientes: peque\u00f1as acciones que te ayudar\u00e1n en el comercio digital Guate Nuestra Celebra el D\u00eda del Libro con inspiraci\u00f3n 100% guatemalteca: adquiere, disfruta u obsequia en MERCADO Guate Nuestra D\u00eda Mundial del Emprendimiento: 16 historias llenas de trabajo\" \/>\n\t\t<meta name=\"twitter:creator\" content=\"@SoyMigrante_com\" \/>\n\t\t<meta name=\"twitter:image\" content=\"https:\/\/soymigrante.com\/revista\/wp-content\/uploads\/2024\/09\/soymigrantecom-mercado.webp\" \/>\n\t\t<!-- All in One SEO Pro -->\r\n\t\t<title>Conoce a los Emprendedores de SoyMigrante.com MERCADO<\/title>\n\n","aioseo_head_json":{"title":"Conoce a los Emprendedores de SoyMigrante.com MERCADO","description":"Detr\u00e1s de cada producto en MERCADO, hay esfuerzo, creatividad y sue\u00f1os. Con\u00f3celas aqu\u00ed. Bienestar Estrategias para fidelizar clientes: peque\u00f1as acciones que te ayudar\u00e1n en el comercio digital Guate Nuestra Celebra el D\u00eda del Libro con inspiraci\u00f3n 100% guatemalteca: adquiere, disfruta u obsequia en MERCADO Guate Nuestra D\u00eda Mundial del Emprendimiento: 16 historias llenas de trabajo","canonical_url":"https:\/\/soymigrante.com\/revista\/emprendedores-de-mercado\/","robots":"max-snippet:-1, max-image-preview:large, max-video-preview:-1","keywords":"","webmasterTools":{"miscellaneous":"&lt;link rel=\"preconnect\" href=\"https:\/\/fonts.googleapis.com\" crossorigin&gt;\n&lt;link rel=\"preconnect\" href=\"https:\/\/fonts.gstatic.com\" crossorigin&gt;"},"schema":null,"og:locale":"es_ES","og:site_name":"SoyMigrante.com REVISTA \u2013 Nuestra misi\u00f3n es reconocer y dignificar al migrante.","og:type":"article","og:title":"Conoce a los Emprendedores de SoyMigrante.com MERCADO","og:description":"Detr\u00e1s de cada producto en MERCADO, hay esfuerzo, creatividad y sue\u00f1os. Con\u00f3celas aqu\u00ed. Bienestar Estrategias para fidelizar clientes: peque\u00f1as acciones que te ayudar\u00e1n en el comercio digital Guate Nuestra Celebra el D\u00eda del Libro con inspiraci\u00f3n 100% guatemalteca: adquiere, disfruta u obsequia en MERCADO Guate Nuestra D\u00eda Mundial del Emprendimiento: 16 historias llenas de trabajo","og:url":"https:\/\/soymigrante.com\/revista\/emprendedores-de-mercado\/","og:image":"https:\/\/soymigrante.com\/revista\/wp-content\/uploads\/2024\/09\/soymigrantecom-mercado.webp","og:image:secure_url":"https:\/\/soymigrante.com\/revista\/wp-content\/uploads\/2024\/09\/soymigrantecom-mercado.webp","og:image:width":1032,"og:image:height":382,"article:published_time":"2024-10-23T15:57:33+00:00","article:modified_time":"2025-10-04T14:05:39+00:00","article:publisher":"https:\/\/www.facebook.com\/soymigrantecom","twitter:card":"summary_large_image","twitter:site":"@SoyMigrante_com","twitter:title":"Conoce a los Emprendedores de SoyMigrante.com MERCADO","twitter:description":"Detr\u00e1s de cada producto en MERCADO, hay esfuerzo, creatividad y sue\u00f1os. Con\u00f3celas aqu\u00ed. Bienestar Estrategias para fidelizar clientes: peque\u00f1as acciones que te ayudar\u00e1n en el comercio digital Guate Nuestra Celebra el D\u00eda del Libro con inspiraci\u00f3n 100% guatemalteca: adquiere, disfruta u obsequia en MERCADO Guate Nuestra D\u00eda Mundial del Emprendimiento: 16 historias llenas de trabajo","twitter:creator":"@SoyMigrante_com","twitter:image":"https:\/\/soymigrante.com\/revista\/wp-content\/uploads\/2024\/09\/soymigrantecom-mercado.webp"},"aioseo_meta_data":{"post_id":"10641","title":null,"description":null,"keywords":null,"keyphrases":{"focus":{"keyphrase":"mercado","score":82,"analysis":{"keyphraseInTitle":{"score":9,"maxScore":9,"error":0},"keyphraseInDescription":{"score":9,"maxScore":9,"error":0},"keyphraseLength":{"score":9,"maxScore":9,"error":0,"length":1},"keyphraseInURL":{"score":5,"maxScore":5,"error":0},"keyphraseInIntroduction":{"score":3,"maxScore":9,"error":1},"keyphraseInSubHeadings":{"score":9,"maxScore":9,"error":0},"keyphraseInImageAlt":{"score":3,"maxScore":9,"error":1},"keywordDensity":{"type":"best","score":9,"maxScore":9,"error":0}}},"additional":[]},"primary_term":null,"canonical_url":null,"og_title":null,"og_description":null,"og_object_type":"default","og_image_type":"default","og_image_url":null,"og_image_width":null,"og_image_height":null,"og_image_custom_url":null,"og_image_custom_fields":null,"og_video":"","og_custom_url":null,"og_article_section":null,"og_article_tags":null,"twitter_use_og":false,"twitter_card":"default","twitter_image_type":"default","twitter_image_url":null,"twitter_image_custom_url":null,"twitter_image_custom_fields":null,"twitter_title":null,"twitter_description":null,"schema":{"blockGraphs":[],"customGraphs":[],"default":{"data":{"Article":[],"Course":[],"Dataset":[],"FAQPage":[],"Movie":[],"Person":[],"Product":[],"ProductReview":[],"Car":[],"Recipe":[],"Service":[],"SoftwareApplication":[],"WebPage":[]},"graphName":"WebPage","isEnabled":true},"graphs":[]},"schema_type":"default","schema_type_options":null,"pillar_content":false,"robots_default":true,"robots_noindex":false,"robots_noarchive":false,"robots_nosnippet":false,"robots_nofollow":false,"robots_noimageindex":false,"robots_noodp":false,"robots_notranslate":false,"robots_max_snippet":"-1","robots_max_videopreview":"-1","robots_max_imagepreview":"large","priority":null,"frequency":"default","local_seo":null,"seo_analyzer_scan_date":"2025-10-09 09:35:18","breadcrumb_settings":null,"limit_modified_date":false,"reviewed_by":null,"open_ai":"{\"title\":{\"suggestions\":[],\"usage\":0},\"description\":{\"suggestions\":[],\"usage\":0}}","ai":null,"created":"2024-10-23 15:45:15","updated":"2026-02-04 03:43:20"},"aioseo_breadcrumb":"<div class=\"aioseo-breadcrumbs\"><span class=\"aioseo-breadcrumb\">\n\t<a href=\"https:\/\/soymigrante.com\/revista\" title=\"Home\">Home<\/a>\n<\/span><span class=\"aioseo-breadcrumb-separator\">\u00bb<\/span><span class=\"aioseo-breadcrumb\">\n\tConoce a los Emprendedores de SoyMigrante.com MERCADO\n<\/span><\/div>","aioseo_breadcrumb_json":[{"label":"Home","link":"https:\/\/soymigrante.com\/revista"},{"label":"Conoce a los Emprendedores de SoyMigrante.com MERCADO","link":"https:\/\/soymigrante.com\/revista\/emprendedores-de-mercado\/"}],"_links":{"self":[{"href":"https:\/\/soymigrante.com\/revista\/wp-json\/wp\/v2\/pages\/10641","targetHints":{"allow":["GET"]}}],"collection":[{"href":"https:\/\/soymigrante.com\/revista\/wp-json\/wp\/v2\/pages"}],"about":[{"href":"https:\/\/soymigrante.com\/revista\/wp-json\/wp\/v2\/types\/page"}],"author":[{"embeddable":true,"href":"https:\/\/soymigrante.com\/revista\/wp-json\/wp\/v2\/users\/6"}],"replies":[{"embeddable":true,"href":"https:\/\/soymigrante.com\/revista\/wp-json\/wp\/v2\/comments?post=10641"}],"version-history":[{"count":6,"href":"https:\/\/soymigrante.com\/revista\/wp-json\/wp\/v2\/pages\/10641\/revisions"}],"predecessor-version":[{"id":46725,"href":"https:\/\/soymigrante.com\/revista\/wp-json\/wp\/v2\/pages\/10641\/revisions\/46725"}],"wp:featuredmedia":[{"embeddable":true,"href":"https:\/\/soymigrante.com\/revista\/wp-json\/wp\/v2\/media\/8884"}],"wp:attachment":[{"href":"https:\/\/soymigrante.com\/revista\/wp-json\/wp\/v2\/media?parent=10641"}],"curies":[{"name":"wp","href":"https:\/\/api.w.org\/{rel}","templated":true}]}}